{"id":309823,"date":"2022-01-24T22:19:53","date_gmt":"2022-01-24T22:19:53","guid":{"rendered":""},"modified":"2025-11-27T14:45:06","modified_gmt":"2025-11-27T12:45:06","slug":"temporitzar-recarrega","status":"publish","type":"page","link":"https:\/\/v2charge.com\/ca\/temporitzar-recarrega\/","title":{"rendered":"Com temporitzar la rec\u00e0rrega del meu cotxe?\n    \n        La temporitzaci\u00f3 de la rec\u00e0rrega del teu vehicle el\u00e8ctric pot ser molt \u00fatil per aprofitar les tarifes d&#8217;energia m\u00e9s baixes. Aqu\u00ed et deixem alguns passos per fer-ho:\n        \n            Accedeix a l&#8217;aplicaci\u00f3 de V2C o al teu carregador intel\u00b7ligent.\n            Selecciona l&#8217;opci\u00f3 de temporitzaci\u00f3 o programaci\u00f3 de la rec\u00e0rrega.\n            Estableix l&#8217;hora d&#8217;inici i l&#8217;hora de finalitzaci\u00f3 de la rec\u00e0rrega.\n            Confirma la programaci\u00f3 i assegura&#8217;t que el teu vehicle estigui connectat durant aquest per\u00edode.\n        \n        Recorda que la majoria de les companyies el\u00e8ctriques ofereixen tarifes redu\u00efdes durant la nit, aix\u00ed que \u00e9s recomanable programar la rec\u00e0rrega durant aquestes hores."},"content":{"rendered":"\n<div class=\"wp-block-uagb-container uagb-block-794f623d alignfull uagb-is-root-container\"><div class=\"uagb-container-inner-blocks-wrap\"><div class=\"wp-block-uagb-advanced-heading uagb-block-af68f17d\"><h1 class=\"uagb-heading-text\">Programar una c\u00e0rrega<\/h1><\/div>\n\n<p><strong>Pots programar la c\u00e0rrega a trav\u00e9s de l&#8217;app per a equips amb Bluetooth o WiFi, i a trav\u00e9s de la plataforma web per a equips amb WiFi.<\/strong><br><\/p>\n\n\n<div class=\"wp-block-uagb-container uagb-block-cc7f61ba alignfull uagb-is-root-container\"><div class=\"uagb-container-inner-blocks-wrap\">\n<div class=\"wp-block-accordion-toggle-accordion-toggle  root-eb-accordion-d05xr\"><div class=\"eb-parent-wrapper eb-parent-eb-accordion-d05xr \"><div class=\"eb-accordion-container eb-accordion-d05xr\" data-accordion-type=\"accordion\" data-tab-icon=\"fas fa-angle-right\" data-expanded-icon=\"fas fa-angle-down\" data-transition-duration=\"500\"><div class=\"eb-accordion-inner\"><div class=\"wp-block-accordion-toggle-accordion-item eb-accordion-item-63z9x eb-accordion-wrapper\" data-clickable=\"true\"><div class=\"eb-accordion-title-wrapper eb-accordion-title-wrapper-eb-accordion-d05xr\" tabindex=\"0\"><span class=\"eb-accordion-icon-wrapper eb-accordion-icon-wrapper-eb-accordion-d05xr\"><span class=\"fas fa-angle-right eb-accordion-icon\"><\/span><\/span><div class=\"eb-accordion-title-content-wrap title-content-eb-accordion-d05xr\"><p class=\"eb-accordion-title\">V2C Cloud &#8211; versi\u00f3 smartphone<\/p><\/div><\/div><div class=\"eb-accordion-content-wrapper eb-accordion-content-wrapper-eb-accordion-d05xr\"><div class=\"eb-accordion-content\">\n<div class=\"wp-block-uagb-slider uagb-block-2b3951e7 uagb-slider-container\"><div class=\"uagb-slides uagb-swiper\"><div class=\"swiper-wrapper\">\n<div class=\"wp-block-uagb-slider-child uagb-slider-child-wrap swiper-slide uagb-block-26da86da\"><div class=\"swiper-content\">\n<div class=\"wp-block-uagb-container uagb-block-371a0338\">\n<div class=\"wp-block-uagb-container uagb-block-e8f9d371 alignfull uagb-is-root-container\"><div class=\"uagb-container-inner-blocks-wrap\"><div class=\"wp-block-uagb-info-box uagb-block-0d12f9f2 uagb-infobox__content-wrap  uagb-infobox-icon-above-title uagb-infobox-image-valign-top\"><div class=\"uagb-ifb-content\"><div class=\"uagb-ifb-image-content\"><img decoding=\"async\" src=\"https:\/\/v2charge.com\/wp-content\/uploads\/2023\/11\/numero-uno.png\" alt=\"\" width=\"35\" height=\"35\" loading=\"lazy\"\/><\/div><div class=\"uagb-ifb-title-wrap\"><\/div><p class=\"uagb-ifb-desc\">Accedeix al carregador que vulguis programar i despr\u00e9s prem en <strong>&#8216;Programa la teva propera c\u00e0rrega&#8217;<\/strong><\/p><\/div><\/div>\n\n\n<div class=\"wp-block-uagb-image aligncenter uagb-block-27b3d6f3 wp-block-uagb-image--layout-default wp-block-uagb-image--effect-static wp-block-uagb-image--align-center\"><figure class=\"wp-block-uagb-image__figure\"><img decoding=\"async\" srcset=\"https:\/\/v2charge.com\/wp-content\/uploads\/2025\/10\/programar-proxima-carga.png ,https:\/\/v2charge.com\/wp-content\/uploads\/2025\/10\/programar-proxima-carga.png 780w, https:\/\/v2charge.com\/wp-content\/uploads\/2025\/10\/programar-proxima-carga.png 360w\" sizes=\"auto, (max-width: 480px) 150px\" src=\"https:\/\/v2charge.com\/wp-content\/uploads\/2025\/10\/programar-proxima-carga.png\" alt=\"\" class=\"uag-image-262664\" width=\"468\" height=\"800\" title=\"programar-proxima-carga\" loading=\"lazy\" role=\"img\"\/><\/figure><\/div>\n<\/div><\/div>\n<\/div>\n<\/div><\/div>\n\n\n\n<div class=\"wp-block-uagb-slider-child uagb-slider-child-wrap swiper-slide uagb-block-eeb06ae6\"><div class=\"swiper-content\">\n<div class=\"wp-block-uagb-container uagb-block-00a959a8\">\n<div class=\"wp-block-uagb-container uagb-block-32cce4f7 alignwide uagb-is-root-container\"><div class=\"wp-block-uagb-info-box uagb-block-0f4c2a1c uagb-infobox__content-wrap  uagb-infobox-icon-above-title uagb-infobox-image-valign-top\"><div class=\"uagb-ifb-content\"><div class=\"uagb-ifb-image-content\"><img decoding=\"async\" src=\"https:\/\/v2charge.com\/wp-content\/uploads\/2023\/11\/numero-dos.png\" alt=\"\" width=\"35\" height=\"35\" loading=\"lazy\"\/><\/div><div class=\"uagb-ifb-title-wrap\"><\/div><p class=\"uagb-ifb-desc\">Disposes de <strong>2 opcions<\/strong>: <strong>c\u00e0rrega programada cl\u00e0ssica<\/strong>, en la qual seleccionis una hora d&#8217;inici i fi, o <strong>EcoCharging<\/strong>, en la qual la IA m\u00e9s avan\u00e7ada apr\u00e8n dels teus h\u00e0bits i rutines di\u00e0ries per <strong>carregar autom\u00e0ticament el vehicle en les hores m\u00e9s econ\u00f2miques<\/strong> (\u00e9s imprescindible disposar d&#8217;una tarifa de mercat).<br><br>En cas de seleccionar <strong>c\u00e0rrega programada cl\u00e0ssica<\/strong>, consulta el seg\u00fcent pas.<br><br>En cas de seleccionar <strong>EcoCharging<\/strong>, segueix les indicacions que es detallen <a href=\"https:\/\/v2charge.com\/ca\/ecocharging-recarrega\/\">aqu\u00ed<\/a>. <\/p><\/div><\/div>\n\n\n<div class=\"wp-block-uagb-image aligncenter uagb-block-7b2cb0ce wp-block-uagb-image--layout-default wp-block-uagb-image--effect-static wp-block-uagb-image--align-center\"><figure class=\"wp-block-uagb-image__figure\"><img decoding=\"async\" srcset=\"https:\/\/v2charge.com\/wp-content\/uploads\/2025\/10\/carga-programada-clasica-ecocharging.png ,https:\/\/v2charge.com\/wp-content\/uploads\/2025\/10\/carga-programada-clasica-ecocharging.png 780w, https:\/\/v2charge.com\/wp-content\/uploads\/2025\/10\/carga-programada-clasica-ecocharging.png 360w\" sizes=\"auto, (max-width: 480px) 150px\" src=\"https:\/\/v2charge.com\/wp-content\/uploads\/2025\/10\/carga-programada-clasica-ecocharging.png\" alt=\"\" class=\"uag-image-262675\" width=\"468\" height=\"800\" title=\"carga-programada-clasica-ecocharging\" loading=\"lazy\" role=\"img\"\/><\/figure><\/div>\n<\/div>\n<\/div>\n<\/div><\/div>\n\n\n\n<div class=\"wp-block-uagb-slider-child uagb-slider-child-wrap swiper-slide uagb-block-021eaf59\"><div class=\"swiper-content\">\n<div class=\"wp-block-uagb-container uagb-block-a1446576\">\n<div class=\"wp-block-uagb-container uagb-block-679a9a3b alignfull uagb-is-root-container\"><div class=\"uagb-container-inner-blocks-wrap\">\n<div class=\"wp-block-group is-nowrap is-layout-flex wp-container-core-group-is-layout-ad2f72ca wp-block-group-is-layout-flex\"><div class=\"wp-block-uagb-info-box uagb-block-f96d0c0b uagb-infobox__content-wrap  uagb-infobox-icon-above-title uagb-infobox-image-valign-top\"><div class=\"uagb-ifb-content\"><div class=\"uagb-ifb-image-content\"><img decoding=\"async\" src=\"https:\/\/v2charge.com\/wp-content\/uploads\/2023\/11\/numero-tres.png\" alt=\"\" width=\"35\" height=\"35\" loading=\"lazy\"\/><\/div><div class=\"uagb-ifb-title-wrap\"><\/div><p class=\"uagb-ifb-desc\">En cas de seleccionar <strong>&#8216;C\u00e0rrega programada cl\u00e0ssica&#8217;<\/strong>, indica els dies de la setmana i l&#8217;horari en qu\u00e8 vols que s&#8217;activi i prem el bot\u00f3 &#8216;Afegir&#8217; per desar la programaci\u00f3. Pots crear fins a 2 temporitzadors.<\/p><\/div><\/div>\n\n\n<div class=\"wp-block-uagb-image aligncenter uagb-block-36255d12 wp-block-uagb-image--layout-default wp-block-uagb-image--effect-static wp-block-uagb-image--align-center\"><figure class=\"wp-block-uagb-image__figure\"><img decoding=\"async\" srcset=\"https:\/\/v2charge.com\/wp-content\/uploads\/2025\/10\/carga-programada-clasica.png ,https:\/\/v2charge.com\/wp-content\/uploads\/2025\/10\/carga-programada-clasica.png 780w, https:\/\/v2charge.com\/wp-content\/uploads\/2025\/10\/carga-programada-clasica.png 360w\" sizes=\"auto, (max-width: 480px) 150px\" src=\"https:\/\/v2charge.com\/wp-content\/uploads\/2025\/10\/carga-programada-clasica.png\" alt=\"\" class=\"uag-image-262686\" width=\"500\" height=\"600\" title=\"carga-programada-clasica\" loading=\"lazy\" role=\"img\"\/><\/figure><\/div>\n<\/div>\n<\/div><\/div>\n<\/div>\n<\/div><\/div>\n<\/div><\/div><div class=\"swiper-pagination\"><\/div><div class=\"swiper-button-prev\"><\/div><div class=\"swiper-button-next\"><\/div><\/div>\n<\/div><\/div><\/div>\n<\/div><\/div><\/div><\/div>\n\n\n\n<div class=\"wp-block-accordion-toggle-accordion-toggle  root-eb-accordion-3x7fm\"><div class=\"eb-parent-wrapper eb-parent-eb-accordion-3x7fm \"><div class=\"eb-accordion-container eb-accordion-3x7fm\" data-accordion-type=\"accordion\" data-tab-icon=\"fas fa-angle-right\" data-expanded-icon=\"fas fa-angle-down\" data-transition-duration=\"500\"><div class=\"eb-accordion-inner\"><div class=\"wp-block-accordion-toggle-accordion-item eb-accordion-item-amui9 eb-accordion-wrapper\" data-clickable=\"false\"><div class=\"eb-accordion-title-wrapper eb-accordion-title-wrapper-eb-accordion-3x7fm\" tabindex=\"0\"><span class=\"eb-accordion-icon-wrapper eb-accordion-icon-wrapper-eb-accordion-3x7fm\"><span class=\"fas fa-angle-right eb-accordion-icon\"><\/span><\/span><div class=\"eb-accordion-title-content-wrap title-content-eb-accordion-3x7fm\"><p class=\"eb-accordion-title\">V2C Cloud &#8211; versi\u00f3 web<\/p><\/div><\/div><div class=\"eb-accordion-content-wrapper eb-accordion-content-wrapper-eb-accordion-3x7fm\"><div class=\"eb-accordion-content\">\n<div class=\"wp-block-uagb-slider uagb-block-5e8c356a uagb-slider-container\"><div class=\"uagb-slides uagb-swiper\"><div class=\"swiper-wrapper\">\n<div class=\"wp-block-uagb-slider-child uagb-slider-child-wrap swiper-slide uagb-block-284ee575\"><div class=\"swiper-content\"><div class=\"wp-block-uagb-info-box uagb-block-28b7a96e uagb-infobox__content-wrap  uagb-infobox-icon-above-title uagb-infobox-image-valign-top\"><div class=\"uagb-ifb-content\"><div class=\"uagb-ifb-image-content\"><img decoding=\"async\" src=\"https:\/\/v2charge.com\/wp-content\/uploads\/2023\/11\/numero-uno.png\" alt=\"\" width=\"30\" height=\"30\" loading=\"lazy\"\/><\/div><div class=\"uagb-ifb-title-wrap\"><\/div><p class=\"uagb-ifb-desc\">Accedeix a la secci\u00f3 <strong>E-Chargers<\/strong> de la barra del men\u00fa i selecciona el carregador que vulguis programar.<\/p><\/div><\/div>\n\n\n<div class=\"wp-block-uagb-image aligncenter uagb-block-d0be3454 wp-block-uagb-image--layout-default wp-block-uagb-image--effect-static wp-block-uagb-image--align-center\"><figure class=\"wp-block-uagb-image__figure\"><img decoding=\"async\" srcset=\"https:\/\/v2charge.com\/wp-content\/uploads\/2025\/11\/boton-e-charger.png ,https:\/\/v2charge.com\/wp-content\/uploads\/2025\/11\/boton-e-charger.png 780w, https:\/\/v2charge.com\/wp-content\/uploads\/2025\/11\/boton-e-charger.png 360w\" sizes=\"auto, (max-width: 480px) 150px\" src=\"https:\/\/v2charge.com\/wp-content\/uploads\/2025\/11\/boton-e-charger.png\" alt=\"\" class=\"uag-image-276120\" width=\"1000\" height=\"836\" title=\"boton-e-charger\" loading=\"lazy\" role=\"img\"\/><\/figure><\/div>\n<\/div><\/div>\n\n\n\n<div class=\"wp-block-uagb-slider-child uagb-slider-child-wrap swiper-slide uagb-block-c2c38c4e\"><div class=\"swiper-content\"><div class=\"wp-block-uagb-info-box uagb-block-0e6dec64 uagb-infobox__content-wrap  uagb-infobox-icon-above-title uagb-infobox-image-valign-top\"><div class=\"uagb-ifb-content\"><div class=\"uagb-ifb-image-content\"><img decoding=\"async\" src=\"https:\/\/v2charge.com\/wp-content\/uploads\/2023\/11\/numero-dos.png\" alt=\"\" width=\"30\" height=\"30\" loading=\"lazy\"\/><\/div><div class=\"uagb-ifb-title-wrap\"><\/div><p class=\"uagb-ifb-desc\">Despr\u00e9s desplega el men\u00fa i selecciona <strong>&#8216;Programar c\u00e0rrega&#8217;<\/strong>.<\/p><\/div><\/div>\n\n\n<div class=\"wp-block-uagb-image aligncenter uagb-block-ca68152a wp-block-uagb-image--layout-default wp-block-uagb-image--effect-static wp-block-uagb-image--align-center\"><figure class=\"wp-block-uagb-image__figure\"><img decoding=\"async\" srcset=\"https:\/\/v2charge.com\/wp-content\/uploads\/2025\/11\/programar-carga-boton.png ,https:\/\/v2charge.com\/wp-content\/uploads\/2025\/11\/programar-carga-boton.png 780w, https:\/\/v2charge.com\/wp-content\/uploads\/2025\/11\/programar-carga-boton.png 360w\" sizes=\"auto, (max-width: 480px) 150px\" src=\"https:\/\/v2charge.com\/wp-content\/uploads\/2025\/11\/programar-carga-boton.png\" alt=\"\" class=\"uag-image-277990\" width=\"1000\" height=\"836\" title=\"programar-carga-boton\" loading=\"lazy\" role=\"img\"\/><\/figure><\/div>\n<\/div><\/div>\n\n\n\n<div class=\"wp-block-uagb-slider-child uagb-slider-child-wrap swiper-slide uagb-block-1ad7e250\"><div class=\"swiper-content\"><div class=\"wp-block-uagb-info-box uagb-block-cc420093 uagb-infobox__content-wrap  uagb-infobox-icon-above-title uagb-infobox-image-valign-top\"><div class=\"uagb-ifb-content\"><div class=\"uagb-ifb-image-content\"><img decoding=\"async\" src=\"https:\/\/v2charge.com\/wp-content\/uploads\/2023\/11\/numero-tres.png\" alt=\"\" width=\"30\" height=\"30\" loading=\"lazy\"\/><\/div><div class=\"uagb-ifb-title-wrap\"><\/div><p class=\"uagb-ifb-desc\">Pots programar les c\u00e0rregues amb 2 temporitzadors que pots combinar o utilitzar per separat.<br>Un cop seleccionis els dies i per\u00edodes en qu\u00e8 vulguis carregar, prem el bot\u00f3 <strong>&#8216;desar&#8217;<\/strong>.<\/p><\/div><\/div>\n\n\n<div class=\"wp-block-uagb-image aligncenter uagb-block-478d2ff5 wp-block-uagb-image--layout-default wp-block-uagb-image--effect-static wp-block-uagb-image--align-center\"><figure class=\"wp-block-uagb-image__figure\"><img decoding=\"async\" srcset=\"https:\/\/v2charge.com\/wp-content\/uploads\/2025\/11\/programar-carga.png ,https:\/\/v2charge.com\/wp-content\/uploads\/2025\/11\/programar-carga.png 780w, https:\/\/v2charge.com\/wp-content\/uploads\/2025\/11\/programar-carga.png 360w\" sizes=\"auto, (max-width: 480px) 150px\" src=\"https:\/\/v2charge.com\/wp-content\/uploads\/2025\/11\/programar-carga.png\" alt=\"\" class=\"uag-image-276142\" width=\"1000\" height=\"836\" title=\"programar-carga\" loading=\"lazy\" role=\"img\"\/><\/figure><\/div>\n<\/div><\/div>\n<\/div><\/div><div class=\"swiper-pagination\"><\/div><div class=\"swiper-button-prev\"><\/div><div class=\"swiper-button-next\"><\/div><\/div>\n<\/div><\/div><\/div>\n<\/div><\/div><\/div><\/div>\n<\/div><\/div>\n<\/div><\/div>\n\n\n\n<div class=\"wp-block-uagb-container gradient-try-section3 uagb-block-18580f50 alignfull uagb-is-root-container\"><div class=\"uagb-container-inner-blocks-wrap\">\n<div data-aos= \"fade\" data-aos-duration=\"400\" data-aos-delay=\"0\" data-aos-easing=\"ease\" data-aos-once=\"true\" class=\"wp-block-uagb-container uagb-block-c7b70b4d default uagb-is-root-container\">\n<div class=\"wp-block-uagb-container uagb-block-8c7be9d3\"><div class=\"wp-block-uagb-advanced-heading uagb-block-0b94933a\"><h2 class=\"uagb-heading-text\">Consulta la guia completa de l&#8217;app V2C Cloud<\/h2><\/div>\n\n\n<div class=\"wp-block-uagb-buttons uagb-buttons__outer-wrap uagb-btn__default-btn uagb-btn-tablet__default-btn uagb-btn-mobile__default-btn uagb-block-e9bcb751\"><div class=\"uagb-buttons__wrap uagb-buttons-layout-wrap \"><div class=\"wp-block-uagb-buttons-child uagb-buttons__outer-wrap uagb-block-0b38b9b4 wp-block-button\"><div class=\"uagb-button__wrapper\"><a class=\"uagb-buttons-repeater wp-block-button__link\" aria-label=\"\" href=\"https:\/\/v2charge.com\/ca\/area-de-suport\/suport-v2c-cloud\/configuracio-de-v2c-cloud\/\" rel=\"follow noopener\" target=\"_self\" role=\"button\"><div class=\"uagb-button__link\">Veure la guia V2C Cloud<\/div><\/a><\/div><\/div><\/div><\/div>\n<\/div>\n<\/div>\n<\/div><\/div>\n","protected":false},"excerpt":{"rendered":"<p>Programar una c\u00e0rrega Pots programar la c\u00e0rrega a trav\u00e9s de l&#8217;app per a equips amb Bluetooth o WiFi, i a trav\u00e9s de la plataforma web per a equips amb WiFi. Consulta la guia completa de l&#8217;app V2C Cloud<\/p>\n","protected":false},"author":1,"featured_media":170354,"parent":0,"menu_order":0,"comment_status":"closed","ping_status":"closed","template":"","meta":{"_eb_attr":"","content-type":"","_uag_custom_page_level_css":"","footnotes":""},"class_list":["post-309823","page","type-page","status-publish","has-post-thumbnail"],"yoast_head":"<!-- This site is optimized with the Yoast SEO plugin v25.3.1 - https:\/\/yoast.com\/wordpress\/plugins\/seo\/ -->\n<title>Com temporitzar la c\u00e0rrega del meu cotxe? \u25b7 App V2C Cloud<\/title>\n<meta name=\"description\" content=\"Et expliquem com pots temporitzar la c\u00e0rrega del teu cotxe amb el teu carregador el\u00e8ctric a trav\u00e9s de l&#039;app de V2C. [\u00c0rea de Suport]\" \/>\n<meta name=\"robots\" content=\"index, follow, max-snippet:-1, max-image-preview:large, max-video-preview:-1\" \/>\n<link rel=\"canonical\" href=\"https:\/\/v2charge.com\/ca\/temporitzar-recarrega\/\" \/>\n<meta property=\"og:locale\" content=\"ca_ES\" \/>\n<meta property=\"og:type\" content=\"article\" \/>\n<meta property=\"og:title\" content=\"Com temporitzar la c\u00e0rrega del meu cotxe? \u25b7 App V2C Cloud\" \/>\n<meta property=\"og:description\" content=\"Et expliquem com pots temporitzar la c\u00e0rrega del teu cotxe amb el teu carregador el\u00e8ctric a trav\u00e9s de l&#039;app de V2C. [\u00c0rea de Suport]\" \/>\n<meta property=\"og:url\" content=\"https:\/\/v2charge.com\/ca\/temporitzar-recarrega\/\" \/>\n<meta property=\"og:site_name\" content=\"V2C\" \/>\n<meta property=\"article:publisher\" content=\"https:\/\/www.facebook.com\/V2C.Charge\" \/>\n<meta property=\"article:modified_time\" content=\"2025-11-27T12:45:06+00:00\" \/>\n<meta property=\"og:image\" content=\"https:\/\/v2charge.com\/wp-content\/uploads\/2024\/07\/v2c-electric-chargers.jpg\" \/>\n\t<meta property=\"og:image:width\" content=\"1200\" \/>\n\t<meta property=\"og:image:height\" content=\"675\" \/>\n\t<meta property=\"og:image:type\" content=\"image\/jpeg\" \/>\n<meta name=\"twitter:card\" content=\"summary_large_image\" \/>\n<meta name=\"twitter:site\" content=\"@V2C_Charge\" \/>\n<meta name=\"twitter:label1\" content=\"Temps estimat de lectura\" \/>\n\t<meta name=\"twitter:data1\" content=\"4 minuts\" \/>\n<script type=\"application\/ld+json\" class=\"yoast-schema-graph\">{\"@context\":\"https:\/\/schema.org\",\"@graph\":[{\"@type\":\"WebPage\",\"@id\":\"https:\/\/v2charge.com\/ca\/temporitzar-recarrega\/\",\"url\":\"https:\/\/v2charge.com\/ca\/temporitzar-recarrega\/\",\"name\":\"Com temporitzar la c\u00e0rrega del meu cotxe? \u25b7 App V2C Cloud\",\"isPartOf\":{\"@id\":\"https:\/\/v2charge.com\/ca\/#website\"},\"primaryImageOfPage\":{\"@id\":\"https:\/\/v2charge.com\/ca\/temporitzar-recarrega\/#primaryimage\"},\"image\":{\"@id\":\"https:\/\/v2charge.com\/ca\/temporitzar-recarrega\/#primaryimage\"},\"thumbnailUrl\":\"https:\/\/v2charge.com\/wp-content\/uploads\/2024\/07\/v2c-electric-chargers.jpg\",\"datePublished\":\"2022-01-24T22:19:53+00:00\",\"dateModified\":\"2025-11-27T12:45:06+00:00\",\"description\":\"Et expliquem com pots temporitzar la c\u00e0rrega del teu cotxe amb el teu carregador el\u00e8ctric a trav\u00e9s de l'app de V2C. [\u00c0rea de Suport]\",\"breadcrumb\":{\"@id\":\"https:\/\/v2charge.com\/ca\/temporitzar-recarrega\/#breadcrumb\"},\"inLanguage\":\"ca\",\"potentialAction\":[{\"@type\":\"ReadAction\",\"target\":[\"https:\/\/v2charge.com\/ca\/temporitzar-recarrega\/\"]}]},{\"@type\":\"ImageObject\",\"inLanguage\":\"ca\",\"@id\":\"https:\/\/v2charge.com\/ca\/temporitzar-recarrega\/#primaryimage\",\"url\":\"https:\/\/v2charge.com\/wp-content\/uploads\/2024\/07\/v2c-electric-chargers.jpg\",\"contentUrl\":\"https:\/\/v2charge.com\/wp-content\/uploads\/2024\/07\/v2c-electric-chargers.jpg\",\"width\":1200,\"height\":675,\"caption\":\"V2C Electric Chargers\"},{\"@type\":\"BreadcrumbList\",\"@id\":\"https:\/\/v2charge.com\/ca\/temporitzar-recarrega\/#breadcrumb\",\"itemListElement\":[{\"@type\":\"ListItem\",\"position\":1,\"name\":\"V2C\",\"item\":\"https:\/\/v2charge.com\/ca\/\"},{\"@type\":\"ListItem\",\"position\":2,\"name\":\"Com temporitzar la rec\u00e0rrega del meu cotxe? La temporitzaci\u00f3 de la rec\u00e0rrega del teu vehicle el\u00e8ctric pot ser molt \u00fatil per aprofitar les tarifes d&#8217;energia m\u00e9s baixes. Aqu\u00ed et deixem alguns passos per fer-ho: Accedeix a l&#8217;aplicaci\u00f3 de V2C o al teu carregador intel\u00b7ligent. Selecciona l&#8217;opci\u00f3 de temporitzaci\u00f3 o programaci\u00f3 de la rec\u00e0rrega. Estableix l&#8217;hora d&#8217;inici i l&#8217;hora de finalitzaci\u00f3 de la rec\u00e0rrega. Confirma la programaci\u00f3 i assegura&#8217;t que el teu vehicle estigui connectat durant aquest per\u00edode. Recorda que la majoria de les companyies el\u00e8ctriques ofereixen tarifes redu\u00efdes durant la nit, aix\u00ed que \u00e9s recomanable programar la rec\u00e0rrega durant aquestes hores.\"}]},{\"@type\":\"WebSite\",\"@id\":\"https:\/\/v2charge.com\/ca\/#website\",\"url\":\"https:\/\/v2charge.com\/ca\/\",\"name\":\"V2C\",\"description\":\"#CargandoElMa\u00f1ana\",\"publisher\":{\"@id\":\"https:\/\/v2charge.com\/ca\/#organization\"},\"potentialAction\":[{\"@type\":\"SearchAction\",\"target\":{\"@type\":\"EntryPoint\",\"urlTemplate\":\"https:\/\/v2charge.com\/ca\/?s={search_term_string}\"},\"query-input\":{\"@type\":\"PropertyValueSpecification\",\"valueRequired\":true,\"valueName\":\"search_term_string\"}}],\"inLanguage\":\"ca\"},{\"@type\":\"Organization\",\"@id\":\"https:\/\/v2charge.com\/ca\/#organization\",\"name\":\"V2C\",\"url\":\"https:\/\/v2charge.com\/ca\/\",\"logo\":{\"@type\":\"ImageObject\",\"inLanguage\":\"ca\",\"@id\":\"https:\/\/v2charge.com\/ca\/#\/schema\/logo\/image\/\",\"url\":\"https:\/\/v2charge.com\/wp-content\/uploads\/2024\/11\/cropped-v2c-charge-logo-menu.png\",\"contentUrl\":\"https:\/\/v2charge.com\/wp-content\/uploads\/2024\/11\/cropped-v2c-charge-logo-menu.png\",\"width\":984,\"height\":431,\"caption\":\"V2C\"},\"image\":{\"@id\":\"https:\/\/v2charge.com\/ca\/#\/schema\/logo\/image\/\"},\"sameAs\":[\"https:\/\/www.facebook.com\/V2C.Charge\",\"https:\/\/x.com\/V2C_Charge\",\"https:\/\/www.instagram.com\/v2c.charge\/\",\"https:\/\/www.youtube.com\/@V2C\",\"https:\/\/www.linkedin.com\/company\/v2c-chargers\/\"]}]}<\/script>\n<!-- \/ Yoast SEO plugin. -->","yoast_head_json":{"title":"Com temporitzar la c\u00e0rrega del meu cotxe? \u25b7 App V2C Cloud","description":"Et expliquem com pots temporitzar la c\u00e0rrega del teu cotxe amb el teu carregador el\u00e8ctric a trav\u00e9s de l'app de V2C. [\u00c0rea de Suport]","robots":{"index":"index","follow":"follow","max-snippet":"max-snippet:-1","max-image-preview":"max-image-preview:large","max-video-preview":"max-video-preview:-1"},"canonical":"https:\/\/v2charge.com\/ca\/temporitzar-recarrega\/","og_locale":"ca_ES","og_type":"article","og_title":"Com temporitzar la c\u00e0rrega del meu cotxe? \u25b7 App V2C Cloud","og_description":"Et expliquem com pots temporitzar la c\u00e0rrega del teu cotxe amb el teu carregador el\u00e8ctric a trav\u00e9s de l'app de V2C. [\u00c0rea de Suport]","og_url":"https:\/\/v2charge.com\/ca\/temporitzar-recarrega\/","og_site_name":"V2C","article_publisher":"https:\/\/www.facebook.com\/V2C.Charge","article_modified_time":"2025-11-27T12:45:06+00:00","og_image":[{"width":1200,"height":675,"url":"https:\/\/v2charge.com\/wp-content\/uploads\/2024\/07\/v2c-electric-chargers.jpg","type":"image\/jpeg"}],"twitter_card":"summary_large_image","twitter_site":"@V2C_Charge","twitter_misc":{"Temps estimat de lectura":"4 minuts"},"schema":{"@context":"https:\/\/schema.org","@graph":[{"@type":"WebPage","@id":"https:\/\/v2charge.com\/ca\/temporitzar-recarrega\/","url":"https:\/\/v2charge.com\/ca\/temporitzar-recarrega\/","name":"Com temporitzar la c\u00e0rrega del meu cotxe? \u25b7 App V2C Cloud","isPartOf":{"@id":"https:\/\/v2charge.com\/ca\/#website"},"primaryImageOfPage":{"@id":"https:\/\/v2charge.com\/ca\/temporitzar-recarrega\/#primaryimage"},"image":{"@id":"https:\/\/v2charge.com\/ca\/temporitzar-recarrega\/#primaryimage"},"thumbnailUrl":"https:\/\/v2charge.com\/wp-content\/uploads\/2024\/07\/v2c-electric-chargers.jpg","datePublished":"2022-01-24T22:19:53+00:00","dateModified":"2025-11-27T12:45:06+00:00","description":"Et expliquem com pots temporitzar la c\u00e0rrega del teu cotxe amb el teu carregador el\u00e8ctric a trav\u00e9s de l'app de V2C. [\u00c0rea de Suport]","breadcrumb":{"@id":"https:\/\/v2charge.com\/ca\/temporitzar-recarrega\/#breadcrumb"},"inLanguage":"ca","potentialAction":[{"@type":"ReadAction","target":["https:\/\/v2charge.com\/ca\/temporitzar-recarrega\/"]}]},{"@type":"ImageObject","inLanguage":"ca","@id":"https:\/\/v2charge.com\/ca\/temporitzar-recarrega\/#primaryimage","url":"https:\/\/v2charge.com\/wp-content\/uploads\/2024\/07\/v2c-electric-chargers.jpg","contentUrl":"https:\/\/v2charge.com\/wp-content\/uploads\/2024\/07\/v2c-electric-chargers.jpg","width":1200,"height":675,"caption":"V2C Electric Chargers"},{"@type":"BreadcrumbList","@id":"https:\/\/v2charge.com\/ca\/temporitzar-recarrega\/#breadcrumb","itemListElement":[{"@type":"ListItem","position":1,"name":"V2C","item":"https:\/\/v2charge.com\/ca\/"},{"@type":"ListItem","position":2,"name":"Com temporitzar la rec\u00e0rrega del meu cotxe? La temporitzaci\u00f3 de la rec\u00e0rrega del teu vehicle el\u00e8ctric pot ser molt \u00fatil per aprofitar les tarifes d&#8217;energia m\u00e9s baixes. Aqu\u00ed et deixem alguns passos per fer-ho: Accedeix a l&#8217;aplicaci\u00f3 de V2C o al teu carregador intel\u00b7ligent. Selecciona l&#8217;opci\u00f3 de temporitzaci\u00f3 o programaci\u00f3 de la rec\u00e0rrega. Estableix l&#8217;hora d&#8217;inici i l&#8217;hora de finalitzaci\u00f3 de la rec\u00e0rrega. Confirma la programaci\u00f3 i assegura&#8217;t que el teu vehicle estigui connectat durant aquest per\u00edode. Recorda que la majoria de les companyies el\u00e8ctriques ofereixen tarifes redu\u00efdes durant la nit, aix\u00ed que \u00e9s recomanable programar la rec\u00e0rrega durant aquestes hores."}]},{"@type":"WebSite","@id":"https:\/\/v2charge.com\/ca\/#website","url":"https:\/\/v2charge.com\/ca\/","name":"V2C","description":"#CargandoElMa\u00f1ana","publisher":{"@id":"https:\/\/v2charge.com\/ca\/#organization"},"potentialAction":[{"@type":"SearchAction","target":{"@type":"EntryPoint","urlTemplate":"https:\/\/v2charge.com\/ca\/?s={search_term_string}"},"query-input":{"@type":"PropertyValueSpecification","valueRequired":true,"valueName":"search_term_string"}}],"inLanguage":"ca"},{"@type":"Organization","@id":"https:\/\/v2charge.com\/ca\/#organization","name":"V2C","url":"https:\/\/v2charge.com\/ca\/","logo":{"@type":"ImageObject","inLanguage":"ca","@id":"https:\/\/v2charge.com\/ca\/#\/schema\/logo\/image\/","url":"https:\/\/v2charge.com\/wp-content\/uploads\/2024\/11\/cropped-v2c-charge-logo-menu.png","contentUrl":"https:\/\/v2charge.com\/wp-content\/uploads\/2024\/11\/cropped-v2c-charge-logo-menu.png","width":984,"height":431,"caption":"V2C"},"image":{"@id":"https:\/\/v2charge.com\/ca\/#\/schema\/logo\/image\/"},"sameAs":["https:\/\/www.facebook.com\/V2C.Charge","https:\/\/x.com\/V2C_Charge","https:\/\/www.instagram.com\/v2c.charge\/","https:\/\/www.youtube.com\/@V2C","https:\/\/www.linkedin.com\/company\/v2c-chargers\/"]}]}},"uagb_featured_image_src":{"full":["https:\/\/v2charge.com\/wp-content\/uploads\/2024\/07\/v2c-electric-chargers.jpg",1200,675,false],"thumbnail":["https:\/\/v2charge.com\/wp-content\/uploads\/2024\/07\/v2c-electric-chargers-150x150.jpg",150,150,true],"medium":["https:\/\/v2charge.com\/wp-content\/uploads\/2024\/07\/v2c-electric-chargers-300x169.jpg",300,169,true],"medium_large":["https:\/\/v2charge.com\/wp-content\/uploads\/2024\/07\/v2c-electric-chargers-768x432.jpg",768,432,true],"large":["https:\/\/v2charge.com\/wp-content\/uploads\/2024\/07\/v2c-electric-chargers-1024x576.jpg",1024,576,true],"gs-tiny":["https:\/\/v2charge.com\/wp-content\/uploads\/2024\/07\/v2c-electric-chargers.jpg",50,28,false],"xl":["https:\/\/v2charge.com\/wp-content\/uploads\/2024\/07\/v2c-electric-chargers.jpg",1200,675,false],"xxl":["https:\/\/v2charge.com\/wp-content\/uploads\/2024\/07\/v2c-electric-chargers.jpg",1200,675,false],"xxxl":["https:\/\/v2charge.com\/wp-content\/uploads\/2024\/07\/v2c-electric-chargers.jpg",1200,675,false],"xxxxl":["https:\/\/v2charge.com\/wp-content\/uploads\/2024\/07\/v2c-electric-chargers.jpg",1200,675,false],"xxxxxl":["https:\/\/v2charge.com\/wp-content\/uploads\/2024\/07\/v2c-electric-chargers.jpg",1200,675,false],"1536x1536":["https:\/\/v2charge.com\/wp-content\/uploads\/2024\/07\/v2c-electric-chargers.jpg",1200,675,false],"2048x2048":["https:\/\/v2charge.com\/wp-content\/uploads\/2024\/07\/v2c-electric-chargers.jpg",1200,675,false]},"uagb_author_info":{"display_name":"V2C","author_link":"https:\/\/v2charge.com\/ca\/author\/root_k4eu7ki8\/"},"uagb_comment_info":0,"uagb_excerpt":"Programar una c\u00e0rrega Pots programar la c\u00e0rrega a trav\u00e9s de l&#8217;app per a equips amb Bluetooth o WiFi, i a trav\u00e9s de la plataforma web per a equips amb WiFi. Consulta la guia completa de l&#8217;app V2C Cloud","_links":{"self":[{"href":"https:\/\/v2charge.com\/ca\/wp-json\/wp\/v2\/pages\/309823","targetHints":{"allow":["GET"]}}],"collection":[{"href":"https:\/\/v2charge.com\/ca\/wp-json\/wp\/v2\/pages"}],"about":[{"href":"https:\/\/v2charge.com\/ca\/wp-json\/wp\/v2\/types\/page"}],"author":[{"embeddable":true,"href":"https:\/\/v2charge.com\/ca\/wp-json\/wp\/v2\/users\/1"}],"replies":[{"embeddable":true,"href":"https:\/\/v2charge.com\/ca\/wp-json\/wp\/v2\/comments?post=309823"}],"version-history":[{"count":0,"href":"https:\/\/v2charge.com\/ca\/wp-json\/wp\/v2\/pages\/309823\/revisions"}],"wp:featuredmedia":[{"embeddable":true,"href":"https:\/\/v2charge.com\/ca\/wp-json\/wp\/v2\/media\/170354"}],"wp:attachment":[{"href":"https:\/\/v2charge.com\/ca\/wp-json\/wp\/v2\/media?parent=309823"}],"curies":[{"name":"wp","href":"https:\/\/api.w.org\/{rel}","templated":true}]}}