{"id":309827,"date":"2022-01-26T07:41:19","date_gmt":"2022-01-26T07:41:19","guid":{"rendered":""},"modified":"2023-07-19T07:12:59","modified_gmt":"2023-07-19T07:12:59","slug":"instalacio-control-dinamic","status":"publish","type":"page","link":"https:\/\/v2charge.com\/ca\/instalacio-control-dinamic\/","title":{"rendered":"Instal\u00b7laci\u00f3 del Control din\u00e0mic de pot\u00e8ncia &#8211; Trydan"},"content":{"rendered":"<p>El <strong>control din\u00e0mic de pot\u00e8ncia<\/strong> \u00e9s el dispositiu que permet equilibrar la pot\u00e8ncia de l&#8217;e-Charger amb la pot\u00e8ncia sobrant de la vivenda o que faci la integraci\u00f3 fotovoltaica.<\/p>\n<p>El dispositiu, que a partir d&#8217;ara es dir\u00e0 <strong><em>&#8220;Esclau&#8221; o &#8220;Mesurador&#8221;<\/em><\/strong>, permet la mesura d&#8217;aquests consums, permetent a l&#8217;<strong><em>e-Charger<\/em><\/strong> con\u00e8ixer en temps real la pot\u00e8ncia demandada (o energia generada en cas de contribuci\u00f3 d&#8217;energies renovables) per a trav\u00e9s del seu algoritme utilitzar-ho en el seu benefici.<\/p>\n<p>Amb l&#8217;e-Charger <strong>Trydan<\/strong> ve incl\u00f2s un control din\u00e0mic de rec\u00e0rrega (actualment es comercialitza la versi\u00f3 V2C 2.0). Aquest mesurador permet utilitzar fins a sis <strong>pinces amperim\u00e8triques<\/strong> en cas d&#8217;instal\u00b7lacions trif\u00e0siques, tres pinces per a la mesura del consum general i altres tres per al consum de fotovoltaica.<\/p>\n<p>Gr\u00e0cies als <strong>avan\u00e7os i el constant desenvolupament de l&#8217;e-Charger,<\/strong> ja \u00e9s possible establir connexions sense fils amb alguns dels inversors m\u00e9s demandats del mercat, pots consultar la <a href=\"https:\/\/docs.google.com\/spreadsheets\/d\/1OciiGF5d90nbA2Aj95jAL4Xosbvhq52plvcoqeLzW-o\/edit\" target=\"_blank\" rel=\"noreferrer noopener\">llista actualitzada<\/a> de quins s\u00f3n. A m\u00e9s, a la <strong><a href=\"https:\/\/v2charge.com\/ca\/area-de-suport\/\" target=\"_blank\" rel=\"noreferrer noopener\">secci\u00f3 de fotovoltaica<\/a><\/strong> de suport comptem amb alguns dels manuals on s&#8217;explica el pas a pas.<\/p>\n<h2>Com \u00e9s la comunicaci\u00f3 entre l&#8217;esclau i l&#8217;e-Charger?<\/h2>\n<p>La <strong>comunicaci\u00f3 es realitza a trav\u00e9s d&#8217;un cable<\/strong> de dades de 8 fils, que es crimpa de forma paral\u00b7lela amb un connector RJ45 per cada costat. Els esclaus no necessiten alimentaci\u00f3. L&#8217;esclau disposa d&#8217;un LED que permet con\u00e8ixer si s&#8217;ha connectat correctament. Tant l&#8217;esclau com l&#8217;e-Charger disposen de la seva corresponent entrada RJ45. El dispositiu no t\u00e9 interfer\u00e8ncies si el cable va junt amb el cable el\u00e8ctric de la instal\u00b7laci\u00f3, no obstant aix\u00f2, es recomana Categoria 6.<\/p>\n<p><img decoding=\"async\" src=\"https:\/\/v2charge.com\/wp-content\/uploads\/2023\/01\/RJ45-Esquema-de-conexions.png\" alt=\"Mesurador V2C 1.0 i 2.0 RJ45\" class=\"wp-image-92301\" width=\"395\" height=\"284\"><\/p>\n<p>El RJ45 es col\u00b7loca el cable de comunicaci\u00f3 UTP des de l&#8217;e-Charger fins a l&#8217;esclau V2C 2.0, situat al quadre principal. La connexi\u00f3 del cable UTP ha de complir la normativa 568A o 568B de Connexi\u00f3 Directa. NOTA: El punt de rec\u00e0rrega i l&#8217;inversor han d&#8217;estar connectats al quadre principal de la vivenda.<\/p>\n<div style=\"height:50px\" aria-hidden=\"true\" class=\"wp-block-spacer\"><\/div>\n<hr class=\"wp-block-separator has-alpha-channel-opacity\">\n<div style=\"height:50px\" aria-hidden=\"true\" class=\"wp-block-spacer\"><\/div>\n<h2>Esclau V2C 2.0<\/h2>\n<p><img decoding=\"async\" src=\"https:\/\/v2charge.com\/wp-content\/uploads\/2023\/01\/medidor-v2c-2-0-v2charge.png\" alt=\"Mesurador V2C 2.0\" class=\"wp-image-92317\" width=\"598\" height=\"429\" srcset=\"https:\/\/v2charge.com\/wp-content\/uploads\/2023\/01\/medidor-v2c-2-0-v2charge.png 485w, https:\/\/v2charge.com\/wp-content\/uploads\/2023\/01\/medidor-v2c-2-0-v2charge-300x215.png 300w\" sizes=\"(max-width: 598px) 100vw, 598px\" \/><\/p>\n<p>L&#8217;<strong>esclau V2C 2.0<\/strong> \u00e9s la versi\u00f3 m\u00e9s desenvolupada i utilitzada fins al moment. T\u00e9 unes dimensions inferiors a les de l&#8217;esclau 1.0 per\u00f2 <strong>millora les prestacions<\/strong> ja que ofereix una lectura de sis canals i permet controlar el sentit del corrent.<\/p>\n<h3>Com realitzar la instal\u00b7laci\u00f3 del mesurador V2C 2.0?<\/h3>\n<p>Com s&#8217;ha comentat, els sis ports del mesurador V2C 2.0 han de connectar-se atenent als seg\u00fcents criteris.<\/p>\n<p><img decoding=\"async\" src=\"https:\/\/v2charge.com\/wp-content\/uploads\/2023\/01\/tabla-conexiones-medidor-v2c-2-0-03.png\" alt=\"Classificaci\u00f3 Connexions Mesurador V2C 2.0\" class=\"wp-image-92285\" width=\"604\" height=\"433\" srcset=\"https:\/\/v2charge.com\/wp-content\/uploads\/2023\/01\/tabla-conexiones-medidor-v2c-2-0-03.png 485w, https:\/\/v2charge.com\/wp-content\/uploads\/2023\/01\/tabla-conexiones-medidor-v2c-2-0-03-300x215.png 300w\" sizes=\"(max-width: 604px) 100vw, 604px\" \/><\/p>\n<p>Per una banda, <strong>P1, P2 i P3<\/strong> s&#8217;utilitzar\u00e0 per col\u00b7locar les pinces amperim\u00e8triques que corresponen amb cada fase al quadre de proteccions. Sempre en direcci\u00f3 segons el sentit del corrent.<\/p>\n<blockquote class=\"wp-block-quote\"><p><strong><em>NOTA: Les pinces amperim\u00e8triques no poden manipular-se en cap cas.<\/em><\/strong><\/p><\/blockquote>\n<p>Per altra banda, <strong>P4, P5 i P6<\/strong> s&#8217;utilitzen per col\u00b7locar les pinces amperim\u00e8triques que mesuraran la fase fotovoltaica en el seu degut ordre. Sempre en direcci\u00f3 segons el sentit del corrent.<\/p>\n<blockquote class=\"wp-block-quote\"><p><strong><em>NOTA: En cas de tenir dubtes sobre com realitzar la instal\u00b7laci\u00f3, consulta les diferents <a href=\"https:\/\/drive.google.com\/file\/d\/1ZsZVF-apWJRWDooyMyzvWH_rKYETGttH\/view\" target=\"_blank\" rel=\"noreferrer noopener\">opcions d&#8217;esquemes v\u00e0lids<\/a> per identificar la forma correcta en qu\u00e8 col\u00b7locar els diferents elements que componen la instal\u00b7laci\u00f3.<\/em><\/strong><\/p><\/blockquote>\n<div style=\"height:50px\" aria-hidden=\"true\" class=\"wp-block-spacer\"><\/div>\n<hr class=\"wp-block-separator has-alpha-channel-opacity\">\n<div style=\"height:50px\" aria-hidden=\"true\" class=\"wp-block-spacer\"><\/div>\n<h2>Esclau V2C 1.0<\/h2>\n<p><img decoding=\"async\" src=\"https:\/\/v2charge.com\/wp-content\/uploads\/2023\/01\/medidor-v2c-1-0-v2charge.png\" alt=\"Mesurador V2C 1.0\" class=\"wp-image-92309\" width=\"553\" height=\"397\" srcset=\"https:\/\/v2charge.com\/wp-content\/uploads\/2023\/01\/medidor-v2c-1-0-v2charge.png 485w, https:\/\/v2charge.com\/wp-content\/uploads\/2023\/01\/medidor-v2c-1-0-v2charge-300x215.png 300w\" sizes=\"(max-width: 553px) 100vw, 553px\" \/><\/p>\n<p>L&#8217;esclau V2C 1.0 \u00e9s la versi\u00f3 m\u00e9s antiga de mesuradors disponibles. Ara mateix, el m\u00e9s utilitzat \u00e9s el V2C 2.0 per\u00f2, podria donar-se el cas que algun instal\u00b7lador es trobi amb instal\u00b7lacions en qu\u00e8 s&#8217;hagi utilitzat.<\/p>\n<h3>Com realitzar la instal\u00b7laci\u00f3 del mesurador V2C 1.0?<\/h3>\n<p>Aquest esclau \u00fanicament ser\u00e0 apte per a instal\u00b7lacions monof\u00e0siques o instal\u00b7lacions de carregador monof\u00e0sic amb FV monof\u00e0sica ja que permet l&#8217;entrada de fins a 3 pinces amperim\u00e8triques com a m\u00e0xim.<\/p>\n<p><img decoding=\"async\" src=\"https:\/\/v2charge.com\/wp-content\/uploads\/2023\/01\/conexiones-pines-conector-v2c-1.0-03.png\" alt=\"Connexions Instal\u00b7lacions V2C 1.0\" class=\"wp-image-92335\" width=\"673\" height=\"483\" srcset=\"https:\/\/v2charge.com\/wp-content\/uploads\/2023\/01\/conexiones-pines-conector-v2c-1.0-03.png 485w, https:\/\/v2charge.com\/wp-content\/uploads\/2023\/01\/conexiones-pines-conector-v2c-1.0-03-300x215.png 300w\" sizes=\"(max-width: 673px) 100vw, 673px\" \/><\/p>\n<p>Per a instal\u00b7lacions monof\u00e0siques, el toroidal (pin\u00e7a) haur\u00e0 de llegir el consum total de la vivenda, incloent el punt de rec\u00e0rrega. Si la instal\u00b7laci\u00f3 \u00e9s monof\u00e0sica, el toroidal haur\u00e0 d&#8217;instal\u00b7lar-se a l&#8217;acometida de la vivenda o, en el seu defecte, en garatges comunitaris en el cable que ve del comptador.<\/p>\n<p><em>Localitza la fase que alimenta el total de la instal\u00b7laci\u00f3. Normalment ser\u00e0 l&#8217;acometida provenint del comptador. Aquest ser\u00e0 de color gris, negre o marr\u00f3. Si fos trif\u00e0sic disposar\u00e0 dels 3.<\/em> Cada pin\u00e7a haur\u00e0 d&#8217;abra\u00e7ar la fase corresponent. Per a instal\u00b7lacions trif\u00e0siques fes exactament el mateix per\u00f2 amb les 3 fases.<br \/>\n<img decoding=\"async\" width=\"622\" height=\"415\" src=\"https:\/\/v2charge.com\/wp-content\/uploads\/2022\/02\/conexionado-de-pinzas.jpg\" alt=\"\" class=\"wp-image-74300\" srcset=\"https:\/\/v2charge.com\/wp-content\/uploads\/2022\/02\/conexionado-de-pinzas.jpg 622w, https:\/\/v2charge.com\/wp-content\/uploads\/2022\/02\/conexionado-de-pinzas-300x200.jpg 300w\" sizes=\"(max-width: 622px) 100vw, 622px\" \/><\/p>\n<div style=\"height:50px\" aria-hidden=\"true\" class=\"wp-block-spacer\"><\/div>\n<hr class=\"wp-block-separator has-alpha-channel-opacity\">\n<div style=\"height:50px\" aria-hidden=\"true\" class=\"wp-block-spacer\"><\/div>\n<h2>Mesurador Shelly<\/h2>\n<p>Es tracta d&#8217;una <strong>alternativa<\/strong> quan no \u00e9s possible passar el <strong>cable Ethernet<\/strong> des de l&#8217;e-Charger fins a l&#8217;esclau. Tamb\u00e9 es pot utilitzar quan l&#8217;inversor est\u00e0 connectat a un quadre secundari (o el carregador s&#8217;ha connectat directament al comptador) i no \u00e9s possible mesurar la seva producci\u00f3.<\/p>\n<p>\u00c9s necessari que el <strong>mesurador Shelly<\/strong> i el carregador disposin de connexi\u00f3 WiFi. Aquest mesurador \u00e9s capa\u00e7 de mesurar el sentit del corrent, per tant, es podran utilitzar <strong>els tres modes de c\u00e0rrega FV<\/strong> que ofereix Trydan.<\/p>\n<p><img decoding=\"async\" src=\"https:\/\/v2charge.com\/wp-content\/uploads\/2023\/01\/shelly-trifasico-monofasico.png\" alt=\"Shelly Trif\u00e0sic i Monof\u00e0sic\" class=\"wp-image-92432\" width=\"612\" height=\"439\" srcset=\"https:\/\/v2charge.com\/wp-content\/uploads\/2023\/01\/shelly-trifasico-monofasico.png 485w, https:\/\/v2charge.com\/wp-content\/uploads\/2023\/01\/shelly-trifasico-monofasico-300x215.png 300w\" sizes=\"(max-width: 612px) 100vw, 612px\" \/><\/p>\n<h3>Com realitzar la instal\u00b7laci\u00f3 del mesurador Shelly?<\/h3>\n<p>La instal\u00b7laci\u00f3 del mesurador Shelly ser\u00e0 diferent per a instal\u00b7lacions monof\u00e0siques i trif\u00e0siques perqu\u00e8 el dispositiu canviar\u00e0.<\/p>\n<h4>Shelly en instal\u00b7lacions monof\u00e0siques<\/h4>\n<p><img decoding=\"async\" src=\"https:\/\/v2charge.com\/wp-content\/uploads\/2023\/01\/monofasico-esquema-shelly.png\" alt=\"Connexions Shelly Monof\u00e0sic\" class=\"wp-image-92392\" width=\"733\" height=\"375\" srcset=\"https:\/\/v2charge.com\/wp-content\/uploads\/2023\/01\/monofasico-esquema-shelly.png 570w, https:\/\/v2charge.com\/wp-content\/uploads\/2023\/01\/monofasico-esquema-shelly-300x154.png 300w\" sizes=\"(max-width: 733px) 100vw, 733px\" \/><\/p>\n<p>En l&#8217;<strong>opci\u00f3 1<\/strong> no es podr\u00e0 con\u00e8ixer la producci\u00f3 fotovoltaica, per\u00f2 s\u00ed que es podran mesurar els excedents. En l&#8217;<strong>opci\u00f3 2<\/strong> es podr\u00e0 con\u00e8ixer la producci\u00f3 fotovoltaica i els excedents.<\/p>\n<p>En ambd\u00f3s casos, Trydan \u00e9s compatible amb els tres modes de c\u00e0rrega.<\/p>\n<h4>Shelly en instal\u00b7lacions trif\u00e0siques<\/h4>\n<p><img decoding=\"async\" src=\"https:\/\/v2charge.com\/wp-content\/uploads\/2023\/01\/shelly-trifa\u0301sico-medidor.png\" alt=\"Connexions Shelly Trif\u00e0sic\" class=\"wp-image-92407\" width=\"877\" height=\"361\"><\/p>\n<hr class=\"wp-block-separator has-alpha-channel-opacity\">\n<div style=\"height:50px\" aria-hidden=\"true\" class=\"wp-block-spacer\"><\/div>\n<h2>Mesurador DDSU666-H<\/h2>\n<p>Aquest mesurador l&#8217;utilitzarem quan no es pugui realitzar la instal\u00b7laci\u00f3 amb els esclaus V2C 1.0 o V2C 2.0 (degut a que l&#8217;inversor est\u00e0 connectat en un altre quadre diferent al carregador) i tampoc estigui l&#8217;alternativa de comptar amb senyal o connexi\u00f3 WiFi (que podr\u00edem utilitzar un mesurador Shelly).<\/p>\n<p>En el seu defecte, en cas de tenir que utilitzar el mesurador DDSUGG-H, caldr\u00e0 seguir les connexions tal com es mostra en el seg\u00fcent esquema.<\/p>\n<h4>DDSU666-H monof\u00e0sic<\/h4>\n<p><img decoding=\"async\" src=\"https:\/\/v2charge.com\/wp-content\/uploads\/2023\/01\/DDSU66-medidor.png\" alt=\"\" class=\"wp-image-92450\" width=\"776\" height=\"413\" srcset=\"https:\/\/v2charge.com\/wp-content\/uploads\/2023\/01\/DDSU66-medidor.png 548w, https:\/\/v2charge.com\/wp-content\/uploads\/2023\/01\/DDSU66-medidor-300x160.png 300w\" sizes=\"(max-width: 776px) 100vw, 776px\" \/><\/p>\n<h4>DDSU666-H trif\u00e0sic<\/h4>\n<p><img decoding=\"async\" src=\"https:\/\/v2charge.com\/wp-content\/uploads\/2023\/01\/DDSU66-medidor-trifa\u0301sico.png\" alt=\"\" class=\"wp-image-92460\" width=\"905\" height=\"427\" srcset=\"https:\/\/v2charge.com\/wp-content\/uploads\/2023\/01\/DDSU66-medidor-trifa\u0301sico.png 619w, https:\/\/v2charge.com\/wp-content\/uploads\/2023\/01\/DDSU66-medidor-trifa\u0301sico-300x142.png 300w\" sizes=\"(max-width: 905px) 100vw, 905px\" \/><\/p>\n<div style=\"height:50px\" aria-hidden=\"true\" class=\"wp-block-spacer\"><\/div>\n<hr class=\"wp-block-separator has-alpha-channel-opacity\">\n<h2>Mesurador Wibeee Box<\/h2>\n<p>Es far\u00e0 servir el mesurador <strong>Wibeee Box<\/strong> quan es vulgui realitzar una instal\u00b7laci\u00f3 que proporcioni unes mesures m\u00e9s precises ja que tamb\u00e9 mesura tensi\u00f3. Utilitza <strong>tecnologia WiFi i<\/strong> no seria necess\u00e0ria la instal\u00b7laci\u00f3 del cablejat UTP.<\/p>\n<p><img decoding=\"async\" src=\"https:\/\/v2charge.com\/wp-content\/uploads\/2023\/01\/esquema-wibeee-instalacion.png\" alt=\"Connexions Mesurador Wibee Box\" class=\"wp-image-92490\" width=\"767\" height=\"362\" srcset=\"https:\/\/v2charge.com\/wp-content\/uploads\/2023\/01\/esquema-wibeee-instalacion.png 619w, https:\/\/v2charge.com\/wp-content\/uploads\/2023\/01\/esquema-wibeee-instalacion-300x142.png 300w\" sizes=\"(max-width: 767px) 100vw, 767px\" \/><\/p>\n","protected":false},"excerpt":{"rendered":"<p>El control din\u00e0mic de pot\u00e8ncia \u00e9s el dispositiu que permet equilibrar la pot\u00e8ncia de l&#8217;e-Charger amb la pot\u00e8ncia sobrant de la vivenda o que faci la integraci\u00f3 fotovoltaica. El dispositiu, que a partir d&#8217;ara es dir\u00e0 &#8220;Esclau&#8221; o &#8220;Mesurador&#8221;, permet la mesura d&#8217;aquests consums, permetent a l&#8217;e-Charger con\u00e8ixer en temps real la pot\u00e8ncia demandada (o &#8230; <a title=\"Instal\u00b7laci\u00f3 del Control din\u00e0mic de pot\u00e8ncia &#8211; Trydan\" class=\"read-more\" href=\"https:\/\/v2charge.com\/ca\/instalacio-control-dinamic\/\" aria-label=\"M\u00e9s informaci\u00f3 sobre Instal\u00b7laci\u00f3 del Control din\u00e0mic de pot\u00e8ncia &#8211; Trydan\">Llegiu m\u00e9s<\/a><\/p>\n","protected":false},"author":1,"featured_media":170354,"parent":0,"menu_order":0,"comment_status":"closed","ping_status":"closed","template":"","meta":{"_eb_attr":"","content-type":"","_uag_custom_page_level_css":"","footnotes":""},"class_list":["post-309827","page","type-page","status-publish","has-post-thumbnail"],"yoast_head":"<!-- This site is optimized with the Yoast SEO plugin v25.3.1 - https:\/\/yoast.com\/wordpress\/plugins\/seo\/ -->\n<title>Control Din\u00e0mic de Pot\u00e8ncia \u25b7 e-Charger Trydan | V2C<\/title>\n<meta name=\"description\" content=\"Et expliquem com funciona el control din\u00e0mic de pot\u00e8ncia en el carregador el\u00e8ctric Trydan: el millor del mercat per al teu vehicle el\u00e8ctric.\" \/>\n<meta name=\"robots\" content=\"index, follow, max-snippet:-1, max-image-preview:large, max-video-preview:-1\" \/>\n<link rel=\"canonical\" href=\"https:\/\/v2charge.com\/ca\/instalacio-control-dinamic\/\" \/>\n<meta property=\"og:locale\" content=\"ca_ES\" \/>\n<meta property=\"og:type\" content=\"article\" \/>\n<meta property=\"og:title\" content=\"Control Din\u00e0mic de Pot\u00e8ncia \u25b7 e-Charger Trydan | V2C\" \/>\n<meta property=\"og:description\" content=\"Et expliquem com funciona el control din\u00e0mic de pot\u00e8ncia en el carregador el\u00e8ctric Trydan: el millor del mercat per al teu vehicle el\u00e8ctric.\" \/>\n<meta property=\"og:url\" content=\"https:\/\/v2charge.com\/ca\/instalacio-control-dinamic\/\" \/>\n<meta property=\"og:site_name\" content=\"V2C\" \/>\n<meta property=\"article:publisher\" content=\"https:\/\/www.facebook.com\/V2C.Charge\" \/>\n<meta property=\"article:modified_time\" content=\"2023-07-19T07:12:59+00:00\" \/>\n<meta property=\"og:image\" content=\"https:\/\/v2charge.com\/wp-content\/uploads\/2024\/07\/v2c-electric-chargers.jpg\" \/>\n\t<meta property=\"og:image:width\" content=\"1200\" \/>\n\t<meta property=\"og:image:height\" content=\"675\" \/>\n\t<meta property=\"og:image:type\" content=\"image\/jpeg\" \/>\n<meta name=\"twitter:card\" content=\"summary_large_image\" \/>\n<meta name=\"twitter:site\" content=\"@V2C_Charge\" \/>\n<meta name=\"twitter:label1\" content=\"Temps estimat de lectura\" \/>\n\t<meta name=\"twitter:data1\" content=\"7 minuts\" \/>\n<script type=\"application\/ld+json\" class=\"yoast-schema-graph\">{\"@context\":\"https:\/\/schema.org\",\"@graph\":[{\"@type\":\"WebPage\",\"@id\":\"https:\/\/v2charge.com\/ca\/instalacio-control-dinamic\/\",\"url\":\"https:\/\/v2charge.com\/ca\/instalacio-control-dinamic\/\",\"name\":\"Control Din\u00e0mic de Pot\u00e8ncia \u25b7 e-Charger Trydan | V2C\",\"isPartOf\":{\"@id\":\"https:\/\/v2charge.com\/ca\/#website\"},\"primaryImageOfPage\":{\"@id\":\"https:\/\/v2charge.com\/ca\/instalacio-control-dinamic\/#primaryimage\"},\"image\":{\"@id\":\"https:\/\/v2charge.com\/ca\/instalacio-control-dinamic\/#primaryimage\"},\"thumbnailUrl\":\"https:\/\/v2charge.com\/wp-content\/uploads\/2024\/07\/v2c-electric-chargers.jpg\",\"datePublished\":\"2022-01-26T07:41:19+00:00\",\"dateModified\":\"2023-07-19T07:12:59+00:00\",\"description\":\"Et expliquem com funciona el control din\u00e0mic de pot\u00e8ncia en el carregador el\u00e8ctric Trydan: el millor del mercat per al teu vehicle el\u00e8ctric.\",\"breadcrumb\":{\"@id\":\"https:\/\/v2charge.com\/ca\/instalacio-control-dinamic\/#breadcrumb\"},\"inLanguage\":\"ca\",\"potentialAction\":[{\"@type\":\"ReadAction\",\"target\":[\"https:\/\/v2charge.com\/ca\/instalacio-control-dinamic\/\"]}]},{\"@type\":\"ImageObject\",\"inLanguage\":\"ca\",\"@id\":\"https:\/\/v2charge.com\/ca\/instalacio-control-dinamic\/#primaryimage\",\"url\":\"https:\/\/v2charge.com\/wp-content\/uploads\/2024\/07\/v2c-electric-chargers.jpg\",\"contentUrl\":\"https:\/\/v2charge.com\/wp-content\/uploads\/2024\/07\/v2c-electric-chargers.jpg\",\"width\":1200,\"height\":675,\"caption\":\"V2C Electric Chargers\"},{\"@type\":\"BreadcrumbList\",\"@id\":\"https:\/\/v2charge.com\/ca\/instalacio-control-dinamic\/#breadcrumb\",\"itemListElement\":[{\"@type\":\"ListItem\",\"position\":1,\"name\":\"V2C\",\"item\":\"https:\/\/v2charge.com\/ca\/\"},{\"@type\":\"ListItem\",\"position\":2,\"name\":\"Instal\u00b7laci\u00f3 del Control din\u00e0mic de pot\u00e8ncia &#8211; Trydan\"}]},{\"@type\":\"WebSite\",\"@id\":\"https:\/\/v2charge.com\/ca\/#website\",\"url\":\"https:\/\/v2charge.com\/ca\/\",\"name\":\"V2C\",\"description\":\"#CargandoElMa\u00f1ana\",\"publisher\":{\"@id\":\"https:\/\/v2charge.com\/ca\/#organization\"},\"potentialAction\":[{\"@type\":\"SearchAction\",\"target\":{\"@type\":\"EntryPoint\",\"urlTemplate\":\"https:\/\/v2charge.com\/ca\/?s={search_term_string}\"},\"query-input\":{\"@type\":\"PropertyValueSpecification\",\"valueRequired\":true,\"valueName\":\"search_term_string\"}}],\"inLanguage\":\"ca\"},{\"@type\":\"Organization\",\"@id\":\"https:\/\/v2charge.com\/ca\/#organization\",\"name\":\"V2C\",\"url\":\"https:\/\/v2charge.com\/ca\/\",\"logo\":{\"@type\":\"ImageObject\",\"inLanguage\":\"ca\",\"@id\":\"https:\/\/v2charge.com\/ca\/#\/schema\/logo\/image\/\",\"url\":\"https:\/\/v2charge.com\/wp-content\/uploads\/2024\/11\/cropped-v2c-charge-logo-menu.png\",\"contentUrl\":\"https:\/\/v2charge.com\/wp-content\/uploads\/2024\/11\/cropped-v2c-charge-logo-menu.png\",\"width\":984,\"height\":431,\"caption\":\"V2C\"},\"image\":{\"@id\":\"https:\/\/v2charge.com\/ca\/#\/schema\/logo\/image\/\"},\"sameAs\":[\"https:\/\/www.facebook.com\/V2C.Charge\",\"https:\/\/x.com\/V2C_Charge\",\"https:\/\/www.instagram.com\/v2c.charge\/\",\"https:\/\/www.youtube.com\/@V2C\",\"https:\/\/www.linkedin.com\/company\/v2c-chargers\/\"]}]}<\/script>\n<!-- \/ Yoast SEO plugin. -->","yoast_head_json":{"title":"Control Din\u00e0mic de Pot\u00e8ncia \u25b7 e-Charger Trydan | V2C","description":"Et expliquem com funciona el control din\u00e0mic de pot\u00e8ncia en el carregador el\u00e8ctric Trydan: el millor del mercat per al teu vehicle el\u00e8ctric.","robots":{"index":"index","follow":"follow","max-snippet":"max-snippet:-1","max-image-preview":"max-image-preview:large","max-video-preview":"max-video-preview:-1"},"canonical":"https:\/\/v2charge.com\/ca\/instalacio-control-dinamic\/","og_locale":"ca_ES","og_type":"article","og_title":"Control Din\u00e0mic de Pot\u00e8ncia \u25b7 e-Charger Trydan | V2C","og_description":"Et expliquem com funciona el control din\u00e0mic de pot\u00e8ncia en el carregador el\u00e8ctric Trydan: el millor del mercat per al teu vehicle el\u00e8ctric.","og_url":"https:\/\/v2charge.com\/ca\/instalacio-control-dinamic\/","og_site_name":"V2C","article_publisher":"https:\/\/www.facebook.com\/V2C.Charge","article_modified_time":"2023-07-19T07:12:59+00:00","og_image":[{"width":1200,"height":675,"url":"https:\/\/v2charge.com\/wp-content\/uploads\/2024\/07\/v2c-electric-chargers.jpg","type":"image\/jpeg"}],"twitter_card":"summary_large_image","twitter_site":"@V2C_Charge","twitter_misc":{"Temps estimat de lectura":"7 minuts"},"schema":{"@context":"https:\/\/schema.org","@graph":[{"@type":"WebPage","@id":"https:\/\/v2charge.com\/ca\/instalacio-control-dinamic\/","url":"https:\/\/v2charge.com\/ca\/instalacio-control-dinamic\/","name":"Control Din\u00e0mic de Pot\u00e8ncia \u25b7 e-Charger Trydan | V2C","isPartOf":{"@id":"https:\/\/v2charge.com\/ca\/#website"},"primaryImageOfPage":{"@id":"https:\/\/v2charge.com\/ca\/instalacio-control-dinamic\/#primaryimage"},"image":{"@id":"https:\/\/v2charge.com\/ca\/instalacio-control-dinamic\/#primaryimage"},"thumbnailUrl":"https:\/\/v2charge.com\/wp-content\/uploads\/2024\/07\/v2c-electric-chargers.jpg","datePublished":"2022-01-26T07:41:19+00:00","dateModified":"2023-07-19T07:12:59+00:00","description":"Et expliquem com funciona el control din\u00e0mic de pot\u00e8ncia en el carregador el\u00e8ctric Trydan: el millor del mercat per al teu vehicle el\u00e8ctric.","breadcrumb":{"@id":"https:\/\/v2charge.com\/ca\/instalacio-control-dinamic\/#breadcrumb"},"inLanguage":"ca","potentialAction":[{"@type":"ReadAction","target":["https:\/\/v2charge.com\/ca\/instalacio-control-dinamic\/"]}]},{"@type":"ImageObject","inLanguage":"ca","@id":"https:\/\/v2charge.com\/ca\/instalacio-control-dinamic\/#primaryimage","url":"https:\/\/v2charge.com\/wp-content\/uploads\/2024\/07\/v2c-electric-chargers.jpg","contentUrl":"https:\/\/v2charge.com\/wp-content\/uploads\/2024\/07\/v2c-electric-chargers.jpg","width":1200,"height":675,"caption":"V2C Electric Chargers"},{"@type":"BreadcrumbList","@id":"https:\/\/v2charge.com\/ca\/instalacio-control-dinamic\/#breadcrumb","itemListElement":[{"@type":"ListItem","position":1,"name":"V2C","item":"https:\/\/v2charge.com\/ca\/"},{"@type":"ListItem","position":2,"name":"Instal\u00b7laci\u00f3 del Control din\u00e0mic de pot\u00e8ncia &#8211; Trydan"}]},{"@type":"WebSite","@id":"https:\/\/v2charge.com\/ca\/#website","url":"https:\/\/v2charge.com\/ca\/","name":"V2C","description":"#CargandoElMa\u00f1ana","publisher":{"@id":"https:\/\/v2charge.com\/ca\/#organization"},"potentialAction":[{"@type":"SearchAction","target":{"@type":"EntryPoint","urlTemplate":"https:\/\/v2charge.com\/ca\/?s={search_term_string}"},"query-input":{"@type":"PropertyValueSpecification","valueRequired":true,"valueName":"search_term_string"}}],"inLanguage":"ca"},{"@type":"Organization","@id":"https:\/\/v2charge.com\/ca\/#organization","name":"V2C","url":"https:\/\/v2charge.com\/ca\/","logo":{"@type":"ImageObject","inLanguage":"ca","@id":"https:\/\/v2charge.com\/ca\/#\/schema\/logo\/image\/","url":"https:\/\/v2charge.com\/wp-content\/uploads\/2024\/11\/cropped-v2c-charge-logo-menu.png","contentUrl":"https:\/\/v2charge.com\/wp-content\/uploads\/2024\/11\/cropped-v2c-charge-logo-menu.png","width":984,"height":431,"caption":"V2C"},"image":{"@id":"https:\/\/v2charge.com\/ca\/#\/schema\/logo\/image\/"},"sameAs":["https:\/\/www.facebook.com\/V2C.Charge","https:\/\/x.com\/V2C_Charge","https:\/\/www.instagram.com\/v2c.charge\/","https:\/\/www.youtube.com\/@V2C","https:\/\/www.linkedin.com\/company\/v2c-chargers\/"]}]}},"uagb_featured_image_src":{"full":["https:\/\/v2charge.com\/wp-content\/uploads\/2024\/07\/v2c-electric-chargers.jpg",1200,675,false],"thumbnail":["https:\/\/v2charge.com\/wp-content\/uploads\/2024\/07\/v2c-electric-chargers-150x150.jpg",150,150,true],"medium":["https:\/\/v2charge.com\/wp-content\/uploads\/2024\/07\/v2c-electric-chargers-300x169.jpg",300,169,true],"medium_large":["https:\/\/v2charge.com\/wp-content\/uploads\/2024\/07\/v2c-electric-chargers-768x432.jpg",768,432,true],"large":["https:\/\/v2charge.com\/wp-content\/uploads\/2024\/07\/v2c-electric-chargers-1024x576.jpg",1024,576,true],"gs-tiny":["https:\/\/v2charge.com\/wp-content\/uploads\/2024\/07\/v2c-electric-chargers.jpg",50,28,false],"xl":["https:\/\/v2charge.com\/wp-content\/uploads\/2024\/07\/v2c-electric-chargers.jpg",1200,675,false],"xxl":["https:\/\/v2charge.com\/wp-content\/uploads\/2024\/07\/v2c-electric-chargers.jpg",1200,675,false],"xxxl":["https:\/\/v2charge.com\/wp-content\/uploads\/2024\/07\/v2c-electric-chargers.jpg",1200,675,false],"xxxxl":["https:\/\/v2charge.com\/wp-content\/uploads\/2024\/07\/v2c-electric-chargers.jpg",1200,675,false],"xxxxxl":["https:\/\/v2charge.com\/wp-content\/uploads\/2024\/07\/v2c-electric-chargers.jpg",1200,675,false],"1536x1536":["https:\/\/v2charge.com\/wp-content\/uploads\/2024\/07\/v2c-electric-chargers.jpg",1200,675,false],"2048x2048":["https:\/\/v2charge.com\/wp-content\/uploads\/2024\/07\/v2c-electric-chargers.jpg",1200,675,false]},"uagb_author_info":{"display_name":"V2C","author_link":"https:\/\/v2charge.com\/ca\/author\/root_k4eu7ki8\/"},"uagb_comment_info":0,"uagb_excerpt":"El control din\u00e0mic de pot\u00e8ncia \u00e9s el dispositiu que permet equilibrar la pot\u00e8ncia de l&#8217;e-Charger amb la pot\u00e8ncia sobrant de la vivenda o que faci la integraci\u00f3 fotovoltaica. El dispositiu, que a partir d&#8217;ara es dir\u00e0 &#8220;Esclau&#8221; o &#8220;Mesurador&#8221;, permet la mesura d&#8217;aquests consums, permetent a l&#8217;e-Charger con\u00e8ixer en temps real la pot\u00e8ncia demandada (o&hellip;","_links":{"self":[{"href":"https:\/\/v2charge.com\/ca\/wp-json\/wp\/v2\/pages\/309827","targetHints":{"allow":["GET"]}}],"collection":[{"href":"https:\/\/v2charge.com\/ca\/wp-json\/wp\/v2\/pages"}],"about":[{"href":"https:\/\/v2charge.com\/ca\/wp-json\/wp\/v2\/types\/page"}],"author":[{"embeddable":true,"href":"https:\/\/v2charge.com\/ca\/wp-json\/wp\/v2\/users\/1"}],"replies":[{"embeddable":true,"href":"https:\/\/v2charge.com\/ca\/wp-json\/wp\/v2\/comments?post=309827"}],"version-history":[{"count":0,"href":"https:\/\/v2charge.com\/ca\/wp-json\/wp\/v2\/pages\/309827\/revisions"}],"wp:featuredmedia":[{"embeddable":true,"href":"https:\/\/v2charge.com\/ca\/wp-json\/wp\/v2\/media\/170354"}],"wp:attachment":[{"href":"https:\/\/v2charge.com\/ca\/wp-json\/wp\/v2\/media?parent=309827"}],"curies":[{"name":"wp","href":"https:\/\/api.w.org\/{rel}","templated":true}]}}