{"id":2636,"date":"2025-07-01T14:46:05","date_gmt":"2025-07-01T14:46:05","guid":{"rendered":"https:\/\/v2charge.com\/careers\/?post_type=awsm_job_openings&#038;p=2636"},"modified":"2025-07-07T10:50:52","modified_gmt":"2025-07-07T10:50:52","slug":"sales-representative-italia-movilidad-electrica","status":"publish","type":"awsm_job_openings","link":"https:\/\/v2charge.com\/careers\/jobs\/sales-representative-italia-movilidad-electrica\/","title":{"rendered":"Sales Representative Italia &#8211; (Movilidad El\u00e9ctrica)"},"content":{"rendered":"\n<p class=\" eplus-wrapper\"><strong>Sales Representative Italia &#8211; (Movilidad El\u00e9ctrica)<\/strong><br><strong>Ubicaci\u00f3n: Valencia (presencial)<\/strong><br><strong>Jornada completa<\/strong><br><strong>IMPRESCINDIBLE nivel alto de italiano y castellano<\/strong><\/p>\n\n\n\n<p class=\" eplus-wrapper\">\u00bfTienes un car\u00e1cter en\u00e9rgico, una personalidad arrolladora y te apasionan las ventas?<br>En <strong>V2C<\/strong>, empresa l\u00edder en cargadores para veh\u00edculos el\u00e9ctricos, estamos buscando un aut\u00e9ntico <strong>killer comercial<\/strong> para conquistar el mercado italiano. Queremos a alguien que viva por y para vender, que disfrute presentando productos, explic\u00e1ndolos con entusiasmo, y que no se detenga hasta cerrar la venta.<\/p>\n\n\n\n<h3 class=\" wp-block-heading eplus-wrapper\">\u00bfQu\u00e9 har\u00e1s?<\/h3>\n\n\n<ul class=\" wp-block-list eplus-wrapper eplus-styles-uid-b14b06\">\n<li class=\" eplus-wrapper\">Desarrollar\u00e1s el mercado de Italia desde cero: <strong>prospecci\u00f3n activa<\/strong>, <strong>puerta fr\u00eda<\/strong>, llamadas, visitas, seguimiento y cierre de oportunidades.<\/li>\n\n\n\n<li class=\" eplus-wrapper\">Ser\u00e1s el embajador\/a del producto: lo presentar\u00e1s con pasi\u00f3n y claridad, respondiendo a objeciones, transmitiendo confianza y convenciendo.<\/li>\n\n\n\n<li class=\" eplus-wrapper\">Trabajar\u00e1s con herramientas como <strong>HubSpot<\/strong>, <strong>Odoo<\/strong> y otros CRM para organizar tus procesos y maximizar resultados.<\/li>\n\n\n\n<li class=\" eplus-wrapper\">Colaborar\u00e1s con los equipos de ventas, marketing y producto, alineando estrategias para maximizar el impacto comercial.<\/li>\n\n\n\n<li class=\" eplus-wrapper\">Recibir\u00e1s formaci\u00f3n en producto y estrategia, pero lo importante es tu <strong>actitud y hambre de venta<\/strong>.<\/li>\n<\/ul>\n\n\n<h3 class=\" wp-block-heading eplus-wrapper\">\u00bfQu\u00e9 buscamos?<\/h3>\n\n\n<ul class=\" wp-block-list eplus-wrapper eplus-styles-uid-b55286\">\n<li class=\" eplus-wrapper\">Dominio alto o nativo de <strong>italiano<\/strong> y <strong>castellano<\/strong> (imprescindible).<\/li>\n\n\n\n<li class=\" eplus-wrapper\">Experiencia previa en <strong>ventas activas<\/strong>, especialmente en <strong>puerta fr\u00eda<\/strong> o desarrollo comercial.<\/li>\n\n\n\n<li class=\" eplus-wrapper\">Una personalidad <strong>intensa, din\u00e1mica, extrovertida y decidida<\/strong>. Queremos a alguien que no pase desapercibido.<\/li>\n\n\n\n<li class=\" eplus-wrapper\">Foco absoluto en resultados, capacidad para abrir puertas donde otros no llegan, y perseverancia comercial.<\/li>\n\n\n\n<li class=\" eplus-wrapper\">Pasi\u00f3n por la tecnolog\u00eda, movilidad el\u00e9ctrica o sostenibilidad (\u00a1bonus extra!).<\/li>\n<\/ul>\n\n\n<h3 class=\" wp-block-heading eplus-wrapper\">\u00bfQu\u00e9 ofrecemos?<\/h3>\n\n\n<ul class=\" wp-block-list eplus-wrapper eplus-styles-uid-1a54c0\">\n<li class=\" eplus-wrapper\">Puesto <strong>presencial en Valencia<\/strong>, con 1 d\u00eda de teletrabajo a la semana.<\/li>\n\n\n\n<li class=\" eplus-wrapper\"><strong>Flexibilidad horaria<\/strong> dentro de un equipo joven, innovador y con mentalidad ganadora.<\/li>\n\n\n\n<li class=\" eplus-wrapper\"><strong>Salario fijo + comisiones atractivas<\/strong> por ventas (sin techo).<\/li>\n\n\n\n<li class=\" eplus-wrapper\">Formaci\u00f3n continua y posibilidades <strong>reales de crecimiento profesional<\/strong>.<\/li>\n\n\n\n<li class=\" eplus-wrapper\">Un entorno internacional donde tu actitud y resultados marcar\u00e1n la diferencia.<\/li>\n<\/ul>\n\n\n<hr class=\" wp-block-separator has-alpha-channel-opacity eplus-wrapper\"\/>\n\n\n\n<p class=\" eplus-wrapper\">\u00bfQuieres formar parte de una empresa con prop\u00f3sito y crecer como referente comercial?<br>\u00a1Te estamos buscando! Env\u00edanos tu candidatura y demu\u00e9stranos que <strong>tienes lo que hay que tener para vender en Italia<\/strong>.<\/p>\n\n\n\n<p class=\" eplus-wrapper\"><strong>Sales Representative Italia &#8211; (Mobilit\u00e0 Elettrica)<\/strong><br><strong>Sede: Valencia (presenza fisica)<\/strong><br><strong>Orario: Full time<\/strong><br><strong>INDISPENSABILE livello alto o madrelingua di italiano e spagnolo<\/strong><\/p>\n\n\n\n<p class=\" eplus-wrapper\">Hai un\u2019energia travolgente, una personalit\u00e0 esplosiva e ti appassionano le vendite?<br>In <strong>V2C<\/strong>, azienda leader nella produzione di caricatori per veicoli elettrici, cerchiamo un vero <strong>killer commerciale<\/strong> per conquistare il mercato italiano. Vogliamo qualcuno che <strong>vive per vendere<\/strong>, che ama presentare il prodotto, spiegarlo con entusiasmo e <strong>non si ferma finch\u00e9 non chiude l\u2019affare<\/strong>.<\/p>\n\n\n\n<h3 class=\" wp-block-heading eplus-wrapper\">Cosa farai?<\/h3>\n\n\n<ul class=\" wp-block-list eplus-wrapper eplus-styles-uid-681a23\">\n<li class=\" eplus-wrapper\">Svilupperai il mercato italiano da zero: <strong>prospezione attiva<\/strong>, <strong>porta a porta<\/strong>, chiamate a freddo, visite, follow-up e chiusura delle opportunit\u00e0.<\/li>\n\n\n\n<li class=\" eplus-wrapper\">Sarai l\u2019ambasciatore del nostro prodotto: lo presenterai con passione, risponderai alle obiezioni con sicurezza e trasmetterai fiducia.<\/li>\n\n\n\n<li class=\" eplus-wrapper\">Lavorerai con strumenti come <strong>HubSpot<\/strong>, <strong>Odoo<\/strong> e altri CRM per gestire il tuo processo di vendita in modo efficiente.<\/li>\n\n\n\n<li class=\" eplus-wrapper\">Collaborerai con i team di vendita, marketing e prodotto per allineare le strategie e massimizzare i risultati.<\/li>\n\n\n\n<li class=\" eplus-wrapper\">Riceverai formazione continua su prodotto, strategia e strumenti, ma ci\u00f2 che conta davvero \u00e8 <strong>la tua attitudine commerciale<\/strong>.<\/li>\n<\/ul>\n\n\n<h3 class=\" wp-block-heading eplus-wrapper\">Cosa cerchiamo?<\/h3>\n\n\n<ul class=\" wp-block-list eplus-wrapper eplus-styles-uid-dc1fce\">\n<li class=\" eplus-wrapper\">Conoscenza fluente (o madrelingua) di <strong>italiano<\/strong> e <strong>spagnolo<\/strong> (requisito fondamentale).<\/li>\n\n\n\n<li class=\" eplus-wrapper\">Esperienza <strong>pregressa nelle vendite attive<\/strong>, soprattutto in <strong>vendita a freddo<\/strong> o sviluppo commerciale.<\/li>\n\n\n\n<li class=\" eplus-wrapper\">Una personalit\u00e0 <strong>intensa, dinamica, estroversa e determinata<\/strong>. Cerchiamo chi lascia il segno.<\/li>\n\n\n\n<li class=\" eplus-wrapper\">Mentalit\u00e0 orientata ai risultati, perseveranza, capacit\u00e0 di aprire porte e creare opportunit\u00e0 dove altri falliscono.<\/li>\n\n\n\n<li class=\" eplus-wrapper\">Passione per la tecnologia, la mobilit\u00e0 elettrica o la sostenibilit\u00e0 (plus apprezzato!).<\/li>\n<\/ul>\n\n\n<h3 class=\" wp-block-heading eplus-wrapper\">Cosa offriamo?<\/h3>\n\n\n<ul class=\" wp-block-list eplus-wrapper eplus-styles-uid-450303\">\n<li class=\" eplus-wrapper\"><strong>Posizione in presenza a Valencia<\/strong>, con 1 giorno di telelavoro alla settimana.<\/li>\n\n\n\n<li class=\" eplus-wrapper\"><strong>Orario flessibile<\/strong> in un team giovane, innovativo e orientato alla crescita.<\/li>\n\n\n\n<li class=\" eplus-wrapper\"><strong>Stipendio fisso + provvigioni interessanti<\/strong> sulle vendite (senza limiti).<\/li>\n\n\n\n<li class=\" eplus-wrapper\">Formazione continua e <strong>reali possibilit\u00e0 di crescita professionale<\/strong>.<\/li>\n\n\n\n<li class=\" eplus-wrapper\">Un ambiente internazionale dove la tua energia e i tuoi risultati faranno la differenza.<\/li>\n<\/ul>\n\n\n<hr class=\" wp-block-separator has-alpha-channel-opacity eplus-wrapper\"\/>\n\n\n\n<p class=\" eplus-wrapper\">Vuoi entrare a far parte di un\u2019azienda con una missione chiara e lasciare il tuo segno in Italia?<br><strong>Inviaci la tua candidatura e facci vedere che hai tutto quello che serve per vendere davvero!<\/strong><\/p>\n\n\n\n<p class=\" eplus-wrapper\"><\/p>\n","protected":false},"excerpt":{"rendered":"<p>Sales Representative Italia &#8211; (Movilidad El\u00e9ctrica)Ubicaci\u00f3n: Valencia (presencial)Jornada completaIMPRESCINDIBLE nivel alto de italiano y castellano \u00bfTienes un car\u00e1cter en\u00e9rgico, una personalidad arrolladora y te apasionan las ventas?En V2C, empresa l\u00edder en cargadores para veh\u00edculos el\u00e9ctricos, estamos buscando un aut\u00e9ntico killer comercial para conquistar el mercado italiano. Queremos a alguien que viva por y para vender, &#8230; <a title=\"Sales Representative Italia &#8211; (Movilidad El\u00e9ctrica)\" class=\"read-more\" href=\"https:\/\/v2charge.com\/careers\/jobs\/sales-representative-italia-movilidad-electrica\/\" aria-label=\"M\u00e1s en Sales Representative Italia &#8211; (Movilidad El\u00e9ctrica)\">Leer m\u00e1s<\/a><\/p>\n","protected":false},"author":1,"template":"","meta":{"editor_plus_copied_stylings":"{}"},"class_list":["post-2636","awsm_job_openings","type-awsm_job_openings","status-publish","hentry","job-category-sales","job-type-full-time","job-location-spain","job-location-valencia"],"_links":{"self":[{"href":"https:\/\/v2charge.com\/careers\/wp-json\/wp\/v2\/awsm_job_openings\/2636","targetHints":{"allow":["GET"]}}],"collection":[{"href":"https:\/\/v2charge.com\/careers\/wp-json\/wp\/v2\/awsm_job_openings"}],"about":[{"href":"https:\/\/v2charge.com\/careers\/wp-json\/wp\/v2\/types\/awsm_job_openings"}],"author":[{"embeddable":true,"href":"https:\/\/v2charge.com\/careers\/wp-json\/wp\/v2\/users\/1"}],"wp:attachment":[{"href":"https:\/\/v2charge.com\/careers\/wp-json\/wp\/v2\/media?parent=2636"}],"curies":[{"name":"wp","href":"https:\/\/api.w.org\/{rel}","templated":true}]}}