{"id":318286,"date":"2021-03-02T09:00:19","date_gmt":"2021-03-02T09:00:19","guid":{"rendered":""},"modified":"2026-04-25T17:56:58","modified_gmt":"2026-04-25T17:56:58","slug":"zasady-ochrany-osobnich-udaj-v2c","status":"publish","type":"page","link":"https:\/\/v2charge.com\/cs\/zasady-ochrany-osobnich-udaj-v2c\/","title":{"rendered":"Z\u00e1sady ochrany soukrom\u00ed V2C"},"content":{"rendered":"\n<div style=\"height:60px\" aria-hidden=\"true\" class=\"wp-block-spacer\"><\/div>\n\n\n<h1 class=\"wp-block-heading\">Z\u00e1sady ochrany osobn\u00edch \u00fadaj\u016f V2C<\/h1>\n\n<h2 class=\"wp-block-heading\">Obecn\u00e9 informace<\/h2>\n\n<p>V2C je spr\u00e1vcem osobn\u00edch \u00fadaj\u016f poskytnut\u00fdch u\u017eivateli. Tato Z\u00e1sady ochrany soukrom\u00ed se vztahuj\u00ed na Slu\u017ebu a na v\u0161echny subjekty \u00fadaj\u016f, kter\u00e9 maj\u00ed k n\u00ed p\u0159\u00edstup (U\u017eivatel\u00e9, Z\u00e1kazn\u00edci a U\u017eivatel\u00e9 nab\u00edjen\u00ed). Na z\u00e1klad\u011b svobodn\u00e9ho, konkr\u00e9tn\u00edho, informovan\u00e9ho a jasn\u00e9ho souhlasu p\u0159\u00edslu\u0161n\u00fdch subjekt\u016f \u00fadaj\u016f bude V2C zpracov\u00e1vat \u00fadaje na z\u00e1klad\u011b z\u00e1konn\u00e9ho, spravedliv\u00e9ho a transparentn\u00edho principu a zavazuje se dodr\u017eovat na\u0159\u00edzen\u00ed Evropsk\u00e9ho parlamentu a Rady (EU) 2016\/679 ze dne 27. dubna 2016 (GDPR) a \u0161pan\u011blsk\u00fd organick\u00fd z\u00e1kon 3\/2018 ze dne 5. prosince 2018 (LOPD-GDD) a platn\u00e9 evropsk\u00e9 a \u0161pan\u011blsk\u00e9 regula\u010dn\u00ed p\u0159edpisy.<br>V2C bude spr\u00e1vcem osobn\u00edch \u00fadaj\u016f poskytnut\u00fdch subjekty \u00fadaj\u016f, zejm\u00e9na U\u017eivatel\u016f, Z\u00e1kazn\u00edk\u016f a U\u017eivatel\u016f nab\u00edjen\u00ed. V p\u0159\u00edpadech, kdy U\u017eivatel\u00e9 nab\u00edjen\u00ed prov\u00e1d\u011bj\u00ed nab\u00edjen\u00ed na za\u0159\u00edzen\u00edch z\u00edskan\u00fdch prost\u0159ednictv\u00edm ve\u0159ejn\u00fdch nab\u00edjec\u00edch s\u00edt\u00ed, budou tito Z\u00e1kazn\u00edci tak\u00e9 spr\u00e1vcem osobn\u00edch \u00fadaj\u016f U\u017eivatel\u016f nab\u00edjen\u00ed. V tomto posledn\u00edm p\u0159\u00edpad\u011b V2C uv\u00e1d\u00ed, \u017ee tyto \u00fadaje jsou zpracov\u00e1v\u00e1ny za \u00fa\u010delem poskytov\u00e1n\u00ed Slu\u017eby t\u011bmto Z\u00e1kazn\u00edk\u016fm a V2C nep\u0159en\u00e1\u0161\u00ed \u017e\u00e1dn\u00e9 \u00fadaje poskytnut\u00e9 U\u017eivatel\u00e9 nab\u00edjen\u00ed Z\u00e1kazn\u00edk\u016fm.<br>P\u0159ed z\u00edsk\u00e1n\u00edm n\u011bkter\u00fdch informac\u00ed a obsahu na\u0161\u00ed Slu\u017eby se mus\u00edte jako Z\u00e1kazn\u00edk p\u0159edem zaregistrovat na Webov\u00fdch str\u00e1nk\u00e1ch, prost\u0159ednictv\u00edm vhodn\u00e9ho formul\u00e1\u0159e na Port\u00e1lu nebo v Aplikaci, a v souladu se Z\u00e1konem o ochran\u011b soukrom\u00ed mus\u00edte souhlasit se zpracov\u00e1n\u00edm sv\u00fdch osobn\u00edch \u00fadaj\u016f. V ka\u017ed\u00e9m p\u0159\u00edpad\u011b, pokud poskytov\u00e1n\u00ed Slu\u017eby vy\u017eaduje va\u0161i registraci a poskytnut\u00ed n\u011bkter\u00fdch osobn\u00edch \u00fadaj\u016f, \u017e\u00e1dosti o vymaz\u00e1n\u00ed t\u011bchto \u00fadaj\u016f povedou k neplatnosti registrace a vymaz\u00e1n\u00ed va\u0161eho \u00fa\u010dtu, a proto Z\u00e1kazn\u00edci nebudou moci vyu\u017e\u00edvat funkce, kter\u00e9 vy\u017eaduj\u00ed p\u0159edchoz\u00ed registraci. Nicm\u00e9n\u011b m\u016f\u017eete udr\u017eovat sv\u016fj \u00fa\u010det aktivn\u00ed a m\u016f\u017eete se odvolat proti zpracov\u00e1n\u00ed sv\u00fdch osobn\u00edch \u00fadaj\u016f pro obchodn\u00ed, propaga\u010dn\u00ed a\/nebo reklamn\u00ed komunikaci.<\/p>\n\n<h2 class=\"wp-block-heading\">Jak\u00e1 data zpracov\u00e1v\u00e1 V2C?<\/h2>\n\n<p>Na webov\u00fdch str\u00e1nk\u00e1ch, v aplikaci nebo p\u0159i registraci n\u00e1s \u017e\u00e1d\u00e1te o v\u0161echny va\u0161e osobn\u00ed \u00fadaje, kter\u00e9 jsou povinn\u00e9. Pokud n\u00e1m tyto informace neposkytnete, V2C v\u00e1m nenab\u00eddne registraci a\/nebo pou\u017e\u00edv\u00e1n\u00ed Slu\u017eby. Pokud se jako Z\u00e1kazn\u00edk \u00fasp\u011b\u0161n\u011b zaregistrujete, V2C shrom\u00e1\u017ed\u00ed n\u011bkter\u00e9 nezbytn\u00e9 informace o pou\u017e\u00edv\u00e1n\u00ed Slu\u017eby.<br>Specificky, V2C zpracov\u00e1v\u00e1 n\u00e1sleduj\u00edc\u00ed kategorie dat:<br>\u2014 Va\u0161e identifika\u010dn\u00ed \u00fadaje (nap\u0159\u00edklad va\u0161e jm\u00e9no a p\u0159\u00edjmen\u00ed, va\u0161e u\u017eivatelsk\u00e9 jm\u00e9no a heslo);<br>\u2014 Va\u0161e kontaktn\u00ed informace (nap\u0159\u00edklad v\u00e1\u0161 e-mail, va\u0161e telefonn\u00ed \u010d\u00edslo);<br>\u2014 Identifika\u010dn\u00ed \u00fadaje va\u0161eho za\u0159\u00edzen\u00ed (konkr\u00e9tn\u011b, push token va\u0161eho mobiln\u00edho telefonu); \u2014 Va\u0161e biometrick\u00e1 data (tj. va\u0161e obli\u010dejov\u00e1 fotografie pro vyu\u017eit\u00ed funkcionalit rozpozn\u00e1v\u00e1n\u00ed obli\u010deje, kter\u00e9 V2C nab\u00edz\u00ed). P\u0159enosem va\u0161\u00ed osobn\u00ed fotografie n\u00e1m d\u00e1v\u00e1te souhlas k jej\u00edmu pou\u017eit\u00ed pro jedin\u00e9 \u00fa\u010dely a p\u0159id\u011blujete n\u00e1m v\u0161echna pr\u00e1va k tomu. D\u00e1le n\u00e1m zaru\u010dujete, \u017ee fotografie poskytnut\u00e9 pro va\u0161i identifikaci neporu\u0161uj\u00ed pr\u00e1va t\u0159et\u00edch stran. Ve v\u0161ech p\u0159\u00edpadech se zavazujete, \u017ee V2C nebude odpov\u011bdn\u00e1 za \u017e\u00e1dn\u00e9 n\u00e1roky vznikl\u00e9 t\u0159et\u00edmi stranami v d\u016fsledku pou\u017eit\u00ed t\u00e9to fotografie;<br>\u2014 Informace o va\u0161\u00ed aktivit\u011b a pou\u017e\u00edv\u00e1n\u00ed Nab\u00edjec\u00ed Slu\u017eby, nab\u00edjec\u00ed preference, nastaven\u00ed, mno\u017estv\u00ed nab\u00edjen\u00ed atd.;<br>\u2014 Profesion\u00e1ln\u00ed \u00fadaje (nap\u0159\u00edklad pokud n\u00e1m za\u0161lete sv\u016fj \u017eivotopis, informace o vzd\u011bl\u00e1n\u00ed a profesn\u00ed zku\u0161enosti).<br>\u2014 Va\u0161e lokaliza\u010dn\u00ed informace v pop\u0159ed\u00ed a na pozad\u00ed. V pop\u0159ed\u00ed pro nalezen\u00ed p\u0159esn\u00e9 polohy e-Chargeru. A na pozad\u00ed funk\u010dnost, kterou m\u016f\u017eete pou\u017e\u00edt s iBeacon, kter\u00e1 umo\u017e\u0148uje deaktivaci nebo aktivaci e-Chargeru, kdy\u017e je aplikace otev\u0159en\u00e1 na pozad\u00ed, ani\u017e byste museli aplikaci znovu otev\u0159\u00edt.<\/p>\n\n<h2 class=\"wp-block-heading\">K jak\u00fdm \u00fa\u010del\u016fm zpracov\u00e1v\u00e1me va\u0161e \u00fadaje?<\/h2>\n\n<p>V2C po\u017e\u00e1dal o zpracov\u00e1n\u00ed a z\u00edsk\u00e1n\u00ed informac\u00ed, kter\u00e9 jste po\u017eadovali, pouze pro \u00fa\u010dely, kter\u00e9 jste uvedli. M\u00e1me mo\u017enost spravovat a zpracov\u00e1vat va\u0161e \u00fadaje:<br>\u2014 Pro spr\u00e1vu va\u0161eho \u00fa\u010dtu, abyste mohli vyu\u017e\u00edvat Nab\u00edjec\u00ed slu\u017ebu a m\u00edt p\u0159\u00edstup k za\u0159\u00edzen\u00edm;<br>\u2014 Pro p\u0159\u00edjem personalizovan\u00fdch ozn\u00e1men\u00ed na z\u00e1klad\u011b pou\u017e\u00edv\u00e1n\u00ed aplikace a port\u00e1lu;<br>\u2014 Pouze pokud n\u00e1m ud\u011bl\u00edte souhlas, va\u0161e \u00fadaje budou automaticky zpracov\u00e1ny pro vytv\u00e1\u0159en\u00ed u\u017eivatelsk\u00fdch profil\u016f, vych\u00e1zej\u00edc\u00edch z \u00fadaj\u016f poskytnut\u00fdch p\u0159i registraci jako Z\u00e1kazn\u00edk a \u00fadaj\u016f o pou\u017e\u00edv\u00e1n\u00ed Nab\u00edjec\u00ed slu\u017eby. Tyto profily budou vyu\u017e\u00edv\u00e1ny V2C a mohou b\u00fdt p\u0159ed\u00e1ny t\u0159et\u00edm stran\u00e1m za \u00fa\u010delem zas\u00edl\u00e1n\u00ed reklamn\u00edch komunikac\u00ed o na\u0161ich produktech a slu\u017eb\u00e1ch a reklamn\u00edch komunikac\u00ed t\u0159et\u00edch stran, p\u0159izp\u016fsoben\u00fdch va\u0161im spot\u0159ebitelsk\u00fdm a obchodn\u00edm preferenc\u00edm;<br>\u2014 Pro vy\u0159e\u0161en\u00ed va\u0161ich \u017e\u00e1dost\u00ed o informace a odpov\u011bdi na \u017e\u00e1dosti, kter\u00e9 pod\u00e1v\u00e1te prost\u0159ednictv\u00edm na\u0161ich webov\u00fdch str\u00e1nek, port\u00e1lu nebo profilov\u00fdch str\u00e1nek na soci\u00e1ln\u00edch s\u00edt\u00edch, prost\u0159ednictv\u00edm na\u0161ich podp\u016frn\u00fdch slu\u017eeb;<br>\u2014 Pro zas\u00edl\u00e1n\u00ed informac\u00ed v\u00e1m, v\u010detn\u011b obchodn\u00edch, propaga\u010dn\u00edch a\/nebo reklamn\u00edch komunikac\u00ed, zpravodaj\u016f a reklamn\u00edch a propaga\u010dn\u00edch zpr\u00e1v o produktech a slu\u017eb\u00e1ch V2C;<br>\u2014 Pro spr\u00e1vu va\u0161eho vzd\u011bl\u00e1n\u00ed a profesn\u00edch informac\u00ed, s c\u00edlem v\u00fdb\u011bru a n\u00e1boru uchaze\u010d\u016f a zam\u011bstnanc\u016f; pokud n\u00e1m za\u0161lete sv\u016fj \u017eivotopis.<\/p>\n\n<h2 class=\"wp-block-heading\">Jak dlouho uchov\u00e1v\u00e1me va\u0161e informace?<\/h2>\n\n<p>Va\u0161e informace uchov\u00e1v\u00e1me pouze po dobu nezbytnou pro \u00fa\u010dely, pro kter\u00e9 byly shrom\u00e1\u017ed\u011bny, a to bu\u010f po dobu, po kterou m\u00e1te sv\u016fj U\u017eivatelsk\u00fd \u00fa\u010det, nebo po dobu nezbytnou k vy\u0159\u00edzen\u00ed va\u0161\u00ed objedn\u00e1vky, dokud neodvol\u00e1te p\u0159edplatn\u00e9 nebo nepo\u017e\u00e1d\u00e1te o zas\u00edl\u00e1n\u00ed informac\u00ed a obchodn\u00edch komunikac\u00ed o na\u0161ich slu\u017eb\u00e1ch.<br>Kdy\u017e p\u0159estanete pou\u017e\u00edvat na\u0161i slu\u017ebu, m\u016f\u017eeme va\u0161e osobn\u00ed \u00fadaje uchov\u00e1vat d\u00e9le, a pokud to vy\u017eaduje z\u00e1kon, na z\u00e1klad\u011b soudn\u00edho p\u0159\u00edkazu nebo v reakci na pr\u00e1vn\u00ed po\u017eadavky ve\u0159ejn\u00fdch org\u00e1n\u016f a \u00fa\u0159edn\u00edk\u016f, v takov\u00e9m p\u0159\u00edpad\u011b budou va\u0161e osobn\u00ed \u00fadaje \u0159\u00e1dn\u011b uchov\u00e1ny a chr\u00e1n\u011bny p\u0159ed p\u0159\u00edstupem a zpracov\u00e1n\u00edm syst\u00e9m\u016f V2C. Jakmile dojde k proml\u010den\u00ed mo\u017en\u00fdch akc\u00ed, va\u0161e osobn\u00ed \u00fadaje vyma\u017eeme.<\/p>\n\n<h2 class=\"wp-block-heading\">Co n\u00e1s oprav\u0148uje k zpracov\u00e1n\u00ed va\u0161ich \u00fadaj\u016f?<\/h2>\n\n<p>Opr\u00e1vn\u011bn\u00e9 z\u00e1jmy V2C se zakl\u00e1daj\u00ed na zpracov\u00e1n\u00ed osobn\u00edch \u00fadaj\u016f poskytnut\u00fdch na Webov\u00fdch str\u00e1nk\u00e1ch, Port\u00e1lu, Aplikaci a Za\u0159\u00edzen\u00edch, na z\u00e1klad\u011b va\u0161eho svobodn\u00e9ho, konkr\u00e9tn\u00edho, informovan\u00e9ho a jasn\u00e9ho souhlasu, a to za n\u00e1sleduj\u00edc\u00edmi \u00fa\u010dely:<br>\u2014 Zpracov\u00e1n\u00ed \u00fadaj\u016f nezbytn\u00fdch pro spr\u00e1vu va\u0161eho \u00da\u010dtu, v\u010detn\u011b va\u0161eho obli\u010deje, je nezbytn\u00e9 pro p\u0159ihl\u00e1\u0161en\u00ed a pou\u017e\u00edv\u00e1n\u00ed Webov\u00fdch str\u00e1nek, Port\u00e1lu, Nab\u00edjec\u00ed slu\u017eby, Aplikace a Za\u0159\u00edzen\u00ed. Na\u0161\u00edm pr\u00e1vn\u00edm z\u00e1kladem pro zpracov\u00e1n\u00ed t\u011bchto \u00fadaj\u016f je v\u00e1\u0161 souhlas a na\u0161e zpracov\u00e1n\u00ed je nezbytn\u00e9 pro poskytov\u00e1n\u00ed na\u0161ich slu\u017eeb.<br>\u2014 Zpracov\u00e1n\u00ed va\u0161ich identifika\u010dn\u00edch a kontaktn\u00edch informac\u00ed je nezbytn\u00e9 pro odpov\u011b\u010f na \u017e\u00e1dosti o informace na Webov\u00fdch str\u00e1nk\u00e1ch nebo Port\u00e1lu, t\u00fdkaj\u00edc\u00ed se na\u0161ich slu\u017eeb, stejn\u011b jako pro poskytov\u00e1n\u00ed na\u0161ich vzd\u00e1len\u00fdch technick\u00fdch podp\u016frn\u00fdch slu\u017eeb. Na\u0161\u00edm pr\u00e1vn\u00edm z\u00e1kladem pro zpracov\u00e1n\u00ed t\u011bchto \u00fadaj\u016f je v\u00e1\u0161 souhlas a na\u0161e zpracov\u00e1n\u00ed je nezbytn\u00e9 pro poskytov\u00e1n\u00ed na\u0161ich slu\u017eeb.<br>\u2014 Zpracov\u00e1n\u00ed \u00fadaj\u016f pro zas\u00edl\u00e1n\u00ed ozn\u00e1men\u00ed je nezbytn\u00e9 pro shroma\u017e\u010fov\u00e1n\u00ed informac\u00ed za \u00fa\u010delem optimalizace pou\u017e\u00edv\u00e1n\u00ed Aplikace a Port\u00e1lu. Na\u0161\u00edm pr\u00e1vn\u00edm z\u00e1kladem pro zpracov\u00e1n\u00ed t\u011bchto \u00fadaj\u016f je v\u00e1\u0161 souhlas a n\u00e1\u0161 opr\u00e1vn\u011bn\u00fd z\u00e1jem.<br>\u2014 Zpracov\u00e1n\u00ed \u00fadaj\u016f o pou\u017e\u00edv\u00e1n\u00ed Nab\u00edjec\u00ed slu\u017eby, pokud ud\u011bl\u00edte souhlas, za \u00fa\u010delem nab\u00eddky personalizovan\u00e9ho z\u00e1\u017eitku z pou\u017e\u00edv\u00e1n\u00ed va\u0161\u00ed Aplikace a Port\u00e1lu, zlep\u0161en\u00ed efektivity a kvality nab\u00edjen\u00ed, anal\u00fdzy a\/nebo p\u0159edpov\u011bdi spot\u0159ebitelsk\u00fdch a mobilitn\u00edch n\u00e1vyk\u016f a preferenc\u00ed, a to p\u0159\u00edm\u00fdm nebo t\u0159et\u00edm stran\u00e1m, za \u00fa\u010delem nab\u00eddky personalizovan\u00fdch produkt\u016f a\/nebo slu\u017eeb podle va\u0161ich obchodn\u00edch a spot\u0159ebitelsk\u00fdch preferenc\u00ed. Na\u0161\u00edm pr\u00e1vn\u00edm z\u00e1kladem pro zpracov\u00e1n\u00ed t\u011bchto \u00fadaj\u016f je v\u00e1\u0161 souhlas a n\u00e1\u0161 opr\u00e1vn\u011bn\u00fd z\u00e1jem. V ka\u017ed\u00e9m p\u0159\u00edpad\u011b m\u00e1te pr\u00e1vo odvolat sv\u016fj souhlas podle pokyn\u016f uveden\u00fdch v \u010dl\u00e1nku 8 t\u00e9to Z\u00e1sady ochrany osobn\u00edch \u00fadaj\u016f, \u201eJak\u00e1 pr\u00e1va m\u00e1te, kdy\u017e n\u00e1m poskytnete sv\u00e9 \u00fadaje\u201c. Pokud neposkytnete souhlas se zpracov\u00e1n\u00edm \u00fadaj\u016f p\u0159i pou\u017e\u00edv\u00e1n\u00ed slu\u017eby, V2C tyto \u00fadaje shrom\u00e1\u017ed\u00ed pomoc\u00ed technik anonymizace, aby zajistil, \u017ee pou\u017e\u00edv\u00e1n\u00ed va\u0161\u00ed Slu\u017eby nevede k zpracov\u00e1n\u00ed osobn\u00edch \u00fadaj\u016f.<br>\u2014 Zpracov\u00e1n\u00ed identifika\u010dn\u00edch a kontaktn\u00edch \u00fadaj\u016f pro zas\u00edl\u00e1n\u00ed informac\u00ed a obchodn\u00edch komunikac\u00ed je nezbytn\u00e9 pro udr\u017een\u00ed aktu\u00e1lnosti na\u0161ich slu\u017eeb. Na\u0161\u00edm pr\u00e1vn\u00edm z\u00e1kladem pro zpracov\u00e1n\u00ed t\u011bchto \u00fadaj\u016f je v\u00e1\u0161 souhlas a n\u00e1\u0161 opr\u00e1vn\u011bn\u00fd z\u00e1jem.<br>\u2014 Zpracov\u00e1n\u00ed va\u0161ich vzd\u011bl\u00e1vac\u00edch a profesn\u00edch informac\u00ed je nezbytn\u00e9 pro spr\u00e1vu va\u0161eho n\u00e1boru, a pokud je to relevantn\u00ed, va\u0161eho zam\u011bstn\u00e1n\u00ed, pokud n\u00e1m za\u0161lete sv\u016fj \u017eivotopis nebo pokud V2C zve\u0159ejn\u00ed pracovn\u00ed nab\u00eddku nebo nab\u00eddku spolupr\u00e1ce. Na\u0161\u00edm pr\u00e1vn\u00edm z\u00e1kladem pro zpracov\u00e1n\u00ed t\u011bchto \u00fadaj\u016f je v\u00e1\u0161 souhlas a, pokud je to relevantn\u00ed, smlouva, kterou s n\u00e1mi podep\u00ed\u0161ete.<\/p>\n\n<h2 class=\"wp-block-heading\">Komu m\u016f\u017eeme sd\u011blit va\u0161e \u00fadaje?<\/h2>\n\n<p>V p\u0159\u00edpadech, kdy je to nezbytn\u00e9 pro poskytov\u00e1n\u00ed na\u0161ich slu\u017eeb, budeme muset sd\u00edlet va\u0161e osobn\u00ed \u00fadaje s t\u0159et\u00edmi stranami. Kdy\u017e to ud\u011bl\u00e1me, tyto \u00fadaje budou moci z\u00edskat pouze zam\u011bstnanci V2C a najat\u00ed t\u0159et\u00ed dodavatel\u00e9.<br>Specificky budou va\u0161e osobn\u00ed \u00fadaje poskytnuty dodavatel\u016fm IT, kte\u0159\u00ed n\u00e1m poskytuj\u00ed slu\u017eby spr\u00e1vy a hostingu dat, kter\u00e9 jsou nezbytn\u00e9 pro poskytov\u00e1n\u00ed na\u0161ich slu\u017eeb, stejn\u011b jako extern\u00edm agentur\u00e1m pro soukromou spr\u00e1vu, kter\u00e9 n\u00e1m poskytuj\u00ed administrativn\u00ed slu\u017eby, kter\u00e9 jsme od nich zakoupili. D\u00e1le m\u016f\u017eeme va\u0161e \u00fadaje sd\u00edlet za \u00fa\u010delem spln\u011bn\u00ed pr\u00e1vn\u00edch povinnost\u00ed nebo komunikace s informa\u010dn\u00edmi registry o \u00fav\u011brov\u00e9 a majetkov\u00e9 solventnosti, pokud nedojde k platb\u011b za na\u0161e slu\u017eby, a to po p\u0159edchoz\u00edm pod\u00e1n\u00ed neuspokojen\u00e9 \u017e\u00e1dosti o platbu.<br>Specificky m\u016f\u017eeme sd\u00edlet \u00fadaje s n\u00e1sleduj\u00edc\u00edmi t\u0159et\u00edmi stranami:<br>\u2014 Ve\u0159ejn\u00e9 spr\u00e1vy a \u00fa\u0159edn\u00edci, a soudy, pokud to vy\u017eaduje da\u0148ov\u00fd, pracovn\u00ed nebo jin\u00fd platn\u00fd z\u00e1kon;<br>\u2014 Dodavatel\u00e9 syst\u00e9m\u016f pro identifikaci a rozpozn\u00e1v\u00e1n\u00ed u\u017eivatel\u016f pomoc\u00ed obli\u010deje, otisk\u016f prst\u016f nebo hlasu, pokud za\u0159\u00edzen\u00ed, kter\u00e9 prod\u00e1v\u00e1me, tyto funkce zahrnuj\u00ed; \u2014 Dodavatel\u00e9 slu\u017eeb hostingu a spr\u00e1vy dat;<br>\u2014 Dodavatel\u00e9 distribuce, instalace a \u00fadr\u017eby za\u0159\u00edzen\u00ed, aby mohli poskytovat na\u0161e slu\u017eby spr\u00e1vy prevence. 6.4. Tak\u00e9, a pouze pokud ud\u011bl\u00edte souhlas, budou va\u0161e osobn\u00ed \u00fadaje a v\u00e1\u0161 profil jako Z\u00e1kazn\u00edka sd\u00edleny s t\u0159et\u00edmi stranami za \u00fa\u010delem zas\u00edl\u00e1n\u00ed komunikac\u00ed a nab\u00eddek na z\u00e1klad\u011b va\u0161ich obchodn\u00edch a spot\u0159ebitelsk\u00fdch preferenc\u00ed.<\/p>\n\n<h2 class=\"wp-block-heading\">Jak chr\u00e1n\u00edme va\u0161e data?<\/h2>\n\n<p>Jsme zav\u00e1z\u00e1ni k ochran\u011b va\u0161ich osobn\u00edch \u00fadaj\u016f.<br>Uji\u0161\u0165ujeme v\u00e1s, \u017ee jsme zavedli organiza\u010dn\u00ed a technick\u00e1 bezpe\u010dnostn\u00ed opat\u0159en\u00ed po\u017eadovan\u00e1 z\u00e1konem, kter\u00e1 jsou vhodn\u00e1 pro zpracov\u00e1n\u00ed va\u0161ich osobn\u00edch \u00fadaj\u016f, aby byla zaji\u0161t\u011bna d\u016fv\u011brnost, integrita a kvalita informac\u00ed, a aby se p\u0159ede\u0161lo ztr\u00e1t\u011b, nespr\u00e1vn\u00e9mu pou\u017eit\u00ed, zm\u011bn\u00e1m, neopr\u00e1vn\u011bn\u00e9mu p\u0159\u00edstupu a kr\u00e1de\u017ei poskytnut\u00fdch osobn\u00edch \u00fadaj\u016f.<br>V2C zav\u00e1d\u00ed bezpe\u010dnostn\u00ed opat\u0159en\u00ed, jako je \u0161ifrov\u00e1n\u00ed a postupy kontroly p\u0159\u00edstupu, aby se p\u0159ede\u0161lo neopr\u00e1vn\u011bn\u00e9mu p\u0159\u00edstupu k dat\u016fm a zajistila d\u016fv\u011brnost. Tak\u00e9 zaji\u0161\u0165ujeme, \u017ee na\u0161i zam\u011bstnanci, partne\u0159i a mana\u017ee\u0159i jsou \u0159\u00e1dn\u011b vy\u0161koleni a kvalifikov\u00e1ni k ochran\u011b va\u0161ich osobn\u00edch \u00fadaj\u016f a zaji\u0161t\u011bn\u00ed d\u016fv\u011brnosti.<br>Pokud dojde k poru\u0161en\u00ed bezpe\u010dnosti va\u0161ich osobn\u00edch \u00fadaj\u016f, kter\u00e9 by mohlo ohrozit va\u0161e pr\u00e1va, V2C okam\u017eit\u011b informuje \u0161pan\u011blsk\u00fd dozorov\u00fd \u00fa\u0159ad (\u201eAgencia Espa\u00f1ola de Protecci\u00f3n de Datos\u201c).<\/p>\n\n<h2 class=\"wp-block-heading\">Jak\u00e1 pr\u00e1va m\u00e1te, kdy\u017e n\u00e1m poskytnete sv\u00e9 \u00fadaje?<\/h2>\n\n<p>V2C se zavazuje chr\u00e1nit va\u0161e soukrom\u00ed a d\u016fv\u011brnost va\u0161ich osobn\u00edch \u00fadaj\u016f. Proto, kdy\u017e pod\u00e1te \u017e\u00e1dost o uplatn\u011bn\u00ed sv\u00fdch pr\u00e1v, poskytneme v\u00e1m odpov\u00eddaj\u00edc\u00ed reakci. Pro uplatn\u011bn\u00ed sv\u00fdch pr\u00e1v n\u00e1m m\u016f\u017eete napsat na na\u0161i e-mailovou adresu, info@v2charge.com, s \u0159\u00e1dnou identifikac\u00ed a jasn\u00fdm uveden\u00edm \u00fa\u010delu \u017e\u00e1dosti.<br>Konkr\u00e9tn\u011b m\u00e1te n\u00e1sleduj\u00edc\u00ed pr\u00e1va t\u00fdkaj\u00edc\u00ed se va\u0161ich osobn\u00edch \u00fadaj\u016f:<br>\u2014 Pr\u00e1vo na p\u0159\u00edstup: m\u016f\u017eete po\u017e\u00e1dat o p\u0159\u00edstup k osobn\u00edm \u00fadaj\u016fm, kter\u00e9 zpracov\u00e1v\u00e1me, a z\u00edskat informace o zpracov\u00e1n\u00ed, kter\u00e9 prov\u00e1d\u00edme;<br>\u2014 Pr\u00e1vo na opravu: pokud jsou va\u0161e osobn\u00ed \u00fadaje nep\u0159esn\u00e9, ne\u00fapln\u00e9 nebo zastaral\u00e9, m\u016f\u017eete po\u017e\u00e1dat o jejich opravu.<br>\u2014 Pr\u00e1vo na vymaz\u00e1n\u00ed: v n\u011bkter\u00fdch p\u0159\u00edpadech, nap\u0159\u00edklad pokud se domn\u00edv\u00e1te, \u017ee zpracov\u00e1n\u00ed je nezbytn\u00e9 nebo nez\u00e1konn\u00e9, m\u016f\u017eete po\u017e\u00e1dat o vymaz\u00e1n\u00ed nebo odstran\u011bn\u00ed sv\u00fdch osobn\u00edch \u00fadaj\u016f;<br>\u2014 Pr\u00e1vo na omezen\u00ed zpracov\u00e1n\u00ed: v n\u011bkter\u00fdch p\u0159\u00edpadech, nap\u0159\u00edklad pokud zpochyb\u0148ujete p\u0159esnost osobn\u00edch \u00fadaj\u016f nebo odm\u00edt\u00e1te zpracov\u00e1n\u00ed, m\u016f\u017eete po\u017e\u00e1dat o omezen\u00ed zpracov\u00e1n\u00ed sv\u00fdch osobn\u00edch \u00fadaj\u016f.<br>\u2014 Pr\u00e1vo na p\u0159enositelnost \u00fadaj\u016f: v n\u011bkter\u00fdch p\u0159\u00edpadech m\u00e1te pr\u00e1vo z\u00edskat poskytnut\u00e9 osobn\u00ed \u00fadaje ve strukturovan\u00e9m, b\u011b\u017en\u011b pou\u017e\u00edvan\u00e9m a strojov\u011b \u010diteln\u00e9m form\u00e1tu a po\u017e\u00e1dat o jejich p\u0159enos k jin\u00e9mu t\u0159et\u00edmu subjektu.<br>\u2014 Pr\u00e1vo vzn\u00e9st n\u00e1mitku: m\u016f\u017eete po\u017e\u00e1dat o zastaven\u00ed zpracov\u00e1n\u00ed va\u0161ich osobn\u00edch \u00fadaj\u016f, pokud je to zalo\u017eeno na pr\u00e1vn\u00edm z\u00e1klad\u011b, a m\u00e1 to na v\u00e1s nebo na v\u00e1s v\u00fdznamn\u00fd dopad, pokud zpracov\u00e1n\u00ed nen\u00ed nezbytn\u00e9 pro ve\u0159ejn\u00fd z\u00e1jem;<br>\u2014 Pr\u00e1va na automatizovan\u00e1 rozhodnut\u00ed a profilov\u00e1n\u00ed: m\u00e1te pr\u00e1vo vzn\u00e9st n\u00e1mitku proti automatizovan\u00e9mu zpracov\u00e1n\u00ed va\u0161ich \u00fadaj\u016f, v\u010detn\u011b zpracov\u00e1n\u00ed pro \u00fa\u010dely profilov\u00e1n\u00ed, pokud jste p\u0159edt\u00edm ud\u011blili souhlas, a m\u00e1 to pr\u00e1vn\u00ed d\u016fsledky nebo v\u00fdznamn\u00fd dopad na v\u00e1s;<br>\u2014 Pokud V2C neodpov\u00ed na va\u0161i \u017e\u00e1dost o uplatn\u011bn\u00ed pr\u00e1v, m\u00e1te pr\u00e1vo podat st\u00ed\u017enost u \u0161pan\u011blsk\u00e9ho kontroln\u00edho \u00fa\u0159adu (\u201eAgencia Espa\u00f1ola de Protecci\u00f3n de Datos\u201c) prost\u0159ednictv\u00edm odkazu http:\/\/agpd.es, telefonicky na \u010d\u00edslo 901 100 099 nebo p\u00edsemn\u011b na adresu Agencia Espa\u00f1ola de Protecci\u00f3n de Datos, C\/Jorge Juan n\u00ba 6, 28001, Madrid, \u0160pan\u011blsko.<\/p>\n\n<h2 class=\"wp-block-heading\">Zm\u011bny v politice ochrany soukrom\u00ed<\/h2>\n\n<p>V2C m\u00e1 pr\u00e1vo tuto Z\u00e1sady ochrany soukrom\u00ed m\u011bnit v souladu s platn\u00fdmi p\u0159edpisy. Jakmile provedeme zm\u011bny, budeme v\u00e1s informovat prost\u0159ednictv\u00edm odkaz\u016f, kter\u00e9 budou platn\u00e9 po jejich zve\u0159ejn\u011bn\u00ed. Doporu\u010dujeme v\u00e1m pravideln\u011b nav\u0161t\u011bvovat tuto Z\u00e1sady ochrany soukrom\u00ed, abyste se dozv\u011bd\u011bli, jak zpracov\u00e1v\u00e1me a chr\u00e1n\u00edme poskytnut\u00e9 osobn\u00ed \u00fadaje.<br>Jak\u00e9koli dotazy nebo \u017e\u00e1dosti t\u00fdkaj\u00edc\u00ed se t\u011bchto Z\u00e1sad ochrany soukrom\u00ed by m\u011bly b\u00fdt zasl\u00e1ny na n\u00e1sleduj\u00edc\u00ed adresu: Avenida Cam\u00ed Nou, 268, 46950 Xirivella, Valencia, \u0160pan\u011blsko, nebo e-mailem: info@v2charge.com<\/p>\n\n<h2 class=\"wp-block-heading\">Odpov\u011bdn\u00e1 osoba za ochranu \u00fadaj\u016f<\/h2>\n\n<p>V2C jmenoval odpov\u011bdn\u00e9ho za ochranu \u00fadaj\u016f, kter\u00fd bude zodpov\u011bdn\u00fd za dodr\u017eov\u00e1n\u00ed t\u00e9to Z\u00e1sady ochrany osobn\u00edch \u00fadaj\u016f t\u00fdkaj\u00edc\u00ed se zpracov\u00e1n\u00ed osobn\u00edch \u00fadaj\u016f na\u0161ich subjekt\u016f \u00fadaj\u016f.<\/p>\n\n\n<div style=\"height:60px\" aria-hidden=\"true\" class=\"wp-block-spacer\"><\/div>\n","protected":false},"excerpt":{"rendered":"<p>Z\u00e1sady ochrany osobn\u00edch \u00fadaj\u016f V2C Obecn\u00e9 informace V2C je spr\u00e1vcem osobn\u00edch \u00fadaj\u016f poskytnut\u00fdch u\u017eivateli. Tato Z\u00e1sady ochrany soukrom\u00ed se vztahuj\u00ed na Slu\u017ebu a na v\u0161echny subjekty \u00fadaj\u016f, kter\u00e9 maj\u00ed k n\u00ed p\u0159\u00edstup (U\u017eivatel\u00e9, Z\u00e1kazn\u00edci a U\u017eivatel\u00e9 nab\u00edjen\u00ed). Na z\u00e1klad\u011b svobodn\u00e9ho, konkr\u00e9tn\u00edho, informovan\u00e9ho a jasn\u00e9ho souhlasu p\u0159\u00edslu\u0161n\u00fdch subjekt\u016f \u00fadaj\u016f bude V2C zpracov\u00e1vat \u00fadaje na z\u00e1klad\u011b z\u00e1konn\u00e9ho, &#8230; <a title=\"Z\u00e1sady ochrany soukrom\u00ed V2C\" class=\"read-more\" href=\"https:\/\/v2charge.com\/cs\/zasady-ochrany-osobnich-udaj-v2c\/\" aria-label=\"Read more about Z\u00e1sady ochrany soukrom\u00ed V2C\">\u010c\u00edst d\u00e1l<\/a><\/p>\n","protected":false},"author":1,"featured_media":170346,"parent":0,"menu_order":0,"comment_status":"closed","ping_status":"closed","template":"","meta":{"_eb_attr":"","content-type":"","_uag_custom_page_level_css":"","footnotes":""},"class_list":["post-318286","page","type-page","status-publish","has-post-thumbnail"],"yoast_head":"<!-- This site is optimized with the Yoast SEO plugin v25.3.1 - https:\/\/yoast.com\/wordpress\/plugins\/seo\/ -->\n<title>Z\u00e1sady ochrany osobn\u00edch \u00fadaj\u016f V2C<\/title>\n<meta name=\"robots\" content=\"noindex, follow\" \/>\n<meta property=\"og:locale\" content=\"cs_CZ\" \/>\n<meta property=\"og:type\" content=\"article\" \/>\n<meta property=\"og:title\" content=\"Z\u00e1sady ochrany osobn\u00edch \u00fadaj\u016f V2C\" \/>\n<meta property=\"og:description\" content=\"Z\u00e1sady ochrany osobn\u00edch \u00fadaj\u016f V2C Obecn\u00e9 informace V2C je spr\u00e1vcem osobn\u00edch \u00fadaj\u016f poskytnut\u00fdch u\u017eivateli. Tato Z\u00e1sady ochrany soukrom\u00ed se vztahuj\u00ed na Slu\u017ebu a na v\u0161echny subjekty \u00fadaj\u016f, kter\u00e9 maj\u00ed k n\u00ed p\u0159\u00edstup (U\u017eivatel\u00e9, Z\u00e1kazn\u00edci a U\u017eivatel\u00e9 nab\u00edjen\u00ed). Na z\u00e1klad\u011b svobodn\u00e9ho, konkr\u00e9tn\u00edho, informovan\u00e9ho a jasn\u00e9ho souhlasu p\u0159\u00edslu\u0161n\u00fdch subjekt\u016f \u00fadaj\u016f bude V2C zpracov\u00e1vat \u00fadaje na z\u00e1klad\u011b z\u00e1konn\u00e9ho, ... \u010c\u00edst d\u00e1l\" \/>\n<meta property=\"og:url\" content=\"https:\/\/v2charge.com\/cs\/zasady-ochrany-osobnich-udaj-v2c\/\" \/>\n<meta property=\"og:site_name\" content=\"V2C\" \/>\n<meta property=\"article:publisher\" content=\"https:\/\/www.facebook.com\/V2C.Charge\" \/>\n<meta property=\"article:modified_time\" content=\"2026-04-25T17:56:58+00:00\" \/>\n<meta property=\"og:image\" content=\"https:\/\/v2charge.com\/wp-content\/uploads\/2024\/07\/v2c-electric-chargers.jpg\" \/>\n\t<meta property=\"og:image:width\" content=\"1200\" \/>\n\t<meta property=\"og:image:height\" content=\"675\" \/>\n\t<meta property=\"og:image:type\" content=\"image\/jpeg\" \/>\n<meta name=\"twitter:card\" content=\"summary_large_image\" \/>\n<meta name=\"twitter:site\" content=\"@V2C_Charge\" \/>\n<meta name=\"twitter:label1\" content=\"Odhadovan\u00e1 doba \u010dten\u00ed\" \/>\n\t<meta name=\"twitter:data1\" content=\"12 minut\" \/>\n<script type=\"application\/ld+json\" class=\"yoast-schema-graph\">{\"@context\":\"https:\/\/schema.org\",\"@graph\":[{\"@type\":\"WebPage\",\"@id\":\"https:\/\/v2charge.com\/cs\/zasady-ochrany-osobnich-udaj-v2c\/\",\"url\":\"https:\/\/v2charge.com\/cs\/zasady-ochrany-osobnich-udaj-v2c\/\",\"name\":\"Z\u00e1sady ochrany osobn\u00edch \u00fadaj\u016f V2C\",\"isPartOf\":{\"@id\":\"https:\/\/v2charge.com\/cs\/#website\"},\"primaryImageOfPage\":{\"@id\":\"https:\/\/v2charge.com\/cs\/zasady-ochrany-osobnich-udaj-v2c\/#primaryimage\"},\"image\":{\"@id\":\"https:\/\/v2charge.com\/cs\/zasady-ochrany-osobnich-udaj-v2c\/#primaryimage\"},\"thumbnailUrl\":\"https:\/\/v2charge.com\/wp-content\/uploads\/2024\/07\/v2c-electric-chargers.jpg\",\"datePublished\":\"2021-03-02T09:00:19+00:00\",\"dateModified\":\"2026-04-25T17:56:58+00:00\",\"breadcrumb\":{\"@id\":\"https:\/\/v2charge.com\/cs\/zasady-ochrany-osobnich-udaj-v2c\/#breadcrumb\"},\"inLanguage\":\"cs\",\"potentialAction\":[{\"@type\":\"ReadAction\",\"target\":[\"https:\/\/v2charge.com\/cs\/zasady-ochrany-osobnich-udaj-v2c\/\"]}]},{\"@type\":\"ImageObject\",\"inLanguage\":\"cs\",\"@id\":\"https:\/\/v2charge.com\/cs\/zasady-ochrany-osobnich-udaj-v2c\/#primaryimage\",\"url\":\"https:\/\/v2charge.com\/wp-content\/uploads\/2024\/07\/v2c-electric-chargers.jpg\",\"contentUrl\":\"https:\/\/v2charge.com\/wp-content\/uploads\/2024\/07\/v2c-electric-chargers.jpg\",\"width\":1200,\"height\":675,\"caption\":\"V2C Electric Chargers\"},{\"@type\":\"BreadcrumbList\",\"@id\":\"https:\/\/v2charge.com\/cs\/zasady-ochrany-osobnich-udaj-v2c\/#breadcrumb\",\"itemListElement\":[{\"@type\":\"ListItem\",\"position\":1,\"name\":\"V2C\",\"item\":\"https:\/\/v2charge.com\/cs\/\"},{\"@type\":\"ListItem\",\"position\":2,\"name\":\"Z\u00e1sady ochrany osobn\u00edch \u00fadaj\u016f V2C\"}]},{\"@type\":\"WebSite\",\"@id\":\"https:\/\/v2charge.com\/cs\/#website\",\"url\":\"https:\/\/v2charge.com\/cs\/\",\"name\":\"V2C\",\"description\":\"#CargandoElMa\u00f1ana\",\"publisher\":{\"@id\":\"https:\/\/v2charge.com\/cs\/#organization\"},\"potentialAction\":[{\"@type\":\"SearchAction\",\"target\":{\"@type\":\"EntryPoint\",\"urlTemplate\":\"https:\/\/v2charge.com\/cs\/?s={search_term_string}\"},\"query-input\":{\"@type\":\"PropertyValueSpecification\",\"valueRequired\":true,\"valueName\":\"search_term_string\"}}],\"inLanguage\":\"cs\"},{\"@type\":\"Organization\",\"@id\":\"https:\/\/v2charge.com\/cs\/#organization\",\"name\":\"V2C\",\"url\":\"https:\/\/v2charge.com\/cs\/\",\"logo\":{\"@type\":\"ImageObject\",\"inLanguage\":\"cs\",\"@id\":\"https:\/\/v2charge.com\/cs\/#\/schema\/logo\/image\/\",\"url\":\"https:\/\/v2charge.com\/wp-content\/uploads\/2024\/11\/cropped-v2c-charge-logo-menu.png\",\"contentUrl\":\"https:\/\/v2charge.com\/wp-content\/uploads\/2024\/11\/cropped-v2c-charge-logo-menu.png\",\"width\":984,\"height\":431,\"caption\":\"V2C\"},\"image\":{\"@id\":\"https:\/\/v2charge.com\/cs\/#\/schema\/logo\/image\/\"},\"sameAs\":[\"https:\/\/www.facebook.com\/V2C.Charge\",\"https:\/\/x.com\/V2C_Charge\",\"https:\/\/www.instagram.com\/v2c.charge\/\",\"https:\/\/www.youtube.com\/@V2C\",\"https:\/\/www.linkedin.com\/company\/v2c-chargers\/\"]}]}<\/script>\n<!-- \/ Yoast SEO plugin. -->","yoast_head_json":{"title":"Z\u00e1sady ochrany osobn\u00edch \u00fadaj\u016f V2C","robots":{"index":"noindex","follow":"follow"},"og_locale":"cs_CZ","og_type":"article","og_title":"Z\u00e1sady ochrany osobn\u00edch \u00fadaj\u016f V2C","og_description":"Z\u00e1sady ochrany osobn\u00edch \u00fadaj\u016f V2C Obecn\u00e9 informace V2C je spr\u00e1vcem osobn\u00edch \u00fadaj\u016f poskytnut\u00fdch u\u017eivateli. Tato Z\u00e1sady ochrany soukrom\u00ed se vztahuj\u00ed na Slu\u017ebu a na v\u0161echny subjekty \u00fadaj\u016f, kter\u00e9 maj\u00ed k n\u00ed p\u0159\u00edstup (U\u017eivatel\u00e9, Z\u00e1kazn\u00edci a U\u017eivatel\u00e9 nab\u00edjen\u00ed). Na z\u00e1klad\u011b svobodn\u00e9ho, konkr\u00e9tn\u00edho, informovan\u00e9ho a jasn\u00e9ho souhlasu p\u0159\u00edslu\u0161n\u00fdch subjekt\u016f \u00fadaj\u016f bude V2C zpracov\u00e1vat \u00fadaje na z\u00e1klad\u011b z\u00e1konn\u00e9ho, ... \u010c\u00edst d\u00e1l","og_url":"https:\/\/v2charge.com\/cs\/zasady-ochrany-osobnich-udaj-v2c\/","og_site_name":"V2C","article_publisher":"https:\/\/www.facebook.com\/V2C.Charge","article_modified_time":"2026-04-25T17:56:58+00:00","og_image":[{"width":1200,"height":675,"url":"https:\/\/v2charge.com\/wp-content\/uploads\/2024\/07\/v2c-electric-chargers.jpg","type":"image\/jpeg"}],"twitter_card":"summary_large_image","twitter_site":"@V2C_Charge","twitter_misc":{"Odhadovan\u00e1 doba \u010dten\u00ed":"12 minut"},"schema":{"@context":"https:\/\/schema.org","@graph":[{"@type":"WebPage","@id":"https:\/\/v2charge.com\/cs\/zasady-ochrany-osobnich-udaj-v2c\/","url":"https:\/\/v2charge.com\/cs\/zasady-ochrany-osobnich-udaj-v2c\/","name":"Z\u00e1sady ochrany osobn\u00edch \u00fadaj\u016f V2C","isPartOf":{"@id":"https:\/\/v2charge.com\/cs\/#website"},"primaryImageOfPage":{"@id":"https:\/\/v2charge.com\/cs\/zasady-ochrany-osobnich-udaj-v2c\/#primaryimage"},"image":{"@id":"https:\/\/v2charge.com\/cs\/zasady-ochrany-osobnich-udaj-v2c\/#primaryimage"},"thumbnailUrl":"https:\/\/v2charge.com\/wp-content\/uploads\/2024\/07\/v2c-electric-chargers.jpg","datePublished":"2021-03-02T09:00:19+00:00","dateModified":"2026-04-25T17:56:58+00:00","breadcrumb":{"@id":"https:\/\/v2charge.com\/cs\/zasady-ochrany-osobnich-udaj-v2c\/#breadcrumb"},"inLanguage":"cs","potentialAction":[{"@type":"ReadAction","target":["https:\/\/v2charge.com\/cs\/zasady-ochrany-osobnich-udaj-v2c\/"]}]},{"@type":"ImageObject","inLanguage":"cs","@id":"https:\/\/v2charge.com\/cs\/zasady-ochrany-osobnich-udaj-v2c\/#primaryimage","url":"https:\/\/v2charge.com\/wp-content\/uploads\/2024\/07\/v2c-electric-chargers.jpg","contentUrl":"https:\/\/v2charge.com\/wp-content\/uploads\/2024\/07\/v2c-electric-chargers.jpg","width":1200,"height":675,"caption":"V2C Electric Chargers"},{"@type":"BreadcrumbList","@id":"https:\/\/v2charge.com\/cs\/zasady-ochrany-osobnich-udaj-v2c\/#breadcrumb","itemListElement":[{"@type":"ListItem","position":1,"name":"V2C","item":"https:\/\/v2charge.com\/cs\/"},{"@type":"ListItem","position":2,"name":"Z\u00e1sady ochrany osobn\u00edch \u00fadaj\u016f V2C"}]},{"@type":"WebSite","@id":"https:\/\/v2charge.com\/cs\/#website","url":"https:\/\/v2charge.com\/cs\/","name":"V2C","description":"#CargandoElMa\u00f1ana","publisher":{"@id":"https:\/\/v2charge.com\/cs\/#organization"},"potentialAction":[{"@type":"SearchAction","target":{"@type":"EntryPoint","urlTemplate":"https:\/\/v2charge.com\/cs\/?s={search_term_string}"},"query-input":{"@type":"PropertyValueSpecification","valueRequired":true,"valueName":"search_term_string"}}],"inLanguage":"cs"},{"@type":"Organization","@id":"https:\/\/v2charge.com\/cs\/#organization","name":"V2C","url":"https:\/\/v2charge.com\/cs\/","logo":{"@type":"ImageObject","inLanguage":"cs","@id":"https:\/\/v2charge.com\/cs\/#\/schema\/logo\/image\/","url":"https:\/\/v2charge.com\/wp-content\/uploads\/2024\/11\/cropped-v2c-charge-logo-menu.png","contentUrl":"https:\/\/v2charge.com\/wp-content\/uploads\/2024\/11\/cropped-v2c-charge-logo-menu.png","width":984,"height":431,"caption":"V2C"},"image":{"@id":"https:\/\/v2charge.com\/cs\/#\/schema\/logo\/image\/"},"sameAs":["https:\/\/www.facebook.com\/V2C.Charge","https:\/\/x.com\/V2C_Charge","https:\/\/www.instagram.com\/v2c.charge\/","https:\/\/www.youtube.com\/@V2C","https:\/\/www.linkedin.com\/company\/v2c-chargers\/"]}]}},"uagb_featured_image_src":{"full":["https:\/\/v2charge.com\/wp-content\/uploads\/2024\/07\/v2c-electric-chargers.jpg",1200,675,false],"thumbnail":["https:\/\/v2charge.com\/wp-content\/uploads\/2024\/07\/v2c-electric-chargers-150x150.jpg",150,150,true],"medium":["https:\/\/v2charge.com\/wp-content\/uploads\/2024\/07\/v2c-electric-chargers-300x169.jpg",300,169,true],"medium_large":["https:\/\/v2charge.com\/wp-content\/uploads\/2024\/07\/v2c-electric-chargers-768x432.jpg",768,432,true],"large":["https:\/\/v2charge.com\/wp-content\/uploads\/2024\/07\/v2c-electric-chargers-1024x576.jpg",1024,576,true],"gs-tiny":["https:\/\/v2charge.com\/wp-content\/uploads\/2024\/07\/v2c-electric-chargers.jpg",50,28,false],"xl":["https:\/\/v2charge.com\/wp-content\/uploads\/2024\/07\/v2c-electric-chargers.jpg",1200,675,false],"xxl":["https:\/\/v2charge.com\/wp-content\/uploads\/2024\/07\/v2c-electric-chargers.jpg",1200,675,false],"xxxl":["https:\/\/v2charge.com\/wp-content\/uploads\/2024\/07\/v2c-electric-chargers.jpg",1200,675,false],"xxxxl":["https:\/\/v2charge.com\/wp-content\/uploads\/2024\/07\/v2c-electric-chargers.jpg",1200,675,false],"xxxxxl":["https:\/\/v2charge.com\/wp-content\/uploads\/2024\/07\/v2c-electric-chargers.jpg",1200,675,false],"1536x1536":["https:\/\/v2charge.com\/wp-content\/uploads\/2024\/07\/v2c-electric-chargers.jpg",1200,675,false],"2048x2048":["https:\/\/v2charge.com\/wp-content\/uploads\/2024\/07\/v2c-electric-chargers.jpg",1200,675,false]},"uagb_author_info":{"display_name":"V2C","author_link":"https:\/\/v2charge.com\/cs\/author\/root_k4eu7ki8\/"},"uagb_comment_info":0,"uagb_excerpt":"Z\u00e1sady ochrany osobn\u00edch \u00fadaj\u016f V2C Obecn\u00e9 informace V2C je spr\u00e1vcem osobn\u00edch \u00fadaj\u016f poskytnut\u00fdch u\u017eivateli. Tato Z\u00e1sady ochrany soukrom\u00ed se vztahuj\u00ed na Slu\u017ebu a na v\u0161echny subjekty \u00fadaj\u016f, kter\u00e9 maj\u00ed k n\u00ed p\u0159\u00edstup (U\u017eivatel\u00e9, Z\u00e1kazn\u00edci a U\u017eivatel\u00e9 nab\u00edjen\u00ed). Na z\u00e1klad\u011b svobodn\u00e9ho, konkr\u00e9tn\u00edho, informovan\u00e9ho a jasn\u00e9ho souhlasu p\u0159\u00edslu\u0161n\u00fdch subjekt\u016f \u00fadaj\u016f bude V2C zpracov\u00e1vat \u00fadaje na z\u00e1klad\u011b z\u00e1konn\u00e9ho,&hellip;","_links":{"self":[{"href":"https:\/\/v2charge.com\/cs\/wp-json\/wp\/v2\/pages\/318286","targetHints":{"allow":["GET"]}}],"collection":[{"href":"https:\/\/v2charge.com\/cs\/wp-json\/wp\/v2\/pages"}],"about":[{"href":"https:\/\/v2charge.com\/cs\/wp-json\/wp\/v2\/types\/page"}],"author":[{"embeddable":true,"href":"https:\/\/v2charge.com\/cs\/wp-json\/wp\/v2\/users\/1"}],"replies":[{"embeddable":true,"href":"https:\/\/v2charge.com\/cs\/wp-json\/wp\/v2\/comments?post=318286"}],"version-history":[{"count":0,"href":"https:\/\/v2charge.com\/cs\/wp-json\/wp\/v2\/pages\/318286\/revisions"}],"wp:featuredmedia":[{"embeddable":true,"href":"https:\/\/v2charge.com\/cs\/wp-json\/wp\/v2\/media\/170346"}],"wp:attachment":[{"href":"https:\/\/v2charge.com\/cs\/wp-json\/wp\/v2\/media?parent=318286"}],"curies":[{"name":"wp","href":"https:\/\/api.w.org\/{rel}","templated":true}]}}