{"id":318289,"date":"2016-04-24T09:19:28","date_gmt":"2016-04-24T09:19:28","guid":{"rendered":""},"modified":"2026-04-25T16:21:56","modified_gmt":"2026-04-25T16:21:56","slug":"blog-cs-1777116490","status":"publish","type":"page","link":"https:\/\/v2charge.com\/cs\/blog-cs-1777116490\/","title":{"rendered":"Blog"},"content":{"rendered":"\n<div class=\"wp-block-uagb-container uagb-block-eb0b35ac alignfull uagb-is-root-container\"><div class=\"uagb-container-inner-blocks-wrap\"><div class=\"wp-block-uagb-advanced-heading uagb-block-e99d8f56\"><h1 class=\"uagb-heading-text\">Blog V2C<\/h1><\/div>\n\n<p class=\"has-base-3-color has-text-color\">Objevte nejnov\u011bj\u0161\u00ed zpr\u00e1vy, informace a aktualizace o elektrick\u00e9 mobilit\u011b<\/p>\n\n\n<div class=\"wp-block-uagb-buttons uagb-buttons__outer-wrap uagb-btn__default-btn uagb-btn-tablet__default-btn uagb-btn-mobile__default-btn uagb-block-41d9f4e7\"><div class=\"uagb-buttons__wrap uagb-buttons-layout-wrap \"><div class=\"wp-block-uagb-buttons-child uagb-buttons__outer-wrap uagb-block-9770205c wp-block-button\"><div class=\"uagb-button__wrapper\"><a class=\"uagb-buttons-repeater wp-block-button__link\" aria-label=\"\" href=\"https:\/\/v2charge.com\/blog\/#newsletter\" rel=\"follow noopener\" target=\"_self\"><div class=\"uagb-button__link\">P\u0159ihlaste se k na\u0161emu zpravodaji<\/div><\/a><\/div><\/div><\/div><\/div>\n<\/div><\/div>\n\n\n\n<div class=\"wp-block-uagb-container uagb-block-84e0d6c8 alignfull uagb-is-root-container\"><div class=\"uagb-container-inner-blocks-wrap\">\n<div class=\"wp-block-uagb-container uagb-block-d8b39530\">\n<div class=\"wp-block-uagb-image uagb-block-a63e50f8 wp-block-uagb-image--layout-default wp-block-uagb-image--effect-static wp-block-uagb-image--align-none\"><figure class=\"wp-block-uagb-image__figure\"><a class=\"\" href=\"https:\/\/v2charge.com\/es\/blog\/\" target=\"\" rel=\"noopener\"><img decoding=\"async\" srcset=\"https:\/\/v2charge.com\/wp-content\/uploads\/2023\/08\/v2c-blog-logo.png \" sizes=\"auto, (max-width: 480px) 150px\" src=\"https:\/\/v2charge.com\/wp-content\/uploads\/2023\/08\/v2c-blog-logo.png\" alt=\"v2c blog\" class=\"uag-image-117734\" width=\"254\" height=\"59\" title=\"\" loading=\"lazy\" role=\"img\"\/><\/a><\/figure><\/div>\n<\/div>\n\n\n\n<div class=\"wp-block-uagb-container uagb-block-66ac65b5\"><div class=\"wp-block-uagb-advanced-heading uagb-block-1315a346\"><h2 class=\"uagb-heading-text\"><a href=\"https:\/\/v2charge.com\/electric-cars\/\">ELEKTRICK\u00c1 VOZIDLA<\/a><\/h2><\/div><\/div>\n\n\n\n<div class=\"wp-block-uagb-container uagb-block-13e76c01\"><div class=\"wp-block-uagb-advanced-heading uagb-block-0775f8a3\"><h2 class=\"uagb-heading-text\"><a href=\"https:\/\/v2charge.com\/e-mobility\/\">e-MOBILITA<\/a><\/h2><\/div><\/div>\n\n\n\n<div class=\"wp-block-uagb-container uagb-block-fb16c61c\"><div class=\"wp-block-uagb-advanced-heading uagb-block-ecbddfbb\"><h2 class=\"uagb-heading-text\"><a href=\"https:\/\/v2charge.com\/news-v2c\/\">V2C NOVINKY<\/a><\/h2><\/div><\/div>\n\n\n\n<div class=\"wp-block-uagb-container uagb-block-d661fe45\"><div class=\"wp-block-uagb-advanced-heading uagb-block-d4aea548\"><h2 class=\"uagb-heading-text\"><a href=\"https:\/\/v2charge.com\/sustainability\/\">Udr\u017eitelnost<\/a><\/h2><\/div><\/div>\n<\/div><\/div>\n\n\n\n<div class=\"wp-block-uagb-container uagb-block-4392eb21 alignfull uagb-is-root-container\"><div class=\"uagb-container-inner-blocks-wrap\"><div class=\"wp-block-uagb-advanced-heading uagb-block-8c77e4cf\"><h2 class=\"uagb-heading-text\">ZOBRAZIT NEJNOV\u011aJ\u0160\u00cd \u010cL\u00c1NKY<\/h2><\/div>\n\n\n<div class=\"wp-block-uagb-separator uagb-block-7a7d2503\"><div class=\"wp-block-uagb-separator__inner\" style=\"--my-background-image:\"><\/div><\/div>\n\n\n<form role=\"search\" method=\"get\" action=\"https:\/\/v2charge.com\/cs\/\" class=\"wp-block-search__button-outside wp-block-search__text-button aligncenter wp-block-search\"    ><label class=\"wp-block-search__label screen-reader-text\" for=\"wp-block-search__input-1\" >Hledat<\/label><div class=\"wp-block-search__inside-wrapper\"  style=\"width: 100%\"><input class=\"wp-block-search__input\" id=\"wp-block-search__input-1\" placeholder=\"\" value=\"\" type=\"search\" name=\"s\" required \/><button aria-label=\"Search\" class=\"wp-block-search__button has-text-color has-base-3-color has-background has-contrast-2-background-color wp-element-button\" type=\"submit\" >Search<\/button><\/div><\/form><\/div><\/div>\n\n\n\n<div class=\"wp-block-uagb-container uagb-block-f567dbf9 alignfull uagb-is-root-container\"><div class=\"uagb-container-inner-blocks-wrap\">\n\t\t\t<div class=\"wp-block-uagb-post-grid uagb-post-grid  uagb-post__image-position-top uagb-post__image-enabled uagb-block-4f60b8c1     uagb-post__items uagb-post__columns-2 is-grid uagb-post__columns-tablet-2 uagb-post__columns-mobile-1 uagb-post__equal-height\" data-total=\"10\" style=\"\">\n\n\t\t\t\t\t\t\t\t\t\t\t\t<article class=\"uagb-post__inner-wrap\">\t\t\t\t\t\t\t\t<div class='uagb-post__image'>\n\t\t\t\t\t\t\t\t\t<a href=\"https:\/\/v2charge.com\/cs\/wallbox-s-dynamickou-cenou-elekt-iny-jak-nabijet-elektromobil-levn\/\" target=\"_self\" rel=\"bookmark noopener noreferrer\" class='uagb-image-ratio-inherit'><img decoding=\"async\" width=\"1024\" height=\"573\" src=\"https:\/\/v2charge.com\/wp-content\/uploads\/2026\/04\/wallbox-stromtarif-dynamisch-1024x573.png\" class=\"attachment-large size-large\" alt=\"E-Auto g\u00fcnstig geladen\" srcset=\"https:\/\/v2charge.com\/wp-content\/uploads\/2026\/04\/wallbox-stromtarif-dynamisch-1024x573.png 1024w, https:\/\/v2charge.com\/wp-content\/uploads\/2026\/04\/wallbox-stromtarif-dynamisch-300x168.png 300w, https:\/\/v2charge.com\/wp-content\/uploads\/2026\/04\/wallbox-stromtarif-dynamisch-768x430.png 768w, https:\/\/v2charge.com\/wp-content\/uploads\/2026\/04\/wallbox-stromtarif-dynamisch-50x28.png 50w, https:\/\/v2charge.com\/wp-content\/uploads\/2026\/04\/wallbox-stromtarif-dynamisch-1600x895.png 1600w, https:\/\/v2charge.com\/wp-content\/uploads\/2026\/04\/wallbox-stromtarif-dynamisch-1536x859.png 1536w, https:\/\/v2charge.com\/wp-content\/uploads\/2026\/04\/wallbox-stromtarif-dynamisch.png 1677w\" sizes=\"(max-width: 1024px) 100vw, 1024px\" \/>\t\t\t\t\t<\/a>\n\t\t\t\t\t\t\t<\/div>\n\t\t\t\t\t\t<h4 class=\"uagb-post__title uagb-post__text\">\n\t\t\t\t<a href=\"https:\/\/v2charge.com\/cs\/wallbox-s-dynamickou-cenou-elekt-iny-jak-nabijet-elektromobil-levn\/\" target=\"_self\" rel=\"bookmark noopener noreferrer\">Wallbox s dynamickou cenou elekt\u0159iny: Jak nab\u00edjet elektromobil levn\u011b<\/a>\n\t\t\t<\/h4>\n\t\t\t\t\t\t<div class='uagb-post__text uagb-post-grid-byline'>\n\t\t\t\t\t\t\t\t<time datetime=\"2026-04-22T15:38:24+02:00\" class=\"uagb-post__date\">\n\t\t\t\t<span class=\"dashicons-calendar dashicons\"><\/span>\t\t\t\t\t22 dubna, 2026\t\t\t\t<\/time>\n\t\t\t\t\t\t\t<span class=\"uagb-post__comment\">\n\t\t\t\t<span class=\"dashicons-admin-comments dashicons\"><\/span>\t\t\t\t\t\u017d\u00e1dn\u00e9 koment\u00e1\u0159e\t\t\t\t<\/span>\n\t\t\t\t\t\t<\/div>\n\t\t\t\t\t\t\t<div class='uagb-post__text uagb-post__excerpt'>\n\t\t\t\t\t<p>Kdo jezd\u00ed na elektrick\u00e9 auto, zn\u00e1 ot\u00e1zku: Kdy je nejlep\u0161\u00ed \u010das na nab\u00edjen\u00ed a jak&#8230;\t\t\t\t<\/div>\n\t\t\t\t\t\t<div class=\"uagb-post__text uagb-post__cta wp-block-button\">\n\t\t\t\t<a class=\"wp-block-button__link uagb-text-link\" style=\"\" href=\"https:\/\/v2charge.com\/cs\/wallbox-s-dynamickou-cenou-elekt-iny-jak-nabijet-elektromobil-levn\/\" target=\"_self\" rel=\"bookmark noopener noreferrer\">Read more<\/a>\n\t\t\t<\/div>\n\t\t\t\n\t\t\t\t\t\t\t\t\t<\/article>\n\t\t\t\t\t\t\t\t\t\t\t\t\t\t\t\t<article class=\"uagb-post__inner-wrap\">\t\t\t\t\t\t\t\t<div class='uagb-post__image'>\n\t\t\t\t\t\t\t\t\t<a href=\"https:\/\/v2charge.com\/cs\/jak-v-kon-nabijeni-pot-ebuji-pro-sve-elektromobil\/\" target=\"_self\" rel=\"bookmark noopener noreferrer\" class='uagb-image-ratio-inherit'><img decoding=\"async\" width=\"1024\" height=\"576\" src=\"https:\/\/v2charge.com\/wp-content\/uploads\/2026\/04\/Trydan-11-kw-v2c-1024x576.jpg\" class=\"attachment-large size-large\" alt=\"Welche Ladeleistung braucht mein E-Auto?\" srcset=\"https:\/\/v2charge.com\/wp-content\/uploads\/2026\/04\/Trydan-11-kw-v2c-1024x576.jpg 1024w, https:\/\/v2charge.com\/wp-content\/uploads\/2026\/04\/Trydan-11-kw-v2c-300x169.jpg 300w, https:\/\/v2charge.com\/wp-content\/uploads\/2026\/04\/Trydan-11-kw-v2c-768x432.jpg 768w, https:\/\/v2charge.com\/wp-content\/uploads\/2026\/04\/Trydan-11-kw-v2c-50x28.jpg 50w, https:\/\/v2charge.com\/wp-content\/uploads\/2026\/04\/Trydan-11-kw-v2c-1600x900.jpg 1600w, https:\/\/v2charge.com\/wp-content\/uploads\/2026\/04\/Trydan-11-kw-v2c-1536x864.jpg 1536w, https:\/\/v2charge.com\/wp-content\/uploads\/2026\/04\/Trydan-11-kw-v2c.jpg 1920w\" sizes=\"(max-width: 1024px) 100vw, 1024px\" \/>\t\t\t\t\t<\/a>\n\t\t\t\t\t\t\t<\/div>\n\t\t\t\t\t\t<h4 class=\"uagb-post__title uagb-post__text\">\n\t\t\t\t<a href=\"https:\/\/v2charge.com\/cs\/jak-v-kon-nabijeni-pot-ebuji-pro-sve-elektromobil\/\" target=\"_self\" rel=\"bookmark noopener noreferrer\">Jak\u00fd v\u00fdkon nab\u00edjen\u00ed pot\u0159ebuji pro sv\u00e9 elektromobil?<\/a>\n\t\t\t<\/h4>\n\t\t\t\t\t\t<div class='uagb-post__text uagb-post-grid-byline'>\n\t\t\t\t\t\t\t\t<time datetime=\"2026-04-17T16:35:44+02:00\" class=\"uagb-post__date\">\n\t\t\t\t<span class=\"dashicons-calendar dashicons\"><\/span>\t\t\t\t\t17 dubna, 2026\t\t\t\t<\/time>\n\t\t\t\t\t\t\t<span class=\"uagb-post__comment\">\n\t\t\t\t<span class=\"dashicons-admin-comments dashicons\"><\/span>\t\t\t\t\t\u017d\u00e1dn\u00e9 koment\u00e1\u0159e\t\t\t\t<\/span>\n\t\t\t\t\t\t<\/div>\n\t\t\t\t\t\t\t<div class='uagb-post__text uagb-post__excerpt'>\n\t\t\t\t\t<p>Pro\u010d je v\u00fdkon nab\u00edjen\u00ed d\u016fle\u017eit\u011bj\u0161\u00ed ne\u017e cena wallboxu Mnoho \u0159idi\u010d\u016f elektromobil\u016f se p\u0159i n\u00e1kupu wallboxu&#8230;\t\t\t\t<\/div>\n\t\t\t\t\t\t<div class=\"uagb-post__text uagb-post__cta wp-block-button\">\n\t\t\t\t<a class=\"wp-block-button__link uagb-text-link\" style=\"\" href=\"https:\/\/v2charge.com\/cs\/jak-v-kon-nabijeni-pot-ebuji-pro-sve-elektromobil\/\" target=\"_self\" rel=\"bookmark noopener noreferrer\">Read more<\/a>\n\t\t\t<\/div>\n\t\t\t\n\t\t\t\t\t\t\t\t\t<\/article>\n\t\t\t\t\t\t\t\t\t\t\t\t\t\t\t\t<article class=\"uagb-post__inner-wrap\">\t\t\t\t\t\t\t\t<div class='uagb-post__image'>\n\t\t\t\t\t\t\t\t\t<a href=\"https:\/\/v2charge.com\/cs\/wallbox-podpora-pro-vicebytove-domy-2026-nabijeci-infrastruktura-ve-viceu-elovem-dom-a-2-000-euro-na-parkovaci-misto\/\" target=\"_self\" rel=\"bookmark noopener noreferrer\" class='uagb-image-ratio-inherit'><img decoding=\"async\" width=\"960\" height=\"560\" src=\"https:\/\/v2charge.com\/wp-content\/uploads\/2026\/04\/wallbox-foerderung-mehrfamilienhaus.jpg\" class=\"attachment-large size-large\" alt=\"Ab 15. April 2026 f\u00f6rdert der Bund Ladeinfrastruktur im Mehrparteienhaus mit bis zu 2.000 Euro pro Stellplatz.\" srcset=\"https:\/\/v2charge.com\/wp-content\/uploads\/2026\/04\/wallbox-foerderung-mehrfamilienhaus.jpg 960w, https:\/\/v2charge.com\/wp-content\/uploads\/2026\/04\/wallbox-foerderung-mehrfamilienhaus-300x175.jpg 300w, https:\/\/v2charge.com\/wp-content\/uploads\/2026\/04\/wallbox-foerderung-mehrfamilienhaus-768x448.jpg 768w, https:\/\/v2charge.com\/wp-content\/uploads\/2026\/04\/wallbox-foerderung-mehrfamilienhaus-50x29.jpg 50w\" sizes=\"(max-width: 960px) 100vw, 960px\" \/>\t\t\t\t\t<\/a>\n\t\t\t\t\t\t\t<\/div>\n\t\t\t\t\t\t<h4 class=\"uagb-post__title uagb-post__text\">\n\t\t\t\t<a href=\"https:\/\/v2charge.com\/cs\/wallbox-podpora-pro-vicebytove-domy-2026-nabijeci-infrastruktura-ve-viceu-elovem-dom-a-2-000-euro-na-parkovaci-misto\/\" target=\"_self\" rel=\"bookmark noopener noreferrer\">Wallbox podpora pro v\u00edcebytov\u00e9 domy 2026: Nab\u00edjec\u00ed infrastruktura ve v\u00edce\u00fa\u010delov\u00e9m dom\u011b a\u017e 2.000 Euro na parkovac\u00ed m\u00edsto<\/a>\n\t\t\t<\/h4>\n\t\t\t\t\t\t<div class='uagb-post__text uagb-post-grid-byline'>\n\t\t\t\t\t\t\t\t<time datetime=\"2026-04-02T16:03:05+02:00\" class=\"uagb-post__date\">\n\t\t\t\t<span class=\"dashicons-calendar dashicons\"><\/span>\t\t\t\t\t2 dubna, 2026\t\t\t\t<\/time>\n\t\t\t\t\t\t\t<span class=\"uagb-post__comment\">\n\t\t\t\t<span class=\"dashicons-admin-comments dashicons\"><\/span>\t\t\t\t\t\u017d\u00e1dn\u00e9 koment\u00e1\u0159e\t\t\t\t<\/span>\n\t\t\t\t\t\t<\/div>\n\t\t\t\t\t\t\t<div class='uagb-post__text uagb-post__excerpt'>\n\t\t\t\t\t<p>Kdo bydl\u00ed v bytov\u00e9m dom\u011b, pronaj\u00edm\u00e1 nebo spravuje bytov\u00e9 dru\u017estvo, m\u011bl dosud p\u0159i ot\u00e1zce nab\u00edjec\u00ed&#8230;\t\t\t\t<\/div>\n\t\t\t\t\t\t<div class=\"uagb-post__text uagb-post__cta wp-block-button\">\n\t\t\t\t<a class=\"wp-block-button__link uagb-text-link\" style=\"\" href=\"https:\/\/v2charge.com\/cs\/wallbox-podpora-pro-vicebytove-domy-2026-nabijeci-infrastruktura-ve-viceu-elovem-dom-a-2-000-euro-na-parkovaci-misto\/\" target=\"_self\" rel=\"bookmark noopener noreferrer\">Read more<\/a>\n\t\t\t<\/div>\n\t\t\t\n\t\t\t\t\t\t\t\t\t<\/article>\n\t\t\t\t\t\t\t\t\t\t\t\t\t\t\t\t<article class=\"uagb-post__inner-wrap\">\t\t\t\t\t\t\t\t<div class='uagb-post__image'>\n\t\t\t\t\t\t\t\t\t<a href=\"https:\/\/v2charge.com\/cs\/dienstwagen-wallbox-s-mid-m-i-em-2026-spravn-provest-vyu-tovani-s-zam-stnavatelem\/\" target=\"_self\" rel=\"bookmark noopener noreferrer\" class='uagb-image-ratio-inherit'><img decoding=\"async\" width=\"960\" height=\"560\" src=\"https:\/\/v2charge.com\/wp-content\/uploads\/2026\/03\/dienstwagen-wallbox-MID-zahler-2026-abrechnung-arbeitgeber.jpg\" class=\"attachment-large size-large\" alt=\"Welche Wallbox mit MID-Z\u00e4hler die neue kWh-genaue Abrechnung erf\u00fcllt, worin sich MID und Eichrecht unterscheiden und was bei der Auswahl zu beachten ist.\" srcset=\"https:\/\/v2charge.com\/wp-content\/uploads\/2026\/03\/dienstwagen-wallbox-MID-zahler-2026-abrechnung-arbeitgeber.jpg 960w, https:\/\/v2charge.com\/wp-content\/uploads\/2026\/03\/dienstwagen-wallbox-MID-zahler-2026-abrechnung-arbeitgeber-300x175.jpg 300w, https:\/\/v2charge.com\/wp-content\/uploads\/2026\/03\/dienstwagen-wallbox-MID-zahler-2026-abrechnung-arbeitgeber-768x448.jpg 768w, https:\/\/v2charge.com\/wp-content\/uploads\/2026\/03\/dienstwagen-wallbox-MID-zahler-2026-abrechnung-arbeitgeber-50x29.jpg 50w\" sizes=\"(max-width: 960px) 100vw, 960px\" \/>\t\t\t\t\t<\/a>\n\t\t\t\t\t\t\t<\/div>\n\t\t\t\t\t\t<h4 class=\"uagb-post__title uagb-post__text\">\n\t\t\t\t<a href=\"https:\/\/v2charge.com\/cs\/dienstwagen-wallbox-s-mid-m-i-em-2026-spravn-provest-vyu-tovani-s-zam-stnavatelem\/\" target=\"_self\" rel=\"bookmark noopener noreferrer\">Dienstwagen Wallbox s MID m\u011b\u0159i\u010dem 2026: Spr\u00e1vn\u011b prov\u00e9st vy\u00fa\u010dtov\u00e1n\u00ed s zam\u011bstnavatelem<\/a>\n\t\t\t<\/h4>\n\t\t\t\t\t\t<div class='uagb-post__text uagb-post-grid-byline'>\n\t\t\t\t\t\t\t\t<time datetime=\"2026-03-31T09:29:38+02:00\" class=\"uagb-post__date\">\n\t\t\t\t<span class=\"dashicons-calendar dashicons\"><\/span>\t\t\t\t\t31 b\u0159ezna, 2026\t\t\t\t<\/time>\n\t\t\t\t\t\t\t<span class=\"uagb-post__comment\">\n\t\t\t\t<span class=\"dashicons-admin-comments dashicons\"><\/span>\t\t\t\t\t\u017d\u00e1dn\u00e9 koment\u00e1\u0159e\t\t\t\t<\/span>\n\t\t\t\t\t\t<\/div>\n\t\t\t\t\t\t\t<div class='uagb-post__text uagb-post__excerpt'>\n\t\t\t\t\t<p>Kdo nab\u00edj\u00ed elektrick\u00e9 slu\u017eebn\u00ed vozidlo nebo plug-in hybrid doma, \u010del\u00ed od 1. ledna 2026 zm\u011bn\u011bn\u00fdm&#8230;\t\t\t\t<\/div>\n\t\t\t\t\t\t<div class=\"uagb-post__text uagb-post__cta wp-block-button\">\n\t\t\t\t<a class=\"wp-block-button__link uagb-text-link\" style=\"\" href=\"https:\/\/v2charge.com\/cs\/dienstwagen-wallbox-s-mid-m-i-em-2026-spravn-provest-vyu-tovani-s-zam-stnavatelem\/\" target=\"_self\" rel=\"bookmark noopener noreferrer\">Read more<\/a>\n\t\t\t<\/div>\n\t\t\t\n\t\t\t\t\t\t\t\t\t<\/article>\n\t\t\t\t\t\t\t\t\t\t\t\t\t\t\t\t<article class=\"uagb-post__inner-wrap\">\t\t\t\t\t\t\t\t<div class='uagb-post__image'>\n\t\t\t\t\t\t\t\t\t<a href=\"https:\/\/v2charge.com\/cs\/tesla-odstranila-rf-senzor-v-nabijecim-portu-model-3-a-y-standard-range-technicke-a-provozni-d-sledky\/\" target=\"_self\" rel=\"bookmark noopener noreferrer\" class='uagb-image-ratio-inherit'><img decoding=\"async\" width=\"1000\" height=\"1000\" src=\"https:\/\/v2charge.com\/wp-content\/uploads\/2025\/08\/wire-tesla-v2c-trydan-unlock-button.jpg\" class=\"attachment-large size-large\" alt=\"\" srcset=\"https:\/\/v2charge.com\/wp-content\/uploads\/2025\/08\/wire-tesla-v2c-trydan-unlock-button.jpg 1000w, https:\/\/v2charge.com\/wp-content\/uploads\/2025\/08\/wire-tesla-v2c-trydan-unlock-button-300x300.jpg 300w, https:\/\/v2charge.com\/wp-content\/uploads\/2025\/08\/wire-tesla-v2c-trydan-unlock-button-150x150.jpg 150w, https:\/\/v2charge.com\/wp-content\/uploads\/2025\/08\/wire-tesla-v2c-trydan-unlock-button-768x768.jpg 768w, https:\/\/v2charge.com\/wp-content\/uploads\/2025\/08\/wire-tesla-v2c-trydan-unlock-button-50x50.jpg 50w\" sizes=\"(max-width: 1000px) 100vw, 1000px\" \/>\t\t\t\t\t<\/a>\n\t\t\t\t\t\t\t<\/div>\n\t\t\t\t\t\t<h4 class=\"uagb-post__title uagb-post__text\">\n\t\t\t\t<a href=\"https:\/\/v2charge.com\/cs\/tesla-odstranila-rf-senzor-v-nabijecim-portu-model-3-a-y-standard-range-technicke-a-provozni-d-sledky\/\" target=\"_self\" rel=\"bookmark noopener noreferrer\">Tesla odstranila RF senzor v nab\u00edjec\u00edm portu Modelu 3 a Modelu Y Standard Range: technick\u00e9 a provozn\u00ed d\u016fsledky<\/a>\n\t\t\t<\/h4>\n\t\t\t\t\t\t<div class='uagb-post__text uagb-post-grid-byline'>\n\t\t\t\t\t\t\t\t<time datetime=\"2026-03-30T09:09:00+02:00\" class=\"uagb-post__date\">\n\t\t\t\t<span class=\"dashicons-calendar dashicons\"><\/span>\t\t\t\t\t30 b\u0159ezna, 2026\t\t\t\t<\/time>\n\t\t\t\t\t\t\t<span class=\"uagb-post__comment\">\n\t\t\t\t<span class=\"dashicons-admin-comments dashicons\"><\/span>\t\t\t\t\t\u017d\u00e1dn\u00e9 koment\u00e1\u0159e\t\t\t\t<\/span>\n\t\t\t\t\t\t<\/div>\n\t\t\t\t\t\t\t<div class='uagb-post__text uagb-post__excerpt'>\n\t\t\t\t\t<p>V posledn\u00edch letech Tesla sledovala jasnou strategii zjednodu\u0161en\u00ed hardwaru ve sv\u00fdch elektrick\u00fdch vozidlech, \u010d\u00edm d\u00e1l&#8230;\t\t\t\t<\/div>\n\t\t\t\t\t\t<div class=\"uagb-post__text uagb-post__cta wp-block-button\">\n\t\t\t\t<a class=\"wp-block-button__link uagb-text-link\" style=\"\" href=\"https:\/\/v2charge.com\/cs\/tesla-odstranila-rf-senzor-v-nabijecim-portu-model-3-a-y-standard-range-technicke-a-provozni-d-sledky\/\" target=\"_self\" rel=\"bookmark noopener noreferrer\">Read more<\/a>\n\t\t\t<\/div>\n\t\t\t\n\t\t\t\t\t\t\t\t\t<\/article>\n\t\t\t\t\t\t\t\t\t\t\t\t\t\t\t\t<article class=\"uagb-post__inner-wrap\">\t\t\t\t\t\t\t\t<div class='uagb-post__image'>\n\t\t\t\t\t\t\t\t\t<a href=\"https:\/\/v2charge.com\/cs\/dynamicke-izeni-zat-e-pro-wallbox-co-to-je-a-pro-je-to-d-le-ite\/\" target=\"_self\" rel=\"bookmark noopener noreferrer\" class='uagb-image-ratio-inherit'><img decoding=\"async\" width=\"960\" height=\"560\" src=\"https:\/\/v2charge.com\/wp-content\/uploads\/2026\/03\/dynamisches-lastmanagement-wallbox.jpg\" class=\"attachment-large size-large\" alt=\"Was ist das dynamische Lastmanagement einer Wallbox?\" srcset=\"https:\/\/v2charge.com\/wp-content\/uploads\/2026\/03\/dynamisches-lastmanagement-wallbox.jpg 960w, https:\/\/v2charge.com\/wp-content\/uploads\/2026\/03\/dynamisches-lastmanagement-wallbox-300x175.jpg 300w, https:\/\/v2charge.com\/wp-content\/uploads\/2026\/03\/dynamisches-lastmanagement-wallbox-768x448.jpg 768w, https:\/\/v2charge.com\/wp-content\/uploads\/2026\/03\/dynamisches-lastmanagement-wallbox-50x29.jpg 50w\" sizes=\"(max-width: 960px) 100vw, 960px\" \/>\t\t\t\t\t<\/a>\n\t\t\t\t\t\t\t<\/div>\n\t\t\t\t\t\t<h4 class=\"uagb-post__title uagb-post__text\">\n\t\t\t\t<a href=\"https:\/\/v2charge.com\/cs\/dynamicke-izeni-zat-e-pro-wallbox-co-to-je-a-pro-je-to-d-le-ite\/\" target=\"_self\" rel=\"bookmark noopener noreferrer\">Dynamick\u00e9 \u0159\u00edzen\u00ed z\u00e1t\u011b\u017ee pro wallbox: Co to je a pro\u010d je to d\u016fle\u017eit\u00e9<\/a>\n\t\t\t<\/h4>\n\t\t\t\t\t\t<div class='uagb-post__text uagb-post-grid-byline'>\n\t\t\t\t\t\t\t\t<time datetime=\"2026-03-27T13:32:36+02:00\" class=\"uagb-post__date\">\n\t\t\t\t<span class=\"dashicons-calendar dashicons\"><\/span>\t\t\t\t\t27 b\u0159ezna, 2026\t\t\t\t<\/time>\n\t\t\t\t\t\t\t<span class=\"uagb-post__comment\">\n\t\t\t\t<span class=\"dashicons-admin-comments dashicons\"><\/span>\t\t\t\t\t\u017d\u00e1dn\u00e9 koment\u00e1\u0159e\t\t\t\t<\/span>\n\t\t\t\t\t\t<\/div>\n\t\t\t\t\t\t\t<div class='uagb-post__text uagb-post__excerpt'>\n\t\t\t\t\t<p>Typick\u00fd ve\u010der: Elektroauto je p\u0159ipojeno k wallboxu, tepeln\u00e9 \u010derpadlo vyt\u00e1p\u00ed d\u016fm, pra\u010dka b\u011b\u017e\u00ed. To, co&#8230;\t\t\t\t<\/div>\n\t\t\t\t\t\t<div class=\"uagb-post__text uagb-post__cta wp-block-button\">\n\t\t\t\t<a class=\"wp-block-button__link uagb-text-link\" style=\"\" href=\"https:\/\/v2charge.com\/cs\/dynamicke-izeni-zat-e-pro-wallbox-co-to-je-a-pro-je-to-d-le-ite\/\" target=\"_self\" rel=\"bookmark noopener noreferrer\">Read more<\/a>\n\t\t\t<\/div>\n\t\t\t\n\t\t\t\t\t\t\t\t\t<\/article>\n\t\t\t\t\t\t\t\t\t\t\t\t\t\t\t\t<article class=\"uagb-post__inner-wrap\">\t\t\t\t\t\t\t\t<div class='uagb-post__image'>\n\t\t\t\t\t\t\t\t\t<a href=\"https:\/\/v2charge.com\/cs\/p-ipojeni-wallboxu-k-pv-systemu-jak-funguje-inteligentni-nabijeni-se-solarni-energii\/\" target=\"_self\" rel=\"bookmark noopener noreferrer\" class='uagb-image-ratio-inherit'><img decoding=\"async\" width=\"960\" height=\"560\" src=\"https:\/\/v2charge.com\/wp-content\/uploads\/2026\/03\/wallbox-pv-anlagen-1.jpg\" class=\"attachment-large size-large\" alt=\"Wallbox mit PV-Anlagen verbinden.\" srcset=\"https:\/\/v2charge.com\/wp-content\/uploads\/2026\/03\/wallbox-pv-anlagen-1.jpg 960w, https:\/\/v2charge.com\/wp-content\/uploads\/2026\/03\/wallbox-pv-anlagen-1-300x175.jpg 300w, https:\/\/v2charge.com\/wp-content\/uploads\/2026\/03\/wallbox-pv-anlagen-1-768x448.jpg 768w, https:\/\/v2charge.com\/wp-content\/uploads\/2026\/03\/wallbox-pv-anlagen-1-50x29.jpg 50w\" sizes=\"(max-width: 960px) 100vw, 960px\" \/>\t\t\t\t\t<\/a>\n\t\t\t\t\t\t\t<\/div>\n\t\t\t\t\t\t<h4 class=\"uagb-post__title uagb-post__text\">\n\t\t\t\t<a href=\"https:\/\/v2charge.com\/cs\/p-ipojeni-wallboxu-k-pv-systemu-jak-funguje-inteligentni-nabijeni-se-solarni-energii\/\" target=\"_self\" rel=\"bookmark noopener noreferrer\">P\u0159ipojen\u00ed wallboxu k PV syst\u00e9mu: Jak funguje inteligentn\u00ed nab\u00edjen\u00ed se sol\u00e1rn\u00ed energi\u00ed<\/a>\n\t\t\t<\/h4>\n\t\t\t\t\t\t<div class='uagb-post__text uagb-post-grid-byline'>\n\t\t\t\t\t\t\t\t<time datetime=\"2026-03-25T13:27:09+02:00\" class=\"uagb-post__date\">\n\t\t\t\t<span class=\"dashicons-calendar dashicons\"><\/span>\t\t\t\t\t25 b\u0159ezna, 2026\t\t\t\t<\/time>\n\t\t\t\t\t\t\t<span class=\"uagb-post__comment\">\n\t\t\t\t<span class=\"dashicons-admin-comments dashicons\"><\/span>\t\t\t\t\t\u017d\u00e1dn\u00e9 koment\u00e1\u0159e\t\t\t\t<\/span>\n\t\t\t\t\t\t<\/div>\n\t\t\t\t\t\t\t<div class='uagb-post__text uagb-post__excerpt'>\n\t\t\t\t\t<p>Kdo jezd\u00ed na elektrick\u00e9m aut\u011b a z\u00e1rove\u0148 m\u00e1 na st\u0159e\u0161e fotovoltaickou elektr\u00e1rnu, m\u016f\u017ee auto teoreticky&#8230;\t\t\t\t<\/div>\n\t\t\t\t\t\t<div class=\"uagb-post__text uagb-post__cta wp-block-button\">\n\t\t\t\t<a class=\"wp-block-button__link uagb-text-link\" style=\"\" href=\"https:\/\/v2charge.com\/cs\/p-ipojeni-wallboxu-k-pv-systemu-jak-funguje-inteligentni-nabijeni-se-solarni-energii\/\" target=\"_self\" rel=\"bookmark noopener noreferrer\">Read more<\/a>\n\t\t\t<\/div>\n\t\t\t\n\t\t\t\t\t\t\t\t\t<\/article>\n\t\t\t\t\t\t\t\t\t\t\t\t\t\t\t\t<article class=\"uagb-post__inner-wrap\">\t\t\t\t\t\t\t\t<div class='uagb-post__image'>\n\t\t\t\t\t\t\t\t\t<a href=\"https:\/\/v2charge.com\/cs\/elektromobily-nabijeni-2026-d-le-ite-zm-ny-pro-e-mobilitu\/\" target=\"_self\" rel=\"bookmark noopener noreferrer\" class='uagb-image-ratio-inherit'><img decoding=\"async\" width=\"960\" height=\"560\" src=\"https:\/\/v2charge.com\/wp-content\/uploads\/2026\/03\/elektromobilitat-2026-regelungen-1.jpg\" class=\"attachment-large size-large\" alt=\"E-Mobilit\u00e4t 2026 neue Regelungen\" srcset=\"https:\/\/v2charge.com\/wp-content\/uploads\/2026\/03\/elektromobilitat-2026-regelungen-1.jpg 960w, https:\/\/v2charge.com\/wp-content\/uploads\/2026\/03\/elektromobilitat-2026-regelungen-1-300x175.jpg 300w, https:\/\/v2charge.com\/wp-content\/uploads\/2026\/03\/elektromobilitat-2026-regelungen-1-768x448.jpg 768w, https:\/\/v2charge.com\/wp-content\/uploads\/2026\/03\/elektromobilitat-2026-regelungen-1-50x29.jpg 50w\" sizes=\"(max-width: 960px) 100vw, 960px\" \/>\t\t\t\t\t<\/a>\n\t\t\t\t\t\t\t<\/div>\n\t\t\t\t\t\t<h4 class=\"uagb-post__title uagb-post__text\">\n\t\t\t\t<a href=\"https:\/\/v2charge.com\/cs\/elektromobily-nabijeni-2026-d-le-ite-zm-ny-pro-e-mobilitu\/\" target=\"_self\" rel=\"bookmark noopener noreferrer\">Elektromobily nab\u00edjen\u00ed 2026: D\u016fle\u017eit\u00e9 zm\u011bny pro e-mobilitu<\/a>\n\t\t\t<\/h4>\n\t\t\t\t\t\t<div class='uagb-post__text uagb-post-grid-byline'>\n\t\t\t\t\t\t\t\t<time datetime=\"2026-03-17T15:50:39+02:00\" class=\"uagb-post__date\">\n\t\t\t\t<span class=\"dashicons-calendar dashicons\"><\/span>\t\t\t\t\t17 b\u0159ezna, 2026\t\t\t\t<\/time>\n\t\t\t\t\t\t\t<span class=\"uagb-post__comment\">\n\t\t\t\t<span class=\"dashicons-admin-comments dashicons\"><\/span>\t\t\t\t\t\u017d\u00e1dn\u00e9 koment\u00e1\u0159e\t\t\t\t<\/span>\n\t\t\t\t\t\t<\/div>\n\t\t\t\t\t\t\t<div class='uagb-post__text uagb-post__excerpt'>\n\t\t\t\t\t<p>Rok 2026 se stane kl\u00ed\u010dov\u00fdm rokem pro elektromobilitu v N\u011bmecku. Nov\u00e9 p\u0159edpisy pro ve\u0159ejn\u00e9 nab\u00edjec\u00ed&#8230;\t\t\t\t<\/div>\n\t\t\t\t\t\t<div class=\"uagb-post__text uagb-post__cta wp-block-button\">\n\t\t\t\t<a class=\"wp-block-button__link uagb-text-link\" style=\"\" href=\"https:\/\/v2charge.com\/cs\/elektromobily-nabijeni-2026-d-le-ite-zm-ny-pro-e-mobilitu\/\" target=\"_self\" rel=\"bookmark noopener noreferrer\">Read more<\/a>\n\t\t\t<\/div>\n\t\t\t\n\t\t\t\t\t\t\t\t\t<\/article>\n\t\t\t\t\t\t\t\t\t\t\t\t\t\t\t\t<article class=\"uagb-post__inner-wrap\">\t\t\t\t\t\t\t\t<div class='uagb-post__image'>\n\t\t\t\t\t\t\t\t\t<a href=\"https:\/\/v2charge.com\/cs\/leapmotor-t03-m-stske-elektricke-auto-ktere-p-edefinuje-inteligentni-kompaktnost\/\" target=\"_self\" rel=\"bookmark noopener noreferrer\" class='uagb-image-ratio-inherit'><img decoding=\"async\" width=\"960\" height=\"560\" src=\"https:\/\/v2charge.com\/wp-content\/uploads\/2026\/03\/leapmotor-t03-price-electric-car.jpg\" class=\"attachment-large size-large\" alt=\"Leapmotor T03: el coche el\u00e9ctrico urbano que redefine la compacidad inteligente\" srcset=\"https:\/\/v2charge.com\/wp-content\/uploads\/2026\/03\/leapmotor-t03-price-electric-car.jpg 960w, https:\/\/v2charge.com\/wp-content\/uploads\/2026\/03\/leapmotor-t03-price-electric-car-300x175.jpg 300w, https:\/\/v2charge.com\/wp-content\/uploads\/2026\/03\/leapmotor-t03-price-electric-car-768x448.jpg 768w, https:\/\/v2charge.com\/wp-content\/uploads\/2026\/03\/leapmotor-t03-price-electric-car-50x29.jpg 50w\" sizes=\"(max-width: 960px) 100vw, 960px\" \/>\t\t\t\t\t<\/a>\n\t\t\t\t\t\t\t<\/div>\n\t\t\t\t\t\t<h4 class=\"uagb-post__title uagb-post__text\">\n\t\t\t\t<a href=\"https:\/\/v2charge.com\/cs\/leapmotor-t03-m-stske-elektricke-auto-ktere-p-edefinuje-inteligentni-kompaktnost\/\" target=\"_self\" rel=\"bookmark noopener noreferrer\">Leapmotor T03: m\u011bstsk\u00e9 elektrick\u00e9 auto, kter\u00e9 p\u0159edefinuje inteligentn\u00ed kompaktnost<\/a>\n\t\t\t<\/h4>\n\t\t\t\t\t\t<div class='uagb-post__text uagb-post-grid-byline'>\n\t\t\t\t\t\t\t\t<time datetime=\"2026-03-16T14:14:31+02:00\" class=\"uagb-post__date\">\n\t\t\t\t<span class=\"dashicons-calendar dashicons\"><\/span>\t\t\t\t\t16 b\u0159ezna, 2026\t\t\t\t<\/time>\n\t\t\t\t\t\t\t<span class=\"uagb-post__comment\">\n\t\t\t\t<span class=\"dashicons-admin-comments dashicons\"><\/span>\t\t\t\t\t\u017d\u00e1dn\u00e9 koment\u00e1\u0159e\t\t\t\t<\/span>\n\t\t\t\t\t\t<\/div>\n\t\t\t\t\t\t\t<div class='uagb-post__text uagb-post__excerpt'>\n\t\t\t\t\t<p>Trh elektrick\u00fdch vozidel ve m\u011bstech ve \u0160pan\u011blsku vzrostl v roce 2024 o 38 % a&#8230;\t\t\t\t<\/div>\n\t\t\t\t\t\t<div class=\"uagb-post__text uagb-post__cta wp-block-button\">\n\t\t\t\t<a class=\"wp-block-button__link uagb-text-link\" style=\"\" href=\"https:\/\/v2charge.com\/cs\/leapmotor-t03-m-stske-elektricke-auto-ktere-p-edefinuje-inteligentni-kompaktnost\/\" target=\"_self\" rel=\"bookmark noopener noreferrer\">Read more<\/a>\n\t\t\t<\/div>\n\t\t\t\n\t\t\t\t\t\t\t\t\t<\/article>\n\t\t\t\t\t\t\t\t\t\t\t\t\t\t\t\t<article class=\"uagb-post__inner-wrap\">\t\t\t\t\t\t\t\t<div class='uagb-post__image'>\n\t\t\t\t\t\t\t\t\t<a href=\"https:\/\/v2charge.com\/cs\/e-auto-podpora-2026-nove-dotace-na-elektromobily-a-wallboxy-v-p-ehledu\/\" target=\"_self\" rel=\"bookmark noopener noreferrer\" class='uagb-image-ratio-inherit'><img decoding=\"async\" width=\"960\" height=\"560\" src=\"https:\/\/v2charge.com\/wp-content\/uploads\/2026\/03\/e-auto-foerderung-2026.jpg\" class=\"attachment-large size-large\" alt=\"E-Auto F\u00f6rderung 2026: \u00dcberblick \u00fcber staatliche Zusch\u00fcsse f\u00fcr Elektroautos\" srcset=\"https:\/\/v2charge.com\/wp-content\/uploads\/2026\/03\/e-auto-foerderung-2026.jpg 960w, https:\/\/v2charge.com\/wp-content\/uploads\/2026\/03\/e-auto-foerderung-2026-300x175.jpg 300w, https:\/\/v2charge.com\/wp-content\/uploads\/2026\/03\/e-auto-foerderung-2026-768x448.jpg 768w, https:\/\/v2charge.com\/wp-content\/uploads\/2026\/03\/e-auto-foerderung-2026-50x29.jpg 50w\" sizes=\"(max-width: 960px) 100vw, 960px\" \/>\t\t\t\t\t<\/a>\n\t\t\t\t\t\t\t<\/div>\n\t\t\t\t\t\t<h4 class=\"uagb-post__title uagb-post__text\">\n\t\t\t\t<a href=\"https:\/\/v2charge.com\/cs\/e-auto-podpora-2026-nove-dotace-na-elektromobily-a-wallboxy-v-p-ehledu\/\" target=\"_self\" rel=\"bookmark noopener noreferrer\">E Auto podpora 2026: Nov\u00e9 dotace na elektromobily a wallboxy v p\u0159ehledu<\/a>\n\t\t\t<\/h4>\n\t\t\t\t\t\t<div class='uagb-post__text uagb-post-grid-byline'>\n\t\t\t\t\t\t\t\t<time datetime=\"2026-03-13T13:08:33+02:00\" class=\"uagb-post__date\">\n\t\t\t\t<span class=\"dashicons-calendar dashicons\"><\/span>\t\t\t\t\t13 b\u0159ezna, 2026\t\t\t\t<\/time>\n\t\t\t\t\t\t\t<span class=\"uagb-post__comment\">\n\t\t\t\t<span class=\"dashicons-admin-comments dashicons\"><\/span>\t\t\t\t\t\u017d\u00e1dn\u00e9 koment\u00e1\u0159e\t\t\t\t<\/span>\n\t\t\t\t\t\t<\/div>\n\t\t\t\t\t\t\t<div class='uagb-post__text uagb-post__excerpt'>\n\t\t\t\t\t<p>N\u011bmeck\u00e1 vl\u00e1da vrac\u00ed v roce 2026 novou, soci\u00e1ln\u011b odstup\u0148ovanou podporu pro elektrick\u00e1 vozidla, s dotacemi&#8230;\t\t\t\t<\/div>\n\t\t\t\t\t\t<div class=\"uagb-post__text uagb-post__cta wp-block-button\">\n\t\t\t\t<a class=\"wp-block-button__link uagb-text-link\" style=\"\" href=\"https:\/\/v2charge.com\/cs\/e-auto-podpora-2026-nove-dotace-na-elektromobily-a-wallboxy-v-p-ehledu\/\" target=\"_self\" rel=\"bookmark noopener noreferrer\">Read more<\/a>\n\t\t\t<\/div>\n\t\t\t\n\t\t\t\t\t\t\t\t\t<\/article>\n\t\t\t\t\t\t\t\t\t\t\t\t\t\t\t\t<article class=\"uagb-post__inner-wrap\">\t\t\t\t\t\t\t\t<div class='uagb-post__image'>\n\t\t\t\t\t\t\t\t\t<a href=\"https:\/\/v2charge.com\/cs\/evoluce-nabijeni-na-key-energy-2026-kde-se-software-setkava-s-vynikajicim-designem\/\" target=\"_self\" rel=\"bookmark noopener noreferrer\" class='uagb-image-ratio-inherit'><img decoding=\"async\" width=\"960\" height=\"560\" src=\"https:\/\/v2charge.com\/wp-content\/uploads\/2026\/03\/mobilita-sostenibile-rimini-fiera-key-energy-2026.jpg\" class=\"attachment-large size-large\" alt=\"\" srcset=\"https:\/\/v2charge.com\/wp-content\/uploads\/2026\/03\/mobilita-sostenibile-rimini-fiera-key-energy-2026.jpg 960w, https:\/\/v2charge.com\/wp-content\/uploads\/2026\/03\/mobilita-sostenibile-rimini-fiera-key-energy-2026-300x175.jpg 300w, https:\/\/v2charge.com\/wp-content\/uploads\/2026\/03\/mobilita-sostenibile-rimini-fiera-key-energy-2026-768x448.jpg 768w, https:\/\/v2charge.com\/wp-content\/uploads\/2026\/03\/mobilita-sostenibile-rimini-fiera-key-energy-2026-50x29.jpg 50w\" sizes=\"(max-width: 960px) 100vw, 960px\" \/>\t\t\t\t\t<\/a>\n\t\t\t\t\t\t\t<\/div>\n\t\t\t\t\t\t<h4 class=\"uagb-post__title uagb-post__text\">\n\t\t\t\t<a href=\"https:\/\/v2charge.com\/cs\/evoluce-nabijeni-na-key-energy-2026-kde-se-software-setkava-s-vynikajicim-designem\/\" target=\"_self\" rel=\"bookmark noopener noreferrer\">Evoluce nab\u00edjen\u00ed na KEY Energy 2026: kde se software setk\u00e1v\u00e1 s vynikaj\u00edc\u00edm designem<\/a>\n\t\t\t<\/h4>\n\t\t\t\t\t\t<div class='uagb-post__text uagb-post-grid-byline'>\n\t\t\t\t\t\t\t\t<time datetime=\"2026-03-10T09:28:08+02:00\" class=\"uagb-post__date\">\n\t\t\t\t<span class=\"dashicons-calendar dashicons\"><\/span>\t\t\t\t\t10 b\u0159ezna, 2026\t\t\t\t<\/time>\n\t\t\t\t\t\t\t<span class=\"uagb-post__comment\">\n\t\t\t\t<span class=\"dashicons-admin-comments dashicons\"><\/span>\t\t\t\t\t\u017d\u00e1dn\u00e9 koment\u00e1\u0159e\t\t\t\t<\/span>\n\t\t\t\t\t\t<\/div>\n\t\t\t\t\t\t\t<div class='uagb-post__text uagb-post__excerpt'>\n\t\t\t\t\t<p>Odv\u011btv\u00ed elektrick\u00e9 mobility p\u0159ekonalo f\u00e1zi &#8222;pouh\u00e9 u\u017eite\u010dnosti&#8220;. Dnes u\u017e nab\u00edjen\u00ed auta nen\u00ed jen ot\u00e1zkou kabel\u016f&#8230;\t\t\t\t<\/div>\n\t\t\t\t\t\t<div class=\"uagb-post__text uagb-post__cta wp-block-button\">\n\t\t\t\t<a class=\"wp-block-button__link uagb-text-link\" style=\"\" href=\"https:\/\/v2charge.com\/cs\/evoluce-nabijeni-na-key-energy-2026-kde-se-software-setkava-s-vynikajicim-designem\/\" target=\"_self\" rel=\"bookmark noopener noreferrer\">Read more<\/a>\n\t\t\t<\/div>\n\t\t\t\n\t\t\t\t\t\t\t\t\t<\/article>\n\t\t\t\t\t\t\t\t\t\t\t\t\t\t\t\t<article class=\"uagb-post__inner-wrap\">\t\t\t\t\t\t\t\t<h4 class=\"uagb-post__title uagb-post__text\">\n\t\t\t\t<a href=\"https:\/\/v2charge.com\/cs\/mobi-e-postup-uvedeni-nabije-ek-v2c-do-provozu-v-siti-mobi-e\/\" target=\"_self\" rel=\"bookmark noopener noreferrer\">MOBI.E &#8211; Postup uveden\u00ed nab\u00edje\u010dek V2C do provozu v s\u00edti MOBI.E<\/a>\n\t\t\t<\/h4>\n\t\t\t\t\t\t<div class='uagb-post__text uagb-post-grid-byline'>\n\t\t\t\t\t\t\t\t<time datetime=\"2026-03-07T09:41:17+02:00\" class=\"uagb-post__date\">\n\t\t\t\t<span class=\"dashicons-calendar dashicons\"><\/span>\t\t\t\t\t7 b\u0159ezna, 2026\t\t\t\t<\/time>\n\t\t\t\t\t\t\t<span class=\"uagb-post__comment\">\n\t\t\t\t<span class=\"dashicons-admin-comments dashicons\"><\/span>\t\t\t\t\t\u017d\u00e1dn\u00e9 koment\u00e1\u0159e\t\t\t\t<\/span>\n\t\t\t\t\t\t<\/div>\n\t\t\t\t\t\t\t<div class='uagb-post__text uagb-post__excerpt'>\n\t\t\t\t\t<p>Tento dokument m\u00e1 za c\u00edl jasn\u011b a strukturovan\u011b p\u0159edstavit postupuv\u00e1d\u011bn\u00ed do provozu nab\u00edje\u010dek V2C pro&#8230;\t\t\t\t<\/div>\n\t\t\t\t\t\t<div class=\"uagb-post__text uagb-post__cta wp-block-button\">\n\t\t\t\t<a class=\"wp-block-button__link uagb-text-link\" style=\"\" href=\"https:\/\/v2charge.com\/cs\/mobi-e-postup-uvedeni-nabije-ek-v2c-do-provozu-v-siti-mobi-e\/\" target=\"_self\" rel=\"bookmark noopener noreferrer\">Read more<\/a>\n\t\t\t<\/div>\n\t\t\t\n\t\t\t\t\t\t\t\t\t<\/article>\n\t\t\t\t\t\t\t\t\t\t\t\t\t\t\t\t<article class=\"uagb-post__inner-wrap\">\t\t\t\t\t\t\t\t<div class='uagb-post__image'>\n\t\t\t\t\t\t\t\t\t<a href=\"https:\/\/v2charge.com\/cs\/iso-15118-standard-plug-charge-protocol-for-ev-chargers\/\" target=\"_self\" rel=\"bookmark noopener noreferrer\" class='uagb-image-ratio-inherit'><img decoding=\"async\" width=\"960\" height=\"560\" src=\"https:\/\/v2charge.com\/wp-content\/uploads\/2024\/08\/iso-15118-norma-cargador-coche-electrico.jpg\" class=\"attachment-large size-large\" alt=\"Norma ISO 15118 Cargador coche el\u00e9ctrico\" srcset=\"https:\/\/v2charge.com\/wp-content\/uploads\/2024\/08\/iso-15118-norma-cargador-coche-electrico.jpg 960w, https:\/\/v2charge.com\/wp-content\/uploads\/2024\/08\/iso-15118-norma-cargador-coche-electrico-300x175.jpg 300w, https:\/\/v2charge.com\/wp-content\/uploads\/2024\/08\/iso-15118-norma-cargador-coche-electrico-768x448.jpg 768w\" sizes=\"(max-width: 960px) 100vw, 960px\" \/>\t\t\t\t\t<\/a>\n\t\t\t\t\t\t\t<\/div>\n\t\t\t\t\t\t<h4 class=\"uagb-post__title uagb-post__text\">\n\t\t\t\t<a href=\"https:\/\/v2charge.com\/cs\/iso-15118-standard-plug-charge-protocol-for-ev-chargers\/\" target=\"_self\" rel=\"bookmark noopener noreferrer\">ISO 15118 Norma pro nab\u00edje\u010dky elektrick\u00fdch vozidel<\/a>\n\t\t\t<\/h4>\n\t\t\t\t\t\t<div class='uagb-post__text uagb-post-grid-byline'>\n\t\t\t\t\t\t\t\t<time datetime=\"2026-03-07T09:29:52+02:00\" class=\"uagb-post__date\">\n\t\t\t\t<span class=\"dashicons-calendar dashicons\"><\/span>\t\t\t\t\t7 b\u0159ezna, 2026\t\t\t\t<\/time>\n\t\t\t\t\t\t\t<span class=\"uagb-post__comment\">\n\t\t\t\t<span class=\"dashicons-admin-comments dashicons\"><\/span>\t\t\t\t\t\u017d\u00e1dn\u00e9 koment\u00e1\u0159e\t\t\t\t<\/span>\n\t\t\t\t\t\t<\/div>\n\t\t\t\t\t\t\t<div class='uagb-post__text uagb-post__excerpt'>\n\t\t\t\t\t<p>S roz\u0161i\u0159ov\u00e1n\u00edm nab\u00edjec\u00ed infrastruktury z\u00edsk\u00e1v\u00e1 standardizovan\u00e1 komunikace mezi vozidlem a nab\u00edjec\u00edm bodem st\u00e1le v\u011bt\u0161\u00ed v\u00fdznam&#8230;.\t\t\t\t<\/div>\n\t\t\t\t\t\t<div class=\"uagb-post__text uagb-post__cta wp-block-button\">\n\t\t\t\t<a class=\"wp-block-button__link uagb-text-link\" style=\"\" href=\"https:\/\/v2charge.com\/cs\/iso-15118-standard-plug-charge-protocol-for-ev-chargers\/\" target=\"_self\" rel=\"bookmark noopener noreferrer\">Read more<\/a>\n\t\t\t<\/div>\n\t\t\t\n\t\t\t\t\t\t\t\t\t<\/article>\n\t\t\t\t\t\t\t\t\t\t\t\t\t\t\t\t<article class=\"uagb-post__inner-wrap\">\t\t\t\t\t\t\t\t<div class='uagb-post__image'>\n\t\t\t\t\t\t\t\t\t<a href=\"https:\/\/v2charge.com\/cs\/v2c-integruje-mo-nost-tempo-od-edf\/\" target=\"_self\" rel=\"bookmark noopener noreferrer\" class='uagb-image-ratio-inherit'><img decoding=\"async\" width=\"960\" height=\"560\" src=\"https:\/\/v2charge.com\/wp-content\/uploads\/2026\/03\/articulo_edf.jpg\" class=\"attachment-large size-large\" alt=\"\" srcset=\"https:\/\/v2charge.com\/wp-content\/uploads\/2026\/03\/articulo_edf.jpg 960w, https:\/\/v2charge.com\/wp-content\/uploads\/2026\/03\/articulo_edf-300x175.jpg 300w, https:\/\/v2charge.com\/wp-content\/uploads\/2026\/03\/articulo_edf-768x448.jpg 768w, https:\/\/v2charge.com\/wp-content\/uploads\/2026\/03\/articulo_edf-50x29.jpg 50w\" sizes=\"(max-width: 960px) 100vw, 960px\" \/>\t\t\t\t\t<\/a>\n\t\t\t\t\t\t\t<\/div>\n\t\t\t\t\t\t<h4 class=\"uagb-post__title uagb-post__text\">\n\t\t\t\t<a href=\"https:\/\/v2charge.com\/cs\/v2c-integruje-mo-nost-tempo-od-edf\/\" target=\"_self\" rel=\"bookmark noopener noreferrer\">V2C integruje mo\u017enost Tempo od EDF<\/a>\n\t\t\t<\/h4>\n\t\t\t\t\t\t<div class='uagb-post__text uagb-post-grid-byline'>\n\t\t\t\t\t\t\t\t<time datetime=\"2026-03-06T15:34:45+02:00\" class=\"uagb-post__date\">\n\t\t\t\t<span class=\"dashicons-calendar dashicons\"><\/span>\t\t\t\t\t6 b\u0159ezna, 2026\t\t\t\t<\/time>\n\t\t\t\t\t\t\t<span class=\"uagb-post__comment\">\n\t\t\t\t<span class=\"dashicons-admin-comments dashicons\"><\/span>\t\t\t\t\t\u017d\u00e1dn\u00e9 koment\u00e1\u0159e\t\t\t\t<\/span>\n\t\t\t\t\t\t<\/div>\n\t\t\t\t\t\t\t<div class='uagb-post__text uagb-post__excerpt'>\n\t\t\t\t\t<p>V2C pokra\u010duje v obohacov\u00e1n\u00ed sv\u00e9ho ekosyst\u00e9mu inteligentn\u00edho nab\u00edjen\u00ed o novou funkci, kterou o\u010dek\u00e1v\u00e1 mnoho u\u017eivatel\u016f:&#8230;\t\t\t\t<\/div>\n\t\t\t\t\t\t<div class=\"uagb-post__text uagb-post__cta wp-block-button\">\n\t\t\t\t<a class=\"wp-block-button__link uagb-text-link\" style=\"\" href=\"https:\/\/v2charge.com\/cs\/v2c-integruje-mo-nost-tempo-od-edf\/\" target=\"_self\" rel=\"bookmark noopener noreferrer\">Read more<\/a>\n\t\t\t<\/div>\n\t\t\t\n\t\t\t\t\t\t\t\t\t<\/article>\n\t\t\t\t\t\t\t\t\t\t\t\t\t\t\t\t<article class=\"uagb-post__inner-wrap\">\t\t\t\t\t\t\t\t<div class='uagb-post__image'>\n\t\t\t\t\t\t\t\t\t<a href=\"https:\/\/v2charge.com\/cs\/v2c-linky-p-ipojene-inteligentni-a-ekonomicke-elektricke-nabijeni\/\" target=\"_self\" rel=\"bookmark noopener noreferrer\" class='uagb-image-ratio-inherit'><img decoding=\"async\" width=\"960\" height=\"560\" src=\"https:\/\/v2charge.com\/wp-content\/uploads\/2026\/02\/trydan-linky.jpg\" class=\"attachment-large size-large\" alt=\"\" srcset=\"https:\/\/v2charge.com\/wp-content\/uploads\/2026\/02\/trydan-linky.jpg 960w, https:\/\/v2charge.com\/wp-content\/uploads\/2026\/02\/trydan-linky-300x175.jpg 300w, https:\/\/v2charge.com\/wp-content\/uploads\/2026\/02\/trydan-linky-768x448.jpg 768w, https:\/\/v2charge.com\/wp-content\/uploads\/2026\/02\/trydan-linky-50x29.jpg 50w\" sizes=\"(max-width: 960px) 100vw, 960px\" \/>\t\t\t\t\t<\/a>\n\t\t\t\t\t\t\t<\/div>\n\t\t\t\t\t\t<h4 class=\"uagb-post__title uagb-post__text\">\n\t\t\t\t<a href=\"https:\/\/v2charge.com\/cs\/v2c-linky-p-ipojene-inteligentni-a-ekonomicke-elektricke-nabijeni\/\" target=\"_self\" rel=\"bookmark noopener noreferrer\">V2C + Linky: p\u0159ipojen\u00e9, inteligentn\u00ed a ekonomick\u00e9 elektrick\u00e9 nab\u00edjen\u00ed<\/a>\n\t\t\t<\/h4>\n\t\t\t\t\t\t<div class='uagb-post__text uagb-post-grid-byline'>\n\t\t\t\t\t\t\t\t<time datetime=\"2026-02-27T12:24:32+02:00\" class=\"uagb-post__date\">\n\t\t\t\t<span class=\"dashicons-calendar dashicons\"><\/span>\t\t\t\t\t27 \u00fanora, 2026\t\t\t\t<\/time>\n\t\t\t\t\t\t\t<span class=\"uagb-post__comment\">\n\t\t\t\t<span class=\"dashicons-admin-comments dashicons\"><\/span>\t\t\t\t\t\u017d\u00e1dn\u00e9 koment\u00e1\u0159e\t\t\t\t<\/span>\n\t\t\t\t\t\t<\/div>\n\t\t\t\t\t\t\t<div class='uagb-post__text uagb-post__excerpt'>\n\t\t\t\t\t<p>Ve spole\u010dnosti V2C v\u011b\u0159\u00edme, \u017ee elektrick\u00e9 nab\u00edjen\u00ed by nem\u011blo b\u00fdt zdrojem stresu, ale skute\u010dnou v\u00fdhodou&#8230;\t\t\t\t<\/div>\n\t\t\t\t\t\t<div class=\"uagb-post__text uagb-post__cta wp-block-button\">\n\t\t\t\t<a class=\"wp-block-button__link uagb-text-link\" style=\"\" href=\"https:\/\/v2charge.com\/cs\/v2c-linky-p-ipojene-inteligentni-a-ekonomicke-elektricke-nabijeni\/\" target=\"_self\" rel=\"bookmark noopener noreferrer\">Read more<\/a>\n\t\t\t<\/div>\n\t\t\t\n\t\t\t\t\t\t\t\t\t<\/article>\n\t\t\t\t\t\t\t\t\t\t\t\t\t\t\t\t<article class=\"uagb-post__inner-wrap\">\t\t\t\t\t\t\t\t<div class='uagb-post__image'>\n\t\t\t\t\t\t\t\t\t<a href=\"https:\/\/v2charge.com\/cs\/v-e-o-obousm-rnem-nabijeni-a-obousm-rn-ch-nabije-kach-v2h\/\" target=\"_self\" rel=\"bookmark noopener noreferrer\" class='uagb-image-ratio-inherit'><img decoding=\"async\" width=\"960\" height=\"560\" src=\"https:\/\/v2charge.com\/wp-content\/uploads\/2026\/02\/cargadores-bidireccionales-v2hl-coche-electrico-carga-bidirecciona.jpg\" class=\"attachment-large size-large\" alt=\"Todo sobre la carga bidireccional y los cargadores bidireccionales V2H\" srcset=\"https:\/\/v2charge.com\/wp-content\/uploads\/2026\/02\/cargadores-bidireccionales-v2hl-coche-electrico-carga-bidirecciona.jpg 960w, https:\/\/v2charge.com\/wp-content\/uploads\/2026\/02\/cargadores-bidireccionales-v2hl-coche-electrico-carga-bidirecciona-300x175.jpg 300w, https:\/\/v2charge.com\/wp-content\/uploads\/2026\/02\/cargadores-bidireccionales-v2hl-coche-electrico-carga-bidirecciona-768x448.jpg 768w, https:\/\/v2charge.com\/wp-content\/uploads\/2026\/02\/cargadores-bidireccionales-v2hl-coche-electrico-carga-bidirecciona-50x29.jpg 50w\" sizes=\"(max-width: 960px) 100vw, 960px\" \/>\t\t\t\t\t<\/a>\n\t\t\t\t\t\t\t<\/div>\n\t\t\t\t\t\t<h4 class=\"uagb-post__title uagb-post__text\">\n\t\t\t\t<a href=\"https:\/\/v2charge.com\/cs\/v-e-o-obousm-rnem-nabijeni-a-obousm-rn-ch-nabije-kach-v2h\/\" target=\"_self\" rel=\"bookmark noopener noreferrer\">V\u0161e o bidirek\u010dn\u00edm nab\u00edjen\u00ed a bidirek\u010dn\u00edch V2H nab\u00edje\u010dk\u00e1ch<\/a>\n\t\t\t<\/h4>\n\t\t\t\t\t\t<div class='uagb-post__text uagb-post-grid-byline'>\n\t\t\t\t\t\t\t\t<time datetime=\"2026-02-26T15:04:50+02:00\" class=\"uagb-post__date\">\n\t\t\t\t<span class=\"dashicons-calendar dashicons\"><\/span>\t\t\t\t\t26 \u00fanora, 2026\t\t\t\t<\/time>\n\t\t\t\t\t\t\t<span class=\"uagb-post__comment\">\n\t\t\t\t<span class=\"dashicons-admin-comments dashicons\"><\/span>\t\t\t\t\t\u017d\u00e1dn\u00e9 koment\u00e1\u0159e\t\t\t\t<\/span>\n\t\t\t\t\t\t<\/div>\n\t\t\t\t\t\t\t<div class='uagb-post__text uagb-post__excerpt'>\n\t\t\t\t\t<p>Ve \u0160pan\u011blsku p\u0159es\u00e1hne po\u010det elektrick\u00fdch vozidel v roce 2026 v\u00edce ne\u017e 500 000 jednotek, p\u0159i\u010dem\u017e&#8230;\t\t\t\t<\/div>\n\t\t\t\t\t\t<div class=\"uagb-post__text uagb-post__cta wp-block-button\">\n\t\t\t\t<a class=\"wp-block-button__link uagb-text-link\" style=\"\" href=\"https:\/\/v2charge.com\/cs\/v-e-o-obousm-rnem-nabijeni-a-obousm-rn-ch-nabije-kach-v2h\/\" target=\"_self\" rel=\"bookmark noopener noreferrer\">Read more<\/a>\n\t\t\t<\/div>\n\t\t\t\n\t\t\t\t\t\t\t\t\t<\/article>\n\t\t\t\t\t\t\t\t\t\t\t\t\t\t\t\t<article class=\"uagb-post__inner-wrap\">\t\t\t\t\t\t\t\t<div class='uagb-post__image'>\n\t\t\t\t\t\t\t\t\t<a href=\"https:\/\/v2charge.com\/cs\/jak-nabijet-elektricke-auto-se-solarnimi-panely\/\" target=\"_self\" rel=\"bookmark noopener noreferrer\" class='uagb-image-ratio-inherit'><img decoding=\"async\" width=\"960\" height=\"560\" src=\"https:\/\/v2charge.com\/wp-content\/uploads\/2025\/05\/precio-cargar-coche-electrico-placas-solares-wallbox-pv-fotovoltaica.jpg\" class=\"attachment-large size-large\" alt=\"\u00bfC\u00f3mo cargar un coche el\u00e9ctrico con placas solares?\" srcset=\"https:\/\/v2charge.com\/wp-content\/uploads\/2025\/05\/precio-cargar-coche-electrico-placas-solares-wallbox-pv-fotovoltaica.jpg 960w, https:\/\/v2charge.com\/wp-content\/uploads\/2025\/05\/precio-cargar-coche-electrico-placas-solares-wallbox-pv-fotovoltaica-300x175.jpg 300w, https:\/\/v2charge.com\/wp-content\/uploads\/2025\/05\/precio-cargar-coche-electrico-placas-solares-wallbox-pv-fotovoltaica-768x448.jpg 768w, https:\/\/v2charge.com\/wp-content\/uploads\/2025\/05\/precio-cargar-coche-electrico-placas-solares-wallbox-pv-fotovoltaica-50x29.jpg 50w\" sizes=\"(max-width: 960px) 100vw, 960px\" \/>\t\t\t\t\t<\/a>\n\t\t\t\t\t\t\t<\/div>\n\t\t\t\t\t\t<h4 class=\"uagb-post__title uagb-post__text\">\n\t\t\t\t<a href=\"https:\/\/v2charge.com\/cs\/jak-nabijet-elektricke-auto-se-solarnimi-panely\/\" target=\"_self\" rel=\"bookmark noopener noreferrer\">Jak nab\u00edjet elektrick\u00e9 auto se sol\u00e1rn\u00edmi panely?<\/a>\n\t\t\t<\/h4>\n\t\t\t\t\t\t<div class='uagb-post__text uagb-post-grid-byline'>\n\t\t\t\t\t\t\t\t<time datetime=\"2026-02-20T09:53:48+02:00\" class=\"uagb-post__date\">\n\t\t\t\t<span class=\"dashicons-calendar dashicons\"><\/span>\t\t\t\t\t20 \u00fanora, 2026\t\t\t\t<\/time>\n\t\t\t\t\t\t\t<span class=\"uagb-post__comment\">\n\t\t\t\t<span class=\"dashicons-admin-comments dashicons\"><\/span>\t\t\t\t\t\u017d\u00e1dn\u00e9 koment\u00e1\u0159e\t\t\t\t<\/span>\n\t\t\t\t\t\t<\/div>\n\t\t\t\t\t\t\t<div class='uagb-post__text uagb-post__excerpt'>\n\t\t\t\t\tKolik u\u0161et\u0159\u00edm? Kolik panel\u016f pot\u0159ebuji? Mohu nab\u00edjet v noci? Dotazy ohledn\u011b nab\u00edjen\u00ed elektrick\u00e9ho auta se&#8230;\t\t\t\t<\/div>\n\t\t\t\t\t\t<div class=\"uagb-post__text uagb-post__cta wp-block-button\">\n\t\t\t\t<a class=\"wp-block-button__link uagb-text-link\" style=\"\" href=\"https:\/\/v2charge.com\/cs\/jak-nabijet-elektricke-auto-se-solarnimi-panely\/\" target=\"_self\" rel=\"bookmark noopener noreferrer\">Read more<\/a>\n\t\t\t<\/div>\n\t\t\t\n\t\t\t\t\t\t\t\t\t<\/article>\n\t\t\t\t\t\t\t\t\t\t\t\t\t\t\t\t<article class=\"uagb-post__inner-wrap\">\t\t\t\t\t\t\t\t<div class='uagb-post__image'>\n\t\t\t\t\t\t\t\t\t<a href=\"https:\/\/v2charge.com\/cs\/v2c-na-setkanich-flotauto-pa-i-2026-zrychlete-elektrifikaci-sve-flotily\/\" target=\"_self\" rel=\"bookmark noopener noreferrer\" class='uagb-image-ratio-inherit'><img decoding=\"async\" width=\"960\" height=\"560\" src=\"https:\/\/v2charge.com\/wp-content\/uploads\/2026\/02\/articulo_flotauto.jpg\" class=\"attachment-large size-large\" alt=\"\" srcset=\"https:\/\/v2charge.com\/wp-content\/uploads\/2026\/02\/articulo_flotauto.jpg 960w, https:\/\/v2charge.com\/wp-content\/uploads\/2026\/02\/articulo_flotauto-300x175.jpg 300w, https:\/\/v2charge.com\/wp-content\/uploads\/2026\/02\/articulo_flotauto-768x448.jpg 768w, https:\/\/v2charge.com\/wp-content\/uploads\/2026\/02\/articulo_flotauto-50x29.jpg 50w\" sizes=\"(max-width: 960px) 100vw, 960px\" \/>\t\t\t\t\t<\/a>\n\t\t\t\t\t\t\t<\/div>\n\t\t\t\t\t\t<h4 class=\"uagb-post__title uagb-post__text\">\n\t\t\t\t<a href=\"https:\/\/v2charge.com\/cs\/v2c-na-setkanich-flotauto-pa-i-2026-zrychlete-elektrifikaci-sve-flotily\/\" target=\"_self\" rel=\"bookmark noopener noreferrer\">V2C na Rencontres Flotauto Pa\u0159\u00ed\u017e 2026: urychlete elektrifikaci va\u0161\u00ed flotily<\/a>\n\t\t\t<\/h4>\n\t\t\t\t\t\t<div class='uagb-post__text uagb-post-grid-byline'>\n\t\t\t\t\t\t\t\t<time datetime=\"2026-02-19T12:00:41+02:00\" class=\"uagb-post__date\">\n\t\t\t\t<span class=\"dashicons-calendar dashicons\"><\/span>\t\t\t\t\t19 \u00fanora, 2026\t\t\t\t<\/time>\n\t\t\t\t\t\t\t<span class=\"uagb-post__comment\">\n\t\t\t\t<span class=\"dashicons-admin-comments dashicons\"><\/span>\t\t\t\t\t\u017d\u00e1dn\u00e9 koment\u00e1\u0159e\t\t\t\t<\/span>\n\t\t\t\t\t\t<\/div>\n\t\t\t\t\t\t\t<div class='uagb-post__text uagb-post__excerpt'>\n\t\t\t\t\t<p>Dne 12. b\u0159ezna 2026 bude V2C p\u0159\u00edtomna na Rencontres Flotauto Paris, aby p\u0159edstavila sv\u00e1 inovativn\u00ed&#8230;\t\t\t\t<\/div>\n\t\t\t\t\t\t<div class=\"uagb-post__text uagb-post__cta wp-block-button\">\n\t\t\t\t<a class=\"wp-block-button__link uagb-text-link\" style=\"\" href=\"https:\/\/v2charge.com\/cs\/v2c-na-setkanich-flotauto-pa-i-2026-zrychlete-elektrifikaci-sve-flotily\/\" target=\"_self\" rel=\"bookmark noopener noreferrer\">Read more<\/a>\n\t\t\t<\/div>\n\t\t\t\n\t\t\t\t\t\t\t\t\t<\/article>\n\t\t\t\t\t\t\t\t\t\t\t\t\t\t\t\t<article class=\"uagb-post__inner-wrap\">\t\t\t\t\t\t\t\t<div class='uagb-post__image'>\n\t\t\t\t\t\t\t\t\t<a href=\"https:\/\/v2charge.com\/cs\/byd-etp3-profesionalni-elektricka-dodavka-ktera-p-edefinuje-m-stskou-logistiku-ve-pan-lsku\/\" target=\"_self\" rel=\"bookmark noopener noreferrer\" class='uagb-image-ratio-inherit'><img decoding=\"async\" width=\"960\" height=\"560\" src=\"https:\/\/v2charge.com\/wp-content\/uploads\/2026\/02\/byd-etp3-furgoneta-byd-electrica-interior.jpg\" class=\"attachment-large size-large\" alt=\"BYD ETP3: la furgoneta el\u00e9ctrica profesional que redefine la log\u00edstica urbana en Espa\u00f1a\" srcset=\"https:\/\/v2charge.com\/wp-content\/uploads\/2026\/02\/byd-etp3-furgoneta-byd-electrica-interior.jpg 960w, https:\/\/v2charge.com\/wp-content\/uploads\/2026\/02\/byd-etp3-furgoneta-byd-electrica-interior-300x175.jpg 300w, https:\/\/v2charge.com\/wp-content\/uploads\/2026\/02\/byd-etp3-furgoneta-byd-electrica-interior-768x448.jpg 768w, https:\/\/v2charge.com\/wp-content\/uploads\/2026\/02\/byd-etp3-furgoneta-byd-electrica-interior-50x29.jpg 50w\" sizes=\"(max-width: 960px) 100vw, 960px\" \/>\t\t\t\t\t<\/a>\n\t\t\t\t\t\t\t<\/div>\n\t\t\t\t\t\t<h4 class=\"uagb-post__title uagb-post__text\">\n\t\t\t\t<a href=\"https:\/\/v2charge.com\/cs\/byd-etp3-profesionalni-elektricka-dodavka-ktera-p-edefinuje-m-stskou-logistiku-ve-pan-lsku\/\" target=\"_self\" rel=\"bookmark noopener noreferrer\">BYD ETP3: profesion\u00e1ln\u00ed elektrick\u00fd dod\u00e1vkov\u00fd v\u016fz, kter\u00fd p\u0159edefinuje m\u011bstskou logistiku v Evrop\u011b<\/a>\n\t\t\t<\/h4>\n\t\t\t\t\t\t<div class='uagb-post__text uagb-post-grid-byline'>\n\t\t\t\t\t\t\t\t<time datetime=\"2026-02-16T12:28:23+02:00\" class=\"uagb-post__date\">\n\t\t\t\t<span class=\"dashicons-calendar dashicons\"><\/span>\t\t\t\t\t16 \u00fanora, 2026\t\t\t\t<\/time>\n\t\t\t\t\t\t\t<span class=\"uagb-post__comment\">\n\t\t\t\t<span class=\"dashicons-admin-comments dashicons\"><\/span>\t\t\t\t\t\u017d\u00e1dn\u00e9 koment\u00e1\u0159e\t\t\t\t<\/span>\n\t\t\t\t\t\t<\/div>\n\t\t\t\t\t\t\t<div class='uagb-post__text uagb-post__excerpt'>\n\t\t\t\t\t<p>Komern\u00ed flotily v Evrop\u011b za\u017e\u00edvaj\u00ed tichou revoluci: 15 % trhu s lehk\u00fdmi u\u017eitkov\u00fdmi vozidly bude&#8230;\t\t\t\t<\/div>\n\t\t\t\t\t\t<div class=\"uagb-post__text uagb-post__cta wp-block-button\">\n\t\t\t\t<a class=\"wp-block-button__link uagb-text-link\" style=\"\" href=\"https:\/\/v2charge.com\/cs\/byd-etp3-profesionalni-elektricka-dodavka-ktera-p-edefinuje-m-stskou-logistiku-ve-pan-lsku\/\" target=\"_self\" rel=\"bookmark noopener noreferrer\">Read more<\/a>\n\t\t\t<\/div>\n\t\t\t\n\t\t\t\t\t\t\t\t\t<\/article>\n\t\t\t\t\t\t\t\t\t\t\t\t\t\t\t\t<article class=\"uagb-post__inner-wrap\">\t\t\t\t\t\t\t\t<div class='uagb-post__image'>\n\t\t\t\t\t\t\t\t\t<a href=\"https:\/\/v2charge.com\/cs\/omoda-9-shs-2026-v-kon-efektivita-a-inteligentni-nabijeni-s-v2c\/\" target=\"_self\" rel=\"bookmark noopener noreferrer\" class='uagb-image-ratio-inherit'><img decoding=\"async\" width=\"960\" height=\"560\" src=\"https:\/\/v2charge.com\/wp-content\/uploads\/2026\/02\/omoda-9-shs-front-price-hybrid-car-precio-hibrido-enchufable-frontal.jpg\" class=\"attachment-large size-large\" alt=\"\u26a1 Omoda 9 SHS 2026: Precio, autonom\u00eda y carga inteligente V2C\" srcset=\"https:\/\/v2charge.com\/wp-content\/uploads\/2026\/02\/omoda-9-shs-front-price-hybrid-car-precio-hibrido-enchufable-frontal.jpg 960w, https:\/\/v2charge.com\/wp-content\/uploads\/2026\/02\/omoda-9-shs-front-price-hybrid-car-precio-hibrido-enchufable-frontal-300x175.jpg 300w, https:\/\/v2charge.com\/wp-content\/uploads\/2026\/02\/omoda-9-shs-front-price-hybrid-car-precio-hibrido-enchufable-frontal-768x448.jpg 768w, https:\/\/v2charge.com\/wp-content\/uploads\/2026\/02\/omoda-9-shs-front-price-hybrid-car-precio-hibrido-enchufable-frontal-50x29.jpg 50w\" sizes=\"(max-width: 960px) 100vw, 960px\" \/>\t\t\t\t\t<\/a>\n\t\t\t\t\t\t\t<\/div>\n\t\t\t\t\t\t<h4 class=\"uagb-post__title uagb-post__text\">\n\t\t\t\t<a href=\"https:\/\/v2charge.com\/cs\/omoda-9-shs-2026-v-kon-efektivita-a-inteligentni-nabijeni-s-v2c\/\" target=\"_self\" rel=\"bookmark noopener noreferrer\">Omoda 9 SHS 2026: v\u00fdkon, efektivita a inteligentn\u00ed nab\u00edjen\u00ed s V2C<\/a>\n\t\t\t<\/h4>\n\t\t\t\t\t\t<div class='uagb-post__text uagb-post-grid-byline'>\n\t\t\t\t\t\t\t\t<time datetime=\"2026-02-11T15:37:48+02:00\" class=\"uagb-post__date\">\n\t\t\t\t<span class=\"dashicons-calendar dashicons\"><\/span>\t\t\t\t\t11 \u00fanora, 2026\t\t\t\t<\/time>\n\t\t\t\t\t\t\t<span class=\"uagb-post__comment\">\n\t\t\t\t<span class=\"dashicons-admin-comments dashicons\"><\/span>\t\t\t\t\t\u017d\u00e1dn\u00e9 koment\u00e1\u0159e\t\t\t\t<\/span>\n\t\t\t\t\t\t<\/div>\n\t\t\t\t\t\t\t<div class='uagb-post__text uagb-post__excerpt'>\n\t\t\t\t\t<p>Podle posledn\u00edch \u00fadaj\u016f o registrac\u00edchelektrick\u00e1 a hybridn\u00ed vozidla ji\u017e p\u0159edstavuj\u00ed t\u00e9m\u011b\u0159 27 % celkov\u00fdch prodej\u016f&#8230;\t\t\t\t<\/div>\n\t\t\t\t\t\t<div class=\"uagb-post__text uagb-post__cta wp-block-button\">\n\t\t\t\t<a class=\"wp-block-button__link uagb-text-link\" style=\"\" href=\"https:\/\/v2charge.com\/cs\/omoda-9-shs-2026-v-kon-efektivita-a-inteligentni-nabijeni-s-v2c\/\" target=\"_self\" rel=\"bookmark noopener noreferrer\">Read more<\/a>\n\t\t\t<\/div>\n\t\t\t\n\t\t\t\t\t\t\t\t\t<\/article>\n\t\t\t\t\t\t\t\t\t\t\t\t\t<div class=\"uagb-post-pagination-wrap\">\n\t\t\t\t\t\t<span aria-current=\"page\" class=\"page-numbers current\">1<\/span>\n<a class=\"page-numbers\" href=\"https:\/\/v2charge.com\/cs\/wp-json\/wp\/v2\/pages\/318289\/page\/2\/\">2<\/a>\n<a class=\"page-numbers\" href=\"https:\/\/v2charge.com\/cs\/wp-json\/wp\/v2\/pages\/318289\/page\/3\/\">3<\/a>\n<a class=\"page-numbers\" href=\"https:\/\/v2charge.com\/cs\/wp-json\/wp\/v2\/pages\/318289\/page\/4\/\">4<\/a>\n<a class=\"page-numbers\" href=\"https:\/\/v2charge.com\/cs\/wp-json\/wp\/v2\/pages\/318289\/page\/5\/\">5<\/a>\n<span class=\"page-numbers dots\">&hellip;<\/span>\n<a class=\"page-numbers\" href=\"https:\/\/v2charge.com\/cs\/wp-json\/wp\/v2\/pages\/318289\/page\/7\/\">7<\/a>\n<a class=\"page-numbers\" href=\"https:\/\/v2charge.com\/cs\/wp-json\/wp\/v2\/pages\/318289\/page\/8\/\">8<\/a>\n<a class=\"page-numbers\" href=\"https:\/\/v2charge.com\/cs\/wp-json\/wp\/v2\/pages\/318289\/page\/9\/\">9<\/a>\n<a class=\"page-numbers\" href=\"https:\/\/v2charge.com\/cs\/wp-json\/wp\/v2\/pages\/318289\/page\/10\/\">10<\/a>\n<a class=\"next page-numbers\" href=\"https:\/\/v2charge.com\/cs\/wp-json\/wp\/v2\/pages\/318289\/page\/2\/\">Next \u00bb<\/a>\t\t\t\t\t<\/div>\n\t\t\t\t\t\t\t\t<\/div>\n\t\t\t<\/div><\/div>\n\n\n\n<div id=\"newsletter\" class=\"wp-block-uagb-container uagb-block-49d90d59 alignfull uagb-is-root-container\"><div class=\"uagb-container-inner-blocks-wrap\"><div class=\"wp-block-uagb-advanced-heading uagb-block-8c02e3e3\"><h2 class=\"uagb-heading-text\">P\u0159ihlaste se k odb\u011bru na\u0161eho zpravodaje<\/h2><\/div>\n\n\n<div class=\"wpcf7 no-js\" id=\"wpcf7-f118299-o1\" lang=\"es-ES\" dir=\"ltr\" data-wpcf7-id=\"118299\">\n<div class=\"screen-reader-response\"><p role=\"status\" aria-live=\"polite\" aria-atomic=\"true\"><\/p> <ul><\/ul><\/div>\n<form action=\"\/cs\/wp-json\/wp\/v2\/pages\/318289#wpcf7-f118299-o1\" method=\"post\" class=\"wpcf7-form init\" aria-label=\"Formulario de contacto\" novalidate=\"novalidate\" data-status=\"init\">\n<div style=\"display: none;\">\n<input type=\"hidden\" name=\"_wpcf7\" value=\"118299\" \/>\n<input type=\"hidden\" name=\"_wpcf7_version\" value=\"6.0.6\" \/>\n<input type=\"hidden\" name=\"_wpcf7_locale\" value=\"es_ES\" \/>\n<input type=\"hidden\" name=\"_wpcf7_unit_tag\" value=\"wpcf7-f118299-o1\" \/>\n<input type=\"hidden\" name=\"_wpcf7_container_post\" value=\"0\" \/>\n<input type=\"hidden\" name=\"_wpcf7_posted_data_hash\" value=\"\" \/>\n<input type=\"hidden\" name=\"redirect_nonce\" value=\"b34de1e81a\" \/>\n<input type=\"hidden\" name=\"wpcf7cfpdf_hidden_name\" value=\"document-pdf\" \/>\n<input type=\"hidden\" name=\"wpcf7cfpdf_hidden_reference\" value=\"f1c80d16\" \/>\n<input type=\"hidden\" name=\"wpcf7cfpdf_hidden_date\" value=\"04262026\" \/>\n<input type=\"hidden\" name=\"_wpcf7_recaptcha_response\" value=\"\" \/>\n<\/div>\n<div id=\"responsive-form\" class=\"clearfix resp-form-2\">\n\t<div class=\"form-row form-row2\">\n\t\t<div class=\"column-midd\">\n\t\t\t<p><span class=\"cf7b-label-your-name cf7b-required\">Name* <span class=\"wpcf7-form-control-wrap\" data-name=\"your-name\"><input size=\"40\" maxlength=\"400\" class=\"wpcf7-form-control wpcf7-text wpcf7-validates-as-required\" aria-required=\"true\" aria-invalid=\"false\" value=\"\" type=\"text\" name=\"your-name\" \/><\/span><\/span>\n\t\t\t<\/p>\n\t\t<\/div>\n\t\t<div class=\"column-midd\">\n\t\t\t<p><span class=\"cf7b-label-your-email cf7b-required\">Email* <span class=\"wpcf7-form-control-wrap\" data-name=\"your-email\"><input size=\"40\" maxlength=\"400\" class=\"wpcf7-form-control wpcf7-email wpcf7-validates-as-required wpcf7-text wpcf7-validates-as-email\" aria-required=\"true\" aria-invalid=\"false\" value=\"\" type=\"email\" name=\"your-email\" \/><\/span><\/span>\n\t\t\t<\/p>\n\t\t<\/div>\n\t<\/div>\n\t<div class=\"form-row form-row2\">\n\t\t<div class=\"column-full\">\n\t\t\t<p><input class=\"wpcf7-form-control wpcf7-submit has-spinner\" type=\"submit\" value=\"Submit\" \/>\n\t\t\t<\/p>\n\t\t<\/div>\n\t<\/div>\n<\/div><!--end responsive-form--><div class=\"wpcf7-response-output\" aria-hidden=\"true\"><\/div>\n<\/form>\n<\/div>\n\n<\/div><\/div>\n","protected":false},"excerpt":{"rendered":"<p>Blog V2C Objevte nejnov\u011bj\u0161\u00ed zpr\u00e1vy, informace a aktualizace o elektrick\u00e9 mobilit\u011b ELEKTRICK\u00c1 VOZIDLA e-MOBILITA V2C NOVINKY Udr\u017eitelnost ZOBRAZIT NEJNOV\u011aJ\u0160\u00cd \u010cL\u00c1NKY P\u0159ihlaste se k odb\u011bru na\u0161eho zpravodaje<\/p>\n","protected":false},"author":1,"featured_media":170346,"parent":0,"menu_order":0,"comment_status":"closed","ping_status":"closed","template":"","meta":{"_eb_attr":"","content-type":"","_uag_custom_page_level_css":"","footnotes":""},"class_list":["post-318289","page","type-page","status-publish","has-post-thumbnail"],"yoast_head":"<!-- This site is optimized with the Yoast SEO plugin v25.3.1 - https:\/\/yoast.com\/wordpress\/plugins\/seo\/ -->\n<title>V2C Blog | Objevte nejnov\u011bj\u0161\u00ed zpr\u00e1vy o elektrick\u00e9 mobilit\u011b<\/title>\n<meta name=\"description\" content=\"Novinky, aktu\u00e1ln\u00ed ud\u00e1losti, informace a mnohem v\u00edce o elektrick\u00e9 mobilit\u011b. P\u0159ipojte se k cest\u011b do budoucnosti a objevte nejnov\u011bj\u0161\u00ed zpr\u00e1vy od V2C.\" \/>\n<meta name=\"robots\" content=\"index, follow, max-snippet:-1, max-image-preview:large, max-video-preview:-1\" \/>\n<link rel=\"canonical\" href=\"https:\/\/v2charge.com\/cs\/blog-cs-1777116490\/\" \/>\n<meta property=\"og:locale\" content=\"cs_CZ\" \/>\n<meta property=\"og:type\" content=\"article\" \/>\n<meta property=\"og:title\" content=\"V2C Blog | Objevte nejnov\u011bj\u0161\u00ed zpr\u00e1vy o elektrick\u00e9 mobilit\u011b\" \/>\n<meta property=\"og:description\" content=\"Novinky, aktu\u00e1ln\u00ed ud\u00e1losti, informace a mnohem v\u00edce o elektrick\u00e9 mobilit\u011b. P\u0159ipojte se k cest\u011b do budoucnosti a objevte nejnov\u011bj\u0161\u00ed zpr\u00e1vy od V2C.\" \/>\n<meta property=\"og:url\" content=\"https:\/\/v2charge.com\/cs\/blog-cs-1777116490\/\" \/>\n<meta property=\"og:site_name\" content=\"V2C\" \/>\n<meta property=\"article:publisher\" content=\"https:\/\/www.facebook.com\/V2C.Charge\" \/>\n<meta property=\"article:modified_time\" content=\"2026-04-25T16:21:56+00:00\" \/>\n<meta property=\"og:image\" content=\"https:\/\/v2charge.com\/wp-content\/uploads\/2024\/07\/v2c-electric-chargers.jpg\" \/>\n\t<meta property=\"og:image:width\" content=\"1200\" \/>\n\t<meta property=\"og:image:height\" content=\"675\" \/>\n\t<meta property=\"og:image:type\" content=\"image\/jpeg\" \/>\n<meta name=\"twitter:card\" content=\"summary_large_image\" \/>\n<meta name=\"twitter:site\" content=\"@V2C_Charge\" \/>\n<meta name=\"twitter:label1\" content=\"Odhadovan\u00e1 doba \u010dten\u00ed\" \/>\n\t<meta name=\"twitter:data1\" content=\"1 minuta\" \/>\n<script type=\"application\/ld+json\" class=\"yoast-schema-graph\">{\"@context\":\"https:\/\/schema.org\",\"@graph\":[{\"@type\":\"WebPage\",\"@id\":\"https:\/\/v2charge.com\/cs\/blog-cs-1777116490\/\",\"url\":\"https:\/\/v2charge.com\/cs\/blog-cs-1777116490\/\",\"name\":\"V2C Blog | Objevte nejnov\u011bj\u0161\u00ed zpr\u00e1vy o elektrick\u00e9 mobilit\u011b\",\"isPartOf\":{\"@id\":\"https:\/\/v2charge.com\/cs\/#website\"},\"primaryImageOfPage\":{\"@id\":\"https:\/\/v2charge.com\/cs\/blog-cs-1777116490\/#primaryimage\"},\"image\":{\"@id\":\"https:\/\/v2charge.com\/cs\/blog-cs-1777116490\/#primaryimage\"},\"thumbnailUrl\":\"https:\/\/v2charge.com\/wp-content\/uploads\/2024\/07\/v2c-electric-chargers.jpg\",\"datePublished\":\"2016-04-24T09:19:28+00:00\",\"dateModified\":\"2026-04-25T16:21:56+00:00\",\"description\":\"Novinky, aktu\u00e1ln\u00ed ud\u00e1losti, informace a mnohem v\u00edce o elektrick\u00e9 mobilit\u011b. P\u0159ipojte se k cest\u011b do budoucnosti a objevte nejnov\u011bj\u0161\u00ed zpr\u00e1vy od V2C.\",\"breadcrumb\":{\"@id\":\"https:\/\/v2charge.com\/cs\/blog-cs-1777116490\/#breadcrumb\"},\"inLanguage\":\"cs\",\"potentialAction\":[{\"@type\":\"ReadAction\",\"target\":[\"https:\/\/v2charge.com\/cs\/blog-cs-1777116490\/\"]}]},{\"@type\":\"ImageObject\",\"inLanguage\":\"cs\",\"@id\":\"https:\/\/v2charge.com\/cs\/blog-cs-1777116490\/#primaryimage\",\"url\":\"https:\/\/v2charge.com\/wp-content\/uploads\/2024\/07\/v2c-electric-chargers.jpg\",\"contentUrl\":\"https:\/\/v2charge.com\/wp-content\/uploads\/2024\/07\/v2c-electric-chargers.jpg\",\"width\":1200,\"height\":675,\"caption\":\"V2C Electric Chargers\"},{\"@type\":\"BreadcrumbList\",\"@id\":\"https:\/\/v2charge.com\/cs\/blog-cs-1777116490\/#breadcrumb\",\"itemListElement\":[{\"@type\":\"ListItem\",\"position\":1,\"name\":\"V2C\",\"item\":\"https:\/\/v2charge.com\/cs\/\"},{\"@type\":\"ListItem\",\"position\":2,\"name\":\"Blog\"}]},{\"@type\":\"WebSite\",\"@id\":\"https:\/\/v2charge.com\/cs\/#website\",\"url\":\"https:\/\/v2charge.com\/cs\/\",\"name\":\"V2C\",\"description\":\"#CargandoElMa\u00f1ana\",\"publisher\":{\"@id\":\"https:\/\/v2charge.com\/cs\/#organization\"},\"potentialAction\":[{\"@type\":\"SearchAction\",\"target\":{\"@type\":\"EntryPoint\",\"urlTemplate\":\"https:\/\/v2charge.com\/cs\/?s={search_term_string}\"},\"query-input\":{\"@type\":\"PropertyValueSpecification\",\"valueRequired\":true,\"valueName\":\"search_term_string\"}}],\"inLanguage\":\"cs\"},{\"@type\":\"Organization\",\"@id\":\"https:\/\/v2charge.com\/cs\/#organization\",\"name\":\"V2C\",\"url\":\"https:\/\/v2charge.com\/cs\/\",\"logo\":{\"@type\":\"ImageObject\",\"inLanguage\":\"cs\",\"@id\":\"https:\/\/v2charge.com\/cs\/#\/schema\/logo\/image\/\",\"url\":\"https:\/\/v2charge.com\/wp-content\/uploads\/2024\/11\/cropped-v2c-charge-logo-menu.png\",\"contentUrl\":\"https:\/\/v2charge.com\/wp-content\/uploads\/2024\/11\/cropped-v2c-charge-logo-menu.png\",\"width\":984,\"height\":431,\"caption\":\"V2C\"},\"image\":{\"@id\":\"https:\/\/v2charge.com\/cs\/#\/schema\/logo\/image\/\"},\"sameAs\":[\"https:\/\/www.facebook.com\/V2C.Charge\",\"https:\/\/x.com\/V2C_Charge\",\"https:\/\/www.instagram.com\/v2c.charge\/\",\"https:\/\/www.youtube.com\/@V2C\",\"https:\/\/www.linkedin.com\/company\/v2c-chargers\/\"]}]}<\/script>\n<!-- \/ Yoast SEO plugin. -->","yoast_head_json":{"title":"V2C Blog | Objevte nejnov\u011bj\u0161\u00ed zpr\u00e1vy o elektrick\u00e9 mobilit\u011b","description":"Novinky, aktu\u00e1ln\u00ed ud\u00e1losti, informace a mnohem v\u00edce o elektrick\u00e9 mobilit\u011b. P\u0159ipojte se k cest\u011b do budoucnosti a objevte nejnov\u011bj\u0161\u00ed zpr\u00e1vy od V2C.","robots":{"index":"index","follow":"follow","max-snippet":"max-snippet:-1","max-image-preview":"max-image-preview:large","max-video-preview":"max-video-preview:-1"},"canonical":"https:\/\/v2charge.com\/cs\/blog-cs-1777116490\/","og_locale":"cs_CZ","og_type":"article","og_title":"V2C Blog | Objevte nejnov\u011bj\u0161\u00ed zpr\u00e1vy o elektrick\u00e9 mobilit\u011b","og_description":"Novinky, aktu\u00e1ln\u00ed ud\u00e1losti, informace a mnohem v\u00edce o elektrick\u00e9 mobilit\u011b. P\u0159ipojte se k cest\u011b do budoucnosti a objevte nejnov\u011bj\u0161\u00ed zpr\u00e1vy od V2C.","og_url":"https:\/\/v2charge.com\/cs\/blog-cs-1777116490\/","og_site_name":"V2C","article_publisher":"https:\/\/www.facebook.com\/V2C.Charge","article_modified_time":"2026-04-25T16:21:56+00:00","og_image":[{"width":1200,"height":675,"url":"https:\/\/v2charge.com\/wp-content\/uploads\/2024\/07\/v2c-electric-chargers.jpg","type":"image\/jpeg"}],"twitter_card":"summary_large_image","twitter_site":"@V2C_Charge","twitter_misc":{"Odhadovan\u00e1 doba \u010dten\u00ed":"1 minuta"},"schema":{"@context":"https:\/\/schema.org","@graph":[{"@type":"WebPage","@id":"https:\/\/v2charge.com\/cs\/blog-cs-1777116490\/","url":"https:\/\/v2charge.com\/cs\/blog-cs-1777116490\/","name":"V2C Blog | Objevte nejnov\u011bj\u0161\u00ed zpr\u00e1vy o elektrick\u00e9 mobilit\u011b","isPartOf":{"@id":"https:\/\/v2charge.com\/cs\/#website"},"primaryImageOfPage":{"@id":"https:\/\/v2charge.com\/cs\/blog-cs-1777116490\/#primaryimage"},"image":{"@id":"https:\/\/v2charge.com\/cs\/blog-cs-1777116490\/#primaryimage"},"thumbnailUrl":"https:\/\/v2charge.com\/wp-content\/uploads\/2024\/07\/v2c-electric-chargers.jpg","datePublished":"2016-04-24T09:19:28+00:00","dateModified":"2026-04-25T16:21:56+00:00","description":"Novinky, aktu\u00e1ln\u00ed ud\u00e1losti, informace a mnohem v\u00edce o elektrick\u00e9 mobilit\u011b. P\u0159ipojte se k cest\u011b do budoucnosti a objevte nejnov\u011bj\u0161\u00ed zpr\u00e1vy od V2C.","breadcrumb":{"@id":"https:\/\/v2charge.com\/cs\/blog-cs-1777116490\/#breadcrumb"},"inLanguage":"cs","potentialAction":[{"@type":"ReadAction","target":["https:\/\/v2charge.com\/cs\/blog-cs-1777116490\/"]}]},{"@type":"ImageObject","inLanguage":"cs","@id":"https:\/\/v2charge.com\/cs\/blog-cs-1777116490\/#primaryimage","url":"https:\/\/v2charge.com\/wp-content\/uploads\/2024\/07\/v2c-electric-chargers.jpg","contentUrl":"https:\/\/v2charge.com\/wp-content\/uploads\/2024\/07\/v2c-electric-chargers.jpg","width":1200,"height":675,"caption":"V2C Electric Chargers"},{"@type":"BreadcrumbList","@id":"https:\/\/v2charge.com\/cs\/blog-cs-1777116490\/#breadcrumb","itemListElement":[{"@type":"ListItem","position":1,"name":"V2C","item":"https:\/\/v2charge.com\/cs\/"},{"@type":"ListItem","position":2,"name":"Blog"}]},{"@type":"WebSite","@id":"https:\/\/v2charge.com\/cs\/#website","url":"https:\/\/v2charge.com\/cs\/","name":"V2C","description":"#CargandoElMa\u00f1ana","publisher":{"@id":"https:\/\/v2charge.com\/cs\/#organization"},"potentialAction":[{"@type":"SearchAction","target":{"@type":"EntryPoint","urlTemplate":"https:\/\/v2charge.com\/cs\/?s={search_term_string}"},"query-input":{"@type":"PropertyValueSpecification","valueRequired":true,"valueName":"search_term_string"}}],"inLanguage":"cs"},{"@type":"Organization","@id":"https:\/\/v2charge.com\/cs\/#organization","name":"V2C","url":"https:\/\/v2charge.com\/cs\/","logo":{"@type":"ImageObject","inLanguage":"cs","@id":"https:\/\/v2charge.com\/cs\/#\/schema\/logo\/image\/","url":"https:\/\/v2charge.com\/wp-content\/uploads\/2024\/11\/cropped-v2c-charge-logo-menu.png","contentUrl":"https:\/\/v2charge.com\/wp-content\/uploads\/2024\/11\/cropped-v2c-charge-logo-menu.png","width":984,"height":431,"caption":"V2C"},"image":{"@id":"https:\/\/v2charge.com\/cs\/#\/schema\/logo\/image\/"},"sameAs":["https:\/\/www.facebook.com\/V2C.Charge","https:\/\/x.com\/V2C_Charge","https:\/\/www.instagram.com\/v2c.charge\/","https:\/\/www.youtube.com\/@V2C","https:\/\/www.linkedin.com\/company\/v2c-chargers\/"]}]}},"uagb_featured_image_src":{"full":["https:\/\/v2charge.com\/wp-content\/uploads\/2024\/07\/v2c-electric-chargers.jpg",1200,675,false],"thumbnail":["https:\/\/v2charge.com\/wp-content\/uploads\/2024\/07\/v2c-electric-chargers-150x150.jpg",150,150,true],"medium":["https:\/\/v2charge.com\/wp-content\/uploads\/2024\/07\/v2c-electric-chargers-300x169.jpg",300,169,true],"medium_large":["https:\/\/v2charge.com\/wp-content\/uploads\/2024\/07\/v2c-electric-chargers-768x432.jpg",768,432,true],"large":["https:\/\/v2charge.com\/wp-content\/uploads\/2024\/07\/v2c-electric-chargers-1024x576.jpg",1024,576,true],"gs-tiny":["https:\/\/v2charge.com\/wp-content\/uploads\/2024\/07\/v2c-electric-chargers.jpg",50,28,false],"xl":["https:\/\/v2charge.com\/wp-content\/uploads\/2024\/07\/v2c-electric-chargers.jpg",1200,675,false],"xxl":["https:\/\/v2charge.com\/wp-content\/uploads\/2024\/07\/v2c-electric-chargers.jpg",1200,675,false],"xxxl":["https:\/\/v2charge.com\/wp-content\/uploads\/2024\/07\/v2c-electric-chargers.jpg",1200,675,false],"xxxxl":["https:\/\/v2charge.com\/wp-content\/uploads\/2024\/07\/v2c-electric-chargers.jpg",1200,675,false],"xxxxxl":["https:\/\/v2charge.com\/wp-content\/uploads\/2024\/07\/v2c-electric-chargers.jpg",1200,675,false],"1536x1536":["https:\/\/v2charge.com\/wp-content\/uploads\/2024\/07\/v2c-electric-chargers.jpg",1200,675,false],"2048x2048":["https:\/\/v2charge.com\/wp-content\/uploads\/2024\/07\/v2c-electric-chargers.jpg",1200,675,false]},"uagb_author_info":{"display_name":"V2C","author_link":"https:\/\/v2charge.com\/cs\/author\/root_k4eu7ki8\/"},"uagb_comment_info":0,"uagb_excerpt":"Blog V2C Objevte nejnov\u011bj\u0161\u00ed zpr\u00e1vy, informace a aktualizace o elektrick\u00e9 mobilit\u011b ELEKTRICK\u00c1 VOZIDLA e-MOBILITA V2C NOVINKY Udr\u017eitelnost ZOBRAZIT NEJNOV\u011aJ\u0160\u00cd \u010cL\u00c1NKY P\u0159ihlaste se k odb\u011bru na\u0161eho zpravodaje","_links":{"self":[{"href":"https:\/\/v2charge.com\/cs\/wp-json\/wp\/v2\/pages\/318289","targetHints":{"allow":["GET"]}}],"collection":[{"href":"https:\/\/v2charge.com\/cs\/wp-json\/wp\/v2\/pages"}],"about":[{"href":"https:\/\/v2charge.com\/cs\/wp-json\/wp\/v2\/types\/page"}],"author":[{"embeddable":true,"href":"https:\/\/v2charge.com\/cs\/wp-json\/wp\/v2\/users\/1"}],"replies":[{"embeddable":true,"href":"https:\/\/v2charge.com\/cs\/wp-json\/wp\/v2\/comments?post=318289"}],"version-history":[{"count":0,"href":"https:\/\/v2charge.com\/cs\/wp-json\/wp\/v2\/pages\/318289\/revisions"}],"wp:featuredmedia":[{"embeddable":true,"href":"https:\/\/v2charge.com\/cs\/wp-json\/wp\/v2\/media\/170346"}],"wp:attachment":[{"href":"https:\/\/v2charge.com\/cs\/wp-json\/wp\/v2\/media?parent=318289"}],"curies":[{"name":"wp","href":"https:\/\/api.w.org\/{rel}","templated":true}]}}