{"id":318304,"date":"2022-01-26T07:41:19","date_gmt":"2022-01-26T07:41:19","guid":{"rendered":""},"modified":"2023-07-19T07:12:59","modified_gmt":"2023-07-19T07:12:59","slug":"instalace-dynamicke-kontroly-v-konu-trydan","status":"publish","type":"page","link":"https:\/\/v2charge.com\/cs\/instalace-dynamicke-kontroly-v-konu-trydan\/","title":{"rendered":"Instalace dynamick\u00e9 kontroly v\u00fdkonu &#8211; Trydan"},"content":{"rendered":"<p><strong>\u0158\u00edzen\u00ed dynamick\u00e9 energie<\/strong> je za\u0159\u00edzen\u00ed, kter\u00e9 umo\u017e\u0148uje vyv\u00e1\u017eit v\u00fdkon e-Chargeru s p\u0159ebytkem energie v dom\u00e1cnosti nebo prov\u00e9st integraci fotovoltaiky.<\/p>\n<p>Za\u0159\u00edzen\u00ed, kter\u00e9 od nyn\u011bj\u0161ka nazveme <strong><em>&#8222;Otrokem&#8220; nebo &#8222;M\u011b\u0159i\u010dem&#8220;<\/em><\/strong>, umo\u017e\u0148uje m\u011b\u0159en\u00ed t\u011bchto spot\u0159eb, co\u017e e-Chargeru <strong><em>e-Charger<\/em><\/strong> umo\u017e\u0148uje zn\u00e1t v re\u00e1ln\u00e9m \u010dase po\u017eadovan\u00fd v\u00fdkon (nebo vyrobenou energii v p\u0159\u00edpad\u011b p\u0159isp\u011bn\u00ed obnoviteln\u00fdch zdroj\u016f) a prost\u0159ednictv\u00edm sv\u00e9ho algoritmu jej vyu\u017e\u00edt ve sv\u016fj prosp\u011bch.<\/p>\n<p>S e-Chargerem <strong>Trydan<\/strong> je zahrnuto dynamick\u00e9 \u0159\u00edzen\u00ed nab\u00edjen\u00ed (v sou\u010dasnosti se prod\u00e1v\u00e1 verze V2C 2.0). Tento m\u011b\u0159i\u010d umo\u017e\u0148uje pou\u017e\u00edt a\u017e \u0161est <strong>amp\u00e9rmetrick\u00fdch kle\u0161t\u00ed<\/strong> v p\u0159\u00edpad\u011b t\u0159\u00edf\u00e1zov\u00fdch instalac\u00ed, t\u0159i kle\u0161t\u011b pro m\u011b\u0159en\u00ed celkov\u00e9 spot\u0159eby a dal\u0161\u00ed t\u0159i pro spot\u0159ebu fotovoltaiky.<\/p>\n<p>D\u00edky <strong>pokroku a neust\u00e1l\u00e9mu v\u00fdvoji e-Chargeru<\/strong> je nyn\u00ed mo\u017en\u00e9 nav\u00e1zat bezdr\u00e1tov\u00e9 p\u0159ipojen\u00ed s n\u011bkter\u00fdmi z nej\u017e\u00e1dan\u011bj\u0161\u00edch invertor\u016f na trhu, m\u016f\u017eete se pod\u00edvat na<a href=\"https:\/\/docs.google.com\/spreadsheets\/d\/1OciiGF5d90nbA2Aj95jAL4Xosbvhq52plvcoqeLzW-o\/edit\" target=\"_blank\" rel=\"noreferrer noopener\"> aktualizovan\u00fd seznam<\/a> t\u011bchto za\u0159\u00edzen\u00ed. Nav\u00edc v <strong><a href=\"https:\/\/v2charge.com\/cs\/trydan\/soporte\/\" target=\"_blank\" rel=\"noreferrer noopener\">sekci fotovoltaiky<\/a><\/strong> podpory m\u00e1me n\u011bkter\u00e9 manu\u00e1ly, kde je vysv\u011btlen krok za krokem.<\/p>\n<h2>Jak prob\u00edh\u00e1 komunikace mezi otrokem a e-Chargerem?<\/h2>\n<p><strong>Komunikace prob\u00edh\u00e1 prost\u0159ednictv\u00edm datov\u00e9ho<\/strong> kabelu se 8 vodi\u010di, kter\u00fd je paraleln\u011b ukon\u010den konektorem RJ45 na ka\u017ed\u00e9 stran\u011b. Otroci nepot\u0159ebuj\u00ed nap\u00e1jen\u00ed. Otroci maj\u00ed LED diodu, kter\u00e1 umo\u017e\u0148uje zjistit, zda byla spr\u00e1vn\u011b p\u0159ipojena. Jak otrok, tak e-Charger maj\u00ed odpov\u00eddaj\u00edc\u00ed vstup RJ45. Za\u0159\u00edzen\u00ed nem\u00e1 \u017e\u00e1dn\u00e9 ru\u0161en\u00ed, pokud je kabel um\u00edst\u011bn vedle elektrick\u00e9ho kabelu instalace, nicm\u00e9n\u011b se doporu\u010duje kategorie 6.<\/p>\n<p><img decoding=\"async\" src=\"https:\/\/v2charge.com\/wp-content\/uploads\/2023\/01\/RJ45-Esquema-de-conexiones.png\" alt=\"M\u011b\u0159i\u010d V2C 1.0 a 2.0 RJ45\" class=\"wp-image-92301\" width=\"395\" height=\"284\" srcset=\"https:\/\/v2charge.com\/wp-content\/uploads\/2023\/01\/RJ45-Esquema-de-conexiones.png 485w, https:\/\/v2charge.com\/wp-content\/uploads\/2023\/01\/RJ45-Esquema-de-conexiones-300x215.png 300w\" sizes=\"(max-width: 395px) 100vw, 395px\" \/><\/p>\n<p>RJ45 se um\u00edst\u00ed kabel komunikace UTP od e-Chargeru k otroku V2C 2.0, um\u00edst\u011bn\u00e9mu v hlavn\u00edm rozvad\u011b\u010di. P\u0159ipojen\u00ed kabelu UTP mus\u00ed spl\u0148ovat normu 568A nebo 568B pro p\u0159\u00edm\u00e9 p\u0159ipojen\u00ed. POZN\u00c1MKA: Nab\u00edjec\u00ed bod a invertor mus\u00ed b\u00fdt p\u0159ipojeny k hlavn\u00edmu rozvad\u011b\u010di dom\u00e1cnosti.<\/p>\n<div style=\"height:50px\" aria-hidden=\"true\" class=\"wp-block-spacer\"><\/div>\n<hr class=\"wp-block-separator has-alpha-channel-opacity\">\n<div style=\"height:50px\" aria-hidden=\"true\" class=\"wp-block-spacer\"><\/div>\n<h2>Otrok V2C 2.0<\/h2>\n<p><img decoding=\"async\" src=\"https:\/\/v2charge.com\/wp-content\/uploads\/2023\/01\/medidor-v2c-2-0-v2charge.png\" alt=\"M\u011b\u0159i\u010d V2C 2.0\" class=\"wp-image-92317\" width=\"598\" height=\"429\" srcset=\"https:\/\/v2charge.com\/wp-content\/uploads\/2023\/01\/medidor-v2c-2-0-v2charge.png 485w, https:\/\/v2charge.com\/wp-content\/uploads\/2023\/01\/medidor-v2c-2-0-v2charge-300x215.png 300w\" sizes=\"(max-width: 598px) 100vw, 598px\" \/><\/p>\n<p><strong>Otrok V2C 2.0<\/strong> je nejvyvinut\u011bj\u0161\u00ed a dosud nejpou\u017e\u00edvan\u011bj\u0161\u00ed verze. M\u00e1 men\u0161\u00ed rozm\u011bry ne\u017e otrok 1.0, ale<strong> zlep\u0161uje v\u00fdkon<\/strong>, proto\u017ee nab\u00edz\u00ed \u010dten\u00ed \u0161esti kan\u00e1l\u016f a umo\u017e\u0148uje \u0159\u00eddit sm\u011br proudu.<\/p>\n<h3>Jak prov\u00e9st instalaci m\u011b\u0159i\u010de V2C 2.0?<\/h3>\n<p>Jak bylo zm\u00edn\u011bno, \u0161est port\u016f m\u011b\u0159i\u010de V2C 2.0 mus\u00ed b\u00fdt p\u0159ipojeno podle n\u00e1sleduj\u00edc\u00edch krit\u00e9ri\u00ed.<\/p>\n<p><img decoding=\"async\" src=\"https:\/\/v2charge.com\/wp-content\/uploads\/2023\/01\/tabla-conexiones-medidor-v2c-2-0-03.png\" alt=\"Klasifikace p\u0159ipojen\u00ed M\u011b\u0159i\u010d V2C 2.0\" class=\"wp-image-92285\" width=\"604\" height=\"433\" srcset=\"https:\/\/v2charge.com\/wp-content\/uploads\/2023\/01\/tabla-conexiones-medidor-v2c-2-0-03.png 485w, https:\/\/v2charge.com\/wp-content\/uploads\/2023\/01\/tabla-conexiones-medidor-v2c-2-0-03-300x215.png 300w\" sizes=\"(max-width: 604px) 100vw, 604px\" \/><\/p>\n<p>Na jedn\u00e9 stran\u011b<strong>, P1, P2 a P3<\/strong> se pou\u017eij\u00ed pro um\u00edst\u011bn\u00ed amp\u00e9rmetrick\u00fdch kle\u0161t\u00ed, kter\u00e9 odpov\u00eddaj\u00ed ka\u017ed\u00e9 f\u00e1zi v rozvad\u011b\u010di. V\u017edy ve sm\u011bru podle sm\u011bru proudu.<\/p>\n<blockquote class=\"wp-block-quote\"><p><strong><em> POZN\u00c1MKA: Amp\u00e9rmetrick\u00e9 kle\u0161t\u011b nelze v \u017e\u00e1dn\u00e9m p\u0159\u00edpad\u011b manipulovat.<\/em><\/strong><\/p><\/blockquote>\n<p>Na druh\u00e9 stran\u011b <strong>P4, P5 a P6<\/strong> se pou\u017e\u00edvaj\u00ed pro um\u00edst\u011bn\u00ed amp\u00e9rmetrick\u00fdch kle\u0161t\u00ed, kter\u00e9 budou m\u011b\u0159it fotovoltaickou f\u00e1zi v odpov\u00eddaj\u00edc\u00edm po\u0159ad\u00ed. V\u017edy ve sm\u011bru podle sm\u011bru proudu.<\/p>\n<blockquote class=\"wp-block-quote\"><p><strong><em> POZN\u00c1MKA: V p\u0159\u00edpad\u011b pochybnost\u00ed o tom, jak prov\u00e9st instalaci, konzultujte r\u016fzn\u00e9 <a href=\"https:\/\/drive.google.com\/file\/d\/1ZsZVF-apWJRWDooyMyzvWH_rKYETGttH\/view\" target=\"_blank\" rel=\"noreferrer noopener\">mo\u017enosti platn\u00fdch sch\u00e9mat<\/a> pro identifikaci spr\u00e1vn\u00e9ho zp\u016fsobu um\u00edst\u011bn\u00ed r\u016fzn\u00fdch prvk\u016f, kter\u00e9 tvo\u0159\u00ed instalaci.<\/em><\/strong><\/p><\/blockquote>\n<div style=\"height:50px\" aria-hidden=\"true\" class=\"wp-block-spacer\"><\/div>\n<hr class=\"wp-block-separator has-alpha-channel-opacity\">\n<div style=\"height:50px\" aria-hidden=\"true\" class=\"wp-block-spacer\"><\/div>\n<h2>Otrok V2C 1.0<\/h2>\n<p><img decoding=\"async\" src=\"https:\/\/v2charge.com\/wp-content\/uploads\/2023\/01\/medidor-v2c-1-0-v2charge.png\" alt=\"M\u011b\u0159i\u010d V2C 1.0\" class=\"wp-image-92309\" width=\"553\" height=\"397\" srcset=\"https:\/\/v2charge.com\/wp-content\/uploads\/2023\/01\/medidor-v2c-1-0-v2charge.png 485w, https:\/\/v2charge.com\/wp-content\/uploads\/2023\/01\/medidor-v2c-1-0-v2charge-300x215.png 300w\" sizes=\"(max-width: 553px) 100vw, 553px\" \/><\/p>\n<p>Otrok V2C 1.0 je nejstar\u0161\u00ed verz\u00ed m\u011b\u0159i\u010d\u016f, kter\u00e9 jsou k dispozici. V sou\u010dasnosti je nejpou\u017e\u00edvan\u011bj\u0161\u00ed V2C 2.0, ale m\u016f\u017ee se st\u00e1t, \u017ee se n\u011bjak\u00fd instal\u00e1tor setk\u00e1 s instalacemi, kde byl pou\u017eit.<\/p>\n<h3>Jak prov\u00e9st instalaci m\u011b\u0159i\u010de V2C 1.0?<\/h3>\n<p>Tento otrok bude vhodn\u00fd pouze pro jednof\u00e1zov\u00e9 instalace nebo instalace jednof\u00e1zov\u00e9ho nab\u00edje\u010de s jednof\u00e1zovou FV, proto\u017ee umo\u017e\u0148uje vstup maxim\u00e1ln\u011b 3 amp\u00e9rmetrick\u00fdch kle\u0161t\u00ed.<\/p>\n<p><img decoding=\"async\" src=\"https:\/\/v2charge.com\/wp-content\/uploads\/2023\/01\/conexiones-pines-conector-v2c-1.0-03.png\" alt=\"P\u0159ipojen\u00ed instalac\u00ed V2C 1.0\" class=\"wp-image-92335\" width=\"673\" height=\"483\" srcset=\"https:\/\/v2charge.com\/wp-content\/uploads\/2023\/01\/conexiones-pines-conector-v2c-1.0-03.png 485w, https:\/\/v2charge.com\/wp-content\/uploads\/2023\/01\/conexiones-pines-conector-v2c-1.0-03-300x215.png 300w\" sizes=\"(max-width: 673px) 100vw, 673px\" \/><\/p>\n<p>Pro jednof\u00e1zov\u00e9 instalace mus\u00ed toroid (kle\u0161\u0165) \u010d\u00edst celkovou spot\u0159ebu dom\u00e1cnosti, v\u010detn\u011b nab\u00edjec\u00edho bodu. Pokud je instalace jednof\u00e1zov\u00e1, mus\u00ed b\u00fdt toroid nainstalov\u00e1n na p\u0159\u00edvodu do dom\u00e1cnosti nebo, v p\u0159\u00edpad\u011b pot\u0159eby, v komunitn\u00edch gar\u00e1\u017e\u00edch na kabelu, kter\u00fd p\u0159ich\u00e1z\u00ed z m\u011b\u0159i\u010de.<\/p>\n<p><em>Najd\u011bte f\u00e1zi, kter\u00e1 nap\u00e1j\u00ed celou instalaci. Obvykle to bude p\u0159\u00edvod z m\u011b\u0159i\u010de. Ten bude \u0161ed\u00fd, \u010dern\u00fd nebo hn\u011bd\u00fd. Pokud by byl t\u0159\u00edf\u00e1zov\u00fd, bude m\u00edt v\u0161echny 3.<\/em> Ka\u017ed\u00e1 kle\u0161\u0165 mus\u00ed obep\u00ednat odpov\u00eddaj\u00edc\u00ed f\u00e1zi. Pro t\u0159\u00edf\u00e1zov\u00e9 instalace ud\u011blejte p\u0159esn\u011b to sam\u00e9, ale se 3 f\u00e1zemi.<br \/>\n<img decoding=\"async\" width=\"622\" height=\"415\" src=\"https:\/\/v2charge.com\/wp-content\/uploads\/2022\/02\/conexionado-de-pinzas.jpg\" alt=\"\" class=\"wp-image-74300\" srcset=\"https:\/\/v2charge.com\/wp-content\/uploads\/2022\/02\/conexionado-de-pinzas.jpg 622w, https:\/\/v2charge.com\/wp-content\/uploads\/2022\/02\/conexionado-de-pinzas-300x200.jpg 300w\" sizes=\"(max-width: 622px) 100vw, 622px\" \/><\/p>\n<div style=\"height:50px\" aria-hidden=\"true\" class=\"wp-block-spacer\"><\/div>\n<hr class=\"wp-block-separator has-alpha-channel-opacity\">\n<div style=\"height:50px\" aria-hidden=\"true\" class=\"wp-block-spacer\"><\/div>\n<h2>M\u011b\u0159i\u010d Shelly<\/h2>\n<p>Jedn\u00e1 se o<strong> alternativu<\/strong>, kdy\u017e nen\u00ed mo\u017en\u00e9 p\u0159en\u00e9st<strong> Ethernetov\u00fd kabel<\/strong> od e-Chargeru k otroku. M\u016f\u017ee se tak\u00e9 pou\u017e\u00edt, kdy\u017e je invertor p\u0159ipojen k sekund\u00e1rn\u00edmu rozvad\u011b\u010di (nebo kdy\u017e je nab\u00edje\u010d p\u0159ipojen p\u0159\u00edmo k m\u011b\u0159i\u010di) a nen\u00ed mo\u017en\u00e9 m\u011b\u0159it jeho v\u00fdrobu.<\/p>\n<p>Je nutn\u00e9, aby<strong> m\u011b\u0159i\u010d Shelly<\/strong> a nab\u00edje\u010d m\u011bly p\u0159ipojen\u00ed WiFi. Tento m\u011b\u0159i\u010d je schopen m\u011b\u0159it sm\u011br proudu, tak\u017ee lze pou\u017e\u00edt<strong> t\u0159i re\u017eimy nab\u00edjen\u00ed FV<\/strong>, kter\u00e9 nab\u00edz\u00ed Trydan.<\/p>\n<p><img decoding=\"async\" src=\"https:\/\/v2charge.com\/wp-content\/uploads\/2023\/01\/shelly-trifasico-monofasico.png\" alt=\"Shelly T\u0159\u00edf\u00e1zov\u00fd a Jednof\u00e1zov\u00fd\" class=\"wp-image-92432\" width=\"612\" height=\"439\" srcset=\"https:\/\/v2charge.com\/wp-content\/uploads\/2023\/01\/shelly-trifasico-monofasico.png 485w, https:\/\/v2charge.com\/wp-content\/uploads\/2023\/01\/shelly-trifasico-monofasico-300x215.png 300w\" sizes=\"(max-width: 612px) 100vw, 612px\" \/><\/p>\n<h3>Jak prov\u00e9st instalaci m\u011b\u0159i\u010de Shelly?<\/h3>\n<p>Instalace m\u011b\u0159i\u010de Shelly bude odli\u0161n\u00e1 pro jednof\u00e1zov\u00e9 a t\u0159\u00edf\u00e1zov\u00e9 instalace, proto\u017ee za\u0159\u00edzen\u00ed se zm\u011bn\u00ed.<\/p>\n<h4>Shelly v jednof\u00e1zov\u00fdch instalac\u00edch<\/h4>\n<p><img decoding=\"async\" src=\"https:\/\/v2charge.com\/wp-content\/uploads\/2023\/01\/monofasico-esquema-shelly.png\" alt=\"P\u0159ipojen\u00ed Shelly Jednof\u00e1zov\u00fd\" class=\"wp-image-92392\" width=\"733\" height=\"375\" srcset=\"https:\/\/v2charge.com\/wp-content\/uploads\/2023\/01\/monofasico-esquema-shelly.png 570w, https:\/\/v2charge.com\/wp-content\/uploads\/2023\/01\/monofasico-esquema-shelly-300x154.png 300w\" sizes=\"(max-width: 733px) 100vw, 733px\" \/><\/p>\n<p>V<strong> mo\u017enosti 1<\/strong> nebude mo\u017en\u00e9 zjistit fotovoltaickou v\u00fdrobu, ale bude mo\u017en\u00e9 m\u011b\u0159it p\u0159ebytky. V<strong> mo\u017enosti 2<\/strong> bude mo\u017en\u00e9 zjistit fotovoltaickou v\u00fdrobu a p\u0159ebytky.<\/p>\n<p>V obou p\u0159\u00edpadech je Trydan kompatibiln\u00ed se t\u0159emi re\u017eimy nab\u00edjen\u00ed.<\/p>\n<h4>Shelly v t\u0159\u00edf\u00e1zov\u00fdch instalac\u00edch<\/h4>\n<p><img decoding=\"async\" src=\"https:\/\/v2charge.com\/wp-content\/uploads\/2023\/01\/shelly-trifa\u0301sico-medidor.png\" alt=\"P\u0159ipojen\u00ed Shelly T\u0159\u00edf\u00e1zov\u00fd\" class=\"wp-image-92407\" width=\"877\" height=\"361\"><\/p>\n<hr class=\"wp-block-separator has-alpha-channel-opacity\">\n<div style=\"height:50px\" aria-hidden=\"true\" class=\"wp-block-spacer\"><\/div>\n<h2>M\u011b\u0159i\u010d DDSU666-H<\/h2>\n<p>Tento m\u011b\u0159i\u010d pou\u017eijeme, kdy\u017e nen\u00ed mo\u017en\u00e9 prov\u00e9st instalaci s otroky V2C 1.0 nebo V2C 2.0 (proto\u017ee je invertor p\u0159ipojen k jin\u00e9mu rozvad\u011b\u010di ne\u017e nab\u00edje\u010d) a tak\u00e9 nen\u00ed k dispozici alternativa m\u00edt sign\u00e1l nebo p\u0159ipojen\u00ed WiFi (co\u017e bychom mohli pou\u017e\u00edt m\u011b\u0159i\u010d Shelly).<\/p>\n<p>V takov\u00e9m p\u0159\u00edpad\u011b, pokud je nutn\u00e9 pou\u017e\u00edt m\u011b\u0159i\u010d DDSU666-H, je t\u0159eba dodr\u017eovat p\u0159ipojen\u00ed tak, jak je zn\u00e1zorn\u011bno v n\u00e1sleduj\u00edc\u00edm sch\u00e9matu.<\/p>\n<h4>DDSU666-H jednof\u00e1zov\u00fd<\/h4>\n<p><img decoding=\"async\" src=\"https:\/\/v2charge.com\/wp-content\/uploads\/2023\/01\/DDSU66-medidor.png\" alt=\"\" class=\"wp-image-92450\" width=\"776\" height=\"413\" srcset=\"https:\/\/v2charge.com\/wp-content\/uploads\/2023\/01\/DDSU66-medidor.png 548w, https:\/\/v2charge.com\/wp-content\/uploads\/2023\/01\/DDSU66-medidor-300x160.png 300w\" sizes=\"(max-width: 776px) 100vw, 776px\" \/><\/p>\n<h4>DDSU666-H t\u0159\u00edf\u00e1zov\u00fd<\/h4>\n<p><img decoding=\"async\" src=\"https:\/\/v2charge.com\/wp-content\/uploads\/2023\/01\/DDSU66-medidor-trifa\u0301sico.png\" alt=\"\" class=\"wp-image-92460\" width=\"905\" height=\"427\" srcset=\"https:\/\/v2charge.com\/wp-content\/uploads\/2023\/01\/DDSU66-medidor-trifa\u0301sico.png 619w, https:\/\/v2charge.com\/wp-content\/uploads\/2023\/01\/DDSU66-medidor-trifa\u0301sico-300x142.png 300w\" sizes=\"(max-width: 905px) 100vw, 905px\" \/><\/p>\n<div style=\"height:50px\" aria-hidden=\"true\" class=\"wp-block-spacer\"><\/div>\n<hr class=\"wp-block-separator has-alpha-channel-opacity\">\n<h2>M\u011b\u0159i\u010d Wibeee Box<\/h2>\n<p>M\u011b\u0159i\u010d <strong>Wibeee Box<\/strong> se pou\u017eije, kdy\u017e chcete prov\u00e9st instalaci, kter\u00e1 poskytne p\u0159esn\u011bj\u0161\u00ed m\u011b\u0159en\u00ed, proto\u017ee tak\u00e9 m\u011b\u0159\u00ed nap\u011bt\u00ed. Pou\u017e\u00edv\u00e1 <strong>WiFi technologii a<\/strong> instalace UTP kabel\u00e1\u017ee by nebyla nutn\u00e1.<\/p>\n<p><img decoding=\"async\" src=\"https:\/\/v2charge.com\/wp-content\/uploads\/2023\/01\/esquema-wibeee-instalacion.png\" alt=\"P\u0159ipojen\u00ed M\u011b\u0159i\u010d Wibee Box\" class=\"wp-image-92490\" width=\"767\" height=\"362\" srcset=\"https:\/\/v2charge.com\/wp-content\/uploads\/2023\/01\/esquema-wibeee-instalacion.png 619w, https:\/\/v2charge.com\/wp-content\/uploads\/2023\/01\/esquema-wibeee-instalacion-300x142.png 300w\" sizes=\"(max-width: 767px) 100vw, 767px\" \/><\/p>\n","protected":false},"excerpt":{"rendered":"<p>\u0158\u00edzen\u00ed dynamick\u00e9 energie je za\u0159\u00edzen\u00ed, kter\u00e9 umo\u017e\u0148uje vyv\u00e1\u017eit v\u00fdkon e-Chargeru s p\u0159ebytkem energie v dom\u00e1cnosti nebo prov\u00e9st integraci fotovoltaiky. Za\u0159\u00edzen\u00ed, kter\u00e9 od nyn\u011bj\u0161ka nazveme &#8222;Otrokem&#8220; nebo &#8222;M\u011b\u0159i\u010dem&#8220;, umo\u017e\u0148uje m\u011b\u0159en\u00ed t\u011bchto spot\u0159eb, co\u017e e-Chargeru e-Charger umo\u017e\u0148uje zn\u00e1t v re\u00e1ln\u00e9m \u010dase po\u017eadovan\u00fd v\u00fdkon (nebo vyrobenou energii v p\u0159\u00edpad\u011b p\u0159isp\u011bn\u00ed obnoviteln\u00fdch zdroj\u016f) a prost\u0159ednictv\u00edm sv\u00e9ho algoritmu jej vyu\u017e\u00edt &#8230; <a title=\"Instalace dynamick\u00e9 kontroly v\u00fdkonu &#8211; Trydan\" class=\"read-more\" href=\"https:\/\/v2charge.com\/cs\/instalace-dynamicke-kontroly-v-konu-trydan\/\" aria-label=\"Read more about Instalace dynamick\u00e9 kontroly v\u00fdkonu &#8211; Trydan\">\u010c\u00edst d\u00e1l<\/a><\/p>\n","protected":false},"author":1,"featured_media":170354,"parent":0,"menu_order":0,"comment_status":"closed","ping_status":"closed","template":"","meta":{"_eb_attr":"","content-type":"","_uag_custom_page_level_css":"","footnotes":""},"class_list":["post-318304","page","type-page","status-publish","has-post-thumbnail"],"yoast_head":"<!-- This site is optimized with the Yoast SEO plugin v25.3.1 - https:\/\/yoast.com\/wordpress\/plugins\/seo\/ -->\n<title>Dynamick\u00e9 \u0159\u00edzen\u00ed v\u00fdkonu \u25b7 e-Charger Trydan | V2C<\/title>\n<meta name=\"description\" content=\"Pov\u00edme v\u00e1m, jak funguje dynamick\u00e9 \u0159\u00edzen\u00ed v\u00fdkonu v elektrick\u00e9m nab\u00edje\u010di Trydan: nejlep\u0161\u00ed na trhu pro va\u0161e elektrick\u00e9 vozidlo.\" \/>\n<meta name=\"robots\" content=\"index, follow, max-snippet:-1, max-image-preview:large, max-video-preview:-1\" \/>\n<link rel=\"canonical\" href=\"https:\/\/v2charge.com\/cs\/instalace-dynamicke-kontroly-v-konu-trydan\/\" \/>\n<meta property=\"og:locale\" content=\"cs_CZ\" \/>\n<meta property=\"og:type\" content=\"article\" \/>\n<meta property=\"og:title\" content=\"Dynamick\u00e9 \u0159\u00edzen\u00ed v\u00fdkonu \u25b7 e-Charger Trydan | V2C\" \/>\n<meta property=\"og:description\" content=\"Pov\u00edme v\u00e1m, jak funguje dynamick\u00e9 \u0159\u00edzen\u00ed v\u00fdkonu v elektrick\u00e9m nab\u00edje\u010di Trydan: nejlep\u0161\u00ed na trhu pro va\u0161e elektrick\u00e9 vozidlo.\" \/>\n<meta property=\"og:url\" content=\"https:\/\/v2charge.com\/cs\/instalace-dynamicke-kontroly-v-konu-trydan\/\" \/>\n<meta property=\"og:site_name\" content=\"V2C\" \/>\n<meta property=\"article:publisher\" content=\"https:\/\/www.facebook.com\/V2C.Charge\" \/>\n<meta property=\"article:modified_time\" content=\"2023-07-19T07:12:59+00:00\" \/>\n<meta property=\"og:image\" content=\"https:\/\/v2charge.com\/wp-content\/uploads\/2024\/07\/v2c-electric-chargers.jpg\" \/>\n\t<meta property=\"og:image:width\" content=\"1200\" \/>\n\t<meta property=\"og:image:height\" content=\"675\" \/>\n\t<meta property=\"og:image:type\" content=\"image\/jpeg\" \/>\n<meta name=\"twitter:card\" content=\"summary_large_image\" \/>\n<meta name=\"twitter:site\" content=\"@V2C_Charge\" \/>\n<meta name=\"twitter:label1\" content=\"Odhadovan\u00e1 doba \u010dten\u00ed\" \/>\n\t<meta name=\"twitter:data1\" content=\"7 minut\" \/>\n<script type=\"application\/ld+json\" class=\"yoast-schema-graph\">{\"@context\":\"https:\/\/schema.org\",\"@graph\":[{\"@type\":\"WebPage\",\"@id\":\"https:\/\/v2charge.com\/cs\/instalace-dynamicke-kontroly-v-konu-trydan\/\",\"url\":\"https:\/\/v2charge.com\/cs\/instalace-dynamicke-kontroly-v-konu-trydan\/\",\"name\":\"Dynamick\u00e9 \u0159\u00edzen\u00ed v\u00fdkonu \u25b7 e-Charger Trydan | V2C\",\"isPartOf\":{\"@id\":\"https:\/\/v2charge.com\/cs\/#website\"},\"primaryImageOfPage\":{\"@id\":\"https:\/\/v2charge.com\/cs\/instalace-dynamicke-kontroly-v-konu-trydan\/#primaryimage\"},\"image\":{\"@id\":\"https:\/\/v2charge.com\/cs\/instalace-dynamicke-kontroly-v-konu-trydan\/#primaryimage\"},\"thumbnailUrl\":\"https:\/\/v2charge.com\/wp-content\/uploads\/2024\/07\/v2c-electric-chargers.jpg\",\"datePublished\":\"2022-01-26T07:41:19+00:00\",\"dateModified\":\"2023-07-19T07:12:59+00:00\",\"description\":\"Pov\u00edme v\u00e1m, jak funguje dynamick\u00e9 \u0159\u00edzen\u00ed v\u00fdkonu v elektrick\u00e9m nab\u00edje\u010di Trydan: nejlep\u0161\u00ed na trhu pro va\u0161e elektrick\u00e9 vozidlo.\",\"breadcrumb\":{\"@id\":\"https:\/\/v2charge.com\/cs\/instalace-dynamicke-kontroly-v-konu-trydan\/#breadcrumb\"},\"inLanguage\":\"cs\",\"potentialAction\":[{\"@type\":\"ReadAction\",\"target\":[\"https:\/\/v2charge.com\/cs\/instalace-dynamicke-kontroly-v-konu-trydan\/\"]}]},{\"@type\":\"ImageObject\",\"inLanguage\":\"cs\",\"@id\":\"https:\/\/v2charge.com\/cs\/instalace-dynamicke-kontroly-v-konu-trydan\/#primaryimage\",\"url\":\"https:\/\/v2charge.com\/wp-content\/uploads\/2024\/07\/v2c-electric-chargers.jpg\",\"contentUrl\":\"https:\/\/v2charge.com\/wp-content\/uploads\/2024\/07\/v2c-electric-chargers.jpg\",\"width\":1200,\"height\":675,\"caption\":\"V2C Electric Chargers\"},{\"@type\":\"BreadcrumbList\",\"@id\":\"https:\/\/v2charge.com\/cs\/instalace-dynamicke-kontroly-v-konu-trydan\/#breadcrumb\",\"itemListElement\":[{\"@type\":\"ListItem\",\"position\":1,\"name\":\"V2C\",\"item\":\"https:\/\/v2charge.com\/cs\/\"},{\"@type\":\"ListItem\",\"position\":2,\"name\":\"Instalace dynamick\u00e9 kontroly v\u00fdkonu &#8211; Trydan\"}]},{\"@type\":\"WebSite\",\"@id\":\"https:\/\/v2charge.com\/cs\/#website\",\"url\":\"https:\/\/v2charge.com\/cs\/\",\"name\":\"V2C\",\"description\":\"#CargandoElMa\u00f1ana\",\"publisher\":{\"@id\":\"https:\/\/v2charge.com\/cs\/#organization\"},\"potentialAction\":[{\"@type\":\"SearchAction\",\"target\":{\"@type\":\"EntryPoint\",\"urlTemplate\":\"https:\/\/v2charge.com\/cs\/?s={search_term_string}\"},\"query-input\":{\"@type\":\"PropertyValueSpecification\",\"valueRequired\":true,\"valueName\":\"search_term_string\"}}],\"inLanguage\":\"cs\"},{\"@type\":\"Organization\",\"@id\":\"https:\/\/v2charge.com\/cs\/#organization\",\"name\":\"V2C\",\"url\":\"https:\/\/v2charge.com\/cs\/\",\"logo\":{\"@type\":\"ImageObject\",\"inLanguage\":\"cs\",\"@id\":\"https:\/\/v2charge.com\/cs\/#\/schema\/logo\/image\/\",\"url\":\"https:\/\/v2charge.com\/wp-content\/uploads\/2024\/11\/cropped-v2c-charge-logo-menu.png\",\"contentUrl\":\"https:\/\/v2charge.com\/wp-content\/uploads\/2024\/11\/cropped-v2c-charge-logo-menu.png\",\"width\":984,\"height\":431,\"caption\":\"V2C\"},\"image\":{\"@id\":\"https:\/\/v2charge.com\/cs\/#\/schema\/logo\/image\/\"},\"sameAs\":[\"https:\/\/www.facebook.com\/V2C.Charge\",\"https:\/\/x.com\/V2C_Charge\",\"https:\/\/www.instagram.com\/v2c.charge\/\",\"https:\/\/www.youtube.com\/@V2C\",\"https:\/\/www.linkedin.com\/company\/v2c-chargers\/\"]}]}<\/script>\n<!-- \/ Yoast SEO plugin. -->","yoast_head_json":{"title":"Dynamick\u00e9 \u0159\u00edzen\u00ed v\u00fdkonu \u25b7 e-Charger Trydan | V2C","description":"Pov\u00edme v\u00e1m, jak funguje dynamick\u00e9 \u0159\u00edzen\u00ed v\u00fdkonu v elektrick\u00e9m nab\u00edje\u010di Trydan: nejlep\u0161\u00ed na trhu pro va\u0161e elektrick\u00e9 vozidlo.","robots":{"index":"index","follow":"follow","max-snippet":"max-snippet:-1","max-image-preview":"max-image-preview:large","max-video-preview":"max-video-preview:-1"},"canonical":"https:\/\/v2charge.com\/cs\/instalace-dynamicke-kontroly-v-konu-trydan\/","og_locale":"cs_CZ","og_type":"article","og_title":"Dynamick\u00e9 \u0159\u00edzen\u00ed v\u00fdkonu \u25b7 e-Charger Trydan | V2C","og_description":"Pov\u00edme v\u00e1m, jak funguje dynamick\u00e9 \u0159\u00edzen\u00ed v\u00fdkonu v elektrick\u00e9m nab\u00edje\u010di Trydan: nejlep\u0161\u00ed na trhu pro va\u0161e elektrick\u00e9 vozidlo.","og_url":"https:\/\/v2charge.com\/cs\/instalace-dynamicke-kontroly-v-konu-trydan\/","og_site_name":"V2C","article_publisher":"https:\/\/www.facebook.com\/V2C.Charge","article_modified_time":"2023-07-19T07:12:59+00:00","og_image":[{"width":1200,"height":675,"url":"https:\/\/v2charge.com\/wp-content\/uploads\/2024\/07\/v2c-electric-chargers.jpg","type":"image\/jpeg"}],"twitter_card":"summary_large_image","twitter_site":"@V2C_Charge","twitter_misc":{"Odhadovan\u00e1 doba \u010dten\u00ed":"7 minut"},"schema":{"@context":"https:\/\/schema.org","@graph":[{"@type":"WebPage","@id":"https:\/\/v2charge.com\/cs\/instalace-dynamicke-kontroly-v-konu-trydan\/","url":"https:\/\/v2charge.com\/cs\/instalace-dynamicke-kontroly-v-konu-trydan\/","name":"Dynamick\u00e9 \u0159\u00edzen\u00ed v\u00fdkonu \u25b7 e-Charger Trydan | V2C","isPartOf":{"@id":"https:\/\/v2charge.com\/cs\/#website"},"primaryImageOfPage":{"@id":"https:\/\/v2charge.com\/cs\/instalace-dynamicke-kontroly-v-konu-trydan\/#primaryimage"},"image":{"@id":"https:\/\/v2charge.com\/cs\/instalace-dynamicke-kontroly-v-konu-trydan\/#primaryimage"},"thumbnailUrl":"https:\/\/v2charge.com\/wp-content\/uploads\/2024\/07\/v2c-electric-chargers.jpg","datePublished":"2022-01-26T07:41:19+00:00","dateModified":"2023-07-19T07:12:59+00:00","description":"Pov\u00edme v\u00e1m, jak funguje dynamick\u00e9 \u0159\u00edzen\u00ed v\u00fdkonu v elektrick\u00e9m nab\u00edje\u010di Trydan: nejlep\u0161\u00ed na trhu pro va\u0161e elektrick\u00e9 vozidlo.","breadcrumb":{"@id":"https:\/\/v2charge.com\/cs\/instalace-dynamicke-kontroly-v-konu-trydan\/#breadcrumb"},"inLanguage":"cs","potentialAction":[{"@type":"ReadAction","target":["https:\/\/v2charge.com\/cs\/instalace-dynamicke-kontroly-v-konu-trydan\/"]}]},{"@type":"ImageObject","inLanguage":"cs","@id":"https:\/\/v2charge.com\/cs\/instalace-dynamicke-kontroly-v-konu-trydan\/#primaryimage","url":"https:\/\/v2charge.com\/wp-content\/uploads\/2024\/07\/v2c-electric-chargers.jpg","contentUrl":"https:\/\/v2charge.com\/wp-content\/uploads\/2024\/07\/v2c-electric-chargers.jpg","width":1200,"height":675,"caption":"V2C Electric Chargers"},{"@type":"BreadcrumbList","@id":"https:\/\/v2charge.com\/cs\/instalace-dynamicke-kontroly-v-konu-trydan\/#breadcrumb","itemListElement":[{"@type":"ListItem","position":1,"name":"V2C","item":"https:\/\/v2charge.com\/cs\/"},{"@type":"ListItem","position":2,"name":"Instalace dynamick\u00e9 kontroly v\u00fdkonu &#8211; Trydan"}]},{"@type":"WebSite","@id":"https:\/\/v2charge.com\/cs\/#website","url":"https:\/\/v2charge.com\/cs\/","name":"V2C","description":"#CargandoElMa\u00f1ana","publisher":{"@id":"https:\/\/v2charge.com\/cs\/#organization"},"potentialAction":[{"@type":"SearchAction","target":{"@type":"EntryPoint","urlTemplate":"https:\/\/v2charge.com\/cs\/?s={search_term_string}"},"query-input":{"@type":"PropertyValueSpecification","valueRequired":true,"valueName":"search_term_string"}}],"inLanguage":"cs"},{"@type":"Organization","@id":"https:\/\/v2charge.com\/cs\/#organization","name":"V2C","url":"https:\/\/v2charge.com\/cs\/","logo":{"@type":"ImageObject","inLanguage":"cs","@id":"https:\/\/v2charge.com\/cs\/#\/schema\/logo\/image\/","url":"https:\/\/v2charge.com\/wp-content\/uploads\/2024\/11\/cropped-v2c-charge-logo-menu.png","contentUrl":"https:\/\/v2charge.com\/wp-content\/uploads\/2024\/11\/cropped-v2c-charge-logo-menu.png","width":984,"height":431,"caption":"V2C"},"image":{"@id":"https:\/\/v2charge.com\/cs\/#\/schema\/logo\/image\/"},"sameAs":["https:\/\/www.facebook.com\/V2C.Charge","https:\/\/x.com\/V2C_Charge","https:\/\/www.instagram.com\/v2c.charge\/","https:\/\/www.youtube.com\/@V2C","https:\/\/www.linkedin.com\/company\/v2c-chargers\/"]}]}},"uagb_featured_image_src":{"full":["https:\/\/v2charge.com\/wp-content\/uploads\/2024\/07\/v2c-electric-chargers.jpg",1200,675,false],"thumbnail":["https:\/\/v2charge.com\/wp-content\/uploads\/2024\/07\/v2c-electric-chargers-150x150.jpg",150,150,true],"medium":["https:\/\/v2charge.com\/wp-content\/uploads\/2024\/07\/v2c-electric-chargers-300x169.jpg",300,169,true],"medium_large":["https:\/\/v2charge.com\/wp-content\/uploads\/2024\/07\/v2c-electric-chargers-768x432.jpg",768,432,true],"large":["https:\/\/v2charge.com\/wp-content\/uploads\/2024\/07\/v2c-electric-chargers-1024x576.jpg",1024,576,true],"gs-tiny":["https:\/\/v2charge.com\/wp-content\/uploads\/2024\/07\/v2c-electric-chargers.jpg",50,28,false],"xl":["https:\/\/v2charge.com\/wp-content\/uploads\/2024\/07\/v2c-electric-chargers.jpg",1200,675,false],"xxl":["https:\/\/v2charge.com\/wp-content\/uploads\/2024\/07\/v2c-electric-chargers.jpg",1200,675,false],"xxxl":["https:\/\/v2charge.com\/wp-content\/uploads\/2024\/07\/v2c-electric-chargers.jpg",1200,675,false],"xxxxl":["https:\/\/v2charge.com\/wp-content\/uploads\/2024\/07\/v2c-electric-chargers.jpg",1200,675,false],"xxxxxl":["https:\/\/v2charge.com\/wp-content\/uploads\/2024\/07\/v2c-electric-chargers.jpg",1200,675,false],"1536x1536":["https:\/\/v2charge.com\/wp-content\/uploads\/2024\/07\/v2c-electric-chargers.jpg",1200,675,false],"2048x2048":["https:\/\/v2charge.com\/wp-content\/uploads\/2024\/07\/v2c-electric-chargers.jpg",1200,675,false]},"uagb_author_info":{"display_name":"V2C","author_link":"https:\/\/v2charge.com\/cs\/author\/root_k4eu7ki8\/"},"uagb_comment_info":0,"uagb_excerpt":"\u0158\u00edzen\u00ed dynamick\u00e9 energie je za\u0159\u00edzen\u00ed, kter\u00e9 umo\u017e\u0148uje vyv\u00e1\u017eit v\u00fdkon e-Chargeru s p\u0159ebytkem energie v dom\u00e1cnosti nebo prov\u00e9st integraci fotovoltaiky. Za\u0159\u00edzen\u00ed, kter\u00e9 od nyn\u011bj\u0161ka nazveme &#8222;Otrokem&#8220; nebo &#8222;M\u011b\u0159i\u010dem&#8220;, umo\u017e\u0148uje m\u011b\u0159en\u00ed t\u011bchto spot\u0159eb, co\u017e e-Chargeru e-Charger umo\u017e\u0148uje zn\u00e1t v re\u00e1ln\u00e9m \u010dase po\u017eadovan\u00fd v\u00fdkon (nebo vyrobenou energii v p\u0159\u00edpad\u011b p\u0159isp\u011bn\u00ed obnoviteln\u00fdch zdroj\u016f) a prost\u0159ednictv\u00edm sv\u00e9ho algoritmu jej vyu\u017e\u00edt&hellip;","_links":{"self":[{"href":"https:\/\/v2charge.com\/cs\/wp-json\/wp\/v2\/pages\/318304","targetHints":{"allow":["GET"]}}],"collection":[{"href":"https:\/\/v2charge.com\/cs\/wp-json\/wp\/v2\/pages"}],"about":[{"href":"https:\/\/v2charge.com\/cs\/wp-json\/wp\/v2\/types\/page"}],"author":[{"embeddable":true,"href":"https:\/\/v2charge.com\/cs\/wp-json\/wp\/v2\/users\/1"}],"replies":[{"embeddable":true,"href":"https:\/\/v2charge.com\/cs\/wp-json\/wp\/v2\/comments?post=318304"}],"version-history":[{"count":0,"href":"https:\/\/v2charge.com\/cs\/wp-json\/wp\/v2\/pages\/318304\/revisions"}],"wp:featuredmedia":[{"embeddable":true,"href":"https:\/\/v2charge.com\/cs\/wp-json\/wp\/v2\/media\/170354"}],"wp:attachment":[{"href":"https:\/\/v2charge.com\/cs\/wp-json\/wp\/v2\/media?parent=318304"}],"curies":[{"name":"wp","href":"https:\/\/api.w.org\/{rel}","templated":true}]}}