{"id":303488,"date":"2026-02-26T10:52:27","date_gmt":"2026-02-26T08:52:27","guid":{"rendered":"https:\/\/v2charge.com\/support\/trydan\/sustituicao-do-cabo-de-carga-padrao-por-cabo-com-botao-tesla\/"},"modified":"2026-02-27T14:11:54","modified_gmt":"2026-02-27T12:11:54","slug":"ersetzen-ladekabels-tesla","status":"publish","type":"page","link":"https:\/\/v2charge.com\/de\/support\/trydan\/ersetzen-ladekabels-tesla\/","title":{"rendered":"Ladekabel durch Tesla-Tasterkabel ersetzen"},"content":{"rendered":"\n<div class=\"wp-block-uagb-container uagb-block-2b438ecc alignfull uagb-is-root-container\"><div class=\"uagb-container-inner-blocks-wrap\">\n<div style=\"height:20px\" aria-hidden=\"true\" class=\"wp-block-spacer\"><\/div>\n\n\n<div class=\"yoast-breadcrumbs\"><span><span><a href=\"https:\/\/v2charge.com\/de\/\">V2C<\/a><\/span> \u00bb <span><a href=\"https:\/\/v2charge.com\/de\/support\/\">Support<\/a><\/span> \u00bb <span><a href=\"https:\/\/v2charge.com\/de\/support\/trydan\/\">Trydan-Support<\/a><\/span> \u00bb <span class=\"breadcrumb_last\" aria-current=\"page\">Austausch des Standard-Ladekabels am Trydan gegen ein Tesla-Tasterkabel<\/span><\/span><\/div>\n\n\n<div style=\"height:0px\" aria-hidden=\"true\" class=\"wp-block-spacer\"><\/div>\n\n\n\n<h1 class=\"wp-block-heading\" style=\"font-size:29px\">Tesla-Ladekabel am Trydan nachr\u00fcsten, so geht&#8217;s Schritt f\u00fcr Schritt<\/h1>\n\n\n\n<p>Diese Anleitung zeigt, <strong>wie das Standard-Ladekabel der Trydan Wallbox durch ein Tesla-Tasterkabel ersetzt werden kann<\/strong>. Alle relevanten Voraussetzungen, der genaue Ablauf sowie die abschlie\u00dfenden Checks sind hier zusammengefasst, f\u00fcr einen sicheren Tausch und einen einwandfreien Betrieb danach.<\/p>\n\n\n\n<div class=\"wp-block-uagb-container uagb-block-1f935475\">\n<div class=\"wp-block-uagb-container uagb-block-59eea2fc alignfull uagb-is-root-container\"><div class=\"uagb-container-inner-blocks-wrap\">\n<div class=\"wp-block-uagb-container uagb-block-56fcb881 default uagb-is-root-container\">\n<div class=\"wp-block-uagb-container uagb-block-bf93bb80\">      \n\t\t\t<div class=\"uagb-icon-wrapper uagb-block-256e660f      \"\n\t\t\tstyle=\"\" >\n\t\t\t\t\t\t\t\t\t<span class=\"uagb-svg-wrapper\" \n\t\t\t\t\t aria-label=\"triangle-exclamation\"\t\t\t\t\ttabindex=\"0\">\t\t\n\t\t\t\t\t\t\t\t\t\t<svg xmlns=\"https:\/\/www.w3.org\/2000\/svg\" viewBox= \"0 0 512 512\" role=\"graphics-symbol\" aria-hidden=\"false\" aria-label=\"\"><path d=\"M506.3 417l-213.3-364c-16.33-28-57.54-28-73.98 0l-213.2 364C-10.59 444.9 9.849 480 42.74 480h426.6C502.1 480 522.6 445 506.3 417zM232 168c0-13.25 10.75-24 24-24S280 154.8 280 168v128c0 13.25-10.75 24-23.1 24S232 309.3 232 296V168zM256 416c-17.36 0-31.44-14.08-31.44-31.44c0-17.36 14.07-31.44 31.44-31.44s31.44 14.08 31.44 31.44C287.4 401.9 273.4 416 256 416z\"><\/path><\/svg>\n\t\t\t\t\t\t\t\t\t<\/span>\n\t\t\t\t\t\t\t<\/div>\n\t\t\t<\/div>\n\n\n\n<div class=\"wp-block-uagb-container uagb-block-b8fad4aa\">\n<div class=\"wp-block-uagb-advanced-heading uagb-block-b57273fe\"><p class=\"uagb-heading-text\"><strong><strong>Achtung! Fachbetrieb erforderlich:<\/strong> Der Kabeltausch am Trydan darf ausschlie\u00dflich durch qualifiziertes Elektrofachpersonal mit Kenntnissen im Bereich EV-Ladeinfrastruktur erfolgen. Unsachgem\u00e4\u00dfe Eingriffe f\u00fchren zu Ger\u00e4tesch\u00e4den, elektrischen Sicherheitsrisiken und zum Erl\u00f6schen der Garantie. V2C haftet nicht f\u00fcr Sch\u00e4den, die durch nicht autorisierte Arbeiten entstehen.<\/strong><\/p><\/div>\n<\/div>\n\n\n\n<div class=\"wp-block-uagb-container uag-hide-mob uagb-block-c9a6d8e6\">      \n\t\t\t<div class=\"uagb-icon-wrapper uagb-block-49bd03e3     uag-hide-mob \"\n\t\t\tstyle=\"\" >\n\t\t\t\t\t\t\t\t\t<span class=\"uagb-svg-wrapper\" \n\t\t\t\t\t aria-label=\"triangle-exclamation\"\t\t\t\t\ttabindex=\"0\">\t\t\n\t\t\t\t\t\t\t\t\t\t<svg xmlns=\"https:\/\/www.w3.org\/2000\/svg\" viewBox= \"0 0 512 512\" role=\"graphics-symbol\" aria-hidden=\"false\" aria-label=\"\"><path d=\"M506.3 417l-213.3-364c-16.33-28-57.54-28-73.98 0l-213.2 364C-10.59 444.9 9.849 480 42.74 480h426.6C502.1 480 522.6 445 506.3 417zM232 168c0-13.25 10.75-24 24-24S280 154.8 280 168v128c0 13.25-10.75 24-23.1 24S232 309.3 232 296V168zM256 416c-17.36 0-31.44-14.08-31.44-31.44c0-17.36 14.07-31.44 31.44-31.44s31.44 14.08 31.44 31.44C287.4 401.9 273.4 416 256 416z\"><\/path><\/svg>\n\t\t\t\t\t\t\t\t\t<\/span>\n\t\t\t\t\t\t\t<\/div>\n\t\t\t<\/div>\n<\/div>\n<\/div><\/div>\n<\/div>\n\n\n\n<div class=\"wp-block-uagb-separator uagb-block-32088eae\"><div class=\"wp-block-uagb-separator__inner\" style=\"--my-background-image:\"><\/div><\/div>\n\n\n\n<h2 class=\"wp-block-heading\">So wird das Ladekabel ausgetauscht<\/h2>\n\n\n\n<div class=\"wp-block-uagb-info-box uagb-block-429858b8 uagb-infobox__content-wrap  uagb-infobox-icon-left uagb-infobox-left uagb-infobox-stacked-tablet uagb-infobox-image-valign-top\"><div class=\"uagb-ifb-image-content\"><img decoding=\"async\" src=\"https:\/\/v2charge.com\/wp-content\/uploads\/2023\/11\/numero-uno.png\" alt=\"\" width=\"35\" height=\"35\" loading=\"lazy\"\/><\/div><div class=\"uagb-ifb-content\"><div class=\"uagb-ifb-title-wrap\"><h3 class=\"uagb-ifb-title\">Standard-Ladekabel ausbauen<\/h3><\/div><p class=\"uagb-ifb-desc\">Vor Beginn der Arbeiten ist das Ger\u00e4t spannungsfrei zu schalten. Nach der Spannungsfreiheitspr\u00fcfung k\u00f6nnen die drei Anschl\u00fcsse (L, N und TT) mit einem geeigneten Schraubendreher sowie die Signalleitung (CP) des Standard-Ladekabels gel\u00f6st und entfernt werden.<\/p><div class=\"uagb-ifb-button-wrapper wp-block-button\"><a href=\"https:\/\/drive.google.com\/file\/d\/1zOzfsMjxh6s9f7M_n03nhRxqermfC-E8\/view?usp=drive_link\" class=\"uagb-infobox-cta-link wp-block-button__link\" target=\"_blank\" rel=\"noopener noreferrer\" onclick=\"return true;\"><span class=\"uagb-inline-editing\">Schritt im Video ansehen<\/span><\/a><\/div><\/div><\/div>\n\n\n\n<div class=\"wp-block-uagb-image uagb-block-990acfe5 wp-block-uagb-image--layout-default wp-block-uagb-image--effect-static wp-block-uagb-image--align-none\"><figure class=\"wp-block-uagb-image__figure\"><img decoding=\"async\" srcset=\"https:\/\/v2charge.com\/wp-content\/uploads\/2026\/02\/manguera-img-tesla.jpg ,https:\/\/v2charge.com\/wp-content\/uploads\/2026\/02\/manguera-img-tesla.jpg 780w, https:\/\/v2charge.com\/wp-content\/uploads\/2026\/02\/manguera-img-tesla.jpg 360w\" sizes=\"auto, (max-width: 480px) 150px\" src=\"https:\/\/v2charge.com\/wp-content\/uploads\/2026\/02\/manguera-img-tesla.jpg\" alt=\"\" class=\"uag-image-302711\" width=\"796\" height=\"577\" title=\"manguera-img-tesla\" loading=\"lazy\" role=\"img\"\/><figcaption class=\"uagb-image-caption\"><em>Abbildung der Leistungsplatine mit Standard-Ladekabel (4-adrig)<\/em><\/figcaption><\/figure><\/div>\n\n\n\n<div class=\"wp-block-uagb-container uagb-block-3620af45\">\n<div class=\"wp-block-uagb-info-box uagb-block-2b4fe711 uagb-infobox__content-wrap  uagb-infobox-icon-left uagb-infobox-left uagb-infobox-stacked-tablet uagb-infobox-image-valign-top smll-feature\"><div class=\"uagb-ifb-image-content\"><img decoding=\"async\" src=\"https:\/\/v2charge.com\/wp-content\/uploads\/2023\/11\/numero-uno.png\" alt=\"\" width=\"30\" height=\"30\" loading=\"lazy\"\/><\/div><div class=\"uagb-ifb-content\"><div class=\"uagb-ifb-title-wrap\"><\/div><p class=\"uagb-ifb-desc\">TT <\/p><\/div><\/div>\n\n\n\n<div class=\"wp-block-uagb-info-box uagb-block-0f36f0bc uagb-infobox__content-wrap  uagb-infobox-icon-left uagb-infobox-left uagb-infobox-stacked-tablet uagb-infobox-image-valign-top smll-feature\"><div class=\"uagb-ifb-image-content\"><img decoding=\"async\" src=\"https:\/\/v2charge.com\/wp-content\/uploads\/2023\/11\/numero-dos.png\" alt=\"\" width=\"30\" height=\"30\" loading=\"lazy\"\/><\/div><div class=\"uagb-ifb-content\"><div class=\"uagb-ifb-title-wrap\"><\/div><p class=\"uagb-ifb-desc\">N <\/p><\/div><\/div>\n\n\n\n<div class=\"wp-block-uagb-info-box uagb-block-fde67d81 uagb-infobox__content-wrap  uagb-infobox-icon-left uagb-infobox-left uagb-infobox-stacked-tablet uagb-infobox-image-valign-top smll-feature\"><div class=\"uagb-ifb-image-content\"><img decoding=\"async\" src=\"https:\/\/v2charge.com\/wp-content\/uploads\/2023\/11\/numero-tres.png\" alt=\"\" width=\"30\" height=\"30\" loading=\"lazy\"\/><\/div><div class=\"uagb-ifb-content\"><div class=\"uagb-ifb-title-wrap\"><\/div><p class=\"uagb-ifb-desc\">L <\/p><\/div><\/div>\n\n\n\n<div class=\"wp-block-uagb-info-box uagb-block-d5f62c39 uagb-infobox__content-wrap  uagb-infobox-icon-left uagb-infobox-left uagb-infobox-stacked-tablet uagb-infobox-image-valign-top smll-feature\"><div class=\"uagb-ifb-image-content\"><img decoding=\"async\" src=\"https:\/\/v2charge.com\/wp-content\/uploads\/2023\/11\/numero-cuatro.png\" alt=\"\" width=\"30\" height=\"30\" loading=\"lazy\"\/><\/div><div class=\"uagb-ifb-content\"><div class=\"uagb-ifb-title-wrap\"><\/div><p class=\"uagb-ifb-desc\">CP<\/p><\/div><\/div>\n<\/div>\n\n\n\n<hr class=\"wp-block-separator has-alpha-channel-opacity\"\/>\n\n\n\n<div class=\"wp-block-uagb-info-box uagb-block-59482f7b uagb-infobox__content-wrap  uagb-infobox-icon-left uagb-infobox-left uagb-infobox-stacked-tablet uagb-infobox-image-valign-top\"><div class=\"uagb-ifb-image-content\"><img decoding=\"async\" src=\"https:\/\/v2charge.com\/wp-content\/uploads\/2023\/11\/numero-dos.png\" alt=\"\" width=\"35\" height=\"35\" loading=\"lazy\"\/><\/div><div class=\"uagb-ifb-content\"><div class=\"uagb-ifb-title-wrap\"><h3 class=\"uagb-ifb-title\">Neues Tesla-Tasterkabel einbauen<\/h3><\/div><p class=\"uagb-ifb-desc\">F\u00fcr die Montage des neuen Ladekabels werden die Leitungen zun\u00e4chst durch die Kabelverschraubung ins Ger\u00e4teinnere gef\u00fchrt. Nach dem Festziehen der Verschraubung sind die f\u00fcnf Adern (L, N, TT, CP und P3+) gem\u00e4\u00df Anschlussdiagramm mit der Leistungsplatine zu verbinden.<\/p><div class=\"uagb-ifb-button-wrapper wp-block-button\"><a href=\"https:\/\/drive.google.com\/file\/d\/1wuxM_rg-OsAcZR_BG-AoCRrk29hhVJbk\/view?usp=drive_link\" class=\"uagb-infobox-cta-link wp-block-button__link\" target=\"_blank\" rel=\"noopener noreferrer\" onclick=\"return true;\"><span class=\"uagb-inline-editing\">Schritt im Video ansehen<\/span><\/a><\/div><\/div><\/div>\n\n\n\n<div class=\"wp-block-uagb-container uagb-block-ef540b82\">\n<div class=\"wp-block-uagb-image uagb-block-2a49393e wp-block-uagb-image--layout-default wp-block-uagb-image--effect-static wp-block-uagb-image--align-none\"><figure class=\"wp-block-uagb-image__figure\"><img decoding=\"async\" srcset=\"https:\/\/v2charge.com\/wp-content\/uploads\/2026\/02\/manguera-tesla-dos-img.jpg ,https:\/\/v2charge.com\/wp-content\/uploads\/2026\/02\/manguera-tesla-dos-img.jpg 780w, https:\/\/v2charge.com\/wp-content\/uploads\/2026\/02\/manguera-tesla-dos-img.jpg 360w\" sizes=\"auto, (max-width: 480px) 150px\" src=\"https:\/\/v2charge.com\/wp-content\/uploads\/2026\/02\/manguera-tesla-dos-img.jpg\" alt=\"\" class=\"uag-image-302734\" width=\"1585\" height=\"550\" title=\"manguera-tesla-dos-img\" loading=\"lazy\" role=\"img\"\/><figcaption class=\"uagb-image-caption\"><em>Abbildung der Leistungsplatine mit Ladekabel mit Tesla-Knopf (5-adrig)<\/em><\/figcaption><\/figure><\/div>\n\n\n\n<div class=\"wp-block-uagb-container uagb-block-9bfbc9f1\">\n<div class=\"wp-block-uagb-info-box uagb-block-b4f71e50 uagb-infobox__content-wrap  uagb-infobox-icon-left uagb-infobox-left uagb-infobox-stacked-tablet uagb-infobox-image-valign-top smll-feature\"><div class=\"uagb-ifb-image-content\"><img decoding=\"async\" src=\"https:\/\/v2charge.com\/wp-content\/uploads\/2023\/11\/numero-uno.png\" alt=\"\" width=\"30\" height=\"30\" loading=\"lazy\"\/><\/div><div class=\"uagb-ifb-content\"><div class=\"uagb-ifb-title-wrap\"><\/div><p class=\"uagb-ifb-desc\">TT <\/p><\/div><\/div>\n\n\n\n<div class=\"wp-block-uagb-info-box uagb-block-e245a335 uagb-infobox__content-wrap  uagb-infobox-icon-left uagb-infobox-left uagb-infobox-stacked-tablet uagb-infobox-image-valign-top smll-feature\"><div class=\"uagb-ifb-image-content\"><img decoding=\"async\" src=\"https:\/\/v2charge.com\/wp-content\/uploads\/2023\/11\/numero-dos.png\" alt=\"\" width=\"30\" height=\"30\" loading=\"lazy\"\/><\/div><div class=\"uagb-ifb-content\"><div class=\"uagb-ifb-title-wrap\"><\/div><p class=\"uagb-ifb-desc\">N <\/p><\/div><\/div>\n\n\n\n<div class=\"wp-block-uagb-info-box uagb-block-ebdb7322 uagb-infobox__content-wrap  uagb-infobox-icon-left uagb-infobox-left uagb-infobox-stacked-tablet uagb-infobox-image-valign-top smll-feature\"><div class=\"uagb-ifb-image-content\"><img decoding=\"async\" src=\"https:\/\/v2charge.com\/wp-content\/uploads\/2023\/11\/numero-tres.png\" alt=\"\" width=\"30\" height=\"30\" loading=\"lazy\"\/><\/div><div class=\"uagb-ifb-content\"><div class=\"uagb-ifb-title-wrap\"><\/div><p class=\"uagb-ifb-desc\">L <\/p><\/div><\/div>\n\n\n\n<div class=\"wp-block-uagb-info-box uagb-block-0cd0b764 uagb-infobox__content-wrap  uagb-infobox-icon-left uagb-infobox-left uagb-infobox-stacked-tablet uagb-infobox-image-valign-top smll-feature\"><div class=\"uagb-ifb-image-content\"><img decoding=\"async\" src=\"https:\/\/v2charge.com\/wp-content\/uploads\/2023\/11\/numero-cuatro.png\" alt=\"\" width=\"30\" height=\"30\" loading=\"lazy\"\/><\/div><div class=\"uagb-ifb-content\"><div class=\"uagb-ifb-title-wrap\"><\/div><p class=\"uagb-ifb-desc\">CP<\/p><\/div><\/div>\n\n\n\n<div class=\"wp-block-uagb-info-box uagb-block-aba11d09 uagb-infobox__content-wrap  uagb-infobox-icon-left uagb-infobox-left uagb-infobox-stacked-tablet uagb-infobox-image-valign-top smll-feature\"><div class=\"uagb-ifb-image-content\"><img decoding=\"async\" src=\"https:\/\/v2charge.com\/wp-content\/uploads\/2023\/11\/numero-cinco.png\" alt=\"\" width=\"30\" height=\"30\" loading=\"lazy\"\/><\/div><div class=\"uagb-ifb-content\"><div class=\"uagb-ifb-title-wrap\"><\/div><p class=\"uagb-ifb-desc\">P3 +<\/p><\/div><\/div>\n<\/div>\n<\/div>\n\n\n\n<hr class=\"wp-block-separator has-alpha-channel-opacity\"\/>\n\n\n\n<div class=\"wp-block-uagb-info-box uagb-block-16e6cee3 uagb-infobox__content-wrap  uagb-infobox-icon-left uagb-infobox-left uagb-infobox-stacked-tablet uagb-infobox-image-valign-top\"><div class=\"uagb-ifb-image-content\"><img decoding=\"async\" src=\"https:\/\/v2charge.com\/wp-content\/uploads\/2023\/11\/numero-tres.png\" alt=\"\" width=\"35\" height=\"35\" loading=\"lazy\"\/><\/div><div class=\"uagb-ifb-content\"><div class=\"uagb-ifb-title-wrap\"><h3 class=\"uagb-ifb-title\">Anschl\u00fcsse pr\u00fcfen und Ger\u00e4t starten<\/h3><\/div><p class=\"uagb-ifb-desc\">Nach der Kontrolle aller Anschl\u00fcsse \u2014 die drei Leistungsadern, die beiden Signalleitungen sowie die korrekte Einstellung der Kabelverschraubung \u2014 wird das Ger\u00e4t eingeschaltet und eine <a href=\"https:\/\/v2charge.com\/de\/support\/trydan\/ladegerat-kalibrieren\/\">Kalibrierung durchgef\u00fchrt<\/a>.<\/p><div class=\"uagb-ifb-button-wrapper wp-block-button\"><a href=\"https:\/\/drive.google.com\/file\/d\/17xGwMQ4temSpr_gNbBj98GxSSjjpLRIN\/view?usp=drive_link\" class=\"uagb-infobox-cta-link wp-block-button__link\" target=\"_blank\" rel=\"noopener noreferrer\" onclick=\"return true;\"><span class=\"uagb-inline-editing\">Schritt im Video ansehen<\/span><\/a><\/div><\/div><\/div>\n\n\n\n<div style=\"height:100px\" aria-hidden=\"true\" class=\"wp-block-spacer\"><\/div>\n<\/div><\/div>\n\n\n\n<div class=\"wp-block-uagb-container uagb-block-c6f38013 alignfull uagb-is-root-container\"><div class=\"uagb-container-inner-blocks-wrap\">\n<div class=\"wp-block-uagb-advanced-heading uagb-block-6963d70c\"><h2 class=\"uagb-heading-text\"><strong><strong>Support kontaktieren<\/strong><\/strong><\/h2><\/div>\n\n\n\n<div class=\"wp-block-uagb-advanced-heading uagb-block-408243eb\"><p class=\"uagb-heading-text\">Erstellen Sie eine Anfrage im Technical Support Centre und wir werden Sie so schnell wie m\u00f6glich kontaktieren, um Ihnen die beste L\u00f6sung anzubieten.<\/p><\/div>\n\n\n\n<div class=\"wp-block-uagb-buttons uagb-buttons__outer-wrap uagb-btn__default-btn uagb-btn-tablet__default-btn uagb-btn-mobile__default-btn uagb-block-ba1e67d1\"><div class=\"uagb-buttons__wrap uagb-buttons-layout-wrap \">\n<div class=\"wp-block-uagb-buttons-child uagb-buttons__outer-wrap uagb-block-23cfb623 wp-block-button\"><div class=\"uagb-button__wrapper\"><a class=\"uagb-buttons-repeater wp-block-button__link\" aria-label=\"\" href=\"https:\/\/v2charge.atlassian.net\/servicedesk\/customer\/portal\/3\" rel=\"follow noopener\" target=\"_blank\" role=\"button\"><div class=\"uagb-button__link\">Zum technischen Support<\/div><\/a><\/div><\/div>\n<\/div><\/div>\n<\/div><\/div>\n","protected":false},"excerpt":{"rendered":"<p>Tesla-Ladekabel am Trydan nachr\u00fcsten, so geht&#8217;s Schritt f\u00fcr Schritt Diese Anleitung zeigt, wie das Standard-Ladekabel der Trydan Wallbox durch ein Tesla-Tasterkabel ersetzt werden kann. Alle relevanten Voraussetzungen, der genaue Ablauf sowie die abschlie\u00dfenden Checks sind hier zusammengefasst, f\u00fcr einen sicheren Tausch und einen einwandfreien Betrieb danach. Achtung! Fachbetrieb erforderlich: Der Kabeltausch am Trydan darf ausschlie\u00dflich &#8230; <a title=\"Ladekabel durch Tesla-Tasterkabel ersetzen\" class=\"read-more\" href=\"https:\/\/v2charge.com\/de\/support\/trydan\/ersetzen-ladekabels-tesla\/\" aria-label=\"Mehr Informationen \u00fcber Ladekabel durch Tesla-Tasterkabel ersetzen\">Weiterlesen<\/a><\/p>\n","protected":false},"author":400,"featured_media":170350,"parent":75620,"menu_order":0,"comment_status":"closed","ping_status":"closed","template":"","meta":{"_eb_attr":"","content-type":"","_uag_custom_page_level_css":".smll-feature{\n\twidth: fit-content!important;\n\tmin-width: 80px!important;\n}\n.smll-feature .uagb-ifb-content{\nmin-width: 80px!important;\n}","footnotes":""},"class_list":["post-303488","page","type-page","status-publish","has-post-thumbnail"],"yoast_head":"<!-- This site is optimized with the Yoast SEO plugin v25.3.1 - https:\/\/yoast.com\/wordpress\/plugins\/seo\/ -->\n<title>Trydan: Standard-Ladekabel durch Tesla-Tasterkabel ersetzen<\/title>\n<meta name=\"description\" content=\"Schritt-f\u00fcr-Schritt-Anleitung: So wird das Standard-Ladekabel der Trydan Wallbox durch ein Tesla-Tasterkabel ersetzt. | V2C-Support\" \/>\n<meta name=\"robots\" content=\"index, follow, max-snippet:-1, max-image-preview:large, max-video-preview:-1\" \/>\n<link rel=\"canonical\" href=\"https:\/\/v2charge.com\/de\/support\/trydan\/ersetzen-ladekabels-tesla\/\" \/>\n<meta property=\"og:locale\" content=\"de_DE\" \/>\n<meta property=\"og:type\" content=\"article\" \/>\n<meta property=\"og:title\" content=\"Trydan: Standard-Ladekabel durch Tesla-Tasterkabel ersetzen\" \/>\n<meta property=\"og:description\" content=\"Schritt-f\u00fcr-Schritt-Anleitung: So wird das Standard-Ladekabel der Trydan Wallbox durch ein Tesla-Tasterkabel ersetzt. | V2C-Support\" \/>\n<meta property=\"og:url\" content=\"https:\/\/v2charge.com\/de\/support\/trydan\/ersetzen-ladekabels-tesla\/\" \/>\n<meta property=\"og:site_name\" content=\"V2C\" \/>\n<meta property=\"article:publisher\" content=\"https:\/\/www.facebook.com\/V2C.Charge\" \/>\n<meta property=\"article:modified_time\" content=\"2026-02-27T12:11:54+00:00\" \/>\n<meta property=\"og:image\" content=\"https:\/\/v2charge.com\/wp-content\/uploads\/2024\/07\/v2c-electric-chargers.jpg\" \/>\n\t<meta property=\"og:image:width\" content=\"1200\" \/>\n\t<meta property=\"og:image:height\" content=\"675\" \/>\n\t<meta property=\"og:image:type\" content=\"image\/jpeg\" \/>\n<meta name=\"twitter:card\" content=\"summary_large_image\" \/>\n<meta name=\"twitter:site\" content=\"@V2C_Charge\" \/>\n<meta name=\"twitter:label1\" content=\"Gesch\u00e4tzte Lesezeit\" \/>\n\t<meta name=\"twitter:data1\" content=\"5\u00a0Minuten\" \/>\n<script type=\"application\/ld+json\" class=\"yoast-schema-graph\">{\"@context\":\"https:\/\/schema.org\",\"@graph\":[{\"@type\":\"WebPage\",\"@id\":\"https:\/\/v2charge.com\/de\/support\/trydan\/ersetzen-ladekabels-tesla\/\",\"url\":\"https:\/\/v2charge.com\/de\/support\/trydan\/ersetzen-ladekabels-tesla\/\",\"name\":\"Trydan: Standard-Ladekabel durch Tesla-Tasterkabel ersetzen\",\"isPartOf\":{\"@id\":\"https:\/\/v2charge.com\/de\/#website\"},\"primaryImageOfPage\":{\"@id\":\"https:\/\/v2charge.com\/de\/support\/trydan\/ersetzen-ladekabels-tesla\/#primaryimage\"},\"image\":{\"@id\":\"https:\/\/v2charge.com\/de\/support\/trydan\/ersetzen-ladekabels-tesla\/#primaryimage\"},\"thumbnailUrl\":\"https:\/\/v2charge.com\/wp-content\/uploads\/2024\/07\/v2c-electric-chargers.jpg\",\"datePublished\":\"2026-02-26T08:52:27+00:00\",\"dateModified\":\"2026-02-27T12:11:54+00:00\",\"description\":\"Schritt-f\u00fcr-Schritt-Anleitung: So wird das Standard-Ladekabel der Trydan Wallbox durch ein Tesla-Tasterkabel ersetzt. | V2C-Support\",\"breadcrumb\":{\"@id\":\"https:\/\/v2charge.com\/de\/support\/trydan\/ersetzen-ladekabels-tesla\/#breadcrumb\"},\"inLanguage\":\"de\",\"potentialAction\":[{\"@type\":\"ReadAction\",\"target\":[\"https:\/\/v2charge.com\/de\/support\/trydan\/ersetzen-ladekabels-tesla\/\"]}]},{\"@type\":\"ImageObject\",\"inLanguage\":\"de\",\"@id\":\"https:\/\/v2charge.com\/de\/support\/trydan\/ersetzen-ladekabels-tesla\/#primaryimage\",\"url\":\"https:\/\/v2charge.com\/wp-content\/uploads\/2024\/07\/v2c-electric-chargers.jpg\",\"contentUrl\":\"https:\/\/v2charge.com\/wp-content\/uploads\/2024\/07\/v2c-electric-chargers.jpg\",\"width\":1200,\"height\":675,\"caption\":\"V2C Electric Chargers\"},{\"@type\":\"BreadcrumbList\",\"@id\":\"https:\/\/v2charge.com\/de\/support\/trydan\/ersetzen-ladekabels-tesla\/#breadcrumb\",\"itemListElement\":[{\"@type\":\"ListItem\",\"position\":1,\"name\":\"V2C\",\"item\":\"https:\/\/v2charge.com\/de\/\"},{\"@type\":\"ListItem\",\"position\":2,\"name\":\"Support\",\"item\":\"https:\/\/v2charge.com\/de\/support\/\"},{\"@type\":\"ListItem\",\"position\":3,\"name\":\"Trydan-Support\",\"item\":\"https:\/\/v2charge.com\/de\/support\/trydan\/\"},{\"@type\":\"ListItem\",\"position\":4,\"name\":\"Austausch des Standard-Ladekabels am Trydan gegen ein Tesla-Tasterkabel\"}]},{\"@type\":\"WebSite\",\"@id\":\"https:\/\/v2charge.com\/de\/#website\",\"url\":\"https:\/\/v2charge.com\/de\/\",\"name\":\"V2C\",\"description\":\"#CargandoElMa\u00f1ana\",\"publisher\":{\"@id\":\"https:\/\/v2charge.com\/de\/#organization\"},\"potentialAction\":[{\"@type\":\"SearchAction\",\"target\":{\"@type\":\"EntryPoint\",\"urlTemplate\":\"https:\/\/v2charge.com\/de\/?s={search_term_string}\"},\"query-input\":{\"@type\":\"PropertyValueSpecification\",\"valueRequired\":true,\"valueName\":\"search_term_string\"}}],\"inLanguage\":\"de\"},{\"@type\":\"Organization\",\"@id\":\"https:\/\/v2charge.com\/de\/#organization\",\"name\":\"V2C\",\"url\":\"https:\/\/v2charge.com\/de\/\",\"logo\":{\"@type\":\"ImageObject\",\"inLanguage\":\"de\",\"@id\":\"https:\/\/v2charge.com\/de\/#\/schema\/logo\/image\/\",\"url\":\"https:\/\/v2charge.com\/wp-content\/uploads\/2024\/11\/cropped-v2c-charge-logo-menu.png\",\"contentUrl\":\"https:\/\/v2charge.com\/wp-content\/uploads\/2024\/11\/cropped-v2c-charge-logo-menu.png\",\"width\":984,\"height\":431,\"caption\":\"V2C\"},\"image\":{\"@id\":\"https:\/\/v2charge.com\/de\/#\/schema\/logo\/image\/\"},\"sameAs\":[\"https:\/\/www.facebook.com\/V2C.Charge\",\"https:\/\/x.com\/V2C_Charge\",\"https:\/\/www.instagram.com\/v2c.charge\/\",\"https:\/\/www.youtube.com\/@V2C\",\"https:\/\/www.linkedin.com\/company\/v2c-chargers\/\"]}]}<\/script>\n<!-- \/ Yoast SEO plugin. -->","yoast_head_json":{"title":"Trydan: Standard-Ladekabel durch Tesla-Tasterkabel ersetzen","description":"Schritt-f\u00fcr-Schritt-Anleitung: So wird das Standard-Ladekabel der Trydan Wallbox durch ein Tesla-Tasterkabel ersetzt. | V2C-Support","robots":{"index":"index","follow":"follow","max-snippet":"max-snippet:-1","max-image-preview":"max-image-preview:large","max-video-preview":"max-video-preview:-1"},"canonical":"https:\/\/v2charge.com\/de\/support\/trydan\/ersetzen-ladekabels-tesla\/","og_locale":"de_DE","og_type":"article","og_title":"Trydan: Standard-Ladekabel durch Tesla-Tasterkabel ersetzen","og_description":"Schritt-f\u00fcr-Schritt-Anleitung: So wird das Standard-Ladekabel der Trydan Wallbox durch ein Tesla-Tasterkabel ersetzt. | V2C-Support","og_url":"https:\/\/v2charge.com\/de\/support\/trydan\/ersetzen-ladekabels-tesla\/","og_site_name":"V2C","article_publisher":"https:\/\/www.facebook.com\/V2C.Charge","article_modified_time":"2026-02-27T12:11:54+00:00","og_image":[{"width":1200,"height":675,"url":"https:\/\/v2charge.com\/wp-content\/uploads\/2024\/07\/v2c-electric-chargers.jpg","type":"image\/jpeg"}],"twitter_card":"summary_large_image","twitter_site":"@V2C_Charge","twitter_misc":{"Gesch\u00e4tzte Lesezeit":"5\u00a0Minuten"},"schema":{"@context":"https:\/\/schema.org","@graph":[{"@type":"WebPage","@id":"https:\/\/v2charge.com\/de\/support\/trydan\/ersetzen-ladekabels-tesla\/","url":"https:\/\/v2charge.com\/de\/support\/trydan\/ersetzen-ladekabels-tesla\/","name":"Trydan: Standard-Ladekabel durch Tesla-Tasterkabel ersetzen","isPartOf":{"@id":"https:\/\/v2charge.com\/de\/#website"},"primaryImageOfPage":{"@id":"https:\/\/v2charge.com\/de\/support\/trydan\/ersetzen-ladekabels-tesla\/#primaryimage"},"image":{"@id":"https:\/\/v2charge.com\/de\/support\/trydan\/ersetzen-ladekabels-tesla\/#primaryimage"},"thumbnailUrl":"https:\/\/v2charge.com\/wp-content\/uploads\/2024\/07\/v2c-electric-chargers.jpg","datePublished":"2026-02-26T08:52:27+00:00","dateModified":"2026-02-27T12:11:54+00:00","description":"Schritt-f\u00fcr-Schritt-Anleitung: So wird das Standard-Ladekabel der Trydan Wallbox durch ein Tesla-Tasterkabel ersetzt. | V2C-Support","breadcrumb":{"@id":"https:\/\/v2charge.com\/de\/support\/trydan\/ersetzen-ladekabels-tesla\/#breadcrumb"},"inLanguage":"de","potentialAction":[{"@type":"ReadAction","target":["https:\/\/v2charge.com\/de\/support\/trydan\/ersetzen-ladekabels-tesla\/"]}]},{"@type":"ImageObject","inLanguage":"de","@id":"https:\/\/v2charge.com\/de\/support\/trydan\/ersetzen-ladekabels-tesla\/#primaryimage","url":"https:\/\/v2charge.com\/wp-content\/uploads\/2024\/07\/v2c-electric-chargers.jpg","contentUrl":"https:\/\/v2charge.com\/wp-content\/uploads\/2024\/07\/v2c-electric-chargers.jpg","width":1200,"height":675,"caption":"V2C Electric Chargers"},{"@type":"BreadcrumbList","@id":"https:\/\/v2charge.com\/de\/support\/trydan\/ersetzen-ladekabels-tesla\/#breadcrumb","itemListElement":[{"@type":"ListItem","position":1,"name":"V2C","item":"https:\/\/v2charge.com\/de\/"},{"@type":"ListItem","position":2,"name":"Support","item":"https:\/\/v2charge.com\/de\/support\/"},{"@type":"ListItem","position":3,"name":"Trydan-Support","item":"https:\/\/v2charge.com\/de\/support\/trydan\/"},{"@type":"ListItem","position":4,"name":"Austausch des Standard-Ladekabels am Trydan gegen ein Tesla-Tasterkabel"}]},{"@type":"WebSite","@id":"https:\/\/v2charge.com\/de\/#website","url":"https:\/\/v2charge.com\/de\/","name":"V2C","description":"#CargandoElMa\u00f1ana","publisher":{"@id":"https:\/\/v2charge.com\/de\/#organization"},"potentialAction":[{"@type":"SearchAction","target":{"@type":"EntryPoint","urlTemplate":"https:\/\/v2charge.com\/de\/?s={search_term_string}"},"query-input":{"@type":"PropertyValueSpecification","valueRequired":true,"valueName":"search_term_string"}}],"inLanguage":"de"},{"@type":"Organization","@id":"https:\/\/v2charge.com\/de\/#organization","name":"V2C","url":"https:\/\/v2charge.com\/de\/","logo":{"@type":"ImageObject","inLanguage":"de","@id":"https:\/\/v2charge.com\/de\/#\/schema\/logo\/image\/","url":"https:\/\/v2charge.com\/wp-content\/uploads\/2024\/11\/cropped-v2c-charge-logo-menu.png","contentUrl":"https:\/\/v2charge.com\/wp-content\/uploads\/2024\/11\/cropped-v2c-charge-logo-menu.png","width":984,"height":431,"caption":"V2C"},"image":{"@id":"https:\/\/v2charge.com\/de\/#\/schema\/logo\/image\/"},"sameAs":["https:\/\/www.facebook.com\/V2C.Charge","https:\/\/x.com\/V2C_Charge","https:\/\/www.instagram.com\/v2c.charge\/","https:\/\/www.youtube.com\/@V2C","https:\/\/www.linkedin.com\/company\/v2c-chargers\/"]}]}},"uagb_featured_image_src":{"full":["https:\/\/v2charge.com\/wp-content\/uploads\/2024\/07\/v2c-electric-chargers.jpg",1200,675,false],"thumbnail":["https:\/\/v2charge.com\/wp-content\/uploads\/2024\/07\/v2c-electric-chargers-150x150.jpg",150,150,true],"medium":["https:\/\/v2charge.com\/wp-content\/uploads\/2024\/07\/v2c-electric-chargers-300x169.jpg",300,169,true],"medium_large":["https:\/\/v2charge.com\/wp-content\/uploads\/2024\/07\/v2c-electric-chargers-768x432.jpg",768,432,true],"large":["https:\/\/v2charge.com\/wp-content\/uploads\/2024\/07\/v2c-electric-chargers-1024x576.jpg",1024,576,true],"gs-tiny":["https:\/\/v2charge.com\/wp-content\/uploads\/2024\/07\/v2c-electric-chargers.jpg",50,28,false],"xl":["https:\/\/v2charge.com\/wp-content\/uploads\/2024\/07\/v2c-electric-chargers.jpg",1200,675,false],"xxl":["https:\/\/v2charge.com\/wp-content\/uploads\/2024\/07\/v2c-electric-chargers.jpg",1200,675,false],"xxxl":["https:\/\/v2charge.com\/wp-content\/uploads\/2024\/07\/v2c-electric-chargers.jpg",1200,675,false],"xxxxl":["https:\/\/v2charge.com\/wp-content\/uploads\/2024\/07\/v2c-electric-chargers.jpg",1200,675,false],"xxxxxl":["https:\/\/v2charge.com\/wp-content\/uploads\/2024\/07\/v2c-electric-chargers.jpg",1200,675,false],"1536x1536":["https:\/\/v2charge.com\/wp-content\/uploads\/2024\/07\/v2c-electric-chargers.jpg",1200,675,false],"2048x2048":["https:\/\/v2charge.com\/wp-content\/uploads\/2024\/07\/v2c-electric-chargers.jpg",1200,675,false]},"uagb_author_info":{"display_name":"V2C","author_link":"https:\/\/v2charge.com\/de\/author\/marketing\/"},"uagb_comment_info":0,"uagb_excerpt":"Tesla-Ladekabel am Trydan nachr\u00fcsten, so geht&#8217;s Schritt f\u00fcr Schritt Diese Anleitung zeigt, wie das Standard-Ladekabel der Trydan Wallbox durch ein Tesla-Tasterkabel ersetzt werden kann. Alle relevanten Voraussetzungen, der genaue Ablauf sowie die abschlie\u00dfenden Checks sind hier zusammengefasst, f\u00fcr einen sicheren Tausch und einen einwandfreien Betrieb danach. Achtung! Fachbetrieb erforderlich: Der Kabeltausch am Trydan darf ausschlie\u00dflich&hellip;","_links":{"self":[{"href":"https:\/\/v2charge.com\/de\/wp-json\/wp\/v2\/pages\/303488","targetHints":{"allow":["GET"]}}],"collection":[{"href":"https:\/\/v2charge.com\/de\/wp-json\/wp\/v2\/pages"}],"about":[{"href":"https:\/\/v2charge.com\/de\/wp-json\/wp\/v2\/types\/page"}],"author":[{"embeddable":true,"href":"https:\/\/v2charge.com\/de\/wp-json\/wp\/v2\/users\/400"}],"replies":[{"embeddable":true,"href":"https:\/\/v2charge.com\/de\/wp-json\/wp\/v2\/comments?post=303488"}],"version-history":[{"count":5,"href":"https:\/\/v2charge.com\/de\/wp-json\/wp\/v2\/pages\/303488\/revisions"}],"predecessor-version":[{"id":304033,"href":"https:\/\/v2charge.com\/de\/wp-json\/wp\/v2\/pages\/303488\/revisions\/304033"}],"up":[{"embeddable":true,"href":"https:\/\/v2charge.com\/de\/wp-json\/wp\/v2\/pages\/75620"}],"wp:featuredmedia":[{"embeddable":true,"href":"https:\/\/v2charge.com\/de\/wp-json\/wp\/v2\/media\/170350"}],"wp:attachment":[{"href":"https:\/\/v2charge.com\/de\/wp-json\/wp\/v2\/media?parent=303488"}],"curies":[{"name":"wp","href":"https:\/\/api.w.org\/{rel}","templated":true}]}}