{"id":174551,"date":"2024-10-07T08:03:40","date_gmt":"2024-10-07T06:03:40","guid":{"rendered":"https:\/\/v2charge.com\/?page_id=174551"},"modified":"2026-04-14T08:04:21","modified_gmt":"2026-04-14T06:04:21","slug":"personalizacion","status":"publish","type":"page","link":"https:\/\/v2charge.com\/es\/soporte\/control-potencia\/personalizacion\/","title":{"rendered":"Personalizar control de potencia"},"content":{"rendered":"\n<div class=\"wp-block-uagb-container uagb-block-9d828d1c alignfull uagb-is-root-container\"><div class=\"uagb-container-inner-blocks-wrap\"><div class=\"yoast-breadcrumbs\"><span><span><a href=\"https:\/\/v2charge.com\/es\/\">V2C<\/a><\/span> \u00bb <span><a href=\"https:\/\/v2charge.com\/es\/soporte\/\">\u00c1rea de Soporte<\/a><\/span> \u00bb <span><a href=\"https:\/\/v2charge.com\/es\/soporte\/control-potencia\/\">Control de potencia<\/a><\/span> \u00bb <span class=\"breadcrumb_last\" aria-current=\"page\">Personalizaci\u00f3n<\/span><\/span><\/div>\n\n\n<div class=\"wp-block-uagb-advanced-heading uagb-block-be8360a4\"><h1 class=\"uagb-heading-text\">\u00bfC\u00f3mo personalizar el control de potencia?<\/h1><\/div>\n\n\n\n<p>A continuaci\u00f3n, te presentamos una gu\u00eda completa para <strong>realizar la personalizaci\u00f3n de manera efectiva y asegurar un rendimiento \u00f3ptimo del control de potencia<\/strong>.<br><br>Es importante tener en cuenta que esta es solo una gu\u00eda que <strong>debes adaptar a tus necesidades espec\u00edficas<\/strong>, tarifas, tipo de instalaci\u00f3n y estilo de vida. M\u00e1s all\u00e1 de c\u00f3mo personalizar el control de potencia, lo verdaderamente importante es entender el porqu\u00e9:<strong> disfrutar de todos los beneficios que la personalizaci\u00f3n ofrece, como un ahorro significativo en el consumo energ\u00e9tico y un uso m\u00e1s eficiente de la energ\u00eda<\/strong>.<br><br>Los usuarios de los puntos de recarga que tengan activada cualquiera de las modalidades del control de potencia, pueden <strong>personalizarla<\/strong> a trav\u00e9s de la app<strong> V2C Cloud <\/strong>o a trav\u00e9s del portal<strong> www.v2c.cloud<\/strong> seleccionando el e-Charger y accediendo a su configuraci\u00f3n.<\/p>\n<\/div><\/div>\n\n\n\n<div id=\"personalizar-cdp\" class=\"wp-block-uagb-container uagb-block-51cecb7c alignfull uagb-is-root-container\"><div class=\"uagb-container-inner-blocks-wrap\">\n<div class=\"wp-block-uagb-container uagb-block-35ce92e5\">\n<div class=\"wp-block-uagb-advanced-heading uagb-block-35de26b6\"><h2 class=\"uagb-heading-text\"><strong>Regular la intensidad de carga<\/strong><\/h2><\/div>\n\n\n\n<p>La funci\u00f3n m\u00e1s b\u00e1sica de la <strong>personalizaci\u00f3n<\/strong> del control de potencia, sea cual sea tu e-Charger, te permite determinar el intervalo entre la <strong>intensidad m\u00ednima<\/strong> y <strong>m\u00e1xima<\/strong> entre la que oscilar\u00e1 la carga con tan solo deslizar a izquierda o derecha.<\/p>\n\n\n\n<p>En caso de disponer de un e-Charger Pole Pro configura ambos valores para cada toma.<\/p>\n\n\n\n<p><strong>Debes tener en cuenta que, entre el valor m\u00e1ximo de la intensidad de carga que asignes y el valor de la potencia contratada, siempre prevalecer\u00e1 el que sea inferior.<\/strong><\/p>\n<\/div>\n\n\n\n<div class=\"wp-block-uagb-container uagb-block-e26e9b1b\">\t\t\t\t\t<div\n\t\t\t\t\t\tclass=\"wp-block-uagb-image-gallery uagb-block-e5de16fb     \"\n\t\t\t\t\t\tstyle=\"\"\n\t\t\t\t\t>\n\t\t\t\t\t\t\t\t\t\t\t<div class=\"spectra-image-gallery spectra-image-gallery__layout--carousel\">\n\t\t\t\t\t\t\t\t<div class=\"uagb-slick-carousel uagb-block-e5de16fb\">\n\t\t\t\t\t\t\t\t\t\t\t\t<div class='spectra-image-gallery__media-wrapper' data-spectra-gallery-image-id='262982'>\n\t\t\t\t\t\t\t<div class=\"spectra-image-gallery__media spectra-image-gallery__media--carousel\">\n\t\t\t\t<picture>\n\t\t\t\t\t<source media=\"(min-width: 1024px)\" srcset=\"https:\/\/v2charge.com\/wp-content\/uploads\/2025\/10\/limites-intensidad.png\">\n\t\t\t\t\t<source media=\"(min-width: 768px)\" srcset=\"https:\/\/v2charge.com\/wp-content\/uploads\/2025\/10\/limites-intensidad.png\">\n\t\t\t\t\t<img decoding=\"async\" class=\"spectra-image-gallery__media-thumbnail spectra-image-gallery__media-thumbnail--carousel\" src=\"https:\/\/v2charge.com\/wp-content\/uploads\/2025\/10\/limites-intensidad.png\" alt=\"\" loading=\"lazy\" \/>\n\t\t\t\t<\/picture>\n\t\t\t\t<div class=\"spectra-image-gallery__media-thumbnail-blurrer\"><\/div>\n\t\t\t\t\t\t\t<\/div>\n\t\t\t\t\t\t\t\t<div class=\"spectra-image-gallery__media-thumbnail-caption-wrapper spectra-image-gallery__media-thumbnail-caption-wrapper--bar-outside\">\n\t\t\t\t\t\t\t\t\t\t<div class=\"spectra-image-gallery__media-thumbnail-caption spectra-image-gallery__media-thumbnail-caption--bar-outside\">\n\t\t\t\t\t<strong>PASO 1<br><\/strong>Haz clic en &#8216;L\u00edmites de intensidad&#8217;\t\t\t\t<\/div>\n\t\t\t\t\t\t\t\t<\/div>\n\t\t\t\t\t\t\t<\/div>\n\t\t\t\t\t\t<div class='spectra-image-gallery__media-wrapper' data-spectra-gallery-image-id='262993'>\n\t\t\t\t\t\t\t<div class=\"spectra-image-gallery__media spectra-image-gallery__media--carousel\">\n\t\t\t\t<picture>\n\t\t\t\t\t<source media=\"(min-width: 1024px)\" srcset=\"https:\/\/v2charge.com\/wp-content\/uploads\/2025\/10\/intensidad-carga.png\">\n\t\t\t\t\t<source media=\"(min-width: 768px)\" srcset=\"https:\/\/v2charge.com\/wp-content\/uploads\/2025\/10\/intensidad-carga.png\">\n\t\t\t\t\t<img decoding=\"async\" class=\"spectra-image-gallery__media-thumbnail spectra-image-gallery__media-thumbnail--carousel\" src=\"https:\/\/v2charge.com\/wp-content\/uploads\/2025\/10\/intensidad-carga.png\" alt=\"\" loading=\"lazy\" \/>\n\t\t\t\t<\/picture>\n\t\t\t\t<div class=\"spectra-image-gallery__media-thumbnail-blurrer\"><\/div>\n\t\t\t\t\t\t\t<\/div>\n\t\t\t\t\t\t\t\t<div class=\"spectra-image-gallery__media-thumbnail-caption-wrapper spectra-image-gallery__media-thumbnail-caption-wrapper--bar-outside\">\n\t\t\t\t\t\t\t\t\t\t<div class=\"spectra-image-gallery__media-thumbnail-caption spectra-image-gallery__media-thumbnail-caption--bar-outside\">\n\t\t\t\t\t<strong>PASO 2<br><\/strong>Selecciona la intensidad m\u00ednima y m\u00e1xima de carga\t\t\t\t<\/div>\n\t\t\t\t\t\t\t\t<\/div>\n\t\t\t\t\t\t\t<\/div>\n\t\t\t\t\t\t\t\t\t\t\t<\/div>\n\t\t\t\t\t\t\t<\/div>\n\t\t\t\t\t\t\t\t\t\t\t<\/div>\n\t\t\t\t\t\t\t\t\t<\/div>\n<\/div><\/div>\n\n\n\n<div id=\"perfiles-carga\" class=\"wp-block-uagb-container uagb-block-01264ea2 alignfull uagb-is-root-container\"><div class=\"uagb-container-inner-blocks-wrap\">\n<div class=\"wp-block-uagb-advanced-heading uagb-block-6d0b9aca\"><h2 class=\"uagb-heading-text\">Configurar los <strong>perfiles de carga<\/strong><\/h2><\/div>\n\n\n\n<p>Los <strong>perfiles de carga<\/strong> nos permiten <strong>establecer diferentes potencias contratadas seg\u00fan las franjas horarias<\/strong>, <strong>regulando as\u00ed la intensidad<\/strong>. Para ello, se deben <strong>definir tramos de potencia que cubran por completo las 24 horas del d\u00eda<\/strong>, sin dejar espacios vac\u00edos, tanto de lunes a viernes como los fines de semana. <strong>Si no se completan correctamente, no ser\u00e1 posible guardar la configuraci\u00f3n personalizada.<\/strong><\/p>\n\n\n\n<div class=\"wp-block-uagb-container uagb-block-cf35e118 default uagb-is-root-container\">\n<div class=\"wp-block-uagb-container uagb-block-9aeda165\">\n<div class=\"wp-block-uagb-image aligncenter uagb-block-db4bf749 wp-block-uagb-image--layout-default wp-block-uagb-image--effect-static wp-block-uagb-image--align-center\"><figure class=\"wp-block-uagb-image__figure\"><img decoding=\"async\" srcset=\"https:\/\/v2charge.com\/wp-content\/uploads\/2023\/11\/icon-important.png ,https:\/\/v2charge.com\/wp-content\/uploads\/2023\/11\/icon-important.png 780w, https:\/\/v2charge.com\/wp-content\/uploads\/2023\/11\/icon-important.png 360w\" sizes=\"auto, (max-width: 480px) 150px\" src=\"https:\/\/v2charge.com\/wp-content\/uploads\/2023\/11\/icon-important.png\" alt=\"\" class=\"uag-image-125013\" width=\"50\" height=\"50\" title=\"\" loading=\"lazy\" role=\"img\"\/><\/figure><\/div>\n<\/div>\n\n\n\n<div class=\"wp-block-uagb-container uagb-block-a4037b1f\">\n<div class=\"wp-block-uagb-advanced-heading uagb-block-527665eb\"><p class=\"uagb-heading-text\"><strong>ATENCI\u00d3N:<\/strong> Es imprescindible configurar al menos <strong>un perfil de carga que cubra las 24 horas del d\u00eda<\/strong>, tanto en d\u00edas entre semana como en fines de semana.<\/p><\/div>\n<\/div>\n<\/div>\n<\/div><\/div>\n\n\n\n<div id=\"personalizar-cdp\" class=\"wp-block-uagb-container uagb-block-b75aab1a alignfull uagb-is-root-container\"><div class=\"uagb-container-inner-blocks-wrap\">\n<div class=\"wp-block-uagb-container uagb-block-5e9f73d5\">\t\t\t\t\t<div\n\t\t\t\t\t\tclass=\"wp-block-uagb-image-gallery uagb-block-7bfe5a39     \"\n\t\t\t\t\t\tstyle=\"\"\n\t\t\t\t\t>\n\t\t\t\t\t\t\t\t\t\t\t<div class=\"spectra-image-gallery spectra-image-gallery__layout--carousel\">\n\t\t\t\t\t\t\t\t<div class=\"uagb-slick-carousel uagb-block-7bfe5a39\">\n\t\t\t\t\t\t\t\t\t\t\t\t<div class='spectra-image-gallery__media-wrapper' data-spectra-gallery-image-id='262924'>\n\t\t\t\t\t\t\t<div class=\"spectra-image-gallery__media spectra-image-gallery__media--carousel\">\n\t\t\t\t<picture>\n\t\t\t\t\t<source media=\"(min-width: 1024px)\" srcset=\"https:\/\/v2charge.com\/wp-content\/uploads\/2025\/10\/perfiles-carga.png\">\n\t\t\t\t\t<source media=\"(min-width: 768px)\" srcset=\"https:\/\/v2charge.com\/wp-content\/uploads\/2025\/10\/perfiles-carga.png\">\n\t\t\t\t\t<img decoding=\"async\" class=\"spectra-image-gallery__media-thumbnail spectra-image-gallery__media-thumbnail--carousel\" src=\"https:\/\/v2charge.com\/wp-content\/uploads\/2025\/10\/perfiles-carga.png\" alt=\"\" loading=\"lazy\" \/>\n\t\t\t\t<\/picture>\n\t\t\t\t<div class=\"spectra-image-gallery__media-thumbnail-blurrer\"><\/div>\n\t\t\t\t\t\t\t<\/div>\n\t\t\t\t\t\t\t\t<div class=\"spectra-image-gallery__media-thumbnail-caption-wrapper spectra-image-gallery__media-thumbnail-caption-wrapper--bar-outside\">\n\t\t\t\t\t\t\t\t\t\t<div class=\"spectra-image-gallery__media-thumbnail-caption spectra-image-gallery__media-thumbnail-caption--bar-outside\">\n\t\t\t\t\t<strong>PASO 1<\/strong><br>Haz clic en &#8216;Perfiles de carga&#8217;\t\t\t\t<\/div>\n\t\t\t\t\t\t\t\t<\/div>\n\t\t\t\t\t\t\t<\/div>\n\t\t\t\t\t\t<div class='spectra-image-gallery__media-wrapper' data-spectra-gallery-image-id='263017'>\n\t\t\t\t\t\t\t<div class=\"spectra-image-gallery__media spectra-image-gallery__media--carousel\">\n\t\t\t\t<picture>\n\t\t\t\t\t<source media=\"(min-width: 1024px)\" srcset=\"https:\/\/v2charge.com\/wp-content\/uploads\/2025\/10\/agregar-nueva-configuracion.png\">\n\t\t\t\t\t<source media=\"(min-width: 768px)\" srcset=\"https:\/\/v2charge.com\/wp-content\/uploads\/2025\/10\/agregar-nueva-configuracion.png\">\n\t\t\t\t\t<img decoding=\"async\" class=\"spectra-image-gallery__media-thumbnail spectra-image-gallery__media-thumbnail--carousel\" src=\"https:\/\/v2charge.com\/wp-content\/uploads\/2025\/10\/agregar-nueva-configuracion.png\" alt=\"\" loading=\"lazy\" \/>\n\t\t\t\t<\/picture>\n\t\t\t\t<div class=\"spectra-image-gallery__media-thumbnail-blurrer\"><\/div>\n\t\t\t\t\t\t\t<\/div>\n\t\t\t\t\t\t\t\t<div class=\"spectra-image-gallery__media-thumbnail-caption-wrapper spectra-image-gallery__media-thumbnail-caption-wrapper--bar-outside\">\n\t\t\t\t\t\t\t\t\t\t<div class=\"spectra-image-gallery__media-thumbnail-caption spectra-image-gallery__media-thumbnail-caption--bar-outside\">\n\t\t\t\t\t<strong>PASO 2<\/strong><br>Selecciona &#8216;Agregar nueva configuraci\u00f3n&#8217;\t\t\t\t<\/div>\n\t\t\t\t\t\t\t\t<\/div>\n\t\t\t\t\t\t\t<\/div>\n\t\t\t\t\t\t<div class='spectra-image-gallery__media-wrapper' data-spectra-gallery-image-id='263032'>\n\t\t\t\t\t\t\t<div class=\"spectra-image-gallery__media spectra-image-gallery__media--carousel\">\n\t\t\t\t<picture>\n\t\t\t\t\t<source media=\"(min-width: 1024px)\" srcset=\"https:\/\/v2charge.com\/wp-content\/uploads\/2025\/10\/agregar-tramo.png\">\n\t\t\t\t\t<source media=\"(min-width: 768px)\" srcset=\"https:\/\/v2charge.com\/wp-content\/uploads\/2025\/10\/agregar-tramo.png\">\n\t\t\t\t\t<img decoding=\"async\" class=\"spectra-image-gallery__media-thumbnail spectra-image-gallery__media-thumbnail--carousel\" src=\"https:\/\/v2charge.com\/wp-content\/uploads\/2025\/10\/agregar-tramo.png\" alt=\"\" loading=\"lazy\" \/>\n\t\t\t\t<\/picture>\n\t\t\t\t<div class=\"spectra-image-gallery__media-thumbnail-blurrer\"><\/div>\n\t\t\t\t\t\t\t<\/div>\n\t\t\t\t\t\t\t\t<div class=\"spectra-image-gallery__media-thumbnail-caption-wrapper spectra-image-gallery__media-thumbnail-caption-wrapper--bar-outside\">\n\t\t\t\t\t\t\t\t\t\t<div class=\"spectra-image-gallery__media-thumbnail-caption spectra-image-gallery__media-thumbnail-caption--bar-outside\">\n\t\t\t\t\t<strong>PASO 3<\/strong><br>Haz clic en &#8216;Agregar tramo&#8217;\t\t\t\t<\/div>\n\t\t\t\t\t\t\t\t<\/div>\n\t\t\t\t\t\t\t<\/div>\n\t\t\t\t\t\t<div class='spectra-image-gallery__media-wrapper' data-spectra-gallery-image-id='263044'>\n\t\t\t\t\t\t\t<div class=\"spectra-image-gallery__media spectra-image-gallery__media--carousel\">\n\t\t\t\t<picture>\n\t\t\t\t\t<source media=\"(min-width: 1024px)\" srcset=\"https:\/\/v2charge.com\/wp-content\/uploads\/2025\/10\/configurar-potencia-instalacion.png\">\n\t\t\t\t\t<source media=\"(min-width: 768px)\" srcset=\"https:\/\/v2charge.com\/wp-content\/uploads\/2025\/10\/configurar-potencia-instalacion.png\">\n\t\t\t\t\t<img decoding=\"async\" class=\"spectra-image-gallery__media-thumbnail spectra-image-gallery__media-thumbnail--carousel\" src=\"https:\/\/v2charge.com\/wp-content\/uploads\/2025\/10\/configurar-potencia-instalacion.png\" alt=\"\" loading=\"lazy\" \/>\n\t\t\t\t<\/picture>\n\t\t\t\t<div class=\"spectra-image-gallery__media-thumbnail-blurrer\"><\/div>\n\t\t\t\t\t\t\t<\/div>\n\t\t\t\t\t\t\t\t<div class=\"spectra-image-gallery__media-thumbnail-caption-wrapper spectra-image-gallery__media-thumbnail-caption-wrapper--bar-outside\">\n\t\t\t\t\t\t\t\t\t\t<div class=\"spectra-image-gallery__media-thumbnail-caption spectra-image-gallery__media-thumbnail-caption--bar-outside\">\n\t\t\t\t\t<strong>PASO 4<\/strong><br>A\u00f1ade los tramos de potencias contratadas, completando las 24 horas del d\u00eda tanto entre semana como los fines de semana\t\t\t\t<\/div>\n\t\t\t\t\t\t\t\t<\/div>\n\t\t\t\t\t\t\t<\/div>\n\t\t\t\t\t\t<div class='spectra-image-gallery__media-wrapper' data-spectra-gallery-image-id='263059'>\n\t\t\t\t\t\t\t<div class=\"spectra-image-gallery__media spectra-image-gallery__media--carousel\">\n\t\t\t\t<picture>\n\t\t\t\t\t<source media=\"(min-width: 1024px)\" srcset=\"https:\/\/v2charge.com\/wp-content\/uploads\/2025\/10\/tramo-potencias.png\">\n\t\t\t\t\t<source media=\"(min-width: 768px)\" srcset=\"https:\/\/v2charge.com\/wp-content\/uploads\/2025\/10\/tramo-potencias.png\">\n\t\t\t\t\t<img decoding=\"async\" class=\"spectra-image-gallery__media-thumbnail spectra-image-gallery__media-thumbnail--carousel\" src=\"https:\/\/v2charge.com\/wp-content\/uploads\/2025\/10\/tramo-potencias.png\" alt=\"\" loading=\"lazy\" \/>\n\t\t\t\t<\/picture>\n\t\t\t\t<div class=\"spectra-image-gallery__media-thumbnail-blurrer\"><\/div>\n\t\t\t\t\t\t\t<\/div>\n\t\t\t\t\t\t\t\t<div class=\"spectra-image-gallery__media-thumbnail-caption-wrapper spectra-image-gallery__media-thumbnail-caption-wrapper--bar-outside\">\n\t\t\t\t\t\t\t\t\t\t<div class=\"spectra-image-gallery__media-thumbnail-caption spectra-image-gallery__media-thumbnail-caption--bar-outside\">\n\t\t\t\t\t<strong>PASO 5<\/strong><br>Una vez a\u00f1adidos los tramos de potencias, haz clic en &#8216;Guardar&#8217;\t\t\t\t<\/div>\n\t\t\t\t\t\t\t\t<\/div>\n\t\t\t\t\t\t\t<\/div>\n\t\t\t\t\t\t<div class='spectra-image-gallery__media-wrapper' data-spectra-gallery-image-id='263072'>\n\t\t\t\t\t\t\t<div class=\"spectra-image-gallery__media spectra-image-gallery__media--carousel\">\n\t\t\t\t<picture>\n\t\t\t\t\t<source media=\"(min-width: 1024px)\" srcset=\"https:\/\/v2charge.com\/wp-content\/uploads\/2025\/10\/nombre-perfil-carga.png\">\n\t\t\t\t\t<source media=\"(min-width: 768px)\" srcset=\"https:\/\/v2charge.com\/wp-content\/uploads\/2025\/10\/nombre-perfil-carga.png\">\n\t\t\t\t\t<img decoding=\"async\" class=\"spectra-image-gallery__media-thumbnail spectra-image-gallery__media-thumbnail--carousel\" src=\"https:\/\/v2charge.com\/wp-content\/uploads\/2025\/10\/nombre-perfil-carga.png\" alt=\"\" loading=\"lazy\" \/>\n\t\t\t\t<\/picture>\n\t\t\t\t<div class=\"spectra-image-gallery__media-thumbnail-blurrer\"><\/div>\n\t\t\t\t\t\t\t<\/div>\n\t\t\t\t\t\t\t\t<div class=\"spectra-image-gallery__media-thumbnail-caption-wrapper spectra-image-gallery__media-thumbnail-caption-wrapper--bar-outside\">\n\t\t\t\t\t\t\t\t\t\t<div class=\"spectra-image-gallery__media-thumbnail-caption spectra-image-gallery__media-thumbnail-caption--bar-outside\">\n\t\t\t\t\t<strong>PASO 6<\/strong><br>Indica un nombre al perfil de carga y haz clic en &#8216;Guardar&#8217;\t\t\t\t<\/div>\n\t\t\t\t\t\t\t\t<\/div>\n\t\t\t\t\t\t\t<\/div>\n\t\t\t\t\t\t\t\t\t\t\t<\/div>\n\t\t\t\t\t\t\t<\/div>\n\t\t\t\t\t\t\t\t\t\t\t<\/div>\n\t\t\t\t\t\t\t\t\t<\/div>\n\n\n\n<div class=\"wp-block-uagb-container uagb-block-7c281fc5\">\n<div class=\"wp-block-uagb-image uagb-block-ec2c3c7d wp-block-uagb-image--layout-default wp-block-uagb-image--effect-static wp-block-uagb-image--align-none\"><figure class=\"wp-block-uagb-image__figure\"><img decoding=\"async\" srcset=\"https:\/\/v2charge.com\/wp-content\/uploads\/2024\/09\/icono-sin-fotovoltaica.png ,https:\/\/v2charge.com\/wp-content\/uploads\/2024\/09\/icono-sin-fotovoltaica.png 780w, https:\/\/v2charge.com\/wp-content\/uploads\/2024\/09\/icono-sin-fotovoltaica.png 360w\" sizes=\"auto, (max-width: 480px) 150px\" src=\"https:\/\/v2charge.com\/wp-content\/uploads\/2024\/09\/icono-sin-fotovoltaica.png\" alt=\"\" class=\"uag-image-179530\" width=\"70\" height=\"70\" title=\"icono-sin-fotovoltaica\" loading=\"lazy\" role=\"img\"\/><\/figure><\/div>\n\n\n\n<div class=\"wp-block-uagb-advanced-heading uagb-block-a7c6d39b\"><h3 class=\"uagb-heading-text\">Perfiles de carga <strong>SIN energ\u00eda fotovoltaica<\/strong><\/h3><\/div>\n\n\n\n<!DOCTYPE html>\n<html lang=\"es\">\n<head>\n    <meta charset=\"UTF-8\">\n    <meta name=\"viewport\" content=\"width=device-width, initial-scale=1.0\">\n    <title>Pesta\u00f1as (Tabs)<\/title>\n    <style>\n        \/* Estilos para el contenedor de pesta\u00f1as *\/\n        .tabs-group .tabs {\n    display: flex;\n    justify-content: center;\n    width: 100%;\n}\n\n.tabs-group .tab {\n    width: 50%;\n    text-align: center;\n    padding: 10px 0;\n    border-bottom: 2px solid #ccc;\n    background-color: transparent;\n    transition: border-bottom 0.3s, font-weight 0.3s;\n    cursor: pointer;\n}\n\n.tabs-group .tab.active {\n    border-bottom: 4px solid #000000;\n    font-weight: bold;\n}\n\n.tabs-group .tab-content {\n    display: none;\n    padding: 0px;\n    padding-top: 20px;\n}\n\n.tabs-group .tab-content.active {\n    display: block;\n        }\n    <\/style>\n<\/head>\n<body>\n\n<div class=\"tabs-group\" id=\"group1\">\n    <div class=\"tabs\">\n        <div class=\"tab active\" onclick=\"openTab(event, 'tab1-group1')\">Trydan |\u00a0Trydan Pro<\/div>\n        <div class=\"tab\" onclick=\"openTab(event, 'tab2-group1')\">Pole Pro<\/div>\n    <\/div>\n\n    <div id=\"tab1-group1\" class=\"tab-content active\">\n        <p>Accede al apartado <strong>\u2018Perfiles de carga\u2019<\/strong> para planificar diferentes personalizaciones del control de potencia. Puedes <strong>configurar la selecci\u00f3n de los tramos de potencia por horas y por potencia contratada, as\u00ed como diferenciar entre fin de semana y entre semana.*<\/strong><\/p>\n        <p>Es posible realizar la configuraci\u00f3n a trav\u00e9s de Bluetooth o WiFi (en caso de disponer de esta conexi\u00f3n).<\/p>\n        <p><strong>La personalizaci\u00f3n de los perfiles de carga solo se puede realizar si previamente el control de potencia est\u00e1 configurado y activado correctamente.<\/strong><\/p>\n    <\/div>\n\n    <div id=\"tab2-group1\" class=\"tab-content\">\n        <p>Accede al apartado <strong>\u2019Perfiles de carga\u2019<\/strong> para planificar distintas personalizaciones del control de potencia. En este apartado, <strong>podr\u00e1s ajustar los rangos de potencia en funci\u00f3n de las horas y la potencia contratada, diferenciando entre los d\u00edas laborables y los fines de semana.<\/strong><\/p>\n        <p>Para configurar Pole Pro, adem\u00e1s de la potencia contratada, <strong>es necesario establecer el l\u00edmite de intensidad por fase, ya sea en un cargador monof\u00e1sico o trif\u00e1sico. Para llevar a cabo esta configuraci\u00f3n correctamente, debes tener en cuenta el esquema unifilar o mapa de fases de la instalaci\u00f3n del equipo.<\/strong><\/p>\n        <p>Ten en cuenta que <strong>la personalizaci\u00f3n de los perfiles de carga solo es posible si el control de potencia ha sido configurado y activado previamente de manera correcta.<\/strong><\/p>\n    <\/div>\n<\/div>\n\n    <script>\n  function openTab(evt, tabId) {\n    \/\/ Encuentra el grupo de pesta\u00f1as actual (padre m\u00e1s cercano con la clase 'tabs-group')\n    const group = evt.currentTarget.closest('.tabs-group');\n\n    \/\/ Oculta todo el contenido de las pesta\u00f1as en este grupo\n    const tabContent = group.querySelectorAll('.tab-content');\n    tabContent.forEach(content => content.classList.remove('active'));\n\n    \/\/ Remueve la clase 'active' de todas las pesta\u00f1as en este grupo\n    const tabs = group.querySelectorAll('.tab');\n    tabs.forEach(tab => tab.classList.remove('active'));\n\n    \/\/ Muestra el contenido de la pesta\u00f1a seleccionada en este grupo\n    group.querySelector('#' + tabId).classList.add('active');\n\n    \/\/ A\u00f1ade la clase 'active' a la pesta\u00f1a seleccionada en este grupo\n    evt.currentTarget.classList.add('active');\n}\n\n    <\/script>\n\n<\/body>\n<\/html>\n\n\n\n<p class=\"has-text-color\" style=\"color:#747474;font-size:14px\">* Al seleccionar, editar o eliminar una personalizaci\u00f3n pulsar el bot\u00f3n guardar para asegurar que todos los cambios se guardan correctamente. <br>** Es imprescindible rellenar los tramos horarios por completo, las 24 horas del d\u00eda sin dejar hueco y todos los d\u00edas de la semana. En caso de no ser as\u00ed, no es posible guardar la personalizaci\u00f3n.<\/p>\n<\/div>\n<\/div><\/div>\n\n\n\n<div class=\"wp-block-uagb-separator uagb-block-ffa46680\"><div class=\"wp-block-uagb-separator__inner\" style=\"--my-background-image:\"><\/div><\/div>\n\n\n\n<div id=\"energia-fotovoltaica\" class=\"wp-block-uagb-container uagb-block-c2fd9a38 alignfull uagb-is-root-container\"><div class=\"uagb-container-inner-blocks-wrap\">\n<div class=\"wp-block-uagb-container uagb-block-ba45b0d5\">\n<div class=\"wp-block-uagb-image uagb-block-b09e2c81 wp-block-uagb-image--layout-default wp-block-uagb-image--effect-static wp-block-uagb-image--align-none\"><figure class=\"wp-block-uagb-image__figure\"><img decoding=\"async\" srcset=\"https:\/\/v2charge.com\/wp-content\/uploads\/2024\/09\/icono-fotovoltaica.png ,https:\/\/v2charge.com\/wp-content\/uploads\/2024\/09\/icono-fotovoltaica.png 780w, https:\/\/v2charge.com\/wp-content\/uploads\/2024\/09\/icono-fotovoltaica.png 360w\" sizes=\"auto, (max-width: 480px) 150px\" src=\"https:\/\/v2charge.com\/wp-content\/uploads\/2024\/09\/icono-fotovoltaica.png\" alt=\"\" class=\"uag-image-179570\" width=\"65\" height=\"65\" title=\"icono-fotovoltaica\" loading=\"lazy\" role=\"img\"\/><\/figure><\/div>\n<\/div>\n\n\n\n<div class=\"wp-block-uagb-container uagb-block-960209a7\">\n<div class=\"wp-block-uagb-advanced-heading uagb-block-51d1d857\"><h3 class=\"uagb-heading-text\">Perfiles de carga <strong>CON energ\u00eda fotovoltaica<\/strong><\/h3><\/div>\n<\/div>\n<\/div><\/div>\n\n\n\n<div id=\"modos-energia\" class=\"wp-block-uagb-container uagb-block-866e740d alignfull uagb-is-root-container\"><div class=\"uagb-container-inner-blocks-wrap\">\n<p>En las instalaciones con generaci\u00f3n fotovoltaica, se han dise\u00f1ado <strong>diversos modos de gesti\u00f3n de la energ\u00eda a trav\u00e9s del control de potencia<\/strong>. Estos <strong>te permiten seleccionar, para cada franja horaria, ya sea entre semana o durante el fin de semana, el tipo de energ\u00eda que deseas utilizar<\/strong>.<br><br>A continuaci\u00f3n, te explicamos c\u00f3mo funciona cada modo para que puedas <strong>elegir el m\u00e1s adecuado en el momento de configurar los tramos de potencia.<\/strong><\/p>\n\n\n\n<div class=\"wp-block-uagb-advanced-heading uagb-block-46239604\"><h3 class=\"uagb-heading-text\">MODOS DE GESTI\u00d3N DE LA ENERG\u00cdA<\/h3><\/div>\n\n\n\n<div class=\"wp-block-accordion-toggle-accordion-toggle  root-eb-accordion-hgagmv4\"><div class=\"eb-parent-wrapper eb-parent-eb-accordion-hgagmv4 \"><div class=\"eb-accordion-container eb-accordion-hgagmv4\" data-accordion-type=\"accordion\" data-tab-icon=\"fas fa-plus-circle\" data-expanded-icon=\"fas fa-minus-circle\" data-transition-duration=\"500\"><div class=\"eb-accordion-inner\">\n<div class=\"wp-block-accordion-toggle-accordion-item eb-accordion-item-dduif23 eb-accordion-wrapper\" data-clickable=\"false\"><div class=\"eb-accordion-title-wrapper eb-accordion-title-wrapper-eb-accordion-hgagmv4\" tabindex=\"0\"><span class=\"eb-accordion-icon-wrapper eb-accordion-icon-wrapper-eb-accordion-hgagmv4\"><span class=\"fas fa-plus-circle eb-accordion-icon\"><\/span><\/span><div class=\"eb-accordion-title-content-wrap title-content-eb-accordion-hgagmv4\"><h4 class=\"eb-accordion-title\"><strong>  FV Exclusivo<\/strong><\/h4><\/div><\/div><div class=\"eb-accordion-content-wrapper eb-accordion-content-wrapper-eb-accordion-hgagmv4\"><div class=\"eb-accordion-content\">\n<p style=\"font-size:16px\">En el Modo Exclusivo Solar, el e-Charger se centra en <strong>aprovechar al m\u00e1ximo la energ\u00eda solar para reducir el consumo de la red el\u00e9ctrica convencional<\/strong>. Este modo busca lograr un consumo de energ\u00eda de la vivienda desde la red el\u00e9ctrica igual a 0 kW siempre que haya suficiente energ\u00eda solar disponible o, en su defecto, utilizar los excedentes.<br>Cuando la producci\u00f3n de energ\u00eda solar en la vivienda supera la demanda del hogar el equipo <strong>ajusta la distribuci\u00f3n de energ\u00eda de manera inteligente<\/strong>. Si enchufas el coche en ese momento, el cargador buscar\u00e1 modificar la exportaci\u00f3n solar para que sea igual a 0 kW. Esto significa que los kW adicionales se dirigir\u00e1n a cargar el coche el\u00e9ctrico en lugar de enviarse a la red el\u00e9ctrica.<br>Sin embargo, el Modo Exclusivo Solar tambi\u00e9n es consciente de las fluctuaciones en la producci\u00f3n solar. Por ejemplo, durante la noche o en d\u00edas nublados, la generaci\u00f3n de energ\u00eda solar puede disminuir. En tales casos, si la demanda de energ\u00eda en la vivienda contin\u00faa, el cargador detendr\u00e1 la carga del coche el\u00e9ctrico. <strong>Esto garantiza que no se agoten los recursos el\u00e9ctricos necesarios para mantener el hogar funcionando de manera \u00f3ptima.<\/strong><\/p>\n\n\n\n<div class=\"wp-block-uagb-container uagb-block-e4bcd790 alignfull uagb-is-root-container\"><div class=\"uagb-container-inner-blocks-wrap\">\n<div class=\"wp-block-uagb-container uagb-block-7535d67f\">\n<div class=\"wp-block-uagb-info-box uagb-block-317256fd uagb-infobox__content-wrap  uagb-infobox-icon-left-title uagb-infobox-left uagb-infobox-image-valign-middle\"><div class=\"uagb-ifb-content\"><div class=\"uagb-ifb-left-title-image\"><div class=\"uagb-ifb-image-content\"><img decoding=\"async\" src=\"https:\/\/v2charge.com\/wp-content\/uploads\/2023\/11\/leyenda-modos-carga-potencia-contratada.png\" alt=\"\" width=\"\" height=\"0\" loading=\"lazy\"\/><\/div><div class=\"uagb-ifb-title-wrap\"><p class=\"uagb-ifb-title\"> Potencia contratada<\/p><\/div><\/div><\/div><\/div>\n\n\n\n<div class=\"wp-block-uagb-info-box uagb-block-f703afe2 uagb-infobox__content-wrap  uagb-infobox-icon-left-title uagb-infobox-left uagb-infobox-image-valign-middle\"><div class=\"uagb-ifb-content\"><div class=\"uagb-ifb-left-title-image\"><div class=\"uagb-ifb-image-content\"><img decoding=\"async\" src=\"https:\/\/v2charge.com\/wp-content\/uploads\/2023\/11\/leyenda-modos-carga-consumo-coche.png\" alt=\"\" width=\"\" height=\"0\" loading=\"lazy\"\/><\/div><div class=\"uagb-ifb-title-wrap\"><p class=\"uagb-ifb-title\"> Consumo del coche (Priorizando siempre la vivienda)<\/p><\/div><\/div><\/div><\/div>\n\n\n\n<div class=\"wp-block-uagb-info-box uagb-block-b188ca7a uagb-infobox__content-wrap  uagb-infobox-icon-left-title uagb-infobox-left uagb-infobox-image-valign-middle\"><div class=\"uagb-ifb-content\"><div class=\"uagb-ifb-left-title-image\"><div class=\"uagb-ifb-image-content\"><img decoding=\"async\" src=\"https:\/\/v2charge.com\/wp-content\/uploads\/2023\/11\/leyenda-modos-carga-fotovoltaica.png\" alt=\"\" width=\"\" height=\"0\" loading=\"lazy\"\/><\/div><div class=\"uagb-ifb-title-wrap\"><p class=\"uagb-ifb-title\"> Generaci\u00f3n fotovoltaica<\/p><\/div><\/div><\/div><\/div>\n\n\n\n<div class=\"wp-block-uagb-info-box uagb-block-05e745ea uagb-infobox__content-wrap  uagb-infobox-icon-left-title uagb-infobox-left uagb-infobox-image-valign-middle\"><div class=\"uagb-ifb-content\"><div class=\"uagb-ifb-left-title-image\"><div class=\"uagb-ifb-image-content\"><img decoding=\"async\" src=\"https:\/\/v2charge.com\/wp-content\/uploads\/2023\/11\/leyenda-modos-carga-parada-carga.png\" alt=\"\" width=\"\" height=\"0\" loading=\"lazy\"\/><\/div><div class=\"uagb-ifb-title-wrap\"><p class=\"uagb-ifb-title\"> Parada de carga<\/p><\/div><\/div><\/div><\/div>\n<\/div>\n\n\n\n<div class=\"wp-block-uagb-container uagb-block-a1df737b\">\n<div class=\"wp-block-uagb-image aligncenter uagb-block-353ca720 wp-block-uagb-image--layout-default wp-block-uagb-image--effect-static wp-block-uagb-image--align-center\"><figure class=\"wp-block-uagb-image__figure\"><img decoding=\"async\" srcset=\"https:\/\/v2charge.com\/wp-content\/uploads\/2023\/11\/modo-fv-exclusivo.png ,https:\/\/v2charge.com\/wp-content\/uploads\/2023\/11\/modo-fv-exclusivo.png 780w, https:\/\/v2charge.com\/wp-content\/uploads\/2023\/11\/modo-fv-exclusivo.png 360w\" sizes=\"auto, (max-width: 480px) 150px\" src=\"https:\/\/v2charge.com\/wp-content\/uploads\/2023\/11\/modo-fv-exclusivo.png\" alt=\"\" class=\"uag-image-125333\" width=\"671\" height=\"178\" title=\"\" loading=\"lazy\" role=\"img\"\/><\/figure><\/div>\n<\/div>\n<\/div><\/div>\n<\/div><\/div><\/div>\n<\/div><\/div><\/div><\/div>\n\n\n\n<div class=\"wp-block-accordion-toggle-accordion-toggle  root-eb-accordion-1ohnvkm\"><div class=\"eb-parent-wrapper eb-parent-eb-accordion-1ohnvkm \"><div class=\"eb-accordion-container eb-accordion-1ohnvkm\" data-accordion-type=\"accordion\" data-tab-icon=\"fas fa-plus-circle\" data-expanded-icon=\"fas fa-minus-circle\" data-transition-duration=\"500\"><div class=\"eb-accordion-inner\">\n<div class=\"wp-block-accordion-toggle-accordion-item eb-accordion-item-6s6vr7t eb-accordion-wrapper\" data-clickable=\"false\"><div class=\"eb-accordion-title-wrapper eb-accordion-title-wrapper-eb-accordion-1ohnvkm\" tabindex=\"0\"><span class=\"eb-accordion-icon-wrapper eb-accordion-icon-wrapper-eb-accordion-1ohnvkm\"><span class=\"fas fa-plus-circle eb-accordion-icon\"><\/span><\/span><div class=\"eb-accordion-title-content-wrap title-content-eb-accordion-1ohnvkm\"><h4 class=\"eb-accordion-title\">  <strong>FV + M\u00ednima potencia<\/strong><\/h4><\/div><\/div><div class=\"eb-accordion-content-wrapper eb-accordion-content-wrapper-eb-accordion-1ohnvkm\"><div class=\"eb-accordion-content\">\n<p>El Modo M\u00ednimo de Red + Fotovoltaica busca <strong>aprovechar al m\u00e1ximo los excedentes sin sacrificar la continuidad de la carga.<br><\/strong>A diferencia del modo fotovoltaico exclusivo, donde el e-Charger podr\u00eda cortar la carga si no hay suficiente energ\u00eda solar, con esta configuraci\u00f3n se mantiene un umbral m\u00ednimo de carga, generalmente configurado por el cliente a trav\u00e9s de la aplicaci\u00f3n V2C Cloud o de www.v2c.cloud. Este valor garantiza que el coche siempre cargue al menos a una potencia m\u00ednima.<br>Las ventajas de este modo con respecto al anterior son la continuidad en la carga y poder <strong>aprovechar al m\u00e1ximo los excedentes complement\u00e1ndolos con un consumo m\u00ednimo de la red hasta alcanzar la potencia m\u00ednima de carga previamente configurada<\/strong>.<br>Durante la noche, cuando la producci\u00f3n solar es nula, el cargador mantendr\u00e1 una carga m\u00ednima mediante la energ\u00eda del proveedor, garantizando <strong>su continuidad incluso en condiciones de baja producci\u00f3n solar.<\/strong><br><strong>*En instalaciones fotovoltaicas que cuenten con bater\u00eda, si el objetivo es evitar la descarga de la misma, se debe configurar el inversor para limitar dicha descarga.<\/strong><\/p>\n\n\n\n<div class=\"wp-block-uagb-container uagb-block-8d383f7b\">\n<div class=\"wp-block-uagb-container uagb-block-a3260b0e\">\n<div class=\"wp-block-uagb-info-box uagb-block-2c558b6a uagb-infobox__content-wrap  uagb-infobox-icon-left-title uagb-infobox-left uagb-infobox-image-valign-middle\"><div class=\"uagb-ifb-content\"><div class=\"uagb-ifb-left-title-image\"><div class=\"uagb-ifb-image-content\"><img decoding=\"async\" src=\"https:\/\/v2charge.com\/wp-content\/uploads\/2023\/11\/leyenda-modos-carga-potencia-contratada.png\" alt=\"\" width=\"\" height=\"0\" loading=\"lazy\"\/><\/div><div class=\"uagb-ifb-title-wrap\"><p class=\"uagb-ifb-title\"> Potencia contratada<\/p><\/div><\/div><\/div><\/div>\n\n\n\n<div class=\"wp-block-uagb-info-box uagb-block-42cae042 uagb-infobox__content-wrap  uagb-infobox-icon-left-title uagb-infobox-left uagb-infobox-image-valign-middle\"><div class=\"uagb-ifb-content\"><div class=\"uagb-ifb-left-title-image\"><div class=\"uagb-ifb-image-content\"><img decoding=\"async\" src=\"https:\/\/v2charge.com\/wp-content\/uploads\/2023\/11\/leyenda-modos-carga-consumo-coche.png\" alt=\"\" width=\"\" height=\"0\" loading=\"lazy\"\/><\/div><div class=\"uagb-ifb-title-wrap\"><p class=\"uagb-ifb-title\"> Consumo del coche (Priorizando siempre la vivienda)<\/p><\/div><\/div><\/div><\/div>\n\n\n\n<div class=\"wp-block-uagb-info-box uagb-block-470163f8 uagb-infobox__content-wrap  uagb-infobox-icon-left-title uagb-infobox-left uagb-infobox-image-valign-middle\"><div class=\"uagb-ifb-content\"><div class=\"uagb-ifb-left-title-image\"><div class=\"uagb-ifb-image-content\"><img decoding=\"async\" src=\"https:\/\/v2charge.com\/wp-content\/uploads\/2023\/11\/leyenda-modos-carga-fotovoltaica.png\" alt=\"\" width=\"\" height=\"0\" loading=\"lazy\"\/><\/div><div class=\"uagb-ifb-title-wrap\"><p class=\"uagb-ifb-title\"> Generaci\u00f3n fotovoltaica<\/p><\/div><\/div><\/div><\/div>\n<\/div>\n\n\n\n<div class=\"wp-block-uagb-container uagb-block-9ebaa8ab\">\n<div class=\"wp-block-uagb-image aligncenter uagb-block-67b345b8 wp-block-uagb-image--layout-default wp-block-uagb-image--effect-static wp-block-uagb-image--align-center\"><figure class=\"wp-block-uagb-image__figure\"><img decoding=\"async\" srcset=\"https:\/\/v2charge.com\/wp-content\/uploads\/2023\/11\/modo-fv-minima.png ,https:\/\/v2charge.com\/wp-content\/uploads\/2023\/11\/modo-fv-minima.png 780w, https:\/\/v2charge.com\/wp-content\/uploads\/2023\/11\/modo-fv-minima.png 360w\" sizes=\"auto, (max-width: 480px) 150px\" src=\"https:\/\/v2charge.com\/wp-content\/uploads\/2023\/11\/modo-fv-minima.png\" alt=\"\" class=\"uag-image-125342\" width=\"671\" height=\"178\" title=\"\" loading=\"lazy\" role=\"img\"\/><\/figure><\/div>\n<\/div>\n<\/div>\n<\/div><\/div><\/div>\n<\/div><\/div><\/div><\/div>\n\n\n\n<div class=\"wp-block-accordion-toggle-accordion-toggle  root-eb-accordion-7l49m7u\"><div class=\"eb-parent-wrapper eb-parent-eb-accordion-7l49m7u \"><div class=\"eb-accordion-container eb-accordion-7l49m7u\" data-accordion-type=\"accordion\" data-tab-icon=\"fas fa-plus-circle\" data-expanded-icon=\"fas fa-minus-circle\" data-transition-duration=\"500\"><div class=\"eb-accordion-inner\">\n<div class=\"wp-block-accordion-toggle-accordion-item eb-accordion-item-snvkwtr eb-accordion-wrapper\" data-clickable=\"false\"><div class=\"eb-accordion-title-wrapper eb-accordion-title-wrapper-eb-accordion-7l49m7u\" tabindex=\"0\"><span class=\"eb-accordion-icon-wrapper eb-accordion-icon-wrapper-eb-accordion-7l49m7u\"><span class=\"fas fa-plus-circle eb-accordion-icon\"><\/span><\/span><div class=\"eb-accordion-title-content-wrap title-content-eb-accordion-7l49m7u\"><h4 class=\"eb-accordion-title\">  <strong>Red + Fotovoltaica (M\u00e1xima velocidad de carga)<\/strong><\/h4><\/div><\/div><div class=\"eb-accordion-content-wrapper eb-accordion-content-wrapper-eb-accordion-7l49m7u\"><div class=\"eb-accordion-content\">\n<p>Este modo se configura para <strong>cargar a la m\u00e1xima potencia contratada con el proveedor de energ\u00eda, adem\u00e1s de la producci\u00f3n solar disponible<\/strong>. <br>Si el consumo de red supera la potencia contratada con el distribuidor, el e-Charger cortar\u00e1 la carga del veh\u00edculo hasta que el consumo de la vivienda disminuya o aumente la producci\u00f3n solar. As\u00ed <strong>evitaremos sobrepasar la potencia contratada<\/strong>.<\/p>\n\n\n\n<div class=\"wp-block-uagb-container uagb-block-6431b8cb\">\n<div class=\"wp-block-uagb-container uagb-block-decf46d5\">\n<div class=\"wp-block-uagb-info-box uagb-block-34b8a029 uagb-infobox__content-wrap  uagb-infobox-icon-left-title uagb-infobox-left uagb-infobox-image-valign-middle\"><div class=\"uagb-ifb-content\"><div class=\"uagb-ifb-left-title-image\"><div class=\"uagb-ifb-image-content\"><img decoding=\"async\" src=\"https:\/\/v2charge.com\/wp-content\/uploads\/2023\/11\/leyenda-modos-carga-potencia-contratada.png\" alt=\"\" width=\"\" height=\"0\" loading=\"lazy\"\/><\/div><div class=\"uagb-ifb-title-wrap\"><p class=\"uagb-ifb-title\"> Potencia contratada<\/p><\/div><\/div><\/div><\/div>\n\n\n\n<div class=\"wp-block-uagb-info-box uagb-block-14d3d58a uagb-infobox__content-wrap  uagb-infobox-icon-left-title uagb-infobox-left uagb-infobox-image-valign-middle\"><div class=\"uagb-ifb-content\"><div class=\"uagb-ifb-left-title-image\"><div class=\"uagb-ifb-image-content\"><img decoding=\"async\" src=\"https:\/\/v2charge.com\/wp-content\/uploads\/2023\/11\/leyenda-modos-carga-consumo-coche.png\" alt=\"\" width=\"\" height=\"0\" loading=\"lazy\"\/><\/div><div class=\"uagb-ifb-title-wrap\"><p class=\"uagb-ifb-title\"> Consumo del coche (Priorizando siempre la vivienda)<\/p><\/div><\/div><\/div><\/div>\n\n\n\n<div class=\"wp-block-uagb-info-box uagb-block-99ac32d0 uagb-infobox__content-wrap  uagb-infobox-icon-left-title uagb-infobox-left uagb-infobox-image-valign-middle\"><div class=\"uagb-ifb-content\"><div class=\"uagb-ifb-left-title-image\"><div class=\"uagb-ifb-image-content\"><img decoding=\"async\" src=\"https:\/\/v2charge.com\/wp-content\/uploads\/2023\/11\/leyenda-modos-carga-fotovoltaica.png\" alt=\"\" width=\"\" height=\"0\" loading=\"lazy\"\/><\/div><div class=\"uagb-ifb-title-wrap\"><p class=\"uagb-ifb-title\"> Generaci\u00f3n fotovoltaica<\/p><\/div><\/div><\/div><\/div>\n<\/div>\n\n\n\n<div class=\"wp-block-uagb-container uagb-block-66dd38ff\">\n<div class=\"wp-block-uagb-image aligncenter uagb-block-9496bac6 wp-block-uagb-image--layout-default wp-block-uagb-image--effect-static wp-block-uagb-image--align-center\"><figure class=\"wp-block-uagb-image__figure\"><img decoding=\"async\" srcset=\"https:\/\/v2charge.com\/wp-content\/uploads\/2023\/11\/modo-red-fotovoltaica.png ,https:\/\/v2charge.com\/wp-content\/uploads\/2023\/11\/modo-red-fotovoltaica.png 780w, https:\/\/v2charge.com\/wp-content\/uploads\/2023\/11\/modo-red-fotovoltaica.png 360w\" sizes=\"auto, (max-width: 480px) 150px\" src=\"https:\/\/v2charge.com\/wp-content\/uploads\/2023\/11\/modo-red-fotovoltaica.png\" alt=\"\" class=\"uag-image-125351\" width=\"671\" height=\"178\" title=\"\" loading=\"lazy\" role=\"img\"\/><\/figure><\/div>\n<\/div>\n<\/div>\n<\/div><\/div><\/div>\n<\/div><\/div><\/div><\/div>\n\n\n\n<div class=\"wp-block-accordion-toggle-accordion-toggle  root-eb-accordion-x3rbtzu\"><div class=\"eb-parent-wrapper eb-parent-eb-accordion-x3rbtzu \"><div class=\"eb-accordion-container eb-accordion-x3rbtzu\" data-accordion-type=\"accordion\" data-tab-icon=\"fas fa-plus-circle\" data-expanded-icon=\"fas fa-minus-circle\" data-transition-duration=\"500\"><div class=\"eb-accordion-inner\">\n<div class=\"wp-block-accordion-toggle-accordion-item eb-accordion-item-uhz365n eb-accordion-wrapper\" data-clickable=\"false\"><div class=\"eb-accordion-title-wrapper eb-accordion-title-wrapper-eb-accordion-x3rbtzu\" tabindex=\"0\"><span class=\"eb-accordion-icon-wrapper eb-accordion-icon-wrapper-eb-accordion-x3rbtzu\"><span class=\"fas fa-plus-circle eb-accordion-icon\"><\/span><\/span><div class=\"eb-accordion-title-content-wrap title-content-eb-accordion-x3rbtzu\"><h4 class=\"eb-accordion-title\">  <strong>Sin carga<\/strong><\/h4><\/div><\/div><div class=\"eb-accordion-content-wrapper eb-accordion-content-wrapper-eb-accordion-x3rbtzu\"><div class=\"eb-accordion-content\">\n<p>Permite a los usuarios tener un control total sobre el proceso de carga de su veh\u00edculo el\u00e9ctrico. En lugar de cargar autom\u00e1ticamente, este modo brinda la capacidad de <strong>programar interrupciones<\/strong> seg\u00fan preferencias y necesidades.<br>La caracter\u00edstica distintiva de este modo es que se pueden programar tramos de tiempo espec\u00edficos en los cuales no se desea que la carga del veh\u00edculo el\u00e9ctrico tenga lugar. Esto es \u00fatil, por ejemplo, para<strong> evitar hacer uso de la red durante horas pico de demanda el\u00e9ctrica<\/strong>.<\/p>\n<\/div><\/div><\/div>\n<\/div><\/div><\/div><\/div>\n\n\n\n<div class=\"wp-block-accordion-toggle-accordion-toggle  root-eb-accordion-7d889v5\"><div class=\"eb-parent-wrapper eb-parent-eb-accordion-7d889v5 \"><div class=\"eb-accordion-container eb-accordion-7d889v5\" data-accordion-type=\"accordion\" data-tab-icon=\"fas fa-plus-circle\" data-expanded-icon=\"fas fa-minus-circle\" data-transition-duration=\"500\"><div class=\"eb-accordion-inner\">\n<div class=\"wp-block-accordion-toggle-accordion-item eb-accordion-item-7uj3sb9 eb-accordion-wrapper\" data-clickable=\"false\"><div class=\"eb-accordion-title-wrapper eb-accordion-title-wrapper-eb-accordion-7d889v5\" tabindex=\"0\"><span class=\"eb-accordion-icon-wrapper eb-accordion-icon-wrapper-eb-accordion-7d889v5\"><span class=\"fas fa-plus-circle eb-accordion-icon\"><\/span><\/span><div class=\"eb-accordion-title-content-wrap title-content-eb-accordion-7d889v5\"><h4 class=\"eb-accordion-title\">  <strong>Sin inyecci\u00f3n o aislada<\/strong> (solo para Trydan y Trydan Pro)<\/h4><\/div><\/div><div class=\"eb-accordion-content-wrapper eb-accordion-content-wrapper-eb-accordion-7d889v5\"><div class=\"eb-accordion-content\">\n<p style=\"font-size:16px\">En el caso de instalaciones aisladas, el e-Charger no tiene acceso a un contador de electricidad tradicional ni a par\u00e1metros como la potencia contratada. En su lugar, se utiliza un inversor que mide el consumo instant\u00e1neo de la casa y genera la energ\u00eda correspondiente a lo que la casa consume en ese momento. Las bater\u00edas tambi\u00e9n desempe\u00f1an un papel fundamental al almacenar la energ\u00eda solar excedente durante el d\u00eda para su uso durante la noche.<br>El objetivo principal en este contexto es <strong>priorizar cargar el veh\u00edculo el\u00e9ctrico con la energ\u00eda solar, sin emplear la energ\u00eda almacenada en las bater\u00edas, siempre que sea posible<\/strong>.<br>En este entorno tanto Trydan como Trydan Pro <strong>requieren una conexi\u00f3n directa con un inversor que permita la lectura de la potencia instant\u00e1nea de las bater\u00edas<\/strong> para obtener informaci\u00f3n sobre la energ\u00eda disponible y las condiciones de carga. De esta manera, ser\u00e1 posible realizar un ajuste din\u00e1mico de la carga del coche el\u00e9ctrico en funci\u00f3n del consumo de la casa y de la energ\u00eda disponible en ese momento.<br>Si la casa comienza a consumir m\u00e1s energ\u00eda, el e-Charger reduce la carga del coche para evitar la descarga de la bater\u00eda de la casa. Por el contrario, si la casa consume menos energ\u00eda, incrementa la carga del coche.<\/p>\n<\/div><\/div><\/div>\n<\/div><\/div><\/div><\/div>\n\n\n\n<div style=\"height:30px\" aria-hidden=\"true\" class=\"wp-block-spacer\"><\/div>\n<\/div><\/div>\n\n\n\n<div id=\"personalizar-cdp\" class=\"wp-block-uagb-container uagb-block-0104e12a alignfull uagb-is-root-container\"><div class=\"uagb-container-inner-blocks-wrap\">\n<div class=\"wp-block-uagb-container uagb-block-900c00cc\">\n<!DOCTYPE html>\n<html lang=\"es\">\n<head>\n    <meta charset=\"UTF-8\">\n    <meta name=\"viewport\" content=\"width=device-width, initial-scale=1.0\">\n    <title>Pesta\u00f1as (Tabs)<\/title>\n    <style>\n        \/* Estilos para el contenedor de pesta\u00f1as *\/\n        .tabs-group .tabs {\n    display: flex;\n    justify-content: center;\n    width: 100%;\n}\n\n.tabs-group .tab {\n    width: 50%;\n    text-align: center;\n    padding: 10px 0;\n    border-bottom: 2px solid #ccc;\n    background-color: transparent;\n    transition: border-bottom 0.3s, font-weight 0.3s;\n    cursor: pointer;\n}\n\n.tabs-group .tab.active {\n    border-bottom: 4px solid #000000;\n    font-weight: bold;\n}\n\n.tabs-group .tab-content {\n    display: none;\n    padding: 0px;\n    padding-top: 20px;\n}\n\n.tabs-group .tab-content.active {\n    display: block;\n        }\n    <\/style>\n<\/head>\n<body>\n\n<div class=\"tabs-group\" id=\"group2\">\n    <div class=\"tabs\">\n        <div class=\"tab active\" onclick=\"openTab(event, 'tab1-group2')\"> Trydan \/ Trydan Pro <\/div>\n        <div class=\"tab\" onclick=\"openTab(event, 'tab2-group2')\"> Pole Pro <\/div>\n    <\/div>\n\n    <div id=\"tab1-group2\" class=\"tab-content active\">\n       <p>Igual que en las instalaciones que no disponen de energ\u00eda fotovoltaica, puedes <strong>ajustar el control de potencia seg\u00fan tus necesidades<\/strong> tanto por Bluetooth como por WiFi (si dispones de esta conexi\u00f3n) con solo hacer clic en <strong>\u2019Perfiles de carga\u2019<\/strong>.<\/p>\n        <p>Debes <strong>configurar la potencia por horas y escoger el modo de energ\u00eda <\/strong>que se utilizar\u00e1 para cada tramo de potencia. Adem\u00e1s, en caso de que el modo seleccionado incluya <strong>energ\u00eda de la red, debes introducir la potencia contratada.<\/strong><\/p>\n        <p><strong>La personalizaci\u00f3n de un perfil de carga mediante tramos de potencia solo es posible si el control de potencia ha sido configurado y activado correctamente.<\/strong><\/p>\n    <\/div>\n\n    <div id=\"tab2-group2\" class=\"tab-content\">\n        <p>Para ajustar el control de potencia de Pole Pro en una instalaci\u00f3n con energ\u00eda fotovoltaica, accede a  <strong>\u2019configuraci\u00f3n del perfil de carga\u2019<\/strong>, donde podr\u00e1s configurar la potencia por horas y el modo de energ\u00eda. <strong>Si se usa energ\u00eda de la red, debes introducir la potencia contratada.<\/strong><\/p>\n        <p> Adem\u00e1s de la potencia contratada, <strong>es necesario establecer el l\u00edmite de intensidad por fase, ya sea monof\u00e1sico o trif\u00e1sico, teniendo en cuenta el esquema de instalaci\u00f3n.<\/strong><\/p>\n        <p><strong>La personalizaci\u00f3n solo puede ser realizada si el control de potencia est\u00e1 correctamente configurado y activado.<\/strong><\/p>\n    <\/div>\n<\/div>\n\n    <script>\n  function openTab(evt, tabId) {\n    \/\/ Encuentra el grupo de pesta\u00f1as actual (padre m\u00e1s cercano con la clase 'tabs-group')\n    const group = evt.currentTarget.closest('.tabs-group');\n\n    \/\/ Oculta todo el contenido de las pesta\u00f1as en este grupo\n    const tabContent = group.querySelectorAll('.tab-content');\n    tabContent.forEach(content => content.classList.remove('active'));\n\n    \/\/ Remueve la clase 'active' de todas las pesta\u00f1as en este grupo\n    const tabs = group.querySelectorAll('.tab');\n    tabs.forEach(tab => tab.classList.remove('active'));\n\n    \/\/ Muestra el contenido de la pesta\u00f1a seleccionada en este grupo\n    group.querySelector('#' + tabId).classList.add('active');\n\n    \/\/ A\u00f1ade la clase 'active' a la pesta\u00f1a seleccionada en este grupo\n    evt.currentTarget.classList.add('active');\n}\n\n    <\/script>\n\n<\/body>\n<\/html>\n\n\n\n<p class=\"has-text-color\" style=\"color:#747474;font-size:14px\">* Al elegir, modificar o eliminar una personalizaci\u00f3n, es crucial hacer clic en el bot\u00f3n de guardar para garantizar que todos los cambios se guarden adecuadamente. <br>** Es imprescindible completar completamente los tramos horarios, abarcando las 24 horas del d\u00eda y todos los d\u00edas de la semana. De lo contrario, no se podr\u00e1 guardar la configuraci\u00f3n personalizada.<\/p>\n<\/div>\n\n\n\n<div class=\"wp-block-uagb-container uagb-block-7a5b6c37\">\t\t\t\t\t<div\n\t\t\t\t\t\tclass=\"wp-block-uagb-image-gallery uagb-block-c56c59b7     \"\n\t\t\t\t\t\tstyle=\"\"\n\t\t\t\t\t>\n\t\t\t\t\t\t\t\t\t\t\t<div class=\"spectra-image-gallery spectra-image-gallery__layout--carousel\">\n\t\t\t\t\t\t\t\t<div class=\"uagb-slick-carousel uagb-block-c56c59b7\">\n\t\t\t\t\t\t\t\t\t\t\t\t<div class='spectra-image-gallery__media-wrapper' data-spectra-gallery-image-id='262924'>\n\t\t\t\t\t\t\t<div class=\"spectra-image-gallery__media spectra-image-gallery__media--carousel\">\n\t\t\t\t<picture>\n\t\t\t\t\t<source media=\"(min-width: 1024px)\" srcset=\"https:\/\/v2charge.com\/wp-content\/uploads\/2025\/10\/perfiles-carga.png\">\n\t\t\t\t\t<source media=\"(min-width: 768px)\" srcset=\"https:\/\/v2charge.com\/wp-content\/uploads\/2025\/10\/perfiles-carga.png\">\n\t\t\t\t\t<img decoding=\"async\" class=\"spectra-image-gallery__media-thumbnail spectra-image-gallery__media-thumbnail--carousel\" src=\"https:\/\/v2charge.com\/wp-content\/uploads\/2025\/10\/perfiles-carga.png\" alt=\"\" loading=\"lazy\" \/>\n\t\t\t\t<\/picture>\n\t\t\t\t<div class=\"spectra-image-gallery__media-thumbnail-blurrer\"><\/div>\n\t\t\t\t\t\t\t<\/div>\n\t\t\t\t\t\t\t\t<div class=\"spectra-image-gallery__media-thumbnail-caption-wrapper spectra-image-gallery__media-thumbnail-caption-wrapper--bar-outside\">\n\t\t\t\t\t\t\t\t\t\t<div class=\"spectra-image-gallery__media-thumbnail-caption spectra-image-gallery__media-thumbnail-caption--bar-outside\">\n\t\t\t\t\t<strong>PASO 1<br><\/strong>Haz clic en &#8216;Perfiles de carga&#8217;\t\t\t\t<\/div>\n\t\t\t\t\t\t\t\t<\/div>\n\t\t\t\t\t\t\t<\/div>\n\t\t\t\t\t\t<div class='spectra-image-gallery__media-wrapper' data-spectra-gallery-image-id='263017'>\n\t\t\t\t\t\t\t<div class=\"spectra-image-gallery__media spectra-image-gallery__media--carousel\">\n\t\t\t\t<picture>\n\t\t\t\t\t<source media=\"(min-width: 1024px)\" srcset=\"https:\/\/v2charge.com\/wp-content\/uploads\/2025\/10\/agregar-nueva-configuracion.png\">\n\t\t\t\t\t<source media=\"(min-width: 768px)\" srcset=\"https:\/\/v2charge.com\/wp-content\/uploads\/2025\/10\/agregar-nueva-configuracion.png\">\n\t\t\t\t\t<img decoding=\"async\" class=\"spectra-image-gallery__media-thumbnail spectra-image-gallery__media-thumbnail--carousel\" src=\"https:\/\/v2charge.com\/wp-content\/uploads\/2025\/10\/agregar-nueva-configuracion.png\" alt=\"\" loading=\"lazy\" \/>\n\t\t\t\t<\/picture>\n\t\t\t\t<div class=\"spectra-image-gallery__media-thumbnail-blurrer\"><\/div>\n\t\t\t\t\t\t\t<\/div>\n\t\t\t\t\t\t\t\t<div class=\"spectra-image-gallery__media-thumbnail-caption-wrapper spectra-image-gallery__media-thumbnail-caption-wrapper--bar-outside\">\n\t\t\t\t\t\t\t\t\t\t<div class=\"spectra-image-gallery__media-thumbnail-caption spectra-image-gallery__media-thumbnail-caption--bar-outside\">\n\t\t\t\t\t<strong>PASO 2<br><\/strong>Selecciona &#8216;Agregar nueva configuraci\u00f3n&#8217;\t\t\t\t<\/div>\n\t\t\t\t\t\t\t\t<\/div>\n\t\t\t\t\t\t\t<\/div>\n\t\t\t\t\t\t<div class='spectra-image-gallery__media-wrapper' data-spectra-gallery-image-id='263032'>\n\t\t\t\t\t\t\t<div class=\"spectra-image-gallery__media spectra-image-gallery__media--carousel\">\n\t\t\t\t<picture>\n\t\t\t\t\t<source media=\"(min-width: 1024px)\" srcset=\"https:\/\/v2charge.com\/wp-content\/uploads\/2025\/10\/agregar-tramo.png\">\n\t\t\t\t\t<source media=\"(min-width: 768px)\" srcset=\"https:\/\/v2charge.com\/wp-content\/uploads\/2025\/10\/agregar-tramo.png\">\n\t\t\t\t\t<img decoding=\"async\" class=\"spectra-image-gallery__media-thumbnail spectra-image-gallery__media-thumbnail--carousel\" src=\"https:\/\/v2charge.com\/wp-content\/uploads\/2025\/10\/agregar-tramo.png\" alt=\"\" loading=\"lazy\" \/>\n\t\t\t\t<\/picture>\n\t\t\t\t<div class=\"spectra-image-gallery__media-thumbnail-blurrer\"><\/div>\n\t\t\t\t\t\t\t<\/div>\n\t\t\t\t\t\t\t\t<div class=\"spectra-image-gallery__media-thumbnail-caption-wrapper spectra-image-gallery__media-thumbnail-caption-wrapper--bar-outside\">\n\t\t\t\t\t\t\t\t\t\t<div class=\"spectra-image-gallery__media-thumbnail-caption spectra-image-gallery__media-thumbnail-caption--bar-outside\">\n\t\t\t\t\t<strong>PASO 3<br><\/strong>Haz clic en &#8216;Agregar tramo&#8217;\t\t\t\t<\/div>\n\t\t\t\t\t\t\t\t<\/div>\n\t\t\t\t\t\t\t<\/div>\n\t\t\t\t\t\t<div class='spectra-image-gallery__media-wrapper' data-spectra-gallery-image-id='263315'>\n\t\t\t\t\t\t\t<div class=\"spectra-image-gallery__media spectra-image-gallery__media--carousel\">\n\t\t\t\t<picture>\n\t\t\t\t\t<source media=\"(min-width: 1024px)\" srcset=\"https:\/\/v2charge.com\/wp-content\/uploads\/2025\/10\/tipo-fotovoltaica.png\">\n\t\t\t\t\t<source media=\"(min-width: 768px)\" srcset=\"https:\/\/v2charge.com\/wp-content\/uploads\/2025\/10\/tipo-fotovoltaica.png\">\n\t\t\t\t\t<img decoding=\"async\" class=\"spectra-image-gallery__media-thumbnail spectra-image-gallery__media-thumbnail--carousel\" src=\"https:\/\/v2charge.com\/wp-content\/uploads\/2025\/10\/tipo-fotovoltaica.png\" alt=\"\" loading=\"lazy\" \/>\n\t\t\t\t<\/picture>\n\t\t\t\t<div class=\"spectra-image-gallery__media-thumbnail-blurrer\"><\/div>\n\t\t\t\t\t\t\t<\/div>\n\t\t\t\t\t\t\t\t<div class=\"spectra-image-gallery__media-thumbnail-caption-wrapper spectra-image-gallery__media-thumbnail-caption-wrapper--bar-outside\">\n\t\t\t\t\t\t\t\t\t\t<div class=\"spectra-image-gallery__media-thumbnail-caption spectra-image-gallery__media-thumbnail-caption--bar-outside\">\n\t\t\t\t\t<strong>PASO 4<br><\/strong>Selecciona la franja horaria y haz clic en &#8216;Tipo fotovoltaica&#8217;\t\t\t\t<\/div>\n\t\t\t\t\t\t\t\t<\/div>\n\t\t\t\t\t\t\t<\/div>\n\t\t\t\t\t\t<div class='spectra-image-gallery__media-wrapper' data-spectra-gallery-image-id='263293'>\n\t\t\t\t\t\t\t<div class=\"spectra-image-gallery__media spectra-image-gallery__media--carousel\">\n\t\t\t\t<picture>\n\t\t\t\t\t<source media=\"(min-width: 1024px)\" srcset=\"https:\/\/v2charge.com\/wp-content\/uploads\/2025\/10\/modos-fotovoltaica.png\">\n\t\t\t\t\t<source media=\"(min-width: 768px)\" srcset=\"https:\/\/v2charge.com\/wp-content\/uploads\/2025\/10\/modos-fotovoltaica.png\">\n\t\t\t\t\t<img decoding=\"async\" class=\"spectra-image-gallery__media-thumbnail spectra-image-gallery__media-thumbnail--carousel\" src=\"https:\/\/v2charge.com\/wp-content\/uploads\/2025\/10\/modos-fotovoltaica.png\" alt=\"\" loading=\"lazy\" \/>\n\t\t\t\t<\/picture>\n\t\t\t\t<div class=\"spectra-image-gallery__media-thumbnail-blurrer\"><\/div>\n\t\t\t\t\t\t\t<\/div>\n\t\t\t\t\t\t\t\t<div class=\"spectra-image-gallery__media-thumbnail-caption-wrapper spectra-image-gallery__media-thumbnail-caption-wrapper--bar-outside\">\n\t\t\t\t\t\t\t\t\t\t<div class=\"spectra-image-gallery__media-thumbnail-caption spectra-image-gallery__media-thumbnail-caption--bar-outside\">\n\t\t\t\t\t<strong>PASO 5<br><\/strong>Elige el modo de funcionamiento de la energ\u00eda fotovoltaica para la franja horaria indicada\t\t\t\t<\/div>\n\t\t\t\t\t\t\t\t<\/div>\n\t\t\t\t\t\t\t<\/div>\n\t\t\t\t\t\t<div class='spectra-image-gallery__media-wrapper' data-spectra-gallery-image-id='263304'>\n\t\t\t\t\t\t\t<div class=\"spectra-image-gallery__media spectra-image-gallery__media--carousel\">\n\t\t\t\t<picture>\n\t\t\t\t\t<source media=\"(min-width: 1024px)\" srcset=\"https:\/\/v2charge.com\/wp-content\/uploads\/2025\/10\/potencia-contratada-fotovoltaica.png\">\n\t\t\t\t\t<source media=\"(min-width: 768px)\" srcset=\"https:\/\/v2charge.com\/wp-content\/uploads\/2025\/10\/potencia-contratada-fotovoltaica.png\">\n\t\t\t\t\t<img decoding=\"async\" class=\"spectra-image-gallery__media-thumbnail spectra-image-gallery__media-thumbnail--carousel\" src=\"https:\/\/v2charge.com\/wp-content\/uploads\/2025\/10\/potencia-contratada-fotovoltaica.png\" alt=\"\" loading=\"lazy\" \/>\n\t\t\t\t<\/picture>\n\t\t\t\t<div class=\"spectra-image-gallery__media-thumbnail-blurrer\"><\/div>\n\t\t\t\t\t\t\t<\/div>\n\t\t\t\t\t\t\t\t<div class=\"spectra-image-gallery__media-thumbnail-caption-wrapper spectra-image-gallery__media-thumbnail-caption-wrapper--bar-outside\">\n\t\t\t\t\t\t\t\t\t\t<div class=\"spectra-image-gallery__media-thumbnail-caption spectra-image-gallery__media-thumbnail-caption--bar-outside\">\n\t\t\t\t\t<strong>PASO 6<br><\/strong>En caso de seleccionar &#8216;FV + M\u00ednima potencia&#8217; o &#8216;Red + Fotovoltaica&#8217;, debes indicar la potencia contratada en esa franja horaria\t\t\t\t<\/div>\n\t\t\t\t\t\t\t\t<\/div>\n\t\t\t\t\t\t\t<\/div>\n\t\t\t\t\t\t<div class='spectra-image-gallery__media-wrapper' data-spectra-gallery-image-id='263326'>\n\t\t\t\t\t\t\t<div class=\"spectra-image-gallery__media spectra-image-gallery__media--carousel\">\n\t\t\t\t<picture>\n\t\t\t\t\t<source media=\"(min-width: 1024px)\" srcset=\"https:\/\/v2charge.com\/wp-content\/uploads\/2025\/10\/tramo-potencias-fotovoltaica.png\">\n\t\t\t\t\t<source media=\"(min-width: 768px)\" srcset=\"https:\/\/v2charge.com\/wp-content\/uploads\/2025\/10\/tramo-potencias-fotovoltaica.png\">\n\t\t\t\t\t<img decoding=\"async\" class=\"spectra-image-gallery__media-thumbnail spectra-image-gallery__media-thumbnail--carousel\" src=\"https:\/\/v2charge.com\/wp-content\/uploads\/2025\/10\/tramo-potencias-fotovoltaica.png\" alt=\"\" loading=\"lazy\" \/>\n\t\t\t\t<\/picture>\n\t\t\t\t<div class=\"spectra-image-gallery__media-thumbnail-blurrer\"><\/div>\n\t\t\t\t\t\t\t<\/div>\n\t\t\t\t\t\t\t\t<div class=\"spectra-image-gallery__media-thumbnail-caption-wrapper spectra-image-gallery__media-thumbnail-caption-wrapper--bar-outside\">\n\t\t\t\t\t\t\t\t\t\t<div class=\"spectra-image-gallery__media-thumbnail-caption spectra-image-gallery__media-thumbnail-caption--bar-outside\">\n\t\t\t\t\t<strong>PASO 7<br><\/strong>A\u00f1ade los tramos de potencias con su respectivo tipo de fotovoltaica, completando las 24 horas del d\u00eda tanto entre semana como los fines de semana y haz clic en &#8216;Guardar&#8217;\t\t\t\t<\/div>\n\t\t\t\t\t\t\t\t<\/div>\n\t\t\t\t\t\t\t<\/div>\n\t\t\t\t\t\t<div class='spectra-image-gallery__media-wrapper' data-spectra-gallery-image-id='263072'>\n\t\t\t\t\t\t\t<div class=\"spectra-image-gallery__media spectra-image-gallery__media--carousel\">\n\t\t\t\t<picture>\n\t\t\t\t\t<source media=\"(min-width: 1024px)\" srcset=\"https:\/\/v2charge.com\/wp-content\/uploads\/2025\/10\/nombre-perfil-carga.png\">\n\t\t\t\t\t<source media=\"(min-width: 768px)\" srcset=\"https:\/\/v2charge.com\/wp-content\/uploads\/2025\/10\/nombre-perfil-carga.png\">\n\t\t\t\t\t<img decoding=\"async\" class=\"spectra-image-gallery__media-thumbnail spectra-image-gallery__media-thumbnail--carousel\" src=\"https:\/\/v2charge.com\/wp-content\/uploads\/2025\/10\/nombre-perfil-carga.png\" alt=\"\" loading=\"lazy\" \/>\n\t\t\t\t<\/picture>\n\t\t\t\t<div class=\"spectra-image-gallery__media-thumbnail-blurrer\"><\/div>\n\t\t\t\t\t\t\t<\/div>\n\t\t\t\t\t\t\t\t<div class=\"spectra-image-gallery__media-thumbnail-caption-wrapper spectra-image-gallery__media-thumbnail-caption-wrapper--bar-outside\">\n\t\t\t\t\t\t\t\t\t\t<div class=\"spectra-image-gallery__media-thumbnail-caption spectra-image-gallery__media-thumbnail-caption--bar-outside\">\n\t\t\t\t\t<strong>PASO 8<br><\/strong>Indica un nombre al perfil de carga y haz clic en &#8216;Guardar&#8217;\t\t\t\t<\/div>\n\t\t\t\t\t\t\t\t<\/div>\n\t\t\t\t\t\t\t<\/div>\n\t\t\t\t\t\t\t\t\t\t\t<\/div>\n\t\t\t\t\t\t\t<\/div>\n\t\t\t\t\t\t\t\t\t\t\t<\/div>\n\t\t\t\t\t\t\t\t\t<\/div>\n<\/div><\/div>\n\n\n\n<div class=\"wp-block-uagb-separator uagb-block-bed78113\"><div class=\"wp-block-uagb-separator__inner\" style=\"--my-background-image:\"><\/div><\/div>\n\n\n\n<div style=\"height:80px\" aria-hidden=\"true\" class=\"wp-block-spacer\"><\/div>\n\n\n\n<div class=\"wp-block-uagb-container uagb-block-c966ad47 alignfull uagb-is-root-container\"><div class=\"uagb-container-inner-blocks-wrap\">\n<div class=\"wp-block-uagb-container uagb-block-e43d748e\">\n<h4 class=\"wp-block-heading\"><strong>Personalizar el control din\u00e1mico de potencia<\/strong><\/h4>\n\n\n\n<iframe width=\"560\" height=\"315\" src=\"https:\/\/www.youtube.com\/embed\/1rxzOlEBTxo?si=ddsLnkIMu3OQ_wO9&amp;controls=0\" title=\"YouTube video player\" frameborder=\"0\" style=\"border: 1px solid #000; border-radius: 9px; overflow: hidden;\" allow=\"accelerometer; autoplay; clipboard-write; encrypted-media; gyroscope; picture-in-picture; web-share\" allowfullscreen><\/iframe>\n<\/div>\n\n\n\n<div class=\"wp-block-uagb-container uagb-block-afd51994\">\n<h4 class=\"wp-block-heading\"><strong>\u00bfC\u00f3mo personalizar la tasa de refresco del control din\u00e1mico de potencia?<\/strong><\/h4>\n\n\n\n<iframe width=\"560\" height=\"315\" src=\"https:\/\/www.youtube.com\/embed\/1HZLo2bgURw?si=-DNFvJp9thqPsNoE&amp;controls=0\" title=\"YouTube video player\" frameborder=\"0\" style=\"border: 1px solid #000; border-radius: 9px; overflow: hidden;\" allow=\"accelerometer; autoplay; clipboard-write; encrypted-media; gyroscope; picture-in-picture; web-share\" allowfullscreen><\/iframe>\n<\/div>\n<\/div><\/div>\n\n\n\n<div style=\"height:80px\" aria-hidden=\"true\" class=\"wp-block-spacer\"><\/div>\n\n\n\n<div class=\"wp-block-uagb-container uagb-block-c6f38013 alignfull uagb-is-root-container\"><div class=\"uagb-container-inner-blocks-wrap\">\n<div class=\"wp-block-uagb-advanced-heading uagb-block-6963d70c\"><h2 class=\"uagb-heading-text\"><strong>\u00bfNecesitas soporte t\u00e9cnico?<\/strong><\/h2><\/div>\n\n\n\n<div class=\"wp-block-uagb-advanced-heading uagb-block-408243eb\"><p class=\"uagb-heading-text\">Resuelve tu incidencia al instante a trav\u00e9s de nuestro Chat con IA. Si no se resuelve, genera una solicitud en el Centro de Soporte T\u00e9cnico y nos pondremos en contacto contigo lo antes posible para ofrecerte la mejor soluci\u00f3n.<\/p><\/div>\n\n\n\n<div class=\"wp-block-uagb-info-box uagb-block-12e3cf1c uagb-infobox__content-wrap  uagb-infobox-icon-left uagb-infobox-left uagb-infobox-image-valign-top wp-block-uagb-info-box--has-margin ai-chatbot-button\"><div class=\"uagb-infobox-margin-wrapper\"><div class=\"uagb-ifb-image-content\"><img decoding=\"async\" src=\"https:\/\/v2charge.com\/wp-content\/uploads\/2026\/01\/support-ai-chatbot.png\" alt=\"\" width=\"20\" height=\"19\" loading=\"lazy\"\/><\/div><div class=\"uagb-ifb-content\"><div class=\"uagb-ifb-title-wrap\"><\/div><div class=\"uagb-ifb-button-wrapper wp-block-button\"><a href=\"https:\/\/v2charge.com\/v2c-support-web\/\" class=\"uagb-infobox-cta-link wp-block-button__link\" target=\"_blank\" rel=\"noopener noreferrer\" onclick=\"return true;\"><span class=\"uagb-inline-editing\">Pregunta a nuestro Chat con IA<\/span><\/a><\/div><\/div><\/div><\/div>\n\n\n\n<div class=\"wp-block-uagb-buttons uagb-buttons__outer-wrap uagb-btn__default-btn uagb-btn-tablet__default-btn uagb-btn-mobile__default-btn uagb-block-ba1e67d1\"><div class=\"uagb-buttons__wrap uagb-buttons-layout-wrap \">\n<div class=\"wp-block-uagb-buttons-child uagb-buttons__outer-wrap uagb-block-23cfb623 wp-block-button\"><div class=\"uagb-button__wrapper\"><a class=\"uagb-buttons-repeater wp-block-button__link\" aria-label=\"\" href=\"https:\/\/v2charge.atlassian.net\/servicedesk\/customer\/portal\/3\" rel=\"follow noopener\" target=\"_blank\" role=\"button\"><div class=\"uagb-button__link\">Contacta con Soporte T\u00e9cnico<\/div><\/a><\/div><\/div>\n<\/div><\/div>\n<\/div><\/div>\n","protected":false},"excerpt":{"rendered":"<p>\u00bfC\u00f3mo personalizar el control de potencia? A continuaci\u00f3n, te presentamos una gu\u00eda completa para realizar la personalizaci\u00f3n de manera efectiva y asegurar un rendimiento \u00f3ptimo del control de potencia. Es importante tener en cuenta que esta es solo una gu\u00eda que debes adaptar a tus necesidades espec\u00edficas, tarifas, tipo de instalaci\u00f3n y estilo de vida. &#8230; <a title=\"Personalizar control de potencia\" class=\"read-more\" href=\"https:\/\/v2charge.com\/es\/soporte\/control-potencia\/personalizacion\/\" aria-label=\"Leer m\u00e1s sobre Personalizar control de potencia\">Leer m\u00e1s<\/a><\/p>\n","protected":false},"author":400,"featured_media":170354,"parent":155940,"menu_order":0,"comment_status":"closed","ping_status":"closed","template":"","meta":{"_eb_attr":"","content-type":"","_uag_custom_page_level_css":"","footnotes":""},"class_list":["post-174551","page","type-page","status-publish","has-post-thumbnail"],"yoast_head":"<!-- This site is optimized with the Yoast SEO plugin v25.3.1 - https:\/\/yoast.com\/wordpress\/plugins\/seo\/ -->\n<title>\u00bfC\u00f3mo personalizar el control de potencia? - V2C<\/title>\n<meta name=\"description\" content=\"Conoce el Paso a Paso para configurar el control de potencia | Personaliza los perfiles de carga desde V2C Cloud\" \/>\n<meta name=\"robots\" content=\"index, follow, max-snippet:-1, max-image-preview:large, max-video-preview:-1\" \/>\n<link rel=\"canonical\" href=\"https:\/\/v2charge.com\/es\/soporte\/control-potencia\/personalizacion\/\" \/>\n<meta property=\"og:locale\" content=\"es_ES\" \/>\n<meta property=\"og:type\" content=\"article\" \/>\n<meta property=\"og:title\" content=\"\u00bfC\u00f3mo personalizar el control de potencia? - V2C\" \/>\n<meta property=\"og:description\" content=\"Conoce el Paso a Paso para configurar el control de potencia | Personaliza los perfiles de carga desde V2C Cloud\" \/>\n<meta property=\"og:url\" content=\"https:\/\/v2charge.com\/es\/soporte\/control-potencia\/personalizacion\/\" \/>\n<meta property=\"og:site_name\" content=\"V2C\" \/>\n<meta property=\"article:publisher\" content=\"https:\/\/www.facebook.com\/V2C.Charge\" \/>\n<meta property=\"article:modified_time\" content=\"2026-04-14T06:04:21+00:00\" \/>\n<meta property=\"og:image\" content=\"https:\/\/v2charge.com\/wp-content\/uploads\/2024\/07\/v2c-electric-chargers.jpg\" \/>\n\t<meta property=\"og:image:width\" content=\"1200\" \/>\n\t<meta property=\"og:image:height\" content=\"675\" \/>\n\t<meta property=\"og:image:type\" content=\"image\/jpeg\" \/>\n<meta name=\"twitter:card\" content=\"summary_large_image\" \/>\n<meta name=\"twitter:site\" content=\"@V2C_Charge\" \/>\n<meta name=\"twitter:label1\" content=\"Tiempo de lectura\" \/>\n\t<meta name=\"twitter:data1\" content=\"12 minutos\" \/>\n<script type=\"application\/ld+json\" class=\"yoast-schema-graph\">{\"@context\":\"https:\/\/schema.org\",\"@graph\":[{\"@type\":\"WebPage\",\"@id\":\"https:\/\/v2charge.com\/es\/soporte\/control-potencia\/personalizacion\/\",\"url\":\"https:\/\/v2charge.com\/es\/soporte\/control-potencia\/personalizacion\/\",\"name\":\"\u00bfC\u00f3mo personalizar el control de potencia? - V2C\",\"isPartOf\":{\"@id\":\"https:\/\/v2charge.com\/es\/#website\"},\"primaryImageOfPage\":{\"@id\":\"https:\/\/v2charge.com\/es\/soporte\/control-potencia\/personalizacion\/#primaryimage\"},\"image\":{\"@id\":\"https:\/\/v2charge.com\/es\/soporte\/control-potencia\/personalizacion\/#primaryimage\"},\"thumbnailUrl\":\"https:\/\/v2charge.com\/wp-content\/uploads\/2024\/07\/v2c-electric-chargers.jpg\",\"datePublished\":\"2024-10-07T06:03:40+00:00\",\"dateModified\":\"2026-04-14T06:04:21+00:00\",\"description\":\"Conoce el Paso a Paso para configurar el control de potencia | Personaliza los perfiles de carga desde V2C Cloud\",\"breadcrumb\":{\"@id\":\"https:\/\/v2charge.com\/es\/soporte\/control-potencia\/personalizacion\/#breadcrumb\"},\"inLanguage\":\"es\",\"potentialAction\":[{\"@type\":\"ReadAction\",\"target\":[\"https:\/\/v2charge.com\/es\/soporte\/control-potencia\/personalizacion\/\"]}]},{\"@type\":\"ImageObject\",\"inLanguage\":\"es\",\"@id\":\"https:\/\/v2charge.com\/es\/soporte\/control-potencia\/personalizacion\/#primaryimage\",\"url\":\"https:\/\/v2charge.com\/wp-content\/uploads\/2024\/07\/v2c-electric-chargers.jpg\",\"contentUrl\":\"https:\/\/v2charge.com\/wp-content\/uploads\/2024\/07\/v2c-electric-chargers.jpg\",\"width\":1200,\"height\":675,\"caption\":\"V2C Electric Chargers\"},{\"@type\":\"BreadcrumbList\",\"@id\":\"https:\/\/v2charge.com\/es\/soporte\/control-potencia\/personalizacion\/#breadcrumb\",\"itemListElement\":[{\"@type\":\"ListItem\",\"position\":1,\"name\":\"V2C\",\"item\":\"https:\/\/v2charge.com\/es\/\"},{\"@type\":\"ListItem\",\"position\":2,\"name\":\"\u00c1rea de Soporte\",\"item\":\"https:\/\/v2charge.com\/es\/soporte\/\"},{\"@type\":\"ListItem\",\"position\":3,\"name\":\"Control de potencia\",\"item\":\"https:\/\/v2charge.com\/es\/soporte\/control-potencia\/\"},{\"@type\":\"ListItem\",\"position\":4,\"name\":\"Personalizaci\u00f3n\"}]},{\"@type\":\"WebSite\",\"@id\":\"https:\/\/v2charge.com\/es\/#website\",\"url\":\"https:\/\/v2charge.com\/es\/\",\"name\":\"V2C\",\"description\":\"#CargandoElMa\u00f1ana\",\"publisher\":{\"@id\":\"https:\/\/v2charge.com\/es\/#organization\"},\"potentialAction\":[{\"@type\":\"SearchAction\",\"target\":{\"@type\":\"EntryPoint\",\"urlTemplate\":\"https:\/\/v2charge.com\/es\/?s={search_term_string}\"},\"query-input\":{\"@type\":\"PropertyValueSpecification\",\"valueRequired\":true,\"valueName\":\"search_term_string\"}}],\"inLanguage\":\"es\"},{\"@type\":\"Organization\",\"@id\":\"https:\/\/v2charge.com\/es\/#organization\",\"name\":\"V2C\",\"url\":\"https:\/\/v2charge.com\/es\/\",\"logo\":{\"@type\":\"ImageObject\",\"inLanguage\":\"es\",\"@id\":\"https:\/\/v2charge.com\/es\/#\/schema\/logo\/image\/\",\"url\":\"https:\/\/v2charge.com\/wp-content\/uploads\/2024\/11\/cropped-v2c-charge-logo-menu.png\",\"contentUrl\":\"https:\/\/v2charge.com\/wp-content\/uploads\/2024\/11\/cropped-v2c-charge-logo-menu.png\",\"width\":984,\"height\":431,\"caption\":\"V2C\"},\"image\":{\"@id\":\"https:\/\/v2charge.com\/es\/#\/schema\/logo\/image\/\"},\"sameAs\":[\"https:\/\/www.facebook.com\/V2C.Charge\",\"https:\/\/x.com\/V2C_Charge\",\"https:\/\/www.instagram.com\/v2c.charge\/\",\"https:\/\/www.youtube.com\/@V2C\",\"https:\/\/www.linkedin.com\/company\/v2c-chargers\/\"]}]}<\/script>\n<!-- \/ Yoast SEO plugin. -->","yoast_head_json":{"title":"\u00bfC\u00f3mo personalizar el control de potencia? - V2C","description":"Conoce el Paso a Paso para configurar el control de potencia | Personaliza los perfiles de carga desde V2C Cloud","robots":{"index":"index","follow":"follow","max-snippet":"max-snippet:-1","max-image-preview":"max-image-preview:large","max-video-preview":"max-video-preview:-1"},"canonical":"https:\/\/v2charge.com\/es\/soporte\/control-potencia\/personalizacion\/","og_locale":"es_ES","og_type":"article","og_title":"\u00bfC\u00f3mo personalizar el control de potencia? - V2C","og_description":"Conoce el Paso a Paso para configurar el control de potencia | Personaliza los perfiles de carga desde V2C Cloud","og_url":"https:\/\/v2charge.com\/es\/soporte\/control-potencia\/personalizacion\/","og_site_name":"V2C","article_publisher":"https:\/\/www.facebook.com\/V2C.Charge","article_modified_time":"2026-04-14T06:04:21+00:00","og_image":[{"width":1200,"height":675,"url":"https:\/\/v2charge.com\/wp-content\/uploads\/2024\/07\/v2c-electric-chargers.jpg","type":"image\/jpeg"}],"twitter_card":"summary_large_image","twitter_site":"@V2C_Charge","twitter_misc":{"Tiempo de lectura":"12 minutos"},"schema":{"@context":"https:\/\/schema.org","@graph":[{"@type":"WebPage","@id":"https:\/\/v2charge.com\/es\/soporte\/control-potencia\/personalizacion\/","url":"https:\/\/v2charge.com\/es\/soporte\/control-potencia\/personalizacion\/","name":"\u00bfC\u00f3mo personalizar el control de potencia? - V2C","isPartOf":{"@id":"https:\/\/v2charge.com\/es\/#website"},"primaryImageOfPage":{"@id":"https:\/\/v2charge.com\/es\/soporte\/control-potencia\/personalizacion\/#primaryimage"},"image":{"@id":"https:\/\/v2charge.com\/es\/soporte\/control-potencia\/personalizacion\/#primaryimage"},"thumbnailUrl":"https:\/\/v2charge.com\/wp-content\/uploads\/2024\/07\/v2c-electric-chargers.jpg","datePublished":"2024-10-07T06:03:40+00:00","dateModified":"2026-04-14T06:04:21+00:00","description":"Conoce el Paso a Paso para configurar el control de potencia | Personaliza los perfiles de carga desde V2C Cloud","breadcrumb":{"@id":"https:\/\/v2charge.com\/es\/soporte\/control-potencia\/personalizacion\/#breadcrumb"},"inLanguage":"es","potentialAction":[{"@type":"ReadAction","target":["https:\/\/v2charge.com\/es\/soporte\/control-potencia\/personalizacion\/"]}]},{"@type":"ImageObject","inLanguage":"es","@id":"https:\/\/v2charge.com\/es\/soporte\/control-potencia\/personalizacion\/#primaryimage","url":"https:\/\/v2charge.com\/wp-content\/uploads\/2024\/07\/v2c-electric-chargers.jpg","contentUrl":"https:\/\/v2charge.com\/wp-content\/uploads\/2024\/07\/v2c-electric-chargers.jpg","width":1200,"height":675,"caption":"V2C Electric Chargers"},{"@type":"BreadcrumbList","@id":"https:\/\/v2charge.com\/es\/soporte\/control-potencia\/personalizacion\/#breadcrumb","itemListElement":[{"@type":"ListItem","position":1,"name":"V2C","item":"https:\/\/v2charge.com\/es\/"},{"@type":"ListItem","position":2,"name":"\u00c1rea de Soporte","item":"https:\/\/v2charge.com\/es\/soporte\/"},{"@type":"ListItem","position":3,"name":"Control de potencia","item":"https:\/\/v2charge.com\/es\/soporte\/control-potencia\/"},{"@type":"ListItem","position":4,"name":"Personalizaci\u00f3n"}]},{"@type":"WebSite","@id":"https:\/\/v2charge.com\/es\/#website","url":"https:\/\/v2charge.com\/es\/","name":"V2C","description":"#CargandoElMa\u00f1ana","publisher":{"@id":"https:\/\/v2charge.com\/es\/#organization"},"potentialAction":[{"@type":"SearchAction","target":{"@type":"EntryPoint","urlTemplate":"https:\/\/v2charge.com\/es\/?s={search_term_string}"},"query-input":{"@type":"PropertyValueSpecification","valueRequired":true,"valueName":"search_term_string"}}],"inLanguage":"es"},{"@type":"Organization","@id":"https:\/\/v2charge.com\/es\/#organization","name":"V2C","url":"https:\/\/v2charge.com\/es\/","logo":{"@type":"ImageObject","inLanguage":"es","@id":"https:\/\/v2charge.com\/es\/#\/schema\/logo\/image\/","url":"https:\/\/v2charge.com\/wp-content\/uploads\/2024\/11\/cropped-v2c-charge-logo-menu.png","contentUrl":"https:\/\/v2charge.com\/wp-content\/uploads\/2024\/11\/cropped-v2c-charge-logo-menu.png","width":984,"height":431,"caption":"V2C"},"image":{"@id":"https:\/\/v2charge.com\/es\/#\/schema\/logo\/image\/"},"sameAs":["https:\/\/www.facebook.com\/V2C.Charge","https:\/\/x.com\/V2C_Charge","https:\/\/www.instagram.com\/v2c.charge\/","https:\/\/www.youtube.com\/@V2C","https:\/\/www.linkedin.com\/company\/v2c-chargers\/"]}]}},"uagb_featured_image_src":{"full":["https:\/\/v2charge.com\/wp-content\/uploads\/2024\/07\/v2c-electric-chargers.jpg",1200,675,false],"thumbnail":["https:\/\/v2charge.com\/wp-content\/uploads\/2024\/07\/v2c-electric-chargers-150x150.jpg",150,150,true],"medium":["https:\/\/v2charge.com\/wp-content\/uploads\/2024\/07\/v2c-electric-chargers-300x169.jpg",300,169,true],"medium_large":["https:\/\/v2charge.com\/wp-content\/uploads\/2024\/07\/v2c-electric-chargers-768x432.jpg",768,432,true],"large":["https:\/\/v2charge.com\/wp-content\/uploads\/2024\/07\/v2c-electric-chargers-1024x576.jpg",1024,576,true],"gs-tiny":["https:\/\/v2charge.com\/wp-content\/uploads\/2024\/07\/v2c-electric-chargers.jpg",50,28,false],"xl":["https:\/\/v2charge.com\/wp-content\/uploads\/2024\/07\/v2c-electric-chargers.jpg",1200,675,false],"xxl":["https:\/\/v2charge.com\/wp-content\/uploads\/2024\/07\/v2c-electric-chargers.jpg",1200,675,false],"xxxl":["https:\/\/v2charge.com\/wp-content\/uploads\/2024\/07\/v2c-electric-chargers.jpg",1200,675,false],"xxxxl":["https:\/\/v2charge.com\/wp-content\/uploads\/2024\/07\/v2c-electric-chargers.jpg",1200,675,false],"xxxxxl":["https:\/\/v2charge.com\/wp-content\/uploads\/2024\/07\/v2c-electric-chargers.jpg",1200,675,false],"1536x1536":["https:\/\/v2charge.com\/wp-content\/uploads\/2024\/07\/v2c-electric-chargers.jpg",1200,675,false],"2048x2048":["https:\/\/v2charge.com\/wp-content\/uploads\/2024\/07\/v2c-electric-chargers.jpg",1200,675,false]},"uagb_author_info":{"display_name":"V2C","author_link":"https:\/\/v2charge.com\/es\/author\/marketing\/"},"uagb_comment_info":0,"uagb_excerpt":"\u00bfC\u00f3mo personalizar el control de potencia? A continuaci\u00f3n, te presentamos una gu\u00eda completa para realizar la personalizaci\u00f3n de manera efectiva y asegurar un rendimiento \u00f3ptimo del control de potencia. Es importante tener en cuenta que esta es solo una gu\u00eda que debes adaptar a tus necesidades espec\u00edficas, tarifas, tipo de instalaci\u00f3n y estilo de vida.&hellip;","_links":{"self":[{"href":"https:\/\/v2charge.com\/es\/wp-json\/wp\/v2\/pages\/174551","targetHints":{"allow":["GET"]}}],"collection":[{"href":"https:\/\/v2charge.com\/es\/wp-json\/wp\/v2\/pages"}],"about":[{"href":"https:\/\/v2charge.com\/es\/wp-json\/wp\/v2\/types\/page"}],"author":[{"embeddable":true,"href":"https:\/\/v2charge.com\/es\/wp-json\/wp\/v2\/users\/400"}],"replies":[{"embeddable":true,"href":"https:\/\/v2charge.com\/es\/wp-json\/wp\/v2\/comments?post=174551"}],"version-history":[{"count":5,"href":"https:\/\/v2charge.com\/es\/wp-json\/wp\/v2\/pages\/174551\/revisions"}],"predecessor-version":[{"id":313395,"href":"https:\/\/v2charge.com\/es\/wp-json\/wp\/v2\/pages\/174551\/revisions\/313395"}],"up":[{"embeddable":true,"href":"https:\/\/v2charge.com\/es\/wp-json\/wp\/v2\/pages\/155940"}],"wp:featuredmedia":[{"embeddable":true,"href":"https:\/\/v2charge.com\/es\/wp-json\/wp\/v2\/media\/170354"}],"wp:attachment":[{"href":"https:\/\/v2charge.com\/es\/wp-json\/wp\/v2\/media?parent=174551"}],"curies":[{"name":"wp","href":"https:\/\/api.w.org\/{rel}","templated":true}]}}