{"id":6509,"date":"2021-09-24T11:15:30","date_gmt":"2021-09-24T11:15:30","guid":{"rendered":"https:\/\/v2c2.puntoderecargacocheelectrico.com\/pole\/"},"modified":"2026-01-23T13:42:44","modified_gmt":"2026-01-23T11:42:44","slug":"pole","status":"publish","type":"page","link":"https:\/\/v2charge.com\/es\/pole\/","title":{"rendered":"Pole"},"content":{"rendered":"\n<div class=\"wp-block-uagb-container uagb-block-80b3c992 alignfull uagb-is-root-container\"><div class=\"uagb-container-inner-blocks-wrap\">\n<div class=\"wp-block-uagb-advanced-heading uagb-block-f7fe004b\"><h1 class=\"uagb-heading-text\">POLE PRO<\/h1><\/div>\n<\/div><\/div>\n\n\n\n<div class=\"wp-block-uagb-container uagb-block-7081c559 alignfull uagb-is-root-container\"><div class=\"uagb-container-inner-blocks-wrap\">\n<div class=\"wp-block-uagb-container uagb-block-bcf31213\">\n<div class=\"wp-block-uagb-advanced-heading uagb-block-aeab6482\"><h2 class=\"uagb-heading-text\">La soluci\u00f3n de carga compartida m\u00e1s inteligente y rentable.<\/h2><\/div>\n\n\n\n<hr class=\"wp-block-separator has-text-color has-alpha-channel-opacity has-background\" style=\"background-color:#00b951;color:#00b951\"\/>\n\n\n\n<p class=\"has-base-3-color has-text-color\">Pole Pro integra la \u00faltima tecnolog\u00eda para ofrecer la carga m\u00e1s inteligente por m\u00faltiples usuarios en espacios p\u00fablicos y privados.<\/p>\n\n\n\n<p class=\"has-base-3-color has-text-color\">Un dise\u00f1o elegante, s\u00f3lido y con la mejor conectividad para los entornos m\u00e1s exigentes en sus dos versiones, suelo o pared.<\/p>\n\n\n\n<div class=\"wp-block-uagb-buttons uagb-buttons__outer-wrap uagb-btn__default-btn uagb-btn-tablet__default-btn uagb-btn-mobile__default-btn uagb-block-0cb7b248\"><div class=\"uagb-buttons__wrap uagb-buttons-layout-wrap \">\n<div class=\"wp-block-uagb-buttons-child uagb-buttons__outer-wrap uagb-block-1858ea77 wp-block-button\"><div class=\"uagb-button__wrapper\"><a class=\"uagb-buttons-repeater wp-block-button__link\" aria-label=\"\" href=\"#contacto\" rel=\"follow noopener\" target=\"_self\" role=\"button\"><div class=\"uagb-button__link\">Contacta con nosotros<\/div><\/a><\/div><\/div>\n<\/div><\/div>\n<\/div>\n\n\n\n<div class=\"wp-block-uagb-container uagb-block-d9afb035\"><\/div>\n<\/div><\/div>\n\n\n\n<div class=\"wp-block-uagb-container uagb-block-77b2901f alignfull uagb-is-root-container\"><div class=\"uagb-container-inner-blocks-wrap\">\n<div class=\"wp-block-uagb-advanced-heading uagb-block-f226f1c0\"><h2 class=\"uagb-heading-text\">M\u00e1s conectado. M\u00e1s Smart.<br><strong>M\u00e1s Pro.<\/strong><\/h2><\/div>\n<\/div><\/div>\n\n\n\n<div class=\"wp-block-uagb-container uagb-block-178396b4 alignfull uagb-is-root-container\"><div class=\"uagb-container-inner-blocks-wrap\">\n<div class=\"wp-block-uagb-container uagb-block-71e308b0\">\n<div class=\"wp-block-uagb-advanced-heading uagb-block-505c6a25\"><h3 class=\"uagb-heading-text\">Las m\u00e1ximas prestaciones para&nbsp;<strong>empresas<\/strong><\/h3><div class=\"uagb-separator\"><\/div><\/div>\n\n\n\n<div class=\"wp-block-uagb-icon-list uagb-block-ab297c79\"><div class=\"uagb-icon-list__wrap\">\n<div class=\"wp-block-uagb-icon-list-child uagb-block-3ade1143\"><span class=\"uagb-icon-list__source-wrap\"><svg xmlns=\"https:\/\/www.w3.org\/2000\/svg\" viewBox=\"0 0 320 512\"><path d=\"M96 480c-8.188 0-16.38-3.125-22.62-9.375c-12.5-12.5-12.5-32.75 0-45.25L242.8 256L73.38 86.63c-12.5-12.5-12.5-32.75 0-45.25s32.75-12.5 45.25 0l192 192c12.5 12.5 12.5 32.75 0 45.25l-192 192C112.4 476.9 104.2 480 96 480z\"><\/path><\/svg><\/span><span class=\"uagb-icon-list__label\">Smart Charging<\/span><\/div>\n<\/div><\/div>\n\n\n\n<div class=\"wp-block-uagb-advanced-heading uagb-block-48d4008c\"><p class=\"uagb-heading-text\">Gestiona de forma inteligente la carga de varios e-Chargers desde la nube para alcanzar la m\u00e1xima eficiencia energ\u00e9tica y reducir costes.<\/p><\/div>\n\n\n\n<div class=\"wp-block-uagb-icon-list uagb-block-2c8dd361\"><div class=\"uagb-icon-list__wrap\">\n<div class=\"wp-block-uagb-icon-list-child uagb-block-ec416854\"><span class=\"uagb-icon-list__source-wrap\"><svg xmlns=\"https:\/\/www.w3.org\/2000\/svg\" viewBox=\"0 0 320 512\"><path d=\"M96 480c-8.188 0-16.38-3.125-22.62-9.375c-12.5-12.5-12.5-32.75 0-45.25L242.8 256L73.38 86.63c-12.5-12.5-12.5-32.75 0-45.25s32.75-12.5 45.25 0l192 192c12.5 12.5 12.5 32.75 0 45.25l-192 192C112.4 476.9 104.2 480 96 480z\"><\/path><\/svg><\/span><span class=\"uagb-icon-list__label\">Instalaci\u00f3n sencilla<\/span><\/div>\n<\/div><\/div>\n\n\n\n<div class=\"wp-block-uagb-advanced-heading uagb-block-7f6eab40\"><p class=\"uagb-heading-text\">Placa de control m\u00e1s compacta y punto de acceso integrado para facilitar su configuraci\u00f3n incluso sin acceso a Internet.<\/p><\/div>\n\n\n\n<div class=\"wp-block-uagb-icon-list uagb-block-21d4f505\"><div class=\"uagb-icon-list__wrap\">\n<div class=\"wp-block-uagb-icon-list-child uagb-block-f910ce61\"><span class=\"uagb-icon-list__source-wrap\"><svg xmlns=\"https:\/\/www.w3.org\/2000\/svg\" viewBox=\"0 0 320 512\"><path d=\"M96 480c-8.188 0-16.38-3.125-22.62-9.375c-12.5-12.5-12.5-32.75 0-45.25L242.8 256L73.38 86.63c-12.5-12.5-12.5-32.75 0-45.25s32.75-12.5 45.25 0l192 192c12.5 12.5 12.5 32.75 0 45.25l-192 192C112.4 476.9 104.2 480 96 480z\"><\/path><\/svg><\/span><span class=\"uagb-icon-list__label\">Gesti\u00f3n de los usuarios<\/span><\/div>\n<\/div><\/div>\n\n\n\n<div class=\"wp-block-uagb-advanced-heading uagb-block-966ef265\"><p class=\"uagb-heading-text\">Control total de las cargas realizadas por m\u00faltiples usuarios a trav\u00e9s de la plataforma gratuita V2C Cloud.<\/p><\/div>\n<\/div>\n\n\n\n<div class=\"wp-block-uagb-container uagb-block-30f69786\">\n<div class=\"wp-block-uagb-image aligncenter uagb-block-b9583532 wp-block-uagb-image--layout-default wp-block-uagb-image--effect-static wp-block-uagb-image--align-center\"><figure class=\"wp-block-uagb-image__figure\"><img decoding=\"async\" srcset=\"https:\/\/v2charge.com\/wp-content\/uploads\/2023\/06\/pole-pro.png \" sizes=\"auto, (max-width: 480px) 150px\" src=\"https:\/\/v2charge.com\/wp-content\/uploads\/2023\/06\/pole-pro.png\" alt=\"Pole Pro, cargador de V2C para entornos urbanos\" class=\"uag-image-106217\" width=\"290\" height=\"501\" title=\"\" loading=\"lazy\" role=\"img\"\/><\/figure><\/div>\n\n\n\n<div class=\"wp-block-uagb-advanced-heading uagb-block-c2312ce4\"><p class=\"uagb-heading-text\">Disponible en versi\u00f3n suelo y pared.<\/p><\/div>\n<\/div>\n\n\n\n<div class=\"wp-block-uagb-container uagb-block-61261044\">\n<div class=\"wp-block-uagb-advanced-heading uagb-block-e2c35002\"><h3 class=\"uagb-heading-text\">M\u00e1s c\u00f3modo y accesible para los&nbsp;<strong>usuarios<\/strong><\/h3><div class=\"uagb-separator\"><\/div><\/div>\n\n\n\n<div class=\"wp-block-uagb-icon-list uagb-block-ec81b3f8\"><div class=\"uagb-icon-list__wrap\">\n<div class=\"wp-block-uagb-icon-list-child uagb-block-c037d143\"><span class=\"uagb-icon-list__source-wrap\"><svg xmlns=\"https:\/\/www.w3.org\/2000\/svg\" viewBox=\"0 0 320 512\"><path d=\"M96 480c-8.188 0-16.38-3.125-22.62-9.375c-12.5-12.5-12.5-32.75 0-45.25L242.8 256L73.38 86.63c-12.5-12.5-12.5-32.75 0-45.25s32.75-12.5 45.25 0l192 192c12.5 12.5 12.5 32.75 0 45.25l-192 192C112.4 476.9 104.2 480 96 480z\"><\/path><\/svg><\/span><span class=\"uagb-icon-list__label\">Velocidad sin l\u00edmites<\/span><\/div>\n<\/div><\/div>\n\n\n\n<div class=\"wp-block-uagb-advanced-heading uagb-block-9e75a70b\"><p class=\"uagb-heading-text\">Conexi\u00f3n Ethernet y nuevo 4G integrado para disfrutar de una carga segura sin desconexiones.<\/p><\/div>\n\n\n\n<div class=\"wp-block-uagb-icon-list uagb-block-5f48c37f\"><div class=\"uagb-icon-list__wrap\">\n<div class=\"wp-block-uagb-icon-list-child uagb-block-1fd2492b\"><span class=\"uagb-icon-list__source-wrap\"><svg xmlns=\"https:\/\/www.w3.org\/2000\/svg\" viewBox=\"0 0 320 512\"><path d=\"M96 480c-8.188 0-16.38-3.125-22.62-9.375c-12.5-12.5-12.5-32.75 0-45.25L242.8 256L73.38 86.63c-12.5-12.5-12.5-32.75 0-45.25s32.75-12.5 45.25 0l192 192c12.5 12.5 12.5 32.75 0 45.25l-192 192C112.4 476.9 104.2 480 96 480z\"><\/path><\/svg><\/span><span class=\"uagb-icon-list__label\">Pagos sencillos<\/span><\/div>\n<\/div><\/div>\n\n\n\n<div class=\"wp-block-uagb-advanced-heading uagb-block-cd236570\"><p class=\"uagb-heading-text\">Identificaci\u00f3n de los usuarios y pagos sencillos gracias al protocolo OCPP, lector RFID incorporado y acceso a la plataforma V2C Payments. Con TPV opcional.<\/p><\/div>\n\n\n\n<div class=\"wp-block-uagb-icon-list uagb-block-f68a13f6\"><div class=\"uagb-icon-list__wrap\">\n<div class=\"wp-block-uagb-icon-list-child uagb-block-4ad50411\"><span class=\"uagb-icon-list__source-wrap\"><svg xmlns=\"https:\/\/www.w3.org\/2000\/svg\" viewBox=\"0 0 320 512\"><path d=\"M96 480c-8.188 0-16.38-3.125-22.62-9.375c-12.5-12.5-12.5-32.75 0-45.25L242.8 256L73.38 86.63c-12.5-12.5-12.5-32.75 0-45.25s32.75-12.5 45.25 0l192 192c12.5 12.5 12.5 32.75 0 45.25l-192 192C112.4 476.9 104.2 480 96 480z\"><\/path><\/svg><\/span><span class=\"uagb-icon-list__label\">Tecnolog\u00eda avanzada<\/span><\/div>\n<\/div><\/div>\n\n\n\n<div class=\"wp-block-uagb-advanced-heading uagb-block-c3b835cc\"><p class=\"uagb-heading-text\">Las luces LED de los conectores y la pantalla de dise\u00f1o informan del estado de la carga en tiempo real.<\/p><\/div>\n<\/div>\n<\/div><\/div>\n\n\n\n<div class=\"wp-block-uagb-container uagb-block-64286be7 alignfull uagb-is-root-container\"><div class=\"uagb-container-inner-blocks-wrap\">\n<div class=\"wp-block-uagb-container uagb-block-f8e7597a\">\n<div data-aos= \"fade-up\" data-aos-duration=\"400\" data-aos-delay=\"0\" data-aos-easing=\"ease\" data-aos-once=\"true\" class=\"wp-block-uagb-container uagb-block-f753895e default uagb-is-root-container\">\n<div data-aos= \"fade\" data-aos-duration=\"400\" data-aos-delay=\"0\" data-aos-easing=\"ease\" data-aos-once=\"true\" class=\"wp-block-uagb-advanced-heading uagb-block-4d141caf\"><h3 class=\"uagb-heading-text\">Plug &amp; Charge con ISO 15118-2<\/h3><\/div>\n\n\n\n<div class=\"wp-block-uagb-advanced-heading uagb-block-3f2e31ea\"><h3 class=\"uagb-heading-text\">Carga tu coche sin tarjetas ni apps<\/h3><\/div>\n\n\n\n<div class=\"wp-block-uagb-advanced-heading uagb-block-dba9c18d\"><h3 class=\"uagb-heading-text\">Inicia la carga autom\u00e1ticamente al conectar el cable, sin necesidad de apps ni tarjetas RFID.<\/h3><\/div>\n<\/div>\n<\/div>\n<\/div><\/div>\n\n\n\n<div class=\"wp-block-uagb-container uagb-block-f443afd7 alignfull uagb-is-root-container\"><div class=\"uagb-container-inner-blocks-wrap\">\n<div class=\"wp-block-uagb-advanced-heading uagb-block-b35ec98f\"><h2 class=\"uagb-heading-text\">Preparado para una&nbsp;<strong>carga inteligente<\/strong>.<\/h2><\/div>\n\n\n\n<div class=\"wp-block-uagb-container uagb-block-d909763b\">\n<div class=\"wp-block-uagb-container uag-hide-mob uagb-block-070f237e\">\n<div class=\"wp-block-uagb-image alignleft uagb-block-fd62050b wp-block-uagb-image--layout-default wp-block-uagb-image--effect-static wp-block-uagb-image--align-left\"><figure class=\"wp-block-uagb-image__figure\"><img decoding=\"async\" srcset=\"https:\/\/v2charge.com\/wp-content\/uploads\/2023\/06\/balanceo-carga-oscuro-1.svg \" sizes=\"auto, (max-width: 480px) 150px\" src=\"https:\/\/v2charge.com\/wp-content\/uploads\/2023\/06\/balanceo-carga-oscuro-1.svg\" alt=\"\" class=\"uag-image-107019\" width=\"70\" height=\"150\" title=\"\" loading=\"lazy\" role=\"img\"\/><\/figure><\/div>\n<\/div>\n\n\n\n<div class=\"wp-block-uagb-container uag-hide-mob uagb-block-57945301\">\n<div class=\"wp-block-uagb-image alignleft uagb-block-39248282 wp-block-uagb-image--layout-default wp-block-uagb-image--effect-static wp-block-uagb-image--align-left\"><figure class=\"wp-block-uagb-image__figure\"><img decoding=\"async\" srcset=\"https:\/\/v2charge.com\/wp-content\/uploads\/2023\/06\/ocpp-cloud.svg \" sizes=\"auto, (max-width: 480px) 150px\" src=\"https:\/\/v2charge.com\/wp-content\/uploads\/2023\/06\/ocpp-cloud.svg\" alt=\"\" class=\"uag-image-106937\" width=\"70\" height=\"150\" title=\"\" loading=\"lazy\" role=\"img\"\/><\/figure><\/div>\n<\/div>\n\n\n\n<div class=\"wp-block-uagb-container uag-hide-mob uagb-block-aecc0e72\">\n<div class=\"wp-block-uagb-image alignleft uagb-block-a5d83cc6 wp-block-uagb-image--layout-default wp-block-uagb-image--effect-static wp-block-uagb-image--align-left\"><figure class=\"wp-block-uagb-image__figure\"><img decoding=\"async\" srcset=\"https:\/\/v2charge.com\/wp-content\/uploads\/2023\/06\/balanceo-local-oscuro.svg \" sizes=\"auto, (max-width: 480px) 150px\" src=\"https:\/\/v2charge.com\/wp-content\/uploads\/2023\/06\/balanceo-local-oscuro.svg\" alt=\"\" class=\"uag-image-107007\" width=\"70\" height=\"66\" title=\"\" loading=\"lazy\" role=\"img\"\/><\/figure><\/div>\n<\/div>\n<\/div>\n\n\n\n<div class=\"wp-block-uagb-container uagb-block-e11c3f49\">\n<div class=\"wp-block-uagb-container uagb-block-5df9f288\">\n<div class=\"wp-block-uagb-advanced-heading uagb-block-1af357b4\"><h3 class=\"uagb-heading-text\">Gesti\u00f3n din\u00e1mica de la carga<\/h3><\/div>\n\n\n\n<p class=\"has-base-3-color has-text-color\">Integra un nuevo medidor MID e identifica en tiempo real el uso de energ\u00eda de la instalaci\u00f3n para optimizar la carga seg\u00fan la potencia disponible y evitar sobrecargas.<\/p>\n<\/div>\n\n\n\n<div class=\"wp-block-uagb-container uagb-block-5dad5fdd\">\n<div class=\"wp-block-uagb-advanced-heading uagb-block-b3b223cb\"><h3 class=\"uagb-heading-text\">Tecnolog\u00eda OCPP<\/h3><\/div>\n\n\n\n<p class=\"has-base-3-color has-text-color\">Con la \u00faltima tecnolog\u00eda OCPP&amp;XML, Pole Pro puede integrarse a la perfecci\u00f3n en todos los sistemas de gesti\u00f3n y redes de carga p\u00fablicas o privadas.<\/p>\n<\/div>\n\n\n\n<div class=\"wp-block-uagb-container uagb-block-cb1bb028\">\n<div class=\"wp-block-uagb-advanced-heading uagb-block-d2e6f88a\"><h3 class=\"uagb-heading-text\">Carga simult\u00e1nea segura<\/h3><\/div>\n\n\n\n<p class=\"has-base-3-color has-text-color\">Distribuye la energ\u00eda de forma equitativa entre las dos tomas o entre varios e-Chargers para garantizar la carga en situaciones de alta demanda.<\/p>\n<\/div>\n<\/div>\n<\/div><\/div>\n\n\n\n<div class=\"wp-block-uagb-container uagb-block-02d58ff6 alignfull uagb-is-root-container\"><div class=\"uagb-container__video-wrap\"><video autoplay loop muted playsinline><source src=\"https:\/\/v2charge.com\/wp-content\/uploads\/2024\/09\/pole-pro-tpv.mp4\" type=\"video\/mp4\"\/><\/video><\/div><div class=\"uagb-container-inner-blocks-wrap\"><\/div><\/div>\n\n\n\n<div class=\"wp-block-uagb-container uagb-block-8b05f9ad alignfull uagb-is-root-container\"><div class=\"uagb-container-inner-blocks-wrap\">\n<div class=\"wp-block-uagb-container uagb-block-1d21e6c4\">\n<div class=\"wp-block-uagb-advanced-heading uagb-block-83c09e1e\"><h2 class=\"uagb-heading-text\">Pole Pro con <strong>TPV integrado<\/strong>: recibe <strong>pagos con tarjeta<\/strong> al instante.<\/h2><\/div>\n<\/div>\n\n\n\n<div class=\"wp-block-uagb-container uagb-block-25df5ec9\">\n<div class=\"wp-block-uagb-container uagb-block-bdc13149\"><\/div>\n\n\n\n<div class=\"wp-block-uagb-container uagb-block-c0694d63\">\n<div class=\"wp-block-uagb-container uagb-block-57dee21f\">\n<div class=\"wp-block-uagb-container uagb-block-cbf570f8\">\n<div class=\"wp-block-uagb-image uagb-block-825fa6f8 wp-block-uagb-image--layout-default wp-block-uagb-image--effect-static wp-block-uagb-image--align-none\"><figure class=\"wp-block-uagb-image__figure\"><img decoding=\"async\" srcset=\"https:\/\/v2charge.com\/wp-content\/uploads\/2024\/09\/tpv-pagos.png ,https:\/\/v2charge.com\/wp-content\/uploads\/2024\/09\/tpv-pagos.png 780w, https:\/\/v2charge.com\/wp-content\/uploads\/2024\/09\/tpv-pagos.png 360w\" sizes=\"auto, (max-width: 480px) 150px\" src=\"https:\/\/v2charge.com\/wp-content\/uploads\/2024\/09\/tpv-pagos.png\" alt=\"\" class=\"uag-image-178158\" width=\"60\" height=\"70\" title=\"tpv-pagos\" loading=\"lazy\" role=\"img\"\/><\/figure><\/div>\n<\/div>\n\n\n\n<div class=\"wp-block-uagb-container uagb-block-2eb850b7\">\n<div class=\"wp-block-uagb-advanced-heading uagb-block-3496065e\"><h3 class=\"uagb-heading-text\"><strong>Acepta pagos r\u00e1pidos con tarjeta de cr\u00e9dito\/d\u00e9bito<\/strong><\/h3><\/div>\n\n\n\n<div class=\"wp-block-uagb-advanced-heading uagb-block-9e67729a\"><p class=\"uagb-heading-text\">El usuario solo debe pasar su tarjeta, sin utilizar aplicaciones espec\u00edficas o plataformas externas.<\/p><\/div>\n<\/div>\n<\/div>\n\n\n\n<div class=\"wp-block-uagb-container uagb-block-65568379\">\n<div class=\"wp-block-uagb-container uagb-block-db1521b2\">\n<div class=\"wp-block-uagb-image uagb-block-584e6ca6 wp-block-uagb-image--layout-default wp-block-uagb-image--effect-static wp-block-uagb-image--align-none\"><figure class=\"wp-block-uagb-image__figure\"><img decoding=\"async\" srcset=\"https:\/\/v2charge.com\/wp-content\/uploads\/2024\/09\/facturacion-tpv.png ,https:\/\/v2charge.com\/wp-content\/uploads\/2024\/09\/facturacion-tpv.png 780w, https:\/\/v2charge.com\/wp-content\/uploads\/2024\/09\/facturacion-tpv.png 360w\" sizes=\"auto, (max-width: 480px) 150px\" src=\"https:\/\/v2charge.com\/wp-content\/uploads\/2024\/09\/facturacion-tpv.png\" alt=\"\" class=\"uag-image-178118\" width=\"60\" height=\"70\" title=\"facturacion-tpv\" loading=\"lazy\" role=\"img\"\/><\/figure><\/div>\n<\/div>\n\n\n\n<div class=\"wp-block-uagb-container uagb-block-fa40771a\">\n<div class=\"wp-block-uagb-advanced-heading uagb-block-f1f67e01\"><h3 class=\"uagb-heading-text\"><strong>Totalmente configurado, sin tr\u00e1mites bancarios<\/strong><\/h3><\/div>\n\n\n\n<div class=\"wp-block-uagb-advanced-heading uagb-block-55fda26c\"><p class=\"uagb-heading-text\">Preparado para comenzar a recibir pagos desde el primer d\u00eda, sin necesidad de papeleo adicional.<\/p><\/div>\n<\/div>\n<\/div>\n\n\n\n<div class=\"wp-block-uagb-container uagb-block-7fcd48e3\">\n<div class=\"wp-block-uagb-container uagb-block-10f7e679\">\n<div class=\"wp-block-uagb-image uagb-block-34a267e9 wp-block-uagb-image--layout-default wp-block-uagb-image--effect-static wp-block-uagb-image--align-none\"><figure class=\"wp-block-uagb-image__figure\"><img decoding=\"async\" srcset=\"https:\/\/v2charge.com\/wp-content\/uploads\/2024\/09\/condiciones-tpv.png ,https:\/\/v2charge.com\/wp-content\/uploads\/2024\/09\/condiciones-tpv.png 780w, https:\/\/v2charge.com\/wp-content\/uploads\/2024\/09\/condiciones-tpv.png 360w\" sizes=\"auto, (max-width: 480px) 150px\" src=\"https:\/\/v2charge.com\/wp-content\/uploads\/2024\/09\/condiciones-tpv.png\" alt=\"\" class=\"uag-image-178136\" width=\"60\" height=\"70\" title=\"condiciones-tpv\" loading=\"lazy\" role=\"img\"\/><\/figure><\/div>\n<\/div>\n\n\n\n<div class=\"wp-block-uagb-container uagb-block-82228f6d\">\n<div class=\"wp-block-uagb-advanced-heading uagb-block-1d6212fa\"><h3 class=\"uagb-heading-text\"><strong>Condiciones de servicio atractivas<\/strong><\/h3><\/div>\n\n\n\n<div class=\"wp-block-uagb-advanced-heading uagb-block-87c991e2\"><p class=\"uagb-heading-text\">Recibe el 95% de los ingresos directamente en tu cuenta con una \u00fanica factura a final de mes.<\/p><\/div>\n<\/div>\n<\/div>\n\n\n\n<div class=\"wp-block-uagb-buttons uagb-buttons__outer-wrap uagb-btn__default-btn uagb-btn-tablet__default-btn uagb-btn-mobile__default-btn uagb-block-4c741aad\"><div class=\"uagb-buttons__wrap uagb-buttons-layout-wrap \">\n<div class=\"wp-block-uagb-buttons-child uagb-buttons__outer-wrap uagb-block-28f2c297 wp-block-button\"><div class=\"uagb-button__wrapper\"><a class=\"uagb-buttons-repeater wp-block-button__link\" aria-label=\"\" href=\"https:\/\/v2charge.com\/es\/tpv\/\" rel=\"follow noopener\" target=\"_self\" role=\"button\"><div class=\"uagb-button__link\">Ver TPV<\/div><\/a><\/div><\/div>\n<\/div><\/div>\n<\/div>\n<\/div>\n<\/div><\/div>\n\n\n\n<div class=\"wp-block-uagb-container uagb-block-3829ed6b alignfull uagb-is-root-container\"><div class=\"uagb-container-inner-blocks-wrap\">\n<div class=\"wp-block-uagb-container uagb-block-907b6032\">\n<div class=\"wp-block-uagb-advanced-heading uagb-block-27b238fb\"><h2 class=\"uagb-heading-text\">Con <strong>integraci\u00f3n fotovoltaica<\/strong>.<br>A\u00fan m\u00e1s <strong>Pro<\/strong>.<\/h2><\/div>\n\n\n\n<div class=\"wp-block-uagb-advanced-heading uagb-block-d50b42d8\"><h2 class=\"uagb-heading-text\">Ahora, carga con el <strong>excedente solar<\/strong>. <\/h2><\/div>\n\n\n\n<div class=\"wp-block-uagb-advanced-heading uagb-block-c40c91fd\"><p class=\"uagb-heading-text\">Carga tu veh\u00edculo el\u00e9ctrico o toda la flota <strong>empleando solo la energ\u00eda solar<\/strong>, de la red o una combinaci\u00f3n de ambas. Elige entre <strong>diferentes modos de energ\u00eda<\/strong> para cada uno de los e-Chargers y <strong>tramos horarios<\/strong>.<\/p><\/div>\n<\/div>\n<\/div><\/div>\n\n\n\n<div class=\"wp-block-uagb-container uagb-block-af6b3991 alignfull uagb-is-root-container\"><div class=\"uagb-container-inner-blocks-wrap\">\n<div class=\"wp-block-uagb-container uagb-block-40a5f9f2\">\n<div class=\"wp-block-uagb-container uagb-block-f4206ee0\">\n<div class=\"wp-block-uagb-advanced-heading uagb-block-488521bc\"><h2 class=\"uagb-heading-text\">Flexibilidad y eficiencia para la&nbsp;<strong>mejor carga compartida<\/strong>&nbsp;en entornos urbanos.<\/h2><\/div>\n<\/div>\n\n\n\n<div class=\"wp-block-uagb-container uagb-block-24a204d6\">\n<div class=\"wp-block-uagb-advanced-heading uagb-block-84d27979\"><p class=\"uagb-heading-text\">Gracias a su dise\u00f1o antivand\u00e1lico con protecci\u00f3n interior y bloqueo de puerta, Pole Pro es el e-Charger por excelencia para&nbsp;<strong>instituciones privadas, p\u00fablicas y electrolineras<\/strong>.<\/p><\/div>\n\n\n\n<div class=\"wp-block-uagb-advanced-heading uagb-block-079f8273\"><p class=\"uagb-heading-text\">Pole Pro se ajusta a todas las necesidades, pudiendo escoger entre&nbsp;<strong>versi\u00f3n suelo o pared<\/strong>. Pero su flexibilidad va m\u00e1s all\u00e1: puede configurarse con 1 o 2 sockets y 1 o 2 mangueras.<\/p><\/div>\n<\/div>\n<\/div>\n\n\n\n<div class=\"wp-block-uagb-container uagb-block-ea3335e1\">\n<div class=\"wp-block-uagb-container uagb-block-84c815a5\">\n<div class=\"wp-block-uagb-image uagb-block-e6459ad6 wp-block-uagb-image--layout-default wp-block-uagb-image--effect-static wp-block-uagb-image--align-none\"><figure class=\"wp-block-uagb-image__figure\"><img decoding=\"async\" srcset=\"https:\/\/v2charge.com\/wp-content\/uploads\/2023\/06\/empresa-pole-pro.jpg \" sizes=\"auto, (max-width: 480px) 150px\" src=\"https:\/\/v2charge.com\/wp-content\/uploads\/2023\/06\/empresa-pole-pro.jpg\" alt=\"Pole Pro instalado en parking de empresa\" class=\"uag-image-105939\" width=\"640\" height=\"330\" title=\"\" loading=\"lazy\" role=\"img\"\/><\/figure><\/div>\n\n\n\n<div class=\"wp-block-uagb-advanced-heading uagb-block-d4e5763c\"><h2 class=\"uagb-heading-text\"><strong>Instituciones privadas<\/strong><\/h2><\/div>\n<\/div>\n\n\n\n<div class=\"wp-block-uagb-container uagb-block-4516116f\">\n<div class=\"wp-block-uagb-image uagb-block-118430d7 wp-block-uagb-image--layout-default wp-block-uagb-image--effect-static wp-block-uagb-image--align-none\"><figure class=\"wp-block-uagb-image__figure\"><img decoding=\"async\" srcset=\"https:\/\/v2charge.com\/wp-content\/uploads\/2023\/06\/electrolinera-pole-pro.jpg \" sizes=\"auto, (max-width: 480px) 150px\" src=\"https:\/\/v2charge.com\/wp-content\/uploads\/2023\/06\/electrolinera-pole-pro.jpg\" alt=\"Pole Pro instalado en electrolinera y parking publico\" class=\"uag-image-105948\" width=\"640\" height=\"330\" title=\"\" loading=\"lazy\" role=\"img\"\/><\/figure><\/div>\n\n\n\n<div class=\"wp-block-uagb-advanced-heading uagb-block-3791d227\"><h2 class=\"uagb-heading-text\"><strong><strong>Parkings p\u00fablicos<\/strong><\/strong><\/h2><\/div>\n<\/div>\n\n\n\n<div class=\"wp-block-uagb-container uagb-block-55ac856e\">\n<div class=\"wp-block-uagb-image uagb-block-f24431f0 wp-block-uagb-image--layout-default wp-block-uagb-image--effect-static wp-block-uagb-image--align-none\"><figure class=\"wp-block-uagb-image__figure\"><img decoding=\"async\" srcset=\"https:\/\/v2charge.com\/wp-content\/uploads\/2023\/06\/centro-comercial-pole-pro.jpg \" sizes=\"auto, (max-width: 480px) 150px\" src=\"https:\/\/v2charge.com\/wp-content\/uploads\/2023\/06\/centro-comercial-pole-pro.jpg\" alt=\"\" class=\"uag-image-105930\" width=\"640\" height=\"330\" title=\"\" loading=\"lazy\" role=\"img\"\/><\/figure><\/div>\n\n\n\n<div class=\"wp-block-uagb-advanced-heading uagb-block-1e3776d3\"><h2 class=\"uagb-heading-text\"><strong><strong>Centros comerciales<\/strong><\/strong><\/h2><\/div>\n<\/div>\n<\/div>\n<\/div><\/div>\n\n\n\n<div class=\"wp-block-uagb-container gradient-try-section3 uagb-block-ed54f33c alignfull uagb-is-root-container\"><div class=\"uagb-container-inner-blocks-wrap\">\n<div data-aos= \"fade-up\" data-aos-duration=\"400\" data-aos-delay=\"0\" data-aos-easing=\"ease\" data-aos-once=\"true\" class=\"wp-block-uagb-container uagb-block-632f4fe7 default uagb-is-root-container\">\n<div data-aos= \"fade-up\" data-aos-duration=\"400\" data-aos-delay=\"0\" data-aos-easing=\"ease\" data-aos-once=\"true\" class=\"wp-block-uagb-container uagb-block-027cc78a default uagb-is-root-container\">\n<div class=\"wp-block-accordion-toggle-accordion-toggle  root-eb-accordion-hgagmv4\"><div class=\"eb-parent-wrapper eb-parent-eb-accordion-hgagmv4 \"><div class=\"eb-accordion-container eb-accordion-hgagmv4\" data-accordion-type=\"accordion\" data-tab-icon=\"dashicons-plus-alt2\" data-expanded-icon=\"dashicons-minus\" data-transition-duration=\"500\"><div class=\"eb-accordion-inner\">\n<div class=\"wp-block-accordion-toggle-accordion-item eb-accordion-item-dduif23 eb-accordion-wrapper\" data-clickable=\"false\"><div class=\"eb-accordion-title-wrapper eb-accordion-title-wrapper-eb-accordion-hgagmv4\" tabindex=\"0\"><span class=\"eb-accordion-icon-wrapper eb-accordion-icon-wrapper-eb-accordion-hgagmv4\"><span class=\"dashicon dashicons dashicons-plus-alt2 eb-accordion-icon\"><\/span><\/span><div class=\"eb-accordion-title-content-wrap title-content-eb-accordion-hgagmv4\"><h3 class=\"eb-accordion-title\"><strong>Ford elige Pole Pro para anunciar su nuevo Ford Puma\u00ae\u00a0Gen-E el\u00e9ctrico<\/strong><\/h3><\/div><\/div><div class=\"eb-accordion-content-wrapper eb-accordion-content-wrapper-eb-accordion-hgagmv4\"><div class=\"eb-accordion-content\">\n<div class=\"wp-block-uagb-container uagb-block-e4bcd790 default uagb-is-root-container\">\n<div class=\"wp-block-uagb-container uagb-block-b43886d2\">\n<div class=\"wp-block-uagb-advanced-heading uagb-block-9b2bb3d5\"><p class=\"uagb-heading-text\">Ford ha seleccionado <strong>Pole Pro<\/strong> como el cargador oficial para el lanzamiento del <strong>Ford Puma\u00ae Gen-E<\/strong>, su nuevo modelo 100% el\u00e9ctrico, apostando por la <strong>innovaci\u00f3n y tecnolog\u00eda avanzada<\/strong> del e-Charger.<\/p><\/div>\n<\/div>\n<\/div>\n<\/div><\/div><\/div>\n<\/div><\/div><\/div><\/div>\n<\/div>\n<\/div>\n<\/div><\/div>\n\n\n\n<div class=\"wp-block-uagb-container uagb-block-5febc1a1 alignfull uagb-is-root-container\"><div class=\"uagb-container-inner-blocks-wrap\">\n<div class=\"wp-block-uagb-container uagb-block-2dabd166 default uagb-is-root-container\">\n<div class=\"wp-block-uagb-container uagb-block-85d85fbf\">\n<div class=\"wp-block-uagb-advanced-heading uagb-block-a62d29ae\"><h2 class=\"uagb-heading-text\">Descubre todas las novedades V2C en nuestra tienda online<\/h2><\/div>\n\n\n\n<div class=\"wp-block-uagb-advanced-heading uagb-block-8fdd59ea\"><p class=\"uagb-heading-text\">\u00bfQuieres comprar tu cargador directamente? Accede a nuestra tienda virtual, elige el modelo de cargador de coche que mejor te convenga y disfruta de todas las ventajas.<\/p><\/div>\n\n\n\n<div class=\"wp-block-uagb-container uagb-block-d11bd613\">\n<div class=\"wp-block-uagb-container uagb-block-a466b1be\">\n<div class=\"wp-block-uagb-info-box uagb-block-01a1fec7 uagb-infobox__content-wrap  uagb-infobox-icon-left uagb-infobox-left uagb-infobox-image-valign-middle\"><div class=\"uagb-ifb-image-content\"><img decoding=\"async\" src=\"https:\/\/v2charge.com\/wp-content\/uploads\/2024\/04\/free-shipping-white.png\" alt=\"\" width=\"100\" height=\"100\" loading=\"lazy\"\/><\/div><div class=\"uagb-ifb-content\"><div class=\"uagb-ifb-title-wrap\"><\/div><p class=\"uagb-ifb-desc\">\u00a1Env\u00edo expr\u00e9s gratis!<\/p><\/div><\/div>\n<\/div>\n\n\n\n<div class=\"wp-block-uagb-container uagb-block-86487e8e\">\n<div class=\"wp-block-uagb-info-box uagb-block-63b31ace uagb-infobox__content-wrap  uagb-infobox-icon-left uagb-infobox-left uagb-infobox-image-valign-middle\"><div class=\"uagb-ifb-image-content\"><img decoding=\"async\" src=\"https:\/\/v2charge.com\/wp-content\/uploads\/2024\/04\/safe-payment-white.png\" alt=\"\" width=\"100\" height=\"100\" loading=\"lazy\"\/><\/div><div class=\"uagb-ifb-content\"><div class=\"uagb-ifb-title-wrap\"><\/div><p class=\"uagb-ifb-desc\">Pago 100% seguro<\/p><\/div><\/div>\n<\/div>\n<\/div>\n\n\n\n<div class=\"wp-block-uagb-buttons uagb-buttons__outer-wrap uagb-btn__default-btn uagb-btn-tablet__default-btn uagb-btn-mobile__default-btn uagb-block-51a55718\"><div class=\"uagb-buttons__wrap uagb-buttons-layout-wrap \">\n<div class=\"wp-block-uagb-buttons-child uagb-buttons__outer-wrap uagb-block-1b56d772 wp-block-button\"><div class=\"uagb-button__wrapper\"><a class=\"uagb-buttons-repeater wp-block-button__link\" aria-label=\"\" href=\"https:\/\/v2charge.com\/store\/es\/producto\/pole\/\" rel=\"follow noopener\" target=\"_self\" role=\"button\"><div class=\"uagb-button__link\">Ver Tienda Online<\/div><\/a><\/div><\/div>\n<\/div><\/div>\n<\/div>\n<\/div>\n<\/div><\/div>\n\n\n\n<div class=\"wp-block-uagb-container uagb-block-be427c3f alignfull uagb-is-root-container\"><div class=\"uagb-container-inner-blocks-wrap\">\n<div class=\"wp-block-uagb-container uagb-block-1485d5f5\">\n<div class=\"wp-block-uagb-advanced-heading uagb-block-c1f24519\"><h2 class=\"uagb-heading-text\">V2C Cloud<\/h2><\/div>\n\n\n\n<h3 class=\"wp-block-heading has-base-3-color has-text-color\" style=\"font-size:24px\">Un e-Charger. Muchos usuarios.<br>Todo el control desde desde V2C Cloud.<\/h3>\n\n\n\n<div class=\"wp-block-uagb-advanced-heading uagb-block-09936196\"><p class=\"uagb-heading-text\">Administra y controla la carga de multitud de usuarios a trav\u00e9s de la plataforma V2C Cloud.&nbsp;<strong>Concede acceso a los usuarios<\/strong>, asigna las&nbsp;<strong>tarjetas RFID<\/strong>, consulta&nbsp;<strong>en tiempo real<\/strong>&nbsp;el estado de las cargas y&nbsp;<strong>descarga los hist\u00f3ricos de consumos<\/strong>.<\/p><\/div>\n\n\n\n<div class=\"wp-block-uagb-buttons uagb-buttons__outer-wrap uagb-btn__default-btn uagb-btn-tablet__default-btn uagb-btn-mobile__default-btn uagb-block-4e4f5830\"><div class=\"uagb-buttons__wrap uagb-buttons-layout-wrap \">\n<div class=\"wp-block-uagb-buttons-child uagb-buttons__outer-wrap uagb-block-16112446 wp-block-button\"><div class=\"uagb-button__wrapper\"><a class=\"uagb-buttons-repeater wp-block-button__link\" aria-label=\"\" href=\"https:\/\/v2charge.com\/es\/v2c-cloud\/\" rel=\"follow noopener\" target=\"_self\" role=\"button\"><div class=\"uagb-button__link\">+ INFO<\/div><\/a><\/div><\/div>\n<\/div><\/div>\n<\/div>\n\n\n\n<div class=\"wp-block-uagb-container uagb-block-5e9dbb1d\"><\/div>\n<\/div><\/div>\n\n\n\n<div class=\"wp-block-uagb-container uagb-block-a3303d4f alignfull uagb-is-root-container\"><div class=\"uagb-container-inner-blocks-wrap\">\n<div class=\"wp-block-uagb-container uagb-block-1e2700d8\">\t\t\t\t\t<div\n\t\t\t\t\t\tclass=\"wp-block-uagb-image-gallery uagb-block-cba7e233     \"\n\t\t\t\t\t\tstyle=\"\"\n\t\t\t\t\t>\n\t\t\t\t\t\t\t\t\t\t\t<div class=\"spectra-image-gallery spectra-image-gallery__layout--carousel\">\n\t\t\t\t\t\t\t\t<div class=\"uagb-slick-carousel uagb-block-cba7e233\">\n\t\t\t\t\t\t\t\t\t\t\t\t<div class='spectra-image-gallery__media-wrapper' data-spectra-gallery-image-id='293295'>\n\t\t\t\t\t\t\t<div class=\"spectra-image-gallery__media spectra-image-gallery__media--carousel\">\n\t\t\t\t<picture>\n\t\t\t\t\t<source media=\"(min-width: 1024px)\" srcset=\"https:\/\/v2charge.com\/wp-content\/uploads\/2025\/12\/proceso-pagar-6.png\">\n\t\t\t\t\t<source media=\"(min-width: 768px)\" srcset=\"https:\/\/v2charge.com\/wp-content\/uploads\/2025\/12\/proceso-pagar-6.png\">\n\t\t\t\t\t<img decoding=\"async\" class=\"spectra-image-gallery__media-thumbnail spectra-image-gallery__media-thumbnail--carousel\" src=\"https:\/\/v2charge.com\/wp-content\/uploads\/2025\/12\/proceso-pagar-6.png\" alt=\"\" loading=\"lazy\" \/>\n\t\t\t\t<\/picture>\n\t\t\t\t<div class=\"spectra-image-gallery__media-thumbnail-blurrer\"><\/div>\n\t\t\t\t\t\t\t\t\t\t\t<div class=\"spectra-image-gallery__media-thumbnail-caption-wrapper spectra-image-gallery__media-thumbnail-caption-wrapper--overlay\"><\/div>\n\t\t\t\t\t\t\t\t<\/div>\n\t\t\t\t\t\t<\/div>\n\t\t\t\t\t\t<div class='spectra-image-gallery__media-wrapper' data-spectra-gallery-image-id='293273'>\n\t\t\t\t\t\t\t<div class=\"spectra-image-gallery__media spectra-image-gallery__media--carousel\">\n\t\t\t\t<picture>\n\t\t\t\t\t<source media=\"(min-width: 1024px)\" srcset=\"https:\/\/v2charge.com\/wp-content\/uploads\/2025\/12\/coste.png\">\n\t\t\t\t\t<source media=\"(min-width: 768px)\" srcset=\"https:\/\/v2charge.com\/wp-content\/uploads\/2025\/12\/coste.png\">\n\t\t\t\t\t<img decoding=\"async\" class=\"spectra-image-gallery__media-thumbnail spectra-image-gallery__media-thumbnail--carousel\" src=\"https:\/\/v2charge.com\/wp-content\/uploads\/2025\/12\/coste.png\" alt=\"\" loading=\"lazy\" \/>\n\t\t\t\t<\/picture>\n\t\t\t\t<div class=\"spectra-image-gallery__media-thumbnail-blurrer\"><\/div>\n\t\t\t\t\t\t\t\t\t\t\t<div class=\"spectra-image-gallery__media-thumbnail-caption-wrapper spectra-image-gallery__media-thumbnail-caption-wrapper--overlay\"><\/div>\n\t\t\t\t\t\t\t\t<\/div>\n\t\t\t\t\t\t<\/div>\n\t\t\t\t\t\t<div class='spectra-image-gallery__media-wrapper' data-spectra-gallery-image-id='293284'>\n\t\t\t\t\t\t\t<div class=\"spectra-image-gallery__media spectra-image-gallery__media--carousel\">\n\t\t\t\t<picture>\n\t\t\t\t\t<source media=\"(min-width: 1024px)\" srcset=\"https:\/\/v2charge.com\/wp-content\/uploads\/2025\/12\/metodo-pago.png\">\n\t\t\t\t\t<source media=\"(min-width: 768px)\" srcset=\"https:\/\/v2charge.com\/wp-content\/uploads\/2025\/12\/metodo-pago.png\">\n\t\t\t\t\t<img decoding=\"async\" class=\"spectra-image-gallery__media-thumbnail spectra-image-gallery__media-thumbnail--carousel\" src=\"https:\/\/v2charge.com\/wp-content\/uploads\/2025\/12\/metodo-pago.png\" alt=\"\" loading=\"lazy\" \/>\n\t\t\t\t<\/picture>\n\t\t\t\t<div class=\"spectra-image-gallery__media-thumbnail-blurrer\"><\/div>\n\t\t\t\t\t\t\t\t\t\t\t<div class=\"spectra-image-gallery__media-thumbnail-caption-wrapper spectra-image-gallery__media-thumbnail-caption-wrapper--overlay\"><\/div>\n\t\t\t\t\t\t\t\t<\/div>\n\t\t\t\t\t\t<\/div>\n\t\t\t\t\t\t\t\t\t\t\t<\/div>\n\t\t\t\t\t\t\t<\/div>\n\t\t\t\t\t\t\t\t\t\t\t<\/div>\n\t\t\t\t\t\t\t\t\t<\/div>\n\n\n\n<div class=\"wp-block-uagb-container uagb-block-46b6b41f\">\n<div class=\"wp-block-uagb-advanced-heading uagb-block-c3b1810b\"><h2 class=\"uagb-heading-text\"><strong>Maximiza tu inversi\u00f3n<\/strong>&nbsp;con V2C Payments.<\/h2><\/div>\n\n\n\n<p>V2C Payments es una plataforma sin ning\u00fan coste mensual por funcionamiento que permite&nbsp;<strong>gestionar el pago<\/strong>&nbsp;de m\u00faltiples usuarios por el uso de Pole Pro.<\/p>\n\n\n\n<p>Los usuarios pagan y activan el e-Charger directamente&nbsp;<strong>desde su m\u00f3vil<\/strong>. Una comodidad \u00fanica para que consigas el m\u00e1ximo retorno de la inversi\u00f3n.<\/p>\n\n\n\n<div class=\"wp-block-uagb-buttons uagb-buttons__outer-wrap uagb-btn__default-btn uagb-btn-tablet__default-btn uagb-btn-mobile__default-btn uagb-block-7b9fd4ef\"><div class=\"uagb-buttons__wrap uagb-buttons-layout-wrap \">\n<div class=\"wp-block-uagb-buttons-child uagb-buttons__outer-wrap uagb-block-94b74764 wp-block-button\"><div class=\"uagb-button__wrapper\"><a class=\"uagb-buttons-repeater wp-block-button__link\" aria-label=\"\" href=\"https:\/\/v2charge.com\/es\/v2c-payments\/\" rel=\"follow noopener\" target=\"_self\" role=\"button\"><div class=\"uagb-button__link\">+ INFO<\/div><\/a><\/div><\/div>\n<\/div><\/div>\n<\/div>\n<\/div><\/div>\n\n\n\n<div class=\"wp-block-uagb-container uagb-block-75998bcb alignfull uagb-is-root-container\"><div class=\"uagb-container-inner-blocks-wrap\">\n<div class=\"wp-block-uagb-advanced-heading uagb-block-a722ea95\"><h2 class=\"uagb-heading-text\">Consulta el&nbsp;<strong>cat\u00e1logo<\/strong>&nbsp;y el&nbsp;<strong>manual<\/strong>&nbsp;de Pole Pro<\/h2><\/div>\n<\/div><\/div>\n\n\n\n<div class=\"wp-block-uagb-container uagb-block-498700de alignfull uagb-is-root-container\"><div class=\"uagb-container-inner-blocks-wrap\">\n<div class=\"wp-block-uagb-container uagb-block-840aba2a\">\n<div class=\"wp-block-uagb-image aligncenter uagb-block-91e13620 wp-block-uagb-image--layout-default wp-block-uagb-image--effect-static wp-block-uagb-image--align-center\"><figure class=\"wp-block-uagb-image__figure\"><img decoding=\"async\"  sizes=\"auto, (max-width: 480px) 150px\" src=\"https:\/\/v2charge.com\/wp-content\/uploads\/2023\/06\/charger-pole-pro-1.png\" alt=\"\" width=\"300\" height=\"251\" title=\"\" loading=\"lazy\" role=\"img\"\/><\/figure><\/div>\n\n\n\n<div class=\"wp-block-uagb-buttons uagb-buttons__outer-wrap uagb-btn__default-btn uagb-btn-tablet__default-btn uagb-btn-mobile__default-btn uagb-block-3b7be5cc\"><div class=\"uagb-buttons__wrap uagb-buttons-layout-wrap \">\n<div class=\"wp-block-uagb-buttons-child uagb-buttons__outer-wrap uagb-block-004fdef2 wp-block-button\"><div class=\"uagb-button__wrapper\"><a class=\"uagb-buttons-repeater wp-block-button__link\" aria-label=\"\" href=\"https:\/\/v2charge.com\/wp-content\/uploads\/2024\/09\/catalogo-polepro.pdf\" rel=\"follow noopener\" target=\"_self\" role=\"button\"><div class=\"uagb-button__link\">Consulta el cat\u00e1logo<\/div><\/a><\/div><\/div>\n<\/div><\/div>\n<\/div>\n\n\n\n<div class=\"wp-block-uagb-container uagb-block-b730733e\">\n<div class=\"wp-block-uagb-image aligncenter uagb-block-8422727a wp-block-uagb-image--layout-default wp-block-uagb-image--effect-static wp-block-uagb-image--align-center\"><figure class=\"wp-block-uagb-image__figure\"><img decoding=\"async\"  sizes=\"auto, (max-width: 480px) 150px\" src=\"https:\/\/v2charge.com\/wp-content\/uploads\/2023\/04\/manual-pole.png\" alt=\"\" width=\"300\" height=\"251\" title=\"\" loading=\"lazy\" role=\"img\"\/><\/figure><\/div>\n\n\n\n<div class=\"wp-block-uagb-buttons uagb-buttons__outer-wrap uagb-btn__default-btn uagb-btn-tablet__default-btn uagb-btn-mobile__default-btn uagb-block-7b189771\"><div class=\"uagb-buttons__wrap uagb-buttons-layout-wrap \">\n<div class=\"wp-block-uagb-buttons-child uagb-buttons__outer-wrap uagb-block-67202ae0 wp-block-button\"><div class=\"uagb-button__wrapper\"><a class=\"uagb-buttons-repeater wp-block-button__link\" aria-label=\"\" href=\"https:\/\/drive.google.com\/file\/d\/1DxNHPK0pfieT8rZDbGUDCUVuXakswzxE\/view\" rel=\"follow noopener\" target=\"_self\" role=\"button\"><div class=\"uagb-button__link\">Consulta el manual<\/div><\/a><\/div><\/div>\n<\/div><\/div>\n<\/div>\n<\/div><\/div>\n\n\n\n<div class=\"wp-block-uagb-container uagb-block-c3a7bfbc alignfull uagb-is-root-container\"><div class=\"uagb-container-inner-blocks-wrap\">\n<div class=\"wp-block-uagb-container uagb-block-06fd3e13\">      \n\t\t\t<div class=\"uagb-icon-wrapper uagb-block-3b43f038      \"\n\t\t\tstyle=\"\" >\n\t\t\t\t\t\t\t\t\t<span class=\"uagb-svg-wrapper\" \n\t\t\t\t\t aria-label=\"wrench\"\t\t\t\t\ttabindex=\"0\">\t\t\n\t\t\t\t\t\t\t\t\t\t<svg xmlns=\"https:\/\/www.w3.org\/2000\/svg\" viewBox= \"0 0 512 512\" role=\"graphics-symbol\" aria-hidden=\"false\" aria-label=\"\"><path d=\"M507.6 122.8c-2.904-12.09-18.25-16.13-27.04-7.338l-76.55 76.56l-83.1-.0002l0-83.1l76.55-76.56c8.791-8.789 4.75-24.14-7.336-27.04c-23.69-5.693-49.34-6.111-75.92 .2484c-61.45 14.7-109.4 66.9-119.2 129.3C189.8 160.8 192.3 186.7 200.1 210.1l-178.1 178.1c-28.12 28.12-28.12 73.69 0 101.8C35.16 504.1 53.56 512 71.1 512s36.84-7.031 50.91-21.09l178.1-178.1c23.46 7.736 49.31 10.24 76.17 6.004c62.41-9.84 114.6-57.8 129.3-119.2C513.7 172.1 513.3 146.5 507.6 122.8zM80 456c-13.25 0-24-10.75-24-24c0-13.26 10.75-24 24-24s24 10.74 24 24C104 445.3 93.25 456 80 456z\"><\/path><\/svg>\n\t\t\t\t\t\t\t\t\t<\/span>\n\t\t\t\t\t\t\t<\/div>\n\t\t\t\n\n\n<div style=\"height:42px\" aria-hidden=\"true\" class=\"wp-block-spacer\"><\/div>\n<\/div>\n\n\n\n<div class=\"wp-block-uagb-container uagb-block-d414e9c9\">\n<div class=\"wp-block-uagb-advanced-heading uagb-block-ac9170a9\"><h2 class=\"uagb-heading-text\">Accede al&nbsp;<strong>\u00c1rea de Soporte<\/strong><\/h2><\/div>\n\n\n\n<p>Resuelve todas tus dudas sobre instalaci\u00f3n y funcionamiento del e-Charger Pole Pro<\/p>\n<\/div>\n\n\n\n<div class=\"wp-block-uagb-container uagb-block-c19caa04\">\n<div class=\"wp-block-uagb-buttons uagb-buttons__outer-wrap uagb-btn__default-btn uagb-btn-tablet__default-btn uagb-btn-mobile__default-btn uagb-block-6388d737\"><div class=\"uagb-buttons__wrap uagb-buttons-layout-wrap \">\n<div class=\"wp-block-uagb-buttons-child uagb-buttons__outer-wrap uagb-block-33c6704a wp-block-button\"><div class=\"uagb-button__wrapper\"><a class=\"uagb-buttons-repeater wp-block-button__link\" aria-label=\"\" href=\"https:\/\/v2charge.com\/es\/soporte\/pole-pro\/\" rel=\"follow noopener\" target=\"_self\" role=\"button\"><div class=\"uagb-button__link\">Accede al \u00c1rea de Soporte<\/div><\/a><\/div><\/div>\n<\/div><\/div>\n\n\n\n<div style=\"height:42px\" aria-hidden=\"true\" class=\"wp-block-spacer\"><\/div>\n<\/div>\n<\/div><\/div>\n\n\n\n<div class=\"wp-block-uagb-container uagb-block-ec837fac alignfull uagb-is-root-container\"><div class=\"uagb-container-inner-blocks-wrap\">\n<div class=\"wp-block-uagb-advanced-heading uagb-block-d7cfefa5\"><h2 class=\"uagb-heading-text\">Descubre nuestros otros e-Chargers<\/h2><\/div>\n\n\n\n<div class=\"wp-block-uagb-advanced-heading uagb-block-a343b9c3\"><h3 class=\"uagb-heading-text\">Quiz\u00e1s est\u00e1s buscando otros cargadores el\u00e9ctricos<\/h3><\/div>\n<\/div><\/div>\n\n\n\n<div class=\"wp-block-uagb-container uagb-block-ce211a77 alignfull uagb-is-root-container\"><div class=\"uagb-container-inner-blocks-wrap\">\n<div class=\"wp-block-uagb-container uagb-block-10426cc6\">\n<div class=\"wp-block-uagb-image uagb-block-1713883d wp-block-uagb-image--layout-overlay wp-block-uagb-image--effect-static wp-block-uagb-image--align-none\"><figure class=\"wp-block-uagb-image__figure\"><a class=\"\" href=\"https:\/\/v2charge.com\/es\/denka\/\" target=\"\" rel=\"noopener\"><img decoding=\"async\" srcset=\"https:\/\/v2charge.com\/wp-content\/uploads\/2025\/04\/denka-product-fast-charger.jpg ,https:\/\/v2charge.com\/wp-content\/uploads\/2025\/04\/denka-product-fast-charger.jpg 780w, https:\/\/v2charge.com\/wp-content\/uploads\/2025\/04\/denka-product-fast-charger.jpg 360w\" sizes=\"auto, (max-width: 480px) 150px\" src=\"https:\/\/v2charge.com\/wp-content\/uploads\/2025\/04\/denka-product-fast-charger.jpg\" alt=\"Denka V2C - DC Charger\" class=\"uag-image-214246\" width=\"600\" height=\"235\" title=\"denka-product-fast-charger\" loading=\"lazy\" role=\"img\"\/><\/a><div class=\"wp-block-uagb-image--layout-overlay__color-wrapper\"><\/div><div class=\"wp-block-uagb-image--layout-overlay__inner center-center\"><a class=\"wp-block-uagb-image--layout-overlay-link \" href=\"https:\/\/v2charge.com\/es\/denka\/\" target=\"\" rel=\"noopener\"><\/a><h2 class=\"uagb-image-heading\">Denka<\/h2><div class=\"uagb-image-separator\"><\/div><figcaption class=\"uagb-image-caption\"><strong>Carga hasta 140 km\u00a0<\/strong>en solo 30 minutos. El cargador r\u00e1pido m\u00e1s ultracompacto. <\/figcaption><\/div><\/figure><\/div>\n<\/div>\n\n\n\n<div class=\"wp-block-uagb-container uagb-block-ce6d8907\">\n<div class=\"wp-block-uagb-image uagb-block-251f98b1 wp-block-uagb-image--layout-overlay wp-block-uagb-image--effect-static wp-block-uagb-image--align-none\"><figure class=\"wp-block-uagb-image__figure\"><a class=\"\" href=\"https:\/\/v2charge.com\/es\/trydan\/\" target=\"\" rel=\"noopener\"><img decoding=\"async\" srcset=\"https:\/\/v2charge.com\/wp-content\/uploads\/2021\/11\/trydan-v2c.jpg \" sizes=\"auto, (max-width: 480px) 150px\" src=\"https:\/\/v2charge.com\/wp-content\/uploads\/2021\/11\/trydan-v2c.jpg\" alt=\"\" class=\"uag-image-62398\" width=\"635\" height=\"430\" title=\"\" loading=\"lazy\" role=\"img\"\/><\/a><div class=\"wp-block-uagb-image--layout-overlay__color-wrapper\"><\/div><div class=\"wp-block-uagb-image--layout-overlay__inner center-center\"><a class=\"wp-block-uagb-image--layout-overlay-link \" href=\"https:\/\/v2charge.com\/es\/trydan\/\" target=\"\" rel=\"noopener\"><\/a><h2 class=\"uagb-image-heading\">Trydan<\/h2><div class=\"uagb-image-separator\"><\/div><figcaption class=\"uagb-image-caption\">La tecnolog\u00eda m\u00e1s inteligente e innovadora conocida hasta ahora<\/figcaption><\/div><\/figure><\/div>\n<\/div>\n\n\n\n<div class=\"wp-block-uagb-container uagb-block-cbe4700e\">\n<div class=\"wp-block-uagb-image uagb-block-2a8d1b24 wp-block-uagb-image--layout-overlay wp-block-uagb-image--effect-static wp-block-uagb-image--align-none\"><figure class=\"wp-block-uagb-image__figure\"><a class=\"\" href=\"https:\/\/v2charge.com\/es\/ev-portable\/\" target=\"\" rel=\"noopener\"><img decoding=\"async\" srcset=\"https:\/\/v2charge.com\/wp-content\/uploads\/2023\/04\/cargadores-v2c-portatil.jpg \" sizes=\"auto, (max-width: 480px) 150px\" src=\"https:\/\/v2charge.com\/wp-content\/uploads\/2023\/04\/cargadores-v2c-portatil.jpg\" alt=\"cargador el\u00e9ctrico port\u00e1til\" class=\"uag-image-99188\" width=\"800\" height=\"550\" title=\"\" loading=\"lazy\" role=\"img\"\/><\/a><div class=\"wp-block-uagb-image--layout-overlay__color-wrapper\"><\/div><div class=\"wp-block-uagb-image--layout-overlay__inner center-center\"><a class=\"wp-block-uagb-image--layout-overlay-link \" href=\"https:\/\/v2charge.com\/es\/ev-portable\/\" target=\"\" rel=\"noopener\"><\/a><h2 class=\"uagb-image-heading\">EV Portable<\/h2><div class=\"uagb-image-separator\"><\/div><figcaption class=\"uagb-image-caption\">El cargador el\u00e9ctrico port\u00e1til perfecto para cualquier viaje<\/figcaption><\/div><\/figure><\/div>\n<\/div>\n<\/div><\/div>\n\n\n\n<div id=\"contacto\" class=\"wp-block-uagb-container uagb-block-7a86af92 alignfull uagb-is-root-container\"><div class=\"uagb-container-inner-blocks-wrap\">\n<div class=\"wp-block-uagb-advanced-heading uagb-block-cf4b5e8b\"><h2 class=\"uagb-heading-text\">CONTACTO<\/h2><\/div>\n\n\n\n<div class=\"wp-block-uagb-advanced-heading uagb-block-f0420eed\"><p class=\"uagb-heading-text\">Escr\u00edbenos para consultas o compras<\/p><\/div>\n\n\n\n<div class=\"wp-block-contact-form-7-contact-form-selector\">\n<div class=\"wpcf7 no-js\" id=\"wpcf7-f3878-o1\" lang=\"es-ES\" dir=\"ltr\" data-wpcf7-id=\"3878\">\n<div class=\"screen-reader-response\"><p role=\"status\" aria-live=\"polite\" aria-atomic=\"true\"><\/p> <ul><\/ul><\/div>\n<form action=\"\/es\/wp-json\/wp\/v2\/pages\/6509#wpcf7-f3878-o1\" method=\"post\" class=\"wpcf7-form init\" aria-label=\"Formulario de contacto\" novalidate=\"novalidate\" data-status=\"init\">\n<div style=\"display: none;\">\n<input type=\"hidden\" name=\"_wpcf7\" value=\"3878\" \/>\n<input type=\"hidden\" name=\"_wpcf7_version\" value=\"6.0.6\" \/>\n<input type=\"hidden\" name=\"_wpcf7_locale\" value=\"es_ES\" \/>\n<input type=\"hidden\" name=\"_wpcf7_unit_tag\" value=\"wpcf7-f3878-o1\" \/>\n<input type=\"hidden\" name=\"_wpcf7_container_post\" value=\"0\" \/>\n<input type=\"hidden\" name=\"_wpcf7_posted_data_hash\" value=\"\" \/>\n<input type=\"hidden\" name=\"redirect_nonce\" value=\"37bef5b699\" \/>\n<input type=\"hidden\" name=\"wpcf7cfpdf_hidden_name\" value=\"document-pdf\" \/>\n<input type=\"hidden\" name=\"wpcf7cfpdf_hidden_reference\" value=\"9aac5299\" \/>\n<input type=\"hidden\" name=\"wpcf7cfpdf_hidden_date\" value=\"04292026\" \/>\n<input type=\"hidden\" name=\"_wpcf7_recaptcha_response\" value=\"\" \/>\n<\/div>\n<div id=\"responsive-form\" class=\"clearfix resp-form-2\">\n\t<div class=\"form-row form-row2\">\n\t\t<div class=\"column-half\">\n\t\t\t<p>Nombre* <span class=\"wpcf7-form-control-wrap\" data-name=\"your-name\"><input size=\"40\" maxlength=\"400\" class=\"wpcf7-form-control wpcf7-text wpcf7-validates-as-required\" aria-required=\"true\" aria-invalid=\"false\" placeholder=\"Nombre\" value=\"\" type=\"text\" name=\"your-name\" \/><\/span>\n\t\t\t<\/p>\n\t\t<\/div>\n\t\t<div class=\"column-half\">\n\t\t\t<p>Tel\u00e9fono* <span class=\"wpcf7-form-control-wrap\" data-name=\"phone\"><input size=\"40\" maxlength=\"400\" class=\"wpcf7-form-control wpcf7-tel wpcf7-validates-as-required wpcf7-text wpcf7-validates-as-tel\" aria-required=\"true\" aria-invalid=\"false\" placeholder=\"Tel\u00e9fono\" value=\"\" type=\"tel\" name=\"phone\" \/><\/span>\n\t\t\t<\/p>\n\t\t<\/div>\n\t\t<div class=\"column-half\">\n\t\t\t<p>Email* <span class=\"wpcf7-form-control-wrap\" data-name=\"your-email\"><input size=\"40\" maxlength=\"400\" class=\"wpcf7-form-control wpcf7-email wpcf7-validates-as-required wpcf7-text wpcf7-validates-as-email\" aria-required=\"true\" aria-invalid=\"false\" placeholder=\"Email\" value=\"\" type=\"email\" name=\"your-email\" \/><\/span>\n\t\t\t<\/p>\n\t\t<\/div>\n\t<\/div>\n\t<p><span id=\"wpcf7-69f1556aec5b7-wrapper\" class=\"wpcf7-form-control-wrap tudireccion-408-wrap\" style=\"display:none !important; visibility:hidden !important;\"><label for=\"wpcf7-69f1556aec5b7-field\" class=\"hp-message\">Por favor, deja este campo vac\u00edo.<\/label><input id=\"wpcf7-69f1556aec5b7-field\"  class=\"wpcf7-form-control wpcf7-text\" type=\"text\" name=\"tudireccion-408\" value=\"\" size=\"40\" tabindex=\"-1\" autocomplete=\"new-password\" \/><\/span>\n\t<\/p>\n\t<div class=\"form-row form-row2\">\n\t\t<div class=\"column-full\">\n\t\t\t<p>Mensaje <span class=\"wpcf7-form-control-wrap\" data-name=\"your-message\"><textarea cols=\"40\" rows=\"10\" maxlength=\"2000\" class=\"wpcf7-form-control wpcf7-textarea\" aria-invalid=\"false\" placeholder=\"Tu mensaje aqu\u00ed\" name=\"your-message\"><\/textarea><\/span>\n\t\t\t<\/p>\n\t\t<\/div>\n\t<\/div>\n\t<div class=\"form-row form-row2\">\n\t\t<div class=\"column-full\">\n\t\t\t<p><input class=\"wpcf7-form-control wpcf7-submit has-spinner\" type=\"submit\" value=\"Enviar\" \/>\n\t\t\t<\/p>\n\t\t<\/div>\n\t<\/div>\n<\/div><!--end responsive-form--><div class=\"wpcf7-response-output\" aria-hidden=\"true\"><\/div>\n<\/form>\n<\/div>\n<\/div>\n<\/div><\/div>\n","protected":false},"excerpt":{"rendered":"<p>POLE PRO La soluci\u00f3n de carga compartida m\u00e1s inteligente y rentable. Pole Pro integra la \u00faltima tecnolog\u00eda para ofrecer la carga m\u00e1s inteligente por m\u00faltiples usuarios en espacios p\u00fablicos y privados. Un dise\u00f1o elegante, s\u00f3lido y con la mejor conectividad para los entornos m\u00e1s exigentes en sus dos versiones, suelo o pared. M\u00e1s conectado. M\u00e1s &#8230; <a title=\"Pole\" class=\"read-more\" href=\"https:\/\/v2charge.com\/es\/pole\/\" aria-label=\"Leer m\u00e1s sobre Pole\">Leer m\u00e1s<\/a><\/p>\n","protected":false},"author":1,"featured_media":170354,"parent":0,"menu_order":0,"comment_status":"closed","ping_status":"closed","template":"","meta":{"_eb_attr":"","content-type":"","_uag_custom_page_level_css":"","footnotes":""},"class_list":["post-6509","page","type-page","status-publish","has-post-thumbnail"],"yoast_head":"<!-- This site is optimized with the Yoast SEO plugin v25.3.1 - https:\/\/yoast.com\/wordpress\/plugins\/seo\/ -->\n<title>Pole Pro \u25b7 Cargador el\u00e9ctrico urbano Flexible y Vers\u00e1til<\/title>\n<meta name=\"description\" content=\"Cargador de Coches El\u00e9ctricos para Espacios Urbanos y Empresas l Soluci\u00f3n de carga compartida | Pole Pro - V2C\" \/>\n<meta name=\"robots\" content=\"index, follow, max-snippet:-1, max-image-preview:large, max-video-preview:-1\" \/>\n<link rel=\"canonical\" href=\"https:\/\/v2charge.com\/es\/pole\/\" \/>\n<meta property=\"og:locale\" content=\"es_ES\" \/>\n<meta property=\"og:type\" content=\"article\" \/>\n<meta property=\"og:title\" content=\"Pole Pro \u25b7 Cargador el\u00e9ctrico urbano Flexible y Vers\u00e1til\" \/>\n<meta property=\"og:description\" content=\"Cargador de Coches El\u00e9ctricos para Espacios Urbanos y Empresas l Soluci\u00f3n de carga compartida | Pole Pro - V2C\" \/>\n<meta property=\"og:url\" content=\"https:\/\/v2charge.com\/es\/pole\/\" \/>\n<meta property=\"og:site_name\" content=\"V2C\" \/>\n<meta property=\"article:publisher\" content=\"https:\/\/www.facebook.com\/V2C.Charge\" \/>\n<meta property=\"article:modified_time\" content=\"2026-01-23T11:42:44+00:00\" \/>\n<meta property=\"og:image\" content=\"https:\/\/v2charge.com\/wp-content\/uploads\/2024\/07\/v2c-electric-chargers.jpg\" \/>\n\t<meta property=\"og:image:width\" content=\"1200\" \/>\n\t<meta property=\"og:image:height\" content=\"675\" \/>\n\t<meta property=\"og:image:type\" content=\"image\/jpeg\" \/>\n<meta name=\"twitter:card\" content=\"summary_large_image\" \/>\n<meta name=\"twitter:site\" content=\"@V2C_Charge\" \/>\n<meta name=\"twitter:label1\" content=\"Tiempo de lectura\" \/>\n\t<meta name=\"twitter:data1\" content=\"8 minutos\" \/>\n<script type=\"application\/ld+json\" class=\"yoast-schema-graph\">{\"@context\":\"https:\/\/schema.org\",\"@graph\":[{\"@type\":\"WebPage\",\"@id\":\"https:\/\/v2charge.com\/es\/pole\/\",\"url\":\"https:\/\/v2charge.com\/es\/pole\/\",\"name\":\"Pole Pro \u25b7 Cargador el\u00e9ctrico urbano Flexible y Vers\u00e1til\",\"isPartOf\":{\"@id\":\"https:\/\/v2charge.com\/es\/#website\"},\"primaryImageOfPage\":{\"@id\":\"https:\/\/v2charge.com\/es\/pole\/#primaryimage\"},\"image\":{\"@id\":\"https:\/\/v2charge.com\/es\/pole\/#primaryimage\"},\"thumbnailUrl\":\"https:\/\/v2charge.com\/wp-content\/uploads\/2024\/07\/v2c-electric-chargers.jpg\",\"datePublished\":\"2021-09-24T11:15:30+00:00\",\"dateModified\":\"2026-01-23T11:42:44+00:00\",\"description\":\"Cargador de Coches El\u00e9ctricos para Espacios Urbanos y Empresas l Soluci\u00f3n de carga compartida | Pole Pro - V2C\",\"breadcrumb\":{\"@id\":\"https:\/\/v2charge.com\/es\/pole\/#breadcrumb\"},\"inLanguage\":\"es\",\"potentialAction\":[{\"@type\":\"ReadAction\",\"target\":[\"https:\/\/v2charge.com\/es\/pole\/\"]}]},{\"@type\":\"ImageObject\",\"inLanguage\":\"es\",\"@id\":\"https:\/\/v2charge.com\/es\/pole\/#primaryimage\",\"url\":\"https:\/\/v2charge.com\/wp-content\/uploads\/2024\/07\/v2c-electric-chargers.jpg\",\"contentUrl\":\"https:\/\/v2charge.com\/wp-content\/uploads\/2024\/07\/v2c-electric-chargers.jpg\",\"width\":1200,\"height\":675,\"caption\":\"V2C Electric Chargers\"},{\"@type\":\"BreadcrumbList\",\"@id\":\"https:\/\/v2charge.com\/es\/pole\/#breadcrumb\",\"itemListElement\":[{\"@type\":\"ListItem\",\"position\":1,\"name\":\"V2C\",\"item\":\"https:\/\/v2charge.com\/es\/\"},{\"@type\":\"ListItem\",\"position\":2,\"name\":\"Pole\"}]},{\"@type\":\"WebSite\",\"@id\":\"https:\/\/v2charge.com\/es\/#website\",\"url\":\"https:\/\/v2charge.com\/es\/\",\"name\":\"V2C\",\"description\":\"#CargandoElMa\u00f1ana\",\"publisher\":{\"@id\":\"https:\/\/v2charge.com\/es\/#organization\"},\"potentialAction\":[{\"@type\":\"SearchAction\",\"target\":{\"@type\":\"EntryPoint\",\"urlTemplate\":\"https:\/\/v2charge.com\/es\/?s={search_term_string}\"},\"query-input\":{\"@type\":\"PropertyValueSpecification\",\"valueRequired\":true,\"valueName\":\"search_term_string\"}}],\"inLanguage\":\"es\"},{\"@type\":\"Organization\",\"@id\":\"https:\/\/v2charge.com\/es\/#organization\",\"name\":\"V2C\",\"url\":\"https:\/\/v2charge.com\/es\/\",\"logo\":{\"@type\":\"ImageObject\",\"inLanguage\":\"es\",\"@id\":\"https:\/\/v2charge.com\/es\/#\/schema\/logo\/image\/\",\"url\":\"https:\/\/v2charge.com\/wp-content\/uploads\/2024\/11\/cropped-v2c-charge-logo-menu.png\",\"contentUrl\":\"https:\/\/v2charge.com\/wp-content\/uploads\/2024\/11\/cropped-v2c-charge-logo-menu.png\",\"width\":984,\"height\":431,\"caption\":\"V2C\"},\"image\":{\"@id\":\"https:\/\/v2charge.com\/es\/#\/schema\/logo\/image\/\"},\"sameAs\":[\"https:\/\/www.facebook.com\/V2C.Charge\",\"https:\/\/x.com\/V2C_Charge\",\"https:\/\/www.instagram.com\/v2c.charge\/\",\"https:\/\/www.youtube.com\/@V2C\",\"https:\/\/www.linkedin.com\/company\/v2c-chargers\/\"]}]}<\/script>\n<!-- \/ Yoast SEO plugin. -->","yoast_head_json":{"title":"Pole Pro \u25b7 Cargador el\u00e9ctrico urbano Flexible y Vers\u00e1til","description":"Cargador de Coches El\u00e9ctricos para Espacios Urbanos y Empresas l Soluci\u00f3n de carga compartida | Pole Pro - V2C","robots":{"index":"index","follow":"follow","max-snippet":"max-snippet:-1","max-image-preview":"max-image-preview:large","max-video-preview":"max-video-preview:-1"},"canonical":"https:\/\/v2charge.com\/es\/pole\/","og_locale":"es_ES","og_type":"article","og_title":"Pole Pro \u25b7 Cargador el\u00e9ctrico urbano Flexible y Vers\u00e1til","og_description":"Cargador de Coches El\u00e9ctricos para Espacios Urbanos y Empresas l Soluci\u00f3n de carga compartida | Pole Pro - V2C","og_url":"https:\/\/v2charge.com\/es\/pole\/","og_site_name":"V2C","article_publisher":"https:\/\/www.facebook.com\/V2C.Charge","article_modified_time":"2026-01-23T11:42:44+00:00","og_image":[{"width":1200,"height":675,"url":"https:\/\/v2charge.com\/wp-content\/uploads\/2024\/07\/v2c-electric-chargers.jpg","type":"image\/jpeg"}],"twitter_card":"summary_large_image","twitter_site":"@V2C_Charge","twitter_misc":{"Tiempo de lectura":"8 minutos"},"schema":{"@context":"https:\/\/schema.org","@graph":[{"@type":"WebPage","@id":"https:\/\/v2charge.com\/es\/pole\/","url":"https:\/\/v2charge.com\/es\/pole\/","name":"Pole Pro \u25b7 Cargador el\u00e9ctrico urbano Flexible y Vers\u00e1til","isPartOf":{"@id":"https:\/\/v2charge.com\/es\/#website"},"primaryImageOfPage":{"@id":"https:\/\/v2charge.com\/es\/pole\/#primaryimage"},"image":{"@id":"https:\/\/v2charge.com\/es\/pole\/#primaryimage"},"thumbnailUrl":"https:\/\/v2charge.com\/wp-content\/uploads\/2024\/07\/v2c-electric-chargers.jpg","datePublished":"2021-09-24T11:15:30+00:00","dateModified":"2026-01-23T11:42:44+00:00","description":"Cargador de Coches El\u00e9ctricos para Espacios Urbanos y Empresas l Soluci\u00f3n de carga compartida | Pole Pro - V2C","breadcrumb":{"@id":"https:\/\/v2charge.com\/es\/pole\/#breadcrumb"},"inLanguage":"es","potentialAction":[{"@type":"ReadAction","target":["https:\/\/v2charge.com\/es\/pole\/"]}]},{"@type":"ImageObject","inLanguage":"es","@id":"https:\/\/v2charge.com\/es\/pole\/#primaryimage","url":"https:\/\/v2charge.com\/wp-content\/uploads\/2024\/07\/v2c-electric-chargers.jpg","contentUrl":"https:\/\/v2charge.com\/wp-content\/uploads\/2024\/07\/v2c-electric-chargers.jpg","width":1200,"height":675,"caption":"V2C Electric Chargers"},{"@type":"BreadcrumbList","@id":"https:\/\/v2charge.com\/es\/pole\/#breadcrumb","itemListElement":[{"@type":"ListItem","position":1,"name":"V2C","item":"https:\/\/v2charge.com\/es\/"},{"@type":"ListItem","position":2,"name":"Pole"}]},{"@type":"WebSite","@id":"https:\/\/v2charge.com\/es\/#website","url":"https:\/\/v2charge.com\/es\/","name":"V2C","description":"#CargandoElMa\u00f1ana","publisher":{"@id":"https:\/\/v2charge.com\/es\/#organization"},"potentialAction":[{"@type":"SearchAction","target":{"@type":"EntryPoint","urlTemplate":"https:\/\/v2charge.com\/es\/?s={search_term_string}"},"query-input":{"@type":"PropertyValueSpecification","valueRequired":true,"valueName":"search_term_string"}}],"inLanguage":"es"},{"@type":"Organization","@id":"https:\/\/v2charge.com\/es\/#organization","name":"V2C","url":"https:\/\/v2charge.com\/es\/","logo":{"@type":"ImageObject","inLanguage":"es","@id":"https:\/\/v2charge.com\/es\/#\/schema\/logo\/image\/","url":"https:\/\/v2charge.com\/wp-content\/uploads\/2024\/11\/cropped-v2c-charge-logo-menu.png","contentUrl":"https:\/\/v2charge.com\/wp-content\/uploads\/2024\/11\/cropped-v2c-charge-logo-menu.png","width":984,"height":431,"caption":"V2C"},"image":{"@id":"https:\/\/v2charge.com\/es\/#\/schema\/logo\/image\/"},"sameAs":["https:\/\/www.facebook.com\/V2C.Charge","https:\/\/x.com\/V2C_Charge","https:\/\/www.instagram.com\/v2c.charge\/","https:\/\/www.youtube.com\/@V2C","https:\/\/www.linkedin.com\/company\/v2c-chargers\/"]}]}},"uagb_featured_image_src":{"full":["https:\/\/v2charge.com\/wp-content\/uploads\/2024\/07\/v2c-electric-chargers.jpg",1200,675,false],"thumbnail":["https:\/\/v2charge.com\/wp-content\/uploads\/2024\/07\/v2c-electric-chargers-150x150.jpg",150,150,true],"medium":["https:\/\/v2charge.com\/wp-content\/uploads\/2024\/07\/v2c-electric-chargers-300x169.jpg",300,169,true],"medium_large":["https:\/\/v2charge.com\/wp-content\/uploads\/2024\/07\/v2c-electric-chargers-768x432.jpg",768,432,true],"large":["https:\/\/v2charge.com\/wp-content\/uploads\/2024\/07\/v2c-electric-chargers-1024x576.jpg",1024,576,true],"gs-tiny":["https:\/\/v2charge.com\/wp-content\/uploads\/2024\/07\/v2c-electric-chargers.jpg",50,28,false],"xl":["https:\/\/v2charge.com\/wp-content\/uploads\/2024\/07\/v2c-electric-chargers.jpg",1200,675,false],"xxl":["https:\/\/v2charge.com\/wp-content\/uploads\/2024\/07\/v2c-electric-chargers.jpg",1200,675,false],"xxxl":["https:\/\/v2charge.com\/wp-content\/uploads\/2024\/07\/v2c-electric-chargers.jpg",1200,675,false],"xxxxl":["https:\/\/v2charge.com\/wp-content\/uploads\/2024\/07\/v2c-electric-chargers.jpg",1200,675,false],"xxxxxl":["https:\/\/v2charge.com\/wp-content\/uploads\/2024\/07\/v2c-electric-chargers.jpg",1200,675,false],"1536x1536":["https:\/\/v2charge.com\/wp-content\/uploads\/2024\/07\/v2c-electric-chargers.jpg",1200,675,false],"2048x2048":["https:\/\/v2charge.com\/wp-content\/uploads\/2024\/07\/v2c-electric-chargers.jpg",1200,675,false]},"uagb_author_info":{"display_name":"V2C","author_link":"https:\/\/v2charge.com\/es\/author\/root_k4eu7ki8\/"},"uagb_comment_info":0,"uagb_excerpt":"POLE PRO La soluci\u00f3n de carga compartida m\u00e1s inteligente y rentable. Pole Pro integra la \u00faltima tecnolog\u00eda para ofrecer la carga m\u00e1s inteligente por m\u00faltiples usuarios en espacios p\u00fablicos y privados. Un dise\u00f1o elegante, s\u00f3lido y con la mejor conectividad para los entornos m\u00e1s exigentes en sus dos versiones, suelo o pared. M\u00e1s conectado. M\u00e1s&hellip;","_links":{"self":[{"href":"https:\/\/v2charge.com\/es\/wp-json\/wp\/v2\/pages\/6509","targetHints":{"allow":["GET"]}}],"collection":[{"href":"https:\/\/v2charge.com\/es\/wp-json\/wp\/v2\/pages"}],"about":[{"href":"https:\/\/v2charge.com\/es\/wp-json\/wp\/v2\/types\/page"}],"author":[{"embeddable":true,"href":"https:\/\/v2charge.com\/es\/wp-json\/wp\/v2\/users\/1"}],"replies":[{"embeddable":true,"href":"https:\/\/v2charge.com\/es\/wp-json\/wp\/v2\/comments?post=6509"}],"version-history":[{"count":5,"href":"https:\/\/v2charge.com\/es\/wp-json\/wp\/v2\/pages\/6509\/revisions"}],"predecessor-version":[{"id":296312,"href":"https:\/\/v2charge.com\/es\/wp-json\/wp\/v2\/pages\/6509\/revisions\/296312"}],"wp:featuredmedia":[{"embeddable":true,"href":"https:\/\/v2charge.com\/es\/wp-json\/wp\/v2\/media\/170354"}],"wp:attachment":[{"href":"https:\/\/v2charge.com\/es\/wp-json\/wp\/v2\/media?parent=6509"}],"curies":[{"name":"wp","href":"https:\/\/api.w.org\/{rel}","templated":true}]}}