{"id":311432,"date":"2022-11-22T10:25:46","date_gmt":"2022-11-22T10:25:46","guid":{"rendered":""},"modified":"2023-04-11T06:54:14","modified_gmt":"2023-04-11T06:54:14","slug":"ammattilaiset","status":"publish","type":"page","link":"https:\/\/v2charge.com\/fi\/ammattilaiset\/","title":{"rendered":"Ammattilaiset"},"content":{"rendered":"<h1>Ala ammattilaisille<\/h1>\n<p>Liity <em>e-mobility<\/em> matkaan<\/p>\n<p>                      <img decoding=\"async\" src=\"https:\/\/v2charge.com\/wp-content\/uploads\/2022\/10\/instaladores-v2c.jpg\" alt=\"img\"><\/p>\n<h2>Tule asentajaksi<\/h2>\n<p>Nauti kaikista ammattilaisille\/asentajille tarkoitetuista eksklusiivisista eduista. Meill\u00e4 on suurin jakeluverkosto Espanjassa.<\/p>\n<p>              <a href=\"\/fi\/tule-asentajaksi\/\" target=\"_self\" rel=\"noopener\">Lis\u00e4tietoja<\/a><br \/>\n                      <img decoding=\"async\" src=\"https:\/\/v2charge.com\/wp-content\/uploads\/2022\/10\/recursos-v2c.jpg\" alt=\"img\"><\/p>\n<h2>Tarkista kaikki resurssit<\/h2>\n<p>Haluatko tiet\u00e4\u00e4 kaikki yksityiskohdat e-Chargerista? Tarkista t\u00e4\u00e4lt\u00e4 katalogit, tekniset tiedot, asennusohjeet ja viimeisimm\u00e4t p\u00e4ivitykset jokaisesta latauslaitteesta.<\/p>\n<p>              <a href=\"https:\/\/v2charge.com\/fi\/resurssit-ammattilaisille\/\" target=\"_self\" rel=\"noopener\">Lis\u00e4tietoja<\/a><br \/>\n                      <img decoding=\"async\" src=\"https:\/\/v2charge.com\/wp-content\/uploads\/2022\/10\/comunidad-v2c.png\" alt=\"img\"><\/p>\n<h2>Liity V2C-yhteis\u00f6\u00f6n<\/h2>\n<p>e-mobility matka on koko liike: yhteis\u00f6, joka syntyy Valenciassa ja suuntaa kohti muuta maailmaa. Liity mukaan!<\/p>\n<p>              <a href=\"\/fi\/yhteiso\/\" target=\"_self\" rel=\"noopener\">Lis\u00e4tietoja<\/a><br \/>\n                      <img decoding=\"async\" src=\"https:\/\/v2charge.com\/wp-content\/uploads\/2023\/02\/V2C-training.png\" alt=\"img\"><\/p>\n<h2>Kouluttaudu ilmaiseksi <i>V2C Training<\/i> -ohjelmassa<\/h2>\n<p>P\u00e4\u00e4set k\u00e4siksi <em>V2C Training<\/em> -ohjelmaan ja hankit kaikki tarvittavat tiedot e-Chargerien asentamiseen.<\/p>\n<p>              <a href=\"https:\/\/v2charge.com\/fi\/asennuskoulutus\/\" target=\"_self\" rel=\"noopener\">Lis\u00e4tietoja<\/a><\/p>\n","protected":false},"excerpt":{"rendered":"<p>Ala ammattilaisille Liity e-mobility matkaan Tule asentajaksi Nauti kaikista ammattilaisille\/asentajille tarkoitetuista eksklusiivisista eduista. Meill\u00e4 on suurin jakeluverkosto Espanjassa. Lis\u00e4tietoja Tarkista kaikki resurssit Haluatko tiet\u00e4\u00e4 kaikki yksityiskohdat e-Chargerista? Tarkista t\u00e4\u00e4lt\u00e4 katalogit, tekniset tiedot, asennusohjeet ja viimeisimm\u00e4t p\u00e4ivitykset jokaisesta latauslaitteesta. Lis\u00e4tietoja Liity V2C-yhteis\u00f6\u00f6n e-mobility matka on koko liike: yhteis\u00f6, joka syntyy Valenciassa ja suuntaa kohti muuta maailmaa. &#8230; <a title=\"Ammattilaiset\" class=\"read-more\" href=\"https:\/\/v2charge.com\/fi\/ammattilaiset\/\" aria-label=\"Lue lis\u00e4\u00e4 aiheesta Ammattilaiset\">Lue lis\u00e4\u00e4<\/a><\/p>\n","protected":false},"author":1,"featured_media":170354,"parent":0,"menu_order":0,"comment_status":"closed","ping_status":"closed","template":"elementor_header_footer","meta":{"_eb_attr":"","content-type":"","_uag_custom_page_level_css":"","footnotes":""},"class_list":["post-311432","page","type-page","status-publish","has-post-thumbnail"],"yoast_head":"<!-- This site is optimized with the Yoast SEO plugin v25.3.1 - https:\/\/yoast.com\/wordpress\/plugins\/seo\/ -->\n<title>Ammattilaisalue \u25b7 S\u00e4hk\u00f6autojen latauslaitteet | V2C<\/title>\n<meta name=\"description\" content=\"Jos olet s\u00e4hk\u00f6autojen latauslaitteiden ammattilainen, meill\u00e4 on paikka sinulle. Tutustu kaikkiin resursseihin ja tule asentajaksi. \u2705\" \/>\n<meta name=\"robots\" content=\"index, follow, max-snippet:-1, max-image-preview:large, max-video-preview:-1\" \/>\n<link rel=\"canonical\" href=\"https:\/\/v2charge.com\/fi\/ammattilaiset\/\" \/>\n<meta property=\"og:locale\" content=\"fi_FI\" \/>\n<meta property=\"og:type\" content=\"article\" \/>\n<meta property=\"og:title\" content=\"Ammattilaisalue \u25b7 S\u00e4hk\u00f6autojen latauslaitteet | V2C\" \/>\n<meta property=\"og:description\" content=\"Jos olet s\u00e4hk\u00f6autojen latauslaitteiden ammattilainen, meill\u00e4 on paikka sinulle. Tutustu kaikkiin resursseihin ja tule asentajaksi. \u2705\" \/>\n<meta property=\"og:url\" content=\"https:\/\/v2charge.com\/fi\/ammattilaiset\/\" \/>\n<meta property=\"og:site_name\" content=\"V2C\" \/>\n<meta property=\"article:publisher\" content=\"https:\/\/www.facebook.com\/V2C.Charge\" \/>\n<meta property=\"article:modified_time\" content=\"2023-04-11T06:54:14+00:00\" \/>\n<meta property=\"og:image\" content=\"https:\/\/v2charge.com\/wp-content\/uploads\/2024\/07\/v2c-electric-chargers.jpg\" \/>\n\t<meta property=\"og:image:width\" content=\"1200\" \/>\n\t<meta property=\"og:image:height\" content=\"675\" \/>\n\t<meta property=\"og:image:type\" content=\"image\/jpeg\" \/>\n<meta name=\"twitter:card\" content=\"summary_large_image\" \/>\n<meta name=\"twitter:site\" content=\"@V2C_Charge\" \/>\n<meta name=\"twitter:label1\" content=\"Arvioitu lukuaika\" \/>\n\t<meta name=\"twitter:data1\" content=\"2 minuuttia\" \/>\n<script type=\"application\/ld+json\" class=\"yoast-schema-graph\">{\"@context\":\"https:\/\/schema.org\",\"@graph\":[{\"@type\":\"WebPage\",\"@id\":\"https:\/\/v2charge.com\/fi\/ammattilaiset\/\",\"url\":\"https:\/\/v2charge.com\/fi\/ammattilaiset\/\",\"name\":\"Ammattilaisalue \u25b7 S\u00e4hk\u00f6autojen latauslaitteet | V2C\",\"isPartOf\":{\"@id\":\"https:\/\/v2charge.com\/fi\/#website\"},\"primaryImageOfPage\":{\"@id\":\"https:\/\/v2charge.com\/fi\/ammattilaiset\/#primaryimage\"},\"image\":{\"@id\":\"https:\/\/v2charge.com\/fi\/ammattilaiset\/#primaryimage\"},\"thumbnailUrl\":\"https:\/\/v2charge.com\/wp-content\/uploads\/2024\/07\/v2c-electric-chargers.jpg\",\"datePublished\":\"2022-11-22T10:25:46+00:00\",\"dateModified\":\"2023-04-11T06:54:14+00:00\",\"description\":\"Jos olet s\u00e4hk\u00f6autojen latauslaitteiden ammattilainen, meill\u00e4 on paikka sinulle. Tutustu kaikkiin resursseihin ja tule asentajaksi. \u2705\",\"breadcrumb\":{\"@id\":\"https:\/\/v2charge.com\/fi\/ammattilaiset\/#breadcrumb\"},\"inLanguage\":\"fi\",\"potentialAction\":[{\"@type\":\"ReadAction\",\"target\":[\"https:\/\/v2charge.com\/fi\/ammattilaiset\/\"]}]},{\"@type\":\"ImageObject\",\"inLanguage\":\"fi\",\"@id\":\"https:\/\/v2charge.com\/fi\/ammattilaiset\/#primaryimage\",\"url\":\"https:\/\/v2charge.com\/wp-content\/uploads\/2024\/07\/v2c-electric-chargers.jpg\",\"contentUrl\":\"https:\/\/v2charge.com\/wp-content\/uploads\/2024\/07\/v2c-electric-chargers.jpg\",\"width\":1200,\"height\":675,\"caption\":\"V2C Electric Chargers\"},{\"@type\":\"BreadcrumbList\",\"@id\":\"https:\/\/v2charge.com\/fi\/ammattilaiset\/#breadcrumb\",\"itemListElement\":[{\"@type\":\"ListItem\",\"position\":1,\"name\":\"V2C\",\"item\":\"https:\/\/v2charge.com\/fi\/\"},{\"@type\":\"ListItem\",\"position\":2,\"name\":\"Ammattilaiset\"}]},{\"@type\":\"WebSite\",\"@id\":\"https:\/\/v2charge.com\/fi\/#website\",\"url\":\"https:\/\/v2charge.com\/fi\/\",\"name\":\"V2C\",\"description\":\"#CargandoElMa\u00f1ana\",\"publisher\":{\"@id\":\"https:\/\/v2charge.com\/fi\/#organization\"},\"potentialAction\":[{\"@type\":\"SearchAction\",\"target\":{\"@type\":\"EntryPoint\",\"urlTemplate\":\"https:\/\/v2charge.com\/fi\/?s={search_term_string}\"},\"query-input\":{\"@type\":\"PropertyValueSpecification\",\"valueRequired\":true,\"valueName\":\"search_term_string\"}}],\"inLanguage\":\"fi\"},{\"@type\":\"Organization\",\"@id\":\"https:\/\/v2charge.com\/fi\/#organization\",\"name\":\"V2C\",\"url\":\"https:\/\/v2charge.com\/fi\/\",\"logo\":{\"@type\":\"ImageObject\",\"inLanguage\":\"fi\",\"@id\":\"https:\/\/v2charge.com\/fi\/#\/schema\/logo\/image\/\",\"url\":\"https:\/\/v2charge.com\/wp-content\/uploads\/2024\/11\/cropped-v2c-charge-logo-menu.png\",\"contentUrl\":\"https:\/\/v2charge.com\/wp-content\/uploads\/2024\/11\/cropped-v2c-charge-logo-menu.png\",\"width\":984,\"height\":431,\"caption\":\"V2C\"},\"image\":{\"@id\":\"https:\/\/v2charge.com\/fi\/#\/schema\/logo\/image\/\"},\"sameAs\":[\"https:\/\/www.facebook.com\/V2C.Charge\",\"https:\/\/x.com\/V2C_Charge\",\"https:\/\/www.instagram.com\/v2c.charge\/\",\"https:\/\/www.youtube.com\/@V2C\",\"https:\/\/www.linkedin.com\/company\/v2c-chargers\/\"]}]}<\/script>\n<!-- \/ Yoast SEO plugin. -->","yoast_head_json":{"title":"Ammattilaisalue \u25b7 S\u00e4hk\u00f6autojen latauslaitteet | V2C","description":"Jos olet s\u00e4hk\u00f6autojen latauslaitteiden ammattilainen, meill\u00e4 on paikka sinulle. Tutustu kaikkiin resursseihin ja tule asentajaksi. \u2705","robots":{"index":"index","follow":"follow","max-snippet":"max-snippet:-1","max-image-preview":"max-image-preview:large","max-video-preview":"max-video-preview:-1"},"canonical":"https:\/\/v2charge.com\/fi\/ammattilaiset\/","og_locale":"fi_FI","og_type":"article","og_title":"Ammattilaisalue \u25b7 S\u00e4hk\u00f6autojen latauslaitteet | V2C","og_description":"Jos olet s\u00e4hk\u00f6autojen latauslaitteiden ammattilainen, meill\u00e4 on paikka sinulle. Tutustu kaikkiin resursseihin ja tule asentajaksi. \u2705","og_url":"https:\/\/v2charge.com\/fi\/ammattilaiset\/","og_site_name":"V2C","article_publisher":"https:\/\/www.facebook.com\/V2C.Charge","article_modified_time":"2023-04-11T06:54:14+00:00","og_image":[{"width":1200,"height":675,"url":"https:\/\/v2charge.com\/wp-content\/uploads\/2024\/07\/v2c-electric-chargers.jpg","type":"image\/jpeg"}],"twitter_card":"summary_large_image","twitter_site":"@V2C_Charge","twitter_misc":{"Arvioitu lukuaika":"2 minuuttia"},"schema":{"@context":"https:\/\/schema.org","@graph":[{"@type":"WebPage","@id":"https:\/\/v2charge.com\/fi\/ammattilaiset\/","url":"https:\/\/v2charge.com\/fi\/ammattilaiset\/","name":"Ammattilaisalue \u25b7 S\u00e4hk\u00f6autojen latauslaitteet | V2C","isPartOf":{"@id":"https:\/\/v2charge.com\/fi\/#website"},"primaryImageOfPage":{"@id":"https:\/\/v2charge.com\/fi\/ammattilaiset\/#primaryimage"},"image":{"@id":"https:\/\/v2charge.com\/fi\/ammattilaiset\/#primaryimage"},"thumbnailUrl":"https:\/\/v2charge.com\/wp-content\/uploads\/2024\/07\/v2c-electric-chargers.jpg","datePublished":"2022-11-22T10:25:46+00:00","dateModified":"2023-04-11T06:54:14+00:00","description":"Jos olet s\u00e4hk\u00f6autojen latauslaitteiden ammattilainen, meill\u00e4 on paikka sinulle. Tutustu kaikkiin resursseihin ja tule asentajaksi. \u2705","breadcrumb":{"@id":"https:\/\/v2charge.com\/fi\/ammattilaiset\/#breadcrumb"},"inLanguage":"fi","potentialAction":[{"@type":"ReadAction","target":["https:\/\/v2charge.com\/fi\/ammattilaiset\/"]}]},{"@type":"ImageObject","inLanguage":"fi","@id":"https:\/\/v2charge.com\/fi\/ammattilaiset\/#primaryimage","url":"https:\/\/v2charge.com\/wp-content\/uploads\/2024\/07\/v2c-electric-chargers.jpg","contentUrl":"https:\/\/v2charge.com\/wp-content\/uploads\/2024\/07\/v2c-electric-chargers.jpg","width":1200,"height":675,"caption":"V2C Electric Chargers"},{"@type":"BreadcrumbList","@id":"https:\/\/v2charge.com\/fi\/ammattilaiset\/#breadcrumb","itemListElement":[{"@type":"ListItem","position":1,"name":"V2C","item":"https:\/\/v2charge.com\/fi\/"},{"@type":"ListItem","position":2,"name":"Ammattilaiset"}]},{"@type":"WebSite","@id":"https:\/\/v2charge.com\/fi\/#website","url":"https:\/\/v2charge.com\/fi\/","name":"V2C","description":"#CargandoElMa\u00f1ana","publisher":{"@id":"https:\/\/v2charge.com\/fi\/#organization"},"potentialAction":[{"@type":"SearchAction","target":{"@type":"EntryPoint","urlTemplate":"https:\/\/v2charge.com\/fi\/?s={search_term_string}"},"query-input":{"@type":"PropertyValueSpecification","valueRequired":true,"valueName":"search_term_string"}}],"inLanguage":"fi"},{"@type":"Organization","@id":"https:\/\/v2charge.com\/fi\/#organization","name":"V2C","url":"https:\/\/v2charge.com\/fi\/","logo":{"@type":"ImageObject","inLanguage":"fi","@id":"https:\/\/v2charge.com\/fi\/#\/schema\/logo\/image\/","url":"https:\/\/v2charge.com\/wp-content\/uploads\/2024\/11\/cropped-v2c-charge-logo-menu.png","contentUrl":"https:\/\/v2charge.com\/wp-content\/uploads\/2024\/11\/cropped-v2c-charge-logo-menu.png","width":984,"height":431,"caption":"V2C"},"image":{"@id":"https:\/\/v2charge.com\/fi\/#\/schema\/logo\/image\/"},"sameAs":["https:\/\/www.facebook.com\/V2C.Charge","https:\/\/x.com\/V2C_Charge","https:\/\/www.instagram.com\/v2c.charge\/","https:\/\/www.youtube.com\/@V2C","https:\/\/www.linkedin.com\/company\/v2c-chargers\/"]}]}},"uagb_featured_image_src":{"full":["https:\/\/v2charge.com\/wp-content\/uploads\/2024\/07\/v2c-electric-chargers.jpg",1200,675,false],"thumbnail":["https:\/\/v2charge.com\/wp-content\/uploads\/2024\/07\/v2c-electric-chargers-150x150.jpg",150,150,true],"medium":["https:\/\/v2charge.com\/wp-content\/uploads\/2024\/07\/v2c-electric-chargers-300x169.jpg",300,169,true],"medium_large":["https:\/\/v2charge.com\/wp-content\/uploads\/2024\/07\/v2c-electric-chargers-768x432.jpg",768,432,true],"large":["https:\/\/v2charge.com\/wp-content\/uploads\/2024\/07\/v2c-electric-chargers-1024x576.jpg",1024,576,true],"gs-tiny":["https:\/\/v2charge.com\/wp-content\/uploads\/2024\/07\/v2c-electric-chargers.jpg",50,28,false],"xl":["https:\/\/v2charge.com\/wp-content\/uploads\/2024\/07\/v2c-electric-chargers.jpg",1200,675,false],"xxl":["https:\/\/v2charge.com\/wp-content\/uploads\/2024\/07\/v2c-electric-chargers.jpg",1200,675,false],"xxxl":["https:\/\/v2charge.com\/wp-content\/uploads\/2024\/07\/v2c-electric-chargers.jpg",1200,675,false],"xxxxl":["https:\/\/v2charge.com\/wp-content\/uploads\/2024\/07\/v2c-electric-chargers.jpg",1200,675,false],"xxxxxl":["https:\/\/v2charge.com\/wp-content\/uploads\/2024\/07\/v2c-electric-chargers.jpg",1200,675,false],"1536x1536":["https:\/\/v2charge.com\/wp-content\/uploads\/2024\/07\/v2c-electric-chargers.jpg",1200,675,false],"2048x2048":["https:\/\/v2charge.com\/wp-content\/uploads\/2024\/07\/v2c-electric-chargers.jpg",1200,675,false]},"uagb_author_info":{"display_name":"V2C","author_link":"https:\/\/v2charge.com\/fi\/author\/root_k4eu7ki8\/"},"uagb_comment_info":0,"uagb_excerpt":"Ala ammattilaisille Liity e-mobility matkaan Tule asentajaksi Nauti kaikista ammattilaisille\/asentajille tarkoitetuista eksklusiivisista eduista. Meill\u00e4 on suurin jakeluverkosto Espanjassa. Lis\u00e4tietoja Tarkista kaikki resurssit Haluatko tiet\u00e4\u00e4 kaikki yksityiskohdat e-Chargerista? Tarkista t\u00e4\u00e4lt\u00e4 katalogit, tekniset tiedot, asennusohjeet ja viimeisimm\u00e4t p\u00e4ivitykset jokaisesta latauslaitteesta. Lis\u00e4tietoja Liity V2C-yhteis\u00f6\u00f6n e-mobility matka on koko liike: yhteis\u00f6, joka syntyy Valenciassa ja suuntaa kohti muuta maailmaa.&hellip;","_links":{"self":[{"href":"https:\/\/v2charge.com\/fi\/wp-json\/wp\/v2\/pages\/311432","targetHints":{"allow":["GET"]}}],"collection":[{"href":"https:\/\/v2charge.com\/fi\/wp-json\/wp\/v2\/pages"}],"about":[{"href":"https:\/\/v2charge.com\/fi\/wp-json\/wp\/v2\/types\/page"}],"author":[{"embeddable":true,"href":"https:\/\/v2charge.com\/fi\/wp-json\/wp\/v2\/users\/1"}],"replies":[{"embeddable":true,"href":"https:\/\/v2charge.com\/fi\/wp-json\/wp\/v2\/comments?post=311432"}],"version-history":[{"count":0,"href":"https:\/\/v2charge.com\/fi\/wp-json\/wp\/v2\/pages\/311432\/revisions"}],"wp:featuredmedia":[{"embeddable":true,"href":"https:\/\/v2charge.com\/fi\/wp-json\/wp\/v2\/media\/170354"}],"wp:attachment":[{"href":"https:\/\/v2charge.com\/fi\/wp-json\/wp\/v2\/media?parent=311432"}],"curies":[{"name":"wp","href":"https:\/\/api.w.org\/{rel}","templated":true}]}}