{"id":311552,"date":"2023-04-01T09:44:10","date_gmt":"2023-04-01T09:44:10","guid":{"rendered":""},"modified":"2025-04-30T13:10:58","modified_gmt":"2025-04-30T11:10:58","slug":"turbo-energy-deye-invertterin-integrointi-trydanin-kanssa","status":"publish","type":"page","link":"https:\/\/v2charge.com\/fi\/tukialue\/tehonhallinta\/dynaaminen-tehohallinta\/aurinkosahkon-integrointi\/turbo-energy-deye-invertterin-integrointi-trydanin-kanssa\/","title":{"rendered":"Turbo Energy\/Deye invertterin integrointi Trydanin kanssa"},"content":{"rendered":"\n<div class=\"wp-block-uagb-container uagb-block-4c85d13f alignfull uagb-is-root-container\"><div class=\"uagb-container-inner-blocks-wrap\"><div class=\"yoast-breadcrumbs\"><span><span><a href=\"https:\/\/v2charge.com\/fi\/\">V2C<\/a><\/span> \u00bb <span><a href=\"https:\/\/v2charge.com\/fi\/tukialue\/\">Tukialue<\/a><\/span> \u00bb <span><a href=\"https:\/\/v2charge.com\/fi\/tehonhallinta\/\">Control de potencia<\/a><\/span> \u00bb <span><a href=\"https:\/\/v2charge.com\/fi\/dynaaminen-tehohallinta\/\">Din\u00e1mico<\/a><\/span> \u00bb <span><a href=\"https:\/\/v2charge.com\/fi\/tukialue\/tehonhallinta\/dynaaminen-tehohallinta\/aurinkosahkon-integrointi\/\">Fotovoltaica<\/a><\/span> \u00bb <span class=\"breadcrumb_last\" aria-current=\"page\">Turbo Energy\/Deye invertterin integrointi Trydanin kanssa<\/span><\/span><\/div>\n\n<div class=\"wp-block-uagb-advanced-heading uagb-block-12c58558\"><h1 class=\"uagb-heading-text\">Turbo Energy\/Deye-invertterin integrointi Trydanin kanssa<\/h1><\/div>\n\n\n<div class=\"wp-block-uagb-container uagb-block-3b968dd8 default uagb-is-root-container\">\n<div class=\"wp-block-uagb-container uagb-block-97a41c67\"><div class=\"wp-block-uagb-advanced-heading uagb-block-b324947d\"><p class=\"uagb-heading-text\"><strong>Deye <\/strong>on invertterivalmistaja, joka markkinoi tuotteitaan my\u00f6s eri br\u00e4ndien alla muiden yritysten kautta, kuten Turbo Energy (tunnistettavin Espanjassa), SunSynk tai Sol-Ark. T\u00e4m\u00e4 invertteri on yhteensopiva Trydan-latauspisteen kanssa, mik\u00e4 mahdollistaa aurinkoenergian maksimoimisen. Yhteys tehd\u00e4\u00e4n kaapelin kautta, eik\u00e4 sit\u00e4 voi tehd\u00e4 WiFin kautta kuten muiden inverttereiden kanssa. Muistutamme, ett\u00e4 koska t\u00e4m\u00e4 on akkuinvertteri, paras liitostapa on suoraan invertteriin.<\/p><\/div>\n\n<div class=\"wp-block-uagb-advanced-heading uagb-block-71d14780\"><p class=\"uagb-heading-text\">Yhteys luodaan <strong>RS485-Modbus<\/strong> -protokollan kautta. T\u00e4t\u00e4 varten meid\u00e4n on tunnistettava t\u00e4m\u00e4n protokollan A- ja B-kaapelit.<\/p><\/div><\/div>\n\n\n\n<div class=\"wp-block-uagb-container uagb-block-77363d8a\">\n<figure class=\"wp-block-image size-full\"><img decoding=\"async\" width=\"250\" height=\"104\" src=\"https:\/\/v2charge.com\/wp-content\/uploads\/2023\/12\/logo-deye.png\" alt=\"\" class=\"wp-image-129528\"\/><\/figure>\n<\/div>\n<\/div>\n\n\n\t\t\t\t<div class=\"wp-block-uagb-table-of-contents uagb-toc__align-left uagb-toc__columns-1  uagb-block-7ec2545f      \"\n\t\t\t\t\tdata-scroll= \"1\"\n\t\t\t\t\tdata-offset= \"30\"\n\t\t\t\t\tstyle=\"\"\n\t\t\t\t>\n\t\t\t\t<div class=\"uagb-toc__wrap\">\n\t\t\t\t\t\t<div class=\"uagb-toc__title\">\n\t\t\t\t\t\t\tTable Of Contents\t\t\t\t\t\t<\/div>\n\t\t\t\t\t\t\t\t\t\t\t\t\t\t\t\t\t\t\t\t\t\t<div class=\"uagb-toc__list-wrap \">\n\t\t\t\t\t\t<ol class=\"uagb-toc__list\"><li class=\"uagb-toc__list\"><a href=\"#langallinen-yhteys-invertteriin\" class=\"uagb-toc-link__trigger\">Langallinen yhteys invertteriin<\/a><ul class=\"uagb-toc__list\"><li class=\"uagb-toc__list\"><a href=\"#deyesunsynkturbo-energy-5k\" class=\"uagb-toc-link__trigger\">Deye\/SunSynk\/Turbo Energy 5K<\/a><li class=\"uagb-toc__list\"><li class=\"uagb-toc__list\"><a href=\"#deyesunsynk-8k\" class=\"uagb-toc-link__trigger\">Deye\/SunSynk 8K<\/a><li class=\"uagb-toc__list\"><li class=\"uagb-toc__list\"><a href=\"#deyesunsynk-16k\" class=\"uagb-toc-link__trigger\">Deye\/SunSynk 16K<\/a><li class=\"uagb-toc__list\"><li class=\"uagb-toc__list\"><a href=\"#deyesunsynk-3-vaihe\" class=\"uagb-toc-link__trigger\">Deye\/SunSynk 3 Vaihe<\/a><\/li><\/ul><\/li><li class=\"uagb-toc__list\"><a href=\"#langallinen-yhteys-trydan-latauspisteeseen\" class=\"uagb-toc-link__trigger\">Langallinen yhteys Trydan-latauspisteeseen<\/a><li class=\"uagb-toc__list\"><a href=\"#aurinkos\u00e4\u00e4timen-valinta-trydan-latauspisteess\u00e4\" class=\"uagb-toc-link__trigger\">Aurinkos\u00e4\u00e4timen valinta Trydan-latauspisteess\u00e4<\/a><li class=\"uagb-toc__list\"><a href=\"#tarvitsetko-teknist\u00e4-tukea\" class=\"uagb-toc-link__trigger\">Tarvitsetko teknist\u00e4 tukea?<\/a><\/ul><\/ol>\t\t\t\t\t<\/div>\n\t\t\t\t\t\t\t\t\t<\/div>\n\t\t\t\t<\/div>\n\t\t\t\n\n\n<div class=\"wp-block-uagb-container uagb-block-84f33d8f\"><div class=\"wp-block-uagb-info-box uagb-block-3fb4f60b uagb-infobox__content-wrap  uagb-infobox-icon-left uagb-infobox-left uagb-infobox-stacked-tablet uagb-infobox-image-valign-top wp-block-uagb-info-box--has-margin\"><div class=\"uagb-infobox-margin-wrapper\"><div class=\"uagb-ifb-image-content\"><img decoding=\"async\" src=\"https:\/\/v2charge.com\/wp-content\/uploads\/2023\/11\/numero-uno.png\" alt=\"\" width=\"35\" height=\"35\" loading=\"lazy\"\/><\/div><div class=\"uagb-ifb-content\"><div class=\"uagb-ifb-title-wrap\"><h2 class=\"uagb-ifb-title\">Langallinen yhteys invertteriin<\/h2><\/div><\/div><\/div><\/div>\n\n\n<div class=\"wp-block-uagb-separator uagb-block-a3ae8b05\"><div class=\"wp-block-uagb-separator__inner\" style=\"--my-background-image:\"><\/div><\/div>\n\n\n<div class=\"wp-block-uagb-advanced-heading uagb-block-a1641793\"><h3 class=\"uagb-heading-text\">Deye\/SunSynk\/Turbo Energy 5K<\/h3><\/div>\n\n\n<div class=\"wp-block-uagb-separator uagb-block-33ed960f\"><div class=\"wp-block-uagb-separator__inner\" style=\"--my-background-image:\"><\/div><\/div>\n\n\n<div class=\"wp-block-uagb-advanced-heading uagb-block-8ba0b937\"><p class=\"uagb-heading-text\">Eri malleja on saatavilla valmistusvuoden mukaan. Kaikki mallit kuitenkin l\u00f6ytyv\u00e4t DEYE-k\u00e4ytt\u00f6ohjeesta.<br>K\u00e4ytt\u00f6ohjeen alemmassa osassa n\u00e4emme, ett\u00e4 RS485\/CAN-portissa voimme valita 1, 2 tai 7 ja 8. Jos t\u00e4m\u00e4 portti on varattu akulle (johon CAN on kytketty), voimme k\u00e4ytt\u00e4\u00e4 mittaripistett\u00e4. T\u00e4ss\u00e4 mieless\u00e4 mik\u00e4 tahansa niist\u00e4 voidaan valita.<br>T\u00e4ss\u00e4 tapauksessa olemme kytkeneet sen mittaripisteen kautta.<\/p><\/div>\n\n\n<div class=\"wp-block-uagb-buttons uagb-buttons__outer-wrap uagb-btn__default-btn uagb-btn-tablet__default-btn uagb-btn-mobile__default-btn uagb-block-62126170\"><div class=\"uagb-buttons__wrap uagb-buttons-layout-wrap \"><div class=\"wp-block-uagb-buttons-child uagb-buttons__outer-wrap uagb-block-9e9bf8e0 wp-block-button\"><div class=\"uagb-button__wrapper\"><a class=\"uagb-buttons-repeater wp-block-button__link\" aria-label=\"\" href=\"https:\/\/www.youtube.com\/watch?v=pE7AI3dLyoQ\" rel=\"follow noopener\" target=\"_blank\" role=\"button\"><div class=\"uagb-button__link\">Katso asennusvideo<\/div><\/a><\/div><\/div><\/div><\/div>\n\n\n\n<div class=\"wp-block-uagb-container uagb-block-6cadec73\">\n<div class=\"wp-block-uagb-container uagb-block-d1826e2f\">\n<div class=\"wp-block-uagb-image aligncenter uagb-block-496d9849 wp-block-uagb-image--layout-default wp-block-uagb-image--effect-static wp-block-uagb-image--align-center\"><figure class=\"wp-block-uagb-image__figure\"><img decoding=\"async\"  sizes=\"auto, (max-width: 480px) 150px\" src=\"https:\/\/v2charge.com\/wp-content\/uploads\/2025\/04\/manual-inversor-deye.jpg\" alt=\"\" width=\"1000\" height=\"666\" title=\"\" loading=\"lazy\" role=\"img\"\/><\/figure><\/div>\n<\/div>\n\n\n\n<div class=\"wp-block-uagb-container uagb-block-1ec24d0e\">\n<div class=\"wp-block-uagb-image aligncenter uagb-block-c3e8740b wp-block-uagb-image--layout-default wp-block-uagb-image--effect-static wp-block-uagb-image--align-center\"><figure class=\"wp-block-uagb-image__figure\"><img decoding=\"async\"  sizes=\"auto, (max-width: 480px) 150px\" src=\"https:\/\/v2charge.com\/wp-content\/uploads\/2025\/04\/conexion-inveror-deye.jpg\" alt=\"\" width=\"650\" height=\"476\" title=\"\" loading=\"lazy\" role=\"img\"\/><\/figure><\/div>\n<\/div>\n<\/div>\n\n\n\n<div class=\"wp-block-uagb-container uagb-block-0a903d6d\">\n<div class=\"wp-block-uagb-container uagb-block-bd48cf6a\"><div class=\"wp-block-uagb-advanced-heading uagb-block-a101b032\"><p class=\"uagb-heading-text\">T\u00e4ss\u00e4 kuvassa n\u00e4emme vanhemman mallin. K\u00e4yt\u00e4mme BMS485-porttia, joka toimii t\u00e4sm\u00e4lleen samalla tavalla kuin RS485-portti. <strong>A vastaa numeroa 7 ja B numeroa 8. <\/strong>Konsultoimme k\u00e4ytt\u00f6ohjetta l\u00f6yt\u00e4\u00e4ksemme parhaan portin liitt\u00e4miseen.<\/p><\/div><\/div>\n\n\n\n<div class=\"wp-block-uagb-image aligncenter uagb-block-f241a23e wp-block-uagb-image--layout-default wp-block-uagb-image--effect-static wp-block-uagb-image--align-center\"><figure class=\"wp-block-uagb-image__figure\"><img decoding=\"async\"  sizes=\"auto, (max-width: 480px) 150px\" src=\"https:\/\/v2charge.com\/wp-content\/uploads\/2023\/04\/conexion-trydan-turbo-energy.png\" alt=\"\" width=\"728\" height=\"363\" title=\"\" loading=\"lazy\" role=\"img\"\/><\/figure><\/div>\n<\/div>\n<\/div>\n\n\n\n<div class=\"wp-block-uagb-container uagb-block-9e3c6ce9\"><div class=\"wp-block-uagb-advanced-heading uagb-block-77cb11c5\"><h3 class=\"uagb-heading-text\">Deye\/SunSynk 8K<\/h3><\/div>\n\n\n<div class=\"wp-block-uagb-separator uagb-block-4626db34\"><div class=\"wp-block-uagb-separator__inner\" style=\"--my-background-image:\"><\/div><\/div>\n\n\n\n<div class=\"wp-block-uagb-container uagb-block-a5eb0676\">\n<div class=\"wp-block-uagb-container uagb-block-7615348b\"><div class=\"wp-block-uagb-advanced-heading uagb-block-0bef4b1c\"><p class=\"uagb-heading-text\">Liit\u00e4mme pinneihin 7 ja 8, kuten edellisess\u00e4 mallissa.<\/p><\/div><\/div>\n\n\n\n<div class=\"wp-block-uagb-container uagb-block-343e2369\">\n<div class=\"wp-block-uagb-image uagb-block-29d1e5de wp-block-uagb-image--layout-default wp-block-uagb-image--effect-static wp-block-uagb-image--align-none aligncenter\"><figure class=\"wp-block-uagb-image__figure\"><img decoding=\"async\"  sizes=\"auto, (max-width: 480px) 150px\" src=\"https:\/\/v2charge.com\/wp-content\/uploads\/2023\/04\/conexion-deye-punto-de-recarga.png\" alt=\"\" width=\"727\" height=\"377\" title=\"\" loading=\"lazy\" role=\"img\"\/><\/figure><\/div>\n<\/div>\n<\/div>\n<\/div>\n\n\n\n<div class=\"wp-block-uagb-container uagb-block-32b7833a\"><div class=\"wp-block-uagb-advanced-heading uagb-block-222e7860\"><h3 class=\"uagb-heading-text\">Deye\/SunSynk 16K<\/h3><\/div>\n\n\n<div class=\"wp-block-uagb-separator uagb-block-e67f6d27\"><div class=\"wp-block-uagb-separator__inner\" style=\"--my-background-image:\"><\/div><\/div>\n\n\n\n<div class=\"wp-block-uagb-container uagb-block-1e4e8b55\">\n<div class=\"wp-block-uagb-container uagb-block-9c28c629\"><div class=\"wp-block-uagb-advanced-heading uagb-block-7cafe720\"><p class=\"uagb-heading-text\">Huomaa, ett\u00e4 uusimmissa 16 kW malleissa\/ohjelmistoversioissa BMS-porttia k\u00e4ytet\u00e4\u00e4n samanaikaisesti SolarAssistant-valvontaan ja akun CAN-viestint\u00e4\u00e4n. Katso <a href=\"https:\/\/solar-assistant.io\/help\/deye\/2_in_1_bms_port\" target=\"_blank\" rel=\"noreferrer noopener\">2-in-1 BMS port<\/a>.<\/p><\/div><\/div>\n\n\n\n<div class=\"wp-block-uagb-container uagb-block-df015fef\">\n<div class=\"wp-block-uagb-image aligncenter uagb-block-388a335e wp-block-uagb-image--layout-default wp-block-uagb-image--effect-static wp-block-uagb-image--align-center\"><figure class=\"wp-block-uagb-image__figure\"><img decoding=\"async\"  sizes=\"auto, (max-width: 480px) 150px\" src=\"https:\/\/v2charge.com\/wp-content\/uploads\/2023\/04\/modbus-trydan-punto-de-recarga-turbo-energy.png\" alt=\"\" width=\"711\" height=\"481\" title=\"\" loading=\"lazy\" role=\"img\"\/><\/figure><\/div>\n<\/div>\n<\/div>\n<\/div>\n\n\n\n<div class=\"wp-block-uagb-container uagb-block-2dee4961\"><div class=\"wp-block-uagb-advanced-heading uagb-block-29a7824e\"><h3 class=\"uagb-heading-text\">Deye\/SunSynk 3 Vaihe<\/h3><\/div>\n\n\n<div class=\"wp-block-uagb-separator uagb-block-2e6f22fb\"><div class=\"wp-block-uagb-separator__inner\" style=\"--my-background-image:\"><\/div><\/div>\n\n\n\n<div class=\"wp-block-uagb-container uagb-block-3c1cad65\">\n<div class=\"wp-block-uagb-container uagb-block-f92468cf\"><div class=\"wp-block-uagb-advanced-heading uagb-block-586e3cce\"><p class=\"uagb-heading-text\">T\u00e4ss\u00e4 mallissa k\u00e4yt\u00e4mme Meter-485-porttia.<\/p><\/div><\/div>\n\n\n\n<div class=\"wp-block-uagb-container uagb-block-e15df208\">\n<div class=\"wp-block-uagb-image aligncenter uagb-block-93f8dc29 wp-block-uagb-image--layout-default wp-block-uagb-image--effect-static wp-block-uagb-image--align-center\"><figure class=\"wp-block-uagb-image__figure\"><img decoding=\"async\"  sizes=\"auto, (max-width: 480px) 150px\" src=\"https:\/\/v2charge.com\/wp-content\/uploads\/2023\/04\/rs486-v2c-trydan.png\" alt=\"\" width=\"770\" height=\"377\" title=\"\" loading=\"lazy\" role=\"img\"\/><\/figure><\/div>\n<\/div>\n<\/div>\n<\/div>\n\n\n\n<div class=\"wp-block-uagb-container uagb-block-3c51e1a8\"><div class=\"wp-block-uagb-info-box uagb-block-984940db uagb-infobox__content-wrap  uagb-infobox-icon-left uagb-infobox-left uagb-infobox-stacked-tablet uagb-infobox-image-valign-top wp-block-uagb-info-box--has-margin\"><div class=\"uagb-infobox-margin-wrapper\"><div class=\"uagb-ifb-image-content\"><img decoding=\"async\" src=\"https:\/\/v2charge.com\/wp-content\/uploads\/2023\/11\/numero-dos.png\" alt=\"\" width=\"35\" height=\"35\" loading=\"lazy\"\/><\/div><div class=\"uagb-ifb-content\"><div class=\"uagb-ifb-title-wrap\"><h2 class=\"uagb-ifb-title\">Langallinen yhteys Trydan-latauspisteeseen<\/h2><\/div><\/div><\/div><\/div>\n\n\n<div class=\"wp-block-uagb-separator uagb-block-151fd9f7\"><div class=\"wp-block-uagb-separator__inner\" style=\"--my-background-image:\"><\/div><\/div>\n\n\n\n<div class=\"wp-block-uagb-container uagb-block-f6cfd113\">\n<div class=\"wp-block-uagb-container uagb-block-6337e32e\"><div class=\"wp-block-uagb-advanced-heading uagb-block-1214a570\"><p class=\"uagb-heading-text\">Kun olemme Trydan-latauspisteess\u00e4, meid\u00e4n on liitett\u00e4v\u00e4 RS485-tulo, joka l\u00f6ytyy kannesta. Se k\u00e4ytt\u00e4\u00e4 RJ45-ethernet-kaapelia, joka sis\u00e4ltyy elektroniikkaan.<br><\/p><\/div><\/div>\n\n\n\n<div class=\"wp-block-uagb-container uagb-block-229ddd43\">\n<div class=\"wp-block-uagb-image aligncenter uagb-block-a8fc38ed wp-block-uagb-image--layout-default wp-block-uagb-image--effect-static wp-block-uagb-image--align-center\"><figure class=\"wp-block-uagb-image__figure\"><img decoding=\"async\"  sizes=\"auto, (max-width: 480px) 150px\" src=\"https:\/\/v2charge.com\/wp-content\/uploads\/2023\/01\/conexion-trydan-solis-734x1024.jpg\" alt=\"\" width=\"734\" height=\"1024\" title=\"\" loading=\"lazy\" role=\"img\"\/><\/figure><\/div>\n<\/div>\n<\/div>\n\n\n\n<div class=\"wp-block-uagb-container uagb-block-08347ff4\">\n<div class=\"wp-block-uagb-container uagb-block-c99660e5\"><div class=\"wp-block-uagb-advanced-heading uagb-block-5e0a3e75\"><p class=\"uagb-heading-text\">Yhteys on teht\u00e4v\u00e4 alla olevan kuvan mukaisesti. Tarvitaan vain kaksi johtoa: johto 4 on liitett\u00e4v\u00e4 B:hen ja johto 5 A:han.<\/p><\/div>\n\n\n<ul class=\"wp-block-list\"><li><strong><strong>JOHTO 4 ON YHDISTETT\u00c4V\u00c4 8:aan (JOHTO B) DEYE \/ TURBO ENERGY AURINKOSUUNTAUSMUUNTIMESSA<\/strong><\/strong><\/li>\n\n<li><strong><strong>JOHTO 5 ON A, JA SEN TULISI OLLA YHTEYDESS\u00c4 7 INVERTERISS\u00c4<\/strong><\/strong><\/li><\/ul>\n\n\n\n<div class=\"wp-block-uagb-container uagb-block-56fcb881 default uagb-is-root-container\"><div class=\"wp-block-uagb-advanced-heading uagb-block-e934575b\"><p class=\"uagb-heading-text\"><strong>Huomautus<\/strong>: Vuodesta 2024 eteenp\u00e4in valmistetuissa latureissa <strong>voit liitt\u00e4\u00e4 johdot A ja B suoraan ohjauskorttiin<\/strong>, tai jopa virtakorttiin, erikseen varatuista porteista. <strong>Porteissa on selke\u00e4t merkinn\u00e4t kortilla.<\/strong><\/p><\/div><\/div>\n<\/div>\n\n\n\n<div class=\"wp-block-uagb-container uagb-block-35455bb1\">\t\t\t\t\t<div\n\t\t\t\t\t\tclass=\"wp-block-uagb-image-gallery uagb-block-8d312d8f     \"\n\t\t\t\t\t\tstyle=\"\"\n\t\t\t\t\t>\n\t\t\t\t\t\t\t\t\t\t\t<div class=\"spectra-image-gallery spectra-image-gallery__layout--carousel\">\n\t\t\t\t\t\t\t\t<div class=\"uagb-slick-carousel uagb-block-8d312d8f\">\n\t\t\t\t\t\t\t\t\t\t\t\t<div class='spectra-image-gallery__media-wrapper' data-spectra-gallery-image-id='135550'>\n\t\t\t\t\t\t\t<div class=\"spectra-image-gallery__media spectra-image-gallery__media--carousel\">\n\t\t\t\t<picture>\n\t\t\t\t\t<source media=\"(min-width: 1024px)\" srcset=\"https:\/\/v2charge.com\/wp-content\/uploads\/2024\/02\/cable-a-b-rs485.jpg\">\n\t\t\t\t\t<source media=\"(min-width: 768px)\" srcset=\"https:\/\/v2charge.com\/wp-content\/uploads\/2024\/02\/cable-a-b-rs485.jpg\">\n\t\t\t\t\t<img decoding=\"async\" class=\"spectra-image-gallery__media-thumbnail spectra-image-gallery__media-thumbnail--carousel\" src=\"https:\/\/v2charge.com\/wp-content\/uploads\/2024\/02\/cable-a-b-rs485.jpg\" alt=\"\" loading=\"lazy\" \/>\n\t\t\t\t<\/picture>\n\t\t\t\t<div class=\"spectra-image-gallery__media-thumbnail-blurrer\"><\/div>\n\t\t\t\t\t\t\t<\/div>\n\t\t\t\t\t\t\t\t<div class=\"spectra-image-gallery__media-thumbnail-caption-wrapper spectra-image-gallery__media-thumbnail-caption-wrapper--bar-outside\">\n\t\t\t\t\t\t\t\t\t\t<div class=\"spectra-image-gallery__media-thumbnail-caption spectra-image-gallery__media-thumbnail-caption--bar-outside\">\n\t\t\t\t\t\t\t\t\t<\/div>\n\t\t\t\t\t\t\t\t<\/div>\n\t\t\t\t\t\t\t<\/div>\n\t\t\t\t\t\t<div class='spectra-image-gallery__media-wrapper' data-spectra-gallery-image-id='217386'>\n\t\t\t\t\t\t\t<div class=\"spectra-image-gallery__media spectra-image-gallery__media--carousel\">\n\t\t\t\t<picture>\n\t\t\t\t\t<source media=\"(min-width: 1024px)\" srcset=\"https:\/\/v2charge.com\/wp-content\/uploads\/2025\/04\/conexion-inversor-trydan.jpg\">\n\t\t\t\t\t<source media=\"(min-width: 768px)\" srcset=\"https:\/\/v2charge.com\/wp-content\/uploads\/2025\/04\/conexion-inversor-trydan.jpg\">\n\t\t\t\t\t<img decoding=\"async\" class=\"spectra-image-gallery__media-thumbnail spectra-image-gallery__media-thumbnail--carousel\" src=\"https:\/\/v2charge.com\/wp-content\/uploads\/2025\/04\/conexion-inversor-trydan.jpg\" alt=\"\" loading=\"lazy\" \/>\n\t\t\t\t<\/picture>\n\t\t\t\t<div class=\"spectra-image-gallery__media-thumbnail-blurrer\"><\/div>\n\t\t\t\t\t\t\t<\/div>\n\t\t\t\t\t\t\t\t<div class=\"spectra-image-gallery__media-thumbnail-caption-wrapper spectra-image-gallery__media-thumbnail-caption-wrapper--bar-outside\">\n\t\t\t\t\t\t\t\t\t\t<div class=\"spectra-image-gallery__media-thumbnail-caption spectra-image-gallery__media-thumbnail-caption--bar-outside\">\n\t\t\t\t\t\t\t\t\t<\/div>\n\t\t\t\t\t\t\t\t<\/div>\n\t\t\t\t\t\t\t<\/div>\n\t\t\t\t\t\t\t\t\t\t\t<\/div>\n\t\t\t\t\t\t\t<\/div>\n\t\t\t\t\t\t\t\t\t\t\t<\/div>\n\t\t\t\t\t\t\t\t\t<\/div>\n<\/div>\n<\/div>\n\n\n\n<div class=\"wp-block-uagb-container uagb-block-4662665a\"><div class=\"wp-block-uagb-info-box uagb-block-acf7e902 uagb-infobox__content-wrap  uagb-infobox-icon-left uagb-infobox-left uagb-infobox-stacked-tablet uagb-infobox-image-valign-top wp-block-uagb-info-box--has-margin\"><div class=\"uagb-infobox-margin-wrapper\"><div class=\"uagb-ifb-image-content\"><img decoding=\"async\" src=\"https:\/\/v2charge.com\/wp-content\/uploads\/2023\/11\/numero-tres.png\" alt=\"\" width=\"35\" height=\"35\" loading=\"lazy\"\/><\/div><div class=\"uagb-ifb-content\"><div class=\"uagb-ifb-title-wrap\"><h2 class=\"uagb-ifb-title\">Aurinkos\u00e4\u00e4timen valinta Trydan-latauspisteess\u00e4<\/h2><\/div><\/div><\/div><\/div>\n\n\n<div class=\"wp-block-uagb-separator uagb-block-86fef11b\"><div class=\"wp-block-uagb-separator__inner\" style=\"--my-background-image:\"><\/div><\/div>\n\n\n\n<div class=\"wp-block-uagb-container uagb-block-89a73496 default uagb-is-root-container\">\n<div class=\"wp-block-uagb-container uagb-block-06139834\"><div class=\"wp-block-uagb-advanced-heading uagb-block-c6080527\"><p class=\"uagb-heading-text\">Avaa V2C Cloud -sovellus, valitse latauspiste ja siirry sitten asetukset-osioon. Siirry <strong>Dynaamisen Tehons\u00e4\u00e4t\u00f6 <\/strong>alueelle ja valitse aurinkos\u00e4hk\u00f6n muuntajien lista. Kun olet valinnut, <strong>valitse Turbo Energy \/ DEYE -muunnin<\/strong>. Valitse asennustyyppi ja lopuksi <strong>valitse valos\u00e4hk\u00f6n indikaattori<\/strong>.<\/p><\/div><\/div>\n\n\n\n<div class=\"wp-block-uagb-container uagb-block-13c63088\">\n<div class=\"wp-block-uagb-image uagb-block-c228d149 wp-block-uagb-image--layout-default wp-block-uagb-image--effect-static wp-block-uagb-image--align-none\"><figure class=\"wp-block-uagb-image__figure\"><img decoding=\"async\"  sizes=\"auto, (max-width: 480px) 150px\" src=\"https:\/\/v2charge.com\/wp-content\/uploads\/2023\/04\/deye-ES-731x1024.jpg\" alt=\"\" width=\"731\" height=\"1024\" title=\"\" loading=\"lazy\" role=\"img\"\/><\/figure><\/div>\n<\/div>\n<\/div>\n<\/div>\n<\/div><\/div>\n\n\n\n<div class=\"wp-block-uagb-container uagb-block-c6f38013 alignfull uagb-is-root-container\"><div class=\"uagb-container-inner-blocks-wrap\"><div class=\"wp-block-uagb-advanced-heading uagb-block-6963d70c\"><h2 class=\"uagb-heading-text\"><strong><strong>Tarvitsetko teknist\u00e4 tukea?<\/strong><\/strong><\/h2><\/div>\n\n<div class=\"wp-block-uagb-advanced-heading uagb-block-408243eb\"><p class=\"uagb-heading-text\">Luo pyynt\u00f6 Tekniseen Tukikeskukseen, ja otamme sinuun yhteytt\u00e4 mahdollisimman pian tarjotaksemme sinulle parhaan ratkaisun.<br><a href=\"https:\/\/v2charge.atlassian.net\/servicedesk\/customer\/portal\/3\"><\/a><\/p><\/div>\n\n\n<div class=\"wp-block-uagb-buttons uagb-buttons__outer-wrap uagb-btn__default-btn uagb-btn-tablet__default-btn uagb-btn-mobile__default-btn uagb-block-ba1e67d1\"><div class=\"uagb-buttons__wrap uagb-buttons-layout-wrap \"><div class=\"wp-block-uagb-buttons-child uagb-buttons__outer-wrap uagb-block-23cfb623 wp-block-button\"><div class=\"uagb-button__wrapper\"><a class=\"uagb-buttons-repeater wp-block-button__link\" aria-label=\"\" href=\"https:\/\/v2charge.atlassian.net\/servicedesk\/customer\/portal\/3\" rel=\"follow noopener\" target=\"_self\" role=\"button\"><div class=\"uagb-button__link\">Ota yhteytt\u00e4 tekniseen tukeen<\/div><\/a><\/div><\/div><\/div><\/div>\n<\/div><\/div>\n","protected":false},"excerpt":{"rendered":"<p>Turbo Energy\/Deye-invertterin integrointi Trydanin kanssa Deye on invertterivalmistaja, joka markkinoi tuotteitaan my\u00f6s eri br\u00e4ndien alla muiden yritysten kautta, kuten Turbo Energy (tunnistettavin Espanjassa), SunSynk tai Sol-Ark. T\u00e4m\u00e4 invertteri on yhteensopiva Trydan-latauspisteen kanssa, mik\u00e4 mahdollistaa aurinkoenergian maksimoimisen. Yhteys tehd\u00e4\u00e4n kaapelin kautta, eik\u00e4 sit\u00e4 voi tehd\u00e4 WiFin kautta kuten muiden inverttereiden kanssa. Muistutamme, ett\u00e4 koska t\u00e4m\u00e4 on &#8230; <a title=\"Turbo Energy\/Deye invertterin integrointi Trydanin kanssa\" class=\"read-more\" href=\"https:\/\/v2charge.com\/fi\/tukialue\/tehonhallinta\/dynaaminen-tehohallinta\/aurinkosahkon-integrointi\/turbo-energy-deye-invertterin-integrointi-trydanin-kanssa\/\" aria-label=\"Lue lis\u00e4\u00e4 aiheesta Turbo Energy\/Deye invertterin integrointi Trydanin kanssa\">Lue lis\u00e4\u00e4<\/a><\/p>\n","protected":false},"author":1,"featured_media":0,"parent":311461,"menu_order":0,"comment_status":"closed","ping_status":"closed","template":"","meta":{"_eb_attr":"","content-type":"","_uag_custom_page_level_css":"","footnotes":""},"class_list":["post-311552","page","type-page","status-publish"],"yoast_head":"<!-- This site is optimized with the Yoast SEO plugin v25.3.1 - https:\/\/yoast.com\/wordpress\/plugins\/seo\/ -->\n<title>Deye \/ Turbo Energy Inverter -integraatio Trydanin kanssa | V2C<\/title>\n<meta name=\"description\" content=\"T\u00e4ss\u00e4 on ohjeet Deye \/ Turbo Energy -invertterin kytkemiseksi Trydan e-Chargeriin. [V2C Support Area]\" \/>\n<meta name=\"robots\" content=\"index, follow, max-snippet:-1, max-image-preview:large, max-video-preview:-1\" \/>\n<link rel=\"canonical\" href=\"https:\/\/v2charge.com\/fi\/tukialue\/tehonhallinta\/dynaaminen-tehohallinta\/aurinkosahkon-integrointi\/turbo-energy-deye-invertterin-integrointi-trydanin-kanssa\/\" \/>\n<meta property=\"og:locale\" content=\"fi_FI\" \/>\n<meta property=\"og:type\" content=\"article\" \/>\n<meta property=\"og:title\" content=\"Deye \/ Turbo Energy Inverter -integraatio Trydanin kanssa | V2C\" \/>\n<meta property=\"og:description\" content=\"T\u00e4ss\u00e4 on ohjeet Deye \/ Turbo Energy -invertterin kytkemiseksi Trydan e-Chargeriin. [V2C Support Area]\" \/>\n<meta property=\"og:url\" content=\"https:\/\/v2charge.com\/fi\/tukialue\/tehonhallinta\/dynaaminen-tehohallinta\/aurinkosahkon-integrointi\/turbo-energy-deye-invertterin-integrointi-trydanin-kanssa\/\" \/>\n<meta property=\"og:site_name\" content=\"V2C\" \/>\n<meta property=\"article:publisher\" content=\"https:\/\/www.facebook.com\/V2C.Charge\" \/>\n<meta property=\"article:modified_time\" content=\"2025-04-30T11:10:58+00:00\" \/>\n<meta property=\"og:image\" content=\"https:\/\/v2charge.com\/wp-content\/uploads\/2023\/12\/logo-deye.png\" \/>\n\t<meta property=\"og:image:width\" content=\"250\" \/>\n\t<meta property=\"og:image:height\" content=\"104\" \/>\n\t<meta property=\"og:image:type\" content=\"image\/png\" \/>\n<meta name=\"twitter:card\" content=\"summary_large_image\" \/>\n<meta name=\"twitter:site\" content=\"@V2C_Charge\" \/>\n<meta name=\"twitter:label1\" content=\"Arvioitu lukuaika\" \/>\n\t<meta name=\"twitter:data1\" content=\"5 minuuttia\" \/>\n<script type=\"application\/ld+json\" class=\"yoast-schema-graph\">{\"@context\":\"https:\/\/schema.org\",\"@graph\":[{\"@type\":\"WebPage\",\"@id\":\"https:\/\/v2charge.com\/fi\/tukialue\/tehonhallinta\/dynaaminen-tehohallinta\/aurinkosahkon-integrointi\/turbo-energy-deye-invertterin-integrointi-trydanin-kanssa\/\",\"url\":\"https:\/\/v2charge.com\/fi\/tukialue\/tehonhallinta\/dynaaminen-tehohallinta\/aurinkosahkon-integrointi\/turbo-energy-deye-invertterin-integrointi-trydanin-kanssa\/\",\"name\":\"Deye \/ Turbo Energy Inverter -integraatio Trydanin kanssa | V2C\",\"isPartOf\":{\"@id\":\"https:\/\/v2charge.com\/fi\/#website\"},\"primaryImageOfPage\":{\"@id\":\"https:\/\/v2charge.com\/fi\/tukialue\/tehonhallinta\/dynaaminen-tehohallinta\/aurinkosahkon-integrointi\/turbo-energy-deye-invertterin-integrointi-trydanin-kanssa\/#primaryimage\"},\"image\":{\"@id\":\"https:\/\/v2charge.com\/fi\/tukialue\/tehonhallinta\/dynaaminen-tehohallinta\/aurinkosahkon-integrointi\/turbo-energy-deye-invertterin-integrointi-trydanin-kanssa\/#primaryimage\"},\"thumbnailUrl\":\"https:\/\/v2charge.com\/wp-content\/uploads\/2023\/12\/logo-deye.png\",\"datePublished\":\"2023-04-01T09:44:10+00:00\",\"dateModified\":\"2025-04-30T11:10:58+00:00\",\"description\":\"T\u00e4ss\u00e4 on ohjeet Deye \/ Turbo Energy -invertterin kytkemiseksi Trydan e-Chargeriin. [V2C Support Area]\",\"breadcrumb\":{\"@id\":\"https:\/\/v2charge.com\/fi\/tukialue\/tehonhallinta\/dynaaminen-tehohallinta\/aurinkosahkon-integrointi\/turbo-energy-deye-invertterin-integrointi-trydanin-kanssa\/#breadcrumb\"},\"inLanguage\":\"fi\",\"potentialAction\":[{\"@type\":\"ReadAction\",\"target\":[\"https:\/\/v2charge.com\/fi\/tukialue\/tehonhallinta\/dynaaminen-tehohallinta\/aurinkosahkon-integrointi\/turbo-energy-deye-invertterin-integrointi-trydanin-kanssa\/\"]}]},{\"@type\":\"ImageObject\",\"inLanguage\":\"fi\",\"@id\":\"https:\/\/v2charge.com\/fi\/tukialue\/tehonhallinta\/dynaaminen-tehohallinta\/aurinkosahkon-integrointi\/turbo-energy-deye-invertterin-integrointi-trydanin-kanssa\/#primaryimage\",\"url\":\"https:\/\/v2charge.com\/wp-content\/uploads\/2023\/12\/logo-deye.png\",\"contentUrl\":\"https:\/\/v2charge.com\/wp-content\/uploads\/2023\/12\/logo-deye.png\"},{\"@type\":\"BreadcrumbList\",\"@id\":\"https:\/\/v2charge.com\/fi\/tukialue\/tehonhallinta\/dynaaminen-tehohallinta\/aurinkosahkon-integrointi\/turbo-energy-deye-invertterin-integrointi-trydanin-kanssa\/#breadcrumb\",\"itemListElement\":[{\"@type\":\"ListItem\",\"position\":1,\"name\":\"V2C\",\"item\":\"https:\/\/v2charge.com\/fi\/\"},{\"@type\":\"ListItem\",\"position\":2,\"name\":\"Tukialue\",\"item\":\"https:\/\/v2charge.com\/fi\/tukialue\/\"},{\"@type\":\"ListItem\",\"position\":3,\"name\":\"Control de potencia\",\"item\":\"https:\/\/v2charge.com\/fi\/tehonhallinta\/\"},{\"@type\":\"ListItem\",\"position\":4,\"name\":\"Din\u00e1mico\",\"item\":\"https:\/\/v2charge.com\/fi\/dynaaminen-tehohallinta\/\"},{\"@type\":\"ListItem\",\"position\":5,\"name\":\"Fotovoltaica\",\"item\":\"https:\/\/v2charge.com\/fi\/tukialue\/tehonhallinta\/dynaaminen-tehohallinta\/aurinkosahkon-integrointi\/\"},{\"@type\":\"ListItem\",\"position\":6,\"name\":\"Turbo Energy\/Deye invertterin integrointi Trydanin kanssa\"}]},{\"@type\":\"WebSite\",\"@id\":\"https:\/\/v2charge.com\/fi\/#website\",\"url\":\"https:\/\/v2charge.com\/fi\/\",\"name\":\"V2C\",\"description\":\"#CargandoElMa\u00f1ana\",\"publisher\":{\"@id\":\"https:\/\/v2charge.com\/fi\/#organization\"},\"potentialAction\":[{\"@type\":\"SearchAction\",\"target\":{\"@type\":\"EntryPoint\",\"urlTemplate\":\"https:\/\/v2charge.com\/fi\/?s={search_term_string}\"},\"query-input\":{\"@type\":\"PropertyValueSpecification\",\"valueRequired\":true,\"valueName\":\"search_term_string\"}}],\"inLanguage\":\"fi\"},{\"@type\":\"Organization\",\"@id\":\"https:\/\/v2charge.com\/fi\/#organization\",\"name\":\"V2C\",\"url\":\"https:\/\/v2charge.com\/fi\/\",\"logo\":{\"@type\":\"ImageObject\",\"inLanguage\":\"fi\",\"@id\":\"https:\/\/v2charge.com\/fi\/#\/schema\/logo\/image\/\",\"url\":\"https:\/\/v2charge.com\/wp-content\/uploads\/2024\/11\/cropped-v2c-charge-logo-menu.png\",\"contentUrl\":\"https:\/\/v2charge.com\/wp-content\/uploads\/2024\/11\/cropped-v2c-charge-logo-menu.png\",\"width\":984,\"height\":431,\"caption\":\"V2C\"},\"image\":{\"@id\":\"https:\/\/v2charge.com\/fi\/#\/schema\/logo\/image\/\"},\"sameAs\":[\"https:\/\/www.facebook.com\/V2C.Charge\",\"https:\/\/x.com\/V2C_Charge\",\"https:\/\/www.instagram.com\/v2c.charge\/\",\"https:\/\/www.youtube.com\/@V2C\",\"https:\/\/www.linkedin.com\/company\/v2c-chargers\/\"]}]}<\/script>\n<!-- \/ Yoast SEO plugin. -->","yoast_head_json":{"title":"Deye \/ Turbo Energy Inverter -integraatio Trydanin kanssa | V2C","description":"T\u00e4ss\u00e4 on ohjeet Deye \/ Turbo Energy -invertterin kytkemiseksi Trydan e-Chargeriin. [V2C Support Area]","robots":{"index":"index","follow":"follow","max-snippet":"max-snippet:-1","max-image-preview":"max-image-preview:large","max-video-preview":"max-video-preview:-1"},"canonical":"https:\/\/v2charge.com\/fi\/tukialue\/tehonhallinta\/dynaaminen-tehohallinta\/aurinkosahkon-integrointi\/turbo-energy-deye-invertterin-integrointi-trydanin-kanssa\/","og_locale":"fi_FI","og_type":"article","og_title":"Deye \/ Turbo Energy Inverter -integraatio Trydanin kanssa | V2C","og_description":"T\u00e4ss\u00e4 on ohjeet Deye \/ Turbo Energy -invertterin kytkemiseksi Trydan e-Chargeriin. [V2C Support Area]","og_url":"https:\/\/v2charge.com\/fi\/tukialue\/tehonhallinta\/dynaaminen-tehohallinta\/aurinkosahkon-integrointi\/turbo-energy-deye-invertterin-integrointi-trydanin-kanssa\/","og_site_name":"V2C","article_publisher":"https:\/\/www.facebook.com\/V2C.Charge","article_modified_time":"2025-04-30T11:10:58+00:00","og_image":[{"width":250,"height":104,"url":"https:\/\/v2charge.com\/wp-content\/uploads\/2023\/12\/logo-deye.png","type":"image\/png"}],"twitter_card":"summary_large_image","twitter_site":"@V2C_Charge","twitter_misc":{"Arvioitu lukuaika":"5 minuuttia"},"schema":{"@context":"https:\/\/schema.org","@graph":[{"@type":"WebPage","@id":"https:\/\/v2charge.com\/fi\/tukialue\/tehonhallinta\/dynaaminen-tehohallinta\/aurinkosahkon-integrointi\/turbo-energy-deye-invertterin-integrointi-trydanin-kanssa\/","url":"https:\/\/v2charge.com\/fi\/tukialue\/tehonhallinta\/dynaaminen-tehohallinta\/aurinkosahkon-integrointi\/turbo-energy-deye-invertterin-integrointi-trydanin-kanssa\/","name":"Deye \/ Turbo Energy Inverter -integraatio Trydanin kanssa | V2C","isPartOf":{"@id":"https:\/\/v2charge.com\/fi\/#website"},"primaryImageOfPage":{"@id":"https:\/\/v2charge.com\/fi\/tukialue\/tehonhallinta\/dynaaminen-tehohallinta\/aurinkosahkon-integrointi\/turbo-energy-deye-invertterin-integrointi-trydanin-kanssa\/#primaryimage"},"image":{"@id":"https:\/\/v2charge.com\/fi\/tukialue\/tehonhallinta\/dynaaminen-tehohallinta\/aurinkosahkon-integrointi\/turbo-energy-deye-invertterin-integrointi-trydanin-kanssa\/#primaryimage"},"thumbnailUrl":"https:\/\/v2charge.com\/wp-content\/uploads\/2023\/12\/logo-deye.png","datePublished":"2023-04-01T09:44:10+00:00","dateModified":"2025-04-30T11:10:58+00:00","description":"T\u00e4ss\u00e4 on ohjeet Deye \/ Turbo Energy -invertterin kytkemiseksi Trydan e-Chargeriin. [V2C Support Area]","breadcrumb":{"@id":"https:\/\/v2charge.com\/fi\/tukialue\/tehonhallinta\/dynaaminen-tehohallinta\/aurinkosahkon-integrointi\/turbo-energy-deye-invertterin-integrointi-trydanin-kanssa\/#breadcrumb"},"inLanguage":"fi","potentialAction":[{"@type":"ReadAction","target":["https:\/\/v2charge.com\/fi\/tukialue\/tehonhallinta\/dynaaminen-tehohallinta\/aurinkosahkon-integrointi\/turbo-energy-deye-invertterin-integrointi-trydanin-kanssa\/"]}]},{"@type":"ImageObject","inLanguage":"fi","@id":"https:\/\/v2charge.com\/fi\/tukialue\/tehonhallinta\/dynaaminen-tehohallinta\/aurinkosahkon-integrointi\/turbo-energy-deye-invertterin-integrointi-trydanin-kanssa\/#primaryimage","url":"https:\/\/v2charge.com\/wp-content\/uploads\/2023\/12\/logo-deye.png","contentUrl":"https:\/\/v2charge.com\/wp-content\/uploads\/2023\/12\/logo-deye.png"},{"@type":"BreadcrumbList","@id":"https:\/\/v2charge.com\/fi\/tukialue\/tehonhallinta\/dynaaminen-tehohallinta\/aurinkosahkon-integrointi\/turbo-energy-deye-invertterin-integrointi-trydanin-kanssa\/#breadcrumb","itemListElement":[{"@type":"ListItem","position":1,"name":"V2C","item":"https:\/\/v2charge.com\/fi\/"},{"@type":"ListItem","position":2,"name":"Tukialue","item":"https:\/\/v2charge.com\/fi\/tukialue\/"},{"@type":"ListItem","position":3,"name":"Control de potencia","item":"https:\/\/v2charge.com\/fi\/tehonhallinta\/"},{"@type":"ListItem","position":4,"name":"Din\u00e1mico","item":"https:\/\/v2charge.com\/fi\/dynaaminen-tehohallinta\/"},{"@type":"ListItem","position":5,"name":"Fotovoltaica","item":"https:\/\/v2charge.com\/fi\/tukialue\/tehonhallinta\/dynaaminen-tehohallinta\/aurinkosahkon-integrointi\/"},{"@type":"ListItem","position":6,"name":"Turbo Energy\/Deye invertterin integrointi Trydanin kanssa"}]},{"@type":"WebSite","@id":"https:\/\/v2charge.com\/fi\/#website","url":"https:\/\/v2charge.com\/fi\/","name":"V2C","description":"#CargandoElMa\u00f1ana","publisher":{"@id":"https:\/\/v2charge.com\/fi\/#organization"},"potentialAction":[{"@type":"SearchAction","target":{"@type":"EntryPoint","urlTemplate":"https:\/\/v2charge.com\/fi\/?s={search_term_string}"},"query-input":{"@type":"PropertyValueSpecification","valueRequired":true,"valueName":"search_term_string"}}],"inLanguage":"fi"},{"@type":"Organization","@id":"https:\/\/v2charge.com\/fi\/#organization","name":"V2C","url":"https:\/\/v2charge.com\/fi\/","logo":{"@type":"ImageObject","inLanguage":"fi","@id":"https:\/\/v2charge.com\/fi\/#\/schema\/logo\/image\/","url":"https:\/\/v2charge.com\/wp-content\/uploads\/2024\/11\/cropped-v2c-charge-logo-menu.png","contentUrl":"https:\/\/v2charge.com\/wp-content\/uploads\/2024\/11\/cropped-v2c-charge-logo-menu.png","width":984,"height":431,"caption":"V2C"},"image":{"@id":"https:\/\/v2charge.com\/fi\/#\/schema\/logo\/image\/"},"sameAs":["https:\/\/www.facebook.com\/V2C.Charge","https:\/\/x.com\/V2C_Charge","https:\/\/www.instagram.com\/v2c.charge\/","https:\/\/www.youtube.com\/@V2C","https:\/\/www.linkedin.com\/company\/v2c-chargers\/"]}]}},"uagb_featured_image_src":{"full":false,"thumbnail":false,"medium":false,"medium_large":false,"large":false,"gs-tiny":false,"xl":false,"xxl":false,"xxxl":false,"xxxxl":false,"xxxxxl":false,"1536x1536":false,"2048x2048":false},"uagb_author_info":{"display_name":"V2C","author_link":"https:\/\/v2charge.com\/fi\/author\/root_k4eu7ki8\/"},"uagb_comment_info":0,"uagb_excerpt":"Turbo Energy\/Deye-invertterin integrointi Trydanin kanssa Deye on invertterivalmistaja, joka markkinoi tuotteitaan my\u00f6s eri br\u00e4ndien alla muiden yritysten kautta, kuten Turbo Energy (tunnistettavin Espanjassa), SunSynk tai Sol-Ark. T\u00e4m\u00e4 invertteri on yhteensopiva Trydan-latauspisteen kanssa, mik\u00e4 mahdollistaa aurinkoenergian maksimoimisen. Yhteys tehd\u00e4\u00e4n kaapelin kautta, eik\u00e4 sit\u00e4 voi tehd\u00e4 WiFin kautta kuten muiden inverttereiden kanssa. Muistutamme, ett\u00e4 koska t\u00e4m\u00e4 on&hellip;","_links":{"self":[{"href":"https:\/\/v2charge.com\/fi\/wp-json\/wp\/v2\/pages\/311552","targetHints":{"allow":["GET"]}}],"collection":[{"href":"https:\/\/v2charge.com\/fi\/wp-json\/wp\/v2\/pages"}],"about":[{"href":"https:\/\/v2charge.com\/fi\/wp-json\/wp\/v2\/types\/page"}],"author":[{"embeddable":true,"href":"https:\/\/v2charge.com\/fi\/wp-json\/wp\/v2\/users\/1"}],"replies":[{"embeddable":true,"href":"https:\/\/v2charge.com\/fi\/wp-json\/wp\/v2\/comments?post=311552"}],"version-history":[{"count":0,"href":"https:\/\/v2charge.com\/fi\/wp-json\/wp\/v2\/pages\/311552\/revisions"}],"up":[{"embeddable":true,"href":"https:\/\/v2charge.com\/fi\/wp-json\/wp\/v2\/pages\/311461"}],"wp:attachment":[{"href":"https:\/\/v2charge.com\/fi\/wp-json\/wp\/v2\/media?parent=311552"}],"curies":[{"name":"wp","href":"https:\/\/api.w.org\/{rel}","templated":true}]}}