{"version":"1.0","provider_name":"V2C","provider_url":"https:\/\/v2charge.com\/fr\/","title":"V2C int\u00e8gre l'Option Tempo d'EDF - V2C","type":"rich","width":600,"height":338,"html":"<blockquote class=\"wp-embedded-content\" data-secret=\"mKOzNge9oa\"><a href=\"https:\/\/v2charge.com\/fr\/integration-option-tempo-edf\/\">V2C int\u00e8gre l&rsquo;Option Tempo d&rsquo;EDF<\/a><\/blockquote><iframe sandbox=\"allow-scripts\" security=\"restricted\" src=\"https:\/\/v2charge.com\/fr\/integration-option-tempo-edf\/embed\/#?secret=mKOzNge9oa\" width=\"600\" height=\"338\" title=\"\u00ab\u00a0V2C int\u00e8gre l&rsquo;Option Tempo d&rsquo;EDF\u00a0\u00bb &#8212; V2C\" data-secret=\"mKOzNge9oa\" frameborder=\"0\" marginwidth=\"0\" marginheight=\"0\" scrolling=\"no\" class=\"wp-embedded-content\"><\/iframe><script>\n\/*! This file is auto-generated *\/\n!function(d,l){\"use strict\";l.querySelector&&d.addEventListener&&\"undefined\"!=typeof URL&&(d.wp=d.wp||{},d.wp.receiveEmbedMessage||(d.wp.receiveEmbedMessage=function(e){var t=e.data;if((t||t.secret||t.message||t.value)&&!\/[^a-zA-Z0-9]\/.test(t.secret)){for(var s,r,n,a=l.querySelectorAll('iframe[data-secret=\"'+t.secret+'\"]'),o=l.querySelectorAll('blockquote[data-secret=\"'+t.secret+'\"]'),c=new RegExp(\"^https?:$\",\"i\"),i=0;i<o.length;i++)o[i].style.display=\"none\";for(i=0;i<a.length;i++)s=a[i],e.source===s.contentWindow&&(s.removeAttribute(\"style\"),\"height\"===t.message?(1e3<(r=parseInt(t.value,10))?r=1e3:~~r<200&&(r=200),s.height=r):\"link\"===t.message&&(r=new URL(s.getAttribute(\"src\")),n=new URL(t.value),c.test(n.protocol))&&n.host===r.host&&l.activeElement===s&&(d.top.location.href=t.value))}},d.addEventListener(\"message\",d.wp.receiveEmbedMessage,!1),l.addEventListener(\"DOMContentLoaded\",function(){for(var e,t,s=l.querySelectorAll(\"iframe.wp-embedded-content\"),r=0;r<s.length;r++)(t=(e=s[r]).getAttribute(\"data-secret\"))||(t=Math.random().toString(36).substring(2,12),e.src+=\"#?secret=\"+t,e.setAttribute(\"data-secret\",t)),e.contentWindow.postMessage({message:\"ready\",secret:t},\"*\")},!1)))}(window,document);\n\/\/# sourceURL=https:\/\/v2charge.com\/wp-includes\/js\/wp-embed.min.js\n<\/script>\n","thumbnail_url":"https:\/\/v2charge.com\/wp-content\/uploads\/2026\/03\/articulo_edf.jpg","thumbnail_width":960,"thumbnail_height":560,"description":"V2C continue d\u2019enrichir son \u00e9cosyst\u00e8me de recharge intelligente avec une nouvelle fonctionnalit\u00e9 attendue par de nombreux utilisateurs : l\u2019int\u00e9gration du tarif Tempo d\u2019EDF dans V2C Cloud. Gr\u00e2ce \u00e0 cette \u00e9volution, les utilisateurs \u00e9quip\u00e9s d\u2019une borne V2C peuvent d\u00e9sormais int\u00e9grer directement ce tarif dynamique dans la gestion de la recharge de leur v\u00e9hicule \u00e9lectrique et optimiser ... Lire la suite"}