{"id":125466,"date":"2023-12-11T14:15:25","date_gmt":"2023-12-11T12:15:25","guid":{"rendered":"https:\/\/v2charge.com\/?page_id=125466"},"modified":"2026-02-20T16:24:52","modified_gmt":"2026-02-20T14:24:52","slug":"dinamico","status":"publish","type":"page","link":"https:\/\/v2charge.com\/it\/supporto\/controllo-potenza\/dinamico\/","title":{"rendered":"Controllo di potenza dinamico di uno o pi\u00f9 e-Charger"},"content":{"rendered":"\n<div class=\"wp-block-uagb-container uagb-block-9d828d1c alignfull uagb-is-root-container\"><div class=\"uagb-container-inner-blocks-wrap\"><div class=\"yoast-breadcrumbs\"><span><span><a href=\"https:\/\/v2charge.com\/it\/\">V2C<\/a><\/span> \u00bb <span><a href=\"https:\/\/v2charge.com\/it\/supporto\/\">Area di supporto<\/a><\/span> \u00bb <span><a href=\"https:\/\/v2charge.com\/it\/supporto\/controllo-potenza\/\">Controllo di potenza<\/a><\/span> \u00bb <span class=\"breadcrumb_last\" aria-current=\"page\">Dinamico<\/span><\/span><\/div>\n\n\n<div class=\"wp-block-uagb-advanced-heading uagb-block-be8360a4\"><h1 class=\"uagb-heading-text\">Controllo di potenza dinamico di uno o pi\u00f9 e-Charger<\/h1><\/div>\n\n\n\n<div class=\"wp-block-uagb-image aligncenter uagb-block-a99a4b63 wp-block-uagb-image--layout-default wp-block-uagb-image--effect-static wp-block-uagb-image--align-center\"><figure class=\"wp-block-uagb-image__figure\"><img decoding=\"async\" srcset=\"https:\/\/v2charge.com\/wp-content\/uploads\/2024\/08\/control-dinamico-instalacion.png ,https:\/\/v2charge.com\/wp-content\/uploads\/2024\/08\/control-dinamico-instalacion.png 780w, https:\/\/v2charge.com\/wp-content\/uploads\/2024\/08\/control-dinamico-instalacion.png 360w\" sizes=\"auto, (max-width: 480px) 150px\" src=\"https:\/\/v2charge.com\/wp-content\/uploads\/2024\/08\/control-dinamico-instalacion.png\" alt=\"\" class=\"uag-image-173009\" width=\"300\" height=\"142\" title=\"control-dinamico-instalacion\" loading=\"lazy\" role=\"img\"\/><\/figure><\/div>\n\n\n\n<p><strong>Il modo pi\u00f9 comune di gestire l&#8217;energia tramite il controllo della potenza implica l&#8217;integrazione di una casa, azienda o impianto con uno o pi\u00f9 e-Charger aggiuntivi.<br><\/strong><br>Il <strong>controllo di potenza<\/strong> <strong>dinamico<\/strong> \u00e8 una funzionalit\u00e0 avanzata di gestione energetica che rileva in tempo reale l&#8217;uso dell&#8217;energia nella tua casa\/azienda per caricare la tua macchina elettrica alla massima potenza, evitando cos\u00ec sovraccarichi. <strong>Tramite dispositivi in grado di misurare i consumi<\/strong>, l\u2019e-Charger pu\u00f2 conoscere in tempo reale la potenza richiesta (o l&#8217;energia generata se disponi di energia fotovoltaica) e sfruttarla al meglio. Ci\u00f2 significa che pu\u00f2 bilanciare la potenza del caricatore con la potenza residua della casa\/azienda o proveniente dall\u2019impianto fotovoltaico, se disponibile.<\/p>\n<\/div><\/div>\n\n\n\n<div class=\"wp-block-uagb-container uagb-block-9b644119 alignfull uagb-is-root-container\"><div class=\"uagb-container-inner-blocks-wrap\">\n<div class=\"wp-block-uagb-advanced-heading uagb-block-bead9183\"><p class=\"uagb-heading-text\">Quale e-Charger utilizzi per effettuare il controllo di potenza dinamica?<\/p><\/div>\n\n\n\n<div class=\"wp-block-uagb-container uag-hide-mob uagb-block-e5a60c2b alignfull uagb-is-root-container\"><div class=\"uagb-container-inner-blocks-wrap\">\n<div class=\"wp-block-uagb-container uagb-block-d79fe4cc\">\n<div class=\"wp-block-uagb-image aligncenter uagb-block-e15e89e5 wp-block-uagb-image--layout-default wp-block-uagb-image--effect-static wp-block-uagb-image--align-center\"><figure class=\"wp-block-uagb-image__figure\"><a class=\"\" href=\"https:\/\/v2charge.com\/it\/supporto\/controllo-potenza\/dinamico\/#trydan\" target=\"\" rel=\"noopener\"><img decoding=\"async\" srcset=\"https:\/\/v2charge.com\/wp-content\/uploads\/2023\/11\/trydan-home-soporte.png ,https:\/\/v2charge.com\/wp-content\/uploads\/2023\/11\/trydan-home-soporte.png 780w, https:\/\/v2charge.com\/wp-content\/uploads\/2023\/11\/trydan-home-soporte.png 360w\" sizes=\"auto, (max-width: 480px) 150px\" src=\"https:\/\/v2charge.com\/wp-content\/uploads\/2023\/11\/trydan-home-soporte.png\" alt=\"\" class=\"uag-image-124086\" width=\"130\" height=\"150\" title=\"\" loading=\"lazy\" role=\"img\"\/><\/a><\/figure><\/div>\n\n\n\n<div class=\"wp-block-uagb-advanced-heading uagb-block-3c368daa\"><p class=\"uagb-heading-text\"><a href=\"https:\/\/v2charge.com\/it\/supporto\/controllo-potenza\/dinamico\/#trydan\">Trydan<\/a><\/p><\/div>\n<\/div>\n\n\n\n<div class=\"wp-block-uagb-container uagb-block-39ec5039\">\n<div class=\"wp-block-uagb-image aligncenter uagb-block-d0c3b9cc wp-block-uagb-image--layout-default wp-block-uagb-image--effect-static wp-block-uagb-image--align-center\"><figure class=\"wp-block-uagb-image__figure\"><a class=\"\" href=\"https:\/\/v2charge.com\/it\/supporto\/controllo-potenza\/dinamico\/#trydan\" target=\"\" rel=\"noopener\"><img decoding=\"async\" srcset=\"https:\/\/v2charge.com\/wp-content\/uploads\/2024\/03\/trydanpro-home-soporte.png ,https:\/\/v2charge.com\/wp-content\/uploads\/2024\/03\/trydanpro-home-soporte.png 780w, https:\/\/v2charge.com\/wp-content\/uploads\/2024\/03\/trydanpro-home-soporte.png 360w\" sizes=\"auto, (max-width: 480px) 150px\" src=\"https:\/\/v2charge.com\/wp-content\/uploads\/2024\/03\/trydanpro-home-soporte.png\" alt=\"\" class=\"uag-image-140648\" width=\"130\" height=\"150\" title=\"\" loading=\"lazy\" role=\"img\"\/><\/a><\/figure><\/div>\n\n\n\n<div class=\"wp-block-uagb-advanced-heading uagb-block-afda75d0\"><p class=\"uagb-heading-text\"><a href=\"https:\/\/v2charge.com\/it\/supporto\/controllo-potenza\/dinamico\/#trydan\">Trydan Pro<\/a><\/p><\/div>\n<\/div>\n\n\n\n<div class=\"wp-block-uagb-container uagb-block-e985cdfd\">\n<div class=\"wp-block-uagb-image aligncenter uagb-block-00ee4d71 wp-block-uagb-image--layout-default wp-block-uagb-image--effect-static wp-block-uagb-image--align-center\"><figure class=\"wp-block-uagb-image__figure\"><a class=\"\" href=\"https:\/\/v2charge.com\/it\/supporto\/controllo-potenza\/dinamico\/#pole\" target=\"\" rel=\"noopener\"><img decoding=\"async\" srcset=\"https:\/\/v2charge.com\/wp-content\/uploads\/2023\/11\/polepro-home-soporte.png ,https:\/\/v2charge.com\/wp-content\/uploads\/2023\/11\/polepro-home-soporte.png 780w, https:\/\/v2charge.com\/wp-content\/uploads\/2023\/11\/polepro-home-soporte.png 360w\" sizes=\"auto, (max-width: 480px) 150px\" src=\"https:\/\/v2charge.com\/wp-content\/uploads\/2023\/11\/polepro-home-soporte.png\" alt=\"\" class=\"uag-image-124095\" width=\"130\" height=\"150\" title=\"\" loading=\"lazy\" role=\"img\"\/><\/a><\/figure><\/div>\n\n\n\n<div class=\"wp-block-uagb-advanced-heading uagb-block-971bd189\"><p class=\"uagb-heading-text\"><a href=\"https:\/\/v2charge.com\/it\/supporto\/controllo-potenza\/dinamico\/#pole\">Pole Pro<\/a><\/p><\/div>\n<\/div>\n<\/div><\/div>\n<\/div><\/div>\n\n\n\n<div class=\"wp-block-uagb-container uagb-block-b6c42dcc alignfull uagb-is-root-container\"><div class=\"uagb-container-inner-blocks-wrap\">\t\t\t\t<div class=\"wp-block-uagb-table-of-contents uagb-toc__align-left uagb-toc__columns-1  uagb-block-1e3c8dd1      \"\n\t\t\t\t\tdata-scroll= \"1\"\n\t\t\t\t\tdata-offset= \"30\"\n\t\t\t\t\tstyle=\"\"\n\t\t\t\t>\n\t\t\t\t<div class=\"uagb-toc__wrap\">\n\t\t\t\t\t\t<div class=\"uagb-toc__title\">\n\t\t\t\t\t\t\tIndice\t\t\t\t\t\t<\/div>\n\t\t\t\t\t\t\t\t\t\t\t\t\t\t\t\t\t\t\t\t\t\t<div class=\"uagb-toc__list-wrap \">\n\t\t\t\t\t\t<ol class=\"uagb-toc__list\"><li class=\"uagb-toc__list\"><a href=\"#controllo-di-potenza-dinamico-con-trydan-o-trydan-pro\" class=\"uagb-toc-link__trigger\">Controllo di potenza dinamico con Trydan o Trydan Pro<\/a><ul class=\"uagb-toc__list\"><li class=\"uagb-toc__list\"><a href=\"#in-quali-modi-\u00e8-possibile-effettuare-il-controllo-dinamico-della-potenza-con-trydan-o-trydan-pro\" class=\"uagb-toc-link__trigger\">In quali modi \u00e8 possibile effettuare il controllo dinamico della potenza con Trydan o Trydan Pro?<\/a><ul class=\"uagb-toc__list\"><li class=\"uagb-toc__list\"><a href=\"#v2c-controlbox-misuratore-v2c-20\" class=\"uagb-toc-link__trigger\">V2C ControlBox (Misuratore V2C 2.0)<\/a><li class=\"uagb-toc__list\"><li class=\"uagb-toc__list\"><a href=\"#misuratori-wifi\" class=\"uagb-toc-link__trigger\">Misuratori WiFi<\/a><li class=\"uagb-toc__list\"><li class=\"uagb-toc__list\"><a href=\"#misuratori-cablati\" class=\"uagb-toc-link__trigger\">Misuratori cablati<\/a><li class=\"uagb-toc__list\"><li class=\"uagb-toc__list\"><a href=\"#connessione-diretta-con-linverter\" class=\"uagb-toc-link__trigger\">Connessione diretta con l&#039;inverter<\/a><li class=\"uagb-toc__list\"><li class=\"uagb-toc__list\"><a href=\"#tramite-il-protocollo-mqtt\" class=\"uagb-toc-link__trigger\">Tramite il protocollo MQTT<\/a><\/li><\/ul><li class=\"uagb-toc__list\"><a href=\"#schemi-di-installazione\" class=\"uagb-toc-link__trigger\">Schemi di installazione<\/a><ul class=\"uagb-toc__list\"><li class=\"uagb-toc__list\"><a href=\"#schemi-di-installazione-monofase\" class=\"uagb-toc-link__trigger\">SCHEMI DI INSTALLAZIONE MONOFASE<\/a><li class=\"uagb-toc__list\"><li class=\"uagb-toc__list\"><a href=\"#schemi-di-installazione-trifase\" class=\"uagb-toc-link__trigger\">SCHEMI DI INSTALLAZIONE TRIFASE<\/a><\/li><\/ul><li class=\"uagb-toc__list\"><a href=\"#passaggi-da-seguire-per-la-configurazione-e-lattivazione\" class=\"uagb-toc-link__trigger\">Passaggi da seguire per la configurazione e l\u2019attivazione<\/a><\/li><\/ul><\/li><li class=\"uagb-toc__list\"><a href=\"#controllo-di-potenza-dinamico-con-pole-pro\" class=\"uagb-toc-link__trigger\">Controllo di potenza dinamico con Pole Pro<\/a><ul class=\"uagb-toc__list\"><li class=\"uagb-toc__list\"><a href=\"#in-quali-modi-\u00e8-possibile-eseguire-il-controllo-di-potenza-dinamico-con-pole-pro\" class=\"uagb-toc-link__trigger\">In quali modi \u00e8 possibile eseguire il controllo di potenza dinamico con Pole Pro?<\/a><ul class=\"uagb-toc__list\"><li class=\"uagb-toc__list\"><a href=\"#pole-pro-meter\" class=\"uagb-toc-link__trigger\">Pole Pro Meter<\/a><\/li><\/ul><\/li><\/ul><\/li><\/ul><\/li><li class=\"uagb-toc__list\"><a href=\"#hai-bisogno-di-supporto-tecnico\" class=\"uagb-toc-link__trigger\">Hai bisogno di supporto tecnico?<\/a><\/ul><\/ul><\/ul><\/ol>\t\t\t\t\t<\/div>\n\t\t\t\t\t\t\t\t\t<\/div>\n\t\t\t\t<\/div>\n\t\t\t<\/div><\/div>\n\n\n\n<div style=\"height:80px\" aria-hidden=\"true\" class=\"wp-block-spacer uag-hide-desktop uag-hide-tab uag-hide-mob\"><\/div>\n\n\n\n<div id=\"trydan\" class=\"wp-block-uagb-container uagb-block-c405e485 alignfull uagb-is-root-container\"><div class=\"uagb-container-inner-blocks-wrap\">\n<div class=\"wp-block-uagb-advanced-heading uagb-block-e4ac033e\"><h2 class=\"uagb-heading-text\"><strong>Controllo di potenza dinamico con Trydan o Trydan Pro<\/strong><\/h2><\/div>\n\n\n\n<div class=\"wp-block-uagb-advanced-heading uagb-block-88a282a4\"><h3 class=\"uagb-heading-text\"><strong>In quali modi \u00e8 possibile effettuare il controllo dinamico della potenza con Trydan o Trydan Pro?<\/strong><\/h3><\/div>\n\n\n\n<div id=\"medidor-v2c\" class=\"wp-block-uagb-container uagb-block-027c5dc8\">\n<div class=\"wp-block-uagb-container uagb-block-3f98157f\">\n<div class=\"wp-block-uagb-advanced-heading uagb-block-a7c6d39b\"><h4 class=\"uagb-heading-text\"><strong>V2C ControlBox <\/strong>(Misuratore V2C 2.0)<\/h4><\/div>\n\n\n\n<p>Il dispositivo <strong>V2C ControlBox<\/strong> \u00e8 <strong>maneggevole<\/strong>, <strong>intuitivo<\/strong> e <strong>facile da installare<\/strong>. \u00c8 incluso all\u2019acquisto di Trydan o Trydan Pro, insieme a una pinza per abbracciare la linea di alimentazione principale della casa (consumo della casa + veicolo elettrico).<br><br>Con un solo dispositivo, offre una <strong>lettura fino a sei canali<\/strong> che permette misurazioni in <strong>impianti normali<\/strong>, sia <strong>monofase<\/strong> che <strong>trifase<\/strong>, anche in presenza di energia fotovoltaica.<\/p>\n\n\n\n<div class=\"wp-block-uagb-container uagb-block-d637fac7\">\n<div class=\"wp-block-uagb-container uagb-block-00dbb60a\">\n<div class=\"wp-block-uagb-image aligncenter uagb-block-c7152f04 wp-block-uagb-image--layout-default wp-block-uagb-image--effect-static wp-block-uagb-image--align-center\"><figure class=\"wp-block-uagb-image__figure\"><img decoding=\"async\" srcset=\"https:\/\/v2charge.com\/wp-content\/uploads\/2023\/11\/icon-important.png ,https:\/\/v2charge.com\/wp-content\/uploads\/2023\/11\/icon-important.png 780w, https:\/\/v2charge.com\/wp-content\/uploads\/2023\/11\/icon-important.png 360w\" sizes=\"auto, (max-width: 480px) 150px\" src=\"https:\/\/v2charge.com\/wp-content\/uploads\/2023\/11\/icon-important.png\" alt=\"\" class=\"uag-image-125013\" width=\"50\" height=\"50\" title=\"\" loading=\"lazy\" role=\"img\"\/><\/figure><\/div>\n<\/div>\n\n\n\n<div class=\"wp-block-uagb-container uagb-block-aee24385\">\n<div class=\"wp-block-uagb-advanced-heading uagb-block-6c9d1f88\"><p class=\"uagb-heading-text\"><strong>NOTA IMPORTANTE:<\/strong> Negli impianti fotovoltaici con <strong>batterie di accumulo<\/strong>, non utilizzare V2C ControlBox. Utilizza invece uno dei contatori WiFi o cablati specificati in questa pagina.<\/p><\/div>\n<\/div>\n<\/div>\n\n\n\n<p class=\"has-text-color\" style=\"color:#747474;font-size:14px\">Esiste una versione precedente, V2C 1.0, attualmente non pi\u00f9 in commercio, ma \u00e8 possibile trovarlo in alcuni impianti.<\/p>\n\n\n\n<div class=\"wp-block-uagb-buttons uagb-buttons__outer-wrap uagb-btn__default-btn uagb-btn-tablet__default-btn uagb-btn-mobile__default-btn uagb-block-62126170\"><div class=\"uagb-buttons__wrap uagb-buttons-layout-wrap \">\n<div class=\"wp-block-uagb-buttons-child uagb-buttons__outer-wrap uagb-block-9e9bf8e0 wp-block-button\"><div class=\"uagb-button__wrapper\"><a class=\"uagb-buttons-repeater wp-block-button__link\" aria-label=\"\" href=\"https:\/\/v2charge.com\/it\/supporto\/controllo-potenza\/dinamico\/meter-cablati\/v2c-controlbox\/\" rel=\"follow noopener\" target=\"_self\" role=\"button\"><div class=\"uagb-button__link\">Come installare il misuratore V2C ControlBox?<\/div><\/a><\/div><\/div>\n<\/div><\/div>\n<\/div>\n\n\n\n<div class=\"wp-block-uagb-container uagb-block-b6d0c535\">\n<div class=\"wp-block-uagb-image alignright uagb-block-9c9664b9 wp-block-uagb-image--layout-default wp-block-uagb-image--effect-static wp-block-uagb-image--align-right is-style-default\"><figure class=\"wp-block-uagb-image__figure\"><img decoding=\"async\"  sizes=\"auto, (max-width: 480px) 150px\" src=\"https:\/\/v2charge.com\/wp-content\/uploads\/2023\/11\/meter-v2c-dynamic-control.jpg\" alt=\"\" width=\"800\" height=\"800\" title=\"\" loading=\"lazy\" role=\"img\"\/><\/figure><\/div>\n<\/div>\n<\/div>\n\n\n\n<div class=\"wp-block-uagb-separator uagb-block-ffa46680\"><div class=\"wp-block-uagb-separator__inner\" style=\"--my-background-image:\"><\/div><\/div>\n\n\n\n<div id=\"medidor-wifi\" class=\"wp-block-uagb-container uagb-block-7f502823\">\n<div class=\"wp-block-uagb-container uagb-block-bf2d8c1f\">\n<div class=\"wp-block-uagb-advanced-heading uagb-block-ac0b459d\"><h4 class=\"uagb-heading-text\"><strong><strong><strong><strong>Misuratori WiFi<\/strong><\/strong><\/strong><\/strong><\/h4><\/div>\n\n\n\n<p>Si tratta di un&#8217;<strong>alternativa<\/strong> quando non \u00e8 possibile passare il cavo Ethernet dall&#8217;e-Charger al V2C ControlBox. \u00c8 necessario che il <strong>misuratore WiFi<\/strong> e il <strong>caricatore<\/strong> siano connessi alla stessa <strong>rete WiFi<\/strong>. Puoi scegliere tra Shelly o Wibeee, due dei misuratori WiFi pi\u00f9 conosciuti.<\/p>\n\n\n\n<div class=\"wp-block-uagb-buttons uagb-buttons__outer-wrap uagb-btn__default-btn uagb-btn-tablet__default-btn uagb-btn-mobile__default-btn uagb-block-9891abfc\"><div class=\"uagb-buttons__wrap uagb-buttons-layout-wrap \">\n<div class=\"wp-block-uagb-buttons-child uagb-buttons__outer-wrap uagb-block-c726a6f5 wp-block-button\"><div class=\"uagb-button__wrapper\"><a class=\"uagb-buttons-repeater wp-block-button__link\" aria-label=\"\" href=\"https:\/\/v2charge.com\/it\/supporto\/controllo-potenza\/dinamico\/contatore-shelly\/\" rel=\"follow noopener\" target=\"_self\" role=\"button\"><div class=\"uagb-button__link\">Come installare il misuratore Shelly?<\/div><\/a><\/div><\/div>\n\n\n\n<div class=\"wp-block-uagb-buttons-child uagb-buttons__outer-wrap uagb-block-a23b6232 wp-block-button\"><div class=\"uagb-button__wrapper\"><a class=\"uagb-buttons-repeater wp-block-button__link\" aria-label=\"\" href=\"https:\/\/v2charge.com\/it\/supporto\/controllo-potenza\/dinamico\/contatore-wibeee\/\" rel=\"follow noopener\" target=\"_self\" role=\"button\"><div class=\"uagb-button__link\">Come installare il misuratore Wibeee?<\/div><\/a><\/div><\/div>\n<\/div><\/div>\n\n\n\n<p>Se disponi di <strong><a href=\"https:\/\/v2charge.com\/it\/supporto\/controllo-potenza\/dinamico\/fotovoltaica\/\">energia fotovoltaica<\/a><\/strong> e il tuo inverter \u00e8 collegato a un quadro secondario (o il caricatore \u00e8 collegato direttamente al contatore) e non \u00e8 possibile misurare la sua produzione, questo \u00e8 il misuratore adatto. \u00c8 <strong>in<\/strong> <strong>grado di rilevare il senso della corrente<\/strong> e, pertanto, \u00e8 possibile utilizzare tutte le modalit\u00e0 di carica offerte da Trydan grazie alla <strong>bidirezionalit\u00e0 della sua lettura.<\/strong><\/p>\n<\/div>\n\n\n\n<div class=\"wp-block-uagb-container uagb-block-e762b502\">\n<div class=\"wp-block-uagb-image aligncenter uagb-block-3fa209fc wp-block-uagb-image--layout-default wp-block-uagb-image--effect-static wp-block-uagb-image--align-center\"><figure class=\"wp-block-uagb-image__figure\"><img decoding=\"async\"  sizes=\"auto, (max-width: 480px) 150px\" src=\"https:\/\/v2charge.com\/wp-content\/uploads\/2023\/11\/shelly-meter-wifi.jpg\" alt=\"\" width=\"800\" height=\"800\" title=\"\" loading=\"lazy\" role=\"img\"\/><\/figure><\/div>\n<\/div>\n<\/div>\n\n\n\n<div class=\"wp-block-uagb-separator uagb-block-311410ed\"><div class=\"wp-block-uagb-separator__inner\" style=\"--my-background-image:\"><\/div><\/div>\n\n\n\n<div id=\"medidor-cableado\" class=\"wp-block-uagb-container uagb-block-fecc62b2\">\n<div class=\"wp-block-uagb-container uagb-block-cc37db32\">\n<div class=\"wp-block-uagb-advanced-heading uagb-block-047bb134\"><h4 class=\"uagb-heading-text\"><strong><strong><strong><strong><strong>Misuratori cablati<\/strong><\/strong><\/strong><\/strong><\/strong><\/h4><\/div>\n\n\n\n<p>Un&#8217;altra possibilit\u00e0 sono i <strong>misuratori cablati<\/strong>. Tra questi, si trovano <strong>Carlo Gavazzi, Chint, Eastron<\/strong> o <strong>Phoenix Contact<\/strong>.<br><br>Puoi utilizzarli quando disponi di <a href=\"https:\/\/v2charge.com\/it\/supporto\/controllo-potenza\/dinamico\/fotovoltaica\/\"><strong>energia fotovoltaica<\/strong><\/a> ma non puoi eseguire l&#8217;installazione con il V2C ControlBox (poich\u00e9 l&#8217;inverter \u00e8 collegato a un quadro diverso dal caricatore) e non \u00e8 possibile la connessione WiFi (nel caso di una rete WiFi adeguata, \u00e8 preferibile utilizzare un misuratore WiFi).<br>Questi misuratori non permettono di visualizzare la generazione solare su V2C Cloud, tuttavia, tutte le <strong>modalit\u00e0 di funzionamento con energia solare vengono utilizzate correttamente.<\/strong><\/p>\n<\/div>\n\n\n\n<div class=\"wp-block-uagb-container uagb-block-fd1ce965\">\n<div class=\"wp-block-uagb-buttons uagb-buttons__outer-wrap uagb-btn__default-btn uagb-btn-tablet__default-btn uagb-btn-mobile__default-btn uagb-block-4c222007\"><div class=\"uagb-buttons__wrap uagb-buttons-layout-wrap \">\n<div class=\"wp-block-uagb-buttons-child uagb-buttons__outer-wrap uagb-block-1f52fc33 wp-block-button\"><div class=\"uagb-button__wrapper\"><a class=\"uagb-buttons-repeater wp-block-button__link\" aria-label=\"\" href=\"https:\/\/v2charge.com\/it\/supporto\/controllo-potenza\/dinamico\/meter-cablati\/\" rel=\"follow noopener\" target=\"_self\" role=\"button\"><div class=\"uagb-button__link\">Come installare i misuratori cablati?<\/div><\/a><\/div><\/div>\n<\/div><\/div>\n<\/div>\n<\/div>\n<\/div><\/div>\n\n\n\n<div class=\"wp-block-uagb-container uagb-block-00b105a3 alignfull uagb-is-root-container\"><div class=\"uagb-container-inner-blocks-wrap\">\n<div class=\"wp-block-uagb-container uagb-block-49905745 default uagb-is-root-container\">\n<div class=\"wp-block-uagb-container uagb-block-a4b66079\">\n<div class=\"wp-block-uagb-container uagb-block-a8912d3a\">\n<div class=\"wp-block-uagb-advanced-heading uagb-block-2242f413\"><h4 class=\"uagb-heading-text\"><strong><strong><strong>Connessione diretta con l&#8217;inverter<\/strong><\/strong><\/strong><\/h4><\/div>\n\n\n\n<p class=\"has-base-3-color has-text-color\">I nostri e-Charger Trydan e Trydan Pro, pionieri nel settore, sono i primi caricatori con connessione diretta all&#8217;inverter solare, migliorando l&#8217;efficienza del sistema e facilitando l&#8217;installazione e la manutenzione.<\/p>\n\n\n\n<p class=\"has-base-3-color has-text-color\">\u00c8 possibile stabilire questo tipo di <strong>connessione tramite WiFi, Ethernet o tramite connessione RS485<\/strong> con inverter come Huawei, Kostal (Piko, KSEM, Plenticore), Goodwe, Solis, Greenheiss, SAJ, Fronius, Victron, SolarEdge, Ingeteam, ecc. Scopri come collegare il tuo modello di e-Charger con l\u2019energia fotovoltaica.<\/p>\n\n\n\n<p class=\"has-base-3-color has-text-color\" style=\"font-size:14px\">La connessione diretta <strong>\u00e8 indispensabile quando l&#8217;inverter \u00e8 compatibile con Trydan<\/strong> per ottenere le letture corrette della batteria.<\/p>\n<\/div>\n<\/div>\n\n\n\n<div class=\"wp-block-uagb-container uagb-block-bff05b35\">\n<div class=\"wp-block-uagb-container uagb-block-873318c5\">\n<div class=\"wp-block-uagb-image aligncenter uagb-block-a83885ee wp-block-uagb-image--layout-default wp-block-uagb-image--effect-static wp-block-uagb-image--align-center\"><figure class=\"wp-block-uagb-image__figure\"><img decoding=\"async\"  sizes=\"auto, (max-width: 480px) 150px\" src=\"https:\/\/v2charge.com\/wp-content\/uploads\/2024\/08\/sun-white.png\" alt=\"\" width=\"70\" height=\"70\" title=\"\" loading=\"lazy\" role=\"img\"\/><\/figure><\/div>\n<\/div>\n\n\n\n<div class=\"wp-block-uagb-buttons uagb-buttons__outer-wrap uagb-btn__default-btn uagb-btn-tablet__default-btn uagb-btn-mobile__default-btn uagb-block-48dac20d\"><div class=\"uagb-buttons__wrap uagb-buttons-layout-wrap \">\n<div class=\"wp-block-uagb-buttons-child uagb-buttons__outer-wrap uagb-block-9bc73628 wp-block-button\"><div class=\"uagb-button__wrapper\"><a class=\"uagb-buttons-repeater wp-block-button__link\" aria-label=\"\" href=\"https:\/\/docs.google.com\/spreadsheets\/u\/2\/d\/e\/2PACX-1vRQhkUJ9xtuh6NpmFMmu5lc8WvXcZNdArvjyiktAr1JTnZIWsxxPTpYBczdAml2ojB2Kxv-Dc0LaNTp\/pubhtml?gid=817354572&amp;single=true\" rel=\"follow noopener\" target=\"_self\" role=\"button\"><div class=\"uagb-button__link\">Elenco degli inverter<\/div><\/a><\/div><\/div>\n\n\n\n<div class=\"wp-block-uagb-buttons-child uagb-buttons__outer-wrap uagb-block-f8e77f60 wp-block-button\"><div class=\"uagb-button__wrapper\"><a class=\"uagb-buttons-repeater wp-block-button__link\" aria-label=\"\" href=\"https:\/\/v2charge.com\/it\/supporto\/controllo-potenza\/dinamico\/fotovoltaica\/\" rel=\"follow noopener\" target=\"_self\" role=\"button\"><div class=\"uagb-button__link\">Integrazione fotovoltaica<\/div><\/a><\/div><\/div>\n<\/div><\/div>\n<\/div>\n<\/div>\n<\/div><\/div>\n\n\n\n<div class=\"wp-block-uagb-container uagb-block-f983a53f alignfull uagb-is-root-container\"><div class=\"uagb-container-inner-blocks-wrap\">\n<div class=\"wp-block-uagb-container uagb-block-25703163\">\n<div class=\"wp-block-uagb-advanced-heading uagb-block-105b90d9\"><h4 class=\"uagb-heading-text\"><strong>Tramite il protocollo MQTT<\/strong><\/h4><\/div>\n\n\n\n<p>Inoltre, \u00e8 possibile eseguire le misurazioni utilizzando il <strong>protocollo MQTT<\/strong>, che facilita la comunicazione efficiente tra l\u2019e-Charger e gli altri dispositivi, permettendo un controllo preciso e rapido del processo di carica del veicolo elettrico.<\/p>\n<\/div>\n\n\n\n<div class=\"wp-block-uagb-container uagb-block-f00615b8\">\n<div class=\"wp-block-uagb-buttons uagb-buttons__outer-wrap uagb-btn__medium-btn uagb-btn-tablet__default-btn uagb-btn-mobile__default-btn uagb-block-6dd6c730\"><div class=\"uagb-buttons__wrap uagb-buttons-layout-wrap \">\n<div class=\"wp-block-uagb-buttons-child uagb-buttons__outer-wrap uagb-block-390e0ecf wp-block-button\"><div class=\"uagb-button__wrapper\"><a class=\"uagb-buttons-repeater wp-block-button__link\" aria-label=\"\" href=\"https:\/\/v2charge.com\/it\/supporto\/controllo-potenza\/dinamico\/protocollo-mqtt\/\" rel=\"follow noopener\" target=\"_self\" role=\"button\"><div class=\"uagb-button__link\">Come configurare MQTT<\/div><\/a><\/div><\/div>\n<\/div><\/div>\n<\/div>\n<\/div><\/div>\n\n\n\n<div class=\"wp-block-uagb-container uagb-block-80e28f4d alignfull uagb-is-root-container\"><div class=\"uagb-container-inner-blocks-wrap\">\n<div class=\"wp-block-uagb-separator uagb-block-d3dac0b2\"><div class=\"wp-block-uagb-separator__inner\" style=\"--my-background-image:\"><\/div><\/div>\n\n\n\n<div class=\"wp-block-uagb-container uagb-block-c0a843c9 default uagb-is-root-container\">\n<div class=\"wp-block-uagb-container uagb-block-1e52b7b0\">      \n\t\t\t<div class=\"uagb-icon-wrapper uagb-block-122744a5      \"\n\t\t\tstyle=\"\" >\n\t\t\t\t\t\t\t\t\t<span class=\"uagb-svg-wrapper\" \n\t\t\t\t\t aria-label=\"triangle-exclamation\"\t\t\t\t\ttabindex=\"0\">\t\t\n\t\t\t\t\t\t\t\t\t\t<svg xmlns=\"https:\/\/www.w3.org\/2000\/svg\" viewBox= \"0 0 512 512\" role=\"graphics-symbol\" aria-hidden=\"false\" aria-label=\"\"><path d=\"M506.3 417l-213.3-364c-16.33-28-57.54-28-73.98 0l-213.2 364C-10.59 444.9 9.849 480 42.74 480h426.6C502.1 480 522.6 445 506.3 417zM232 168c0-13.25 10.75-24 24-24S280 154.8 280 168v128c0 13.25-10.75 24-23.1 24S232 309.3 232 296V168zM256 416c-17.36 0-31.44-14.08-31.44-31.44c0-17.36 14.07-31.44 31.44-31.44s31.44 14.08 31.44 31.44C287.4 401.9 273.4 416 256 416z\"><\/path><\/svg>\n\t\t\t\t\t\t\t\t\t<\/span>\n\t\t\t\t\t\t\t<\/div>\n\t\t\t<\/div>\n\n\n\n<div class=\"wp-block-uagb-container uagb-block-67f73330\">\n<div class=\"wp-block-uagb-advanced-heading uagb-block-72be55f2\"><p class=\"uagb-heading-text\">L&#8217;installazione deve essere effettuata da personale tecnico competente e qualificato, totalmente responsabile del rispetto delle disposizioni e norme di installazione vigenti.<\/p><\/div>\n<\/div>\n\n\n\n<div class=\"wp-block-uagb-container uag-hide-mob uagb-block-8b81330d\">      \n\t\t\t<div class=\"uagb-icon-wrapper uagb-block-7d1588f4     uag-hide-mob \"\n\t\t\tstyle=\"\" >\n\t\t\t\t\t\t\t\t\t<span class=\"uagb-svg-wrapper\" \n\t\t\t\t\t aria-label=\"triangle-exclamation\"\t\t\t\t\ttabindex=\"0\">\t\t\n\t\t\t\t\t\t\t\t\t\t<svg xmlns=\"https:\/\/www.w3.org\/2000\/svg\" viewBox= \"0 0 512 512\" role=\"graphics-symbol\" aria-hidden=\"false\" aria-label=\"\"><path d=\"M506.3 417l-213.3-364c-16.33-28-57.54-28-73.98 0l-213.2 364C-10.59 444.9 9.849 480 42.74 480h426.6C502.1 480 522.6 445 506.3 417zM232 168c0-13.25 10.75-24 24-24S280 154.8 280 168v128c0 13.25-10.75 24-23.1 24S232 309.3 232 296V168zM256 416c-17.36 0-31.44-14.08-31.44-31.44c0-17.36 14.07-31.44 31.44-31.44s31.44 14.08 31.44 31.44C287.4 401.9 273.4 416 256 416z\"><\/path><\/svg>\n\t\t\t\t\t\t\t\t\t<\/span>\n\t\t\t\t\t\t\t<\/div>\n\t\t\t<\/div>\n<\/div>\n\n\n\n<div class=\"wp-block-uagb-container uagb-block-6edcdc24 default uagb-is-root-container\">\n<div class=\"wp-block-uagb-image aligncenter uagb-block-77419cdd wp-block-uagb-image--layout-default wp-block-uagb-image--effect-static wp-block-uagb-image--align-center\"><figure class=\"wp-block-uagb-image__figure\"><img decoding=\"async\" srcset=\"https:\/\/v2charge.com\/wp-content\/uploads\/2023\/11\/icono-formacion.png ,https:\/\/v2charge.com\/wp-content\/uploads\/2023\/11\/icono-formacion.png 780w, https:\/\/v2charge.com\/wp-content\/uploads\/2023\/11\/icono-formacion.png 360w\" sizes=\"auto, (max-width: 480px) 150px\" src=\"https:\/\/v2charge.com\/wp-content\/uploads\/2023\/11\/icono-formacion.png\" alt=\"\" class=\"uag-image-123932\" width=\"90\" height=\"70\" title=\"\" loading=\"lazy\" role=\"img\"\/><\/figure><\/div>\n\n\n\n<div class=\"wp-block-uagb-advanced-heading uagb-block-2b30b423\"><p class=\"uagb-heading-text\">CORSO ONLINE TRYDAN<\/p><\/div>\n\n\n\n<div class=\"wp-block-uagb-advanced-heading uagb-block-84b1dce3\"><p class=\"uagb-heading-text\">Scopri la <strong>formazione online gratuita<\/strong> che ti permetter\u00e0 di conoscere a fondo il caricatore pi\u00f9 richiesto sul mercato.<\/p><\/div>\n\n\n\n<div class=\"wp-block-uagb-buttons uagb-buttons__outer-wrap uagb-btn__default-btn uagb-btn-tablet__default-btn uagb-btn-mobile__default-btn uagb-block-02ff8090\"><div class=\"uagb-buttons__wrap uagb-buttons-layout-wrap \">\n<div class=\"wp-block-uagb-buttons-child uagb-buttons__outer-wrap uagb-block-da07cfb8 wp-block-button\"><div class=\"uagb-button__wrapper\"><a class=\"uagb-buttons-repeater wp-block-button__link\" aria-label=\"\" href=\"https:\/\/v2charge.com\/it\/courses\/corso-di-installazione-trydan\/\" rel=\"follow noopener\" target=\"_self\" role=\"button\"><div class=\"uagb-button__link\">Accedi al corso<\/div><\/a><\/div><\/div>\n<\/div><\/div>\n<\/div>\n<\/div><\/div>\n\n\n\n<div id=\"schemi-installazione\" class=\"wp-block-uagb-container uagb-block-51863c84 alignfull uagb-is-root-container\"><div class=\"uagb-container-inner-blocks-wrap\">\n<div style=\"height:40px\" aria-hidden=\"true\" class=\"wp-block-spacer uag-hide-desktop uag-hide-tab uag-hide-mob\"><\/div>\n\n\n\n<div class=\"wp-block-uagb-advanced-heading uagb-block-5072f6d2\"><h3 class=\"uagb-heading-text\">Schemi di installazione<\/h3><\/div>\n\n\n\n<p style=\"font-size:16px\"><strong>Di seguito sono riportati gli schemi validi per identificare il corretto posizionamento dei vari elementi che compongono l\u2019installazione del controllo di potenza dinamico.<\/strong><\/p>\n\n\n\n<div class=\"wp-block-uagb-advanced-heading uagb-block-e9040dd0\" id=\"esquema-instalacion\"><h4 class=\"uagb-heading-text\">SCHEMI DI INSTALLAZIONE MONOFASE<\/h4><\/div>\n\n\n\n<div class=\"wp-block-accordion-toggle-accordion-toggle  root-eb-accordion-lqigii3\"><div class=\"eb-parent-wrapper eb-parent-eb-accordion-lqigii3 \"><div class=\"eb-accordion-container eb-accordion-lqigii3\" data-accordion-type=\"toggle\" data-tab-icon=\"fas fa-plus-circle\" data-expanded-icon=\"fas fa-minus-circle\" data-transition-duration=\"500\"><div class=\"eb-accordion-inner\">\n<div class=\"wp-block-accordion-toggle-accordion-item eb-accordion-item-nbe0gwd eb-accordion-wrapper\" data-clickable=\"true\"><div class=\"eb-accordion-title-wrapper eb-accordion-title-wrapper-eb-accordion-lqigii3\" tabindex=\"0\"><span class=\"eb-accordion-icon-wrapper eb-accordion-icon-wrapper-eb-accordion-lqigii3\"><span class=\"fas fa-plus-circle eb-accordion-icon\"><\/span><\/span><div class=\"eb-accordion-title-content-wrap title-content-eb-accordion-lqigii3\"><h5 class=\"eb-accordion-title\"> <strong>V2C ControlBox <\/strong>(Misuratore V2C 2.0)<\/h5><\/div><\/div><div class=\"eb-accordion-content-wrapper eb-accordion-content-wrapper-eb-accordion-lqigii3\"><div class=\"eb-accordion-content\">\n<div class=\"wp-block-uagb-advanced-heading uagb-block-4fc31f20\"><h6 class=\"uagb-heading-text\"><strong>Schema installazione Monofase + V2C ControlBox<\/strong><\/h6><\/div>\n\n\n\n<div class=\"wp-block-uagb-container uagb-block-9ecdb26c\">\n<div class=\"wp-block-uagb-container uagb-block-209da7ed\">\n<div class=\"wp-block-uagb-icon-list uagb-block-fc18af2a\"><div class=\"uagb-icon-list__wrap\">\n<div class=\"wp-block-uagb-icon-list-child uagb-block-5c1e627a\"><span class=\"uagb-icon-list__source-wrap\"><img decoding=\"async\" class=\"uagb-icon-list__source-image\" src=\"https:\/\/v2charge.com\/wp-content\/uploads\/2023\/10\/uno.png\" width=\"20\" height=\"20\" loading=\"lazy\" alt=\"\"\/><\/span><span class=\"uagb-icon-list__label\">Contatore<\/span><\/div>\n\n\n\n<div class=\"wp-block-uagb-icon-list-child uagb-block-7c3f6ff6\"><span class=\"uagb-icon-list__source-wrap\"><img decoding=\"async\" class=\"uagb-icon-list__source-image\" src=\"https:\/\/v2charge.com\/wp-content\/uploads\/2023\/10\/dos.png\" width=\"20\" height=\"20\" loading=\"lazy\" alt=\"\"\/><\/span><span class=\"uagb-icon-list__label\">Quadro Principale delle protezioni<\/span><\/div>\n\n\n\n<div class=\"wp-block-uagb-icon-list-child uagb-block-362b550a\"><span class=\"uagb-icon-list__source-wrap\"><img decoding=\"async\" class=\"uagb-icon-list__source-image\" src=\"https:\/\/v2charge.com\/wp-content\/uploads\/2023\/10\/tres.png\" width=\"20\" height=\"20\" loading=\"lazy\" alt=\"\"\/><\/span><span class=\"uagb-icon-list__label\">Connettore RJ-45<\/span><\/div>\n\n\n\n<div class=\"wp-block-uagb-icon-list-child uagb-block-8fcf60dc\"><span class=\"uagb-icon-list__source-wrap\"><img decoding=\"async\" class=\"uagb-icon-list__source-image\" src=\"https:\/\/v2charge.com\/wp-content\/uploads\/2023\/10\/cuatro.png\" width=\"20\" height=\"20\" loading=\"lazy\" alt=\"\"\/><\/span><span class=\"uagb-icon-list__label\">Pinza amperometrica V2C<\/span><\/div>\n<\/div><\/div>\n<\/div>\n\n\n\n<div class=\"wp-block-uagb-container uagb-block-f6809ce7\">\n<div class=\"wp-block-uagb-image alignright uagb-block-cd117977 wp-block-uagb-image--layout-default wp-block-uagb-image--effect-static wp-block-uagb-image--align-right\"><figure class=\"wp-block-uagb-image__figure\"><img decoding=\"async\" srcset=\"https:\/\/v2charge.com\/wp-content\/uploads\/2024\/08\/instalacion-monofasica-controlbox.png ,https:\/\/v2charge.com\/wp-content\/uploads\/2024\/08\/instalacion-monofasica-controlbox.png 780w, https:\/\/v2charge.com\/wp-content\/uploads\/2024\/08\/instalacion-monofasica-controlbox.png 360w\" sizes=\"auto, (max-width: 480px) 150px\" src=\"https:\/\/v2charge.com\/wp-content\/uploads\/2024\/08\/instalacion-monofasica-controlbox.png\" alt=\"\" class=\"uag-image-174962\" width=\"1024\" height=\"724\" title=\"instalacion-monofasica-controlbox\" loading=\"lazy\" role=\"img\"\/><\/figure><\/div>\n<\/div>\n<\/div>\n\n\n\n<div class=\"wp-block-uagb-advanced-heading uagb-block-d88f4af1\"><p class=\"uagb-heading-text\">Questo schema rappresenta una delle situazioni pi\u00f9 comuni che un installatore pu\u00f2 incontrare. In questo caso, la pinza amperometrica collegata nel jack 1 del misuratore deve abbracciare il cavo della linea generale (a monte, ovvero prima di arrivare e sopra il quadro generale, includendo sia la linea generale sia il caricatore).<\/p><\/div>\n\n\n\n<div class=\"wp-block-uagb-buttons uagb-buttons__outer-wrap uagb-btn__default-btn uagb-btn-tablet__default-btn uagb-btn-mobile__default-btn uagb-block-984ac729\"><div class=\"uagb-buttons__wrap uagb-buttons-layout-wrap \">\n<div class=\"wp-block-uagb-buttons-child uagb-buttons__outer-wrap uagb-block-98a63b8e wp-block-button\"><div class=\"uagb-button__wrapper\"><a class=\"uagb-buttons-repeater wp-block-button__link\" aria-label=\"\" href=\"https:\/\/v2charge.com\/it\/supporto\/controllo-potenza\/dinamico\/meter-cablati\/v2c-controlbox\/\" rel=\"follow noopener\" target=\"_self\" role=\"button\"><div class=\"uagb-button__link\">Come installare V2C ControlBox?<\/div><\/a><\/div><\/div>\n<\/div><\/div>\n<\/div><\/div><\/div>\n<\/div><\/div><\/div><\/div>\n\n\n\n<div class=\"wp-block-accordion-toggle-accordion-toggle  root-eb-accordion-zekh5bu\"><div class=\"eb-parent-wrapper eb-parent-eb-accordion-zekh5bu \"><div class=\"eb-accordion-container eb-accordion-zekh5bu\" data-accordion-type=\"toggle\" data-tab-icon=\"fas fa-plus-circle\" data-expanded-icon=\"fas fa-minus-circle\" data-transition-duration=\"500\"><div class=\"eb-accordion-inner\">\n<div class=\"wp-block-accordion-toggle-accordion-item eb-accordion-item-8u8ysm5 eb-accordion-wrapper\" data-clickable=\"false\"><div class=\"eb-accordion-title-wrapper eb-accordion-title-wrapper-eb-accordion-zekh5bu\" tabindex=\"0\"><span class=\"eb-accordion-icon-wrapper eb-accordion-icon-wrapper-eb-accordion-zekh5bu\"><span class=\"fas fa-plus-circle eb-accordion-icon\"><\/span><\/span><div class=\"eb-accordion-title-content-wrap title-content-eb-accordion-zekh5bu\"><h5 class=\"eb-accordion-title\"> <strong>Misuratori WiFi<\/strong><\/h5><\/div><\/div><div class=\"eb-accordion-content-wrapper eb-accordion-content-wrapper-eb-accordion-zekh5bu\"><div class=\"eb-accordion-content\">\n<div class=\"wp-block-uagb-advanced-heading uagb-block-47ed3fc1\"><h6 class=\"uagb-heading-text\"><strong><strong>Schema installazione Monofase + Misuratore Shelly (Es.)<\/strong><\/strong><\/h6><\/div>\n\n\n\n<div class=\"wp-block-uagb-container uagb-block-fe1511fe\">\n<div class=\"wp-block-uagb-container uagb-block-91c5065a\">\n<div class=\"wp-block-uagb-icon-list uagb-block-6393ab70\"><div class=\"uagb-icon-list__wrap\">\n<div class=\"wp-block-uagb-icon-list-child uagb-block-f50d6232\"><span class=\"uagb-icon-list__source-wrap\"><img decoding=\"async\" class=\"uagb-icon-list__source-image\" src=\"https:\/\/v2charge.com\/wp-content\/uploads\/2023\/10\/uno.png\" width=\"20\" height=\"20\" loading=\"lazy\" alt=\"\"\/><\/span><span class=\"uagb-icon-list__label\">Contatore<\/span><\/div>\n\n\n\n<div class=\"wp-block-uagb-icon-list-child uagb-block-b1e8e3e8\"><span class=\"uagb-icon-list__source-wrap\"><img decoding=\"async\" class=\"uagb-icon-list__source-image\" src=\"https:\/\/v2charge.com\/wp-content\/uploads\/2023\/10\/dos.png\" width=\"20\" height=\"20\" loading=\"lazy\" alt=\"\"\/><\/span><span class=\"uagb-icon-list__label\">Quadro Principale delle protezioni<\/span><\/div>\n\n\n\n<div class=\"wp-block-uagb-icon-list-child uagb-block-93e8d127\"><span class=\"uagb-icon-list__source-wrap\"><img decoding=\"async\" class=\"uagb-icon-list__source-image\" src=\"https:\/\/v2charge.com\/wp-content\/uploads\/2023\/10\/tres.png\" width=\"20\" height=\"20\" loading=\"lazy\" alt=\"\"\/><\/span><span class=\"uagb-icon-list__label\">Comunicazione WiFi<\/span><\/div>\n\n\n\n<div class=\"wp-block-uagb-icon-list-child uagb-block-05aef490\"><span class=\"uagb-icon-list__source-wrap\"><img decoding=\"async\" class=\"uagb-icon-list__source-image\" src=\"https:\/\/v2charge.com\/wp-content\/uploads\/2023\/10\/cuatro.png\" width=\"20\" height=\"20\" loading=\"lazy\" alt=\"\"\/><\/span><span class=\"uagb-icon-list__label\">Pinza amperometrica V2C<\/span><\/div>\n<\/div><\/div>\n<\/div>\n\n\n\n<div class=\"wp-block-uagb-container uagb-block-6a04c793\">\n<div class=\"wp-block-uagb-image alignright uagb-block-7877ae24 wp-block-uagb-image--layout-default wp-block-uagb-image--effect-static wp-block-uagb-image--align-right\"><figure class=\"wp-block-uagb-image__figure\"><img decoding=\"async\" srcset=\"https:\/\/v2charge.com\/wp-content\/uploads\/2024\/08\/instalacion-monofasica-wifi.png ,https:\/\/v2charge.com\/wp-content\/uploads\/2024\/08\/instalacion-monofasica-wifi.png 780w, https:\/\/v2charge.com\/wp-content\/uploads\/2024\/08\/instalacion-monofasica-wifi.png 360w\" sizes=\"auto, (max-width: 480px) 150px\" src=\"https:\/\/v2charge.com\/wp-content\/uploads\/2024\/08\/instalacion-monofasica-wifi.png\" alt=\"\" class=\"uag-image-174972\" width=\"1024\" height=\"724\" title=\"instalacion-monofasica-wifi\" loading=\"lazy\" role=\"img\"\/><\/figure><\/div>\n<\/div>\n<\/div>\n\n\n\n<div class=\"wp-block-uagb-advanced-heading uagb-block-6ff568c2\"><p class=\"uagb-heading-text\">Questo schema deve essere seguito quando non \u00e8 possibile portare un cavo Ethernet dal misuratore al caricatore, stabilendo quindi la comunicazione tra il dispositivo e l\u2019e-Charger in modalit\u00e0 wireless. \u00c8 importante che il misuratore Shelly e il caricatore siano collegati alla stessa rete WiFi dell\u2019utente (non a quella generata dallo stesso caricatore).<\/p><\/div>\n\n\n\n<div class=\"wp-block-uagb-separator uagb-block-8d24bb8f\"><div class=\"wp-block-uagb-separator__inner\" style=\"--my-background-image:\"><\/div><\/div>\n\n\n\n<div class=\"wp-block-uagb-advanced-heading uagb-block-a3ee78b5\"><h6 class=\"uagb-heading-text\"><strong>Come eseguire l\u2019installazione del misuratore Shelly?<\/strong><\/h6><\/div>\n\n\n\n<p class=\"has-contrast-color has-text-color\" style=\"font-size:16px\">Lo schema del <a href=\"https:\/\/v2charge.com\/it\/supporto\/controllo-potenza\/dinamico\/contatore-shelly\/\"><strong>misuratore Shelly<\/strong><\/a> pu\u00f2 essere utilizzato come <strong>riferimento per tutti i tipi di misuratori WiFi<\/strong>. L\u2019installazione del misuratore Shelly sar\u00e0 <strong>diversa per installazioni monofase e trifase<\/strong> poich\u00e9 il dispositivo \u00e8 differente in ogni caso. Questo tipo di misuratori richiede alimentazione elettrica.<\/p>\n\n\n\n<div style=\"height:20px\" aria-hidden=\"true\" class=\"wp-block-spacer\"><\/div>\n\n\n\n<div class=\"wp-block-uagb-container uagb-block-a062d817 alignwide uagb-is-root-container\">\n<div class=\"wp-block-uagb-container uagb-block-bbf07f8c\">\n<div class=\"wp-block-uagb-advanced-heading uagb-block-fae67667\"><p class=\"uagb-heading-text\"><strong>Legenda<\/strong><br><strong>N<\/strong> Ingresso neutro (110-230V AC)<br><strong>L <\/strong>Ingresso linea (110-230V AC)<br><strong>P1+<\/strong> Connessione positiva della pinza amperometrica 1<br><strong>P1- <\/strong>Connessione negativa della pinza amperometrica 1<br><strong>P2+<\/strong> Connessione positiva della pinza amperometrica 2<br><strong>P2- <\/strong>Connessione negativa della pinza amperometrica 2<\/p><\/div>\n<\/div>\n\n\n\n<div class=\"wp-block-uagb-container uagb-block-26cce3e2\">\n<div class=\"wp-block-uagb-image aligncenter uagb-block-5e783d4b wp-block-uagb-image--layout-default wp-block-uagb-image--effect-static wp-block-uagb-image--align-center\"><figure class=\"wp-block-uagb-image__figure\"><img decoding=\"async\" srcset=\"https:\/\/v2charge.com\/wp-content\/uploads\/2023\/10\/esquema-shelly-monofasico.png ,https:\/\/v2charge.com\/wp-content\/uploads\/2023\/10\/esquema-shelly-monofasico.png 780w, https:\/\/v2charge.com\/wp-content\/uploads\/2023\/10\/esquema-shelly-monofasico-1024x652.png 360w\" sizes=\"auto, (max-width: 480px) 150px\" src=\"https:\/\/v2charge.com\/wp-content\/uploads\/2023\/10\/esquema-shelly-monofasico.png\" alt=\"\" class=\"uag-image-122781\" width=\"1143\" height=\"728\" title=\"\" loading=\"lazy\" role=\"img\"\/><\/figure><\/div>\n<\/div>\n\n\n\n<div class=\"wp-block-uagb-container uagb-block-d7dd82b0\">\n<div class=\"wp-block-uagb-image aligncenter uagb-block-33ddee19 wp-block-uagb-image--layout-default wp-block-uagb-image--effect-static wp-block-uagb-image--align-center\"><figure class=\"wp-block-uagb-image__figure\"><img decoding=\"async\" srcset=\"https:\/\/v2charge.com\/wp-content\/uploads\/2023\/11\/shelly-indicaciones.jpg ,https:\/\/v2charge.com\/wp-content\/uploads\/2023\/11\/shelly-indicaciones.jpg 780w, https:\/\/v2charge.com\/wp-content\/uploads\/2023\/11\/shelly-indicaciones.jpg 360w\" sizes=\"auto, (max-width: 480px) 150px\" src=\"https:\/\/v2charge.com\/wp-content\/uploads\/2023\/11\/shelly-indicaciones.jpg\" alt=\"\" class=\"uag-image-125067\" width=\"800\" height=\"800\" title=\"\" loading=\"lazy\" role=\"img\"\/><\/figure><\/div>\n<\/div>\n<\/div>\n\n\n\n<div class=\"wp-block-uagb-container uag-hide-mob uagb-block-bf626d96\">\n<table>\n   <style> 'border-collapse':collapse\n   <\/style>\n   <tr>\n      <th>Tipo di installazione<\/th>\n      <th>P1+<\/th>\n<th>P1-<\/th>\n<th>P2+<\/th>\n<th>P2-<\/th>\n<th>L<\/th>\n<th>O<\/th>\n<th>N<\/th>\n   <\/tr>\n\n   <tr>\n      <th>Monofase<\/th>\n      <td>X<\/td>\n<td>X<\/td>\n<td><\/td>\n<td><\/td>\n<td>X<\/td>\n<td><\/td>\n<td>X<\/td>\n   <\/tr>\n\n<\/table>\n<\/div>\n\n\n\n<div class=\"wp-block-uagb-container uag-hide-desktop uag-hide-tab uagb-block-a0b5a96b\">\n<table>\n   <tr>\n      <th>Tipo di installazione<\/th>\n      <th>P1+<\/th>\n<th>P1-<\/th>\n<th>P2+<\/th>\n<th>P2-<\/th>\n<th>L<\/th>\n<th>O<\/th>\n<th>N<\/th>\n   <\/tr>\n\n   <tr>\n      <th>Monofase<\/th>\n      <td>X<\/td>\n<td>X<\/td>\n<td><\/td>\n<td><\/td>\n<td>X<\/td>\n<td><\/td>\n<td>X<\/td>\n   <\/tr>\n\n<\/table>\n<\/div>\n<\/div><\/div><\/div>\n<\/div><\/div><\/div><\/div>\n\n\n\n<div class=\"wp-block-accordion-toggle-accordion-toggle  root-eb-accordion-qmrmuw4\"><div class=\"eb-parent-wrapper eb-parent-eb-accordion-qmrmuw4 \"><div class=\"eb-accordion-container eb-accordion-qmrmuw4\" data-accordion-type=\"toggle\" data-tab-icon=\"fas fa-plus-circle\" data-expanded-icon=\"fas fa-minus-circle\" data-transition-duration=\"500\"><div class=\"eb-accordion-inner\">\n<div class=\"wp-block-accordion-toggle-accordion-item eb-accordion-item-9za0o4s eb-accordion-wrapper\" data-clickable=\"false\"><div class=\"eb-accordion-title-wrapper eb-accordion-title-wrapper-eb-accordion-qmrmuw4\" tabindex=\"0\"><span class=\"eb-accordion-icon-wrapper eb-accordion-icon-wrapper-eb-accordion-qmrmuw4\"><span class=\"fas fa-plus-circle eb-accordion-icon\"><\/span><\/span><div class=\"eb-accordion-title-content-wrap title-content-eb-accordion-qmrmuw4\"><h5 class=\"eb-accordion-title\"> <strong>Misuratori cablati<\/strong><\/h5><\/div><\/div><div class=\"eb-accordion-content-wrapper eb-accordion-content-wrapper-eb-accordion-qmrmuw4\"><div class=\"eb-accordion-content\">\n<div class=\"wp-block-uagb-advanced-heading uagb-block-a2d2baf6\"><h6 class=\"uagb-heading-text\"><strong>Schema installazione Monofase + Misuratore cablato (Es.)<\/strong><\/h6><\/div>\n\n\n\n<div class=\"wp-block-uagb-container uagb-block-268f46fc\">\n<div class=\"wp-block-uagb-container uagb-block-8ebfbba9\">\n<div class=\"wp-block-uagb-icon-list uagb-block-b346b725\"><div class=\"uagb-icon-list__wrap\">\n<div class=\"wp-block-uagb-icon-list-child uagb-block-87d9f844\"><span class=\"uagb-icon-list__source-wrap\"><img decoding=\"async\" class=\"uagb-icon-list__source-image\" src=\"https:\/\/v2charge.com\/wp-content\/uploads\/2023\/10\/uno.png\" width=\"20\" height=\"20\" loading=\"lazy\" alt=\"\"\/><\/span><span class=\"uagb-icon-list__label\">Contatore<\/span><\/div>\n\n\n\n<div class=\"wp-block-uagb-icon-list-child uagb-block-d160b819\"><span class=\"uagb-icon-list__source-wrap\"><img decoding=\"async\" class=\"uagb-icon-list__source-image\" src=\"https:\/\/v2charge.com\/wp-content\/uploads\/2023\/10\/dos.png\" width=\"20\" height=\"20\" loading=\"lazy\" alt=\"\"\/><\/span><span class=\"uagb-icon-list__label\">Quadro Principale delle protezioni<\/span><\/div>\n\n\n\n<div class=\"wp-block-uagb-icon-list-child uagb-block-a8ae5195\"><span class=\"uagb-icon-list__source-wrap\"><img decoding=\"async\" class=\"uagb-icon-list__source-image\" src=\"https:\/\/v2charge.com\/wp-content\/uploads\/2023\/10\/tres.png\" width=\"20\" height=\"20\" loading=\"lazy\" alt=\"\"\/><\/span><span class=\"uagb-icon-list__label\">Connettore RJ-45<\/span><\/div>\n\n\n\n<div class=\"wp-block-uagb-icon-list-child uagb-block-f2277504\"><span class=\"uagb-icon-list__source-wrap\"><img decoding=\"async\" class=\"uagb-icon-list__source-image\" src=\"https:\/\/v2charge.com\/wp-content\/uploads\/2023\/10\/cuatro.png\" width=\"20\" height=\"20\" loading=\"lazy\" alt=\"\"\/><\/span><span class=\"uagb-icon-list__label\">Pinza amperometrica V2C<\/span><\/div>\n\n\n\n<div class=\"wp-block-uagb-icon-list-child uagb-block-fd650592\"><span class=\"uagb-icon-list__source-wrap\"><img decoding=\"async\" class=\"uagb-icon-list__source-image\" src=\"https:\/\/v2charge.com\/wp-content\/uploads\/2023\/10\/cinco.png\" width=\"20\" height=\"20\" loading=\"lazy\" alt=\"\"\/><\/span><span class=\"uagb-icon-list__label\">Alimentazione misuratore<\/span><\/div>\n<\/div><\/div>\n<\/div>\n\n\n\n<div class=\"wp-block-uagb-container uagb-block-f82afeba\">\n<div class=\"wp-block-uagb-image alignright uagb-block-8793c362 wp-block-uagb-image--layout-default wp-block-uagb-image--effect-static wp-block-uagb-image--align-right\"><figure class=\"wp-block-uagb-image__figure\"><img decoding=\"async\" srcset=\"https:\/\/v2charge.com\/wp-content\/uploads\/2024\/08\/instalacion-monofasica-cableado.png ,https:\/\/v2charge.com\/wp-content\/uploads\/2024\/08\/instalacion-monofasica-cableado.png 780w, https:\/\/v2charge.com\/wp-content\/uploads\/2024\/08\/instalacion-monofasica-cableado.png 360w\" sizes=\"auto, (max-width: 480px) 150px\" src=\"https:\/\/v2charge.com\/wp-content\/uploads\/2024\/08\/instalacion-monofasica-cableado.png\" alt=\"\" class=\"uag-image-174952\" width=\"1024\" height=\"724\" title=\"instalacion-monofasica-cableado\" loading=\"lazy\" role=\"img\"\/><\/figure><\/div>\n<\/div>\n<\/div>\n\n\n\n<div class=\"wp-block-uagb-advanced-heading uagb-block-c65e7f3c\"><p class=\"uagb-heading-text\">Questo misuratore si utilizza quando non \u00e8 possibile effettuare l\u2019installazione con il V2C ControlBox e non \u00e8 possibile avere una rete WiFi.<\/p><\/div>\n\n\n\n<div class=\"wp-block-uagb-separator uagb-block-aa187131\"><div class=\"wp-block-uagb-separator__inner\" style=\"--my-background-image:\"><\/div><\/div>\n\n\n\n<div class=\"wp-block-uagb-container uagb-block-74dbcadd\">\n<div class=\"wp-block-uagb-advanced-heading uagb-block-909e5af7\" id=\"cableados-monofasicos\"><h6 class=\"uagb-heading-text\"><strong>Come eseguire l\u2019installazione dei misuratori cablati?<\/strong><\/h6><\/div>\n\n\n\n<p class=\"has-accent-color has-text-color\" style=\"font-size:16px\">Nel caso in cui sia necessario utilizzare un misuratore cablato come <strong>Eastron, Carlo Gavazzi, Phoenix Contact, Chint<\/strong>\u2026 <strong>la connessione sar\u00e0 effettuata come indicato nello schema seguente*:<\/strong><\/p>\n\n\n\n<div class=\"wp-block-uagb-container uagb-block-c2a7a62b alignfull uagb-is-root-container\"><div class=\"uagb-container-inner-blocks-wrap\">\n<div class=\"wp-block-uagb-container uagb-block-e532ce4e\">\n<div class=\"wp-block-uagb-icon-list uagb-block-361d66e3\"><div class=\"uagb-icon-list__wrap\">\n<div class=\"wp-block-uagb-icon-list-child uagb-block-e19fb83e\"><span class=\"uagb-icon-list__source-wrap\"><svg xmlns=\"https:\/\/www.w3.org\/2000\/svg\" viewBox=\"0 0 512 512\"><path d=\"M0 256C0 114.6 114.6 0 256 0C397.4 0 512 114.6 512 256C512 397.4 397.4 512 256 512C114.6 512 0 397.4 0 256zM371.8 211.8C382.7 200.9 382.7 183.1 371.8 172.2C360.9 161.3 343.1 161.3 332.2 172.2L224 280.4L179.8 236.2C168.9 225.3 151.1 225.3 140.2 236.2C129.3 247.1 129.3 264.9 140.2 275.8L204.2 339.8C215.1 350.7 232.9 350.7 243.8 339.8L371.8 211.8z\"><\/path><\/svg><\/span><span class=\"uagb-icon-list__label\"><strong>Pin 4 del connettore RJ-45 di Trydan nel terminale B- dell\u2019RS485 del misuratore.<\/strong><\/span><\/div>\n\n\n\n<div class=\"wp-block-uagb-icon-list-child uagb-block-205a51e3\"><span class=\"uagb-icon-list__source-wrap\"><svg xmlns=\"https:\/\/www.w3.org\/2000\/svg\" viewBox=\"0 0 512 512\"><path d=\"M0 256C0 114.6 114.6 0 256 0C397.4 0 512 114.6 512 256C512 397.4 397.4 512 256 512C114.6 512 0 397.4 0 256zM371.8 211.8C382.7 200.9 382.7 183.1 371.8 172.2C360.9 161.3 343.1 161.3 332.2 172.2L224 280.4L179.8 236.2C168.9 225.3 151.1 225.3 140.2 236.2C129.3 247.1 129.3 264.9 140.2 275.8L204.2 339.8C215.1 350.7 232.9 350.7 243.8 339.8L371.8 211.8z\"><\/path><\/svg><\/span><span class=\"uagb-icon-list__label\"><strong>Pin 5 del connettore RJ-45 di Trydan nel terminale A+ dell\u2019RS485 del misuratore.<\/strong><\/span><\/div>\n<\/div><\/div>\n<\/div>\n\n\n\n<div class=\"wp-block-uagb-container uagb-block-eef661dd\">\n<div class=\"wp-block-uagb-image alignleft uagb-block-bcd75927 wp-block-uagb-image--layout-default wp-block-uagb-image--effect-static wp-block-uagb-image--align-left\"><figure class=\"wp-block-uagb-image__figure\"><img decoding=\"async\" srcset=\"https:\/\/v2charge.com\/wp-content\/uploads\/2024\/04\/esquema-conexion-cableada.png ,https:\/\/v2charge.com\/wp-content\/uploads\/2024\/04\/esquema-conexion-cableada.png 780w, https:\/\/v2charge.com\/wp-content\/uploads\/2024\/04\/esquema-conexion-cableada.png 360w\" sizes=\"auto, (max-width: 480px) 150px\" src=\"https:\/\/v2charge.com\/wp-content\/uploads\/2024\/04\/esquema-conexion-cableada.png\" alt=\"\" class=\"uag-image-150683\" width=\"333\" height=\"100\" title=\"esquema-conexion-cableada\" loading=\"lazy\" role=\"img\"\/><\/figure><\/div>\n<\/div>\n<\/div><\/div>\n\n\n\n<div class=\"wp-block-uagb-container uagb-block-8c0d46ae alignfull uagb-is-root-container\"><div class=\"uagb-container-inner-blocks-wrap\">\n<div class=\"wp-block-uagb-container uagb-block-9a8c0e1c\">\n<div class=\"wp-block-uagb-image uagb-block-1e0c1453 wp-block-uagb-image--layout-default wp-block-uagb-image--effect-static wp-block-uagb-image--align-none\"><figure class=\"wp-block-uagb-image__figure\"><img decoding=\"async\" srcset=\"https:\/\/v2charge.com\/wp-content\/uploads\/2024\/04\/conexiones-bidireccional-monofasico-1024x774.png ,https:\/\/v2charge.com\/wp-content\/uploads\/2024\/04\/conexiones-bidireccional-monofasico.png 780w, https:\/\/v2charge.com\/wp-content\/uploads\/2024\/04\/conexiones-bidireccional-monofasico.png 360w\" sizes=\"auto, (max-width: 480px) 150px\" src=\"https:\/\/v2charge.com\/wp-content\/uploads\/2024\/04\/conexiones-bidireccional-monofasico-1024x774.png\" alt=\"\" class=\"uag-image-149483\" width=\"1190\" height=\"900\" title=\"conexiones-bidireccional-monofasico\" loading=\"lazy\" role=\"img\"\/><\/figure><\/div>\n\n\n\n<div class=\"wp-block-uagb-icon-list uagb-block-98b6b1ba\"><div class=\"uagb-icon-list__wrap\">\n<div class=\"wp-block-uagb-icon-list-child uagb-block-efa6704a\"><span class=\"uagb-icon-list__source-wrap\"><img decoding=\"async\" class=\"uagb-icon-list__source-image\" src=\"https:\/\/v2charge.com\/wp-content\/uploads\/2023\/10\/uno.png\" width=\"20\" height=\"20\" loading=\"lazy\" alt=\"\"\/><\/span><span class=\"uagb-icon-list__label\">Pannello di controllo del caricatore<\/span><\/div>\n\n\n\n<div class=\"wp-block-uagb-icon-list-child uagb-block-accdbcd9\"><span class=\"uagb-icon-list__source-wrap\"><img decoding=\"async\" class=\"uagb-icon-list__source-image\" src=\"https:\/\/v2charge.com\/wp-content\/uploads\/2023\/10\/dos.png\" width=\"20\" height=\"20\" loading=\"lazy\" alt=\"\"\/><\/span><span class=\"uagb-icon-list__label\">Ingresso connessione Modbus \u2013 UTP<\/span><\/div>\n\n\n\n<div class=\"wp-block-uagb-icon-list-child uagb-block-99591fab\"><span class=\"uagb-icon-list__source-wrap\"><img decoding=\"async\" class=\"uagb-icon-list__source-image\" src=\"https:\/\/v2charge.com\/wp-content\/uploads\/2023\/10\/tres.png\" width=\"20\" height=\"20\" loading=\"lazy\" alt=\"\"\/><\/span><span class=\"uagb-icon-list__label\">Misuratore<\/span><\/div>\n<\/div><\/div>\n<\/div>\n\n\n\n<div class=\"wp-block-uagb-container uagb-block-fd20eee5\">\n<p><strong><mark style=\"background-color:rgba(0, 0, 0, 0)\" class=\"has-inline-color has-contrast-color\">Passi per eseguire l\u2019installazione<\/mark><\/strong><\/p>\n\n\n\n<ol class=\"wp-block-list has-contrast-color has-text-color\">\n<li><strong>Collega il cavo di fase neutra<\/strong> nel terminale 3 e il cavo di fase nel terminale 4.<\/li>\n\n\n\n<li><strong>Collega il cavo bianco<\/strong> della pinza amperometrica nel terminale 1 e il cavo nero nel terminale 2.<\/li>\n\n\n\n<li><mark style=\"background-color:rgba(0, 0, 0, 0)\" class=\"has-inline-color has-contrast-color\"><strong>Collega il misuratore al pannello di controllo <\/strong>del caricatore mediante un cavo UTP. Esegui la connessione nel misuratore solo con due cavi: il 4 deve essere collegato al terminale 9, e il 5 al terminale 10.<\/mark><\/li>\n<\/ol>\n\n\n\n<div class=\"wp-block-uagb-container uagb-block-086ea0f0\">\n<p class=\"has-accent-color has-text-color\" style=\"font-size:14px\"><strong>NOTA:<\/strong> \u00c8 importante che i fili UTP liberi siano isolati e non facciano contatto tra di loro.<\/p>\n<\/div>\n<\/div>\n<\/div><\/div>\n<\/div>\n\n\n\n<div class=\"wp-block-uagb-container uagb-block-4929291c\">\n<div class=\"wp-block-uagb-container uagb-block-1f64e387\">\n<div class=\"wp-block-uagb-image aligncenter uagb-block-a67335ca wp-block-uagb-image--layout-default wp-block-uagb-image--effect-static wp-block-uagb-image--align-center\"><figure class=\"wp-block-uagb-image__figure\"><img decoding=\"async\" srcset=\"https:\/\/v2charge.com\/wp-content\/uploads\/2023\/11\/icon-important.png ,https:\/\/v2charge.com\/wp-content\/uploads\/2023\/11\/icon-important.png 780w, https:\/\/v2charge.com\/wp-content\/uploads\/2023\/11\/icon-important.png 360w\" sizes=\"auto, (max-width: 480px) 150px\" src=\"https:\/\/v2charge.com\/wp-content\/uploads\/2023\/11\/icon-important.png\" alt=\"\" class=\"uag-image-125013\" width=\"50\" height=\"50\" title=\"\" loading=\"lazy\" role=\"img\"\/><\/figure><\/div>\n<\/div>\n\n\n\n<div class=\"wp-block-uagb-container uagb-block-9b3e066e\">\n<div class=\"wp-block-uagb-advanced-heading uagb-block-d7f68da4\"><p class=\"uagb-heading-text\"><strong>NOTA IMPORTANTE:<\/strong> I misuratori cablati utilizzati per il funzionamento del controllo dinamico della potenza devono essere utilizzati esclusivamente per questo scopo. <strong>Per effettuare l&#8217;installazione di questi misuratori sar\u00e0 necessario seguire gli schemi elettrici o le indicazioni riportate nel manuale di ciascun dispositivo.**<\/strong><\/p><\/div>\n<\/div>\n<\/div>\n\n\n\n<div style=\"height:30px\" aria-hidden=\"true\" class=\"wp-block-spacer\"><\/div>\n\n\n\n<p>* <strong>Alcuni misuratori indicano che il terminale di comunicazione B \u00e8 positivo (B+) e il terminale A \u00e8 negativo (A-), per effettuare correttamente la connessione, \u00e8 necessario collegare il pin 4 del connettore RJ-45 di Trydan al terminale A- e il pin 5 del connettore RJ-45 di Trydan al terminale B+ del misuratore.<\/strong><\/p>\n\n\n\n<p>** Se gi\u00e0 possiedi un misuratore, assicurati che sia configurato con <strong>protocollo<\/strong> \u2018<em>Modbus<\/em>\u2019, <strong>velocit\u00e0 di trasmissione<\/strong> \u2018<em>9600<\/em>\u2019 <strong>baud<\/strong> e <strong>indirizzo di comunicazione<\/strong> \u2018<em>1<\/em>\u2019.<\/p>\n<\/div><\/div><\/div>\n<\/div><\/div><\/div><\/div>\n\n\n\n<div style=\"height:30px\" aria-hidden=\"true\" class=\"wp-block-spacer uag-hide-desktop uag-hide-tab uag-hide-mob\"><\/div>\n\n\n\n<div class=\"wp-block-uagb-advanced-heading uagb-block-1f7ef63a\"><h4 class=\"uagb-heading-text\">SCHEMI DI INSTALLAZIONE TRIFASE<\/h4><\/div>\n\n\n\n<div class=\"wp-block-accordion-toggle-accordion-toggle  root-eb-accordion-07wwaei\"><div class=\"eb-parent-wrapper eb-parent-eb-accordion-07wwaei \"><div class=\"eb-accordion-container eb-accordion-07wwaei\" data-accordion-type=\"accordion\" data-tab-icon=\"fas fa-plus-circle\" data-expanded-icon=\"fas fa-minus-circle\" data-transition-duration=\"500\"><div class=\"eb-accordion-inner\">\n<div class=\"wp-block-accordion-toggle-accordion-item eb-accordion-item-5mfyhm3 eb-accordion-wrapper\" data-clickable=\"false\"><div class=\"eb-accordion-title-wrapper eb-accordion-title-wrapper-eb-accordion-07wwaei\" tabindex=\"0\"><span class=\"eb-accordion-icon-wrapper eb-accordion-icon-wrapper-eb-accordion-07wwaei\"><span class=\"fas fa-plus-circle eb-accordion-icon\"><\/span><\/span><div class=\"eb-accordion-title-content-wrap title-content-eb-accordion-07wwaei\"><h5 class=\"eb-accordion-title\"> <strong>V2C ControlBox <\/strong>(Misuratore V2C 2.0)<\/h5><\/div><\/div><div class=\"eb-accordion-content-wrapper eb-accordion-content-wrapper-eb-accordion-07wwaei\"><div class=\"eb-accordion-content\">\n<div class=\"wp-block-uagb-advanced-heading uagb-block-47bf48e6\"><h6 class=\"uagb-heading-text\"><strong>Schema installazione Trifase + V2C ControlBox<\/strong><\/h6><\/div>\n\n\n\n<div class=\"wp-block-uagb-container uagb-block-0958d69f\">\n<div class=\"wp-block-uagb-container uagb-block-bd9b8447\">\n<div class=\"wp-block-uagb-icon-list uagb-block-400b7f2f\"><div class=\"uagb-icon-list__wrap\">\n<div class=\"wp-block-uagb-icon-list-child uagb-block-6ee21883\"><span class=\"uagb-icon-list__source-wrap\"><img decoding=\"async\" class=\"uagb-icon-list__source-image\" src=\"https:\/\/v2charge.com\/wp-content\/uploads\/2023\/10\/uno.png\" width=\"20\" height=\"20\" loading=\"lazy\" alt=\"\"\/><\/span><span class=\"uagb-icon-list__label\">Contatore<\/span><\/div>\n\n\n\n<div class=\"wp-block-uagb-icon-list-child uagb-block-25e988f4\"><span class=\"uagb-icon-list__source-wrap\"><img decoding=\"async\" class=\"uagb-icon-list__source-image\" src=\"https:\/\/v2charge.com\/wp-content\/uploads\/2023\/10\/dos.png\" width=\"20\" height=\"20\" loading=\"lazy\" alt=\"\"\/><\/span><span class=\"uagb-icon-list__label\">Quadro Principale delle protezioni<\/span><\/div>\n\n\n\n<div class=\"wp-block-uagb-icon-list-child uagb-block-1d774a43\"><span class=\"uagb-icon-list__source-wrap\"><img decoding=\"async\" class=\"uagb-icon-list__source-image\" src=\"https:\/\/v2charge.com\/wp-content\/uploads\/2023\/10\/tres.png\" width=\"20\" height=\"20\" loading=\"lazy\" alt=\"\"\/><\/span><span class=\"uagb-icon-list__label\">Connettore RJ-45<\/span><\/div>\n\n\n\n<div class=\"wp-block-uagb-icon-list-child uagb-block-708d5f9e\"><span class=\"uagb-icon-list__source-wrap\"><img decoding=\"async\" class=\"uagb-icon-list__source-image\" src=\"https:\/\/v2charge.com\/wp-content\/uploads\/2023\/10\/cuatro.png\" width=\"20\" height=\"20\" loading=\"lazy\" alt=\"\"\/><\/span><span class=\"uagb-icon-list__label\">Pinze amperometriche V2C<\/span><\/div>\n<\/div><\/div>\n<\/div>\n\n\n\n<div class=\"wp-block-uagb-container uagb-block-2b795044\">\n<div class=\"wp-block-uagb-image alignright uagb-block-ee2035ca wp-block-uagb-image--layout-default wp-block-uagb-image--effect-static wp-block-uagb-image--align-right\"><figure class=\"wp-block-uagb-image__figure\"><img decoding=\"async\" srcset=\"https:\/\/v2charge.com\/wp-content\/uploads\/2024\/08\/instalacion-trifasica-controlbox.png ,https:\/\/v2charge.com\/wp-content\/uploads\/2024\/08\/instalacion-trifasica-controlbox.png 780w, https:\/\/v2charge.com\/wp-content\/uploads\/2024\/08\/instalacion-trifasica-controlbox.png 360w\" sizes=\"auto, (max-width: 480px) 150px\" src=\"https:\/\/v2charge.com\/wp-content\/uploads\/2024\/08\/instalacion-trifasica-controlbox.png\" alt=\"\" class=\"uag-image-174982\" width=\"1024\" height=\"724\" title=\"instalacion-trifasica-controlbox\" loading=\"lazy\" role=\"img\"\/><\/figure><\/div>\n<\/div>\n<\/div>\n\n\n\n<div class=\"wp-block-uagb-advanced-heading uagb-block-0e7f6bd9\"><p class=\"uagb-heading-text\">Questo schema rappresenta una delle situazioni pi\u00f9 comuni che un installatore pu\u00f2 incontrare.<br>Le pinze amperometriche sono posizionate nei jack 1, 2 e 3 abbracciando i cavi della linea generale.<\/p><\/div>\n\n\n\n<div class=\"wp-block-uagb-advanced-heading uagb-block-33011b8f\"><p class=\"uagb-heading-text\">** Se il caricatore \u00e8 monofase, sar\u00e0 alimentato solo con la fase 1 del suo quadro.<\/p><\/div>\n\n\n\n<div class=\"wp-block-uagb-buttons uagb-buttons__outer-wrap uagb-btn__default-btn uagb-btn-tablet__default-btn uagb-btn-mobile__default-btn uagb-block-c5e90c03\"><div class=\"uagb-buttons__wrap uagb-buttons-layout-wrap \">\n<div class=\"wp-block-uagb-buttons-child uagb-buttons__outer-wrap uagb-block-969560b0 wp-block-button\"><div class=\"uagb-button__wrapper\"><a class=\"uagb-buttons-repeater wp-block-button__link\" aria-label=\"\" href=\"https:\/\/v2charge.com\/it\/supporto\/controllo-potenza\/dinamico\/meter-cablati\/v2c-controlbox\/\" rel=\"follow noopener\" target=\"_self\" role=\"button\"><div class=\"uagb-button__link\">Come installare V2C ControlBox?<\/div><\/a><\/div><\/div>\n<\/div><\/div>\n<\/div><\/div><\/div>\n<\/div><\/div><\/div><\/div>\n\n\n\n<div class=\"wp-block-accordion-toggle-accordion-toggle  root-eb-accordion-2za2p6c\"><div class=\"eb-parent-wrapper eb-parent-eb-accordion-2za2p6c \"><div class=\"eb-accordion-container eb-accordion-2za2p6c\" data-accordion-type=\"accordion\" data-tab-icon=\"fas fa-plus-circle\" data-expanded-icon=\"fas fa-minus-circle\" data-transition-duration=\"500\"><div class=\"eb-accordion-inner\">\n<div class=\"wp-block-accordion-toggle-accordion-item eb-accordion-item-9nuabrf eb-accordion-wrapper\" data-clickable=\"false\"><div class=\"eb-accordion-title-wrapper eb-accordion-title-wrapper-eb-accordion-2za2p6c\" tabindex=\"0\"><span class=\"eb-accordion-icon-wrapper eb-accordion-icon-wrapper-eb-accordion-2za2p6c\"><span class=\"fas fa-plus-circle eb-accordion-icon\"><\/span><\/span><div class=\"eb-accordion-title-content-wrap title-content-eb-accordion-2za2p6c\"><h5 class=\"eb-accordion-title\"> <strong>Misuratori WiFi<\/strong><\/h5><\/div><\/div><div class=\"eb-accordion-content-wrapper eb-accordion-content-wrapper-eb-accordion-2za2p6c\"><div class=\"eb-accordion-content\">\n<div class=\"wp-block-uagb-advanced-heading uagb-block-6765cc55\"><h6 class=\"uagb-heading-text\"><strong>Come installare il contatore Shelly in un impiato trifase?<\/strong><\/h6><\/div>\n\n\n\n<p class=\"has-contrast-color has-text-color\" style=\"font-size:16px\">L&#8217;installazione del <a href=\"https:\/\/v2charge.com\/it\/supporto\/controllo-potenza\/dinamico\/contatore-shelly\/\"><strong>misuratore Shelly<\/strong><\/a> varia a seconda che si tratti di un&#8217;installazione monofase o trifase, poich\u00e9 il dispositivo utilizzato \u00e8 diverso in ciascun caso. Inoltre, <strong>questi misuratori richiedono di essere collegati alla corrente<\/strong> per funzionare.<\/p>\n\n\n\n<div class=\"wp-block-uagb-container uagb-block-28020413\">\n<div class=\"wp-block-uagb-container uagb-block-acec111c\">\n<p class=\"has-contrast-color has-text-color has-small-font-size\"><strong>Legenda<\/strong><br><strong>N<\/strong> \u2013 Ingresso neutro (110 \u2013 230V AC); <br><strong>VA<\/strong> \u2013 Ingresso linea Fase A (110-230 V AC); <br><strong>VB<\/strong> \u2013 Ingresso linea Fase B (110-230 V AC); <br><strong>VC<\/strong> \u2013 Ingresso linea Fase C (110-230 V AC); <br><strong>IA \u2013 IA+<\/strong> \u2013 Ingresso per pinza amperometrica fase A <br><strong>IB \u2013 IB+<\/strong> \u2013 Ingresso per pinza amperometrica fase B <br><strong>IC \u2013 IC+<\/strong> \u2013 Ingresso per pinza amperometrica fase C <br><strong>IN \u2013 IN+<\/strong> \u2013 Ingresso per trasformatore di corrente del neutro<\/p>\n<\/div>\n\n\n\n<div class=\"wp-block-uagb-container uagb-block-924dfe10\">\n<div class=\"wp-block-uagb-image uagb-block-7aa0f1e4 wp-block-uagb-image--layout-default wp-block-uagb-image--effect-static wp-block-uagb-image--align-none\"><figure class=\"wp-block-uagb-image__figure\"><img decoding=\"async\" srcset=\"https:\/\/v2charge.com\/wp-content\/uploads\/2023\/10\/esquema-shelly-trifasico-948x1024.png ,https:\/\/v2charge.com\/wp-content\/uploads\/2023\/10\/esquema-shelly-trifasico.png 780w, https:\/\/v2charge.com\/wp-content\/uploads\/2023\/10\/esquema-shelly-trifasico.png 360w\" sizes=\"auto, (max-width: 480px) 150px\" src=\"https:\/\/v2charge.com\/wp-content\/uploads\/2023\/10\/esquema-shelly-trifasico-948x1024.png\" alt=\"\" class=\"uag-image-122790\" width=\"400\" height=\"1024\" title=\"\" loading=\"lazy\" role=\"img\"\/><\/figure><\/div>\n<\/div>\n\n\n\n<div class=\"wp-block-uagb-container uagb-block-58a7f91c\">\n<div class=\"wp-block-uagb-image aligncenter uagb-block-3607a597 wp-block-uagb-image--layout-default wp-block-uagb-image--effect-static wp-block-uagb-image--align-center\"><figure class=\"wp-block-uagb-image__figure\"><img decoding=\"async\" srcset=\"https:\/\/v2charge.com\/wp-content\/uploads\/2023\/11\/shelly-trifasico-indicaciones.jpg ,https:\/\/v2charge.com\/wp-content\/uploads\/2023\/11\/shelly-trifasico-indicaciones.jpg 780w, https:\/\/v2charge.com\/wp-content\/uploads\/2023\/11\/shelly-trifasico-indicaciones.jpg 360w\" sizes=\"auto, (max-width: 480px) 150px\" src=\"https:\/\/v2charge.com\/wp-content\/uploads\/2023\/11\/shelly-trifasico-indicaciones.jpg\" alt=\"\" class=\"uag-image-125301\" width=\"1143\" height=\"728\" title=\"\" loading=\"lazy\" role=\"img\"\/><\/figure><\/div>\n<\/div>\n<\/div>\n\n\n\n<div class=\"wp-block-uagb-container uag-hide-mob uagb-block-8bbca863\">\n<table>\n   <style> 'border-collapse':collapse\n   <\/style>\n   <tr>\n      <th>Tipo di installazione<\/th>\n      <th>IN- IN+<\/th>\n<th>IC- IC+<\/th>\n<th>IB- IB+<\/th>\n<th>IA- IA+<\/th>\n<th>N<\/th>\n<th>VA<\/th>\n<th>VB<\/th>\n<th>VC<\/th>\n<th>I<\/th>\n<th>O<\/th>\n   <\/tr>\n\n   <tr>\n      <th>Trifase<\/th>\n      <td><\/td>\n<td>X<\/td>\n<td>X<\/td>\n<td>X<\/td>\n<td>X<\/td>\n<td><\/td>\n<td><\/td>\n<td><\/td>\n<td><\/td>\n<td><\/td>\n   <\/tr>\n\n<\/table>\n<\/div>\n\n\n\n<div class=\"wp-block-uagb-container uag-hide-desktop uag-hide-tab uagb-block-475b06bf\">\n<table>\n   <style> 'border-collapse':collapse\n   <\/style>\n   <tr>\n      <th>Tipo di installazione<\/th>\n      <th>Monofase<\/th>\n   <\/tr>\n\n   <tr>\n      <th>IN- \/ IN+<\/th>\n      <td><\/td>\n  <\/tr>\n <tr>\n      <th>IC- \/ IC+<\/th>\n      <td>X<\/td>\n     <\/tr>\n <tr>\n      <th>IB- \/ IB+<\/th>\n      <td>X<\/td>\n  <\/tr>\n <tr>\n      <th>IA- \/ IA+<\/th>\n      <td>X<\/td>\n     <\/tr>\n <tr>\n      <th>N<\/th>\n      <td>X<\/td>\n <\/tr>\n  <tr>\n      <th>VA<\/th>\n      <td><\/td>\n <\/tr>\n  <tr>\n      <th>VB<\/th>\n      <td><\/td>\n<\/tr>\n <tr>\n      <th>VC<\/th>\n      <td><\/td>\n   <\/tr>\n <tr>\n      <th>I<\/th>\n      <td><\/td>\n   <\/tr>\n <tr>\n      <th>O<\/th>\n      <td><\/td>\n  <\/tr>\n<\/table>\n<\/div>\n<\/div><\/div><\/div>\n<\/div><\/div><\/div><\/div>\n\n\n\n<div class=\"wp-block-accordion-toggle-accordion-toggle  root-eb-accordion-86hqfkj\"><div class=\"eb-parent-wrapper eb-parent-eb-accordion-86hqfkj \"><div class=\"eb-accordion-container eb-accordion-86hqfkj\" data-accordion-type=\"accordion\" data-tab-icon=\"fas fa-plus-circle\" data-expanded-icon=\"fas fa-minus-circle\" data-transition-duration=\"500\"><div class=\"eb-accordion-inner\">\n<div class=\"wp-block-accordion-toggle-accordion-item eb-accordion-item-zmf83z2 eb-accordion-wrapper\" data-clickable=\"false\"><div class=\"eb-accordion-title-wrapper eb-accordion-title-wrapper-eb-accordion-86hqfkj\" tabindex=\"0\"><span class=\"eb-accordion-icon-wrapper eb-accordion-icon-wrapper-eb-accordion-86hqfkj\"><span class=\"fas fa-plus-circle eb-accordion-icon\"><\/span><\/span><div class=\"eb-accordion-title-content-wrap title-content-eb-accordion-86hqfkj\"><h5 class=\"eb-accordion-title\"><strong> Misuratori cablati<\/strong><\/h5><\/div><\/div><div class=\"eb-accordion-content-wrapper eb-accordion-content-wrapper-eb-accordion-86hqfkj\"><div class=\"eb-accordion-content\">\n<div class=\"wp-block-uagb-advanced-heading uagb-block-54d1f970\" id=\"cableados-monofasicos\"><h6 class=\"uagb-heading-text\"><strong>Come effettuare l&#8217;installazione dei contatori cablati in impianti trifase?<\/strong><\/h6><\/div>\n\n\n\n<p class=\"has-contrast-color has-text-color\" style=\"font-size:16px\">Come eseguire l\u2019installazione dei misuratori cablati in installazioni trifase? Come nei misuratori cablati monofase (Eastron, Carlo Gavazzi, Phoenix Contact, Chint\u2026), <strong>le connessioni saranno effettuate come indicato nello schema seguente*:<\/strong><\/p>\n\n\n\n<div style=\"height:30px\" aria-hidden=\"true\" class=\"wp-block-spacer uag-hide-desktop uag-hide-tab uag-hide-mob\"><\/div>\n\n\n\n<div class=\"wp-block-uagb-container uagb-block-a354ef22\">\n<div class=\"wp-block-uagb-container uagb-block-41a3ec40 alignfull uagb-is-root-container\"><div class=\"uagb-container-inner-blocks-wrap\">\n<div class=\"wp-block-uagb-container uagb-block-07e1d7e4\">\n<div class=\"wp-block-uagb-icon-list uagb-block-b22d9056\"><div class=\"uagb-icon-list__wrap\">\n<div class=\"wp-block-uagb-icon-list-child uagb-block-ab45e64c\"><span class=\"uagb-icon-list__source-wrap\"><svg xmlns=\"https:\/\/www.w3.org\/2000\/svg\" viewBox=\"0 0 512 512\"><path d=\"M0 256C0 114.6 114.6 0 256 0C397.4 0 512 114.6 512 256C512 397.4 397.4 512 256 512C114.6 512 0 397.4 0 256zM371.8 211.8C382.7 200.9 382.7 183.1 371.8 172.2C360.9 161.3 343.1 161.3 332.2 172.2L224 280.4L179.8 236.2C168.9 225.3 151.1 225.3 140.2 236.2C129.3 247.1 129.3 264.9 140.2 275.8L204.2 339.8C215.1 350.7 232.9 350.7 243.8 339.8L371.8 211.8z\"><\/path><\/svg><\/span><span class=\"uagb-icon-list__label\"><strong>Pin 4 del connettore RJ-45 di Trydan nel terminale B- dell\u2019RS485 del misuratore.<\/strong><\/span><\/div>\n\n\n\n<div class=\"wp-block-uagb-icon-list-child uagb-block-dbafc3e7\"><span class=\"uagb-icon-list__source-wrap\"><svg xmlns=\"https:\/\/www.w3.org\/2000\/svg\" viewBox=\"0 0 512 512\"><path d=\"M0 256C0 114.6 114.6 0 256 0C397.4 0 512 114.6 512 256C512 397.4 397.4 512 256 512C114.6 512 0 397.4 0 256zM371.8 211.8C382.7 200.9 382.7 183.1 371.8 172.2C360.9 161.3 343.1 161.3 332.2 172.2L224 280.4L179.8 236.2C168.9 225.3 151.1 225.3 140.2 236.2C129.3 247.1 129.3 264.9 140.2 275.8L204.2 339.8C215.1 350.7 232.9 350.7 243.8 339.8L371.8 211.8z\"><\/path><\/svg><\/span><span class=\"uagb-icon-list__label\"><strong>Pin 5 del connettore RJ-45 di Trydan nel terminale A+ dell\u2019RS485 del misuratore.<\/strong><\/span><\/div>\n<\/div><\/div>\n<\/div>\n\n\n\n<div class=\"wp-block-uagb-container uagb-block-d98904cf\">\n<div class=\"wp-block-uagb-image alignleft uagb-block-b15e5ac2 wp-block-uagb-image--layout-default wp-block-uagb-image--effect-static wp-block-uagb-image--align-left\"><figure class=\"wp-block-uagb-image__figure\"><img decoding=\"async\" srcset=\"https:\/\/v2charge.com\/wp-content\/uploads\/2024\/04\/esquema-conexion-cableada.png ,https:\/\/v2charge.com\/wp-content\/uploads\/2024\/04\/esquema-conexion-cableada.png 780w, https:\/\/v2charge.com\/wp-content\/uploads\/2024\/04\/esquema-conexion-cableada.png 360w\" sizes=\"auto, (max-width: 480px) 150px\" src=\"https:\/\/v2charge.com\/wp-content\/uploads\/2024\/04\/esquema-conexion-cableada.png\" alt=\"\" class=\"uag-image-150683\" width=\"333\" height=\"100\" title=\"esquema-conexion-cableada\" loading=\"lazy\" role=\"img\"\/><\/figure><\/div>\n<\/div>\n<\/div><\/div>\n\n\n\n<div class=\"wp-block-uagb-container uagb-block-88d05241 alignfull uagb-is-root-container\"><div class=\"uagb-container-inner-blocks-wrap\">\n<div class=\"wp-block-uagb-container uagb-block-74b24d20\">\n<div class=\"wp-block-uagb-image uagb-block-77dd7152 wp-block-uagb-image--layout-default wp-block-uagb-image--effect-static wp-block-uagb-image--align-none\"><figure class=\"wp-block-uagb-image__figure\"><img decoding=\"async\" srcset=\"https:\/\/v2charge.com\/wp-content\/uploads\/2024\/04\/conexiones-bidireccional-trifasico-1024x774.png ,https:\/\/v2charge.com\/wp-content\/uploads\/2024\/04\/conexiones-bidireccional-trifasico.png 780w, https:\/\/v2charge.com\/wp-content\/uploads\/2024\/04\/conexiones-bidireccional-trifasico.png 360w\" sizes=\"auto, (max-width: 480px) 150px\" src=\"https:\/\/v2charge.com\/wp-content\/uploads\/2024\/04\/conexiones-bidireccional-trifasico-1024x774.png\" alt=\"\" class=\"uag-image-149492\" width=\"1190\" height=\"900\" title=\"conexiones-bidireccional-trifasico\" loading=\"lazy\" role=\"img\"\/><\/figure><\/div>\n\n\n\n<div class=\"wp-block-uagb-icon-list uagb-block-0fb9cc51\"><div class=\"uagb-icon-list__wrap\">\n<div class=\"wp-block-uagb-icon-list-child uagb-block-12ebc3ca\"><span class=\"uagb-icon-list__source-wrap\"><img decoding=\"async\" class=\"uagb-icon-list__source-image\" src=\"https:\/\/v2charge.com\/wp-content\/uploads\/2023\/10\/uno.png\" width=\"20\" height=\"20\" loading=\"lazy\" alt=\"\"\/><\/span><span class=\"uagb-icon-list__label\">Pannello <br>di controllo del caricatore<\/span><\/div>\n\n\n\n<div class=\"wp-block-uagb-icon-list-child uagb-block-2100dc0f\"><span class=\"uagb-icon-list__source-wrap\"><img decoding=\"async\" class=\"uagb-icon-list__source-image\" src=\"https:\/\/v2charge.com\/wp-content\/uploads\/2023\/10\/dos.png\" width=\"20\" height=\"20\" loading=\"lazy\" alt=\"\"\/><\/span><span class=\"uagb-icon-list__label\">Ingresso <br>connessione Modbus \u2013 UTP<\/span><\/div>\n\n\n\n<div class=\"wp-block-uagb-icon-list-child uagb-block-66d91eb8\"><span class=\"uagb-icon-list__source-wrap\"><img decoding=\"async\" class=\"uagb-icon-list__source-image\" src=\"https:\/\/v2charge.com\/wp-content\/uploads\/2023\/10\/tres.png\" width=\"20\" height=\"20\" loading=\"lazy\" alt=\"\"\/><\/span><span class=\"uagb-icon-list__label\">Misuratore<\/span><\/div>\n\n\n\n<div class=\"wp-block-uagb-icon-list-child uagb-block-e083c1c3\"><span class=\"uagb-icon-list__source-wrap\"><img decoding=\"async\" class=\"uagb-icon-list__source-image\" src=\"https:\/\/v2charge.com\/wp-content\/uploads\/2023\/11\/numero-cuatro.png\" width=\"20\" height=\"20\" loading=\"lazy\" alt=\"\"\/><\/span><span class=\"uagb-icon-list__label\">Tensione di alimentazione<br>del misuratore<\/span><\/div>\n<\/div><\/div>\n<\/div>\n\n\n\n<div class=\"wp-block-uagb-container uagb-block-ef21cb50\">\n<p><strong><mark style=\"background-color:rgba(0, 0, 0, 0)\" class=\"has-inline-color has-contrast-color\">Passi per eseguire l\u2019installazione<\/mark><\/strong><\/p>\n\n\n\n<ol class=\"wp-block-list has-contrast-color has-text-color\">\n<li><mark style=\"background-color:rgba(0, 0, 0, 0)\" class=\"has-inline-color has-contrast-color\">Il dispositivo dispone di 3 pinze amperometriche. Collega S2 (nero) e S1 (bianco) nei rispettivi porti. Il numero di fase \u00e8 indicato nella parte inferiore, essendo 3, 2 e 1.<\/mark><\/li>\n\n\n\n<li><mark style=\"background-color:rgba(0, 0, 0, 0)\" class=\"has-inline-color has-contrast-color\">Alimenta il neutro, la fase 3, 2 e 1 nei terminali della parte inferiore.<\/mark><br><mark style=\"background-color:rgba(0, 0, 0, 0)\" class=\"has-inline-color has-contrast-color\">\u00c8 obbligatorio alimentare il LA con la fase numero 1 e il NA con il neutro per fornire corrente al misuratore.<\/mark><\/li>\n\n\n\n<li><mark style=\"background-color:rgba(0, 0, 0, 0)\" class=\"has-inline-color has-contrast-color\">Collega il misuratore al pannello di controllo del caricatore tramite un cavo UTP. Esegui la connessione nel misuratore solo con due cavi: il 4 va collegato al terminale B- e il 5 al terminale A+.<\/mark><\/li>\n<\/ol>\n\n\n\n<div class=\"wp-block-uagb-container uagb-block-efcdbd28\">\n<p class=\"has-accent-color has-text-color\" style=\"font-size:14px\"><strong>NOTA:<\/strong> \u00c8 importante che i fili UTP liberi siano isolati e non facciano contatto tra di loro.<\/p>\n<\/div>\n<\/div>\n<\/div><\/div>\n\n\n\n<div class=\"wp-block-uagb-container uagb-block-8f379262\">\n<div class=\"wp-block-uagb-container uagb-block-24b1515f\">\n<div class=\"wp-block-uagb-image aligncenter uagb-block-4965ccf2 wp-block-uagb-image--layout-default wp-block-uagb-image--effect-static wp-block-uagb-image--align-center\"><figure class=\"wp-block-uagb-image__figure\"><img decoding=\"async\" srcset=\"https:\/\/v2charge.com\/wp-content\/uploads\/2023\/11\/icon-important.png ,https:\/\/v2charge.com\/wp-content\/uploads\/2023\/11\/icon-important.png 780w, https:\/\/v2charge.com\/wp-content\/uploads\/2023\/11\/icon-important.png 360w\" sizes=\"auto, (max-width: 480px) 150px\" src=\"https:\/\/v2charge.com\/wp-content\/uploads\/2023\/11\/icon-important.png\" alt=\"\" class=\"uag-image-125013\" width=\"50\" height=\"50\" title=\"\" loading=\"lazy\" role=\"img\"\/><\/figure><\/div>\n<\/div>\n\n\n\n<div class=\"wp-block-uagb-container uagb-block-f152afc0\">\n<div class=\"wp-block-uagb-advanced-heading uagb-block-7c9727c4\"><p class=\"uagb-heading-text\"><strong>NOTA IMPORTANTE:<\/strong> I misuratori cablati utilizzati per il funzionamento del controllo dinamico della potenza devono essere utilizzati esclusivamente per questo scopo. <strong>Per effettuare l&#8217;installazione di questi misuratori sar\u00e0 necessario seguire gli schemi elettrici o le indicazioni riportate nel manuale di ciascun dispositivo.*<\/strong><\/p><\/div>\n<\/div>\n<\/div>\n\n\n\n<p><strong>* Alcuni misuratori indicano che il terminale di comunicazione B \u00e8 positivo (B+) e il terminale A \u00e8 negativo (A-), per effettuare correttamente la connessione, \u00e8 necessario collegare il pin 4 del connettore RJ-45 di Trydan al terminale A- e il pin 5 del connettore RJ-45 di Trydan al terminale B+ del misuratore.<\/strong><\/p>\n\n\n\n<p>** Se gi\u00e0 possiedi un misuratore, assicurati che sia configurato con <strong>protocollo<\/strong> \u2018<em>Modbus<\/em>\u2019, <strong>velocit\u00e0 di trasmissione<\/strong> \u2018<em>9600<\/em>\u2019 <strong>baud<\/strong> e <strong>indirizzo di comunicazione<\/strong> \u2018<em>1\u2019<\/em>.<\/p>\n<\/div>\n<\/div><\/div><\/div>\n<\/div><\/div><\/div><\/div>\n\n\n\n<div style=\"height:20px\" aria-hidden=\"true\" class=\"wp-block-spacer\"><\/div>\n<\/div><\/div>\n\n\n\n<div id=\"configurazione-attivazione\" class=\"wp-block-uagb-container uagb-block-569bd83b alignfull uagb-is-root-container\"><div class=\"uagb-container-inner-blocks-wrap\">\n<div class=\"wp-block-uagb-container uagb-block-a8e577b6\">\n<div class=\"wp-block-uagb-advanced-heading uagb-block-a32e0b71\" id=\"configurazione-attivazione\"><h3 class=\"uagb-heading-text\"><strong><strong>Passaggi da seguire per la configurazione e l\u2019attivazione<\/strong><\/strong><\/h3><\/div>\n\n\n\n<p>Dopo aver effettuato l\u2019installazione del misuratore corrispondente, <strong>\u00e8 obbligatorio configurare in modo ottimale il controllo dinamico della potenza.<\/strong> Senza questo passaggio, l\u2019e-Charger non assegner\u00e0 automaticamente e dinamicamente i surplus di energia rimanente della casa o dell\u2019azienda alla ricarica del veicolo elettrico.<br><br>Questa configurazione pu\u00f2 essere effettuata tramite Bluetooth o WiFi (se disponibile) ed \u00e8 accessibile tramite l\u2019app <strong>V2C Cloud<\/strong> o su un computer all\u2019indirizzo <a href=\"http:\/\/www.v2c.cloud\"><strong>www.v2c.cloud<\/strong><\/a>, utilizzando le tue credenziali utente e password. In entrambi i casi, <strong>segui le indicazioni mostrate nell\u2019immagine.<\/strong><\/p>\n\n\n\n<p class=\"has-text-color\" style=\"color:#747474;font-size:14px\">*L\u2019installazione del misuratore deve essere effettuata da un professionista. Di default, verr\u00e0 utilizzato il V2C ControlBox se non \u00e8 disponibile un misuratore differente. Esistono diverse versioni di misuratori. \u00c8 quindi fondamentale selezionare il misuratore appropriato, tenendo in considerazione il tipo di installazione esistente, e salvare la configurazione.<\/p>\n<\/div>\n\n\n\n<div class=\"wp-block-uagb-container uagb-block-9d6e0f01\">\t\t\t\t\t<div\n\t\t\t\t\t\tclass=\"wp-block-uagb-image-gallery uagb-block-34e05a98     \"\n\t\t\t\t\t\tstyle=\"\"\n\t\t\t\t\t>\n\t\t\t\t\t\t\t\t\t\t\t<div class=\"spectra-image-gallery spectra-image-gallery__layout--carousel\">\n\t\t\t\t\t\t\t\t<div class=\"uagb-slick-carousel uagb-block-34e05a98\">\n\t\t\t\t\t\t\t\t\t\t\t\t<div class='spectra-image-gallery__media-wrapper' data-spectra-gallery-image-id='127770'>\n\t\t\t\t\t\t\t<div class=\"spectra-image-gallery__media spectra-image-gallery__media--carousel\">\n\t\t\t\t<picture>\n\t\t\t\t\t<source media=\"(min-width: 1024px)\" srcset=\"https:\/\/v2charge.com\/wp-content\/uploads\/2023\/12\/accedere-1.jpg\">\n\t\t\t\t\t<source media=\"(min-width: 768px)\" srcset=\"https:\/\/v2charge.com\/wp-content\/uploads\/2023\/12\/accedere-1.jpg\">\n\t\t\t\t\t<img decoding=\"async\" class=\"spectra-image-gallery__media-thumbnail spectra-image-gallery__media-thumbnail--carousel\" src=\"https:\/\/v2charge.com\/wp-content\/uploads\/2023\/12\/accedere-1.jpg\" alt=\"\" loading=\"lazy\" \/>\n\t\t\t\t<\/picture>\n\t\t\t\t<div class=\"spectra-image-gallery__media-thumbnail-blurrer\"><\/div>\n\t\t\t\t\t\t\t<\/div>\n\t\t\t\t\t\t\t\t<div class=\"spectra-image-gallery__media-thumbnail-caption-wrapper spectra-image-gallery__media-thumbnail-caption-wrapper--bar-outside\">\n\t\t\t\t\t\t\t\t\t\t<div class=\"spectra-image-gallery__media-thumbnail-caption spectra-image-gallery__media-thumbnail-caption--bar-outside\">\n\t\t\t\t\t<strong>PASSO 1<\/strong><br>Accedere all&#8217;applicazione V2C Cloud\t\t\t\t<\/div>\n\t\t\t\t\t\t\t\t<\/div>\n\t\t\t\t\t\t\t<\/div>\n\t\t\t\t\t\t<div class='spectra-image-gallery__media-wrapper' data-spectra-gallery-image-id='127815'>\n\t\t\t\t\t\t\t<div class=\"spectra-image-gallery__media spectra-image-gallery__media--carousel\">\n\t\t\t\t<picture>\n\t\t\t\t\t<source media=\"(min-width: 1024px)\" srcset=\"https:\/\/v2charge.com\/wp-content\/uploads\/2023\/12\/selezionare-e-charger-1.jpg\">\n\t\t\t\t\t<source media=\"(min-width: 768px)\" srcset=\"https:\/\/v2charge.com\/wp-content\/uploads\/2023\/12\/selezionare-e-charger-1.jpg\">\n\t\t\t\t\t<img decoding=\"async\" class=\"spectra-image-gallery__media-thumbnail spectra-image-gallery__media-thumbnail--carousel\" src=\"https:\/\/v2charge.com\/wp-content\/uploads\/2023\/12\/selezionare-e-charger-1.jpg\" alt=\"\" loading=\"lazy\" \/>\n\t\t\t\t<\/picture>\n\t\t\t\t<div class=\"spectra-image-gallery__media-thumbnail-blurrer\"><\/div>\n\t\t\t\t\t\t\t<\/div>\n\t\t\t\t\t\t\t\t<div class=\"spectra-image-gallery__media-thumbnail-caption-wrapper spectra-image-gallery__media-thumbnail-caption-wrapper--bar-outside\">\n\t\t\t\t\t\t\t\t\t\t<div class=\"spectra-image-gallery__media-thumbnail-caption spectra-image-gallery__media-thumbnail-caption--bar-outside\">\n\t\t\t\t\t<strong>PASSO 2<\/strong><br>Selezionare il caricatore elettronico\t\t\t\t<\/div>\n\t\t\t\t\t\t\t\t<\/div>\n\t\t\t\t\t\t\t<\/div>\n\t\t\t\t\t\t<div class='spectra-image-gallery__media-wrapper' data-spectra-gallery-image-id='127806'>\n\t\t\t\t\t\t\t<div class=\"spectra-image-gallery__media spectra-image-gallery__media--carousel\">\n\t\t\t\t<picture>\n\t\t\t\t\t<source media=\"(min-width: 1024px)\" srcset=\"https:\/\/v2charge.com\/wp-content\/uploads\/2023\/12\/configurazione-e-charger-1.jpg\">\n\t\t\t\t\t<source media=\"(min-width: 768px)\" srcset=\"https:\/\/v2charge.com\/wp-content\/uploads\/2023\/12\/configurazione-e-charger-1.jpg\">\n\t\t\t\t\t<img decoding=\"async\" class=\"spectra-image-gallery__media-thumbnail spectra-image-gallery__media-thumbnail--carousel\" src=\"https:\/\/v2charge.com\/wp-content\/uploads\/2023\/12\/configurazione-e-charger-1.jpg\" alt=\"\" loading=\"lazy\" \/>\n\t\t\t\t<\/picture>\n\t\t\t\t<div class=\"spectra-image-gallery__media-thumbnail-blurrer\"><\/div>\n\t\t\t\t\t\t\t<\/div>\n\t\t\t\t\t\t\t\t<div class=\"spectra-image-gallery__media-thumbnail-caption-wrapper spectra-image-gallery__media-thumbnail-caption-wrapper--bar-outside\">\n\t\t\t\t\t\t\t\t\t\t<div class=\"spectra-image-gallery__media-thumbnail-caption spectra-image-gallery__media-thumbnail-caption--bar-outside\">\n\t\t\t\t\t<strong>PASSO 3<\/strong><br>Accesso alla sua configurazione\t\t\t\t<\/div>\n\t\t\t\t\t\t\t\t<\/div>\n\t\t\t\t\t\t\t<\/div>\n\t\t\t\t\t\t<div class='spectra-image-gallery__media-wrapper' data-spectra-gallery-image-id='127788'>\n\t\t\t\t\t\t\t<div class=\"spectra-image-gallery__media spectra-image-gallery__media--carousel\">\n\t\t\t\t<picture>\n\t\t\t\t\t<source media=\"(min-width: 1024px)\" srcset=\"https:\/\/v2charge.com\/wp-content\/uploads\/2023\/12\/configurazione-attivare-cdp.jpg\">\n\t\t\t\t\t<source media=\"(min-width: 768px)\" srcset=\"https:\/\/v2charge.com\/wp-content\/uploads\/2023\/12\/configurazione-attivare-cdp.jpg\">\n\t\t\t\t\t<img decoding=\"async\" class=\"spectra-image-gallery__media-thumbnail spectra-image-gallery__media-thumbnail--carousel\" src=\"https:\/\/v2charge.com\/wp-content\/uploads\/2023\/12\/configurazione-attivare-cdp.jpg\" alt=\"\" loading=\"lazy\" \/>\n\t\t\t\t<\/picture>\n\t\t\t\t<div class=\"spectra-image-gallery__media-thumbnail-blurrer\"><\/div>\n\t\t\t\t\t\t\t<\/div>\n\t\t\t\t\t\t\t\t<div class=\"spectra-image-gallery__media-thumbnail-caption-wrapper spectra-image-gallery__media-thumbnail-caption-wrapper--bar-outside\">\n\t\t\t\t\t\t\t\t\t\t<div class=\"spectra-image-gallery__media-thumbnail-caption spectra-image-gallery__media-thumbnail-caption--bar-outside\">\n\t\t\t\t\t<strong>PASSO 4<\/strong><br>Fare clic su &#8216;Controllo dinamico della potenza&#8217;\t\t\t\t<\/div>\n\t\t\t\t\t\t\t\t<\/div>\n\t\t\t\t\t\t\t<\/div>\n\t\t\t\t\t\t<div class='spectra-image-gallery__media-wrapper' data-spectra-gallery-image-id='127779'>\n\t\t\t\t\t\t\t<div class=\"spectra-image-gallery__media spectra-image-gallery__media--carousel\">\n\t\t\t\t<picture>\n\t\t\t\t\t<source media=\"(min-width: 1024px)\" srcset=\"https:\/\/v2charge.com\/wp-content\/uploads\/2023\/12\/attivare-cdp.jpg\">\n\t\t\t\t\t<source media=\"(min-width: 768px)\" srcset=\"https:\/\/v2charge.com\/wp-content\/uploads\/2023\/12\/attivare-cdp.jpg\">\n\t\t\t\t\t<img decoding=\"async\" class=\"spectra-image-gallery__media-thumbnail spectra-image-gallery__media-thumbnail--carousel\" src=\"https:\/\/v2charge.com\/wp-content\/uploads\/2023\/12\/attivare-cdp.jpg\" alt=\"\" loading=\"lazy\" \/>\n\t\t\t\t<\/picture>\n\t\t\t\t<div class=\"spectra-image-gallery__media-thumbnail-blurrer\"><\/div>\n\t\t\t\t\t\t\t<\/div>\n\t\t\t\t\t\t\t\t<div class=\"spectra-image-gallery__media-thumbnail-caption-wrapper spectra-image-gallery__media-thumbnail-caption-wrapper--bar-outside\">\n\t\t\t\t\t\t\t\t\t\t<div class=\"spectra-image-gallery__media-thumbnail-caption spectra-image-gallery__media-thumbnail-caption--bar-outside\">\n\t\t\t\t\t<strong>PASSO 5<\/strong><br>Attiva il controllo dinamico della potenza\t\t\t\t<\/div>\n\t\t\t\t\t\t\t\t<\/div>\n\t\t\t\t\t\t\t<\/div>\n\t\t\t\t\t\t<div class='spectra-image-gallery__media-wrapper' data-spectra-gallery-image-id='127797'>\n\t\t\t\t\t\t\t<div class=\"spectra-image-gallery__media spectra-image-gallery__media--carousel\">\n\t\t\t\t<picture>\n\t\t\t\t\t<source media=\"(min-width: 1024px)\" srcset=\"https:\/\/v2charge.com\/wp-content\/uploads\/2023\/12\/configurazione-cdp.jpg\">\n\t\t\t\t\t<source media=\"(min-width: 768px)\" srcset=\"https:\/\/v2charge.com\/wp-content\/uploads\/2023\/12\/configurazione-cdp.jpg\">\n\t\t\t\t\t<img decoding=\"async\" class=\"spectra-image-gallery__media-thumbnail spectra-image-gallery__media-thumbnail--carousel\" src=\"https:\/\/v2charge.com\/wp-content\/uploads\/2023\/12\/configurazione-cdp.jpg\" alt=\"\" loading=\"lazy\" \/>\n\t\t\t\t<\/picture>\n\t\t\t\t<div class=\"spectra-image-gallery__media-thumbnail-blurrer\"><\/div>\n\t\t\t\t\t\t\t<\/div>\n\t\t\t\t\t\t\t\t<div class=\"spectra-image-gallery__media-thumbnail-caption-wrapper spectra-image-gallery__media-thumbnail-caption-wrapper--bar-outside\">\n\t\t\t\t\t\t\t\t\t\t<div class=\"spectra-image-gallery__media-thumbnail-caption spectra-image-gallery__media-thumbnail-caption--bar-outside\">\n\t\t\t\t\t<strong>PASSO 6<\/strong><br>Selezionare lo strumento corrispondente\t\t\t\t<\/div>\n\t\t\t\t\t\t\t\t<\/div>\n\t\t\t\t\t\t\t<\/div>\n\t\t\t\t\t\t<div class='spectra-image-gallery__media-wrapper' data-spectra-gallery-image-id='127824'>\n\t\t\t\t\t\t\t<div class=\"spectra-image-gallery__media spectra-image-gallery__media--carousel\">\n\t\t\t\t<picture>\n\t\t\t\t\t<source media=\"(min-width: 1024px)\" srcset=\"https:\/\/v2charge.com\/wp-content\/uploads\/2023\/12\/configura-cdp.jpg\">\n\t\t\t\t\t<source media=\"(min-width: 768px)\" srcset=\"https:\/\/v2charge.com\/wp-content\/uploads\/2023\/12\/configura-cdp.jpg\">\n\t\t\t\t\t<img decoding=\"async\" class=\"spectra-image-gallery__media-thumbnail spectra-image-gallery__media-thumbnail--carousel\" src=\"https:\/\/v2charge.com\/wp-content\/uploads\/2023\/12\/configura-cdp.jpg\" alt=\"\" loading=\"lazy\" \/>\n\t\t\t\t<\/picture>\n\t\t\t\t<div class=\"spectra-image-gallery__media-thumbnail-blurrer\"><\/div>\n\t\t\t\t\t\t\t<\/div>\n\t\t\t\t\t\t\t\t<div class=\"spectra-image-gallery__media-thumbnail-caption-wrapper spectra-image-gallery__media-thumbnail-caption-wrapper--bar-outside\">\n\t\t\t\t\t\t\t\t\t\t<div class=\"spectra-image-gallery__media-thumbnail-caption spectra-image-gallery__media-thumbnail-caption--bar-outside\">\n\t\t\t\t\t<strong>PASSO 7<\/strong><br>Fare clic su &#8216;Configura controllo dinamico&#8217;\t\t\t\t<\/div>\n\t\t\t\t\t\t\t\t<\/div>\n\t\t\t\t\t\t\t<\/div>\n\t\t\t\t\t\t\t\t\t\t\t<\/div>\n\t\t\t\t\t\t\t<\/div>\n\t\t\t\t\t\t\t\t\t\t\t<\/div>\n\t\t\t\t\t\t\t\t\t<\/div>\n<\/div><\/div>\n\n\n\n<div class=\"wp-block-uagb-container uagb-block-9a1d7951 alignfull uagb-is-root-container\"><div class=\"uagb-container-inner-blocks-wrap\">\n<iframe width=\"1300\" height=\"600\" src=\"https:\/\/www.youtube.com\/embed\/1rxzOlEBTxo?si=yD2Ls__lWzwGpTQt\" title=\"YouTube video player\" frameborder=\"0\" allow=\"accelerometer; autoplay; clipboard-write; encrypted-media; gyroscope; picture-in-picture; web-share\" allowfullscreen><\/iframe>\n<\/div><\/div>\n\n\n\n<div class=\"wp-block-uagb-container uagb-block-dc1e019a default uagb-is-root-container\">\n<div class=\"wp-block-uagb-container uagb-block-3752a335 default uagb-is-root-container\">\n<div data-aos= \"fade\" data-aos-duration=\"400\" data-aos-delay=\"0\" data-aos-easing=\"ease\" data-aos-once=\"true\" class=\"wp-block-uagb-container uagb-block-74b681ee\">\n<div data-aos= \"fade\" data-aos-duration=\"400\" data-aos-delay=\"0\" data-aos-easing=\"ease\" data-aos-once=\"true\" class=\"wp-block-uagb-advanced-heading uagb-block-bb2fd761\"><p class=\"uagb-heading-text\">Configurazione personalizzata del controllo di potenza<\/p><\/div>\n\n\n\n<div class=\"wp-block-uagb-advanced-heading uagb-block-e42409a0\"><p class=\"uagb-heading-text\"><strong>La personalizzazione del controllo di potenza attraverso i profili di carica \u00e8 fondamentale per migliorare la gestione efficiente dell\u2019energia<\/strong><\/p><\/div>\n\n\n\n<div class=\"wp-block-uagb-advanced-heading uagb-block-19e5a900\"><p class=\"uagb-heading-text\"><strong>Adattando il sistema alle tue esigenze specifiche<\/strong>, non solo massimizzi l\u2019<strong>uso efficiente dell\u2019energia<\/strong>, ma ottieni anche un controllo completo sui profili di carica, potendo regolare i tempi, l\u2019intensit\u00e0 e il modo di carica. Questo si traduce in un <strong>risparmio sulle bollette energetiche, ottimizzando ogni risorsa e portando gli standard di efficienza energetica a un nuovo livello.<\/strong><\/p><\/div>\n\n\n\n<div class=\"wp-block-uagb-buttons uagb-buttons__outer-wrap uagb-btn__default-btn uagb-btn-tablet__default-btn uagb-btn-mobile__default-btn uagb-block-08cb6272\"><div class=\"uagb-buttons__wrap uagb-buttons-layout-wrap \">\n<div class=\"wp-block-uagb-buttons-child uagb-buttons__outer-wrap uagb-block-2e8939e1 wp-block-button\"><div class=\"uagb-button__wrapper\"><a class=\"uagb-buttons-repeater wp-block-button__link\" aria-label=\"\" href=\"https:\/\/v2charge.com\/it\/supporto\/controllo-potenza\/personalizzazione\/\" rel=\"follow noopener\" target=\"_self\" role=\"button\"><div class=\"uagb-button__link\">Personalizza il controllo di potenza<\/div><\/a><\/div><\/div>\n<\/div><\/div>\n<\/div>\n<\/div>\n\n\n\n<div class=\"wp-block-uagb-container uagb-block-08eb71f4 default uagb-is-root-container\">\n<div class=\"wp-block-uagb-container uagb-block-d081ecdd\">\n<div class=\"wp-block-uagb-advanced-heading uagb-block-fdcb9def\"><p class=\"uagb-heading-text\">Se, durante l\u2019attivazione del controllo dinamico della potenza nel punto di ricarica Trydan o Trydan Pro, si verifica un errore, sullo schermo del caricatore apparir\u00e0 un codice che corrisponde a quell\u2019errore. <strong>Scopri il diagnostico degli errori di connessione per poter utilizzare correttamente il controllo dinamico della potenza.<\/strong><\/p><\/div>\n<\/div>\n\n\n\n<div class=\"wp-block-uagb-container uagb-block-25272c8c\">\n<div class=\"wp-block-uagb-buttons uagb-buttons__outer-wrap uagb-btn__medium-btn uagb-btn-tablet__default-btn uagb-btn-mobile__default-btn uagb-block-acf5170a\"><div class=\"uagb-buttons__wrap uagb-buttons-layout-wrap \">\n<div class=\"wp-block-uagb-buttons-child uagb-buttons__outer-wrap uagb-block-a773579f wp-block-button\"><div class=\"uagb-button__wrapper\"><a class=\"uagb-buttons-repeater wp-block-button__link\" aria-label=\"\" href=\"https:\/\/v2charge.com\/it\/supporto\/controllo-potenza\/dinamico\/risoluzione-errori\/\" rel=\"follow noopener\" target=\"_self\" role=\"button\"><div class=\"uagb-button__link\">Soluzioni degli errori di connessione<\/div><\/a><\/div><\/div>\n<\/div><\/div>\n<\/div>\n<\/div>\n<\/div>\n\n\n\n<div style=\"height:40px\" aria-hidden=\"true\" class=\"wp-block-spacer uag-hide-desktop uag-hide-tab uag-hide-mob\"><\/div>\n\n\n\n<div id=\"pole\" class=\"wp-block-uagb-container uagb-block-72a4f2b8 default uagb-is-root-container\">\n<div class=\"wp-block-uagb-advanced-heading uagb-block-235004d7\"><h2 class=\"uagb-heading-text\"><strong>Controllo di potenza dinamico con Pole Pro<\/strong><\/h2><\/div>\n\n\n\n<div class=\"wp-block-uagb-advanced-heading uagb-block-fdb1ed35\"><h3 class=\"uagb-heading-text\"><strong>In quali modi \u00e8 possibile eseguire il controllo di potenza <strong>dinamico<\/strong> con Pole Pro?<\/strong><\/h3><\/div>\n\n\n\n<div id=\"medidor-v2c\" class=\"wp-block-uagb-container uagb-block-05822c16\">\n<div class=\"wp-block-uagb-container uagb-block-2db0bc27\">\n<div class=\"wp-block-uagb-advanced-heading uagb-block-03c226d4\"><h4 class=\"uagb-heading-text\"><strong>Pole Pro Meter<\/strong><\/h4><\/div>\n\n\n\n<p>Il misuratore di energia fornito da V2C utilizza pinze toroidali aperte. Per funzionare correttamente, questo misuratore <strong>deve essere installato nella rete principale di tutta l\u2019installazione.<\/strong> Questo permette di misurare il consumo sia dei punti di ricarica sia del resto dell\u2019installazione, con la <strong>possibilit\u00e0 di integrare un\u2019<a href=\"https:\/\/v2charge.com\/it\/supporto\/controllo-potenza\/dinamico\/fotovoltaica\/\">installazione fotovoltaica<\/a> che immetta energia.<\/strong><br><br><strong>Se acquisti il misuratore direttamente da V2C, tieni presente che viene gi\u00e0 preconfigurato<\/strong> per l\u2019uso. Inoltre, <strong>puoi scegliere pinze da 250, 400 o 600 ampere, in base alle esigenze specifiche della tua installazione.<\/strong><\/p>\n<\/div>\n\n\n\n<div class=\"wp-block-uagb-container uagb-block-7941539c\">\n<div class=\"wp-block-uagb-image alignright uagb-block-4a185e5c wp-block-uagb-image--layout-default wp-block-uagb-image--effect-static wp-block-uagb-image--align-right is-style-default\"><figure class=\"wp-block-uagb-image__figure\"><img decoding=\"async\" srcset=\"https:\/\/v2charge.com\/wp-content\/uploads\/2024\/06\/pole-pro-meter.jpg ,https:\/\/v2charge.com\/wp-content\/uploads\/2024\/06\/pole-pro-meter.jpg 780w, https:\/\/v2charge.com\/wp-content\/uploads\/2024\/06\/pole-pro-meter.jpg 360w\" sizes=\"auto, (max-width: 480px) 150px\" src=\"https:\/\/v2charge.com\/wp-content\/uploads\/2024\/06\/pole-pro-meter.jpg\" alt=\"\" class=\"uag-image-161147\" width=\"800\" height=\"800\" title=\"pole-pro-meter\" loading=\"lazy\" role=\"img\"\/><\/figure><\/div>\n<\/div>\n<\/div>\n\n\n\n<div class=\"wp-block-uagb-container uagb-block-bbaeb44b\">\n<div class=\"wp-block-uagb-container uagb-block-b196b75f\">\n<div class=\"wp-block-uagb-image aligncenter uagb-block-e0fe0ee6 wp-block-uagb-image--layout-default wp-block-uagb-image--effect-static wp-block-uagb-image--align-center\"><figure class=\"wp-block-uagb-image__figure\"><img decoding=\"async\" srcset=\"https:\/\/v2charge.com\/wp-content\/uploads\/2023\/11\/icon-important.png ,https:\/\/v2charge.com\/wp-content\/uploads\/2023\/11\/icon-important.png 780w, https:\/\/v2charge.com\/wp-content\/uploads\/2023\/11\/icon-important.png 360w\" sizes=\"auto, (max-width: 480px) 150px\" src=\"https:\/\/v2charge.com\/wp-content\/uploads\/2023\/11\/icon-important.png\" alt=\"\" class=\"uag-image-125013\" width=\"50\" height=\"50\" title=\"\" loading=\"lazy\" role=\"img\"\/><\/figure><\/div>\n<\/div>\n\n\n\n<div class=\"wp-block-uagb-container uagb-block-8487b223\">\n<div class=\"wp-block-uagb-advanced-heading uagb-block-a2580e96\"><p class=\"uagb-heading-text\"><strong>NOTA IMPORTANTE:<\/strong> I misuratori cablati utilizzati per il funzionamento del controllo dinamico della potenza devono essere utilizzati esclusivamente per questo scopo. <strong>Per l\u2019installazione di questi misuratori \u00e8 necessario seguire gli schemi elettrici o le indicazioni riportate nel manuale di ciascun dispositivo.<\/strong><br><br>Se hai gi\u00e0 un misuratore, devi assicurarti che sia configurato con il <strong>protocollo<\/strong> \u2018<em>Modbus<\/em>\u2019, <strong>velocit\u00e0 di trasmissione<\/strong> \u2018<em>9600<\/em>\u2019 <strong>baud<\/strong> e <strong>indirizzo di comunicazione<\/strong> \u2018<em>1<\/em>\u2019.<\/p><\/div>\n<\/div>\n<\/div>\n\n\n\n<div class=\"wp-block-uagb-container uagb-block-85756781 default uagb-is-root-container\">\n<div class=\"wp-block-uagb-container uagb-block-4004fe3f\">\n<div class=\"wp-block-uagb-image uagb-block-1ba2b1d7 wp-block-uagb-image--layout-default wp-block-uagb-image--effect-static wp-block-uagb-image--align-none\"><figure class=\"wp-block-uagb-image__figure\"><img decoding=\"async\" srcset=\"https:\/\/v2charge.com\/wp-content\/uploads\/2026\/02\/esquema-tri-pole-pro-sin-fv-1.jpg ,https:\/\/v2charge.com\/wp-content\/uploads\/2026\/02\/esquema-tri-pole-pro-sin-fv-1.jpg 780w, https:\/\/v2charge.com\/wp-content\/uploads\/2026\/02\/esquema-tri-pole-pro-sin-fv-1.jpg 360w\" sizes=\"auto, (max-width: 480px) 150px\" src=\"https:\/\/v2charge.com\/wp-content\/uploads\/2026\/02\/esquema-tri-pole-pro-sin-fv-1.jpg\" alt=\"\" class=\"uag-image-302036\" width=\"2134\" height=\"1608\" title=\"esquema-tri-pole-pro-sin-fv\" loading=\"lazy\" role=\"img\"\/><\/figure><\/div>\n\n\n\n<div class=\"wp-block-uagb-icon-list uagb-block-eb15af43\"><div class=\"uagb-icon-list__wrap\">\n<div class=\"wp-block-uagb-icon-list-child uagb-block-366e3427\"><span class=\"uagb-icon-list__source-wrap\"><img decoding=\"async\" class=\"uagb-icon-list__source-image\" src=\"https:\/\/v2charge.com\/wp-content\/uploads\/2023\/10\/uno.png\" width=\"20\" height=\"20\" loading=\"lazy\" alt=\"\"\/><\/span><span class=\"uagb-icon-list__label\">Pannello di controllo<br>dell\u2019e-Charger<\/span><\/div>\n\n\n\n<div class=\"wp-block-uagb-icon-list-child uagb-block-9d8c49b5\"><span class=\"uagb-icon-list__source-wrap\"><img decoding=\"async\" class=\"uagb-icon-list__source-image\" src=\"https:\/\/v2charge.com\/wp-content\/uploads\/2023\/10\/dos.png\" width=\"20\" height=\"20\" loading=\"lazy\" alt=\"\"\/><\/span><span class=\"uagb-icon-list__label\">Ingresso connessione <br>Modbus \u2013 UTP<\/span><\/div>\n\n\n\n<div class=\"wp-block-uagb-icon-list-child uagb-block-910445f8\"><span class=\"uagb-icon-list__source-wrap\"><img decoding=\"async\" class=\"uagb-icon-list__source-image\" src=\"https:\/\/v2charge.com\/wp-content\/uploads\/2023\/10\/tres.png\" width=\"20\" height=\"20\" loading=\"lazy\" alt=\"\"\/><\/span><span class=\"uagb-icon-list__label\">Misuratore<\/span><\/div>\n<\/div><\/div>\n<\/div>\n\n\n\n<div class=\"wp-block-uagb-container uagb-block-b1e025df\">\n<h6 class=\"wp-block-heading\" style=\"font-size:16px\"><strong><mark style=\"background-color:rgba(0, 0, 0, 0)\" class=\"has-inline-color has-contrast-color\">Per eseguire l\u2019installazione del misuratore, segui questi passaggi:<\/mark><\/strong><\/h6>\n\n\n\n<ol class=\"wp-block-list has-contrast-color has-text-color\">\n<li style=\"font-size:16px\">Alimenta il misuratore con il neutro e le fasi corrispondenti nei morsetti della parte superiore.<\/li>\n\n\n\n<li style=\"font-size:16px\">Hai bisogno solo di due fili per stabilire la comunicazione tra il contatore e l\u2019e-Charger. Il filo collegato al connettore B- del RS485 del caricatore deve essere collegato al morsetto 12 (A-), e quello collegato al connettore A deve essere collegato al morsetto 11 (B+).<\/li>\n<\/ol>\n\n\n\n<div class=\"wp-block-uagb-container uagb-block-126cf799\">\n<div class=\"wp-block-uagb-advanced-heading uagb-block-3dd6d5fa\"><p class=\"uagb-heading-text\"><strong>NOTA:<\/strong> Per effettuare la connessione Modbus, \u00e8 possibile utilizzare qualsiasi cavo schermato progettato per questo scopo, che abbia una coppia di fili. Tuttavia, un\u2019opzione conveniente \u00e8 l\u2019uso di un cavo UTP per la sua praticit\u00e0.<br><br>Nel caso si scelga un cavo UTP, si consiglia di utilizzare uno schermato di categoria 6 e di usare la stessa coppia intrecciata per ridurre al minimo i disturbi. Inoltre, \u00e8 importante che i fili UTP liberi siano isolati (ben crimpatati) e non siano in contatto tra di loro.<\/p><\/div>\n<\/div>\n<\/div>\n<\/div>\n<\/div>\n\n\n\n<div style=\"height:20px\" aria-hidden=\"true\" class=\"wp-block-spacer uag-hide-desktop uag-hide-tab uag-hide-mob\"><\/div>\n\n\n\n<div class=\"wp-block-uagb-container uagb-block-41ad684b default uagb-is-root-container\">\n<div class=\"wp-block-uagb-container uagb-block-6abdb387 default uagb-is-root-container\">\n<div data-aos= \"fade\" data-aos-duration=\"400\" data-aos-delay=\"0\" data-aos-easing=\"ease\" data-aos-once=\"true\" class=\"wp-block-uagb-container uagb-block-e3b70a17\">\n<div data-aos= \"fade\" data-aos-duration=\"400\" data-aos-delay=\"0\" data-aos-easing=\"ease\" data-aos-once=\"true\" class=\"wp-block-uagb-advanced-heading uagb-block-46c1ddf9\"><p class=\"uagb-heading-text\">Configurazione personalizzata del controllo di potenza<\/p><\/div>\n\n\n\n<div class=\"wp-block-uagb-advanced-heading uagb-block-e88db0b3\"><p class=\"uagb-heading-text\">Adattare il controllo di potenza utilizzando i profili di carica \u00e8 cruciale per una gestione energetica pi\u00f9 efficiente<\/p><\/div>\n\n\n\n<div class=\"wp-block-uagb-advanced-heading uagb-block-72099f6e\"><p class=\"uagb-heading-text\"><strong>Personalizzando il sistema alle tue esigenze specifiche<\/strong>, non solo garantisci un <strong>uso pi\u00f9 efficiente dell\u2019energia<\/strong>, ma ottieni anche un controllo completo sui profili di carica, consentendoti di regolare gli orari, l\u2019intensit\u00e0 e i modi di carica. <strong>Questo si traduce in un risparmio sulle bollette, massimizzando ogni risorsa e portando gli standard di efficienza energetica a un livello superiore.<\/strong><\/p><\/div>\n\n\n\n<div class=\"wp-block-uagb-buttons uagb-buttons__outer-wrap uagb-btn__default-btn uagb-btn-tablet__default-btn uagb-btn-mobile__default-btn uagb-block-c82de73f\"><div class=\"uagb-buttons__wrap uagb-buttons-layout-wrap \">\n<div class=\"wp-block-uagb-buttons-child uagb-buttons__outer-wrap uagb-block-642c662c wp-block-button\"><div class=\"uagb-button__wrapper\"><a class=\"uagb-buttons-repeater wp-block-button__link\" aria-label=\"\" href=\"https:\/\/v2charge.com\/it\/supporto\/controllo-potenza\/personalizzazione\/\" rel=\"follow noopener\" target=\"_self\" role=\"button\"><div class=\"uagb-button__link\">Personalizza il controllo di potenza<\/div><\/a><\/div><\/div>\n<\/div><\/div>\n<\/div>\n<\/div>\n<\/div>\n\n\n\n<div class=\"wp-block-uagb-container uagb-block-c6f38013 alignfull uagb-is-root-container\"><div class=\"uagb-container-inner-blocks-wrap\">\n<div class=\"wp-block-uagb-advanced-heading uagb-block-6963d70c\"><h2 class=\"uagb-heading-text\"><strong>Hai bisogno di supporto tecnico?<\/strong><\/h2><\/div>\n\n\n\n<div class=\"wp-block-uagb-advanced-heading uagb-block-408243eb\"><p class=\"uagb-heading-text\">Resuelve tu incidencia al instante a trav\u00e9s de nuestro Chat con IA. Si no se resuelve, genera una solicitud en el Centro de Soporte T\u00e9cnico y nos pondremos en contacto contigo lo antes posible para ofrecerte la mejor soluci\u00f3n.<\/p><\/div>\n\n\n\n<div class=\"wp-block-uagb-info-box uagb-block-12e3cf1c uagb-infobox__content-wrap  uagb-infobox-icon-left uagb-infobox-left uagb-infobox-image-valign-top wp-block-uagb-info-box--has-margin ai-chatbot-button\"><div class=\"uagb-infobox-margin-wrapper\"><div class=\"uagb-ifb-image-content\"><img decoding=\"async\" src=\"https:\/\/v2charge.com\/wp-content\/uploads\/2026\/01\/support-ai-chatbot.png\" alt=\"\" width=\"20\" height=\"19\" loading=\"lazy\"\/><\/div><div class=\"uagb-ifb-content\"><div class=\"uagb-ifb-title-wrap\"><\/div><div class=\"uagb-ifb-button-wrapper wp-block-button\"><a href=\"https:\/\/v2charge.com\/v2c-support-web\/\" class=\"uagb-infobox-cta-link wp-block-button__link\" target=\"_blank\" rel=\"noopener noreferrer\" onclick=\"return true;\"><span class=\"uagb-inline-editing\">Chiedi alla nostra Chat con IA<\/span><\/a><\/div><\/div><\/div><\/div>\n\n\n\n<div class=\"wp-block-uagb-buttons uagb-buttons__outer-wrap uagb-btn__default-btn uagb-btn-tablet__default-btn uagb-btn-mobile__default-btn uagb-block-ba1e67d1\"><div class=\"uagb-buttons__wrap uagb-buttons-layout-wrap \">\n<div class=\"wp-block-uagb-buttons-child uagb-buttons__outer-wrap uagb-block-23cfb623 wp-block-button\"><div class=\"uagb-button__wrapper\"><a class=\"uagb-buttons-repeater wp-block-button__link\" aria-label=\"\" href=\"https:\/\/v2charge.atlassian.net\/servicedesk\/customer\/portal\/3\" rel=\"follow noopener\" target=\"_blank\" role=\"button\"><div class=\"uagb-button__link\">Contatta il Supporto Tecnico<\/div><\/a><\/div><\/div>\n<\/div><\/div>\n<\/div><\/div>\n","protected":false},"excerpt":{"rendered":"<p>Controllo di potenza dinamico di uno o pi\u00f9 e-Charger Il modo pi\u00f9 comune di gestire l&#8217;energia tramite il controllo della potenza implica l&#8217;integrazione di una casa, azienda o impianto con uno o pi\u00f9 e-Charger aggiuntivi.Il controllo di potenza dinamico \u00e8 una funzionalit\u00e0 avanzata di gestione energetica che rileva in tempo reale l&#8217;uso dell&#8217;energia nella tua &#8230; <a title=\"Controllo di potenza dinamico di uno o pi\u00f9 e-Charger\" class=\"read-more\" href=\"https:\/\/v2charge.com\/it\/supporto\/controllo-potenza\/dinamico\/\" aria-label=\"Per saperne di pi\u00f9 su Controllo di potenza dinamico di uno o pi\u00f9 e-Charger\">Leggi tutto<\/a><\/p>\n","protected":false},"author":400,"featured_media":170351,"parent":186693,"menu_order":0,"comment_status":"closed","ping_status":"closed","template":"","meta":{"_eb_attr":"","content-type":"","_uag_custom_page_level_css":"","footnotes":""},"class_list":["post-125466","page","type-page","status-publish","has-post-thumbnail"],"yoast_head":"<!-- This site is optimized with the Yoast SEO plugin v25.3.1 - https:\/\/yoast.com\/wordpress\/plugins\/seo\/ -->\n<title>Controllo di Potenza Dinamico \u25b7 V2C - Area di Supporto<\/title>\n<meta name=\"description\" content=\"Controllo di potenza dinamico tra uno o pi\u00f9 e-Chargers, casa o azienda e fotovoltaico | Area di Supporto V2C\" \/>\n<meta name=\"robots\" content=\"index, follow, max-snippet:-1, max-image-preview:large, max-video-preview:-1\" \/>\n<link rel=\"canonical\" href=\"https:\/\/v2charge.com\/it\/supporto\/controllo-potenza\/dinamico\/\" \/>\n<meta property=\"og:locale\" content=\"it_IT\" \/>\n<meta property=\"og:type\" content=\"article\" \/>\n<meta property=\"og:title\" content=\"Controllo di Potenza Dinamico \u25b7 V2C - Area di Supporto\" \/>\n<meta property=\"og:description\" content=\"Controllo di potenza dinamico tra uno o pi\u00f9 e-Chargers, casa o azienda e fotovoltaico | Area di Supporto V2C\" \/>\n<meta property=\"og:url\" content=\"https:\/\/v2charge.com\/it\/supporto\/controllo-potenza\/dinamico\/\" \/>\n<meta property=\"og:site_name\" content=\"V2C\" \/>\n<meta property=\"article:publisher\" content=\"https:\/\/www.facebook.com\/V2C.Charge\" \/>\n<meta property=\"article:modified_time\" content=\"2026-02-20T14:24:52+00:00\" \/>\n<meta property=\"og:image\" content=\"https:\/\/v2charge.com\/wp-content\/uploads\/2024\/07\/v2c-electric-chargers.jpg\" \/>\n\t<meta property=\"og:image:width\" content=\"1200\" \/>\n\t<meta property=\"og:image:height\" content=\"675\" \/>\n\t<meta property=\"og:image:type\" content=\"image\/jpeg\" \/>\n<meta name=\"twitter:card\" content=\"summary_large_image\" \/>\n<meta name=\"twitter:site\" content=\"@V2C_Charge\" \/>\n<meta name=\"twitter:label1\" content=\"Tempo di lettura stimato\" \/>\n\t<meta name=\"twitter:data1\" content=\"23 minuti\" \/>\n<script type=\"application\/ld+json\" class=\"yoast-schema-graph\">{\"@context\":\"https:\/\/schema.org\",\"@graph\":[{\"@type\":\"WebPage\",\"@id\":\"https:\/\/v2charge.com\/it\/supporto\/controllo-potenza\/dinamico\/\",\"url\":\"https:\/\/v2charge.com\/it\/supporto\/controllo-potenza\/dinamico\/\",\"name\":\"Controllo di Potenza Dinamico \u25b7 V2C - Area di Supporto\",\"isPartOf\":{\"@id\":\"https:\/\/v2charge.com\/it\/#website\"},\"primaryImageOfPage\":{\"@id\":\"https:\/\/v2charge.com\/it\/supporto\/controllo-potenza\/dinamico\/#primaryimage\"},\"image\":{\"@id\":\"https:\/\/v2charge.com\/it\/supporto\/controllo-potenza\/dinamico\/#primaryimage\"},\"thumbnailUrl\":\"https:\/\/v2charge.com\/wp-content\/uploads\/2024\/07\/v2c-electric-chargers.jpg\",\"datePublished\":\"2023-12-11T12:15:25+00:00\",\"dateModified\":\"2026-02-20T14:24:52+00:00\",\"description\":\"Controllo di potenza dinamico tra uno o pi\u00f9 e-Chargers, casa o azienda e fotovoltaico | Area di Supporto V2C\",\"breadcrumb\":{\"@id\":\"https:\/\/v2charge.com\/it\/supporto\/controllo-potenza\/dinamico\/#breadcrumb\"},\"inLanguage\":\"it-IT\",\"potentialAction\":[{\"@type\":\"ReadAction\",\"target\":[\"https:\/\/v2charge.com\/it\/supporto\/controllo-potenza\/dinamico\/\"]}]},{\"@type\":\"ImageObject\",\"inLanguage\":\"it-IT\",\"@id\":\"https:\/\/v2charge.com\/it\/supporto\/controllo-potenza\/dinamico\/#primaryimage\",\"url\":\"https:\/\/v2charge.com\/wp-content\/uploads\/2024\/07\/v2c-electric-chargers.jpg\",\"contentUrl\":\"https:\/\/v2charge.com\/wp-content\/uploads\/2024\/07\/v2c-electric-chargers.jpg\",\"width\":1200,\"height\":675,\"caption\":\"V2C Electric Chargers\"},{\"@type\":\"BreadcrumbList\",\"@id\":\"https:\/\/v2charge.com\/it\/supporto\/controllo-potenza\/dinamico\/#breadcrumb\",\"itemListElement\":[{\"@type\":\"ListItem\",\"position\":1,\"name\":\"V2C\",\"item\":\"https:\/\/v2charge.com\/it\/\"},{\"@type\":\"ListItem\",\"position\":2,\"name\":\"Area di supporto\",\"item\":\"https:\/\/v2charge.com\/it\/supporto\/\"},{\"@type\":\"ListItem\",\"position\":3,\"name\":\"Controllo di potenza\",\"item\":\"https:\/\/v2charge.com\/it\/supporto\/controllo-potenza\/\"},{\"@type\":\"ListItem\",\"position\":4,\"name\":\"Dinamico\"}]},{\"@type\":\"WebSite\",\"@id\":\"https:\/\/v2charge.com\/it\/#website\",\"url\":\"https:\/\/v2charge.com\/it\/\",\"name\":\"V2C\",\"description\":\"#CargandoElMa\u00f1ana\",\"publisher\":{\"@id\":\"https:\/\/v2charge.com\/it\/#organization\"},\"potentialAction\":[{\"@type\":\"SearchAction\",\"target\":{\"@type\":\"EntryPoint\",\"urlTemplate\":\"https:\/\/v2charge.com\/it\/?s={search_term_string}\"},\"query-input\":{\"@type\":\"PropertyValueSpecification\",\"valueRequired\":true,\"valueName\":\"search_term_string\"}}],\"inLanguage\":\"it-IT\"},{\"@type\":\"Organization\",\"@id\":\"https:\/\/v2charge.com\/it\/#organization\",\"name\":\"V2C\",\"url\":\"https:\/\/v2charge.com\/it\/\",\"logo\":{\"@type\":\"ImageObject\",\"inLanguage\":\"it-IT\",\"@id\":\"https:\/\/v2charge.com\/it\/#\/schema\/logo\/image\/\",\"url\":\"https:\/\/v2charge.com\/wp-content\/uploads\/2024\/11\/cropped-v2c-charge-logo-menu.png\",\"contentUrl\":\"https:\/\/v2charge.com\/wp-content\/uploads\/2024\/11\/cropped-v2c-charge-logo-menu.png\",\"width\":984,\"height\":431,\"caption\":\"V2C\"},\"image\":{\"@id\":\"https:\/\/v2charge.com\/it\/#\/schema\/logo\/image\/\"},\"sameAs\":[\"https:\/\/www.facebook.com\/V2C.Charge\",\"https:\/\/x.com\/V2C_Charge\",\"https:\/\/www.instagram.com\/v2c.charge\/\",\"https:\/\/www.youtube.com\/@V2C\",\"https:\/\/www.linkedin.com\/company\/v2c-chargers\/\"]}]}<\/script>\n<!-- \/ Yoast SEO plugin. -->","yoast_head_json":{"title":"Controllo di Potenza Dinamico \u25b7 V2C - Area di Supporto","description":"Controllo di potenza dinamico tra uno o pi\u00f9 e-Chargers, casa o azienda e fotovoltaico | Area di Supporto V2C","robots":{"index":"index","follow":"follow","max-snippet":"max-snippet:-1","max-image-preview":"max-image-preview:large","max-video-preview":"max-video-preview:-1"},"canonical":"https:\/\/v2charge.com\/it\/supporto\/controllo-potenza\/dinamico\/","og_locale":"it_IT","og_type":"article","og_title":"Controllo di Potenza Dinamico \u25b7 V2C - Area di Supporto","og_description":"Controllo di potenza dinamico tra uno o pi\u00f9 e-Chargers, casa o azienda e fotovoltaico | Area di Supporto V2C","og_url":"https:\/\/v2charge.com\/it\/supporto\/controllo-potenza\/dinamico\/","og_site_name":"V2C","article_publisher":"https:\/\/www.facebook.com\/V2C.Charge","article_modified_time":"2026-02-20T14:24:52+00:00","og_image":[{"width":1200,"height":675,"url":"https:\/\/v2charge.com\/wp-content\/uploads\/2024\/07\/v2c-electric-chargers.jpg","type":"image\/jpeg"}],"twitter_card":"summary_large_image","twitter_site":"@V2C_Charge","twitter_misc":{"Tempo di lettura stimato":"23 minuti"},"schema":{"@context":"https:\/\/schema.org","@graph":[{"@type":"WebPage","@id":"https:\/\/v2charge.com\/it\/supporto\/controllo-potenza\/dinamico\/","url":"https:\/\/v2charge.com\/it\/supporto\/controllo-potenza\/dinamico\/","name":"Controllo di Potenza Dinamico \u25b7 V2C - Area di Supporto","isPartOf":{"@id":"https:\/\/v2charge.com\/it\/#website"},"primaryImageOfPage":{"@id":"https:\/\/v2charge.com\/it\/supporto\/controllo-potenza\/dinamico\/#primaryimage"},"image":{"@id":"https:\/\/v2charge.com\/it\/supporto\/controllo-potenza\/dinamico\/#primaryimage"},"thumbnailUrl":"https:\/\/v2charge.com\/wp-content\/uploads\/2024\/07\/v2c-electric-chargers.jpg","datePublished":"2023-12-11T12:15:25+00:00","dateModified":"2026-02-20T14:24:52+00:00","description":"Controllo di potenza dinamico tra uno o pi\u00f9 e-Chargers, casa o azienda e fotovoltaico | Area di Supporto V2C","breadcrumb":{"@id":"https:\/\/v2charge.com\/it\/supporto\/controllo-potenza\/dinamico\/#breadcrumb"},"inLanguage":"it-IT","potentialAction":[{"@type":"ReadAction","target":["https:\/\/v2charge.com\/it\/supporto\/controllo-potenza\/dinamico\/"]}]},{"@type":"ImageObject","inLanguage":"it-IT","@id":"https:\/\/v2charge.com\/it\/supporto\/controllo-potenza\/dinamico\/#primaryimage","url":"https:\/\/v2charge.com\/wp-content\/uploads\/2024\/07\/v2c-electric-chargers.jpg","contentUrl":"https:\/\/v2charge.com\/wp-content\/uploads\/2024\/07\/v2c-electric-chargers.jpg","width":1200,"height":675,"caption":"V2C Electric Chargers"},{"@type":"BreadcrumbList","@id":"https:\/\/v2charge.com\/it\/supporto\/controllo-potenza\/dinamico\/#breadcrumb","itemListElement":[{"@type":"ListItem","position":1,"name":"V2C","item":"https:\/\/v2charge.com\/it\/"},{"@type":"ListItem","position":2,"name":"Area di supporto","item":"https:\/\/v2charge.com\/it\/supporto\/"},{"@type":"ListItem","position":3,"name":"Controllo di potenza","item":"https:\/\/v2charge.com\/it\/supporto\/controllo-potenza\/"},{"@type":"ListItem","position":4,"name":"Dinamico"}]},{"@type":"WebSite","@id":"https:\/\/v2charge.com\/it\/#website","url":"https:\/\/v2charge.com\/it\/","name":"V2C","description":"#CargandoElMa\u00f1ana","publisher":{"@id":"https:\/\/v2charge.com\/it\/#organization"},"potentialAction":[{"@type":"SearchAction","target":{"@type":"EntryPoint","urlTemplate":"https:\/\/v2charge.com\/it\/?s={search_term_string}"},"query-input":{"@type":"PropertyValueSpecification","valueRequired":true,"valueName":"search_term_string"}}],"inLanguage":"it-IT"},{"@type":"Organization","@id":"https:\/\/v2charge.com\/it\/#organization","name":"V2C","url":"https:\/\/v2charge.com\/it\/","logo":{"@type":"ImageObject","inLanguage":"it-IT","@id":"https:\/\/v2charge.com\/it\/#\/schema\/logo\/image\/","url":"https:\/\/v2charge.com\/wp-content\/uploads\/2024\/11\/cropped-v2c-charge-logo-menu.png","contentUrl":"https:\/\/v2charge.com\/wp-content\/uploads\/2024\/11\/cropped-v2c-charge-logo-menu.png","width":984,"height":431,"caption":"V2C"},"image":{"@id":"https:\/\/v2charge.com\/it\/#\/schema\/logo\/image\/"},"sameAs":["https:\/\/www.facebook.com\/V2C.Charge","https:\/\/x.com\/V2C_Charge","https:\/\/www.instagram.com\/v2c.charge\/","https:\/\/www.youtube.com\/@V2C","https:\/\/www.linkedin.com\/company\/v2c-chargers\/"]}]}},"uagb_featured_image_src":{"full":["https:\/\/v2charge.com\/wp-content\/uploads\/2024\/07\/v2c-electric-chargers.jpg",1200,675,false],"thumbnail":["https:\/\/v2charge.com\/wp-content\/uploads\/2024\/07\/v2c-electric-chargers-150x150.jpg",150,150,true],"medium":["https:\/\/v2charge.com\/wp-content\/uploads\/2024\/07\/v2c-electric-chargers-300x169.jpg",300,169,true],"medium_large":["https:\/\/v2charge.com\/wp-content\/uploads\/2024\/07\/v2c-electric-chargers-768x432.jpg",768,432,true],"large":["https:\/\/v2charge.com\/wp-content\/uploads\/2024\/07\/v2c-electric-chargers-1024x576.jpg",1024,576,true],"gs-tiny":["https:\/\/v2charge.com\/wp-content\/uploads\/2024\/07\/v2c-electric-chargers.jpg",50,28,false],"xl":["https:\/\/v2charge.com\/wp-content\/uploads\/2024\/07\/v2c-electric-chargers.jpg",1200,675,false],"xxl":["https:\/\/v2charge.com\/wp-content\/uploads\/2024\/07\/v2c-electric-chargers.jpg",1200,675,false],"xxxl":["https:\/\/v2charge.com\/wp-content\/uploads\/2024\/07\/v2c-electric-chargers.jpg",1200,675,false],"xxxxl":["https:\/\/v2charge.com\/wp-content\/uploads\/2024\/07\/v2c-electric-chargers.jpg",1200,675,false],"xxxxxl":["https:\/\/v2charge.com\/wp-content\/uploads\/2024\/07\/v2c-electric-chargers.jpg",1200,675,false],"1536x1536":["https:\/\/v2charge.com\/wp-content\/uploads\/2024\/07\/v2c-electric-chargers.jpg",1200,675,false],"2048x2048":["https:\/\/v2charge.com\/wp-content\/uploads\/2024\/07\/v2c-electric-chargers.jpg",1200,675,false]},"uagb_author_info":{"display_name":"V2C","author_link":"https:\/\/v2charge.com\/it\/author\/marketing\/"},"uagb_comment_info":0,"uagb_excerpt":"Controllo di potenza dinamico di uno o pi\u00f9 e-Charger Il modo pi\u00f9 comune di gestire l&#8217;energia tramite il controllo della potenza implica l&#8217;integrazione di una casa, azienda o impianto con uno o pi\u00f9 e-Charger aggiuntivi.Il controllo di potenza dinamico \u00e8 una funzionalit\u00e0 avanzata di gestione energetica che rileva in tempo reale l&#8217;uso dell&#8217;energia nella tua&hellip;","_links":{"self":[{"href":"https:\/\/v2charge.com\/it\/wp-json\/wp\/v2\/pages\/125466","targetHints":{"allow":["GET"]}}],"collection":[{"href":"https:\/\/v2charge.com\/it\/wp-json\/wp\/v2\/pages"}],"about":[{"href":"https:\/\/v2charge.com\/it\/wp-json\/wp\/v2\/types\/page"}],"author":[{"embeddable":true,"href":"https:\/\/v2charge.com\/it\/wp-json\/wp\/v2\/users\/400"}],"replies":[{"embeddable":true,"href":"https:\/\/v2charge.com\/it\/wp-json\/wp\/v2\/comments?post=125466"}],"version-history":[{"count":5,"href":"https:\/\/v2charge.com\/it\/wp-json\/wp\/v2\/pages\/125466\/revisions"}],"predecessor-version":[{"id":302067,"href":"https:\/\/v2charge.com\/it\/wp-json\/wp\/v2\/pages\/125466\/revisions\/302067"}],"up":[{"embeddable":true,"href":"https:\/\/v2charge.com\/it\/wp-json\/wp\/v2\/pages\/186693"}],"wp:featuredmedia":[{"embeddable":true,"href":"https:\/\/v2charge.com\/it\/wp-json\/wp\/v2\/media\/170351"}],"wp:attachment":[{"href":"https:\/\/v2charge.com\/it\/wp-json\/wp\/v2\/media?parent=125466"}],"curies":[{"name":"wp","href":"https:\/\/api.w.org\/{rel}","templated":true}]}}