{"id":109840,"date":"2023-07-11T10:05:52","date_gmt":"2023-07-11T10:05:52","guid":{"rendered":"https:\/\/v2charge.com\/?page_id=109840"},"modified":"2025-04-30T16:02:17","modified_gmt":"2025-04-30T14:02:17","slug":"turbo-energy-deye-inverter","status":"publish","type":"page","link":"https:\/\/v2charge.com\/pl\/wsparcie\/kontrola-mocy\/dynamiczna\/fotowoltaika\/turbo-energy-deye-inverter\/","title":{"rendered":"Integracja inwertera Turbo Energy\/Deye z Trydan"},"content":{"rendered":"\n<div class=\"wp-block-uagb-container uagb-block-4c85d13f alignfull uagb-is-root-container\"><div class=\"uagb-container-inner-blocks-wrap\"><div class=\"yoast-breadcrumbs\"><span><span><a href=\"https:\/\/v2charge.com\/pl\/\">V2C<\/a><\/span> \u00bb <span><a href=\"https:\/\/v2charge.com\/pl\/wsparcie\/\">Obszar Wsparcie<\/a><\/span> \u00bb <span><a href=\"https:\/\/v2charge.com\/pl\/wsparcie\/kontrola-mocy\/\">Kontrola Mocy<\/a><\/span> \u00bb <span><a href=\"https:\/\/v2charge.com\/pl\/wsparcie\/kontrola-mocy\/dynamiczna\/\">Dynamiczna<\/a><\/span> \u00bb <span><a href=\"https:\/\/v2charge.com\/pl\/wsparcie\/kontrola-mocy\/dynamiczna\/fotowoltaika\/\">Fotowoltaika<\/a><\/span> \u00bb <span class=\"breadcrumb_last\" aria-current=\"page\">Integracja inwertera Turbo Energy\/Deye z Trydan<\/span><\/span><\/div>\n\n\n<div class=\"wp-block-uagb-advanced-heading uagb-block-12c58558\"><h1 class=\"uagb-heading-text\">Integracja falownika Turbo Energy\/Deye z Trydan<\/h1><\/div>\n\n\n\n<div class=\"wp-block-uagb-container uagb-block-3b968dd8 default uagb-is-root-container\">\n<div class=\"wp-block-uagb-container uagb-block-97a41c67\">\n<div class=\"wp-block-uagb-advanced-heading uagb-block-b324947d\"><p class=\"uagb-heading-text\"><strong>Deye <\/strong>to producent falownik\u00f3w, kt\u00f3ry sprzedaje swoje produkty r\u00f3wnie\u017c pod r\u00f3\u017cnymi markami innym firmom, takimi jak Turbo Energy (najbardziej znana w Hiszpanii), SunSynk czy Sol-Ark. Ten falownik jest kompatybilny ze stacj\u0105 \u0142adowania Trydan, co pozwala na maksymalne wykorzystanie energii s\u0142onecznej. Po\u0142\u0105czenie odbywa si\u0119 za pomoc\u0105 kabla \u2013 nie jest mo\u017cliwe po\u0142\u0105czenie przez Wi-Fi, jak w przypadku innych falownik\u00f3w. Przypominamy, \u017ce poniewa\u017c falownik wsp\u00f3\u0142pracuje z bateriami, najlepszym sposobem pod\u0142\u0105czenia jest bezpo\u015brednie po\u0142\u0105czenie z urz\u0105dzeniem.<\/p><\/div>\n\n\n\n<div class=\"wp-block-uagb-advanced-heading uagb-block-71d14780\"><p class=\"uagb-heading-text\">Po\u0142\u0105czenie odbywa si\u0119 poprzez <strong>protok\u00f3\u0142 RS485-Modbus<\/strong>. W tym celu nale\u017cy zidentyfikowa\u0107 przewody A i B tego protoko\u0142u.<\/p><\/div>\n<\/div>\n\n\n\n<div class=\"wp-block-uagb-container uagb-block-77363d8a\">\n<figure class=\"wp-block-image size-full\"><img decoding=\"async\" width=\"250\" height=\"104\" src=\"https:\/\/v2charge.com\/wp-content\/uploads\/2023\/12\/logo-deye.png\" alt=\"\" class=\"wp-image-129528\"\/><\/figure>\n<\/div>\n<\/div>\n\n\n\t\t\t\t<div class=\"wp-block-uagb-table-of-contents uagb-toc__align-left uagb-toc__columns-1  uagb-block-7ec2545f      \"\n\t\t\t\t\tdata-scroll= \"1\"\n\t\t\t\t\tdata-offset= \"30\"\n\t\t\t\t\tstyle=\"\"\n\t\t\t\t>\n\t\t\t\t<div class=\"uagb-toc__wrap\">\n\t\t\t\t\t\t<div class=\"uagb-toc__title\">\n\t\t\t\t\t\t\tTable Of Contents\t\t\t\t\t\t<\/div>\n\t\t\t\t\t\t\t\t\t\t\t\t\t\t\t\t\t\t\t\t\t\t<div class=\"uagb-toc__list-wrap \">\n\t\t\t\t\t\t<ol class=\"uagb-toc__list\"><li class=\"uagb-toc__list\"><a href=\"#po\u0142\u0105czenie-kablowe-z-falownikiem\" class=\"uagb-toc-link__trigger\">Po\u0142\u0105czenie kablowe z falownikiem<\/a><ul class=\"uagb-toc__list\"><li class=\"uagb-toc__list\"><a href=\"#deyesunsynkturbo-energy-5k\" class=\"uagb-toc-link__trigger\">Deye\/SunSynk\/Turbo Energy 5K<\/a><li class=\"uagb-toc__list\"><li class=\"uagb-toc__list\"><a href=\"#deyesunsynk-8k\" class=\"uagb-toc-link__trigger\">Deye\/SunSynk 8K<\/a><li class=\"uagb-toc__list\"><li class=\"uagb-toc__list\"><a href=\"#deyesunsynk-16k\" class=\"uagb-toc-link__trigger\">Deye\/SunSynk 16K<\/a><li class=\"uagb-toc__list\"><li class=\"uagb-toc__list\"><a href=\"#deyesunsynk-3-phase\" class=\"uagb-toc-link__trigger\">Deye\/SunSynk 3 Phase<\/a><\/li><\/ul><\/li><li class=\"uagb-toc__list\"><a href=\"#po\u0142\u0105czenie-kablowe-ze-stacj\u0105-\u0142adowania-trydan\" class=\"uagb-toc-link__trigger\">Po\u0142\u0105czenie kablowe ze stacj\u0105 \u0142adowania Trydan<\/a><li class=\"uagb-toc__list\"><a href=\"#wyb\u00f3r-falownika-s\u0142onecznego-w-stacji-trydan\" class=\"uagb-toc-link__trigger\">Wyb\u00f3r falownika s\u0142onecznego w stacji Trydan<\/a><li class=\"uagb-toc__list\"><a href=\"#potrzebujesz-wsparcia-technicznego\" class=\"uagb-toc-link__trigger\">Potrzebujesz wsparcia technicznego?<\/a><\/ul><\/ol>\t\t\t\t\t<\/div>\n\t\t\t\t\t\t\t\t\t<\/div>\n\t\t\t\t<\/div>\n\t\t\t\n\n\n<div class=\"wp-block-uagb-container uagb-block-84f33d8f\">\n<div class=\"wp-block-uagb-info-box uagb-block-3fb4f60b uagb-infobox__content-wrap  uagb-infobox-icon-left uagb-infobox-left uagb-infobox-stacked-tablet uagb-infobox-image-valign-top wp-block-uagb-info-box--has-margin\"><div class=\"uagb-infobox-margin-wrapper\"><div class=\"uagb-ifb-image-content\"><img decoding=\"async\" src=\"https:\/\/v2charge.com\/wp-content\/uploads\/2023\/11\/numero-uno.png\" alt=\"\" width=\"35\" height=\"35\" loading=\"lazy\"\/><\/div><div class=\"uagb-ifb-content\"><div class=\"uagb-ifb-title-wrap\"><h2 class=\"uagb-ifb-title\">Po\u0142\u0105czenie kablowe z falownikiem<\/h2><\/div><\/div><\/div><\/div>\n\n\n\n<div class=\"wp-block-uagb-separator uagb-block-a3ae8b05\"><div class=\"wp-block-uagb-separator__inner\" style=\"--my-background-image:\"><\/div><\/div>\n\n\n\n<div class=\"wp-block-uagb-advanced-heading uagb-block-a1641793\"><h3 class=\"uagb-heading-text\">Deye\/SunSynk\/Turbo Energy 5K<\/h3><\/div>\n\n\n\n<div class=\"wp-block-uagb-separator uagb-block-33ed960f\"><div class=\"wp-block-uagb-separator__inner\" style=\"--my-background-image:\"><\/div><\/div>\n\n\n\n<div class=\"wp-block-uagb-advanced-heading uagb-block-8ba0b937\"><p class=\"uagb-heading-text\">Istniej\u0105 r\u00f3\u017cne modele w zale\u017cno\u015bci od roku produkcji, jednak wszystkie s\u0105 opisane w instrukcji obs\u0142ugi DEYE.<br>W dalszej cz\u0119\u015bci instrukcji mo\u017cna zobaczy\u0107, \u017ce w porcie RS485\/CAN mo\u017cna wybra\u0107 piny 1, 2 lub 7 i 8. Je\u015bli port jest ju\u017c zaj\u0119ty przez po\u0142\u0105czenie baterii przez CAN, mo\u017cna wykorzysta\u0107 port od licznika. Mo\u017cna wi\u0119c wybra\u0107 dowoln\u0105 z opcji.<br>W naszym przypadku po\u0142\u0105czenie zosta\u0142o wykonane za pomoc\u0105 portu licznika.<\/p><\/div>\n\n\n\n<div class=\"wp-block-uagb-buttons uagb-buttons__outer-wrap uagb-btn__default-btn uagb-btn-tablet__default-btn uagb-btn-mobile__default-btn uagb-block-62126170\"><div class=\"uagb-buttons__wrap uagb-buttons-layout-wrap \">\n<div class=\"wp-block-uagb-buttons-child uagb-buttons__outer-wrap uagb-block-9e9bf8e0 wp-block-button\"><div class=\"uagb-button__wrapper\"><a class=\"uagb-buttons-repeater wp-block-button__link\" aria-label=\"\" href=\"https:\/\/www.youtube.com\/watch?v=pE7AI3dLyoQ\" rel=\"follow noopener\" target=\"_blank\" role=\"button\"><div class=\"uagb-button__link\">Obejrzyj film z instalacji<\/div><\/a><\/div><\/div>\n<\/div><\/div>\n\n\n\n<div class=\"wp-block-uagb-container uagb-block-6cadec73\">\n<div class=\"wp-block-uagb-container uagb-block-d1826e2f\">\n<div class=\"wp-block-uagb-image aligncenter uagb-block-496d9849 wp-block-uagb-image--layout-default wp-block-uagb-image--effect-static wp-block-uagb-image--align-center\"><figure class=\"wp-block-uagb-image__figure\"><img decoding=\"async\"  sizes=\"auto, (max-width: 480px) 150px\" src=\"https:\/\/v2charge.com\/wp-content\/uploads\/2025\/04\/manual-inversor-deye.jpg\" alt=\"\" width=\"1000\" height=\"666\" title=\"\" loading=\"lazy\" role=\"img\"\/><\/figure><\/div>\n<\/div>\n\n\n\n<div class=\"wp-block-uagb-container uagb-block-1ec24d0e\">\n<div class=\"wp-block-uagb-image aligncenter uagb-block-c3e8740b wp-block-uagb-image--layout-default wp-block-uagb-image--effect-static wp-block-uagb-image--align-center\"><figure class=\"wp-block-uagb-image__figure\"><img decoding=\"async\"  sizes=\"auto, (max-width: 480px) 150px\" src=\"https:\/\/v2charge.com\/wp-content\/uploads\/2025\/04\/conexion-inveror-deye.jpg\" alt=\"\" width=\"650\" height=\"476\" title=\"\" loading=\"lazy\" role=\"img\"\/><\/figure><\/div>\n<\/div>\n<\/div>\n\n\n\n<div class=\"wp-block-uagb-container uagb-block-0a903d6d\">\n<div class=\"wp-block-uagb-container uagb-block-bd48cf6a\">\n<div class=\"wp-block-uagb-advanced-heading uagb-block-a101b032\"><p class=\"uagb-heading-text\">Na tym zdj\u0119ciu wida\u0107 starszy model. U\u017cyjemy portu BMS485, kt\u00f3ry dzia\u0142a tak samo jak RS485. <strong>Przew\u00f3d A to numer 7, a przew\u00f3d B to numer 8<\/strong>. Warto sprawdzi\u0107 w instrukcji, kt\u00f3ry port najlepiej wykorzysta\u0107.<\/p><\/div>\n<\/div>\n\n\n\n<div class=\"wp-block-uagb-image aligncenter uagb-block-f241a23e wp-block-uagb-image--layout-default wp-block-uagb-image--effect-static wp-block-uagb-image--align-center\"><figure class=\"wp-block-uagb-image__figure\"><img decoding=\"async\"  sizes=\"auto, (max-width: 480px) 150px\" src=\"https:\/\/v2charge.com\/wp-content\/uploads\/2023\/04\/conexion-trydan-turbo-energy.png\" alt=\"\" width=\"728\" height=\"363\" title=\"\" loading=\"lazy\" role=\"img\"\/><\/figure><\/div>\n<\/div>\n<\/div>\n\n\n\n<div class=\"wp-block-uagb-container uagb-block-9e3c6ce9\">\n<div class=\"wp-block-uagb-advanced-heading uagb-block-77cb11c5\"><h3 class=\"uagb-heading-text\">Deye\/SunSynk 8K<\/h3><\/div>\n\n\n\n<div class=\"wp-block-uagb-separator uagb-block-4626db34\"><div class=\"wp-block-uagb-separator__inner\" style=\"--my-background-image:\"><\/div><\/div>\n\n\n\n<div class=\"wp-block-uagb-container uagb-block-a5eb0676\">\n<div class=\"wp-block-uagb-container uagb-block-7615348b\">\n<div class=\"wp-block-uagb-advanced-heading uagb-block-0bef4b1c\"><p class=\"uagb-heading-text\">Pod\u0142\u0105czamy przewody do pin\u00f3w 7 i 8, tak jak w poprzednim przypadku.<\/p><\/div>\n<\/div>\n\n\n\n<div class=\"wp-block-uagb-container uagb-block-343e2369\">\n<div class=\"wp-block-uagb-image uagb-block-29d1e5de wp-block-uagb-image--layout-default wp-block-uagb-image--effect-static wp-block-uagb-image--align-none aligncenter\"><figure class=\"wp-block-uagb-image__figure\"><img decoding=\"async\"  sizes=\"auto, (max-width: 480px) 150px\" src=\"https:\/\/v2charge.com\/wp-content\/uploads\/2023\/04\/conexion-deye-punto-de-recarga.png\" alt=\"\" width=\"727\" height=\"377\" title=\"\" loading=\"lazy\" role=\"img\"\/><\/figure><\/div>\n<\/div>\n<\/div>\n<\/div>\n\n\n\n<div class=\"wp-block-uagb-container uagb-block-32b7833a\">\n<div class=\"wp-block-uagb-advanced-heading uagb-block-222e7860\"><h3 class=\"uagb-heading-text\">Deye\/SunSynk 16K<\/h3><\/div>\n\n\n\n<div class=\"wp-block-uagb-separator uagb-block-e67f6d27\"><div class=\"wp-block-uagb-separator__inner\" style=\"--my-background-image:\"><\/div><\/div>\n\n\n\n<div class=\"wp-block-uagb-container uagb-block-1e4e8b55\">\n<div class=\"wp-block-uagb-container uagb-block-9c28c629\">\n<div class=\"wp-block-uagb-advanced-heading uagb-block-7cafe720\"><p class=\"uagb-heading-text\">Nale\u017cy pami\u0119ta\u0107, \u017ce w najnowszych modelach\/wersjach oprogramowania falownik\u00f3w 16 kW port BMS jest u\u017cywany jednocze\u015bnie do monitoringu SolarAssistant oraz do komunikacji CAN z bateri\u0105. Sprawd\u017a <a href=\"https:\/\/solar-assistant.io\/help\/deye\/2_in_1_bms_port\">port BMS 2-w-1<\/a>.<\/p><\/div>\n<\/div>\n\n\n\n<div class=\"wp-block-uagb-container uagb-block-df015fef\">\n<div class=\"wp-block-uagb-image aligncenter uagb-block-388a335e wp-block-uagb-image--layout-default wp-block-uagb-image--effect-static wp-block-uagb-image--align-center\"><figure class=\"wp-block-uagb-image__figure\"><img decoding=\"async\"  sizes=\"auto, (max-width: 480px) 150px\" src=\"https:\/\/v2charge.com\/wp-content\/uploads\/2023\/04\/modbus-trydan-punto-de-recarga-turbo-energy.png\" alt=\"\" width=\"711\" height=\"481\" title=\"\" loading=\"lazy\" role=\"img\"\/><\/figure><\/div>\n<\/div>\n<\/div>\n<\/div>\n\n\n\n<div class=\"wp-block-uagb-container uagb-block-2dee4961\">\n<div class=\"wp-block-uagb-advanced-heading uagb-block-29a7824e\"><h3 class=\"uagb-heading-text\">Deye\/SunSynk 3 Phase<\/h3><\/div>\n\n\n\n<div class=\"wp-block-uagb-separator uagb-block-2e6f22fb\"><div class=\"wp-block-uagb-separator__inner\" style=\"--my-background-image:\"><\/div><\/div>\n\n\n\n<div class=\"wp-block-uagb-container uagb-block-3c1cad65\">\n<div class=\"wp-block-uagb-container uagb-block-f92468cf\">\n<div class=\"wp-block-uagb-advanced-heading uagb-block-586e3cce\"><p class=\"uagb-heading-text\">W tym modelu nale\u017cy u\u017cy\u0107 portu Meter-485.<\/p><\/div>\n<\/div>\n\n\n\n<div class=\"wp-block-uagb-container uagb-block-e15df208\">\n<div class=\"wp-block-uagb-image aligncenter uagb-block-93f8dc29 wp-block-uagb-image--layout-default wp-block-uagb-image--effect-static wp-block-uagb-image--align-center\"><figure class=\"wp-block-uagb-image__figure\"><img decoding=\"async\"  sizes=\"auto, (max-width: 480px) 150px\" src=\"https:\/\/v2charge.com\/wp-content\/uploads\/2023\/04\/rs486-v2c-trydan.png\" alt=\"\" width=\"770\" height=\"377\" title=\"\" loading=\"lazy\" role=\"img\"\/><\/figure><\/div>\n<\/div>\n<\/div>\n<\/div>\n\n\n\n<div class=\"wp-block-uagb-container uagb-block-3c51e1a8\">\n<div class=\"wp-block-uagb-info-box uagb-block-984940db uagb-infobox__content-wrap  uagb-infobox-icon-left uagb-infobox-left uagb-infobox-stacked-tablet uagb-infobox-image-valign-top wp-block-uagb-info-box--has-margin\"><div class=\"uagb-infobox-margin-wrapper\"><div class=\"uagb-ifb-image-content\"><img decoding=\"async\" src=\"https:\/\/v2charge.com\/wp-content\/uploads\/2023\/11\/numero-dos.png\" alt=\"\" width=\"35\" height=\"35\" loading=\"lazy\"\/><\/div><div class=\"uagb-ifb-content\"><div class=\"uagb-ifb-title-wrap\"><h2 class=\"uagb-ifb-title\">Po\u0142\u0105czenie kablowe ze stacj\u0105 \u0142adowania Trydan<\/h2><\/div><\/div><\/div><\/div>\n\n\n\n<div class=\"wp-block-uagb-separator uagb-block-151fd9f7\"><div class=\"wp-block-uagb-separator__inner\" style=\"--my-background-image:\"><\/div><\/div>\n\n\n\n<div class=\"wp-block-uagb-container uagb-block-f6cfd113\">\n<div class=\"wp-block-uagb-container uagb-block-6337e32e\">\n<div class=\"wp-block-uagb-advanced-heading uagb-block-1214a570\"><p class=\"uagb-heading-text\">Po dotarciu do stacji \u0142adowania Trydan nale\u017cy pod\u0142\u0105czy\u0107 si\u0119 do wej\u015bcia RS485, kt\u00f3re znajduje si\u0119 pod pokryw\u0105. Jest to przew\u00f3d Ethernet RJ45 zintegrowany z elektronik\u0105 urz\u0105dzenia.<\/p><\/div>\n<\/div>\n\n\n\n<div class=\"wp-block-uagb-container uagb-block-229ddd43\">\n<div class=\"wp-block-uagb-image aligncenter uagb-block-a8fc38ed wp-block-uagb-image--layout-default wp-block-uagb-image--effect-static wp-block-uagb-image--align-center\"><figure class=\"wp-block-uagb-image__figure\"><img decoding=\"async\"  sizes=\"auto, (max-width: 480px) 150px\" src=\"https:\/\/v2charge.com\/wp-content\/uploads\/2023\/01\/conexion-trydan-solis-734x1024.jpg\" alt=\"\" width=\"734\" height=\"1024\" title=\"\" loading=\"lazy\" role=\"img\"\/><\/figure><\/div>\n<\/div>\n<\/div>\n\n\n\n<div class=\"wp-block-uagb-container uagb-block-08347ff4\">\n<div class=\"wp-block-uagb-container uagb-block-c99660e5\">\n<div class=\"wp-block-uagb-advanced-heading uagb-block-5e0a3e75\"><p class=\"uagb-heading-text\">Po\u0142\u0105czenie nale\u017cy wykona\u0107 zgodnie z poni\u017cszym schematem \u2013 wystarcz\u0105 dwa przewody: przew\u00f3d 4 nale\u017cy pod\u0142\u0105czy\u0107 do B, a przew\u00f3d 5 do A.<\/p><\/div>\n\n\n\n<ul class=\"wp-block-list\">\n<li><strong><strong><strong>PRZEW\u00d3D 4 NALE\u017bY POD\u0141\u0104CZY\u0106 DO PINU 8 (PRZEW\u00d3D B) FALOWNIKA S\u0141ONECZNEGO DEYE \/ TURBO ENERGY<\/strong><\/strong><\/strong><\/li>\n\n\n\n<li><strong><strong><strong>PRZEW\u00d3D A TO 5, KT\u00d3RY NALE\u017bY POD\u0141\u0104CZY\u0106 DO PINU 7 FALOWNIKA<\/strong><\/strong><\/strong><\/li>\n<\/ul>\n\n\n\n<div class=\"wp-block-uagb-container uagb-block-56fcb881 default uagb-is-root-container\">\n<div class=\"wp-block-uagb-advanced-heading uagb-block-e934575b\"><p class=\"uagb-heading-text\"><strong>Uwaga<\/strong>: w \u0142adowarkach produkowanych od po\u0142owy 2024 <strong>roku mo\u017cliwe jest bezpo\u015brednie pod\u0142\u0105czenie przewod\u00f3w A i B do p\u0142yty steruj\u0105cej<\/strong>, a nawet do p\u0142yty mocy, za pomoc\u0105 dedykowanych port\u00f3w. <strong>Nazwy s\u0105 oznaczone bezpo\u015brednio na p\u0142ycie.<\/strong><\/p><\/div>\n<\/div>\n<\/div>\n\n\n\n<div class=\"wp-block-uagb-container uagb-block-35455bb1\">\t\t\t\t\t<div\n\t\t\t\t\t\tclass=\"wp-block-uagb-image-gallery uagb-block-8d312d8f     \"\n\t\t\t\t\t\tstyle=\"\"\n\t\t\t\t\t>\n\t\t\t\t\t\t\t\t\t\t\t<div class=\"spectra-image-gallery spectra-image-gallery__layout--carousel\">\n\t\t\t\t\t\t\t\t<div class=\"uagb-slick-carousel uagb-block-8d312d8f\">\n\t\t\t\t\t\t\t\t\t\t\t\t<div class='spectra-image-gallery__media-wrapper' data-spectra-gallery-image-id='135550'>\n\t\t\t\t\t\t\t<div class=\"spectra-image-gallery__media spectra-image-gallery__media--carousel\">\n\t\t\t\t<picture>\n\t\t\t\t\t<source media=\"(min-width: 1024px)\" srcset=\"https:\/\/v2charge.com\/wp-content\/uploads\/2024\/02\/cable-a-b-rs485.jpg\">\n\t\t\t\t\t<source media=\"(min-width: 768px)\" srcset=\"https:\/\/v2charge.com\/wp-content\/uploads\/2024\/02\/cable-a-b-rs485.jpg\">\n\t\t\t\t\t<img decoding=\"async\" class=\"spectra-image-gallery__media-thumbnail spectra-image-gallery__media-thumbnail--carousel\" src=\"https:\/\/v2charge.com\/wp-content\/uploads\/2024\/02\/cable-a-b-rs485.jpg\" alt=\"\" loading=\"lazy\" \/>\n\t\t\t\t<\/picture>\n\t\t\t\t<div class=\"spectra-image-gallery__media-thumbnail-blurrer\"><\/div>\n\t\t\t\t\t\t\t<\/div>\n\t\t\t\t\t\t\t\t<div class=\"spectra-image-gallery__media-thumbnail-caption-wrapper spectra-image-gallery__media-thumbnail-caption-wrapper--bar-outside\">\n\t\t\t\t\t\t\t\t\t\t<div class=\"spectra-image-gallery__media-thumbnail-caption spectra-image-gallery__media-thumbnail-caption--bar-outside\">\n\t\t\t\t\t\t\t\t\t<\/div>\n\t\t\t\t\t\t\t\t<\/div>\n\t\t\t\t\t\t\t<\/div>\n\t\t\t\t\t\t<div class='spectra-image-gallery__media-wrapper' data-spectra-gallery-image-id='217386'>\n\t\t\t\t\t\t\t<div class=\"spectra-image-gallery__media spectra-image-gallery__media--carousel\">\n\t\t\t\t<picture>\n\t\t\t\t\t<source media=\"(min-width: 1024px)\" srcset=\"https:\/\/v2charge.com\/wp-content\/uploads\/2025\/04\/conexion-inversor-trydan.jpg\">\n\t\t\t\t\t<source media=\"(min-width: 768px)\" srcset=\"https:\/\/v2charge.com\/wp-content\/uploads\/2025\/04\/conexion-inversor-trydan.jpg\">\n\t\t\t\t\t<img decoding=\"async\" class=\"spectra-image-gallery__media-thumbnail spectra-image-gallery__media-thumbnail--carousel\" src=\"https:\/\/v2charge.com\/wp-content\/uploads\/2025\/04\/conexion-inversor-trydan.jpg\" alt=\"\" loading=\"lazy\" \/>\n\t\t\t\t<\/picture>\n\t\t\t\t<div class=\"spectra-image-gallery__media-thumbnail-blurrer\"><\/div>\n\t\t\t\t\t\t\t<\/div>\n\t\t\t\t\t\t\t\t<div class=\"spectra-image-gallery__media-thumbnail-caption-wrapper spectra-image-gallery__media-thumbnail-caption-wrapper--bar-outside\">\n\t\t\t\t\t\t\t\t\t\t<div class=\"spectra-image-gallery__media-thumbnail-caption spectra-image-gallery__media-thumbnail-caption--bar-outside\">\n\t\t\t\t\t\t\t\t\t<\/div>\n\t\t\t\t\t\t\t\t<\/div>\n\t\t\t\t\t\t\t<\/div>\n\t\t\t\t\t\t\t\t\t\t\t<\/div>\n\t\t\t\t\t\t\t<\/div>\n\t\t\t\t\t\t\t\t\t\t\t<\/div>\n\t\t\t\t\t\t\t\t\t<\/div>\n<\/div>\n<\/div>\n\n\n\n<div class=\"wp-block-uagb-container uagb-block-4662665a\">\n<div class=\"wp-block-uagb-info-box uagb-block-acf7e902 uagb-infobox__content-wrap  uagb-infobox-icon-left uagb-infobox-left uagb-infobox-stacked-tablet uagb-infobox-image-valign-top wp-block-uagb-info-box--has-margin\"><div class=\"uagb-infobox-margin-wrapper\"><div class=\"uagb-ifb-image-content\"><img decoding=\"async\" src=\"https:\/\/v2charge.com\/wp-content\/uploads\/2023\/11\/numero-tres.png\" alt=\"\" width=\"35\" height=\"35\" loading=\"lazy\"\/><\/div><div class=\"uagb-ifb-content\"><div class=\"uagb-ifb-title-wrap\"><h2 class=\"uagb-ifb-title\">Wyb\u00f3r falownika s\u0142onecznego w stacji Trydan<\/h2><\/div><\/div><\/div><\/div>\n\n\n\n<div class=\"wp-block-uagb-separator uagb-block-86fef11b\"><div class=\"wp-block-uagb-separator__inner\" style=\"--my-background-image:\"><\/div><\/div>\n\n\n\n<div class=\"wp-block-uagb-container uagb-block-89a73496 default uagb-is-root-container\">\n<div class=\"wp-block-uagb-container uagb-block-06139834\">\n<div class=\"wp-block-uagb-advanced-heading uagb-block-c6080527\"><p class=\"uagb-heading-text\">Open the V2C Cloud app, select the charging point, and then go to the settings section. Enter the <strong>Dynamic Power Control <\/strong>area and select the list of solar inverters. Once selected,<strong> choose the Turbo Energy \/ DEYE inverter<\/strong>. Select the type of installation you have and finally, <strong>select the photovoltaic indicator<\/strong>.<br><br>Wejd\u017a do aplikacji V2C Cloud, wybierz swoj\u0105 stacj\u0119 \u0142adowania, a nast\u0119pnie przejd\u017a do sekcji konfiguracji. Przejd\u017a do opcji <strong>Dynamiczna Kontrola Mocy <\/strong>i wybierz list\u0119 dost\u0119pnych falownik\u00f3w s\u0142onecznych. <strong>Po wybraniu modelu Turbo Energy \/ DEYE<\/strong>, wska\u017c typ instalacji, a <strong>na ko\u0144cu zaznacz opcj\u0119 fotowoltaicznego wska\u017anika<\/strong>.<\/p><\/div>\n<\/div>\n\n\n\n<div class=\"wp-block-uagb-container uagb-block-13c63088\">\n<div class=\"wp-block-uagb-image uagb-block-c228d149 wp-block-uagb-image--layout-default wp-block-uagb-image--effect-static wp-block-uagb-image--align-none\"><figure class=\"wp-block-uagb-image__figure\"><img decoding=\"async\"  sizes=\"auto, (max-width: 480px) 150px\" src=\"https:\/\/v2charge.com\/wp-content\/uploads\/2023\/04\/deye-ES-731x1024.jpg\" alt=\"\" width=\"731\" height=\"1024\" title=\"\" loading=\"lazy\" role=\"img\"\/><\/figure><\/div>\n<\/div>\n<\/div>\n<\/div>\n<\/div><\/div>\n\n\n\n<div class=\"wp-block-uagb-container uagb-block-007808af alignfull uagb-is-root-container\"><div class=\"uagb-container-inner-blocks-wrap\">\n<div class=\"wp-block-uagb-advanced-heading uagb-block-c587a22f\"><h2 class=\"uagb-heading-text\"><strong>Potrzebujesz wsparcia technicznego?<\/strong><\/h2><\/div>\n\n\n\n<div class=\"wp-block-uagb-advanced-heading uagb-block-4db187cf\"><p class=\"uagb-heading-text\">Wygeneruj zg\u0142oszenie w Centrum Wsparcia Technicznego, a my skontaktujemy si\u0119 z Tob\u0105 tak szybko, jak to mo\u017cliwe, aby zaoferowa\u0107 Ci najlepsze rozwi\u0105zanie.<\/p><\/div>\n\n\n\n<div class=\"wp-block-uagb-buttons uagb-buttons__outer-wrap uagb-btn__default-btn uagb-btn-tablet__default-btn uagb-btn-mobile__default-btn uagb-block-d63f9d63\"><div class=\"uagb-buttons__wrap uagb-buttons-layout-wrap \">\n<div class=\"wp-block-uagb-buttons-child uagb-buttons__outer-wrap uagb-block-7f20d348 wp-block-button\"><div class=\"uagb-button__wrapper\"><a class=\"uagb-buttons-repeater wp-block-button__link\" aria-label=\"\" href=\"https:\/\/v2charge.atlassian.net\/servicedesk\/customer\/portal\/3\" rel=\"follow noopener\" target=\"_self\" role=\"button\"><div class=\"uagb-button__link\">Kontakt z pomoc\u0105 techniczn\u0105<\/div><\/a><\/div><\/div>\n<\/div><\/div>\n<\/div><\/div>\n","protected":false},"excerpt":{"rendered":"<p>Integracja falownika Turbo Energy\/Deye z Trydan Deye to producent falownik\u00f3w, kt\u00f3ry sprzedaje swoje produkty r\u00f3wnie\u017c pod r\u00f3\u017cnymi markami innym firmom, takimi jak Turbo Energy (najbardziej znana w Hiszpanii), SunSynk czy Sol-Ark. Ten falownik jest kompatybilny ze stacj\u0105 \u0142adowania Trydan, co pozwala na maksymalne wykorzystanie energii s\u0142onecznej. Po\u0142\u0105czenie odbywa si\u0119 za pomoc\u0105 kabla \u2013 nie jest &#8230; <a title=\"Integracja inwertera Turbo Energy\/Deye z Trydan\" class=\"read-more\" href=\"https:\/\/v2charge.com\/pl\/wsparcie\/kontrola-mocy\/dynamiczna\/fotowoltaika\/turbo-energy-deye-inverter\/\" aria-label=\"Read more about Integracja inwertera Turbo Energy\/Deye z Trydan\">Dowiedz si\u0119 wi\u0119cej<\/a><\/p>\n","protected":false},"author":400,"featured_media":0,"parent":130045,"menu_order":0,"comment_status":"closed","ping_status":"closed","template":"","meta":{"_eb_attr":"","content-type":"","_uag_custom_page_level_css":"","footnotes":""},"class_list":["post-109840","page","type-page","status-publish"],"yoast_head":"<!-- This site is optimized with the Yoast SEO plugin v25.3.1 - https:\/\/yoast.com\/wordpress\/plugins\/seo\/ -->\n<title>Integracja Turbo Energy\/Deye Inverter z Trydan - V2C<\/title>\n<meta name=\"description\" content=\"Ten falownik jest kompatybilny z \u0142adowark\u0105 Trydan, umo\u017cliwiaj\u0105c pe\u0142ne wykorzystanie energii s\u0142onecznej. Po\u0142\u0105czenie odbywa si\u0119 za pomoc\u0105 kabla.\" \/>\n<meta name=\"robots\" content=\"index, follow, max-snippet:-1, max-image-preview:large, max-video-preview:-1\" \/>\n<link rel=\"canonical\" href=\"https:\/\/v2charge.com\/pl\/wsparcie\/kontrola-mocy\/dynamiczna\/fotowoltaika\/turbo-energy-deye-inverter\/\" \/>\n<meta property=\"og:locale\" content=\"pl_PL\" \/>\n<meta property=\"og:type\" content=\"article\" \/>\n<meta property=\"og:title\" content=\"Integracja Turbo Energy\/Deye Inverter z Trydan - V2C\" \/>\n<meta property=\"og:description\" content=\"Ten falownik jest kompatybilny z \u0142adowark\u0105 Trydan, umo\u017cliwiaj\u0105c pe\u0142ne wykorzystanie energii s\u0142onecznej. Po\u0142\u0105czenie odbywa si\u0119 za pomoc\u0105 kabla.\" \/>\n<meta property=\"og:url\" content=\"https:\/\/v2charge.com\/pl\/wsparcie\/kontrola-mocy\/dynamiczna\/fotowoltaika\/turbo-energy-deye-inverter\/\" \/>\n<meta property=\"og:site_name\" content=\"V2C\" \/>\n<meta property=\"article:publisher\" content=\"https:\/\/www.facebook.com\/V2C.Charge\" \/>\n<meta property=\"article:modified_time\" content=\"2025-04-30T14:02:17+00:00\" \/>\n<meta property=\"og:image\" content=\"https:\/\/v2charge.com\/wp-content\/uploads\/2023\/12\/logo-deye.png\" \/>\n\t<meta property=\"og:image:width\" content=\"250\" \/>\n\t<meta property=\"og:image:height\" content=\"104\" \/>\n\t<meta property=\"og:image:type\" content=\"image\/png\" \/>\n<meta name=\"twitter:card\" content=\"summary_large_image\" \/>\n<meta name=\"twitter:site\" content=\"@V2C_Charge\" \/>\n<meta name=\"twitter:label1\" content=\"Szacowany czas czytania\" \/>\n\t<meta name=\"twitter:data1\" content=\"5 minut\" \/>\n<script type=\"application\/ld+json\" class=\"yoast-schema-graph\">{\"@context\":\"https:\/\/schema.org\",\"@graph\":[{\"@type\":\"WebPage\",\"@id\":\"https:\/\/v2charge.com\/pl\/wsparcie\/kontrola-mocy\/dynamiczna\/fotowoltaika\/turbo-energy-deye-inverter\/\",\"url\":\"https:\/\/v2charge.com\/pl\/wsparcie\/kontrola-mocy\/dynamiczna\/fotowoltaika\/turbo-energy-deye-inverter\/\",\"name\":\"Integracja Turbo Energy\/Deye Inverter z Trydan - V2C\",\"isPartOf\":{\"@id\":\"https:\/\/v2charge.com\/pl\/#website\"},\"primaryImageOfPage\":{\"@id\":\"https:\/\/v2charge.com\/pl\/wsparcie\/kontrola-mocy\/dynamiczna\/fotowoltaika\/turbo-energy-deye-inverter\/#primaryimage\"},\"image\":{\"@id\":\"https:\/\/v2charge.com\/pl\/wsparcie\/kontrola-mocy\/dynamiczna\/fotowoltaika\/turbo-energy-deye-inverter\/#primaryimage\"},\"thumbnailUrl\":\"https:\/\/v2charge.com\/wp-content\/uploads\/2023\/12\/logo-deye.png\",\"datePublished\":\"2023-07-11T10:05:52+00:00\",\"dateModified\":\"2025-04-30T14:02:17+00:00\",\"description\":\"Ten falownik jest kompatybilny z \u0142adowark\u0105 Trydan, umo\u017cliwiaj\u0105c pe\u0142ne wykorzystanie energii s\u0142onecznej. Po\u0142\u0105czenie odbywa si\u0119 za pomoc\u0105 kabla.\",\"breadcrumb\":{\"@id\":\"https:\/\/v2charge.com\/pl\/wsparcie\/kontrola-mocy\/dynamiczna\/fotowoltaika\/turbo-energy-deye-inverter\/#breadcrumb\"},\"inLanguage\":\"pl-PL\",\"potentialAction\":[{\"@type\":\"ReadAction\",\"target\":[\"https:\/\/v2charge.com\/pl\/wsparcie\/kontrola-mocy\/dynamiczna\/fotowoltaika\/turbo-energy-deye-inverter\/\"]}]},{\"@type\":\"ImageObject\",\"inLanguage\":\"pl-PL\",\"@id\":\"https:\/\/v2charge.com\/pl\/wsparcie\/kontrola-mocy\/dynamiczna\/fotowoltaika\/turbo-energy-deye-inverter\/#primaryimage\",\"url\":\"https:\/\/v2charge.com\/wp-content\/uploads\/2023\/12\/logo-deye.png\",\"contentUrl\":\"https:\/\/v2charge.com\/wp-content\/uploads\/2023\/12\/logo-deye.png\"},{\"@type\":\"BreadcrumbList\",\"@id\":\"https:\/\/v2charge.com\/pl\/wsparcie\/kontrola-mocy\/dynamiczna\/fotowoltaika\/turbo-energy-deye-inverter\/#breadcrumb\",\"itemListElement\":[{\"@type\":\"ListItem\",\"position\":1,\"name\":\"V2C\",\"item\":\"https:\/\/v2charge.com\/pl\/\"},{\"@type\":\"ListItem\",\"position\":2,\"name\":\"Obszar Wsparcie\",\"item\":\"https:\/\/v2charge.com\/pl\/wsparcie\/\"},{\"@type\":\"ListItem\",\"position\":3,\"name\":\"Kontrola Mocy\",\"item\":\"https:\/\/v2charge.com\/pl\/wsparcie\/kontrola-mocy\/\"},{\"@type\":\"ListItem\",\"position\":4,\"name\":\"Dynamiczna\",\"item\":\"https:\/\/v2charge.com\/pl\/wsparcie\/kontrola-mocy\/dynamiczna\/\"},{\"@type\":\"ListItem\",\"position\":5,\"name\":\"Fotowoltaika\",\"item\":\"https:\/\/v2charge.com\/pl\/wsparcie\/kontrola-mocy\/dynamiczna\/fotowoltaika\/\"},{\"@type\":\"ListItem\",\"position\":6,\"name\":\"Integracja inwertera Turbo Energy\/Deye z Trydan\"}]},{\"@type\":\"WebSite\",\"@id\":\"https:\/\/v2charge.com\/pl\/#website\",\"url\":\"https:\/\/v2charge.com\/pl\/\",\"name\":\"V2C\",\"description\":\"#CargandoElMa\u00f1ana\",\"publisher\":{\"@id\":\"https:\/\/v2charge.com\/pl\/#organization\"},\"potentialAction\":[{\"@type\":\"SearchAction\",\"target\":{\"@type\":\"EntryPoint\",\"urlTemplate\":\"https:\/\/v2charge.com\/pl\/?s={search_term_string}\"},\"query-input\":{\"@type\":\"PropertyValueSpecification\",\"valueRequired\":true,\"valueName\":\"search_term_string\"}}],\"inLanguage\":\"pl-PL\"},{\"@type\":\"Organization\",\"@id\":\"https:\/\/v2charge.com\/pl\/#organization\",\"name\":\"V2C\",\"url\":\"https:\/\/v2charge.com\/pl\/\",\"logo\":{\"@type\":\"ImageObject\",\"inLanguage\":\"pl-PL\",\"@id\":\"https:\/\/v2charge.com\/pl\/#\/schema\/logo\/image\/\",\"url\":\"https:\/\/v2charge.com\/wp-content\/uploads\/2024\/11\/cropped-v2c-charge-logo-menu.png\",\"contentUrl\":\"https:\/\/v2charge.com\/wp-content\/uploads\/2024\/11\/cropped-v2c-charge-logo-menu.png\",\"width\":984,\"height\":431,\"caption\":\"V2C\"},\"image\":{\"@id\":\"https:\/\/v2charge.com\/pl\/#\/schema\/logo\/image\/\"},\"sameAs\":[\"https:\/\/www.facebook.com\/V2C.Charge\",\"https:\/\/x.com\/V2C_Charge\",\"https:\/\/www.instagram.com\/v2c.charge\/\",\"https:\/\/www.youtube.com\/@V2C\",\"https:\/\/www.linkedin.com\/company\/v2c-chargers\/\"]}]}<\/script>\n<!-- \/ Yoast SEO plugin. -->","yoast_head_json":{"title":"Integracja Turbo Energy\/Deye Inverter z Trydan - V2C","description":"Ten falownik jest kompatybilny z \u0142adowark\u0105 Trydan, umo\u017cliwiaj\u0105c pe\u0142ne wykorzystanie energii s\u0142onecznej. Po\u0142\u0105czenie odbywa si\u0119 za pomoc\u0105 kabla.","robots":{"index":"index","follow":"follow","max-snippet":"max-snippet:-1","max-image-preview":"max-image-preview:large","max-video-preview":"max-video-preview:-1"},"canonical":"https:\/\/v2charge.com\/pl\/wsparcie\/kontrola-mocy\/dynamiczna\/fotowoltaika\/turbo-energy-deye-inverter\/","og_locale":"pl_PL","og_type":"article","og_title":"Integracja Turbo Energy\/Deye Inverter z Trydan - V2C","og_description":"Ten falownik jest kompatybilny z \u0142adowark\u0105 Trydan, umo\u017cliwiaj\u0105c pe\u0142ne wykorzystanie energii s\u0142onecznej. Po\u0142\u0105czenie odbywa si\u0119 za pomoc\u0105 kabla.","og_url":"https:\/\/v2charge.com\/pl\/wsparcie\/kontrola-mocy\/dynamiczna\/fotowoltaika\/turbo-energy-deye-inverter\/","og_site_name":"V2C","article_publisher":"https:\/\/www.facebook.com\/V2C.Charge","article_modified_time":"2025-04-30T14:02:17+00:00","og_image":[{"width":250,"height":104,"url":"https:\/\/v2charge.com\/wp-content\/uploads\/2023\/12\/logo-deye.png","type":"image\/png"}],"twitter_card":"summary_large_image","twitter_site":"@V2C_Charge","twitter_misc":{"Szacowany czas czytania":"5 minut"},"schema":{"@context":"https:\/\/schema.org","@graph":[{"@type":"WebPage","@id":"https:\/\/v2charge.com\/pl\/wsparcie\/kontrola-mocy\/dynamiczna\/fotowoltaika\/turbo-energy-deye-inverter\/","url":"https:\/\/v2charge.com\/pl\/wsparcie\/kontrola-mocy\/dynamiczna\/fotowoltaika\/turbo-energy-deye-inverter\/","name":"Integracja Turbo Energy\/Deye Inverter z Trydan - V2C","isPartOf":{"@id":"https:\/\/v2charge.com\/pl\/#website"},"primaryImageOfPage":{"@id":"https:\/\/v2charge.com\/pl\/wsparcie\/kontrola-mocy\/dynamiczna\/fotowoltaika\/turbo-energy-deye-inverter\/#primaryimage"},"image":{"@id":"https:\/\/v2charge.com\/pl\/wsparcie\/kontrola-mocy\/dynamiczna\/fotowoltaika\/turbo-energy-deye-inverter\/#primaryimage"},"thumbnailUrl":"https:\/\/v2charge.com\/wp-content\/uploads\/2023\/12\/logo-deye.png","datePublished":"2023-07-11T10:05:52+00:00","dateModified":"2025-04-30T14:02:17+00:00","description":"Ten falownik jest kompatybilny z \u0142adowark\u0105 Trydan, umo\u017cliwiaj\u0105c pe\u0142ne wykorzystanie energii s\u0142onecznej. Po\u0142\u0105czenie odbywa si\u0119 za pomoc\u0105 kabla.","breadcrumb":{"@id":"https:\/\/v2charge.com\/pl\/wsparcie\/kontrola-mocy\/dynamiczna\/fotowoltaika\/turbo-energy-deye-inverter\/#breadcrumb"},"inLanguage":"pl-PL","potentialAction":[{"@type":"ReadAction","target":["https:\/\/v2charge.com\/pl\/wsparcie\/kontrola-mocy\/dynamiczna\/fotowoltaika\/turbo-energy-deye-inverter\/"]}]},{"@type":"ImageObject","inLanguage":"pl-PL","@id":"https:\/\/v2charge.com\/pl\/wsparcie\/kontrola-mocy\/dynamiczna\/fotowoltaika\/turbo-energy-deye-inverter\/#primaryimage","url":"https:\/\/v2charge.com\/wp-content\/uploads\/2023\/12\/logo-deye.png","contentUrl":"https:\/\/v2charge.com\/wp-content\/uploads\/2023\/12\/logo-deye.png"},{"@type":"BreadcrumbList","@id":"https:\/\/v2charge.com\/pl\/wsparcie\/kontrola-mocy\/dynamiczna\/fotowoltaika\/turbo-energy-deye-inverter\/#breadcrumb","itemListElement":[{"@type":"ListItem","position":1,"name":"V2C","item":"https:\/\/v2charge.com\/pl\/"},{"@type":"ListItem","position":2,"name":"Obszar Wsparcie","item":"https:\/\/v2charge.com\/pl\/wsparcie\/"},{"@type":"ListItem","position":3,"name":"Kontrola Mocy","item":"https:\/\/v2charge.com\/pl\/wsparcie\/kontrola-mocy\/"},{"@type":"ListItem","position":4,"name":"Dynamiczna","item":"https:\/\/v2charge.com\/pl\/wsparcie\/kontrola-mocy\/dynamiczna\/"},{"@type":"ListItem","position":5,"name":"Fotowoltaika","item":"https:\/\/v2charge.com\/pl\/wsparcie\/kontrola-mocy\/dynamiczna\/fotowoltaika\/"},{"@type":"ListItem","position":6,"name":"Integracja inwertera Turbo Energy\/Deye z Trydan"}]},{"@type":"WebSite","@id":"https:\/\/v2charge.com\/pl\/#website","url":"https:\/\/v2charge.com\/pl\/","name":"V2C","description":"#CargandoElMa\u00f1ana","publisher":{"@id":"https:\/\/v2charge.com\/pl\/#organization"},"potentialAction":[{"@type":"SearchAction","target":{"@type":"EntryPoint","urlTemplate":"https:\/\/v2charge.com\/pl\/?s={search_term_string}"},"query-input":{"@type":"PropertyValueSpecification","valueRequired":true,"valueName":"search_term_string"}}],"inLanguage":"pl-PL"},{"@type":"Organization","@id":"https:\/\/v2charge.com\/pl\/#organization","name":"V2C","url":"https:\/\/v2charge.com\/pl\/","logo":{"@type":"ImageObject","inLanguage":"pl-PL","@id":"https:\/\/v2charge.com\/pl\/#\/schema\/logo\/image\/","url":"https:\/\/v2charge.com\/wp-content\/uploads\/2024\/11\/cropped-v2c-charge-logo-menu.png","contentUrl":"https:\/\/v2charge.com\/wp-content\/uploads\/2024\/11\/cropped-v2c-charge-logo-menu.png","width":984,"height":431,"caption":"V2C"},"image":{"@id":"https:\/\/v2charge.com\/pl\/#\/schema\/logo\/image\/"},"sameAs":["https:\/\/www.facebook.com\/V2C.Charge","https:\/\/x.com\/V2C_Charge","https:\/\/www.instagram.com\/v2c.charge\/","https:\/\/www.youtube.com\/@V2C","https:\/\/www.linkedin.com\/company\/v2c-chargers\/"]}]}},"uagb_featured_image_src":{"full":false,"thumbnail":false,"medium":false,"medium_large":false,"large":false,"gs-tiny":false,"xl":false,"xxl":false,"xxxl":false,"xxxxl":false,"xxxxxl":false,"1536x1536":false,"2048x2048":false},"uagb_author_info":{"display_name":"V2C","author_link":"https:\/\/v2charge.com\/pl\/author\/marketing\/"},"uagb_comment_info":0,"uagb_excerpt":"Integracja falownika Turbo Energy\/Deye z Trydan Deye to producent falownik\u00f3w, kt\u00f3ry sprzedaje swoje produkty r\u00f3wnie\u017c pod r\u00f3\u017cnymi markami innym firmom, takimi jak Turbo Energy (najbardziej znana w Hiszpanii), SunSynk czy Sol-Ark. Ten falownik jest kompatybilny ze stacj\u0105 \u0142adowania Trydan, co pozwala na maksymalne wykorzystanie energii s\u0142onecznej. Po\u0142\u0105czenie odbywa si\u0119 za pomoc\u0105 kabla \u2013 nie jest&hellip;","_links":{"self":[{"href":"https:\/\/v2charge.com\/pl\/wp-json\/wp\/v2\/pages\/109840","targetHints":{"allow":["GET"]}}],"collection":[{"href":"https:\/\/v2charge.com\/pl\/wp-json\/wp\/v2\/pages"}],"about":[{"href":"https:\/\/v2charge.com\/pl\/wp-json\/wp\/v2\/types\/page"}],"author":[{"embeddable":true,"href":"https:\/\/v2charge.com\/pl\/wp-json\/wp\/v2\/users\/400"}],"replies":[{"embeddable":true,"href":"https:\/\/v2charge.com\/pl\/wp-json\/wp\/v2\/comments?post=109840"}],"version-history":[{"count":2,"href":"https:\/\/v2charge.com\/pl\/wp-json\/wp\/v2\/pages\/109840\/revisions"}],"predecessor-version":[{"id":218854,"href":"https:\/\/v2charge.com\/pl\/wp-json\/wp\/v2\/pages\/109840\/revisions\/218854"}],"up":[{"embeddable":true,"href":"https:\/\/v2charge.com\/pl\/wp-json\/wp\/v2\/pages\/130045"}],"wp:attachment":[{"href":"https:\/\/v2charge.com\/pl\/wp-json\/wp\/v2\/media?parent=109840"}],"curies":[{"name":"wp","href":"https:\/\/api.w.org\/{rel}","templated":true}]}}