{"id":113154,"date":"2023-07-13T11:45:09","date_gmt":"2023-07-13T11:45:09","guid":{"rendered":"https:\/\/v2charge.com\/?page_id=113154"},"modified":"2023-08-10T13:23:19","modified_gmt":"2023-08-10T13:23:19","slug":"jak-moge-ustawic-czas-ladowania-mojego-samochodu","status":"publish","type":"page","link":"https:\/\/v2charge.com\/pl\/jak-moge-ustawic-czas-ladowania-mojego-samochodu\/","title":{"rendered":"Jak mog\u0119 ustawi\u0107 czas \u0142adowania mojego samochodu?"},"content":{"rendered":"<div style=\"height:60px\" aria-hidden=\"true\" class=\"wp-block-spacer\"><\/div>\n<h1>Jak mog\u0119 ustawi\u0107 czas \u0142adowania mojego samochodu?<\/h1>\n<p>Punkty \u0142adowania z chmur\u0105 V2C mog\u0105 by\u0107 sterowane czasowo w bardzo prosty spos\u00f3b.<\/p>\n<h2>Poprzez aplikacj\u0119<\/h2>\n<p>Dost\u0119pne dla urz\u0105dze\u0144 z Bluetooth lub WiFi. Uzyskaj dost\u0119p do aplikacji i dotknij punktu \u0142adowania.<\/p>\n<p>Kliknij ikon\u0119 kalendarza.<\/p>\n<p>Dost\u0119pne s\u0105 dwa timery. Timer 1 i timer 2, wybierz dzie\u0144 tygodnia i godzin\u0119, kt\u00f3r\u0105 chcesz aktywowa\u0107, mo\u017cesz pracowa\u0107 z obydwoma w po\u0142\u0105czeniu. Na przyk\u0142ad poniedzia\u0142ek od 16:30 do 18:30 w timerze 1, a w timerze 2 ustaw poniedzia\u0142ek od 19:15 do 20:00. W ten spos\u00f3b mi\u0119dzy 18:30 a 19:15 punkt \u0142adowania zostanie zatrzymany.<\/p>\n<p><img decoding=\"async\" src=\"https:\/\/v2charge.com\/wp-content\/uploads\/2023\/01\/v2c-app-ajustes-calendario.jpg\" alt=\"\" class=\"wp-image-91343\" width=\"346\" height=\"485\" srcset=\"https:\/\/v2charge.com\/wp-content\/uploads\/2023\/01\/v2c-app-ajustes-calendario.jpg 1385w, https:\/\/v2charge.com\/wp-content\/uploads\/2023\/01\/v2c-app-ajustes-calendario-214x300.jpg 214w, https:\/\/v2charge.com\/wp-content\/uploads\/2023\/01\/v2c-app-ajustes-calendario-731x1024.jpg 731w, https:\/\/v2charge.com\/wp-content\/uploads\/2023\/01\/v2c-app-ajustes-calendario-768x1075.jpg 768w, https:\/\/v2charge.com\/wp-content\/uploads\/2023\/01\/v2c-app-ajustes-calendario-1097x1536.jpg 1097w\" sizes=\"(max-width: 346px) 100vw, 346px\" \/><\/p>\n<p><img decoding=\"async\" src=\"https:\/\/v2charge.com\/wp-content\/uploads\/2023\/01\/temporizar-carga-v2c-app.jpg\" alt=\"\" class=\"wp-image-91351\" width=\"346\" height=\"485\" srcset=\"https:\/\/v2charge.com\/wp-content\/uploads\/2023\/01\/temporizar-carga-v2c-app.jpg 1385w, https:\/\/v2charge.com\/wp-content\/uploads\/2023\/01\/temporizar-carga-v2c-app-214x300.jpg 214w, https:\/\/v2charge.com\/wp-content\/uploads\/2023\/01\/temporizar-carga-v2c-app-731x1024.jpg 731w, https:\/\/v2charge.com\/wp-content\/uploads\/2023\/01\/temporizar-carga-v2c-app-768x1075.jpg 768w, https:\/\/v2charge.com\/wp-content\/uploads\/2023\/01\/temporizar-carga-v2c-app-1097x1536.jpg 1097w\" sizes=\"(max-width: 346px) 100vw, 346px\" \/><\/p>\n<p><img decoding=\"async\" src=\"https:\/\/v2charge.com\/wp-content\/uploads\/2023\/01\/calendario-de-cargas-v2c-app.jpg\" alt=\"\" class=\"wp-image-91360\" width=\"346\" height=\"485\" srcset=\"https:\/\/v2charge.com\/wp-content\/uploads\/2023\/01\/calendario-de-cargas-v2c-app.jpg 1385w, https:\/\/v2charge.com\/wp-content\/uploads\/2023\/01\/calendario-de-cargas-v2c-app-214x300.jpg 214w, https:\/\/v2charge.com\/wp-content\/uploads\/2023\/01\/calendario-de-cargas-v2c-app-731x1024.jpg 731w, https:\/\/v2charge.com\/wp-content\/uploads\/2023\/01\/calendario-de-cargas-v2c-app-768x1075.jpg 768w, https:\/\/v2charge.com\/wp-content\/uploads\/2023\/01\/calendario-de-cargas-v2c-app-1097x1536.jpg 1097w\" sizes=\"(max-width: 346px) 100vw, 346px\" \/><\/p>\n<p>Po zaprogramowaniu na stronie g\u0142\u00f3wnej wska\u017ce czas nast\u0119pnego przesy\u0142ania, kt\u00f3re mo\u017cna wykona\u0107.<\/p>\n<p><img decoding=\"async\" src=\"https:\/\/v2charge.com\/wp-content\/uploads\/2023\/01\/calendario-app-v2c-app-programacio\u0301n.jpg\" alt=\"\" class=\"wp-image-91368\" width=\"346\" height=\"485\" srcset=\"https:\/\/v2charge.com\/wp-content\/uploads\/2023\/01\/calendario-app-v2c-app-programacio\u0301n.jpg 1385w, https:\/\/v2charge.com\/wp-content\/uploads\/2023\/01\/calendario-app-v2c-app-programacio\u0301n-214x300.jpg 214w, https:\/\/v2charge.com\/wp-content\/uploads\/2023\/01\/calendario-app-v2c-app-programacio\u0301n-731x1024.jpg 731w, https:\/\/v2charge.com\/wp-content\/uploads\/2023\/01\/calendario-app-v2c-app-programacio\u0301n-768x1075.jpg 768w, https:\/\/v2charge.com\/wp-content\/uploads\/2023\/01\/calendario-app-v2c-app-programacio\u0301n-1097x1536.jpg 1097w\" sizes=\"(max-width: 346px) 100vw, 346px\" \/><\/p>\n<p><em><a href=\"https:\/\/v2charge.com\/pl\/dlaczego-moj-punkt-ladowania-obniza-moc-ladowania-w-ostatniej-minucie-ladowania\/\">Dlaczego m\u00f3j punkt \u0142adowania obni\u017ca moc \u0142adowania w ostatniej minucie \u0142adowania<\/a>? Wszystkie pokazane kroki mo\u017cna r\u00f3wnie\u017c wykona\u0107 z V2C Cloud na komputerze PC, uzyskuj\u0105c dost\u0119p do ustawie\u0144 punktu \u0142adowania.<\/em><\/p>\n<div style=\"height:60px\" aria-hidden=\"true\" class=\"wp-block-spacer\"><\/div>\n","protected":false},"excerpt":{"rendered":"<p>Jak mog\u0119 ustawi\u0107 czas \u0142adowania mojego samochodu? Punkty \u0142adowania z chmur\u0105 V2C mog\u0105 by\u0107 sterowane czasowo w bardzo prosty spos\u00f3b. Poprzez aplikacj\u0119 Dost\u0119pne dla urz\u0105dze\u0144 z Bluetooth lub WiFi. Uzyskaj dost\u0119p do aplikacji i dotknij punktu \u0142adowania. Kliknij ikon\u0119 kalendarza. Dost\u0119pne s\u0105 dwa timery. Timer 1 i timer 2, wybierz dzie\u0144 tygodnia i godzin\u0119, kt\u00f3r\u0105 &#8230; <a title=\"Jak mog\u0119 ustawi\u0107 czas \u0142adowania mojego samochodu?\" class=\"read-more\" href=\"https:\/\/v2charge.com\/pl\/jak-moge-ustawic-czas-ladowania-mojego-samochodu\/\" aria-label=\"Read more about Jak mog\u0119 ustawi\u0107 czas \u0142adowania mojego samochodu?\">Dowiedz si\u0119 wi\u0119cej<\/a><\/p>\n","protected":false},"author":400,"featured_media":170352,"parent":0,"menu_order":0,"comment_status":"closed","ping_status":"closed","template":"","meta":{"_eb_attr":"","content-type":"","_uag_custom_page_level_css":"","footnotes":""},"class_list":["post-113154","page","type-page","status-publish","has-post-thumbnail"],"yoast_head":"<!-- This site is optimized with the Yoast SEO plugin v25.3.1 - https:\/\/yoast.com\/wordpress\/plugins\/seo\/ -->\n<title>Jak ustawi\u0107 czas \u0142adowania samochodu? \u25b7 Aplikacja V2C Cloud<\/title>\n<meta name=\"description\" content=\"Wyja\u015bniamy, w jaki spos\u00f3b mo\u017cna ustawi\u0107 czas \u0142adowania samochodu za pomoc\u0105 \u0142adowarki elektrycznej za po\u015brednictwem aplikacji V2C. [Obszar wsparcia]\" \/>\n<meta name=\"robots\" content=\"index, follow, max-snippet:-1, max-image-preview:large, max-video-preview:-1\" \/>\n<link rel=\"canonical\" href=\"https:\/\/v2charge.com\/pl\/jak-moge-ustawic-czas-ladowania-mojego-samochodu\/\" \/>\n<meta property=\"og:locale\" content=\"pl_PL\" \/>\n<meta property=\"og:type\" content=\"article\" \/>\n<meta property=\"og:title\" content=\"Jak ustawi\u0107 czas \u0142adowania samochodu? \u25b7 Aplikacja V2C Cloud\" \/>\n<meta property=\"og:description\" content=\"Wyja\u015bniamy, w jaki spos\u00f3b mo\u017cna ustawi\u0107 czas \u0142adowania samochodu za pomoc\u0105 \u0142adowarki elektrycznej za po\u015brednictwem aplikacji V2C. [Obszar wsparcia]\" \/>\n<meta property=\"og:url\" content=\"https:\/\/v2charge.com\/pl\/jak-moge-ustawic-czas-ladowania-mojego-samochodu\/\" \/>\n<meta property=\"og:site_name\" content=\"V2C\" \/>\n<meta property=\"article:publisher\" content=\"https:\/\/www.facebook.com\/V2C.Charge\" \/>\n<meta property=\"article:modified_time\" content=\"2023-08-10T13:23:19+00:00\" \/>\n<meta property=\"og:image\" content=\"https:\/\/v2charge.com\/wp-content\/uploads\/2023\/01\/v2c-app-ajustes-calendario.jpg\" \/>\n<meta name=\"twitter:card\" content=\"summary_large_image\" \/>\n<meta name=\"twitter:site\" content=\"@V2C_Charge\" \/>\n<meta name=\"twitter:label1\" content=\"Szacowany czas czytania\" \/>\n\t<meta name=\"twitter:data1\" content=\"2 minuty\" \/>\n<script type=\"application\/ld+json\" class=\"yoast-schema-graph\">{\"@context\":\"https:\/\/schema.org\",\"@graph\":[{\"@type\":\"WebPage\",\"@id\":\"https:\/\/v2charge.com\/pl\/jak-moge-ustawic-czas-ladowania-mojego-samochodu\/\",\"url\":\"https:\/\/v2charge.com\/pl\/jak-moge-ustawic-czas-ladowania-mojego-samochodu\/\",\"name\":\"Jak ustawi\u0107 czas \u0142adowania samochodu? \u25b7 Aplikacja V2C Cloud\",\"isPartOf\":{\"@id\":\"https:\/\/v2charge.com\/pl\/#website\"},\"primaryImageOfPage\":{\"@id\":\"https:\/\/v2charge.com\/pl\/jak-moge-ustawic-czas-ladowania-mojego-samochodu\/#primaryimage\"},\"image\":{\"@id\":\"https:\/\/v2charge.com\/pl\/jak-moge-ustawic-czas-ladowania-mojego-samochodu\/#primaryimage\"},\"thumbnailUrl\":\"https:\/\/v2charge.com\/wp-content\/uploads\/2024\/07\/v2c-electric-chargers.jpg\",\"datePublished\":\"2023-07-13T11:45:09+00:00\",\"dateModified\":\"2023-08-10T13:23:19+00:00\",\"description\":\"Wyja\u015bniamy, w jaki spos\u00f3b mo\u017cna ustawi\u0107 czas \u0142adowania samochodu za pomoc\u0105 \u0142adowarki elektrycznej za po\u015brednictwem aplikacji V2C. [Obszar wsparcia]\",\"breadcrumb\":{\"@id\":\"https:\/\/v2charge.com\/pl\/jak-moge-ustawic-czas-ladowania-mojego-samochodu\/#breadcrumb\"},\"inLanguage\":\"pl-PL\",\"potentialAction\":[{\"@type\":\"ReadAction\",\"target\":[\"https:\/\/v2charge.com\/pl\/jak-moge-ustawic-czas-ladowania-mojego-samochodu\/\"]}]},{\"@type\":\"ImageObject\",\"inLanguage\":\"pl-PL\",\"@id\":\"https:\/\/v2charge.com\/pl\/jak-moge-ustawic-czas-ladowania-mojego-samochodu\/#primaryimage\",\"url\":\"https:\/\/v2charge.com\/wp-content\/uploads\/2024\/07\/v2c-electric-chargers.jpg\",\"contentUrl\":\"https:\/\/v2charge.com\/wp-content\/uploads\/2024\/07\/v2c-electric-chargers.jpg\",\"width\":1200,\"height\":675,\"caption\":\"V2C Electric Chargers\"},{\"@type\":\"BreadcrumbList\",\"@id\":\"https:\/\/v2charge.com\/pl\/jak-moge-ustawic-czas-ladowania-mojego-samochodu\/#breadcrumb\",\"itemListElement\":[{\"@type\":\"ListItem\",\"position\":1,\"name\":\"V2C\",\"item\":\"https:\/\/v2charge.com\/pl\/\"},{\"@type\":\"ListItem\",\"position\":2,\"name\":\"Jak mog\u0119 ustawi\u0107 czas \u0142adowania mojego samochodu?\"}]},{\"@type\":\"WebSite\",\"@id\":\"https:\/\/v2charge.com\/pl\/#website\",\"url\":\"https:\/\/v2charge.com\/pl\/\",\"name\":\"V2C\",\"description\":\"#CargandoElMa\u00f1ana\",\"publisher\":{\"@id\":\"https:\/\/v2charge.com\/pl\/#organization\"},\"potentialAction\":[{\"@type\":\"SearchAction\",\"target\":{\"@type\":\"EntryPoint\",\"urlTemplate\":\"https:\/\/v2charge.com\/pl\/?s={search_term_string}\"},\"query-input\":{\"@type\":\"PropertyValueSpecification\",\"valueRequired\":true,\"valueName\":\"search_term_string\"}}],\"inLanguage\":\"pl-PL\"},{\"@type\":\"Organization\",\"@id\":\"https:\/\/v2charge.com\/pl\/#organization\",\"name\":\"V2C\",\"url\":\"https:\/\/v2charge.com\/pl\/\",\"logo\":{\"@type\":\"ImageObject\",\"inLanguage\":\"pl-PL\",\"@id\":\"https:\/\/v2charge.com\/pl\/#\/schema\/logo\/image\/\",\"url\":\"https:\/\/v2charge.com\/wp-content\/uploads\/2024\/11\/cropped-v2c-charge-logo-menu.png\",\"contentUrl\":\"https:\/\/v2charge.com\/wp-content\/uploads\/2024\/11\/cropped-v2c-charge-logo-menu.png\",\"width\":984,\"height\":431,\"caption\":\"V2C\"},\"image\":{\"@id\":\"https:\/\/v2charge.com\/pl\/#\/schema\/logo\/image\/\"},\"sameAs\":[\"https:\/\/www.facebook.com\/V2C.Charge\",\"https:\/\/x.com\/V2C_Charge\",\"https:\/\/www.instagram.com\/v2c.charge\/\",\"https:\/\/www.youtube.com\/@V2C\",\"https:\/\/www.linkedin.com\/company\/v2c-chargers\/\"]}]}<\/script>\n<!-- \/ Yoast SEO plugin. -->","yoast_head_json":{"title":"Jak ustawi\u0107 czas \u0142adowania samochodu? \u25b7 Aplikacja V2C Cloud","description":"Wyja\u015bniamy, w jaki spos\u00f3b mo\u017cna ustawi\u0107 czas \u0142adowania samochodu za pomoc\u0105 \u0142adowarki elektrycznej za po\u015brednictwem aplikacji V2C. [Obszar wsparcia]","robots":{"index":"index","follow":"follow","max-snippet":"max-snippet:-1","max-image-preview":"max-image-preview:large","max-video-preview":"max-video-preview:-1"},"canonical":"https:\/\/v2charge.com\/pl\/jak-moge-ustawic-czas-ladowania-mojego-samochodu\/","og_locale":"pl_PL","og_type":"article","og_title":"Jak ustawi\u0107 czas \u0142adowania samochodu? \u25b7 Aplikacja V2C Cloud","og_description":"Wyja\u015bniamy, w jaki spos\u00f3b mo\u017cna ustawi\u0107 czas \u0142adowania samochodu za pomoc\u0105 \u0142adowarki elektrycznej za po\u015brednictwem aplikacji V2C. [Obszar wsparcia]","og_url":"https:\/\/v2charge.com\/pl\/jak-moge-ustawic-czas-ladowania-mojego-samochodu\/","og_site_name":"V2C","article_publisher":"https:\/\/www.facebook.com\/V2C.Charge","article_modified_time":"2023-08-10T13:23:19+00:00","og_image":[{"url":"https:\/\/v2charge.com\/wp-content\/uploads\/2023\/01\/v2c-app-ajustes-calendario.jpg","type":"","width":"","height":""}],"twitter_card":"summary_large_image","twitter_site":"@V2C_Charge","twitter_misc":{"Szacowany czas czytania":"2 minuty"},"schema":{"@context":"https:\/\/schema.org","@graph":[{"@type":"WebPage","@id":"https:\/\/v2charge.com\/pl\/jak-moge-ustawic-czas-ladowania-mojego-samochodu\/","url":"https:\/\/v2charge.com\/pl\/jak-moge-ustawic-czas-ladowania-mojego-samochodu\/","name":"Jak ustawi\u0107 czas \u0142adowania samochodu? \u25b7 Aplikacja V2C Cloud","isPartOf":{"@id":"https:\/\/v2charge.com\/pl\/#website"},"primaryImageOfPage":{"@id":"https:\/\/v2charge.com\/pl\/jak-moge-ustawic-czas-ladowania-mojego-samochodu\/#primaryimage"},"image":{"@id":"https:\/\/v2charge.com\/pl\/jak-moge-ustawic-czas-ladowania-mojego-samochodu\/#primaryimage"},"thumbnailUrl":"https:\/\/v2charge.com\/wp-content\/uploads\/2024\/07\/v2c-electric-chargers.jpg","datePublished":"2023-07-13T11:45:09+00:00","dateModified":"2023-08-10T13:23:19+00:00","description":"Wyja\u015bniamy, w jaki spos\u00f3b mo\u017cna ustawi\u0107 czas \u0142adowania samochodu za pomoc\u0105 \u0142adowarki elektrycznej za po\u015brednictwem aplikacji V2C. [Obszar wsparcia]","breadcrumb":{"@id":"https:\/\/v2charge.com\/pl\/jak-moge-ustawic-czas-ladowania-mojego-samochodu\/#breadcrumb"},"inLanguage":"pl-PL","potentialAction":[{"@type":"ReadAction","target":["https:\/\/v2charge.com\/pl\/jak-moge-ustawic-czas-ladowania-mojego-samochodu\/"]}]},{"@type":"ImageObject","inLanguage":"pl-PL","@id":"https:\/\/v2charge.com\/pl\/jak-moge-ustawic-czas-ladowania-mojego-samochodu\/#primaryimage","url":"https:\/\/v2charge.com\/wp-content\/uploads\/2024\/07\/v2c-electric-chargers.jpg","contentUrl":"https:\/\/v2charge.com\/wp-content\/uploads\/2024\/07\/v2c-electric-chargers.jpg","width":1200,"height":675,"caption":"V2C Electric Chargers"},{"@type":"BreadcrumbList","@id":"https:\/\/v2charge.com\/pl\/jak-moge-ustawic-czas-ladowania-mojego-samochodu\/#breadcrumb","itemListElement":[{"@type":"ListItem","position":1,"name":"V2C","item":"https:\/\/v2charge.com\/pl\/"},{"@type":"ListItem","position":2,"name":"Jak mog\u0119 ustawi\u0107 czas \u0142adowania mojego samochodu?"}]},{"@type":"WebSite","@id":"https:\/\/v2charge.com\/pl\/#website","url":"https:\/\/v2charge.com\/pl\/","name":"V2C","description":"#CargandoElMa\u00f1ana","publisher":{"@id":"https:\/\/v2charge.com\/pl\/#organization"},"potentialAction":[{"@type":"SearchAction","target":{"@type":"EntryPoint","urlTemplate":"https:\/\/v2charge.com\/pl\/?s={search_term_string}"},"query-input":{"@type":"PropertyValueSpecification","valueRequired":true,"valueName":"search_term_string"}}],"inLanguage":"pl-PL"},{"@type":"Organization","@id":"https:\/\/v2charge.com\/pl\/#organization","name":"V2C","url":"https:\/\/v2charge.com\/pl\/","logo":{"@type":"ImageObject","inLanguage":"pl-PL","@id":"https:\/\/v2charge.com\/pl\/#\/schema\/logo\/image\/","url":"https:\/\/v2charge.com\/wp-content\/uploads\/2024\/11\/cropped-v2c-charge-logo-menu.png","contentUrl":"https:\/\/v2charge.com\/wp-content\/uploads\/2024\/11\/cropped-v2c-charge-logo-menu.png","width":984,"height":431,"caption":"V2C"},"image":{"@id":"https:\/\/v2charge.com\/pl\/#\/schema\/logo\/image\/"},"sameAs":["https:\/\/www.facebook.com\/V2C.Charge","https:\/\/x.com\/V2C_Charge","https:\/\/www.instagram.com\/v2c.charge\/","https:\/\/www.youtube.com\/@V2C","https:\/\/www.linkedin.com\/company\/v2c-chargers\/"]}]}},"uagb_featured_image_src":{"full":["https:\/\/v2charge.com\/wp-content\/uploads\/2024\/07\/v2c-electric-chargers.jpg",1200,675,false],"thumbnail":["https:\/\/v2charge.com\/wp-content\/uploads\/2024\/07\/v2c-electric-chargers-150x150.jpg",150,150,true],"medium":["https:\/\/v2charge.com\/wp-content\/uploads\/2024\/07\/v2c-electric-chargers-300x169.jpg",300,169,true],"medium_large":["https:\/\/v2charge.com\/wp-content\/uploads\/2024\/07\/v2c-electric-chargers-768x432.jpg",768,432,true],"large":["https:\/\/v2charge.com\/wp-content\/uploads\/2024\/07\/v2c-electric-chargers-1024x576.jpg",1024,576,true],"gs-tiny":["https:\/\/v2charge.com\/wp-content\/uploads\/2024\/07\/v2c-electric-chargers.jpg",50,28,false],"xl":["https:\/\/v2charge.com\/wp-content\/uploads\/2024\/07\/v2c-electric-chargers.jpg",1200,675,false],"xxl":["https:\/\/v2charge.com\/wp-content\/uploads\/2024\/07\/v2c-electric-chargers.jpg",1200,675,false],"xxxl":["https:\/\/v2charge.com\/wp-content\/uploads\/2024\/07\/v2c-electric-chargers.jpg",1200,675,false],"xxxxl":["https:\/\/v2charge.com\/wp-content\/uploads\/2024\/07\/v2c-electric-chargers.jpg",1200,675,false],"xxxxxl":["https:\/\/v2charge.com\/wp-content\/uploads\/2024\/07\/v2c-electric-chargers.jpg",1200,675,false],"1536x1536":["https:\/\/v2charge.com\/wp-content\/uploads\/2024\/07\/v2c-electric-chargers.jpg",1200,675,false],"2048x2048":["https:\/\/v2charge.com\/wp-content\/uploads\/2024\/07\/v2c-electric-chargers.jpg",1200,675,false]},"uagb_author_info":{"display_name":"V2C","author_link":"https:\/\/v2charge.com\/pl\/author\/marketing\/"},"uagb_comment_info":0,"uagb_excerpt":"Jak mog\u0119 ustawi\u0107 czas \u0142adowania mojego samochodu? Punkty \u0142adowania z chmur\u0105 V2C mog\u0105 by\u0107 sterowane czasowo w bardzo prosty spos\u00f3b. Poprzez aplikacj\u0119 Dost\u0119pne dla urz\u0105dze\u0144 z Bluetooth lub WiFi. Uzyskaj dost\u0119p do aplikacji i dotknij punktu \u0142adowania. Kliknij ikon\u0119 kalendarza. Dost\u0119pne s\u0105 dwa timery. Timer 1 i timer 2, wybierz dzie\u0144 tygodnia i godzin\u0119, kt\u00f3r\u0105&hellip;","_links":{"self":[{"href":"https:\/\/v2charge.com\/pl\/wp-json\/wp\/v2\/pages\/113154","targetHints":{"allow":["GET"]}}],"collection":[{"href":"https:\/\/v2charge.com\/pl\/wp-json\/wp\/v2\/pages"}],"about":[{"href":"https:\/\/v2charge.com\/pl\/wp-json\/wp\/v2\/types\/page"}],"author":[{"embeddable":true,"href":"https:\/\/v2charge.com\/pl\/wp-json\/wp\/v2\/users\/400"}],"replies":[{"embeddable":true,"href":"https:\/\/v2charge.com\/pl\/wp-json\/wp\/v2\/comments?post=113154"}],"version-history":[{"count":0,"href":"https:\/\/v2charge.com\/pl\/wp-json\/wp\/v2\/pages\/113154\/revisions"}],"wp:featuredmedia":[{"embeddable":true,"href":"https:\/\/v2charge.com\/pl\/wp-json\/wp\/v2\/media\/170352"}],"wp:attachment":[{"href":"https:\/\/v2charge.com\/pl\/wp-json\/wp\/v2\/media?parent=113154"}],"curies":[{"name":"wp","href":"https:\/\/api.w.org\/{rel}","templated":true}]}}