{"id":97288,"date":"2023-04-01T09:44:10","date_gmt":"2023-04-01T09:44:10","guid":{"rendered":"https:\/\/v2charge.com\/integracion-de-inversor-turbo-energy-deye-con-punto-de-recarga-trydan\/"},"modified":"2025-04-30T16:07:45","modified_gmt":"2025-04-30T14:07:45","slug":"inversor-turbo-energy-deye","status":"publish","type":"page","link":"https:\/\/v2charge.com\/pt-pt\/suporte\/controlo-potencia\/dinamico\/fotovoltaica\/inversor-turbo-energy-deye\/","title":{"rendered":"Integra\u00e7\u00e3o do Turbo Energy\/Deye Inverter com o Trydan"},"content":{"rendered":"\n<div class=\"wp-block-uagb-container uagb-block-4c85d13f alignfull uagb-is-root-container\"><div class=\"uagb-container-inner-blocks-wrap\"><div class=\"yoast-breadcrumbs\"><span><span><a href=\"https:\/\/v2charge.com\/pt-pt\/\">V2C<\/a><\/span> \u00bb <span><a href=\"https:\/\/v2charge.com\/pt-pt\/suporte\/\">\u00c1rea de Suporte<\/a><\/span> \u00bb <span><a href=\"https:\/\/v2charge.com\/pt-pt\/suporte\/controlo-potencia\/\">Controlo de pot\u00eancia<\/a><\/span> \u00bb <span><a href=\"https:\/\/v2charge.com\/pt-pt\/suporte\/controlo-potencia\/dinamico\/\">Din\u00e2mico<\/a><\/span> \u00bb <span><a href=\"https:\/\/v2charge.com\/pt-pt\/suporte\/controlo-potencia\/dinamico\/fotovoltaica\/\">Fotovoltaica<\/a><\/span> \u00bb <span class=\"breadcrumb_last\" aria-current=\"page\">Integra\u00e7\u00e3o do Turbo Energy\/Deye Inverter com o Trydan<\/span><\/span><\/div>\n\n\n<div class=\"wp-block-uagb-advanced-heading uagb-block-12c58558\"><h1 class=\"uagb-heading-text\">Integra\u00e7\u00e3o do inversor Turbo Energy\/Deye com o Trydan<\/h1><\/div>\n\n\n\n<div class=\"wp-block-uagb-container uagb-block-3b968dd8 default uagb-is-root-container\">\n<div class=\"wp-block-uagb-container uagb-block-97a41c67\">\n<div class=\"wp-block-uagb-advanced-heading uagb-block-b324947d\"><p class=\"uagb-heading-text\">A <strong>Deye <\/strong>\u00e9 um fabricante de inversores que tamb\u00e9m comercializa os seus produtos sob diferentes marcas atrav\u00e9s de outras empresas, como a Turbo Energy (a mais conhecida em Espanha), SunSynk ou Sol-Ark. Este inversor \u00e9 compat\u00edvel com o ponto de carregamento Trydan, permitindo tirar o m\u00e1ximo partido da produ\u00e7\u00e3o solar. A liga\u00e7\u00e3o \u00e9 feita por cabo, n\u00e3o sendo poss\u00edvel via Wi-Fi como acontece com outros inversores. Recordamos que, sendo um inversor que funciona com baterias, a melhor forma de liga\u00e7\u00e3o \u00e9 diretamente ao pr\u00f3prio inversor.<\/p><\/div>\n\n\n\n<div class=\"wp-block-uagb-advanced-heading uagb-block-71d14780\"><p class=\"uagb-heading-text\">A liga\u00e7\u00e3o \u00e9 feita atrav\u00e9s do protocolo <strong>RS485-Modbus<\/strong>. Para isso, \u00e9 necess\u00e1rio identificar os fios A e B desse protocolo.<\/p><\/div>\n<\/div>\n\n\n\n<div class=\"wp-block-uagb-container uagb-block-77363d8a\">\n<figure class=\"wp-block-image size-full\"><img decoding=\"async\" width=\"250\" height=\"104\" src=\"https:\/\/v2charge.com\/wp-content\/uploads\/2023\/12\/logo-deye.png\" alt=\"\" class=\"wp-image-129528\"\/><\/figure>\n<\/div>\n<\/div>\n\n\n\t\t\t\t<div class=\"wp-block-uagb-table-of-contents uagb-toc__align-left uagb-toc__columns-1  uagb-block-7ec2545f      \"\n\t\t\t\t\tdata-scroll= \"1\"\n\t\t\t\t\tdata-offset= \"30\"\n\t\t\t\t\tstyle=\"\"\n\t\t\t\t>\n\t\t\t\t<div class=\"uagb-toc__wrap\">\n\t\t\t\t\t\t<div class=\"uagb-toc__title\">\n\t\t\t\t\t\t\tTable Of Contents\t\t\t\t\t\t<\/div>\n\t\t\t\t\t\t\t\t\t\t\t\t\t\t\t\t\t\t\t\t\t\t<div class=\"uagb-toc__list-wrap \">\n\t\t\t\t\t\t<ol class=\"uagb-toc__list\"><li class=\"uagb-toc__list\"><a href=\"#liga\u00e7\u00e3o-com-cabo-ao-inversor\" class=\"uagb-toc-link__trigger\">Liga\u00e7\u00e3o com cabo ao inversor<\/a><ul class=\"uagb-toc__list\"><li class=\"uagb-toc__list\"><a href=\"#deyesunsynkturbo-energy-5k\" class=\"uagb-toc-link__trigger\">Deye\/SunSynk\/Turbo Energy 5K<\/a><li class=\"uagb-toc__list\"><li class=\"uagb-toc__list\"><a href=\"#deyesunsynk-8k\" class=\"uagb-toc-link__trigger\">Deye\/SunSynk 8K<\/a><li class=\"uagb-toc__list\"><li class=\"uagb-toc__list\"><a href=\"#deyesunsynk-16k\" class=\"uagb-toc-link__trigger\">Deye\/SunSynk 16K<\/a><li class=\"uagb-toc__list\"><li class=\"uagb-toc__list\"><a href=\"#deyesunsynk-3-phase\" class=\"uagb-toc-link__trigger\">Deye\/SunSynk 3 Phase<\/a><\/li><\/ul><\/li><li class=\"uagb-toc__list\"><a href=\"#liga\u00e7\u00e3o-com-cabo-ao-ponto-de-carregamento-trydan\" class=\"uagb-toc-link__trigger\">Liga\u00e7\u00e3o com cabo ao ponto de carregamento Trydan<\/a><li class=\"uagb-toc__list\"><a href=\"#sele\u00e7\u00e3o-do-inversor-solar-no-ponto-de-carregamento-trydan\" class=\"uagb-toc-link__trigger\">Sele\u00e7\u00e3o do inversor solar no ponto de carregamento Trydan<\/a><li class=\"uagb-toc__list\"><a href=\"#precisa-de-apoio-t\u00e9cnico\" class=\"uagb-toc-link__trigger\">Precisa de apoio t\u00e9cnico?<\/a><\/ul><\/ol>\t\t\t\t\t<\/div>\n\t\t\t\t\t\t\t\t\t<\/div>\n\t\t\t\t<\/div>\n\t\t\t\n\n\n<div class=\"wp-block-uagb-container uagb-block-84f33d8f\">\n<div class=\"wp-block-uagb-info-box uagb-block-3fb4f60b uagb-infobox__content-wrap  uagb-infobox-icon-left uagb-infobox-left uagb-infobox-stacked-tablet uagb-infobox-image-valign-top wp-block-uagb-info-box--has-margin\"><div class=\"uagb-infobox-margin-wrapper\"><div class=\"uagb-ifb-image-content\"><img decoding=\"async\" src=\"https:\/\/v2charge.com\/wp-content\/uploads\/2023\/11\/numero-uno.png\" alt=\"\" width=\"35\" height=\"35\" loading=\"lazy\"\/><\/div><div class=\"uagb-ifb-content\"><div class=\"uagb-ifb-title-wrap\"><h2 class=\"uagb-ifb-title\">Liga\u00e7\u00e3o com cabo ao inversor<\/h2><\/div><\/div><\/div><\/div>\n\n\n\n<div class=\"wp-block-uagb-separator uagb-block-a3ae8b05\"><div class=\"wp-block-uagb-separator__inner\" style=\"--my-background-image:\"><\/div><\/div>\n\n\n\n<div class=\"wp-block-uagb-advanced-heading uagb-block-a1641793\"><h3 class=\"uagb-heading-text\">Deye\/SunSynk\/Turbo Energy 5K<\/h3><\/div>\n\n\n\n<div class=\"wp-block-uagb-separator uagb-block-33ed960f\"><div class=\"wp-block-uagb-separator__inner\" style=\"--my-background-image:\"><\/div><\/div>\n\n\n\n<div class=\"wp-block-uagb-advanced-heading uagb-block-8ba0b937\"><p class=\"uagb-heading-text\">Existem diferentes modelos consoante o ano de fabrico, no entanto, todos est\u00e3o inclu\u00eddos no manual da DEYE.<br>Mais abaixo no manual, pode-se ver que na porta RS485\/CAN \u00e9 poss\u00edvel escolher entre 1, 2 ou 7 e 8. Se esta porta estiver ocupada pela bateria (ligada por CAN), pode-se utilizar a porta do contador. Ambas as op\u00e7\u00f5es s\u00e3o v\u00e1lidas.<br>Neste caso, utiliz\u00e1mos a porta do contador para a liga\u00e7\u00e3o.<\/p><\/div>\n\n\n\n<div class=\"wp-block-uagb-buttons uagb-buttons__outer-wrap uagb-btn__default-btn uagb-btn-tablet__default-btn uagb-btn-mobile__default-btn uagb-block-62126170\"><div class=\"uagb-buttons__wrap uagb-buttons-layout-wrap \">\n<div class=\"wp-block-uagb-buttons-child uagb-buttons__outer-wrap uagb-block-9e9bf8e0 wp-block-button\"><div class=\"uagb-button__wrapper\"><a class=\"uagb-buttons-repeater wp-block-button__link\" aria-label=\"\" href=\"https:\/\/www.youtube.com\/watch?v=pE7AI3dLyoQ\" rel=\"follow noopener\" target=\"_blank\" role=\"button\"><div class=\"uagb-button__link\">Ver v\u00eddeo de instala\u00e7\u00e3o<\/div><\/a><\/div><\/div>\n<\/div><\/div>\n\n\n\n<div class=\"wp-block-uagb-container uagb-block-6cadec73\">\n<div class=\"wp-block-uagb-container uagb-block-d1826e2f\">\n<div class=\"wp-block-uagb-image aligncenter uagb-block-496d9849 wp-block-uagb-image--layout-default wp-block-uagb-image--effect-static wp-block-uagb-image--align-center\"><figure class=\"wp-block-uagb-image__figure\"><img decoding=\"async\"  sizes=\"auto, (max-width: 480px) 150px\" src=\"https:\/\/v2charge.com\/wp-content\/uploads\/2025\/04\/manual-inversor-deye.jpg\" alt=\"\" width=\"1000\" height=\"666\" title=\"\" loading=\"lazy\" role=\"img\"\/><\/figure><\/div>\n<\/div>\n\n\n\n<div class=\"wp-block-uagb-container uagb-block-1ec24d0e\">\n<div class=\"wp-block-uagb-image aligncenter uagb-block-c3e8740b wp-block-uagb-image--layout-default wp-block-uagb-image--effect-static wp-block-uagb-image--align-center\"><figure class=\"wp-block-uagb-image__figure\"><img decoding=\"async\"  sizes=\"auto, (max-width: 480px) 150px\" src=\"https:\/\/v2charge.com\/wp-content\/uploads\/2025\/04\/conexion-inveror-deye.jpg\" alt=\"\" width=\"650\" height=\"476\" title=\"\" loading=\"lazy\" role=\"img\"\/><\/figure><\/div>\n<\/div>\n<\/div>\n\n\n\n<div class=\"wp-block-uagb-container uagb-block-0a903d6d\">\n<div class=\"wp-block-uagb-container uagb-block-bd48cf6a\">\n<div class=\"wp-block-uagb-advanced-heading uagb-block-a101b032\"><p class=\"uagb-heading-text\">Nesta imagem, v\u00ea-se um modelo mais antigo. Ser\u00e1 utilizada a porta BMS485, que funciona exatamente como a RS485. <strong>O fio A corresponde ao n\u00famero 7 e o fio B ao n\u00famero 8.<\/strong> Deve-se consultar o manual para confirmar qual a porta mais adequada para liga\u00e7\u00e3o.<\/p><\/div>\n<\/div>\n\n\n\n<div class=\"wp-block-uagb-image aligncenter uagb-block-f241a23e wp-block-uagb-image--layout-default wp-block-uagb-image--effect-static wp-block-uagb-image--align-center\"><figure class=\"wp-block-uagb-image__figure\"><img decoding=\"async\"  sizes=\"auto, (max-width: 480px) 150px\" src=\"https:\/\/v2charge.com\/wp-content\/uploads\/2023\/04\/conexion-trydan-turbo-energy.png\" alt=\"\" width=\"728\" height=\"363\" title=\"\" loading=\"lazy\" role=\"img\"\/><\/figure><\/div>\n<\/div>\n<\/div>\n\n\n\n<div class=\"wp-block-uagb-container uagb-block-9e3c6ce9\">\n<div class=\"wp-block-uagb-advanced-heading uagb-block-77cb11c5\"><h3 class=\"uagb-heading-text\">Deye\/SunSynk 8K<\/h3><\/div>\n\n\n\n<div class=\"wp-block-uagb-separator uagb-block-4626db34\"><div class=\"wp-block-uagb-separator__inner\" style=\"--my-background-image:\"><\/div><\/div>\n\n\n\n<div class=\"wp-block-uagb-container uagb-block-a5eb0676\">\n<div class=\"wp-block-uagb-container uagb-block-7615348b\">\n<div class=\"wp-block-uagb-advanced-heading uagb-block-0bef4b1c\"><p class=\"uagb-heading-text\">A liga\u00e7\u00e3o \u00e9 feita nos pinos 7 e 8, tal como no modelo anterior.<\/p><\/div>\n<\/div>\n\n\n\n<div class=\"wp-block-uagb-container uagb-block-343e2369\">\n<div class=\"wp-block-uagb-image uagb-block-29d1e5de wp-block-uagb-image--layout-default wp-block-uagb-image--effect-static wp-block-uagb-image--align-none aligncenter\"><figure class=\"wp-block-uagb-image__figure\"><img decoding=\"async\"  sizes=\"auto, (max-width: 480px) 150px\" src=\"https:\/\/v2charge.com\/wp-content\/uploads\/2023\/04\/conexion-deye-punto-de-recarga.png\" alt=\"\" width=\"727\" height=\"377\" title=\"\" loading=\"lazy\" role=\"img\"\/><\/figure><\/div>\n<\/div>\n<\/div>\n<\/div>\n\n\n\n<div class=\"wp-block-uagb-container uagb-block-32b7833a\">\n<div class=\"wp-block-uagb-advanced-heading uagb-block-222e7860\"><h3 class=\"uagb-heading-text\">Deye\/SunSynk 16K<\/h3><\/div>\n\n\n\n<div class=\"wp-block-uagb-separator uagb-block-e67f6d27\"><div class=\"wp-block-uagb-separator__inner\" style=\"--my-background-image:\"><\/div><\/div>\n\n\n\n<div class=\"wp-block-uagb-container uagb-block-1e4e8b55\">\n<div class=\"wp-block-uagb-container uagb-block-9c28c629\">\n<div class=\"wp-block-uagb-advanced-heading uagb-block-7cafe720\"><p class=\"uagb-heading-text\">Nota que, nos modelos\/firmwares mais recentes de 16 kW, a porta BMS \u00e9 utilizada em simult\u00e2neo para a monitoriza\u00e7\u00e3o via SolarAssistant e para a comunica\u00e7\u00e3o CAN da bateria. Verifica a <a href=\"https:\/\/solar-assistant.io\/help\/deye\/2_in_1_bms_port\">porta BMS 2 em 1<\/a>.<\/p><\/div>\n<\/div>\n\n\n\n<div class=\"wp-block-uagb-container uagb-block-df015fef\">\n<div class=\"wp-block-uagb-image aligncenter uagb-block-388a335e wp-block-uagb-image--layout-default wp-block-uagb-image--effect-static wp-block-uagb-image--align-center\"><figure class=\"wp-block-uagb-image__figure\"><img decoding=\"async\"  sizes=\"auto, (max-width: 480px) 150px\" src=\"https:\/\/v2charge.com\/wp-content\/uploads\/2023\/04\/modbus-trydan-punto-de-recarga-turbo-energy.png\" alt=\"\" width=\"711\" height=\"481\" title=\"\" loading=\"lazy\" role=\"img\"\/><\/figure><\/div>\n<\/div>\n<\/div>\n<\/div>\n\n\n\n<div class=\"wp-block-uagb-container uagb-block-2dee4961\">\n<div class=\"wp-block-uagb-advanced-heading uagb-block-29a7824e\"><h3 class=\"uagb-heading-text\">Deye\/SunSynk 3 Phase<\/h3><\/div>\n\n\n\n<div class=\"wp-block-uagb-separator uagb-block-2e6f22fb\"><div class=\"wp-block-uagb-separator__inner\" style=\"--my-background-image:\"><\/div><\/div>\n\n\n\n<div class=\"wp-block-uagb-container uagb-block-3c1cad65\">\n<div class=\"wp-block-uagb-container uagb-block-f92468cf\">\n<div class=\"wp-block-uagb-advanced-heading uagb-block-586e3cce\"><p class=\"uagb-heading-text\">Neste modelo, deve ser utilizada a porta Meter-485.<\/p><\/div>\n<\/div>\n\n\n\n<div class=\"wp-block-uagb-container uagb-block-e15df208\">\n<div class=\"wp-block-uagb-image aligncenter uagb-block-93f8dc29 wp-block-uagb-image--layout-default wp-block-uagb-image--effect-static wp-block-uagb-image--align-center\"><figure class=\"wp-block-uagb-image__figure\"><img decoding=\"async\"  sizes=\"auto, (max-width: 480px) 150px\" src=\"https:\/\/v2charge.com\/wp-content\/uploads\/2023\/04\/rs486-v2c-trydan.png\" alt=\"\" width=\"770\" height=\"377\" title=\"\" loading=\"lazy\" role=\"img\"\/><\/figure><\/div>\n<\/div>\n<\/div>\n<\/div>\n\n\n\n<div class=\"wp-block-uagb-container uagb-block-3c51e1a8\">\n<div class=\"wp-block-uagb-info-box uagb-block-984940db uagb-infobox__content-wrap  uagb-infobox-icon-left uagb-infobox-left uagb-infobox-stacked-tablet uagb-infobox-image-valign-top wp-block-uagb-info-box--has-margin\"><div class=\"uagb-infobox-margin-wrapper\"><div class=\"uagb-ifb-image-content\"><img decoding=\"async\" src=\"https:\/\/v2charge.com\/wp-content\/uploads\/2023\/11\/numero-dos.png\" alt=\"\" width=\"35\" height=\"35\" loading=\"lazy\"\/><\/div><div class=\"uagb-ifb-content\"><div class=\"uagb-ifb-title-wrap\"><h2 class=\"uagb-ifb-title\">Liga\u00e7\u00e3o com cabo ao ponto de carregamento Trydan<\/h2><\/div><\/div><\/div><\/div>\n\n\n\n<div class=\"wp-block-uagb-separator uagb-block-151fd9f7\"><div class=\"wp-block-uagb-separator__inner\" style=\"--my-background-image:\"><\/div><\/div>\n\n\n\n<div class=\"wp-block-uagb-container uagb-block-f6cfd113\">\n<div class=\"wp-block-uagb-container uagb-block-6337e32e\">\n<div class=\"wp-block-uagb-advanced-heading uagb-block-1214a570\"><p class=\"uagb-heading-text\">Ao chegar ao ponto de carregamento Trydan, \u00e9 necess\u00e1rio ligar \u00e0 entrada RS485 que se encontra na tampa. Trata-se do cabo Ethernet RJ45 dispon\u00edvel na eletr\u00f3nica do equipamento.<br><\/p><\/div>\n<\/div>\n\n\n\n<div class=\"wp-block-uagb-container uagb-block-229ddd43\">\n<div class=\"wp-block-uagb-image aligncenter uagb-block-a8fc38ed wp-block-uagb-image--layout-default wp-block-uagb-image--effect-static wp-block-uagb-image--align-center\"><figure class=\"wp-block-uagb-image__figure\"><img decoding=\"async\"  sizes=\"auto, (max-width: 480px) 150px\" src=\"https:\/\/v2charge.com\/wp-content\/uploads\/2023\/01\/conexion-trydan-solis-734x1024.jpg\" alt=\"\" width=\"734\" height=\"1024\" title=\"\" loading=\"lazy\" role=\"img\"\/><\/figure><\/div>\n<\/div>\n<\/div>\n\n\n\n<div class=\"wp-block-uagb-container uagb-block-08347ff4\">\n<div class=\"wp-block-uagb-container uagb-block-c99660e5\">\n<div class=\"wp-block-uagb-advanced-heading uagb-block-5e0a3e75\"><p class=\"uagb-heading-text\">A liga\u00e7\u00e3o deve ser feita como mostra a imagem seguinte, utilizando apenas dois fios: o fio 4 deve ser ligado ao B e o fio 5 ao A.<\/p><\/div>\n\n\n\n<ul class=\"wp-block-list\">\n<li><strong><strong><strong>O FIO 4 DEVE SER LIGADO AO PINO 8 (FIO B) DO INVERSOR SOLAR DEYE \/ TURBO ENERGY<\/strong><\/strong><\/strong><\/li>\n\n\n\n<li><strong><strong><strong>O FIO A \u00c9 O 5, QUE DEVE SER LIGADO AO PINO 7 DO INVERSOR<\/strong><\/strong><\/strong><\/li>\n<\/ul>\n\n\n\n<div class=\"wp-block-uagb-container uagb-block-56fcb881 default uagb-is-root-container\">\n<div class=\"wp-block-uagb-advanced-heading uagb-block-e934575b\"><p class=\"uagb-heading-text\"><strong>Note<\/strong>: On chargers manufactured from mid-2024 onwards, <strong>you can connect wires A and B directly to the control board<\/strong>, or even to the power board, via the dedicated ports. <strong>The ports are clearly labelled on the board.<\/strong><br><br><strong>Nota<\/strong>: nos carregadores fabricados a partir de meados de 2024,<strong> \u00e9 poss\u00edvel ligar diretamente os fios A e B \u00e0 placa de controlo ou mesmo \u00e0 placa de pot\u00eancia<\/strong>, utilizando as portas espec\u00edficas para esse efeito. <strong>As designa\u00e7\u00f5es est\u00e3o indicadas na pr\u00f3pria placa.<\/strong><\/p><\/div>\n<\/div>\n<\/div>\n\n\n\n<div class=\"wp-block-uagb-container uagb-block-35455bb1\">\t\t\t\t\t<div\n\t\t\t\t\t\tclass=\"wp-block-uagb-image-gallery uagb-block-8d312d8f     \"\n\t\t\t\t\t\tstyle=\"\"\n\t\t\t\t\t>\n\t\t\t\t\t\t\t\t\t\t\t<div class=\"spectra-image-gallery spectra-image-gallery__layout--carousel\">\n\t\t\t\t\t\t\t\t<div class=\"uagb-slick-carousel uagb-block-8d312d8f\">\n\t\t\t\t\t\t\t\t\t\t\t\t<div class='spectra-image-gallery__media-wrapper' data-spectra-gallery-image-id='135550'>\n\t\t\t\t\t\t\t<div class=\"spectra-image-gallery__media spectra-image-gallery__media--carousel\">\n\t\t\t\t<picture>\n\t\t\t\t\t<source media=\"(min-width: 1024px)\" srcset=\"https:\/\/v2charge.com\/wp-content\/uploads\/2024\/02\/cable-a-b-rs485.jpg\">\n\t\t\t\t\t<source media=\"(min-width: 768px)\" srcset=\"https:\/\/v2charge.com\/wp-content\/uploads\/2024\/02\/cable-a-b-rs485.jpg\">\n\t\t\t\t\t<img decoding=\"async\" class=\"spectra-image-gallery__media-thumbnail spectra-image-gallery__media-thumbnail--carousel\" src=\"https:\/\/v2charge.com\/wp-content\/uploads\/2024\/02\/cable-a-b-rs485.jpg\" alt=\"\" loading=\"lazy\" \/>\n\t\t\t\t<\/picture>\n\t\t\t\t<div class=\"spectra-image-gallery__media-thumbnail-blurrer\"><\/div>\n\t\t\t\t\t\t\t<\/div>\n\t\t\t\t\t\t\t\t<div class=\"spectra-image-gallery__media-thumbnail-caption-wrapper spectra-image-gallery__media-thumbnail-caption-wrapper--bar-outside\">\n\t\t\t\t\t\t\t\t\t\t<div class=\"spectra-image-gallery__media-thumbnail-caption spectra-image-gallery__media-thumbnail-caption--bar-outside\">\n\t\t\t\t\t\t\t\t\t<\/div>\n\t\t\t\t\t\t\t\t<\/div>\n\t\t\t\t\t\t\t<\/div>\n\t\t\t\t\t\t<div class='spectra-image-gallery__media-wrapper' data-spectra-gallery-image-id='217386'>\n\t\t\t\t\t\t\t<div class=\"spectra-image-gallery__media spectra-image-gallery__media--carousel\">\n\t\t\t\t<picture>\n\t\t\t\t\t<source media=\"(min-width: 1024px)\" srcset=\"https:\/\/v2charge.com\/wp-content\/uploads\/2025\/04\/conexion-inversor-trydan.jpg\">\n\t\t\t\t\t<source media=\"(min-width: 768px)\" srcset=\"https:\/\/v2charge.com\/wp-content\/uploads\/2025\/04\/conexion-inversor-trydan.jpg\">\n\t\t\t\t\t<img decoding=\"async\" class=\"spectra-image-gallery__media-thumbnail spectra-image-gallery__media-thumbnail--carousel\" src=\"https:\/\/v2charge.com\/wp-content\/uploads\/2025\/04\/conexion-inversor-trydan.jpg\" alt=\"\" loading=\"lazy\" \/>\n\t\t\t\t<\/picture>\n\t\t\t\t<div class=\"spectra-image-gallery__media-thumbnail-blurrer\"><\/div>\n\t\t\t\t\t\t\t<\/div>\n\t\t\t\t\t\t\t\t<div class=\"spectra-image-gallery__media-thumbnail-caption-wrapper spectra-image-gallery__media-thumbnail-caption-wrapper--bar-outside\">\n\t\t\t\t\t\t\t\t\t\t<div class=\"spectra-image-gallery__media-thumbnail-caption spectra-image-gallery__media-thumbnail-caption--bar-outside\">\n\t\t\t\t\t\t\t\t\t<\/div>\n\t\t\t\t\t\t\t\t<\/div>\n\t\t\t\t\t\t\t<\/div>\n\t\t\t\t\t\t\t\t\t\t\t<\/div>\n\t\t\t\t\t\t\t<\/div>\n\t\t\t\t\t\t\t\t\t\t\t<\/div>\n\t\t\t\t\t\t\t\t\t<\/div>\n<\/div>\n<\/div>\n\n\n\n<div class=\"wp-block-uagb-container uagb-block-4662665a\">\n<div class=\"wp-block-uagb-info-box uagb-block-acf7e902 uagb-infobox__content-wrap  uagb-infobox-icon-left uagb-infobox-left uagb-infobox-stacked-tablet uagb-infobox-image-valign-top wp-block-uagb-info-box--has-margin\"><div class=\"uagb-infobox-margin-wrapper\"><div class=\"uagb-ifb-image-content\"><img decoding=\"async\" src=\"https:\/\/v2charge.com\/wp-content\/uploads\/2023\/11\/numero-tres.png\" alt=\"\" width=\"35\" height=\"35\" loading=\"lazy\"\/><\/div><div class=\"uagb-ifb-content\"><div class=\"uagb-ifb-title-wrap\"><h2 class=\"uagb-ifb-title\">Sele\u00e7\u00e3o do inversor solar no ponto de carregamento Trydan<\/h2><\/div><\/div><\/div><\/div>\n\n\n\n<div class=\"wp-block-uagb-separator uagb-block-86fef11b\"><div class=\"wp-block-uagb-separator__inner\" style=\"--my-background-image:\"><\/div><\/div>\n\n\n\n<div class=\"wp-block-uagb-container uagb-block-89a73496 default uagb-is-root-container\">\n<div class=\"wp-block-uagb-container uagb-block-06139834\">\n<div class=\"wp-block-uagb-advanced-heading uagb-block-c6080527\"><p class=\"uagb-heading-text\">Acede \u00e0 aplica\u00e7\u00e3o V2C Cloud, seleciona o ponto de carregamento e entra na sec\u00e7\u00e3o de configura\u00e7\u00e3o. Vai a <strong>\u201cControlo Din\u00e2mico de Pot\u00eancia\u201d<\/strong> e escolhe da lista o inversor solar.<strong> Seleciona o modelo Turbo Energy \/ DEYE<\/strong>, indica o tipo de instala\u00e7\u00e3o que tens e, por fim, <strong>ativa o indicador de produ\u00e7\u00e3o fotovoltaica<\/strong>.<\/p><\/div>\n<\/div>\n\n\n\n<div class=\"wp-block-uagb-container uagb-block-13c63088\">\n<div class=\"wp-block-uagb-image uagb-block-c228d149 wp-block-uagb-image--layout-default wp-block-uagb-image--effect-static wp-block-uagb-image--align-none\"><figure class=\"wp-block-uagb-image__figure\"><img decoding=\"async\"  sizes=\"auto, (max-width: 480px) 150px\" src=\"https:\/\/v2charge.com\/wp-content\/uploads\/2023\/04\/deye-ES-731x1024.jpg\" alt=\"\" width=\"731\" height=\"1024\" title=\"\" loading=\"lazy\" role=\"img\"\/><\/figure><\/div>\n<\/div>\n<\/div>\n<\/div>\n<\/div><\/div>\n\n\n\n<div class=\"wp-block-uagb-container uagb-block-cb63f42e alignfull uagb-is-root-container\"><div class=\"uagb-container-inner-blocks-wrap\">\n<div class=\"wp-block-uagb-advanced-heading uagb-block-4bab76eb\"><h2 class=\"uagb-heading-text\"><strong>Precisa de apoio t\u00e9cnico?<\/strong><\/h2><\/div>\n\n\n\n<div class=\"wp-block-uagb-advanced-heading uagb-block-7558ff8a\"><p class=\"uagb-heading-text\">Submeta um pedido no Centro de Assist\u00eancia T\u00e9cnica e entraremos em contacto consigo o mais rapidamente poss\u00edvel para lhe oferecer a melhor solu\u00e7\u00e3o.<\/p><\/div>\n\n\n\n<div class=\"wp-block-uagb-buttons uagb-buttons__outer-wrap uagb-btn__default-btn uagb-btn-tablet__default-btn uagb-btn-mobile__default-btn uagb-block-e05afbf2\"><div class=\"uagb-buttons__wrap uagb-buttons-layout-wrap \">\n<div class=\"wp-block-uagb-buttons-child uagb-buttons__outer-wrap uagb-block-052acfc7 wp-block-button\"><div class=\"uagb-button__wrapper\"><a class=\"uagb-buttons-repeater wp-block-button__link\" aria-label=\"\" href=\"https:\/\/v2charge.atlassian.net\/servicedesk\/customer\/portal\/3\" rel=\"follow noopener\" target=\"_self\" role=\"button\"><div class=\"uagb-button__link\">Contactar o suporte t\u00e9cnico<\/div><\/a><\/div><\/div>\n<\/div><\/div>\n<\/div><\/div>\n","protected":false},"excerpt":{"rendered":"<p>Integra\u00e7\u00e3o do inversor Turbo Energy\/Deye com o Trydan A Deye \u00e9 um fabricante de inversores que tamb\u00e9m comercializa os seus produtos sob diferentes marcas atrav\u00e9s de outras empresas, como a Turbo Energy (a mais conhecida em Espanha), SunSynk ou Sol-Ark. Este inversor \u00e9 compat\u00edvel com o ponto de carregamento Trydan, permitindo tirar o m\u00e1ximo partido &#8230; <a title=\"Integra\u00e7\u00e3o do Turbo Energy\/Deye Inverter com o Trydan\" class=\"read-more\" href=\"https:\/\/v2charge.com\/pt-pt\/suporte\/controlo-potencia\/dinamico\/fotovoltaica\/inversor-turbo-energy-deye\/\" aria-label=\"Leia mais sobre Integra\u00e7\u00e3o do Turbo Energy\/Deye Inverter com o Trydan\">Ler mais<\/a><\/p>\n","protected":false},"author":1,"featured_media":0,"parent":128258,"menu_order":0,"comment_status":"closed","ping_status":"closed","template":"","meta":{"_eb_attr":"","content-type":"","_uag_custom_page_level_css":"","footnotes":""},"class_list":["post-97288","page","type-page","status-publish"],"yoast_head":"<!-- This site is optimized with the Yoast SEO plugin v25.3.1 - https:\/\/yoast.com\/wordpress\/plugins\/seo\/ -->\n<title>Integra\u00e7\u00e3o do inversor Deye \/ Turbo Energy com Trydan | V2C<\/title>\n<meta name=\"description\" content=\"Explicamos como \u00e9 feito o cablagem para integrar o inversor Deye \/ Turbo Energy com o e-Charger Trydan. [\u00c1rea de Suporte da V2C]\" \/>\n<meta name=\"robots\" content=\"index, follow, max-snippet:-1, max-image-preview:large, max-video-preview:-1\" \/>\n<link rel=\"canonical\" href=\"https:\/\/v2charge.com\/pt-pt\/suporte\/controlo-potencia\/dinamico\/fotovoltaica\/inversor-turbo-energy-deye\/\" \/>\n<meta property=\"og:locale\" content=\"pt_PT\" \/>\n<meta property=\"og:type\" content=\"article\" \/>\n<meta property=\"og:title\" content=\"Integra\u00e7\u00e3o do inversor Deye \/ Turbo Energy com Trydan | V2C\" \/>\n<meta property=\"og:description\" content=\"Explicamos como \u00e9 feito o cablagem para integrar o inversor Deye \/ Turbo Energy com o e-Charger Trydan. [\u00c1rea de Suporte da V2C]\" \/>\n<meta property=\"og:url\" content=\"https:\/\/v2charge.com\/pt-pt\/suporte\/controlo-potencia\/dinamico\/fotovoltaica\/inversor-turbo-energy-deye\/\" \/>\n<meta property=\"og:site_name\" content=\"V2C\" \/>\n<meta property=\"article:publisher\" content=\"https:\/\/www.facebook.com\/V2C.Charge\" \/>\n<meta property=\"article:modified_time\" content=\"2025-04-30T14:07:45+00:00\" \/>\n<meta property=\"og:image\" content=\"https:\/\/v2charge.com\/wp-content\/uploads\/2023\/12\/logo-deye.png\" \/>\n\t<meta property=\"og:image:width\" content=\"250\" \/>\n\t<meta property=\"og:image:height\" content=\"104\" \/>\n\t<meta property=\"og:image:type\" content=\"image\/png\" \/>\n<meta name=\"twitter:card\" content=\"summary_large_image\" \/>\n<meta name=\"twitter:site\" content=\"@V2C_Charge\" \/>\n<meta name=\"twitter:label1\" content=\"Tempo estimado de leitura\" \/>\n\t<meta name=\"twitter:data1\" content=\"6 minutos\" \/>\n<script type=\"application\/ld+json\" class=\"yoast-schema-graph\">{\"@context\":\"https:\/\/schema.org\",\"@graph\":[{\"@type\":\"WebPage\",\"@id\":\"https:\/\/v2charge.com\/pt-pt\/suporte\/controlo-potencia\/dinamico\/fotovoltaica\/inversor-turbo-energy-deye\/\",\"url\":\"https:\/\/v2charge.com\/pt-pt\/suporte\/controlo-potencia\/dinamico\/fotovoltaica\/inversor-turbo-energy-deye\/\",\"name\":\"Integra\u00e7\u00e3o do inversor Deye \/ Turbo Energy com Trydan | V2C\",\"isPartOf\":{\"@id\":\"https:\/\/v2charge.com\/pt-pt\/#website\"},\"primaryImageOfPage\":{\"@id\":\"https:\/\/v2charge.com\/pt-pt\/suporte\/controlo-potencia\/dinamico\/fotovoltaica\/inversor-turbo-energy-deye\/#primaryimage\"},\"image\":{\"@id\":\"https:\/\/v2charge.com\/pt-pt\/suporte\/controlo-potencia\/dinamico\/fotovoltaica\/inversor-turbo-energy-deye\/#primaryimage\"},\"thumbnailUrl\":\"https:\/\/v2charge.com\/wp-content\/uploads\/2023\/12\/logo-deye.png\",\"datePublished\":\"2023-04-01T09:44:10+00:00\",\"dateModified\":\"2025-04-30T14:07:45+00:00\",\"description\":\"Explicamos como \u00e9 feito o cablagem para integrar o inversor Deye \/ Turbo Energy com o e-Charger Trydan. [\u00c1rea de Suporte da V2C]\",\"breadcrumb\":{\"@id\":\"https:\/\/v2charge.com\/pt-pt\/suporte\/controlo-potencia\/dinamico\/fotovoltaica\/inversor-turbo-energy-deye\/#breadcrumb\"},\"inLanguage\":\"pt-PT\",\"potentialAction\":[{\"@type\":\"ReadAction\",\"target\":[\"https:\/\/v2charge.com\/pt-pt\/suporte\/controlo-potencia\/dinamico\/fotovoltaica\/inversor-turbo-energy-deye\/\"]}]},{\"@type\":\"ImageObject\",\"inLanguage\":\"pt-PT\",\"@id\":\"https:\/\/v2charge.com\/pt-pt\/suporte\/controlo-potencia\/dinamico\/fotovoltaica\/inversor-turbo-energy-deye\/#primaryimage\",\"url\":\"https:\/\/v2charge.com\/wp-content\/uploads\/2023\/12\/logo-deye.png\",\"contentUrl\":\"https:\/\/v2charge.com\/wp-content\/uploads\/2023\/12\/logo-deye.png\"},{\"@type\":\"BreadcrumbList\",\"@id\":\"https:\/\/v2charge.com\/pt-pt\/suporte\/controlo-potencia\/dinamico\/fotovoltaica\/inversor-turbo-energy-deye\/#breadcrumb\",\"itemListElement\":[{\"@type\":\"ListItem\",\"position\":1,\"name\":\"V2C\",\"item\":\"https:\/\/v2charge.com\/pt-pt\/\"},{\"@type\":\"ListItem\",\"position\":2,\"name\":\"\u00c1rea de Suporte\",\"item\":\"https:\/\/v2charge.com\/pt-pt\/suporte\/\"},{\"@type\":\"ListItem\",\"position\":3,\"name\":\"Controlo de pot\u00eancia\",\"item\":\"https:\/\/v2charge.com\/pt-pt\/suporte\/controlo-potencia\/\"},{\"@type\":\"ListItem\",\"position\":4,\"name\":\"Din\u00e2mico\",\"item\":\"https:\/\/v2charge.com\/pt-pt\/suporte\/controlo-potencia\/dinamico\/\"},{\"@type\":\"ListItem\",\"position\":5,\"name\":\"Fotovoltaica\",\"item\":\"https:\/\/v2charge.com\/pt-pt\/suporte\/controlo-potencia\/dinamico\/fotovoltaica\/\"},{\"@type\":\"ListItem\",\"position\":6,\"name\":\"Integra\u00e7\u00e3o do Turbo Energy\/Deye Inverter com o Trydan\"}]},{\"@type\":\"WebSite\",\"@id\":\"https:\/\/v2charge.com\/pt-pt\/#website\",\"url\":\"https:\/\/v2charge.com\/pt-pt\/\",\"name\":\"V2C\",\"description\":\"#CargandoElMa\u00f1ana\",\"publisher\":{\"@id\":\"https:\/\/v2charge.com\/pt-pt\/#organization\"},\"potentialAction\":[{\"@type\":\"SearchAction\",\"target\":{\"@type\":\"EntryPoint\",\"urlTemplate\":\"https:\/\/v2charge.com\/pt-pt\/?s={search_term_string}\"},\"query-input\":{\"@type\":\"PropertyValueSpecification\",\"valueRequired\":true,\"valueName\":\"search_term_string\"}}],\"inLanguage\":\"pt-PT\"},{\"@type\":\"Organization\",\"@id\":\"https:\/\/v2charge.com\/pt-pt\/#organization\",\"name\":\"V2C\",\"url\":\"https:\/\/v2charge.com\/pt-pt\/\",\"logo\":{\"@type\":\"ImageObject\",\"inLanguage\":\"pt-PT\",\"@id\":\"https:\/\/v2charge.com\/pt-pt\/#\/schema\/logo\/image\/\",\"url\":\"https:\/\/v2charge.com\/wp-content\/uploads\/2024\/11\/cropped-v2c-charge-logo-menu.png\",\"contentUrl\":\"https:\/\/v2charge.com\/wp-content\/uploads\/2024\/11\/cropped-v2c-charge-logo-menu.png\",\"width\":984,\"height\":431,\"caption\":\"V2C\"},\"image\":{\"@id\":\"https:\/\/v2charge.com\/pt-pt\/#\/schema\/logo\/image\/\"},\"sameAs\":[\"https:\/\/www.facebook.com\/V2C.Charge\",\"https:\/\/x.com\/V2C_Charge\",\"https:\/\/www.instagram.com\/v2c.charge\/\",\"https:\/\/www.youtube.com\/@V2C\",\"https:\/\/www.linkedin.com\/company\/v2c-chargers\/\"]}]}<\/script>\n<!-- \/ Yoast SEO plugin. -->","yoast_head_json":{"title":"Integra\u00e7\u00e3o do inversor Deye \/ Turbo Energy com Trydan | V2C","description":"Explicamos como \u00e9 feito o cablagem para integrar o inversor Deye \/ Turbo Energy com o e-Charger Trydan. [\u00c1rea de Suporte da V2C]","robots":{"index":"index","follow":"follow","max-snippet":"max-snippet:-1","max-image-preview":"max-image-preview:large","max-video-preview":"max-video-preview:-1"},"canonical":"https:\/\/v2charge.com\/pt-pt\/suporte\/controlo-potencia\/dinamico\/fotovoltaica\/inversor-turbo-energy-deye\/","og_locale":"pt_PT","og_type":"article","og_title":"Integra\u00e7\u00e3o do inversor Deye \/ Turbo Energy com Trydan | V2C","og_description":"Explicamos como \u00e9 feito o cablagem para integrar o inversor Deye \/ Turbo Energy com o e-Charger Trydan. [\u00c1rea de Suporte da V2C]","og_url":"https:\/\/v2charge.com\/pt-pt\/suporte\/controlo-potencia\/dinamico\/fotovoltaica\/inversor-turbo-energy-deye\/","og_site_name":"V2C","article_publisher":"https:\/\/www.facebook.com\/V2C.Charge","article_modified_time":"2025-04-30T14:07:45+00:00","og_image":[{"width":250,"height":104,"url":"https:\/\/v2charge.com\/wp-content\/uploads\/2023\/12\/logo-deye.png","type":"image\/png"}],"twitter_card":"summary_large_image","twitter_site":"@V2C_Charge","twitter_misc":{"Tempo estimado de leitura":"6 minutos"},"schema":{"@context":"https:\/\/schema.org","@graph":[{"@type":"WebPage","@id":"https:\/\/v2charge.com\/pt-pt\/suporte\/controlo-potencia\/dinamico\/fotovoltaica\/inversor-turbo-energy-deye\/","url":"https:\/\/v2charge.com\/pt-pt\/suporte\/controlo-potencia\/dinamico\/fotovoltaica\/inversor-turbo-energy-deye\/","name":"Integra\u00e7\u00e3o do inversor Deye \/ Turbo Energy com Trydan | V2C","isPartOf":{"@id":"https:\/\/v2charge.com\/pt-pt\/#website"},"primaryImageOfPage":{"@id":"https:\/\/v2charge.com\/pt-pt\/suporte\/controlo-potencia\/dinamico\/fotovoltaica\/inversor-turbo-energy-deye\/#primaryimage"},"image":{"@id":"https:\/\/v2charge.com\/pt-pt\/suporte\/controlo-potencia\/dinamico\/fotovoltaica\/inversor-turbo-energy-deye\/#primaryimage"},"thumbnailUrl":"https:\/\/v2charge.com\/wp-content\/uploads\/2023\/12\/logo-deye.png","datePublished":"2023-04-01T09:44:10+00:00","dateModified":"2025-04-30T14:07:45+00:00","description":"Explicamos como \u00e9 feito o cablagem para integrar o inversor Deye \/ Turbo Energy com o e-Charger Trydan. [\u00c1rea de Suporte da V2C]","breadcrumb":{"@id":"https:\/\/v2charge.com\/pt-pt\/suporte\/controlo-potencia\/dinamico\/fotovoltaica\/inversor-turbo-energy-deye\/#breadcrumb"},"inLanguage":"pt-PT","potentialAction":[{"@type":"ReadAction","target":["https:\/\/v2charge.com\/pt-pt\/suporte\/controlo-potencia\/dinamico\/fotovoltaica\/inversor-turbo-energy-deye\/"]}]},{"@type":"ImageObject","inLanguage":"pt-PT","@id":"https:\/\/v2charge.com\/pt-pt\/suporte\/controlo-potencia\/dinamico\/fotovoltaica\/inversor-turbo-energy-deye\/#primaryimage","url":"https:\/\/v2charge.com\/wp-content\/uploads\/2023\/12\/logo-deye.png","contentUrl":"https:\/\/v2charge.com\/wp-content\/uploads\/2023\/12\/logo-deye.png"},{"@type":"BreadcrumbList","@id":"https:\/\/v2charge.com\/pt-pt\/suporte\/controlo-potencia\/dinamico\/fotovoltaica\/inversor-turbo-energy-deye\/#breadcrumb","itemListElement":[{"@type":"ListItem","position":1,"name":"V2C","item":"https:\/\/v2charge.com\/pt-pt\/"},{"@type":"ListItem","position":2,"name":"\u00c1rea de Suporte","item":"https:\/\/v2charge.com\/pt-pt\/suporte\/"},{"@type":"ListItem","position":3,"name":"Controlo de pot\u00eancia","item":"https:\/\/v2charge.com\/pt-pt\/suporte\/controlo-potencia\/"},{"@type":"ListItem","position":4,"name":"Din\u00e2mico","item":"https:\/\/v2charge.com\/pt-pt\/suporte\/controlo-potencia\/dinamico\/"},{"@type":"ListItem","position":5,"name":"Fotovoltaica","item":"https:\/\/v2charge.com\/pt-pt\/suporte\/controlo-potencia\/dinamico\/fotovoltaica\/"},{"@type":"ListItem","position":6,"name":"Integra\u00e7\u00e3o do Turbo Energy\/Deye Inverter com o Trydan"}]},{"@type":"WebSite","@id":"https:\/\/v2charge.com\/pt-pt\/#website","url":"https:\/\/v2charge.com\/pt-pt\/","name":"V2C","description":"#CargandoElMa\u00f1ana","publisher":{"@id":"https:\/\/v2charge.com\/pt-pt\/#organization"},"potentialAction":[{"@type":"SearchAction","target":{"@type":"EntryPoint","urlTemplate":"https:\/\/v2charge.com\/pt-pt\/?s={search_term_string}"},"query-input":{"@type":"PropertyValueSpecification","valueRequired":true,"valueName":"search_term_string"}}],"inLanguage":"pt-PT"},{"@type":"Organization","@id":"https:\/\/v2charge.com\/pt-pt\/#organization","name":"V2C","url":"https:\/\/v2charge.com\/pt-pt\/","logo":{"@type":"ImageObject","inLanguage":"pt-PT","@id":"https:\/\/v2charge.com\/pt-pt\/#\/schema\/logo\/image\/","url":"https:\/\/v2charge.com\/wp-content\/uploads\/2024\/11\/cropped-v2c-charge-logo-menu.png","contentUrl":"https:\/\/v2charge.com\/wp-content\/uploads\/2024\/11\/cropped-v2c-charge-logo-menu.png","width":984,"height":431,"caption":"V2C"},"image":{"@id":"https:\/\/v2charge.com\/pt-pt\/#\/schema\/logo\/image\/"},"sameAs":["https:\/\/www.facebook.com\/V2C.Charge","https:\/\/x.com\/V2C_Charge","https:\/\/www.instagram.com\/v2c.charge\/","https:\/\/www.youtube.com\/@V2C","https:\/\/www.linkedin.com\/company\/v2c-chargers\/"]}]}},"uagb_featured_image_src":{"full":false,"thumbnail":false,"medium":false,"medium_large":false,"large":false,"gs-tiny":false,"xl":false,"xxl":false,"xxxl":false,"xxxxl":false,"xxxxxl":false,"1536x1536":false,"2048x2048":false},"uagb_author_info":{"display_name":"V2C","author_link":"https:\/\/v2charge.com\/pt-pt\/author\/root_k4eu7ki8\/"},"uagb_comment_info":0,"uagb_excerpt":"Integra\u00e7\u00e3o do inversor Turbo Energy\/Deye com o Trydan A Deye \u00e9 um fabricante de inversores que tamb\u00e9m comercializa os seus produtos sob diferentes marcas atrav\u00e9s de outras empresas, como a Turbo Energy (a mais conhecida em Espanha), SunSynk ou Sol-Ark. Este inversor \u00e9 compat\u00edvel com o ponto de carregamento Trydan, permitindo tirar o m\u00e1ximo partido&hellip;","_links":{"self":[{"href":"https:\/\/v2charge.com\/pt-pt\/wp-json\/wp\/v2\/pages\/97288","targetHints":{"allow":["GET"]}}],"collection":[{"href":"https:\/\/v2charge.com\/pt-pt\/wp-json\/wp\/v2\/pages"}],"about":[{"href":"https:\/\/v2charge.com\/pt-pt\/wp-json\/wp\/v2\/types\/page"}],"author":[{"embeddable":true,"href":"https:\/\/v2charge.com\/pt-pt\/wp-json\/wp\/v2\/users\/1"}],"replies":[{"embeddable":true,"href":"https:\/\/v2charge.com\/pt-pt\/wp-json\/wp\/v2\/comments?post=97288"}],"version-history":[{"count":2,"href":"https:\/\/v2charge.com\/pt-pt\/wp-json\/wp\/v2\/pages\/97288\/revisions"}],"predecessor-version":[{"id":218856,"href":"https:\/\/v2charge.com\/pt-pt\/wp-json\/wp\/v2\/pages\/97288\/revisions\/218856"}],"up":[{"embeddable":true,"href":"https:\/\/v2charge.com\/pt-pt\/wp-json\/wp\/v2\/pages\/128258"}],"wp:attachment":[{"href":"https:\/\/v2charge.com\/pt-pt\/wp-json\/wp\/v2\/media?parent=97288"}],"curies":[{"name":"wp","href":"https:\/\/api.w.org\/{rel}","templated":true}]}}