{"id":394668,"date":"2025-12-18T14:55:57","date_gmt":"2025-12-18T12:55:57","guid":{"rendered":""},"modified":"2026-07-20T09:38:35","modified_gmt":"2026-07-20T07:38:35","slug":"compteur-linky","status":"publish","type":"page","link":"https:\/\/v2charge.com\/sv\/support\/effektstyrning\/dynamisk\/compteur-linky\/","title":{"rendered":"\u00a0Anslutningsmanual f\u00f6r LinkyLoRa-systemet\u00a0"},"content":{"rendered":"\n<div class=\"wp-block-uagb-container uagb-block-ab7cfef6 alignfull uagb-is-root-container\"><div class=\"uagb-container-inner-blocks-wrap\"><div class=\"yoast-breadcrumbs\"><span><span><a href=\"https:\/\/v2charge.com\/sv\/\">V2C<\/a><\/span> \u00bb <span><a href=\"https:\/\/v2charge.com\/sv\/support\/\">Supportomr\u00e5de<\/a><\/span> \u00bb <span><a href=\"https:\/\/v2charge.com\/sv\/support\/power-control\/\">Control de potencia<\/a><\/span> \u00bb <span><a href=\"https:\/\/v2charge.com\/sv\/support\/power-control\/dynamic\/\">Din\u00e1mico<\/a><\/span> \u00bb <span class=\"breadcrumb_last\" aria-current=\"page\">\u00a0Anslutningsmanual f\u00f6r LinkyLoRa-systemet\u00a0<\/span><\/span><\/div>\n\n<div class=\"wp-block-uagb-advanced-heading uagb-block-b32c4bfc\"><h1 class=\"uagb-heading-text\">Integration av LinkyLoRa-m\u00e4taren med Trydan <\/h1><\/div><\/div><\/div>\n\n\n\n<div class=\"wp-block-uagb-container uagb-block-674cd4cf alignfull uagb-is-root-container\"><div class=\"uagb-container-inner-blocks-wrap\">\n<div class=\"wp-block-uagb-container uagb-block-b5e8b586 alignfull uagb-is-root-container\"><div class=\"uagb-container-inner-blocks-wrap\">\n<div class=\"wp-block-uagb-container uagb-block-a031f436\">\n<div class=\"wp-block-uagb-image aligncenter uagb-block-dd804c57 wp-block-uagb-image--layout-default wp-block-uagb-image--effect-static wp-block-uagb-image--align-center\"><figure class=\"wp-block-uagb-image__figure\"><img decoding=\"async\" srcset=\"https:\/\/v2charge.com\/wp-content\/uploads\/2025\/12\/logo-linky.jpg ,https:\/\/v2charge.com\/wp-content\/uploads\/2025\/12\/logo-linky.jpg 780w, https:\/\/v2charge.com\/wp-content\/uploads\/2025\/12\/logo-linky.jpg 360w\" sizes=\"auto, (max-width: 480px) 150px\" src=\"https:\/\/v2charge.com\/wp-content\/uploads\/2025\/12\/logo-linky.jpg\" alt=\"\" class=\"uag-image-291128\" width=\"400\" height=\"124\" title=\"logo-linky\" loading=\"lazy\" role=\"img\"\/><\/figure><\/div>\n<\/div>\n\n\n\n<div class=\"wp-block-uagb-container uagb-block-152344ba\"><div class=\"wp-block-uagb-advanced-heading uagb-block-e888ec21\"><p class=\"uagb-heading-text\">LinkyLoRa-systemet g\u00f6r det m\u00f6jligt att integrera Linky-elm\u00e4taren med Trydan-laddarna. Det s\u00e4kerst\u00e4ller automatisk \u00f6verf\u00f6ring av data om elf\u00f6rbrukningen tack vare en LoRa-kommunikationsmodul (s\u00e4ndare\/mottagare).<\/p><\/div><\/div>\n<\/div><\/div>\n\n\n\t\t\t\t<div class=\"wp-block-uagb-table-of-contents uagb-toc__align-left uagb-toc__columns-1  uagb-block-306b887f      \"\n\t\t\t\t\tdata-scroll= \"1\"\n\t\t\t\t\tdata-offset= \"30\"\n\t\t\t\t\tstyle=\"\"\n\t\t\t\t>\n\t\t\t\t<div class=\"uagb-toc__wrap\">\n\t\t\t\t\t\t<div class=\"uagb-toc__title\">\n\t\t\t\t\t\t\tTable de mati\u00e8res\t\t\t\t\t\t<\/div>\n\t\t\t\t\t\t\t\t\t\t\t\t\t\t\t\t\t\t\t\t\t\t<div class=\"uagb-toc__list-wrap \">\n\t\t\t\t\t\t<ol class=\"uagb-toc__list\"><li class=\"uagb-toc__list\"><a href=\"#steg-f\u00f6r-steg-f\u00f6r-att-konfigurera-kommunikationen\" class=\"uagb-toc-link__trigger\">Steg f\u00f6r steg f\u00f6r att konfigurera kommunikationen<\/a><ul class=\"uagb-toc__list\"><li class=\"uagb-toc__list\"><a href=\"#identifiering-av-m\u00e4taren\" class=\"uagb-toc-link__trigger\">Identifiering av m\u00e4taren<\/a><li class=\"uagb-toc__list\"><li class=\"uagb-toc__list\"><a href=\"#anslutning-av-s\u00e4ndarmodulen\" class=\"uagb-toc-link__trigger\">Anslutning av s\u00e4ndarmodulen<\/a><li class=\"uagb-toc__list\"><li class=\"uagb-toc__list\"><a href=\"#integration-med-trydan-laddaren\" class=\"uagb-toc-link__trigger\">Integration med Trydan-laddaren\u00a0<\/a><li class=\"uagb-toc__list\"><li class=\"uagb-toc__list\"><a href=\"#konfiguration-i-v2ccloud-appen\" class=\"uagb-toc-link__trigger\">Konfiguration i V2C\u00a0Cloud-appen<\/a><\/li><\/ul><\/li><li class=\"uagb-toc__list\"><a href=\"#vanliga-fr\u00e5gor-och-probleml\u00f6sningar\" class=\"uagb-toc-link__trigger\">Vanliga fr\u00e5gor och probleml\u00f6sningar<\/a><ul class=\"uagb-toc__list\"><li class=\"uagb-toc__list\"><a href=\"#vad-ska-jag-g\u00f6ra-om-s\u00e4ndarmodulen-inte-visar-ett-fast-r\u00f6tt-led-ljus\" class=\"uagb-toc-link__trigger\">Vad ska jag g\u00f6ra om s\u00e4ndarmodulen inte visar ett fast r\u00f6tt LED-ljus?<\/a><li class=\"uagb-toc__list\"><li class=\"uagb-toc__list\"><a href=\"#vad-ska-jag-g\u00f6ra-om-mottagarmodulen-inte-visar-ett-fast-gr\u00f6nt-led-ljus\" class=\"uagb-toc-link__trigger\">Vad ska jag g\u00f6ra om mottagarmodulen inte visar ett fast gr\u00f6nt LED-ljus?<\/a><li class=\"uagb-toc__list\"><li class=\"uagb-toc__list\"><a href=\"#varf\u00f6r-uppt\u00e4cker-appen-inte-m\u00e4taren\" class=\"uagb-toc-link__trigger\">Varf\u00f6r uppt\u00e4cker appen inte m\u00e4taren?<\/a><li class=\"uagb-toc__list\"><li class=\"uagb-toc__list\"><a href=\"#vad-g\u00f6r-jag-om-uppgifterna-inte-uppdateras-i-appen\" class=\"uagb-toc-link__trigger\">Vad g\u00f6r jag om uppgifterna inte uppdateras i appen?<\/a><li class=\"uagb-toc__list\"><li class=\"uagb-toc__list\"><a href=\"#hur-l\u00e5ng-r\u00e4ckvidd-har-den-tr\u00e5dl\u00f6sa-kommunikationen\" class=\"uagb-toc-link__trigger\">Hur l\u00e5ng r\u00e4ckvidd har den tr\u00e5dl\u00f6sa kommunikationen?<\/a><\/li><\/ul><\/li><\/ul><\/li><li class=\"uagb-toc__list\"><a href=\"#s\u00e4kerhetsvarningar\" class=\"uagb-toc-link__trigger\">S\u00e4kerhetsvarningar<\/a><li class=\"uagb-toc__list\"><a href=\"#beh\u00f6ver-du-teknisk-support\" class=\"uagb-toc-link__trigger\">Beh\u00f6ver du teknisk support?<\/a><\/ul><\/ul><\/ol>\t\t\t\t\t<\/div>\n\t\t\t\t\t\t\t\t\t<\/div>\n\t\t\t\t<\/div>\n\t\t\t<\/div><\/div>\n\n\n\n<div class=\"wp-block-uagb-container uagb-block-3e27aec8 alignfull uagb-is-root-container\"><div class=\"uagb-container-inner-blocks-wrap\"><div class=\"wp-block-uagb-advanced-heading uagb-block-577a243b\"><h2 class=\"uagb-heading-text\">Steg f\u00f6r steg f\u00f6r att konfigurera kommunikationen<\/h2><\/div>\n\n<p class=\"wp-block-paragraph\">I det h\u00e4r avsnittet f\u00f6rklarar vi <strong>hur du konfigurerar LinkyLoRa f\u00f6r att uppr\u00e4tta anslutningen till laddaren Trydan<\/strong> och m\u00f6jligg\u00f6ra \u00f6verf\u00f6ring av m\u00e4tdata till den.<\/p>\n\n\n<div class=\"wp-block-uagb-container uagb-block-bf0aece8\">\n<div class=\"wp-block-uagb-container uagb-block-b573fae3\"><div class=\"uagb-block-4225e9c9 uagb-infobox__content-wrap  uagb-infobox-icon-left uagb-infobox-left uagb-infobox-image-valign-top  wp-block-uagb-info-box--has-margin\"><div class=\"uagb-infobox-margin-wrapper\"><div class=\"uagb-ifb-image-content\"><img decoding=\"async\" src=\"https:\/\/v2charge.com\/wp-content\/uploads\/2023\/11\/numero-uno.png\" width=\"35\" height=\"35\" loading=\"lazy\"\/><\/div><div class=\"uagb-ifb-content\"><div class=\"uagb-ifb-title-wrap\"><h3 class=\"uagb-ifb-title\">Identifiering av m\u00e4taren<\/h3><\/div><\/div><\/div><\/div>\n\n<div class=\"wp-block-uagb-advanced-heading uagb-block-793c0ddc\"><p class=\"uagb-heading-text\">Innan installationen p\u00e5b\u00f6rjas \u00e4r det viktigt att <strong>identifiera om den elektriska Linky-m\u00e4taren \u00e4r enfasig eller trefasig<\/strong>. Denna information kan fastst\u00e4llas genom att observera m\u00e4tarens form och m\u00e5tt, som skiljer sig \u00e5t beroende p\u00e5 typ (enfasig eller trefasig), och \u00e4r avg\u00f6rande f\u00f6r att utrustningen ska konfigureras korrekt. D\u00e4refter <strong>lokaliserar du m\u00e4tarens TIC-port<\/strong>, som kommer att fungera som anslutningspunkt f\u00f6r systemets kommunikation. Slutligen <strong>ser du till att anslutningsomr\u00e5det \u00e4r rent och l\u00e4ttillg\u00e4ngligt<\/strong> f\u00f6r att s\u00e4kerst\u00e4lla en tillf\u00f6rlitlig, s\u00e4ker och st\u00f6rningsfri installation.<\/p><\/div><\/div>\n<\/div>\n\n\n\n<div class=\"wp-block-uagb-container uagb-block-9bcf05d8 alignfull uagb-is-root-container\"><div class=\"uagb-container-inner-blocks-wrap\">\n<div class=\"wp-block-uagb-container uagb-block-71a41718\">\n<div class=\"wp-block-uagb-image uagb-block-7b841c1a wp-block-uagb-image--layout-default wp-block-uagb-image--effect-static wp-block-uagb-image--align-none\"><figure class=\"wp-block-uagb-image__figure\"><img decoding=\"async\" srcset=\"https:\/\/v2charge.com\/wp-content\/uploads\/2025\/12\/compteur-linky-monophase-1.jpg ,https:\/\/v2charge.com\/wp-content\/uploads\/2025\/12\/compteur-linky-monophase-1.jpg 780w, https:\/\/v2charge.com\/wp-content\/uploads\/2025\/12\/compteur-linky-monophase-1.jpg 360w\" sizes=\"auto, (max-width: 480px) 150px\" src=\"https:\/\/v2charge.com\/wp-content\/uploads\/2025\/12\/compteur-linky-monophase-1.jpg\" alt=\"\" class=\"uag-image-291271\" width=\"300\" height=\"500\" title=\"compteur-linky-monophase\" loading=\"lazy\" role=\"img\"\/><\/figure><\/div>\n<\/div>\n\n\n\n<div class=\"wp-block-uagb-container uagb-block-99d08a41\">\n<div class=\"wp-block-uagb-image uagb-block-93c1652f wp-block-uagb-image--layout-default wp-block-uagb-image--effect-static wp-block-uagb-image--align-none\"><figure class=\"wp-block-uagb-image__figure\"><img decoding=\"async\" srcset=\"https:\/\/v2charge.com\/wp-content\/uploads\/2025\/12\/compteur-linky-triphase-1.jpg ,https:\/\/v2charge.com\/wp-content\/uploads\/2025\/12\/compteur-linky-triphase-1.jpg 780w, https:\/\/v2charge.com\/wp-content\/uploads\/2025\/12\/compteur-linky-triphase-1.jpg 360w\" sizes=\"auto, (max-width: 480px) 150px\" src=\"https:\/\/v2charge.com\/wp-content\/uploads\/2025\/12\/compteur-linky-triphase-1.jpg\" alt=\"\" class=\"uag-image-291282\" width=\"300\" height=\"500\" title=\"compteur-linky-triphase\" loading=\"lazy\" role=\"img\"\/><\/figure><\/div>\n<\/div>\n<\/div><\/div>\n\n\n\n<div class=\"wp-block-uagb-container uagb-block-48792332\">\n<div class=\"wp-block-uagb-container uagb-block-1dca94e3 alignfull uagb-is-root-container\"><div class=\"uagb-container-inner-blocks-wrap\">\n<div class=\"wp-block-uagb-container uagb-block-5a78df65\"><div class=\"uagb-block-58a06e9b uagb-infobox__content-wrap  uagb-infobox-icon-left uagb-infobox-left uagb-infobox-stacked-tablet uagb-infobox-image-valign-top \"><div class=\"uagb-ifb-image-content\"><img decoding=\"async\" src=\"https:\/\/v2charge.com\/wp-content\/uploads\/2023\/11\/numero-uno.png\" alt=\"\" width=\"25\" height=\"25\" loading=\"lazy\"\/><\/div><div class=\"uagb-ifb-content\"><div class=\"uagb-ifb-title-wrap\"><\/div><p class=\"uagb-ifb-desc\">TIC-port&nbsp;<\/p><\/div><\/div>\n\n<div class=\"uagb-block-187778ba uagb-infobox__content-wrap  uagb-infobox-icon-left uagb-infobox-left uagb-infobox-stacked-tablet uagb-infobox-image-valign-top \"><div class=\"uagb-ifb-image-content\"><img decoding=\"async\" src=\"https:\/\/v2charge.com\/wp-content\/uploads\/2023\/11\/numero-dos.png\" alt=\"\" width=\"25\" height=\"25\" loading=\"lazy\"\/><\/div><div class=\"uagb-ifb-content\"><div class=\"uagb-ifb-title-wrap\"><\/div><p class=\"uagb-ifb-desc\">S\u00e4ndarmodul&nbsp;<\/p><\/div><\/div><\/div>\n<\/div><\/div>\n<\/div>\n\n\n\n<hr class=\"wp-block-separator has-alpha-channel-opacity\"\/>\n\n\n\n<div class=\"wp-block-uagb-container uagb-block-bfed480d\">\n<div class=\"wp-block-uagb-container uagb-block-0974928c\"><div class=\"uagb-block-5cedd805 uagb-infobox__content-wrap  uagb-infobox-icon-left uagb-infobox-left uagb-infobox-image-valign-top \"><div class=\"uagb-ifb-image-content\"><img decoding=\"async\" src=\"https:\/\/v2charge.com\/wp-content\/uploads\/2023\/11\/numero-dos.png\" alt=\"\" width=\"35\" height=\"35\" loading=\"lazy\"\/><\/div><div class=\"uagb-ifb-content\"><div class=\"uagb-ifb-title-wrap\"><h3 class=\"uagb-ifb-title\">Anslutning av s\u00e4ndarmodulen<\/h3><\/div><\/div><\/div>\n\n<div class=\"wp-block-uagb-advanced-heading uagb-block-1d2eb04e\"><p class=\"uagb-heading-text\">F\u00f6r att ansluta s\u00e4ndarmodulen korrekt b\u00f6rjar du med att <strong>trycka p\u00e5 fliken p\u00e5 Linky-m\u00e4tarens TIC-port f\u00f6r att<\/strong> <strong>\u00f6ppna den<\/strong>. Placera sedan modulen enligt illustrationen, med den sl\u00e4ta sidan med LED-lamporna v\u00e4nd fram\u00e5t.<br><br>F\u00f6r d\u00e4refter in s\u00e4ndarmodulen i TIC-porten och tryck in den ordentligt tills den klickar p\u00e5 plats. <strong>Kontrollera att anslutningen \u00e4r s\u00e4ker och stabil<\/strong> genom att s\u00e4kerst\u00e4lla att modulen sitter ordentligt fast utan glapp eller r\u00f6relse, vilket garanterar en tillf\u00f6rlitlig och oavbruten funktion.<\/p><\/div>\n\n\n<div class=\"wp-block-uagb-container uagb-block-126cf799\"><div class=\"wp-block-uagb-advanced-heading uagb-block-3dd6d5fa\"><p class=\"uagb-heading-text\"><strong><strong>OBS!<\/strong> <\/strong>Anslutningen av s\u00e4ndarmodulen anses vara korrekt n\u00e4r modulens LED-indikator f\u00f6ljer f\u00f6ljande tillst\u00e5ndssekvens:<br>1- R\u00f6tt blinkande ljus: modulen v\u00e4ntar p\u00e5 uppdateringar.<br>2- Gr\u00f6nt blinkande ljus: servicekoden visas.<br>3- Fast r\u00f6tt ljus: modulen synkroniseras med Linky-m\u00e4taren.<br>4- Fast gr\u00f6nt ljus: anslutningen \u00e4r uppr\u00e4ttad. Fr\u00e5n och med d\u00e5 blinkar den gr\u00f6na LED-indikatorn varje g\u00e5ng modulen \u00f6verf\u00f6r data.<\/p><\/div><\/div>\n<\/div>\n\n\n\n<div class=\"wp-block-uagb-container uagb-block-75cd2497\">\n<div class=\"wp-block-uagb-image uagb-block-6e3968ad wp-block-uagb-image--layout-default wp-block-uagb-image--effect-static wp-block-uagb-image--align-none\"><figure class=\"wp-block-uagb-image__figure\"><img decoding=\"async\" srcset=\"https:\/\/v2charge.com\/wp-content\/uploads\/2025\/12\/linky-lora-1024x516.png ,https:\/\/v2charge.com\/wp-content\/uploads\/2025\/12\/linky-lora.png 780w, https:\/\/v2charge.com\/wp-content\/uploads\/2025\/12\/linky-lora.png 360w\" sizes=\"auto, (max-width: 480px) 150px\" src=\"https:\/\/v2charge.com\/wp-content\/uploads\/2025\/12\/linky-lora-1024x516.png\" alt=\"\" class=\"uag-image-291332\" width=\"1024\" height=\"516\" title=\"linky-lora\" loading=\"lazy\" role=\"img\"\/><\/figure><\/div>\n<\/div>\n<\/div>\n\n\n\n<hr class=\"wp-block-separator has-alpha-channel-opacity\"\/>\n\n\n<div class=\"uagb-block-451fc684 uagb-infobox__content-wrap  uagb-infobox-icon-left uagb-infobox-left uagb-infobox-image-valign-top \"><div class=\"uagb-ifb-image-content\"><img decoding=\"async\" src=\"https:\/\/v2charge.com\/wp-content\/uploads\/2023\/11\/numero-tres.png\" alt=\"\" width=\"35\" height=\"35\" loading=\"lazy\"\/><\/div><div class=\"uagb-ifb-content\"><div class=\"uagb-ifb-title-wrap\"><h3 class=\"uagb-ifb-title\">Integration med Trydan-laddaren&nbsp;<\/h3><\/div><\/div><\/div>\n\n\n<div class=\"wp-block-uagb-container uagb-block-9905cb2d alignfull uagb-is-root-container\"><div class=\"uagb-container-inner-blocks-wrap\">\n<div class=\"wp-block-uagb-container uagb-block-99a51143\">\t\t\t\t\t<div\n\t\t\t\t\t\tclass=\"wp-block-uagb-image-gallery uagb-block-bd267b49     \"\n\t\t\t\t\t\tstyle=\"\"\n\t\t\t\t\t>\n\t\t\t\t\t\t\t\t\t\t\t<div class=\"spectra-image-gallery spectra-image-gallery__layout--carousel\">\n\t\t\t\t\t\t\t\t<div class=\"uagb-slick-carousel uagb-block-bd267b49\">\n\t\t\t\t\t\t\t\t\t\t\t\t<div class=\"spectra-image-gallery__media-wrapper\" data-spectra-gallery-image-id=\"291247\">\n\t\t\t\t\t\t\t<div class=\"spectra-image-gallery__media spectra-image-gallery__media--carousel\">\n\t\t\t\t<picture>\n\t\t\t\t\t<source media=\"(min-width: 1024px)\" srcset=\"https:\/\/v2charge.com\/wp-content\/uploads\/2025\/12\/trydan-interior-scaled.jpg\">\n\t\t\t\t\t<source media=\"(min-width: 768px)\" srcset=\"https:\/\/v2charge.com\/wp-content\/uploads\/2025\/12\/trydan-interior-746x1024.jpg\">\n\t\t\t\t\t<img decoding=\"async\" class=\"spectra-image-gallery__media-thumbnail spectra-image-gallery__media-thumbnail--carousel\" src=\"https:\/\/v2charge.com\/wp-content\/uploads\/2025\/12\/trydan-interior-scaled.jpg\" alt=\"\" loading=\"lazy\" \/>\n\t\t\t\t<\/picture>\n\t\t\t\t<div class=\"spectra-image-gallery__media-thumbnail-blurrer\"><\/div>\n\t\t\t\t\t\t\t\t\t\t\t<div class=\"spectra-image-gallery__media-thumbnail-caption-wrapper spectra-image-gallery__media-thumbnail-caption-wrapper--overlay\"><\/div>\n\t\t\t\t\t\t\t\t<\/div>\n\t\t\t\t\t\t<\/div>\n\t\t\t\t\t\t<div class=\"spectra-image-gallery__media-wrapper\" data-spectra-gallery-image-id=\"291258\">\n\t\t\t\t\t\t\t<div class=\"spectra-image-gallery__media spectra-image-gallery__media--carousel\">\n\t\t\t\t<picture>\n\t\t\t\t\t<source media=\"(min-width: 1024px)\" srcset=\"https:\/\/v2charge.com\/wp-content\/uploads\/2025\/12\/trydan-pro-interior-scaled.jpg\">\n\t\t\t\t\t<source media=\"(min-width: 768px)\" srcset=\"https:\/\/v2charge.com\/wp-content\/uploads\/2025\/12\/trydan-pro-interior-777x1024.jpg\">\n\t\t\t\t\t<img decoding=\"async\" class=\"spectra-image-gallery__media-thumbnail spectra-image-gallery__media-thumbnail--carousel\" src=\"https:\/\/v2charge.com\/wp-content\/uploads\/2025\/12\/trydan-pro-interior-scaled.jpg\" alt=\"\" loading=\"lazy\" \/>\n\t\t\t\t<\/picture>\n\t\t\t\t<div class=\"spectra-image-gallery__media-thumbnail-blurrer\"><\/div>\n\t\t\t\t\t\t\t\t\t\t\t<div class=\"spectra-image-gallery__media-thumbnail-caption-wrapper spectra-image-gallery__media-thumbnail-caption-wrapper--overlay\"><\/div>\n\t\t\t\t\t\t\t\t<\/div>\n\t\t\t\t\t\t<\/div>\n\t\t\t\t\t\t<div class=\"spectra-image-gallery__media-wrapper\" data-spectra-gallery-image-id=\"291318\">\n\t\t\t\t\t\t\t<div class=\"spectra-image-gallery__media spectra-image-gallery__media--carousel\">\n\t\t\t\t<picture>\n\t\t\t\t\t<source media=\"(min-width: 1024px)\" srcset=\"https:\/\/v2charge.com\/wp-content\/uploads\/2025\/12\/module-recepteur-linky.jpg\">\n\t\t\t\t\t<source media=\"(min-width: 768px)\" srcset=\"https:\/\/v2charge.com\/wp-content\/uploads\/2025\/12\/module-recepteur-linky-1024x811.jpg\">\n\t\t\t\t\t<img decoding=\"async\" class=\"spectra-image-gallery__media-thumbnail spectra-image-gallery__media-thumbnail--carousel\" src=\"https:\/\/v2charge.com\/wp-content\/uploads\/2025\/12\/module-recepteur-linky.jpg\" alt=\"\" loading=\"lazy\" \/>\n\t\t\t\t<\/picture>\n\t\t\t\t<div class=\"spectra-image-gallery__media-thumbnail-blurrer\"><\/div>\n\t\t\t\t\t\t\t\t\t\t\t<div class=\"spectra-image-gallery__media-thumbnail-caption-wrapper spectra-image-gallery__media-thumbnail-caption-wrapper--overlay\"><\/div>\n\t\t\t\t\t\t\t\t<\/div>\n\t\t\t\t\t\t<\/div>\n\t\t\t\t\t\t\t\t\t\t\t<\/div>\n\t\t\t\t\t\t\t<\/div>\n\t\t\t\t\t\t\t\t\t\t\t<\/div>\n\t\t\t\t\t\t\t\t\t<\/div>\n\n\n\n<div class=\"wp-block-uagb-container uagb-block-aa83ebac\"><p class=\"wp-block-paragraph\">F\u00f6r att slutf\u00f6ra integrationen med Trydan-laddaren b\u00f6rjar du med att <strong>\u00f6ppna laddarens h\u00f6lje<\/strong> och <strong>lokalisera Modbus RJ45-porten inuti<\/strong>. Anslut sedan <strong>en RJ45-kabel mellan mottagarmodulen och laddarens Modbus-port<\/strong> och se till att anslutningen \u00e4r stabil och s\u00e4ker. <br><br>Kontrollera slutligen att mottagarmodulen \u00e4r <strong>korrekt fastsatt<\/strong>, vilket s\u00e4kerst\u00e4ller en trygg kommunikation och tillf\u00f6rlitlig drift av systemet.<\/p>\n\n\n<div class=\"wp-block-uagb-container uagb-block-7ff8e079\"><div class=\"wp-block-uagb-advanced-heading uagb-block-d637a970\"><p class=\"uagb-heading-text\"><strong><strong>OBS:<\/strong> <\/strong>Anslutningen av mottagarmodulen \u00e4r korrekt n\u00e4r LED-lamporna visar f\u00f6ljande statussekvens:<br>1- Fast gr\u00f6nt sken + blinkande orange: modulens startfas.<br>2- Fast gr\u00f6nt sken + fast orange sken: normal drift f\u00f6r modulen..<\/p><\/div><\/div>\n<\/div>\n<\/div><\/div>\n\n\n\n<div class=\"wp-block-uagb-container uagb-block-da199033\">\n<div class=\"wp-block-uagb-container uagb-block-f8d0ac1f\">      \n\t\t\t<div class=\"uagb-icon-wrapper uagb-block-6f8a42ef      \"\n\t\t\tstyle=\"\" >\n\t\t\t\t\t\t\t\t\t<span class=\"uagb-svg-wrapper\" \n\t\t\t\t\t aria-label=\"triangle-exclamation\"\t\t\t\t\ttabindex=\"0\">\t\t\n\t\t\t\t\t\t\t\t\t\t<svg xmlns=\"https:\/\/www.w3.org\/2000\/svg\" viewBox= \"0 0 512 512\" role=\"graphics-symbol\" aria-hidden=\"false\" aria-label=\"\"><path d=\"M506.3 417l-213.3-364c-16.33-28-57.54-28-73.98 0l-213.2 364C-10.59 444.9 9.849 480 42.74 480h426.6C502.1 480 522.6 445 506.3 417zM232 168c0-13.25 10.75-24 24-24S280 154.8 280 168v128c0 13.25-10.75 24-23.1 24S232 309.3 232 296V168zM256 416c-17.36 0-31.44-14.08-31.44-31.44c0-17.36 14.07-31.44 31.44-31.44s31.44 14.08 31.44 31.44C287.4 401.9 273.4 416 256 416z\"><\/path><\/svg>\n\t\t\t\t\t\t\t\t\t<\/span>\n\t\t\t\t\t\t\t<\/div>\n\t\t\t<\/div>\n\n\n\n<div class=\"wp-block-uagb-container uagb-block-6fd93ffc\"><p class=\"has-contrast-color has-text-color wp-block-paragraph\" style=\"font-size:16px\"><strong>Viktigt:<\/strong> N\u00e4r du har anslutit de tv\u00e5 enheterna ska du <strong>v\u00e4nta 10\u201315 sekunder s\u00e5 att utrustningen hinner initieras helt<\/strong>. Detta steg \u00e4r n\u00f6dv\u00e4ndigt f\u00f6r att s\u00e4kerst\u00e4lla att enheterna \u00e4r fullt funktionsdugliga och redo att kommunicera stabilt. S\u00e4ndarmodulen str\u00f6mf\u00f6rs\u00f6rjs automatiskt av Linky-m\u00e4taren, medan mottagarmodulen str\u00f6mf\u00f6rs\u00f6rjs direkt av Trydan-laddaren.<\/p><\/div>\n<\/div>\n\n\n\n<hr class=\"wp-block-separator has-alpha-channel-opacity\"\/>\n\n\n\n<div class=\"wp-block-uagb-container uagb-block-4e5e694b alignfull uagb-is-root-container\"><div class=\"uagb-container-inner-blocks-wrap\">\n<div class=\"wp-block-uagb-container uagb-block-8728a9ee\"><div class=\"uagb-block-2d0fe6e1 uagb-infobox__content-wrap  uagb-infobox-icon-left uagb-infobox-left uagb-infobox-image-valign-top \"><div class=\"uagb-ifb-image-content\"><img decoding=\"async\" src=\"https:\/\/v2charge.com\/wp-content\/uploads\/2023\/11\/numero-cinco.png\" alt=\"\" width=\"35\" height=\"35\" loading=\"lazy\"\/><\/div><div class=\"uagb-ifb-content\"><div class=\"uagb-ifb-title-wrap\"><h3 class=\"uagb-ifb-title\">Konfiguration i V2C<strong>&nbsp;<\/strong>Cloud-appen<\/h3><\/div><\/div><\/div>\n\n<p class=\"wp-block-paragraph\">F\u00f6r att konfigurera dina enheter anv\u00e4nder du appen <strong>V2C Cloud<\/strong>, som kan laddas ner kostnadsfritt fr\u00e5n <strong>Google Play<\/strong> och <strong>App Store<\/strong>. Med appen kan du enkelt hantera och anpassa alla systeminst\u00e4llningar, vilket s\u00e4kerst\u00e4ller optimal drift och perfekt samordning mellan s\u00e4ndar- och mottagarmodulen.<\/p>\n\n\t\t\t\t\t<div\n\t\t\t\t\t\tclass=\"wp-block-uagb-image-gallery uagb-block-42fb1232     \"\n\t\t\t\t\t\tstyle=\"\"\n\t\t\t\t\t>\n\t\t\t\t\t\t\t\t\t\t\t<div class=\"spectra-image-gallery spectra-image-gallery__layout--carousel\">\n\t\t\t\t\t\t\t\t<div class=\"uagb-slick-carousel uagb-block-42fb1232\">\n\t\t\t\t\t\t\t\t\t\t\t\t<div class=\"spectra-image-gallery__media-wrapper\" data-spectra-gallery-image-id=\"291206\">\n\t\t\t\t\t\t\t<div class=\"spectra-image-gallery__media spectra-image-gallery__media--carousel\">\n\t\t\t\t<picture>\n\t\t\t\t\t<source media=\"(min-width: 1024px)\" srcset=\"https:\/\/v2charge.com\/wp-content\/uploads\/2025\/12\/seleccionar-e-charger-fr-1.png\">\n\t\t\t\t\t<source media=\"(min-width: 768px)\" srcset=\"https:\/\/v2charge.com\/wp-content\/uploads\/2025\/12\/seleccionar-e-charger-fr-1.png\">\n\t\t\t\t\t<img decoding=\"async\" class=\"spectra-image-gallery__media-thumbnail spectra-image-gallery__media-thumbnail--carousel\" src=\"https:\/\/v2charge.com\/wp-content\/uploads\/2025\/12\/seleccionar-e-charger-fr-1-250x300.png\" alt=\"\" loading=\"lazy\" \/>\n\t\t\t\t<\/picture>\n\t\t\t\t<div class=\"spectra-image-gallery__media-thumbnail-blurrer\"><\/div>\n\t\t\t\t\t\t\t<\/div>\n\t\t\t\t\t\t\t\t<div class=\"spectra-image-gallery__media-thumbnail-caption-wrapper spectra-image-gallery__media-thumbnail-caption-wrapper--bar-outside\">\n\t\t\t\t\t\t\t\t\t\t<div class=\"spectra-image-gallery__media-thumbnail-caption spectra-image-gallery__media-thumbnail-caption--bar-outside\">\n\t\t\t\t\t<strong>\u00c9TAPE 1<br><\/strong>S\u00e9lectionnez l\u2019e-Charger\t\t\t\t<\/div>\n\t\t\t\t\t\t\t\t<\/div>\n\t\t\t\t\t\t\t<\/div>\n\t\t\t\t\t\t<div class=\"spectra-image-gallery__media-wrapper\" data-spectra-gallery-image-id=\"291184\">\n\t\t\t\t\t\t\t<div class=\"spectra-image-gallery__media spectra-image-gallery__media--carousel\">\n\t\t\t\t<picture>\n\t\t\t\t\t<source media=\"(min-width: 1024px)\" srcset=\"https:\/\/v2charge.com\/wp-content\/uploads\/2025\/12\/ajustes-fr-1.png\">\n\t\t\t\t\t<source media=\"(min-width: 768px)\" srcset=\"https:\/\/v2charge.com\/wp-content\/uploads\/2025\/12\/ajustes-fr-1.png\">\n\t\t\t\t\t<img decoding=\"async\" class=\"spectra-image-gallery__media-thumbnail spectra-image-gallery__media-thumbnail--carousel\" src=\"https:\/\/v2charge.com\/wp-content\/uploads\/2025\/12\/ajustes-fr-1-250x300.png\" alt=\"\" loading=\"lazy\" \/>\n\t\t\t\t<\/picture>\n\t\t\t\t<div class=\"spectra-image-gallery__media-thumbnail-blurrer\"><\/div>\n\t\t\t\t\t\t\t<\/div>\n\t\t\t\t\t\t\t\t<div class=\"spectra-image-gallery__media-thumbnail-caption-wrapper spectra-image-gallery__media-thumbnail-caption-wrapper--bar-outside\">\n\t\t\t\t\t\t\t\t\t\t<div class=\"spectra-image-gallery__media-thumbnail-caption spectra-image-gallery__media-thumbnail-caption--bar-outside\">\n\t\t\t\t\t<strong>\u00c9TAPE 2<br><\/strong>Acc\u00e9dez au menu de configuration\t\t\t\t<\/div>\n\t\t\t\t\t\t\t\t<\/div>\n\t\t\t\t\t\t\t<\/div>\n\t\t\t\t\t\t<div class=\"spectra-image-gallery__media-wrapper\" data-spectra-gallery-image-id=\"291195\">\n\t\t\t\t\t\t\t<div class=\"spectra-image-gallery__media spectra-image-gallery__media--carousel\">\n\t\t\t\t<picture>\n\t\t\t\t\t<source media=\"(min-width: 1024px)\" srcset=\"https:\/\/v2charge.com\/wp-content\/uploads\/2025\/12\/control-de-potencia-fr.png\">\n\t\t\t\t\t<source media=\"(min-width: 768px)\" srcset=\"https:\/\/v2charge.com\/wp-content\/uploads\/2025\/12\/control-de-potencia-fr.png\">\n\t\t\t\t\t<img decoding=\"async\" class=\"spectra-image-gallery__media-thumbnail spectra-image-gallery__media-thumbnail--carousel\" src=\"https:\/\/v2charge.com\/wp-content\/uploads\/2025\/12\/control-de-potencia-fr-250x300.png\" alt=\"\" loading=\"lazy\" \/>\n\t\t\t\t<\/picture>\n\t\t\t\t<div class=\"spectra-image-gallery__media-thumbnail-blurrer\"><\/div>\n\t\t\t\t\t\t\t<\/div>\n\t\t\t\t\t\t\t\t<div class=\"spectra-image-gallery__media-thumbnail-caption-wrapper spectra-image-gallery__media-thumbnail-caption-wrapper--bar-outside\">\n\t\t\t\t\t\t\t\t\t\t<div class=\"spectra-image-gallery__media-thumbnail-caption spectra-image-gallery__media-thumbnail-caption--bar-outside\">\n\t\t\t\t\t<strong>\u00c9TAPE 3<br><\/strong>S\u00e9lectionnez \u00ab Contr\u00f4le de puissance \u00bb\t\t\t\t<\/div>\n\t\t\t\t\t\t\t\t<\/div>\n\t\t\t\t\t\t\t<\/div>\n\t\t\t\t\t\t<div class=\"spectra-image-gallery__media-wrapper\" data-spectra-gallery-image-id=\"291217\">\n\t\t\t\t\t\t\t<div class=\"spectra-image-gallery__media spectra-image-gallery__media--carousel\">\n\t\t\t\t<picture>\n\t\t\t\t\t<source media=\"(min-width: 1024px)\" srcset=\"https:\/\/v2charge.com\/wp-content\/uploads\/2025\/12\/tipo-dispositivo-fr.png\">\n\t\t\t\t\t<source media=\"(min-width: 768px)\" srcset=\"https:\/\/v2charge.com\/wp-content\/uploads\/2025\/12\/tipo-dispositivo-fr.png\">\n\t\t\t\t\t<img decoding=\"async\" class=\"spectra-image-gallery__media-thumbnail spectra-image-gallery__media-thumbnail--carousel\" src=\"https:\/\/v2charge.com\/wp-content\/uploads\/2025\/12\/tipo-dispositivo-fr-250x300.png\" alt=\"\" loading=\"lazy\" \/>\n\t\t\t\t<\/picture>\n\t\t\t\t<div class=\"spectra-image-gallery__media-thumbnail-blurrer\"><\/div>\n\t\t\t\t\t\t\t<\/div>\n\t\t\t\t\t\t\t\t<div class=\"spectra-image-gallery__media-thumbnail-caption-wrapper spectra-image-gallery__media-thumbnail-caption-wrapper--bar-outside\">\n\t\t\t\t\t\t\t\t\t\t<div class=\"spectra-image-gallery__media-thumbnail-caption spectra-image-gallery__media-thumbnail-caption--bar-outside\">\n\t\t\t\t\t<strong>\u00c9TAPE 4<br><\/strong>Choisissez le type de dispositif\t\t\t\t<\/div>\n\t\t\t\t\t\t\t\t<\/div>\n\t\t\t\t\t\t\t<\/div>\n\t\t\t\t\t\t<div class=\"spectra-image-gallery__media-wrapper\" data-spectra-gallery-image-id=\"291228\">\n\t\t\t\t\t\t\t<div class=\"spectra-image-gallery__media spectra-image-gallery__media--carousel\">\n\t\t\t\t<picture>\n\t\t\t\t\t<source media=\"(min-width: 1024px)\" srcset=\"https:\/\/v2charge.com\/wp-content\/uploads\/2025\/12\/tipo-medidor-fr.png\">\n\t\t\t\t\t<source media=\"(min-width: 768px)\" srcset=\"https:\/\/v2charge.com\/wp-content\/uploads\/2025\/12\/tipo-medidor-fr.png\">\n\t\t\t\t\t<img decoding=\"async\" class=\"spectra-image-gallery__media-thumbnail spectra-image-gallery__media-thumbnail--carousel\" src=\"https:\/\/v2charge.com\/wp-content\/uploads\/2025\/12\/tipo-medidor-fr-250x300.png\" alt=\"\" loading=\"lazy\" \/>\n\t\t\t\t<\/picture>\n\t\t\t\t<div class=\"spectra-image-gallery__media-thumbnail-blurrer\"><\/div>\n\t\t\t\t\t\t\t<\/div>\n\t\t\t\t\t\t\t\t<div class=\"spectra-image-gallery__media-thumbnail-caption-wrapper spectra-image-gallery__media-thumbnail-caption-wrapper--bar-outside\">\n\t\t\t\t\t\t\t\t\t\t<div class=\"spectra-image-gallery__media-thumbnail-caption spectra-image-gallery__media-thumbnail-caption--bar-outside\">\n\t\t\t\t\t<strong>\u00c9TAPE 5<br><\/strong>S\u00e9lectionnez le compteur Linky\t\t\t\t<\/div>\n\t\t\t\t\t\t\t\t<\/div>\n\t\t\t\t\t\t\t<\/div>\n\t\t\t\t\t\t\t\t\t\t\t<\/div>\n\t\t\t\t\t\t\t<\/div>\n\t\t\t\t\t\t\t\t\t\t\t<\/div>\n\t\t\t\t\t\t\t\t\t<\/div>\n<\/div><\/div>\n<\/div><\/div>\n\n\n\n<div class=\"wp-block-uagb-container uagb-block-c182daa0 alignfull uagb-is-root-container\"><div class=\"uagb-container-inner-blocks-wrap\">\n<div class=\"wp-block-uagb-separator uagb-block-85407023\"><div class=\"wp-block-uagb-separator__inner\" style=\"--my-background-image:\"><\/div><\/div>\n\n\n<div class=\"wp-block-uagb-advanced-heading uagb-block-593a795e\"><h2 class=\"uagb-heading-text\"><strong><strong>Vanliga fr\u00e5gor och probleml\u00f6sningar<\/strong><\/strong><\/h2><\/div>\n\n\n<div class=\"wp-block-accordion-toggle-accordion-toggle  root-eb-accordion-9l4j5aa\"><div class=\"eb-parent-wrapper eb-parent-eb-accordion-9l4j5aa \"><div class=\"eb-accordion-container eb-accordion-9l4j5aa\" data-accordion-type=\"accordion\" data-tab-icon=\"fas fa-plus-circle\" data-expanded-icon=\"fas fa-minus-circle\" data-transition-duration=\"500\"><div class=\"eb-accordion-inner\"><div class=\"wp-block-accordion-toggle-accordion-item eb-accordion-item-62dl6yd eb-accordion-wrapper\" data-clickable=\"false\"><div class=\"eb-accordion-title-wrapper eb-accordion-title-wrapper-eb-accordion-9l4j5aa\" tabindex=\"0\"><span class=\"eb-accordion-icon-wrapper eb-accordion-icon-wrapper-eb-accordion-9l4j5aa\"><span class=\"fas fa-plus-circle eb-accordion-icon\"><\/span><\/span><div class=\"eb-accordion-title-content-wrap title-content-eb-accordion-9l4j5aa\"><h4 class=\"eb-accordion-title\"><strong><strong>Vad ska jag g\u00f6ra om s\u00e4ndarmodulen inte visar ett fast r\u00f6tt LED-ljus?<\/strong><\/strong><\/h4><\/div><\/div><div class=\"eb-accordion-content-wrapper eb-accordion-content-wrapper-eb-accordion-9l4j5aa\"><div class=\"eb-accordion-content\"><div class=\"wp-block-uagb-advanced-heading uagb-block-907f5111\"><p class=\"uagb-heading-text\">Kontrollera f\u00f6rst att modulen \u00e4r korrekt isatt i TIC-porten p\u00e5 Linky-m\u00e4taren. Se till att trycka fast den ordentligt tills den sitter helt p\u00e5 plats. Om den fasta r\u00f6da LED-lampan fortfarande inte t\u00e4nds efter denna kontroll, kontakta <strong>V2C<\/strong>:s tekniska support f\u00f6r hj\u00e4lp.<\/p><\/div><\/div><\/div><\/div>\n\n\n<div class=\"wp-block-accordion-toggle-accordion-item eb-accordion-item-t57d3 eb-accordion-wrapper\" data-clickable=\"false\"><div class=\"eb-accordion-title-wrapper eb-accordion-title-wrapper-eb-accordion-9l4j5aa\" tabindex=\"0\"><span class=\"eb-accordion-icon-wrapper eb-accordion-icon-wrapper-eb-accordion-9l4j5aa\"><span class=\"fas fa-plus-circle eb-accordion-icon\"><\/span><\/span><div class=\"eb-accordion-title-content-wrap title-content-eb-accordion-9l4j5aa\"><h4 class=\"eb-accordion-title\"><strong><strong><strong>Vad ska jag g\u00f6ra om mottagarmodulen inte visar ett fast gr\u00f6nt LED-ljus?<\/strong><\/strong><\/strong><\/h4><\/div><\/div><div class=\"eb-accordion-content-wrapper eb-accordion-content-wrapper-eb-accordion-9l4j5aa\"><div class=\"eb-accordion-content\"><div class=\"wp-block-uagb-advanced-heading uagb-block-f3424b38\"><p class=\"uagb-heading-text\">Kontrollera att <strong>RJ45<\/strong>-kabeln \u00e4r korrekt ansluten till <strong>Modbus<\/strong>-porten p\u00e5 <strong>Trydan<\/strong>-laddaren och att laddaren \u00e4r ordentligt str\u00f6mf\u00f6rs\u00f6rjd. Om den fasta gr\u00f6na LED-lampan fortfarande inte t\u00e4nds, koppla ur RJ45-kabeln, anslut den igen och f\u00f6rs\u00f6k ansluta p\u00e5 nytt.<\/p><\/div><\/div><\/div><\/div>\n\n\n<div class=\"wp-block-accordion-toggle-accordion-item eb-accordion-item-x02nz eb-accordion-wrapper\" data-clickable=\"false\"><div class=\"eb-accordion-title-wrapper eb-accordion-title-wrapper-eb-accordion-9l4j5aa\" tabindex=\"0\"><span class=\"eb-accordion-icon-wrapper eb-accordion-icon-wrapper-eb-accordion-9l4j5aa\"><span class=\"fas fa-plus-circle eb-accordion-icon\"><\/span><\/span><div class=\"eb-accordion-title-content-wrap title-content-eb-accordion-9l4j5aa\"><h4 class=\"eb-accordion-title\"><strong><strong><strong><strong>Varf\u00f6r uppt\u00e4cker appen inte m\u00e4taren?<\/strong><\/strong><\/strong><\/strong><\/h4><\/div><\/div><div class=\"eb-accordion-content-wrapper eb-accordion-content-wrapper-eb-accordion-9l4j5aa\"><div class=\"eb-accordion-content\"><div class=\"wp-block-uagb-advanced-heading uagb-block-f769e466\"><p class=\"uagb-heading-text\">Kontrollera att b\u00e5da modulerna visar r\u00e4tt LED-indikering: fast gr\u00f6nt sken p\u00e5 s\u00e4ndaren och fast gr\u00f6nt och orange sken p\u00e5 mottagaren. St\u00e4ng och \u00f6ppna V2C-appen igen och starta vid behov om Trydan-laddaren. Kontrollera \u00e4ven att avst\u00e5ndet mellan modulerna inte \u00f6verstiger 200 meter.<\/p><\/div><\/div><\/div><\/div>\n\n\n<div class=\"wp-block-accordion-toggle-accordion-item eb-accordion-item-go7ht eb-accordion-wrapper\" data-clickable=\"false\"><div class=\"eb-accordion-title-wrapper eb-accordion-title-wrapper-eb-accordion-9l4j5aa\" tabindex=\"0\"><span class=\"eb-accordion-icon-wrapper eb-accordion-icon-wrapper-eb-accordion-9l4j5aa\"><span class=\"fas fa-plus-circle eb-accordion-icon\"><\/span><\/span><div class=\"eb-accordion-title-content-wrap title-content-eb-accordion-9l4j5aa\"><h4 class=\"eb-accordion-title\"><strong><strong><strong><strong><strong>Vad g\u00f6r jag om uppgifterna inte uppdateras i appen?<\/strong><\/strong><\/strong><\/strong><\/strong><\/h4><\/div><\/div><div class=\"eb-accordion-content-wrapper eb-accordion-content-wrapper-eb-accordion-9l4j5aa\"><div class=\"eb-accordion-content\"><div class=\"wp-block-uagb-advanced-heading uagb-block-2bf14273\"><p class=\"uagb-heading-text\">Kontrollera att s\u00e4ndarmodulen visar ett fast gr\u00f6nt LED-ljus, vilket anger att \u00f6verf\u00f6ringen fungerar korrekt. Se till att ingen annan <strong>LoRa<\/strong>-enhet i n\u00e4rheten orsakar st\u00f6rningar. V\u00e4nta upp till <strong>30 sekunder<\/strong> tills uppgifterna visas vid den f\u00f6rsta uppdateringen i appen.<\/p><\/div><\/div><\/div><\/div>\n\n\n<div class=\"wp-block-accordion-toggle-accordion-item eb-accordion-item-6fk9c eb-accordion-wrapper\" data-clickable=\"false\"><div class=\"eb-accordion-title-wrapper eb-accordion-title-wrapper-eb-accordion-9l4j5aa\" tabindex=\"0\"><span class=\"eb-accordion-icon-wrapper eb-accordion-icon-wrapper-eb-accordion-9l4j5aa\"><span class=\"fas fa-plus-circle eb-accordion-icon\"><\/span><\/span><div class=\"eb-accordion-title-content-wrap title-content-eb-accordion-9l4j5aa\"><h4 class=\"eb-accordion-title\"><strong><strong><strong><strong><strong>Hur l\u00e5ng r\u00e4ckvidd har den tr\u00e5dl\u00f6sa kommunikationen?<\/strong><\/strong><\/strong><\/strong><\/strong><\/h4><\/div><\/div><div class=\"eb-accordion-content-wrapper eb-accordion-content-wrapper-eb-accordion-9l4j5aa\"><div class=\"eb-accordion-content\"><div class=\"wp-block-uagb-advanced-heading uagb-block-7caafc69\"><p class=\"uagb-heading-text\">Det ungef\u00e4rliga kommunikationsavst\u00e5ndet \u00e4r 100\u2013200 meter i fri sikt och kan variera beroende p\u00e5 hinder och milj\u00f6f\u00f6rh\u00e5llanden.<br><br>Om avst\u00e5ndet \u00e4r l\u00e4ngre eller om det finns betongv\u00e4ggar eller andra element som kan st\u00f6ra den tr\u00e5dl\u00f6sa kommunikationen, g\u00e5r det att v\u00e4lja en tr\u00e5dbunden RTU-anslutning mellan s\u00e4ndaren och laddaren, vilket s\u00e4kerst\u00e4ller en stabil och tillf\u00f6rlitlig kommunikation<\/p><\/div><\/div><\/div><\/div>\n<\/div><\/div><\/div><\/div>\n<\/div><\/div>\n\n\n\n<div class=\"wp-block-uagb-container uagb-block-41e89bca alignfull uagb-is-root-container\"><div class=\"uagb-container-inner-blocks-wrap\">\n<div class=\"wp-block-uagb-separator uagb-block-73b5ea33\"><div class=\"uagb-separator-spacing-wrapper\"><div class=\"wp-block-uagb-separator__inner\" style=\"--my-background-image:\"><\/div><\/div><\/div>\n\n\n<div class=\"wp-block-uagb-advanced-heading uagb-block-652af0cb\"><h2 class=\"uagb-heading-text\"><strong><strong>S\u00e4kerhetsvarningar<\/strong><\/strong><\/h2><\/div>\n\n<div class=\"wp-block-uagb-advanced-heading uagb-block-53873e69\"><p class=\"uagb-heading-text\">Det \u00e4r viktigt att f\u00f6lja vissa rekommendationer och f\u00f6rsiktighets\u00e5tg\u00e4rder f\u00f6r att s\u00e4kerst\u00e4lla att systemet fungerar s\u00e4kert och effektivt. Dessa r\u00e5d hj\u00e4lper dig att undvika vanliga fel, s\u00e4kerst\u00e4lla tillf\u00f6rlitlig kommunikation mellan modulerna och f\u00f6rl\u00e4nga enheternas livsl\u00e4ngd.<\/p><\/div>\n\n\n<div class=\"wp-block-uagb-icon-list uagb-block-d218ee8c\"><div class=\"uagb-icon-list__wrap\"><div class=\"wp-block-uagb-icon-list-child uagb-block-d9e65080\"><span class=\"uagb-icon-list__source-wrap\"><svg xmlns=\"https:\/\/www.w3.org\/2000\/svg\" viewBox=\"0 0 512 512\"><path d=\"M256 0C114.6 0 0 114.6 0 256c0 141.4 114.6 256 256 256s256-114.6 256-256C512 114.6 397.4 0 256 0zM406.6 278.6l-103.1 103.1c-12.5 12.5-32.75 12.5-45.25 0s-12.5-32.75 0-45.25L306.8 288H128C110.3 288 96 273.7 96 256s14.31-32 32-32h178.8l-49.38-49.38c-12.5-12.5-12.5-32.75 0-45.25s32.75-12.5 45.25 0l103.1 103.1C414.6 241.3 416 251.1 416 256C416 260.9 414.6 270.7 406.6 278.6z\"><\/path><\/svg><\/span><span class=\"uagb-icon-list__label\">Tvinga inte in s\u00e4ndarmodulen i TIC-porten.\u00a0<\/span><\/div>\n\n<div class=\"wp-block-uagb-icon-list-child uagb-block-9c4cc43c\"><span class=\"uagb-icon-list__source-wrap\"><svg xmlns=\"https:\/\/www.w3.org\/2000\/svg\" viewBox=\"0 0 512 512\"><path d=\"M256 0C114.6 0 0 114.6 0 256c0 141.4 114.6 256 256 256s256-114.6 256-256C512 114.6 397.4 0 256 0zM406.6 278.6l-103.1 103.1c-12.5 12.5-32.75 12.5-45.25 0s-12.5-32.75 0-45.25L306.8 288H128C110.3 288 96 273.7 96 256s14.31-32 32-32h178.8l-49.38-49.38c-12.5-12.5-12.5-32.75 0-45.25s32.75-12.5 45.25 0l103.1 103.1C414.6 241.3 416 251.1 416 256C416 260.9 414.6 270.7 406.6 278.6z\"><\/path><\/svg><\/span><span class=\"uagb-icon-list__label\">Kontrollera att RJ45-kontakterna \u00e4r helt inskjutna i Modbus-porten.<\/span><\/div>\n\n<div class=\"wp-block-uagb-icon-list-child uagb-block-6a8662fb\"><span class=\"uagb-icon-list__source-wrap\"><svg xmlns=\"https:\/\/www.w3.org\/2000\/svg\" viewBox=\"0 0 512 512\"><path d=\"M256 0C114.6 0 0 114.6 0 256c0 141.4 114.6 256 256 256s256-114.6 256-256C512 114.6 397.4 0 256 0zM406.6 278.6l-103.1 103.1c-12.5 12.5-32.75 12.5-45.25 0s-12.5-32.75 0-45.25L306.8 288H128C110.3 288 96 273.7 96 256s14.31-32 32-32h178.8l-49.38-49.38c-12.5-12.5-12.5-32.75 0-45.25s32.75-12.5 45.25 0l103.1 103.1C414.6 241.3 416 251.1 416 256C416 260.9 414.6 270.7 406.6 278.6z\"><\/path><\/svg><\/span><span class=\"uagb-icon-list__label\">H\u00e5ll de b\u00e5da enheterna borta fr\u00e5n extrema v\u00e4rmek\u00e4llor.<\/span><\/div>\n\n<div class=\"wp-block-uagb-icon-list-child uagb-block-b246b53f\"><span class=\"uagb-icon-list__source-wrap\"><svg xmlns=\"https:\/\/www.w3.org\/2000\/svg\" viewBox=\"0 0 512 512\"><path d=\"M256 0C114.6 0 0 114.6 0 256c0 141.4 114.6 256 256 256s256-114.6 256-256C512 114.6 397.4 0 256 0zM406.6 278.6l-103.1 103.1c-12.5 12.5-32.75 12.5-45.25 0s-12.5-32.75 0-45.25L306.8 288H128C110.3 288 96 273.7 96 256s14.31-32 32-32h178.8l-49.38-49.38c-12.5-12.5-12.5-32.75 0-45.25s32.75-12.5 45.25 0l103.1 103.1C414.6 241.3 416 251.1 416 256C416 260.9 414.6 270.7 406.6 278.6z\"><\/path><\/svg><\/span><span class=\"uagb-icon-list__label\">Kommunikationen uppr\u00e4ttas automatiskt efter den f\u00f6rsta konfigurationen.<\/span><\/div>\n\n<div class=\"wp-block-uagb-icon-list-child uagb-block-ed197064\"><span class=\"uagb-icon-list__source-wrap\"><svg xmlns=\"https:\/\/www.w3.org\/2000\/svg\" viewBox=\"0 0 512 512\"><path d=\"M256 0C114.6 0 0 114.6 0 256c0 141.4 114.6 256 256 256s256-114.6 256-256C512 114.6 397.4 0 256 0zM406.6 278.6l-103.1 103.1c-12.5 12.5-32.75 12.5-45.25 0s-12.5-32.75 0-45.25L306.8 288H128C110.3 288 96 273.7 96 256s14.31-32 32-32h178.8l-49.38-49.38c-12.5-12.5-12.5-32.75 0-45.25s32.75-12.5 45.25 0l103.1 103.1C414.6 241.3 416 251.1 416 256C416 260.9 414.6 270.7 406.6 278.6z\"><\/path><\/svg><\/span><span class=\"uagb-icon-list__label\">F\u00f6r att byta ut s\u00e4ndarmodulen tar du f\u00f6rsiktigt bort den fr\u00e5n TIC-porten.<\/span><\/div>\n\n<div class=\"wp-block-uagb-icon-list-child uagb-block-6305d871\"><span class=\"uagb-icon-list__source-wrap\"><svg xmlns=\"https:\/\/www.w3.org\/2000\/svg\" viewBox=\"0 0 512 512\"><path d=\"M256 0C114.6 0 0 114.6 0 256c0 141.4 114.6 256 256 256s256-114.6 256-256C512 114.6 397.4 0 256 0zM406.6 278.6l-103.1 103.1c-12.5 12.5-32.75 12.5-45.25 0s-12.5-32.75 0-45.25L306.8 288H128C110.3 288 96 273.7 96 256s14.31-32 32-32h178.8l-49.38-49.38c-12.5-12.5-12.5-32.75 0-45.25s32.75-12.5 45.25 0l103.1 103.1C414.6 241.3 416 251.1 416 256C416 260.9 414.6 270.7 406.6 278.6z\"><\/path><\/svg><\/span><span class=\"uagb-icon-list__label\">F\u00f6r att byta mottagarmodulen ska du f\u00f6rst koppla bort RJ45-kabeln och sedan ta bort modulen.<\/span><\/div>\n\n<div class=\"wp-block-uagb-icon-list-child uagb-block-e2cebdd6\"><span class=\"uagb-icon-list__source-wrap\"><svg xmlns=\"https:\/\/www.w3.org\/2000\/svg\" viewBox=\"0 0 512 512\"><path d=\"M256 0C114.6 0 0 114.6 0 256c0 141.4 114.6 256 256 256s256-114.6 256-256C512 114.6 397.4 0 256 0zM406.6 278.6l-103.1 103.1c-12.5 12.5-32.75 12.5-45.25 0s-12.5-32.75 0-45.25L306.8 288H128C110.3 288 96 273.7 96 256s14.31-32 32-32h178.8l-49.38-49.38c-12.5-12.5-12.5-32.75 0-45.25s32.75-12.5 45.25 0l103.1 103.1C414.6 241.3 416 251.1 416 256C416 260.9 414.6 270.7 406.6 278.6z\"><\/path><\/svg><\/span><span class=\"uagb-icon-list__label\">Kontakta teknisk support om du har ytterligare fr\u00e5gor.<\/span><\/div><\/div><\/div>\n<\/div><\/div>\n\n\n\n<div class=\"wp-block-uagb-container uagb-block-c6f38013 alignfull uagb-is-root-container\"><div class=\"uagb-container-inner-blocks-wrap\"><div class=\"wp-block-uagb-advanced-heading uagb-block-6963d70c\"><h2 class=\"uagb-heading-text\"><strong>Beh\u00f6ver du teknisk support?<\/strong><\/h2><\/div>\n\n<div class=\"wp-block-uagb-advanced-heading uagb-block-408243eb\"><p class=\"uagb-heading-text\">Skapa en f\u00f6rfr\u00e5gan i supportcentret s\u00e5 kontaktar vi dig s\u00e5 snart som m\u00f6jligt f\u00f6r att erbjuda den b\u00e4sta l\u00f6sningen.<\/p><\/div>\n\n\n<div class=\"wp-block-uagb-buttons uagb-buttons__outer-wrap uagb-btn__default-btn uagb-btn-tablet__default-btn uagb-btn-mobile__default-btn uagb-block-ba1e67d1\"><div class=\"uagb-buttons__wrap uagb-buttons-layout-wrap \"><div class=\"wp-block-uagb-buttons-child uagb-buttons__outer-wrap uagb-block-23cfb623 wp-block-button\"><div class=\"uagb-button__wrapper\"><a class=\"uagb-buttons-repeater wp-block-button__link\" aria-label=\"\" href=\"https:\/\/servicedesk.v2charge.com\" rel=\"follow noopener\" target=\"_self\" role=\"button\"><div class=\"uagb-button__link\">Kontakta teknisk support<\/div><\/a><\/div><\/div><\/div><\/div>\n<\/div><\/div>\n","protected":false},"excerpt":{"rendered":"<p>Integration av LinkyLoRa-m\u00e4taren med Trydan LinkyLoRa-systemet g\u00f6r det m\u00f6jligt att integrera Linky-elm\u00e4taren med Trydan-laddarna. Det s\u00e4kerst\u00e4ller automatisk \u00f6verf\u00f6ring av data om elf\u00f6rbrukningen tack vare en LoRa-kommunikationsmodul (s\u00e4ndare\/mottagare). Steg f\u00f6r steg f\u00f6r att konfigurera kommunikationen I det h\u00e4r avsnittet f\u00f6rklarar vi hur du konfigurerar LinkyLoRa f\u00f6r att uppr\u00e4tta anslutningen till laddaren Trydan och m\u00f6jligg\u00f6ra \u00f6verf\u00f6ring av &#8230; <a title=\"\u00a0Anslutningsmanual f\u00f6r LinkyLoRa-systemet\u00a0\" class=\"read-more\" href=\"https:\/\/v2charge.com\/sv\/support\/effektstyrning\/dynamisk\/compteur-linky\/\" aria-label=\"L\u00e4s mer om \u00a0Anslutningsmanual f\u00f6r LinkyLoRa-systemet\u00a0\">L\u00e4s mer<\/a><\/p>\n","protected":false},"author":400,"featured_media":0,"parent":394542,"menu_order":0,"comment_status":"closed","ping_status":"closed","template":"","meta":{"_eb_attr":"","content-type":"","_uag_custom_page_level_css":"","footnotes":""},"class_list":["post-394668","page","type-page","status-publish"],"yoast_head":"<!-- This site is optimized with the Yoast SEO plugin v27.9 - https:\/\/yoast.com\/product\/yoast-seo-wordpress\/ -->\n<title>Integration av Linky-m\u00e4taren med Trydan \u2013 V2C<\/title>\n<meta name=\"description\" content=\"Alla steg f\u00f6r att ansluta och integrera Linky-m\u00e4taren med laddaren f\u00f6r elbilar Trydan | L\u00e4s guiden\" \/>\n<meta name=\"robots\" content=\"index, follow, max-snippet:-1, max-image-preview:large, max-video-preview:-1\" \/>\n<link rel=\"canonical\" href=\"https:\/\/v2charge.com\/sv\/support\/effektstyrning\/dynamisk\/compteur-linky\/\" \/>\n<meta property=\"og:locale\" content=\"sv_SE\" \/>\n<meta property=\"og:type\" content=\"article\" \/>\n<meta property=\"og:title\" content=\"Integration av Linky-m\u00e4taren med Trydan \u2013 V2C\" \/>\n<meta property=\"og:description\" content=\"Alla steg f\u00f6r att ansluta och integrera Linky-m\u00e4taren med laddaren f\u00f6r elbilar Trydan | L\u00e4s guiden\" \/>\n<meta property=\"og:url\" content=\"https:\/\/v2charge.com\/sv\/support\/effektstyrning\/dynamisk\/compteur-linky\/\" \/>\n<meta property=\"og:site_name\" content=\"V2C\" \/>\n<meta property=\"article:publisher\" content=\"https:\/\/www.facebook.com\/V2C.Charge\" \/>\n<meta property=\"article:modified_time\" content=\"2026-07-20T07:38:35+00:00\" \/>\n<meta property=\"og:image\" content=\"https:\/\/v2charge.com\/wp-content\/uploads\/2025\/12\/logo-linky.jpg\" \/>\n<meta name=\"twitter:card\" content=\"summary_large_image\" \/>\n<meta name=\"twitter:site\" content=\"@V2C_Charge\" \/>\n<meta name=\"twitter:label1\" content=\"Ber\u00e4knad l\u00e4stid\" \/>\n\t<meta name=\"twitter:data1\" content=\"7 minuter\" \/>\n<script type=\"application\/ld+json\" class=\"yoast-schema-graph\">{\"@context\":\"https:\\\/\\\/schema.org\",\"@graph\":[{\"@type\":\"WebPage\",\"@id\":\"https:\\\/\\\/v2charge.com\\\/sv\\\/support\\\/effektstyrning\\\/dynamisk\\\/compteur-linky\\\/\",\"url\":\"https:\\\/\\\/v2charge.com\\\/sv\\\/support\\\/effektstyrning\\\/dynamisk\\\/compteur-linky\\\/\",\"name\":\"Integration av Linky-m\u00e4taren med Trydan \u2013 V2C\",\"isPartOf\":{\"@id\":\"https:\\\/\\\/v2charge.com\\\/sv\\\/#website\"},\"primaryImageOfPage\":{\"@id\":\"https:\\\/\\\/v2charge.com\\\/sv\\\/support\\\/effektstyrning\\\/dynamisk\\\/compteur-linky\\\/#primaryimage\"},\"image\":{\"@id\":\"https:\\\/\\\/v2charge.com\\\/sv\\\/support\\\/effektstyrning\\\/dynamisk\\\/compteur-linky\\\/#primaryimage\"},\"thumbnailUrl\":\"https:\\\/\\\/v2charge.com\\\/wp-content\\\/uploads\\\/2025\\\/12\\\/logo-linky.jpg\",\"datePublished\":\"2025-12-18T12:55:57+00:00\",\"dateModified\":\"2026-07-20T07:38:35+00:00\",\"description\":\"Alla steg f\u00f6r att ansluta och integrera Linky-m\u00e4taren med laddaren f\u00f6r elbilar Trydan | L\u00e4s guiden\",\"breadcrumb\":{\"@id\":\"https:\\\/\\\/v2charge.com\\\/sv\\\/support\\\/effektstyrning\\\/dynamisk\\\/compteur-linky\\\/#breadcrumb\"},\"inLanguage\":\"sv-SE\",\"potentialAction\":[{\"@type\":\"ReadAction\",\"target\":[\"https:\\\/\\\/v2charge.com\\\/sv\\\/support\\\/effektstyrning\\\/dynamisk\\\/compteur-linky\\\/\"]}]},{\"@type\":\"ImageObject\",\"inLanguage\":\"sv-SE\",\"@id\":\"https:\\\/\\\/v2charge.com\\\/sv\\\/support\\\/effektstyrning\\\/dynamisk\\\/compteur-linky\\\/#primaryimage\",\"url\":\"https:\\\/\\\/v2charge.com\\\/wp-content\\\/uploads\\\/2025\\\/12\\\/logo-linky.jpg\",\"contentUrl\":\"https:\\\/\\\/v2charge.com\\\/wp-content\\\/uploads\\\/2025\\\/12\\\/logo-linky.jpg\"},{\"@type\":\"BreadcrumbList\",\"@id\":\"https:\\\/\\\/v2charge.com\\\/sv\\\/support\\\/effektstyrning\\\/dynamisk\\\/compteur-linky\\\/#breadcrumb\",\"itemListElement\":[{\"@type\":\"ListItem\",\"position\":1,\"name\":\"V2C\",\"item\":\"https:\\\/\\\/v2charge.com\\\/sv\\\/\"},{\"@type\":\"ListItem\",\"position\":2,\"name\":\"Supportomr\u00e5de\",\"item\":\"https:\\\/\\\/v2charge.com\\\/sv\\\/support\\\/\"},{\"@type\":\"ListItem\",\"position\":3,\"name\":\"Control de potencia\",\"item\":\"https:\\\/\\\/v2charge.com\\\/sv\\\/support\\\/power-control\\\/\"},{\"@type\":\"ListItem\",\"position\":4,\"name\":\"Din\u00e1mico\",\"item\":\"https:\\\/\\\/v2charge.com\\\/sv\\\/support\\\/power-control\\\/dynamic\\\/\"},{\"@type\":\"ListItem\",\"position\":5,\"name\":\"\u00a0Anslutningsmanual f\u00f6r LinkyLoRa-systemet\u00a0\"}]},{\"@type\":\"WebSite\",\"@id\":\"https:\\\/\\\/v2charge.com\\\/sv\\\/#website\",\"url\":\"https:\\\/\\\/v2charge.com\\\/sv\\\/\",\"name\":\"V2C\",\"description\":\"#CargandoElMa\u00f1ana\",\"publisher\":{\"@id\":\"https:\\\/\\\/v2charge.com\\\/sv\\\/#organization\"},\"potentialAction\":[{\"@type\":\"SearchAction\",\"target\":{\"@type\":\"EntryPoint\",\"urlTemplate\":\"https:\\\/\\\/v2charge.com\\\/sv\\\/?s={search_term_string}\"},\"query-input\":{\"@type\":\"PropertyValueSpecification\",\"valueRequired\":true,\"valueName\":\"search_term_string\"}}],\"inLanguage\":\"sv-SE\"},{\"@type\":\"Organization\",\"@id\":\"https:\\\/\\\/v2charge.com\\\/sv\\\/#organization\",\"name\":\"V2C\",\"url\":\"https:\\\/\\\/v2charge.com\\\/sv\\\/\",\"logo\":{\"@type\":\"ImageObject\",\"inLanguage\":\"sv-SE\",\"@id\":\"https:\\\/\\\/v2charge.com\\\/sv\\\/#\\\/schema\\\/logo\\\/image\\\/\",\"url\":\"https:\\\/\\\/v2charge.com\\\/wp-content\\\/uploads\\\/2024\\\/11\\\/cropped-v2c-charge-logo-menu.png\",\"contentUrl\":\"https:\\\/\\\/v2charge.com\\\/wp-content\\\/uploads\\\/2024\\\/11\\\/cropped-v2c-charge-logo-menu.png\",\"width\":984,\"height\":431,\"caption\":\"V2C\"},\"image\":{\"@id\":\"https:\\\/\\\/v2charge.com\\\/sv\\\/#\\\/schema\\\/logo\\\/image\\\/\"},\"sameAs\":[\"https:\\\/\\\/www.facebook.com\\\/V2C.Charge\",\"https:\\\/\\\/x.com\\\/V2C_Charge\",\"https:\\\/\\\/www.instagram.com\\\/v2c.charge\\\/\",\"https:\\\/\\\/www.youtube.com\\\/@V2C\",\"https:\\\/\\\/www.linkedin.com\\\/company\\\/v2c-chargers\\\/\"],\"contactPoint\":[{\"@type\":\"ContactPoint\",\"contactType\":\"customer support\",\"telephone\":\"+34960654554\",\"email\":\"info@v2charge.com\",\"availableLanguage\":[\"Spanish\",\"English\",\"Portuguese\",\"French\"]},{\"@type\":\"ContactPoint\",\"contactType\":\"sales\",\"telephone\":\"+34960654554\",\"email\":\"info@v2charge.com\",\"availableLanguage\":[\"Spanish\",\"English\"]}]}]}<\/script>\n<!-- \/ Yoast SEO plugin. -->","yoast_head_json":{"title":"Integration av Linky-m\u00e4taren med Trydan \u2013 V2C","description":"Alla steg f\u00f6r att ansluta och integrera Linky-m\u00e4taren med laddaren f\u00f6r elbilar Trydan | L\u00e4s guiden","robots":{"index":"index","follow":"follow","max-snippet":"max-snippet:-1","max-image-preview":"max-image-preview:large","max-video-preview":"max-video-preview:-1"},"canonical":"https:\/\/v2charge.com\/sv\/support\/effektstyrning\/dynamisk\/compteur-linky\/","og_locale":"sv_SE","og_type":"article","og_title":"Integration av Linky-m\u00e4taren med Trydan \u2013 V2C","og_description":"Alla steg f\u00f6r att ansluta och integrera Linky-m\u00e4taren med laddaren f\u00f6r elbilar Trydan | L\u00e4s guiden","og_url":"https:\/\/v2charge.com\/sv\/support\/effektstyrning\/dynamisk\/compteur-linky\/","og_site_name":"V2C","article_publisher":"https:\/\/www.facebook.com\/V2C.Charge","article_modified_time":"2026-07-20T07:38:35+00:00","og_image":[{"url":"https:\/\/v2charge.com\/wp-content\/uploads\/2025\/12\/logo-linky.jpg","type":"","width":"","height":""}],"twitter_card":"summary_large_image","twitter_site":"@V2C_Charge","twitter_misc":{"Ber\u00e4knad l\u00e4stid":"7 minuter"},"schema":{"@context":"https:\/\/schema.org","@graph":[{"@type":"WebPage","@id":"https:\/\/v2charge.com\/sv\/support\/effektstyrning\/dynamisk\/compteur-linky\/","url":"https:\/\/v2charge.com\/sv\/support\/effektstyrning\/dynamisk\/compteur-linky\/","name":"Integration av Linky-m\u00e4taren med Trydan \u2013 V2C","isPartOf":{"@id":"https:\/\/v2charge.com\/sv\/#website"},"primaryImageOfPage":{"@id":"https:\/\/v2charge.com\/sv\/support\/effektstyrning\/dynamisk\/compteur-linky\/#primaryimage"},"image":{"@id":"https:\/\/v2charge.com\/sv\/support\/effektstyrning\/dynamisk\/compteur-linky\/#primaryimage"},"thumbnailUrl":"https:\/\/v2charge.com\/wp-content\/uploads\/2025\/12\/logo-linky.jpg","datePublished":"2025-12-18T12:55:57+00:00","dateModified":"2026-07-20T07:38:35+00:00","description":"Alla steg f\u00f6r att ansluta och integrera Linky-m\u00e4taren med laddaren f\u00f6r elbilar Trydan | L\u00e4s guiden","breadcrumb":{"@id":"https:\/\/v2charge.com\/sv\/support\/effektstyrning\/dynamisk\/compteur-linky\/#breadcrumb"},"inLanguage":"sv-SE","potentialAction":[{"@type":"ReadAction","target":["https:\/\/v2charge.com\/sv\/support\/effektstyrning\/dynamisk\/compteur-linky\/"]}]},{"@type":"ImageObject","inLanguage":"sv-SE","@id":"https:\/\/v2charge.com\/sv\/support\/effektstyrning\/dynamisk\/compteur-linky\/#primaryimage","url":"https:\/\/v2charge.com\/wp-content\/uploads\/2025\/12\/logo-linky.jpg","contentUrl":"https:\/\/v2charge.com\/wp-content\/uploads\/2025\/12\/logo-linky.jpg"},{"@type":"BreadcrumbList","@id":"https:\/\/v2charge.com\/sv\/support\/effektstyrning\/dynamisk\/compteur-linky\/#breadcrumb","itemListElement":[{"@type":"ListItem","position":1,"name":"V2C","item":"https:\/\/v2charge.com\/sv\/"},{"@type":"ListItem","position":2,"name":"Supportomr\u00e5de","item":"https:\/\/v2charge.com\/sv\/support\/"},{"@type":"ListItem","position":3,"name":"Control de potencia","item":"https:\/\/v2charge.com\/sv\/support\/power-control\/"},{"@type":"ListItem","position":4,"name":"Din\u00e1mico","item":"https:\/\/v2charge.com\/sv\/support\/power-control\/dynamic\/"},{"@type":"ListItem","position":5,"name":"\u00a0Anslutningsmanual f\u00f6r LinkyLoRa-systemet\u00a0"}]},{"@type":"WebSite","@id":"https:\/\/v2charge.com\/sv\/#website","url":"https:\/\/v2charge.com\/sv\/","name":"V2C","description":"#CargandoElMa\u00f1ana","publisher":{"@id":"https:\/\/v2charge.com\/sv\/#organization"},"potentialAction":[{"@type":"SearchAction","target":{"@type":"EntryPoint","urlTemplate":"https:\/\/v2charge.com\/sv\/?s={search_term_string}"},"query-input":{"@type":"PropertyValueSpecification","valueRequired":true,"valueName":"search_term_string"}}],"inLanguage":"sv-SE"},{"@type":"Organization","@id":"https:\/\/v2charge.com\/sv\/#organization","name":"V2C","url":"https:\/\/v2charge.com\/sv\/","logo":{"@type":"ImageObject","inLanguage":"sv-SE","@id":"https:\/\/v2charge.com\/sv\/#\/schema\/logo\/image\/","url":"https:\/\/v2charge.com\/wp-content\/uploads\/2024\/11\/cropped-v2c-charge-logo-menu.png","contentUrl":"https:\/\/v2charge.com\/wp-content\/uploads\/2024\/11\/cropped-v2c-charge-logo-menu.png","width":984,"height":431,"caption":"V2C"},"image":{"@id":"https:\/\/v2charge.com\/sv\/#\/schema\/logo\/image\/"},"sameAs":["https:\/\/www.facebook.com\/V2C.Charge","https:\/\/x.com\/V2C_Charge","https:\/\/www.instagram.com\/v2c.charge\/","https:\/\/www.youtube.com\/@V2C","https:\/\/www.linkedin.com\/company\/v2c-chargers\/"],"contactPoint":[{"@type":"ContactPoint","contactType":"customer support","telephone":"+34960654554","email":"info@v2charge.com","availableLanguage":["Spanish","English","Portuguese","French"]},{"@type":"ContactPoint","contactType":"sales","telephone":"+34960654554","email":"info@v2charge.com","availableLanguage":["Spanish","English"]}]}]}},"uagb_featured_image_src":{"full":false,"thumbnail":false,"medium":false,"medium_large":false,"large":false,"gs-tiny":false,"xl":false,"xxl":false,"xxxl":false,"xxxxl":false,"xxxxxl":false,"1536x1536":false,"2048x2048":false},"uagb_author_info":{"display_name":"V2C","author_link":"https:\/\/v2charge.com\/sv\/author\/marketing\/"},"uagb_comment_info":0,"uagb_excerpt":"Integration av LinkyLoRa-m\u00e4taren med Trydan LinkyLoRa-systemet g\u00f6r det m\u00f6jligt att integrera Linky-elm\u00e4taren med Trydan-laddarna. Det s\u00e4kerst\u00e4ller automatisk \u00f6verf\u00f6ring av data om elf\u00f6rbrukningen tack vare en LoRa-kommunikationsmodul (s\u00e4ndare\/mottagare). Steg f\u00f6r steg f\u00f6r att konfigurera kommunikationen I det h\u00e4r avsnittet f\u00f6rklarar vi hur du konfigurerar LinkyLoRa f\u00f6r att uppr\u00e4tta anslutningen till laddaren Trydan och m\u00f6jligg\u00f6ra \u00f6verf\u00f6ring av&hellip;","_links":{"self":[{"href":"https:\/\/v2charge.com\/sv\/wp-json\/wp\/v2\/pages\/394668","targetHints":{"allow":["GET"]}}],"collection":[{"href":"https:\/\/v2charge.com\/sv\/wp-json\/wp\/v2\/pages"}],"about":[{"href":"https:\/\/v2charge.com\/sv\/wp-json\/wp\/v2\/types\/page"}],"author":[{"embeddable":true,"href":"https:\/\/v2charge.com\/sv\/wp-json\/wp\/v2\/users\/400"}],"replies":[{"embeddable":true,"href":"https:\/\/v2charge.com\/sv\/wp-json\/wp\/v2\/comments?post=394668"}],"version-history":[{"count":0,"href":"https:\/\/v2charge.com\/sv\/wp-json\/wp\/v2\/pages\/394668\/revisions"}],"up":[{"embeddable":true,"href":"https:\/\/v2charge.com\/sv\/wp-json\/wp\/v2\/pages\/394542"}],"wp:attachment":[{"href":"https:\/\/v2charge.com\/sv\/wp-json\/wp\/v2\/media?parent=394668"}],"curies":[{"name":"wp","href":"https:\/\/api.w.org\/{rel}","templated":true}]}}