{"id":193002,"date":"2024-12-02T12:50:15","date_gmt":"2024-12-02T10:50:15","guid":{"rendered":"https:\/\/v2charge.com\/?page_id=193002"},"modified":"2026-04-17T18:50:20","modified_gmt":"2026-04-17T18:50:20","slug":"kisisellestirme","status":"publish","type":"page","link":"https:\/\/v2charge.com\/tr\/destek-alani\/guc-kontrolu\/kisisellestirme\/","title":{"rendered":"G\u00fc\u00e7 kontrol\u00fcn\u00fc \u00f6zelle\u015ftirin"},"content":{"rendered":"\n<div class=\"wp-block-uagb-container uagb-block-9d828d1c alignfull uagb-is-root-container\"><div class=\"uagb-container-inner-blocks-wrap\"><div class=\"yoast-breadcrumbs\"><span><span><a href=\"https:\/\/v2charge.com\/tr\/\">V2C<\/a><\/span> \u00bb <span><a href=\"https:\/\/v2charge.com\/tr\/destek-alani\/\">Destek Alan\u0131.<\/a><\/span> \u00bb <span><a href=\"https:\/\/v2charge.com\/tr\/destek-alani\/guc-kontrolu\/\">G\u00fc\u00e7 kontrol\u00fc<\/a><\/span> \u00bb <span class=\"breadcrumb_last\" aria-current=\"page\">Personalizar control de potencia<\/span><\/span><\/div>\n\n<div class=\"wp-block-uagb-advanced-heading uagb-block-be8360a4\"><h1 class=\"uagb-heading-text\">G\u00fc\u00e7 kontrol\u00fcn\u00fc nas\u0131l \u00f6zelle\u015ftirirsiniz?<\/h1><\/div>\n\n<p>A\u015fa\u011f\u0131da, <strong>g\u00fc\u00e7 kontrol\u00fcn\u00fc etkili bir \u015fekilde \u00f6zelle\u015ftirmek ve optimum performans sa\u011flamak i\u00e7in kapsaml\u0131 bir rehber<\/strong> sunuyoruz.<br><br>Bu, <strong>\u00f6zg\u00fcn ihtiya\u00e7lar\u0131n\u0131za<\/strong>, tarifelere, kurulum t\u00fcr\u00fcne ve ya\u015fam tarz\u0131n\u0131za <strong>uygun hale getirmeniz gereken bir rehberdir<\/strong>. G\u00fc\u00e7 kontrol\u00fcn\u00fc nas\u0131l \u00f6zelle\u015ftirece\u011finizden daha \u00f6nemli olan, nedenini anlamakt\u0131r: <strong>\u00f6zelle\u015ftirmenin sundu\u011fu t\u00fcm avantajlardan yararlanmak, enerji t\u00fcketiminde \u00f6nemli tasarruflar sa\u011flamak ve enerjiyi daha verimli kullanmakt\u0131r<\/strong>.<br><br>G\u00fc\u00e7 kontrol\u00fcn\u00fcn herhangi bir modunu etkinle\u015ftiren \u015farj noktas\u0131 kullan\u0131c\u0131lar\u0131, <strong>V2C Cloud<\/strong> uygulamas\u0131 veya <strong>www.v2c.cloud<\/strong> portal\u0131 arac\u0131l\u0131\u011f\u0131yla e-Charger&#8217;\u0131 se\u00e7erek ve ayarlar\u0131na eri\u015ferek <strong>\u00f6zelle\u015ftirme<\/strong> yapabilirler.<\/p><\/div><\/div>\n\n\n\n<div id=\"personalizar-cdp\" class=\"wp-block-uagb-container uagb-block-51cecb7c alignfull uagb-is-root-container\"><div class=\"uagb-container-inner-blocks-wrap\">\n<div class=\"wp-block-uagb-container uagb-block-35ce92e5\"><div class=\"wp-block-uagb-advanced-heading uagb-block-35de26b6\"><h2 class=\"uagb-heading-text\"><strong>\u015earj yo\u011funlu\u011funu ayarlama<\/strong><\/h2><\/div>\n\n<p><strong>G\u00fc\u00e7 kontrol\u00fc<\/strong> \u00f6zelle\u015ftirmenin en temel i\u015flevi, e-Charger&#8217;\u0131n\u0131z ne olursa olsun, y\u00fck\u00fcn <strong>minimum<\/strong> ve <strong>maksimum<\/strong> yo\u011funluk aras\u0131nda ne kadar dalgalanaca\u011f\u0131n\u0131 sadece sola veya sa\u011fa kayd\u0131rarak belirlemenizi sa\u011flar.<\/p>\n\n<p>Bir e-Charger Pole Pro&#8217;ya sahipseniz, her prizin her iki de\u011ferini de yap\u0131land\u0131r\u0131n.<\/p>\n\n<p><strong>Y\u00fckleme yo\u011funlu\u011funun atad\u0131\u011f\u0131n\u0131z maksimum de\u011feri ile s\u00f6zle\u015fmeli g\u00fc\u00e7 de\u011feri aras\u0131nda her zaman daha d\u00fc\u015f\u00fck olan\u0131 ge\u00e7erli olacakt\u0131r.<\/strong><\/p><\/div>\n\n\n\n<div class=\"wp-block-uagb-container uagb-block-e26e9b1b\">\t\t\t\t\t<div\n\t\t\t\t\t\tclass=\"wp-block-uagb-image-gallery uagb-block-e5de16fb     \"\n\t\t\t\t\t\tstyle=\"\"\n\t\t\t\t\t>\n\t\t\t\t\t\t\t\t\t\t\t<div class=\"spectra-image-gallery spectra-image-gallery__layout--carousel\">\n\t\t\t\t\t\t\t\t<div class=\"uagb-slick-carousel uagb-block-e5de16fb\">\n\t\t\t\t\t\t\t\t\t\t\t\t<div class='spectra-image-gallery__media-wrapper' data-spectra-gallery-image-id='262982'>\n\t\t\t\t\t\t\t<div class=\"spectra-image-gallery__media spectra-image-gallery__media--carousel\">\n\t\t\t\t<picture>\n\t\t\t\t\t<source media=\"(min-width: 1024px)\" srcset=\"https:\/\/v2charge.com\/wp-content\/uploads\/2025\/10\/limites-intensidad.png\">\n\t\t\t\t\t<source media=\"(min-width: 768px)\" srcset=\"https:\/\/v2charge.com\/wp-content\/uploads\/2025\/10\/limites-intensidad.png\">\n\t\t\t\t\t<img decoding=\"async\" class=\"spectra-image-gallery__media-thumbnail spectra-image-gallery__media-thumbnail--carousel\" src=\"https:\/\/v2charge.com\/wp-content\/uploads\/2025\/10\/limites-intensidad.png\" alt=\"\" loading=\"lazy\" \/>\n\t\t\t\t<\/picture>\n\t\t\t\t<div class=\"spectra-image-gallery__media-thumbnail-blurrer\"><\/div>\n\t\t\t\t\t\t\t<\/div>\n\t\t\t\t\t\t\t\t<div class=\"spectra-image-gallery__media-thumbnail-caption-wrapper spectra-image-gallery__media-thumbnail-caption-wrapper--bar-outside\">\n\t\t\t\t\t\t\t\t\t\t<div class=\"spectra-image-gallery__media-thumbnail-caption spectra-image-gallery__media-thumbnail-caption--bar-outside\">\n\t\t\t\t\t<strong>PASO 1<br><\/strong>Haz clic en &#8216;L\u00edmites de intensidad&#8217;\t\t\t\t<\/div>\n\t\t\t\t\t\t\t\t<\/div>\n\t\t\t\t\t\t\t<\/div>\n\t\t\t\t\t\t<div class='spectra-image-gallery__media-wrapper' data-spectra-gallery-image-id='262993'>\n\t\t\t\t\t\t\t<div class=\"spectra-image-gallery__media spectra-image-gallery__media--carousel\">\n\t\t\t\t<picture>\n\t\t\t\t\t<source media=\"(min-width: 1024px)\" srcset=\"https:\/\/v2charge.com\/wp-content\/uploads\/2025\/10\/intensidad-carga.png\">\n\t\t\t\t\t<source media=\"(min-width: 768px)\" srcset=\"https:\/\/v2charge.com\/wp-content\/uploads\/2025\/10\/intensidad-carga.png\">\n\t\t\t\t\t<img decoding=\"async\" class=\"spectra-image-gallery__media-thumbnail spectra-image-gallery__media-thumbnail--carousel\" src=\"https:\/\/v2charge.com\/wp-content\/uploads\/2025\/10\/intensidad-carga.png\" alt=\"\" loading=\"lazy\" \/>\n\t\t\t\t<\/picture>\n\t\t\t\t<div class=\"spectra-image-gallery__media-thumbnail-blurrer\"><\/div>\n\t\t\t\t\t\t\t<\/div>\n\t\t\t\t\t\t\t\t<div class=\"spectra-image-gallery__media-thumbnail-caption-wrapper spectra-image-gallery__media-thumbnail-caption-wrapper--bar-outside\">\n\t\t\t\t\t\t\t\t\t\t<div class=\"spectra-image-gallery__media-thumbnail-caption spectra-image-gallery__media-thumbnail-caption--bar-outside\">\n\t\t\t\t\t<strong>PASO 2<br><\/strong>Selecciona la intensidad m\u00ednima y m\u00e1xima de carga\t\t\t\t<\/div>\n\t\t\t\t\t\t\t\t<\/div>\n\t\t\t\t\t\t\t<\/div>\n\t\t\t\t\t\t\t\t\t\t\t<\/div>\n\t\t\t\t\t\t\t<\/div>\n\t\t\t\t\t\t\t\t\t\t\t<\/div>\n\t\t\t\t\t\t\t\t\t<\/div>\n<\/div><\/div>\n\n\n\n<div id=\"perfiles-carga\" class=\"wp-block-uagb-container uagb-block-01264ea2 alignfull uagb-is-root-container\"><div class=\"uagb-container-inner-blocks-wrap\"><div class=\"wp-block-uagb-advanced-heading uagb-block-6d0b9aca\"><h2 class=\"uagb-heading-text\"><strong>\u015earj profillerini<\/strong> ayarlama<\/h2><\/div>\n\n<p><strong>\u015earj profilleri<\/strong>, <strong>saat dilimlerine g\u00f6re farkl\u0131 s\u00f6zle\u015fmeli g\u00fc\u00e7ler belirlememizi<\/strong> sa\u011flar, <strong>b\u00f6ylece ak\u0131m\u0131 d\u00fczenleriz<\/strong>. Bunun i\u00e7in, <strong>g\u00fcn\u00fcn 24 saatini tamamen kapsayan g\u00fc\u00e7 dilimleri tan\u0131mlanmal\u0131d\u0131r<\/strong>, hem hafta i\u00e7i hem de hafta sonlar\u0131 bo\u015fluk b\u0131rakmadan. <strong>Do\u011fru bir \u015fekilde tamamlanmazsa, \u00f6zel ayarlar\u0131 kaydetmek m\u00fcmk\u00fcn olmayacakt\u0131r.<\/strong><\/p>\n\n\n<div class=\"wp-block-uagb-container uagb-block-cf35e118 default uagb-is-root-container\">\n<div class=\"wp-block-uagb-container uagb-block-9aeda165\">\n<div class=\"wp-block-uagb-image aligncenter uagb-block-db4bf749 wp-block-uagb-image--layout-default wp-block-uagb-image--effect-static wp-block-uagb-image--align-center\"><figure class=\"wp-block-uagb-image__figure\"><img decoding=\"async\" srcset=\"https:\/\/v2charge.com\/wp-content\/uploads\/2023\/11\/icon-important.png ,https:\/\/v2charge.com\/wp-content\/uploads\/2023\/11\/icon-important.png 780w, https:\/\/v2charge.com\/wp-content\/uploads\/2023\/11\/icon-important.png 360w\" sizes=\"auto, (max-width: 480px) 150px\" src=\"https:\/\/v2charge.com\/wp-content\/uploads\/2023\/11\/icon-important.png\" alt=\"\" class=\"uag-image-125013\" width=\"50\" height=\"50\" title=\"\" loading=\"lazy\" role=\"img\"\/><\/figure><\/div>\n<\/div>\n\n\n\n<div class=\"wp-block-uagb-container uagb-block-a4037b1f\"><div class=\"wp-block-uagb-advanced-heading uagb-block-527665eb\"><p class=\"uagb-heading-text\"><strong>D\u0130KKAT:<\/strong> Hem hafta i\u00e7i hem de hafta sonlar\u0131 <strong>g\u00fcn boyunca 24 saat kapsayan en az bir \u015farj profili ayarlamak zorunludur<\/strong>.<\/p><\/div><\/div>\n<\/div>\n<\/div><\/div>\n\n\n\n<div id=\"personalizar-cdp\" class=\"wp-block-uagb-container uagb-block-b75aab1a alignfull uagb-is-root-container\"><div class=\"uagb-container-inner-blocks-wrap\">\n<div class=\"wp-block-uagb-container uagb-block-5e9f73d5\">\t\t\t\t\t<div\n\t\t\t\t\t\tclass=\"wp-block-uagb-image-gallery uagb-block-7bfe5a39     \"\n\t\t\t\t\t\tstyle=\"\"\n\t\t\t\t\t>\n\t\t\t\t\t\t\t\t\t\t\t<div class=\"spectra-image-gallery spectra-image-gallery__layout--carousel\">\n\t\t\t\t\t\t\t\t<div class=\"uagb-slick-carousel uagb-block-7bfe5a39\">\n\t\t\t\t\t\t\t\t\t\t\t\t<div class='spectra-image-gallery__media-wrapper' data-spectra-gallery-image-id='262924'>\n\t\t\t\t\t\t\t<div class=\"spectra-image-gallery__media spectra-image-gallery__media--carousel\">\n\t\t\t\t<picture>\n\t\t\t\t\t<source media=\"(min-width: 1024px)\" srcset=\"https:\/\/v2charge.com\/wp-content\/uploads\/2025\/10\/perfiles-carga.png\">\n\t\t\t\t\t<source media=\"(min-width: 768px)\" srcset=\"https:\/\/v2charge.com\/wp-content\/uploads\/2025\/10\/perfiles-carga.png\">\n\t\t\t\t\t<img decoding=\"async\" class=\"spectra-image-gallery__media-thumbnail spectra-image-gallery__media-thumbnail--carousel\" src=\"https:\/\/v2charge.com\/wp-content\/uploads\/2025\/10\/perfiles-carga.png\" alt=\"\" loading=\"lazy\" \/>\n\t\t\t\t<\/picture>\n\t\t\t\t<div class=\"spectra-image-gallery__media-thumbnail-blurrer\"><\/div>\n\t\t\t\t\t\t\t<\/div>\n\t\t\t\t\t\t\t\t<div class=\"spectra-image-gallery__media-thumbnail-caption-wrapper spectra-image-gallery__media-thumbnail-caption-wrapper--bar-outside\">\n\t\t\t\t\t\t\t\t\t\t<div class=\"spectra-image-gallery__media-thumbnail-caption spectra-image-gallery__media-thumbnail-caption--bar-outside\">\n\t\t\t\t\t<strong>PASO 1<\/strong><br>Haz clic en &#8216;Perfiles de carga&#8217;\t\t\t\t<\/div>\n\t\t\t\t\t\t\t\t<\/div>\n\t\t\t\t\t\t\t<\/div>\n\t\t\t\t\t\t<div class='spectra-image-gallery__media-wrapper' data-spectra-gallery-image-id='263017'>\n\t\t\t\t\t\t\t<div class=\"spectra-image-gallery__media spectra-image-gallery__media--carousel\">\n\t\t\t\t<picture>\n\t\t\t\t\t<source media=\"(min-width: 1024px)\" srcset=\"https:\/\/v2charge.com\/wp-content\/uploads\/2025\/10\/agregar-nueva-configuracion.png\">\n\t\t\t\t\t<source media=\"(min-width: 768px)\" srcset=\"https:\/\/v2charge.com\/wp-content\/uploads\/2025\/10\/agregar-nueva-configuracion.png\">\n\t\t\t\t\t<img decoding=\"async\" class=\"spectra-image-gallery__media-thumbnail spectra-image-gallery__media-thumbnail--carousel\" src=\"https:\/\/v2charge.com\/wp-content\/uploads\/2025\/10\/agregar-nueva-configuracion.png\" alt=\"\" loading=\"lazy\" \/>\n\t\t\t\t<\/picture>\n\t\t\t\t<div class=\"spectra-image-gallery__media-thumbnail-blurrer\"><\/div>\n\t\t\t\t\t\t\t<\/div>\n\t\t\t\t\t\t\t\t<div class=\"spectra-image-gallery__media-thumbnail-caption-wrapper spectra-image-gallery__media-thumbnail-caption-wrapper--bar-outside\">\n\t\t\t\t\t\t\t\t\t\t<div class=\"spectra-image-gallery__media-thumbnail-caption spectra-image-gallery__media-thumbnail-caption--bar-outside\">\n\t\t\t\t\t<strong>PASO 2<\/strong><br>Selecciona &#8216;Agregar nueva configuraci\u00f3n&#8217;\t\t\t\t<\/div>\n\t\t\t\t\t\t\t\t<\/div>\n\t\t\t\t\t\t\t<\/div>\n\t\t\t\t\t\t<div class='spectra-image-gallery__media-wrapper' data-spectra-gallery-image-id='263032'>\n\t\t\t\t\t\t\t<div class=\"spectra-image-gallery__media spectra-image-gallery__media--carousel\">\n\t\t\t\t<picture>\n\t\t\t\t\t<source media=\"(min-width: 1024px)\" srcset=\"https:\/\/v2charge.com\/wp-content\/uploads\/2025\/10\/agregar-tramo.png\">\n\t\t\t\t\t<source media=\"(min-width: 768px)\" srcset=\"https:\/\/v2charge.com\/wp-content\/uploads\/2025\/10\/agregar-tramo.png\">\n\t\t\t\t\t<img decoding=\"async\" class=\"spectra-image-gallery__media-thumbnail spectra-image-gallery__media-thumbnail--carousel\" src=\"https:\/\/v2charge.com\/wp-content\/uploads\/2025\/10\/agregar-tramo.png\" alt=\"\" loading=\"lazy\" \/>\n\t\t\t\t<\/picture>\n\t\t\t\t<div class=\"spectra-image-gallery__media-thumbnail-blurrer\"><\/div>\n\t\t\t\t\t\t\t<\/div>\n\t\t\t\t\t\t\t\t<div class=\"spectra-image-gallery__media-thumbnail-caption-wrapper spectra-image-gallery__media-thumbnail-caption-wrapper--bar-outside\">\n\t\t\t\t\t\t\t\t\t\t<div class=\"spectra-image-gallery__media-thumbnail-caption spectra-image-gallery__media-thumbnail-caption--bar-outside\">\n\t\t\t\t\t<strong>PASO 3<\/strong><br>Haz clic en &#8216;Agregar tramo&#8217;\t\t\t\t<\/div>\n\t\t\t\t\t\t\t\t<\/div>\n\t\t\t\t\t\t\t<\/div>\n\t\t\t\t\t\t<div class='spectra-image-gallery__media-wrapper' data-spectra-gallery-image-id='263044'>\n\t\t\t\t\t\t\t<div class=\"spectra-image-gallery__media spectra-image-gallery__media--carousel\">\n\t\t\t\t<picture>\n\t\t\t\t\t<source media=\"(min-width: 1024px)\" srcset=\"https:\/\/v2charge.com\/wp-content\/uploads\/2025\/10\/configurar-potencia-instalacion.png\">\n\t\t\t\t\t<source media=\"(min-width: 768px)\" srcset=\"https:\/\/v2charge.com\/wp-content\/uploads\/2025\/10\/configurar-potencia-instalacion.png\">\n\t\t\t\t\t<img decoding=\"async\" class=\"spectra-image-gallery__media-thumbnail spectra-image-gallery__media-thumbnail--carousel\" src=\"https:\/\/v2charge.com\/wp-content\/uploads\/2025\/10\/configurar-potencia-instalacion.png\" alt=\"\" loading=\"lazy\" \/>\n\t\t\t\t<\/picture>\n\t\t\t\t<div class=\"spectra-image-gallery__media-thumbnail-blurrer\"><\/div>\n\t\t\t\t\t\t\t<\/div>\n\t\t\t\t\t\t\t\t<div class=\"spectra-image-gallery__media-thumbnail-caption-wrapper spectra-image-gallery__media-thumbnail-caption-wrapper--bar-outside\">\n\t\t\t\t\t\t\t\t\t\t<div class=\"spectra-image-gallery__media-thumbnail-caption spectra-image-gallery__media-thumbnail-caption--bar-outside\">\n\t\t\t\t\t<strong>PASO 4<\/strong><br>A\u00f1ade los tramos de potencias contratadas, completando las 24 horas del d\u00eda tanto entre semana como los fines de semana\t\t\t\t<\/div>\n\t\t\t\t\t\t\t\t<\/div>\n\t\t\t\t\t\t\t<\/div>\n\t\t\t\t\t\t<div class='spectra-image-gallery__media-wrapper' data-spectra-gallery-image-id='263059'>\n\t\t\t\t\t\t\t<div class=\"spectra-image-gallery__media spectra-image-gallery__media--carousel\">\n\t\t\t\t<picture>\n\t\t\t\t\t<source media=\"(min-width: 1024px)\" srcset=\"https:\/\/v2charge.com\/wp-content\/uploads\/2025\/10\/tramo-potencias.png\">\n\t\t\t\t\t<source media=\"(min-width: 768px)\" srcset=\"https:\/\/v2charge.com\/wp-content\/uploads\/2025\/10\/tramo-potencias.png\">\n\t\t\t\t\t<img decoding=\"async\" class=\"spectra-image-gallery__media-thumbnail spectra-image-gallery__media-thumbnail--carousel\" src=\"https:\/\/v2charge.com\/wp-content\/uploads\/2025\/10\/tramo-potencias.png\" alt=\"\" loading=\"lazy\" \/>\n\t\t\t\t<\/picture>\n\t\t\t\t<div class=\"spectra-image-gallery__media-thumbnail-blurrer\"><\/div>\n\t\t\t\t\t\t\t<\/div>\n\t\t\t\t\t\t\t\t<div class=\"spectra-image-gallery__media-thumbnail-caption-wrapper spectra-image-gallery__media-thumbnail-caption-wrapper--bar-outside\">\n\t\t\t\t\t\t\t\t\t\t<div class=\"spectra-image-gallery__media-thumbnail-caption spectra-image-gallery__media-thumbnail-caption--bar-outside\">\n\t\t\t\t\t<strong>PASO 5<\/strong><br>Una vez a\u00f1adidos los tramos de potencias, haz clic en &#8216;Guardar&#8217;\t\t\t\t<\/div>\n\t\t\t\t\t\t\t\t<\/div>\n\t\t\t\t\t\t\t<\/div>\n\t\t\t\t\t\t<div class='spectra-image-gallery__media-wrapper' data-spectra-gallery-image-id='263072'>\n\t\t\t\t\t\t\t<div class=\"spectra-image-gallery__media spectra-image-gallery__media--carousel\">\n\t\t\t\t<picture>\n\t\t\t\t\t<source media=\"(min-width: 1024px)\" srcset=\"https:\/\/v2charge.com\/wp-content\/uploads\/2025\/10\/nombre-perfil-carga.png\">\n\t\t\t\t\t<source media=\"(min-width: 768px)\" srcset=\"https:\/\/v2charge.com\/wp-content\/uploads\/2025\/10\/nombre-perfil-carga.png\">\n\t\t\t\t\t<img decoding=\"async\" class=\"spectra-image-gallery__media-thumbnail spectra-image-gallery__media-thumbnail--carousel\" src=\"https:\/\/v2charge.com\/wp-content\/uploads\/2025\/10\/nombre-perfil-carga.png\" alt=\"\" loading=\"lazy\" \/>\n\t\t\t\t<\/picture>\n\t\t\t\t<div class=\"spectra-image-gallery__media-thumbnail-blurrer\"><\/div>\n\t\t\t\t\t\t\t<\/div>\n\t\t\t\t\t\t\t\t<div class=\"spectra-image-gallery__media-thumbnail-caption-wrapper spectra-image-gallery__media-thumbnail-caption-wrapper--bar-outside\">\n\t\t\t\t\t\t\t\t\t\t<div class=\"spectra-image-gallery__media-thumbnail-caption spectra-image-gallery__media-thumbnail-caption--bar-outside\">\n\t\t\t\t\t<strong>PASO 6<\/strong><br>Indica un nombre al perfil de carga y haz clic en &#8216;Guardar&#8217;\t\t\t\t<\/div>\n\t\t\t\t\t\t\t\t<\/div>\n\t\t\t\t\t\t\t<\/div>\n\t\t\t\t\t\t\t\t\t\t\t<\/div>\n\t\t\t\t\t\t\t<\/div>\n\t\t\t\t\t\t\t\t\t\t\t<\/div>\n\t\t\t\t\t\t\t\t\t<\/div>\n\n\n\n<div class=\"wp-block-uagb-container uagb-block-7c281fc5\">\n<div class=\"wp-block-uagb-image uagb-block-ec2c3c7d wp-block-uagb-image--layout-default wp-block-uagb-image--effect-static wp-block-uagb-image--align-none\"><figure class=\"wp-block-uagb-image__figure\"><img decoding=\"async\" srcset=\"https:\/\/v2charge.com\/wp-content\/uploads\/2024\/09\/icono-sin-fotovoltaica.png ,https:\/\/v2charge.com\/wp-content\/uploads\/2024\/09\/icono-sin-fotovoltaica.png 780w, https:\/\/v2charge.com\/wp-content\/uploads\/2024\/09\/icono-sin-fotovoltaica.png 360w\" sizes=\"auto, (max-width: 480px) 150px\" src=\"https:\/\/v2charge.com\/wp-content\/uploads\/2024\/09\/icono-sin-fotovoltaica.png\" alt=\"\" class=\"uag-image-179530\" width=\"70\" height=\"70\" title=\"icono-sin-fotovoltaica\" loading=\"lazy\" role=\"img\"\/><\/figure><\/div>\n\n\n<div class=\"wp-block-uagb-advanced-heading uagb-block-a7c6d39b\"><h3 class=\"uagb-heading-text\">Y\u00fck profilleri <strong>G\u00fcne\u015f enerjisi olmadan<\/strong><\/h3><\/div>\n\n<!DOCTYPE html>\n<html lang=\"tr\">\n<head>\n    <meta charset=\"UTF-8\">\n    <meta name=\"viewport\" content=\"width=device-width, initial-scale=1.0\">\n    <title>Sekmeler (Tabs)<\/title>\n    <style>\n        \/* Sekme konteyneri i\u00e7in stiller *\/\n        .tabs-group .tabs {\n    display: flex;\n    justify-content: center;\n    width: 100%;\n}\n\n.tabs-group .tab {\n    width: 50%;\n    text-align: center;\n    padding: 10px 0;\n    border-bottom: 2px solid #ccc;\n    background-color: transparent;\n    transition: border-bottom 0.3s, font-weight 0.3s;\n    cursor: pointer;\n}\n\n.tabs-group .tab.active {\n    border-bottom: 4px solid #000000;\n    font-weight: bold;\n}\n\n.tabs-group .tab-content {\n    display: none;\n    padding: 0px;\n    padding-top: 20px;\n}\n\n.tabs-group .tab-content.active {\n    display: block;\n        }\n    <\/style>\n<\/head>\n<body>\n\n<div class=\"tabs-group\" id=\"group1\">\n    <div class=\"tabs\">\n        <div class=\"tab active\" onclick=\"openTab(event, 'tab1-group1')\">Trydan |\u00a0Trydan Pro<\/div>\n        <div class=\"tab\" onclick=\"openTab(event, 'tab2-group1')\">Pole Pro<\/div>\n    <\/div>\n\n    <div id=\"tab1-group1\" class=\"tab-content active\">\n        <p><strong>\u2018\u015earj Profilleri\u2019<\/strong> b\u00f6l\u00fcm\u00fcne eri\u015ferek g\u00fc\u00e7 kontrol\u00fc i\u00e7in farkl\u0131 \u00f6zelle\u015ftirmeleri planlayabilirsiniz. <strong>G\u00fc\u00e7 aral\u0131klar\u0131n\u0131 saatler ve s\u00f6zle\u015fmeli g\u00fc\u00e7 \u00fczerinden ayarlayabilir, hafta sonu ve hafta i\u00e7i aras\u0131nda farkl\u0131l\u0131k g\u00f6sterebilirsiniz.*<\/strong><\/p>\n        <p>Bu ayarlar\u0131 Bluetooth veya WiFi \u00fczerinden yapman\u0131z m\u00fcmk\u00fcnd\u00fcr (bu ba\u011flant\u0131ya sahip olman\u0131z durumunda).<\/p>\n        <p><strong>\u015earj profillerinin \u00f6zelle\u015ftirilmesi, \u00f6ncelikle g\u00fc\u00e7 kontrol\u00fcn\u00fcn do\u011fru bir \u015fekilde yap\u0131land\u0131r\u0131lm\u0131\u015f ve etkinle\u015ftirilmi\u015f olmas\u0131 durumunda m\u00fcmk\u00fcnd\u00fcr.<\/strong><\/p>\n    <\/div>\n\n    <div id=\"tab2-group1\" class=\"tab-content\">\n        <p><strong>\u2019\u015earj Profilleri\u2019<\/strong> b\u00f6l\u00fcm\u00fcne eri\u015ferek g\u00fc\u00e7 kontrol\u00fc i\u00e7in farkl\u0131 \u00f6zelle\u015ftirmeleri planlayabilirsiniz. Bu b\u00f6l\u00fcmde, <strong>g\u00fc\u00e7 aral\u0131klar\u0131n\u0131 saatler ve s\u00f6zle\u015fmeli g\u00fc\u00e7 \u00fczerinden ayarlayarak, i\u015f g\u00fcnleri ile hafta sonlar\u0131 aras\u0131nda farkl\u0131l\u0131k g\u00f6sterebilirsiniz.<\/strong><\/p>\n        <p>Pole Pro&#8217;yu yap\u0131land\u0131rmak i\u00e7in, s\u00f6zle\u015fmeli g\u00fcc\u00fcn yan\u0131 s\u0131ra, <strong>her faz i\u00e7in ak\u0131m s\u0131n\u0131r\u0131n\u0131 belirlemek gereklidir; bu, tek fazl\u0131 veya \u00fc\u00e7 fazl\u0131 bir \u015farj cihaz\u0131nda olabilir. Bu ayar\u0131 do\u011fru bir \u015fekilde yapmak i\u00e7in, ekipman\u0131n kurulumunun tek hat \u015femas\u0131 veya faz haritas\u0131n\u0131 dikkate alman\u0131z gerekir.<\/strong><\/p>\n        <p>Unutmay\u0131n ki <strong>\u015farj profillerinin \u00f6zelle\u015ftirilmesi, g\u00fc\u00e7 kontrol\u00fc \u00f6nceden do\u011fru bir \u015fekilde yap\u0131land\u0131r\u0131lm\u0131\u015f ve etkinle\u015ftirilmi\u015fse m\u00fcmk\u00fcnd\u00fcr.<\/strong><\/p>\n    <\/div>\n<\/div>\n\n    <script>\n  function openTab(evt, tabId) {\n    \/\/ Mevcut sekme grubunu bul (en yak\u0131n 'tabs-group' s\u0131n\u0131f\u0131na sahip ebeveyn)\n    const group = evt.currentTarget.closest('.tabs-group');\n\n    \/\/ Bu gruptaki t\u00fcm sekme i\u00e7eriklerini gizle\n    const tabContent = group.querySelectorAll('.tab-content');\n    tabContent.forEach(content => content.classList.remove('active'));\n\n    \/\/ Bu gruptaki t\u00fcm sekmelerden 'active' s\u0131n\u0131f\u0131n\u0131 kald\u0131r\n    const tabs = group.querySelectorAll('.tab');\n    tabs.forEach(tab => tab.classList.remove('active'));\n\n    \/\/ Bu gruptaki se\u00e7ilen sekmenin i\u00e7eri\u011fini g\u00f6ster\n    group.querySelector('#' + tabId).classList.add('active');\n\n    \/\/ Bu gruptaki se\u00e7ilen sekmeye 'active' s\u0131n\u0131f\u0131n\u0131 ekle\n    evt.currentTarget.classList.add('active');\n}\n\n    <\/script>\n\n<\/body>\n<\/html>\n\n<p class=\"has-text-color\" style=\"color:#747474;font-size:14px\">* Bir \u00f6zelle\u015ftirmeyi se\u00e7erken, d\u00fczenlerken veya silerken, t\u00fcm de\u011fi\u015fikliklerin do\u011fru bir \u015fekilde kaydedilmesini sa\u011flamak i\u00e7in kaydet butonuna bas\u0131n. <br>** Zaman dilimlerinin tamamen doldurulmas\u0131, g\u00fcn\u00fcn 24 saati bo\u015fluk b\u0131rakmadan ve haftan\u0131n her g\u00fcn\u00fc zorunludur. Aksi takdirde, \u00f6zelle\u015ftirme kaydedilemez.<\/p><\/div>\n<\/div><\/div>\n\n\n\n<div class=\"wp-block-uagb-separator uagb-block-ffa46680\"><div class=\"wp-block-uagb-separator__inner\" style=\"--my-background-image:\"><\/div><\/div>\n\n\n\n<div id=\"energia-fotovoltaica\" class=\"wp-block-uagb-container uagb-block-c2fd9a38 alignfull uagb-is-root-container\"><div class=\"uagb-container-inner-blocks-wrap\">\n<div class=\"wp-block-uagb-container uagb-block-ba45b0d5\">\n<div class=\"wp-block-uagb-image uagb-block-b09e2c81 wp-block-uagb-image--layout-default wp-block-uagb-image--effect-static wp-block-uagb-image--align-none\"><figure class=\"wp-block-uagb-image__figure\"><img decoding=\"async\" srcset=\"https:\/\/v2charge.com\/wp-content\/uploads\/2024\/09\/icono-fotovoltaica.png ,https:\/\/v2charge.com\/wp-content\/uploads\/2024\/09\/icono-fotovoltaica.png 780w, https:\/\/v2charge.com\/wp-content\/uploads\/2024\/09\/icono-fotovoltaica.png 360w\" sizes=\"auto, (max-width: 480px) 150px\" src=\"https:\/\/v2charge.com\/wp-content\/uploads\/2024\/09\/icono-fotovoltaica.png\" alt=\"\" class=\"uag-image-179570\" width=\"65\" height=\"65\" title=\"icono-fotovoltaica\" loading=\"lazy\" role=\"img\"\/><\/figure><\/div>\n<\/div>\n\n\n\n<div class=\"wp-block-uagb-container uagb-block-960209a7\"><div class=\"wp-block-uagb-advanced-heading uagb-block-51d1d857\"><h3 class=\"uagb-heading-text\">G\u00fcne\u015f enerjisi ile <strong>\u015earj Profilleri<\/strong><\/h3><\/div><\/div>\n<\/div><\/div>\n\n\n\n<div id=\"modos-energia\" class=\"wp-block-uagb-container uagb-block-866e740d alignfull uagb-is-root-container\"><div class=\"uagb-container-inner-blocks-wrap\"><p>Fotovoltaik enerji \u00fcretimi olan tesislerde, <strong>g\u00fc\u00e7 kontrol\u00fc arac\u0131l\u0131\u011f\u0131yla \u00e7e\u015fitli enerji y\u00f6netim modlar\u0131<\/strong> tasarlanm\u0131\u015ft\u0131r. Bu <strong>hafta i\u00e7i veya hafta sonu, her zaman dilimi i\u00e7in kullanmak istedi\u011fin enerji t\u00fcr\u00fcn\u00fc se\u00e7mene olanak tan\u0131r<\/strong>.<br><br>A\u015fa\u011f\u0131da, her modun nas\u0131l \u00e7al\u0131\u015ft\u0131\u011f\u0131n\u0131 a\u00e7\u0131kl\u0131yoruz, b\u00f6ylece <strong>g\u00fc\u00e7 dilimlerini ayarlarken en uygun olan\u0131 se\u00e7ebilirsin.<\/strong><\/p>\n\n<div class=\"wp-block-uagb-advanced-heading uagb-block-46239604\"><h3 class=\"uagb-heading-text\">ENERJ\u0130 Y\u00d6NET\u0130M MODLARI<\/h3><\/div>\n\n\n<div class=\"wp-block-accordion-toggle-accordion-toggle  root-eb-accordion-hgagmv4\"><div class=\"eb-parent-wrapper eb-parent-eb-accordion-hgagmv4 \"><div class=\"eb-accordion-container eb-accordion-hgagmv4\" data-accordion-type=\"accordion\" data-tab-icon=\"fas fa-plus-circle\" data-expanded-icon=\"fas fa-minus-circle\" data-transition-duration=\"500\"><div class=\"eb-accordion-inner\"><div class=\"wp-block-accordion-toggle-accordion-item eb-accordion-item-dduif23 eb-accordion-wrapper\" data-clickable=\"false\"><div class=\"eb-accordion-title-wrapper eb-accordion-title-wrapper-eb-accordion-hgagmv4\" tabindex=\"0\"><span class=\"eb-accordion-icon-wrapper eb-accordion-icon-wrapper-eb-accordion-hgagmv4\"><span class=\"fas fa-plus-circle eb-accordion-icon\"><\/span><\/span><div class=\"eb-accordion-title-content-wrap title-content-eb-accordion-hgagmv4\"><h4 class=\"eb-accordion-title\"><strong> FV \u00d6zel<\/strong><\/h4><\/div><\/div><div class=\"eb-accordion-content-wrapper eb-accordion-content-wrapper-eb-accordion-hgagmv4\"><div class=\"eb-accordion-content\"><p style=\"font-size:16px\">\u00d6zel G\u00fcne\u015f Modu&#8217;nda, e-Charger <strong>g\u00fcne\u015f enerjisinden maksimum fayda sa\u011flamak i\u00e7in konvansiyonel elektrik \u015febekesi t\u00fcketimini azaltmaya odaklan\u0131r<\/strong>. Bu mod, evin elektrik \u015febekesinden enerji t\u00fcketimini 0 kW seviyesine indirmeyi hedefler; bu, yeterli g\u00fcne\u015f enerjisi mevcut oldu\u011funda veya aksi takdirde fazlal\u0131klar\u0131n kullan\u0131lmas\u0131 durumunda ge\u00e7erlidir.<br>Evdeki g\u00fcne\u015f enerjisi \u00fcretimi, evin talebini a\u015ft\u0131\u011f\u0131nda, cihaz <strong>enerji da\u011f\u0131t\u0131m\u0131n\u0131 ak\u0131ll\u0131ca ayarlar<\/strong>. E\u011fer o anda arac\u0131 prize takarsan\u0131z, \u015farj cihaz\u0131 g\u00fcne\u015f enerjisi ihracat\u0131n\u0131 0 kW olacak \u015fekilde de\u011fi\u015ftirmeye \u00e7al\u0131\u015facakt\u0131r. Bu, ek kW&#8217;lar\u0131n elektrik \u015febekesine g\u00f6nderilmek yerine elektrikli arac\u0131 \u015farj etmek i\u00e7in y\u00f6nlendirilece\u011fi anlam\u0131na gelir.<br>Ancak, \u00d6zel G\u00fcne\u015f Modu g\u00fcne\u015f enerjisi \u00fcretimindeki dalgalanmalar\u0131n da fark\u0131ndad\u0131r. \u00d6rne\u011fin, gece veya bulutlu g\u00fcnlerde g\u00fcne\u015f enerjisi \u00fcretimi azalabilir. Bu gibi durumlarda, evde enerji talebi devam ederse, \u015farj cihaz\u0131 elektrikli arac\u0131n \u015farj\u0131n\u0131 durduracakt\u0131r. <strong>Bu, evin optimal \u015fekilde \u00e7al\u0131\u015fmas\u0131n\u0131 sa\u011flamak i\u00e7in gerekli elektrik kaynaklar\u0131n\u0131n t\u00fckenmemesini garanti eder.<\/strong><\/p>\n\n\n<div class=\"wp-block-uagb-container uagb-block-e4bcd790 alignfull uagb-is-root-container\"><div class=\"uagb-container-inner-blocks-wrap\">\n<div class=\"wp-block-uagb-container uagb-block-7535d67f\"><div class=\"wp-block-uagb-info-box uagb-block-317256fd uagb-infobox__content-wrap  uagb-infobox-icon-left-title uagb-infobox-left uagb-infobox-image-valign-middle\"><div class=\"uagb-ifb-content\"><div class=\"uagb-ifb-left-title-image\"><div class=\"uagb-ifb-image-content\"><img decoding=\"async\" src=\"https:\/\/v2charge.com\/wp-content\/uploads\/2023\/11\/leyenda-modos-carga-potencia-contratada.png\" alt=\"\" width=\"\" height=\"0\" loading=\"lazy\"\/><\/div><div class=\"uagb-ifb-title-wrap\"><p class=\"uagb-ifb-title\"> Kiralanan g\u00fc\u00e7<\/p><\/div><\/div><\/div><\/div>\n\n<div class=\"wp-block-uagb-info-box uagb-block-f703afe2 uagb-infobox__content-wrap  uagb-infobox-icon-left-title uagb-infobox-left uagb-infobox-image-valign-middle\"><div class=\"uagb-ifb-content\"><div class=\"uagb-ifb-left-title-image\"><div class=\"uagb-ifb-image-content\"><img decoding=\"async\" src=\"https:\/\/v2charge.com\/wp-content\/uploads\/2023\/11\/leyenda-modos-carga-consumo-coche.png\" alt=\"\" width=\"\" height=\"0\" loading=\"lazy\"\/><\/div><div class=\"uagb-ifb-title-wrap\"><p class=\"uagb-ifb-title\"> Arac\u0131n t\u00fcketimi (Her zaman konutu \u00f6nceliklendirerek)<\/p><\/div><\/div><\/div><\/div>\n\n<div class=\"wp-block-uagb-info-box uagb-block-b188ca7a uagb-infobox__content-wrap  uagb-infobox-icon-left-title uagb-infobox-left uagb-infobox-image-valign-middle\"><div class=\"uagb-ifb-content\"><div class=\"uagb-ifb-left-title-image\"><div class=\"uagb-ifb-image-content\"><img decoding=\"async\" src=\"https:\/\/v2charge.com\/wp-content\/uploads\/2023\/11\/leyenda-modos-carga-fotovoltaica.png\" alt=\"\" width=\"\" height=\"0\" loading=\"lazy\"\/><\/div><div class=\"uagb-ifb-title-wrap\"><p class=\"uagb-ifb-title\"> Fotovoltaik enerji \u00fcretimi<\/p><\/div><\/div><\/div><\/div>\n\n<div class=\"wp-block-uagb-info-box uagb-block-05e745ea uagb-infobox__content-wrap  uagb-infobox-icon-left-title uagb-infobox-left uagb-infobox-image-valign-middle\"><div class=\"uagb-ifb-content\"><div class=\"uagb-ifb-left-title-image\"><div class=\"uagb-ifb-image-content\"><img decoding=\"async\" src=\"https:\/\/v2charge.com\/wp-content\/uploads\/2023\/11\/leyenda-modos-carga-parada-carga.png\" alt=\"\" width=\"\" height=\"0\" loading=\"lazy\"\/><\/div><div class=\"uagb-ifb-title-wrap\"><p class=\"uagb-ifb-title\"> \u015earj durumu<\/p><\/div><\/div><\/div><\/div><\/div>\n\n\n\n<div class=\"wp-block-uagb-container uagb-block-a1df737b\">\n<div class=\"wp-block-uagb-image aligncenter uagb-block-353ca720 wp-block-uagb-image--layout-default wp-block-uagb-image--effect-static wp-block-uagb-image--align-center\"><figure class=\"wp-block-uagb-image__figure\"><img decoding=\"async\" srcset=\"https:\/\/v2charge.com\/wp-content\/uploads\/2023\/11\/modo-fv-exclusivo.png ,https:\/\/v2charge.com\/wp-content\/uploads\/2023\/11\/modo-fv-exclusivo.png 780w, https:\/\/v2charge.com\/wp-content\/uploads\/2023\/11\/modo-fv-exclusivo.png 360w\" sizes=\"auto, (max-width: 480px) 150px\" src=\"https:\/\/v2charge.com\/wp-content\/uploads\/2023\/11\/modo-fv-exclusivo.png\" alt=\"\" class=\"uag-image-125333\" width=\"671\" height=\"178\" title=\"\" loading=\"lazy\" role=\"img\"\/><\/figure><\/div>\n<\/div>\n<\/div><\/div>\n<\/div><\/div><\/div>\n<\/div><\/div><\/div><\/div>\n\n\n\n<div class=\"wp-block-accordion-toggle-accordion-toggle  root-eb-accordion-1ohnvkm\"><div class=\"eb-parent-wrapper eb-parent-eb-accordion-1ohnvkm \"><div class=\"eb-accordion-container eb-accordion-1ohnvkm\" data-accordion-type=\"accordion\" data-tab-icon=\"fas fa-plus-circle\" data-expanded-icon=\"fas fa-minus-circle\" data-transition-duration=\"500\"><div class=\"eb-accordion-inner\"><div class=\"wp-block-accordion-toggle-accordion-item eb-accordion-item-6s6vr7t eb-accordion-wrapper\" data-clickable=\"false\"><div class=\"eb-accordion-title-wrapper eb-accordion-title-wrapper-eb-accordion-1ohnvkm\" tabindex=\"0\"><span class=\"eb-accordion-icon-wrapper eb-accordion-icon-wrapper-eb-accordion-1ohnvkm\"><span class=\"fas fa-plus-circle eb-accordion-icon\"><\/span><\/span><div class=\"eb-accordion-title-content-wrap title-content-eb-accordion-1ohnvkm\"><h4 class=\"eb-accordion-title\">  <strong>FV + Minimum g\u00fc\u00e7<\/strong><\/h4><\/div><\/div><div class=\"eb-accordion-content-wrapper eb-accordion-content-wrapper-eb-accordion-1ohnvkm\"><div class=\"eb-accordion-content\"><p>A\u011f Modu + Fotovoltaik, <strong>y\u00fcklemenin s\u00fcreklili\u011finden \u00f6d\u00fcn vermeden fazlal\u0131klar\u0131 en \u00fcst d\u00fczeye \u00e7\u0131karmay\u0131 hedefler.<br><\/strong>Yaln\u0131zca fotovoltaik modun aksine, burada e-Charger yeterli g\u00fcne\u015f enerjisi yoksa y\u00fcklemeyi kesebilir, bu yap\u0131land\u0131rmada genellikle V2C Cloud uygulamas\u0131 veya www.v2c.cloud \u00fczerinden m\u00fc\u015fteri taraf\u0131ndan ayarlanan bir minimum y\u00fck e\u015fi\u011fi korunur. Bu de\u011fer, arac\u0131n her zaman en az\u0131ndan minimum bir g\u00fc\u00e7te \u015farj olmas\u0131n\u0131 garanti eder.<br>Bu modun \u00f6nceki moda g\u00f6re avantajlar\u0131, y\u00fcklemedeki s\u00fcreklilik ve <strong>fazlal\u0131klar\u0131 en \u00fcst d\u00fczeye \u00e7\u0131kararak, \u00f6nceden yap\u0131land\u0131r\u0131lan minimum y\u00fck g\u00fcc\u00fcne ula\u015fana kadar a\u011fdan minimum bir t\u00fcketimle tamamlamakt\u0131r.<\/strong><br>Gece, g\u00fcne\u015f \u00fcretimi s\u0131f\u0131r oldu\u011funda, \u015farj cihaz\u0131 sa\u011flay\u0131c\u0131n\u0131n enerjisi ile minimum bir y\u00fck\u00fc s\u00fcrd\u00fcrecektir, <strong>g\u00fcne\u015f \u00fcretiminin d\u00fc\u015f\u00fck oldu\u011fu ko\u015fullarda bile s\u00fcreklili\u011fini garanti eder.<\/strong><br><strong>*Bataryas\u0131 olan fotovoltaik sistemlerde, amac\u0131n bataryan\u0131n bo\u015falmas\u0131n\u0131 \u00f6nlemek olmas\u0131 durumunda, bu bo\u015falmay\u0131 s\u0131n\u0131rlamak i\u00e7in inverterin yap\u0131land\u0131r\u0131lmas\u0131 gerekir.<\/strong><\/p>\n\n\n<div class=\"wp-block-uagb-container uagb-block-8d383f7b\">\n<div class=\"wp-block-uagb-container uagb-block-a3260b0e\"><div class=\"wp-block-uagb-info-box uagb-block-2c558b6a uagb-infobox__content-wrap  uagb-infobox-icon-left-title uagb-infobox-left uagb-infobox-image-valign-middle\"><div class=\"uagb-ifb-content\"><div class=\"uagb-ifb-left-title-image\"><div class=\"uagb-ifb-image-content\"><img decoding=\"async\" src=\"https:\/\/v2charge.com\/wp-content\/uploads\/2023\/11\/leyenda-modos-carga-potencia-contratada.png\" alt=\"\" width=\"\" height=\"0\" loading=\"lazy\"\/><\/div><div class=\"uagb-ifb-title-wrap\"><p class=\"uagb-ifb-title\"> Kiralanan g\u00fc\u00e7<\/p><\/div><\/div><\/div><\/div>\n\n<div class=\"wp-block-uagb-info-box uagb-block-42cae042 uagb-infobox__content-wrap  uagb-infobox-icon-left-title uagb-infobox-left uagb-infobox-image-valign-middle\"><div class=\"uagb-ifb-content\"><div class=\"uagb-ifb-left-title-image\"><div class=\"uagb-ifb-image-content\"><img decoding=\"async\" src=\"https:\/\/v2charge.com\/wp-content\/uploads\/2023\/11\/leyenda-modos-carga-consumo-coche.png\" alt=\"\" width=\"\" height=\"0\" loading=\"lazy\"\/><\/div><div class=\"uagb-ifb-title-wrap\"><p class=\"uagb-ifb-title\"> Arac\u0131n T\u00fcketimi (Her zaman konutu \u00f6nceliklendirerek)<\/p><\/div><\/div><\/div><\/div>\n\n<div class=\"wp-block-uagb-info-box uagb-block-470163f8 uagb-infobox__content-wrap  uagb-infobox-icon-left-title uagb-infobox-left uagb-infobox-image-valign-middle\"><div class=\"uagb-ifb-content\"><div class=\"uagb-ifb-left-title-image\"><div class=\"uagb-ifb-image-content\"><img decoding=\"async\" src=\"https:\/\/v2charge.com\/wp-content\/uploads\/2023\/11\/leyenda-modos-carga-fotovoltaica.png\" alt=\"\" width=\"\" height=\"0\" loading=\"lazy\"\/><\/div><div class=\"uagb-ifb-title-wrap\"><p class=\"uagb-ifb-title\"> Fotovoltaik enerji \u00fcretimi<\/p><\/div><\/div><\/div><\/div><\/div>\n\n\n\n<div class=\"wp-block-uagb-container uagb-block-9ebaa8ab\">\n<div class=\"wp-block-uagb-image aligncenter uagb-block-67b345b8 wp-block-uagb-image--layout-default wp-block-uagb-image--effect-static wp-block-uagb-image--align-center\"><figure class=\"wp-block-uagb-image__figure\"><img decoding=\"async\" srcset=\"https:\/\/v2charge.com\/wp-content\/uploads\/2023\/11\/modo-fv-minima.png ,https:\/\/v2charge.com\/wp-content\/uploads\/2023\/11\/modo-fv-minima.png 780w, https:\/\/v2charge.com\/wp-content\/uploads\/2023\/11\/modo-fv-minima.png 360w\" sizes=\"auto, (max-width: 480px) 150px\" src=\"https:\/\/v2charge.com\/wp-content\/uploads\/2023\/11\/modo-fv-minima.png\" alt=\"\" class=\"uag-image-125342\" width=\"671\" height=\"178\" title=\"\" loading=\"lazy\" role=\"img\"\/><\/figure><\/div>\n<\/div>\n<\/div>\n<\/div><\/div><\/div>\n<\/div><\/div><\/div><\/div>\n\n\n\n<div class=\"wp-block-accordion-toggle-accordion-toggle  root-eb-accordion-7l49m7u\"><div class=\"eb-parent-wrapper eb-parent-eb-accordion-7l49m7u \"><div class=\"eb-accordion-container eb-accordion-7l49m7u\" data-accordion-type=\"accordion\" data-tab-icon=\"fas fa-plus-circle\" data-expanded-icon=\"fas fa-minus-circle\" data-transition-duration=\"500\"><div class=\"eb-accordion-inner\"><div class=\"wp-block-accordion-toggle-accordion-item eb-accordion-item-snvkwtr eb-accordion-wrapper\" data-clickable=\"false\"><div class=\"eb-accordion-title-wrapper eb-accordion-title-wrapper-eb-accordion-7l49m7u\" tabindex=\"0\"><span class=\"eb-accordion-icon-wrapper eb-accordion-icon-wrapper-eb-accordion-7l49m7u\"><span class=\"fas fa-plus-circle eb-accordion-icon\"><\/span><\/span><div class=\"eb-accordion-title-content-wrap title-content-eb-accordion-7l49m7u\"><h4 class=\"eb-accordion-title\">  <strong>A\u011f + Fotovoltaik (Maksimum \u015farj h\u0131z\u0131)<\/strong><\/h4><\/div><\/div><div class=\"eb-accordion-content-wrapper eb-accordion-content-wrapper-eb-accordion-7l49m7u\"><div class=\"eb-accordion-content\"><p>Bu mod, <strong>enerji tedarik\u00e7isi ile s\u00f6zle\u015fmeli maksimum g\u00fc\u00e7te ve mevcut g\u00fcne\u015f enerjisi \u00fcretimi ile \u015farj etmek i\u00e7in yap\u0131land\u0131r\u0131lm\u0131\u015ft\u0131r<\/strong>. <br>A\u011f t\u00fcketimi, da\u011f\u0131t\u0131mc\u0131 ile s\u00f6zle\u015fmeli g\u00fcc\u00fc a\u015farsa, e-Charger, evin t\u00fcketimi azal\u0131ncaya veya g\u00fcne\u015f enerjisi \u00fcretimi art\u0131ncaya kadar arac\u0131n \u015farj\u0131n\u0131 kesecektir. B\u00f6ylece <strong>s\u00f6zle\u015fmeli g\u00fcc\u00fc a\u015fmaktan ka\u00e7\u0131naca\u011f\u0131z<\/strong>.<\/p>\n\n\n<div class=\"wp-block-uagb-container uagb-block-6431b8cb\">\n<div class=\"wp-block-uagb-container uagb-block-decf46d5\"><div class=\"wp-block-uagb-info-box uagb-block-34b8a029 uagb-infobox__content-wrap  uagb-infobox-icon-left-title uagb-infobox-left uagb-infobox-image-valign-middle\"><div class=\"uagb-ifb-content\"><div class=\"uagb-ifb-left-title-image\"><div class=\"uagb-ifb-image-content\"><img decoding=\"async\" src=\"https:\/\/v2charge.com\/wp-content\/uploads\/2023\/11\/leyenda-modos-carga-potencia-contratada.png\" alt=\"\" width=\"\" height=\"0\" loading=\"lazy\"\/><\/div><div class=\"uagb-ifb-title-wrap\"><p class=\"uagb-ifb-title\"> Kiralanan g\u00fc\u00e7<\/p><\/div><\/div><\/div><\/div>\n\n<div class=\"wp-block-uagb-info-box uagb-block-14d3d58a uagb-infobox__content-wrap  uagb-infobox-icon-left-title uagb-infobox-left uagb-infobox-image-valign-middle\"><div class=\"uagb-ifb-content\"><div class=\"uagb-ifb-left-title-image\"><div class=\"uagb-ifb-image-content\"><img decoding=\"async\" src=\"https:\/\/v2charge.com\/wp-content\/uploads\/2023\/11\/leyenda-modos-carga-consumo-coche.png\" alt=\"\" width=\"\" height=\"0\" loading=\"lazy\"\/><\/div><div class=\"uagb-ifb-title-wrap\"><p class=\"uagb-ifb-title\"> Arac\u0131n t\u00fcketimi (Her zaman konutu \u00f6nceliklendirerek)<\/p><\/div><\/div><\/div><\/div>\n\n<div class=\"wp-block-uagb-info-box uagb-block-99ac32d0 uagb-infobox__content-wrap  uagb-infobox-icon-left-title uagb-infobox-left uagb-infobox-image-valign-middle\"><div class=\"uagb-ifb-content\"><div class=\"uagb-ifb-left-title-image\"><div class=\"uagb-ifb-image-content\"><img decoding=\"async\" src=\"https:\/\/v2charge.com\/wp-content\/uploads\/2023\/11\/leyenda-modos-carga-fotovoltaica.png\" alt=\"\" width=\"\" height=\"0\" loading=\"lazy\"\/><\/div><div class=\"uagb-ifb-title-wrap\"><p class=\"uagb-ifb-title\"> Fotovoltaik enerji \u00fcretimi<\/p><\/div><\/div><\/div><\/div><\/div>\n\n\n\n<div class=\"wp-block-uagb-container uagb-block-66dd38ff\">\n<div class=\"wp-block-uagb-image aligncenter uagb-block-9496bac6 wp-block-uagb-image--layout-default wp-block-uagb-image--effect-static wp-block-uagb-image--align-center\"><figure class=\"wp-block-uagb-image__figure\"><img decoding=\"async\" srcset=\"https:\/\/v2charge.com\/wp-content\/uploads\/2023\/11\/modo-red-fotovoltaica.png ,https:\/\/v2charge.com\/wp-content\/uploads\/2023\/11\/modo-red-fotovoltaica.png 780w, https:\/\/v2charge.com\/wp-content\/uploads\/2023\/11\/modo-red-fotovoltaica.png 360w\" sizes=\"auto, (max-width: 480px) 150px\" src=\"https:\/\/v2charge.com\/wp-content\/uploads\/2023\/11\/modo-red-fotovoltaica.png\" alt=\"\" class=\"uag-image-125351\" width=\"671\" height=\"178\" title=\"\" loading=\"lazy\" role=\"img\"\/><\/figure><\/div>\n<\/div>\n<\/div>\n<\/div><\/div><\/div>\n<\/div><\/div><\/div><\/div>\n\n\n\n<div class=\"wp-block-accordion-toggle-accordion-toggle  root-eb-accordion-x3rbtzu\"><div class=\"eb-parent-wrapper eb-parent-eb-accordion-x3rbtzu \"><div class=\"eb-accordion-container eb-accordion-x3rbtzu\" data-accordion-type=\"accordion\" data-tab-icon=\"fas fa-plus-circle\" data-expanded-icon=\"fas fa-minus-circle\" data-transition-duration=\"500\"><div class=\"eb-accordion-inner\"><div class=\"wp-block-accordion-toggle-accordion-item eb-accordion-item-uhz365n eb-accordion-wrapper\" data-clickable=\"false\"><div class=\"eb-accordion-title-wrapper eb-accordion-title-wrapper-eb-accordion-x3rbtzu\" tabindex=\"0\"><span class=\"eb-accordion-icon-wrapper eb-accordion-icon-wrapper-eb-accordion-x3rbtzu\"><span class=\"fas fa-plus-circle eb-accordion-icon\"><\/span><\/span><div class=\"eb-accordion-title-content-wrap title-content-eb-accordion-x3rbtzu\"><h4 class=\"eb-accordion-title\">  <strong>\u015earj yok<\/strong><\/h4><\/div><\/div><div class=\"eb-accordion-content-wrapper eb-accordion-content-wrapper-eb-accordion-x3rbtzu\"><div class=\"eb-accordion-content\"><p>Kullan\u0131c\u0131lara elektrikli ara\u00e7lar\u0131n\u0131n \u015farj s\u00fcreci \u00fczerinde tam kontrol sa\u011flar. Otomatik \u015farj yerine, bu mod <strong>kesintileri programlama<\/strong> yetene\u011fi sunar; bu, tercihlere ve ihtiya\u00e7lara g\u00f6re ayarlanabilir.<br>Bu modun ay\u0131rt edici \u00f6zelli\u011fi, elektrikli arac\u0131n \u015farj edilmemesi gereken belirli zaman dilimlerinin programlanabilmesidir. Bu, \u00f6rne\u011fin, <strong>elektrik talebinin yo\u011fun oldu\u011fu saatlerde \u015febekeyi kullanmaktan ka\u00e7\u0131nmak<\/strong> i\u00e7in faydal\u0131d\u0131r.<\/p><\/div><\/div><\/div>\n<\/div><\/div><\/div><\/div>\n\n\n\n<div class=\"wp-block-accordion-toggle-accordion-toggle  root-eb-accordion-7d889v5\"><div class=\"eb-parent-wrapper eb-parent-eb-accordion-7d889v5 \"><div class=\"eb-accordion-container eb-accordion-7d889v5\" data-accordion-type=\"accordion\" data-tab-icon=\"fas fa-plus-circle\" data-expanded-icon=\"fas fa-minus-circle\" data-transition-duration=\"500\"><div class=\"eb-accordion-inner\"><div class=\"wp-block-accordion-toggle-accordion-item eb-accordion-item-7uj3sb9 eb-accordion-wrapper\" data-clickable=\"false\"><div class=\"eb-accordion-title-wrapper eb-accordion-title-wrapper-eb-accordion-7d889v5\" tabindex=\"0\"><span class=\"eb-accordion-icon-wrapper eb-accordion-icon-wrapper-eb-accordion-7d889v5\"><span class=\"fas fa-plus-circle eb-accordion-icon\"><\/span><\/span><div class=\"eb-accordion-title-content-wrap title-content-eb-accordion-7d889v5\"><h4 class=\"eb-accordion-title\">  <strong>Enjeksiyonsuz veya izole<\/strong> (sadece Trydan ve Trydan Pro i\u00e7in)<\/h4><\/div><\/div><div class=\"eb-accordion-content-wrapper eb-accordion-content-wrapper-eb-accordion-7d889v5\"><div class=\"eb-accordion-content\"><p style=\"font-size:16px\">Ayr\u0131 tesislerde, e-Charger geleneksel bir elektrik sayac\u0131na veya s\u00f6zle\u015fmeli g\u00fc\u00e7 gibi parametrelere eri\u015femez. Bunun yerine, evin anl\u0131k t\u00fcketimini \u00f6l\u00e7en ve evin o anda t\u00fcketti\u011fi enerjiye kar\u015f\u0131l\u0131k gelen enerjiyi \u00fcreten bir inverter kullan\u0131l\u0131r. G\u00fcne\u015f enerjisi fazlas\u0131n\u0131 depolamak i\u00e7in piller de \u00f6nemli bir rol oynamaktad\u0131r, b\u00f6ylece gece kullan\u0131m\u0131 i\u00e7in enerji saklan\u0131r.<br>Bu ba\u011flamdaki ana hedef <strong>elektrikli arac\u0131 g\u00fcne\u015f enerjisi ile \u015farj etmeyi \u00f6nceliklendirmek, m\u00fcmk\u00fcn oldu\u011funca pillerde depolanan enerjiyi kullanmamakt\u0131r<\/strong>.<br>Bu ortamda hem Trydan hem de Trydan Pro <strong>pillerin anl\u0131k g\u00fc\u00e7 okumas\u0131n\u0131 sa\u011flayan bir inverter ile do\u011frudan ba\u011flant\u0131 gerektirir<\/strong> b\u00f6ylece mevcut enerji ve \u015farj ko\u015fullar\u0131 hakk\u0131nda bilgi elde edilebilir. Bu \u015fekilde, evin t\u00fcketimine ve o anda mevcut olan enerjiye ba\u011fl\u0131 olarak elektrikli arac\u0131n \u015farj\u0131nda dinamik bir ayarlama yapmak m\u00fcmk\u00fcn olacakt\u0131r.<br>E\u011fer ev daha fazla enerji t\u00fcketmeye ba\u015flarsa, e-Charger arac\u0131n \u015farj\u0131n\u0131 azalt\u0131r, b\u00f6ylece evin bataryas\u0131n\u0131n bo\u015falmas\u0131n\u0131 \u00f6nler. Tersine, ev daha az enerji t\u00fcketirse, arac\u0131n \u015farj\u0131n\u0131 art\u0131r\u0131r.<\/p><\/div><\/div><\/div>\n<\/div><\/div><\/div><\/div>\n\n\n\n<div style=\"height:30px\" aria-hidden=\"true\" class=\"wp-block-spacer\"><\/div>\n<\/div><\/div>\n\n\n\n<div id=\"personalizar-cdp\" class=\"wp-block-uagb-container uagb-block-0104e12a alignfull uagb-is-root-container\"><div class=\"uagb-container-inner-blocks-wrap\">\n<div class=\"wp-block-uagb-container uagb-block-900c00cc\"><!DOCTYPE html>\n<html lang=\"tr\">\n<head>\n    <meta charset=\"UTF-8\">\n    <meta name=\"viewport\" content=\"width=device-width, initial-scale=1.0\">\n    <title>Sekmeler (Tabs)<\/title>\n    <style>\n        \/* Sekme konteyneri i\u00e7in stiller *\/\n        .tabs-group .tabs {\n    display: flex;\n    justify-content: center;\n    width: 100%;\n}\n\n.tabs-group .tab {\n    width: 50%;\n    text-align: center;\n    padding: 10px 0;\n    border-bottom: 2px solid #ccc;\n    background-color: transparent;\n    transition: border-bottom 0.3s, font-weight 0.3s;\n    cursor: pointer;\n}\n\n.tabs-group .tab.active {\n    border-bottom: 4px solid #000000;\n    font-weight: bold;\n}\n\n.tabs-group .tab-content {\n    display: none;\n    padding: 0px;\n    padding-top: 20px;\n}\n\n.tabs-group .tab-content.active {\n    display: block;\n        }\n    <\/style>\n<\/head>\n<body>\n\n<div class=\"tabs-group\" id=\"group2\">\n    <div class=\"tabs\">\n        <div class=\"tab active\" onclick=\"openTab(event, 'tab1-group2')\"> Trydan \/ Trydan Pro <\/div>\n        <div class=\"tab\" onclick=\"openTab(event, 'tab2-group2')\"> Pole Pro <\/div>\n    <\/div>\n\n    <div id=\"tab1-group2\" class=\"tab-content active\">\n       <p>Fotovoltaik enerjiye sahip olmayan kurulumlarda oldu\u011fu gibi, <strong>g\u00fc\u00e7 kontrol\u00fcn\u00fc ihtiya\u00e7lar\u0131n\u0131za g\u00f6re ayarlayabilirsiniz<\/strong>, Bluetooth veya WiFi (bu ba\u011flant\u0131ya sahipseniz) \u00fczerinden sadece <strong>\u2019\u015earj Profilleri\u2019<\/strong> \u00fczerine t\u0131klayarak.<\/p>\n        <p><strong>G\u00fcc\u00fc saatler baz\u0131nda ayarlamal\u0131 ve her g\u00fc\u00e7 aral\u0131\u011f\u0131 i\u00e7in kullan\u0131lacak enerji modunu se\u00e7melisiniz.<\/strong> Ayr\u0131ca, se\u00e7ilen mod <strong>\u015febeke enerjisi i\u00e7eriyorsa, s\u00f6zle\u015fmeli g\u00fcc\u00fc girmeniz gerekir.<\/strong><\/p>\n        <p><strong>G\u00fc\u00e7 aral\u0131klar\u0131 ile bir \u015farj profilinin \u00f6zelle\u015ftirilmesi, g\u00fc\u00e7 kontrol\u00fc do\u011fru bir \u015fekilde yap\u0131land\u0131r\u0131l\u0131p etkinle\u015ftirildi\u011finde m\u00fcmk\u00fcnd\u00fcr.<\/strong><\/p>\n    <\/div>\n\n    <div id=\"tab2-group2\" class=\"tab-content\">\n        <p>Pole Pro&#8217;nun fotovoltaik enerjiye sahip bir kurulumda g\u00fc\u00e7 kontrol\u00fcn\u00fc ayarlamak i\u00e7in <strong>\u2019\u015farj profili ayarlar\u0131\u2019<\/strong> k\u0131sm\u0131na eri\u015fin, burada g\u00fcc\u00fc saatler baz\u0131nda ve enerji modunu ayarlayabilirsiniz. <strong>\u015eebeke enerjisi kullan\u0131l\u0131yorsa, s\u00f6zle\u015fmeli g\u00fcc\u00fc girmeniz gerekir.<\/strong><\/p>\n        <p> S\u00f6zle\u015fmeli g\u00fcc\u00fcn yan\u0131 s\u0131ra, <strong>faz ba\u015f\u0131na ak\u0131m s\u0131n\u0131r\u0131n\u0131 belirlemek de gereklidir, tek fazl\u0131 veya \u00fc\u00e7 fazl\u0131 olarak, kurulum \u015femas\u0131n\u0131 dikkate alarak.<\/strong><\/p>\n        <p><strong>\u00d6zelle\u015ftirme yaln\u0131zca g\u00fc\u00e7 kontrol\u00fc do\u011fru bir \u015fekilde yap\u0131land\u0131r\u0131l\u0131p etkinle\u015ftirildi\u011finde yap\u0131labilir.<\/strong><\/p>\n    <\/div>\n<\/div>\n\n    <script>\n  function openTab(evt, tabId) {\n    \/\/ Mevcut sekme grubunu bul (en yak\u0131n 'tabs-group' s\u0131n\u0131f\u0131na sahip ebeveyn)\n    const group = evt.currentTarget.closest('.tabs-group');\n\n    \/\/ Bu gruptaki t\u00fcm sekme i\u00e7eriklerini gizle\n    const tabContent = group.querySelectorAll('.tab-content');\n    tabContent.forEach(content => content.classList.remove('active'));\n\n    \/\/ Bu gruptaki t\u00fcm sekmelerden 'active' s\u0131n\u0131f\u0131n\u0131 kald\u0131r\n    const tabs = group.querySelectorAll('.tab');\n    tabs.forEach(tab => tab.classList.remove('active'));\n\n    \/\/ Bu gruptaki se\u00e7ilen sekmenin i\u00e7eri\u011fini g\u00f6ster\n    group.querySelector('#' + tabId).classList.add('active');\n\n    \/\/ Bu gruptaki se\u00e7ilen sekmeye 'active' s\u0131n\u0131f\u0131n\u0131 ekle\n    evt.currentTarget.classList.add('active');\n}\n\n    <\/script>\n\n<\/body>\n<\/html>\n\n<p class=\"has-text-color\" style=\"color:#747474;font-size:14px\">* Bir \u00f6zelle\u015ftirmeyi se\u00e7erken, de\u011fi\u015ftirirken veya silerken, t\u00fcm de\u011fi\u015fikliklerin d\u00fczg\u00fcn bir \u015fekilde kaydedilmesini sa\u011flamak i\u00e7in kaydet butonuna t\u0131klamak \u00e7ok \u00f6nemlidir. <br>** Zaman dilimlerinin tamamen doldurulmas\u0131, g\u00fcn\u00fcn 24 saati ve haftan\u0131n her g\u00fcn\u00fc i\u00e7in zorunludur. Aksi takdirde, \u00f6zelle\u015ftirilmi\u015f ayar kaydedilemeyecektir.<\/p><\/div>\n\n\n\n<div class=\"wp-block-uagb-container uagb-block-7a5b6c37\">\t\t\t\t\t<div\n\t\t\t\t\t\tclass=\"wp-block-uagb-image-gallery uagb-block-c56c59b7     \"\n\t\t\t\t\t\tstyle=\"\"\n\t\t\t\t\t>\n\t\t\t\t\t\t\t\t\t\t\t<div class=\"spectra-image-gallery spectra-image-gallery__layout--carousel\">\n\t\t\t\t\t\t\t\t<div class=\"uagb-slick-carousel uagb-block-c56c59b7\">\n\t\t\t\t\t\t\t\t\t\t\t\t<div class='spectra-image-gallery__media-wrapper' data-spectra-gallery-image-id='262924'>\n\t\t\t\t\t\t\t<div class=\"spectra-image-gallery__media spectra-image-gallery__media--carousel\">\n\t\t\t\t<picture>\n\t\t\t\t\t<source media=\"(min-width: 1024px)\" srcset=\"https:\/\/v2charge.com\/wp-content\/uploads\/2025\/10\/perfiles-carga.png\">\n\t\t\t\t\t<source media=\"(min-width: 768px)\" srcset=\"https:\/\/v2charge.com\/wp-content\/uploads\/2025\/10\/perfiles-carga.png\">\n\t\t\t\t\t<img decoding=\"async\" class=\"spectra-image-gallery__media-thumbnail spectra-image-gallery__media-thumbnail--carousel\" src=\"https:\/\/v2charge.com\/wp-content\/uploads\/2025\/10\/perfiles-carga.png\" alt=\"\" loading=\"lazy\" \/>\n\t\t\t\t<\/picture>\n\t\t\t\t<div class=\"spectra-image-gallery__media-thumbnail-blurrer\"><\/div>\n\t\t\t\t\t\t\t<\/div>\n\t\t\t\t\t\t\t\t<div class=\"spectra-image-gallery__media-thumbnail-caption-wrapper spectra-image-gallery__media-thumbnail-caption-wrapper--bar-outside\">\n\t\t\t\t\t\t\t\t\t\t<div class=\"spectra-image-gallery__media-thumbnail-caption spectra-image-gallery__media-thumbnail-caption--bar-outside\">\n\t\t\t\t\t<strong>PASO 1<br><\/strong>Haz clic en &#8216;Perfiles de carga&#8217;\t\t\t\t<\/div>\n\t\t\t\t\t\t\t\t<\/div>\n\t\t\t\t\t\t\t<\/div>\n\t\t\t\t\t\t<div class='spectra-image-gallery__media-wrapper' data-spectra-gallery-image-id='263017'>\n\t\t\t\t\t\t\t<div class=\"spectra-image-gallery__media spectra-image-gallery__media--carousel\">\n\t\t\t\t<picture>\n\t\t\t\t\t<source media=\"(min-width: 1024px)\" srcset=\"https:\/\/v2charge.com\/wp-content\/uploads\/2025\/10\/agregar-nueva-configuracion.png\">\n\t\t\t\t\t<source media=\"(min-width: 768px)\" srcset=\"https:\/\/v2charge.com\/wp-content\/uploads\/2025\/10\/agregar-nueva-configuracion.png\">\n\t\t\t\t\t<img decoding=\"async\" class=\"spectra-image-gallery__media-thumbnail spectra-image-gallery__media-thumbnail--carousel\" src=\"https:\/\/v2charge.com\/wp-content\/uploads\/2025\/10\/agregar-nueva-configuracion.png\" alt=\"\" loading=\"lazy\" \/>\n\t\t\t\t<\/picture>\n\t\t\t\t<div class=\"spectra-image-gallery__media-thumbnail-blurrer\"><\/div>\n\t\t\t\t\t\t\t<\/div>\n\t\t\t\t\t\t\t\t<div class=\"spectra-image-gallery__media-thumbnail-caption-wrapper spectra-image-gallery__media-thumbnail-caption-wrapper--bar-outside\">\n\t\t\t\t\t\t\t\t\t\t<div class=\"spectra-image-gallery__media-thumbnail-caption spectra-image-gallery__media-thumbnail-caption--bar-outside\">\n\t\t\t\t\t<strong>PASO 2<br><\/strong>Selecciona &#8216;Agregar nueva configuraci\u00f3n&#8217;\t\t\t\t<\/div>\n\t\t\t\t\t\t\t\t<\/div>\n\t\t\t\t\t\t\t<\/div>\n\t\t\t\t\t\t<div class='spectra-image-gallery__media-wrapper' data-spectra-gallery-image-id='263032'>\n\t\t\t\t\t\t\t<div class=\"spectra-image-gallery__media spectra-image-gallery__media--carousel\">\n\t\t\t\t<picture>\n\t\t\t\t\t<source media=\"(min-width: 1024px)\" srcset=\"https:\/\/v2charge.com\/wp-content\/uploads\/2025\/10\/agregar-tramo.png\">\n\t\t\t\t\t<source media=\"(min-width: 768px)\" srcset=\"https:\/\/v2charge.com\/wp-content\/uploads\/2025\/10\/agregar-tramo.png\">\n\t\t\t\t\t<img decoding=\"async\" class=\"spectra-image-gallery__media-thumbnail spectra-image-gallery__media-thumbnail--carousel\" src=\"https:\/\/v2charge.com\/wp-content\/uploads\/2025\/10\/agregar-tramo.png\" alt=\"\" loading=\"lazy\" \/>\n\t\t\t\t<\/picture>\n\t\t\t\t<div class=\"spectra-image-gallery__media-thumbnail-blurrer\"><\/div>\n\t\t\t\t\t\t\t<\/div>\n\t\t\t\t\t\t\t\t<div class=\"spectra-image-gallery__media-thumbnail-caption-wrapper spectra-image-gallery__media-thumbnail-caption-wrapper--bar-outside\">\n\t\t\t\t\t\t\t\t\t\t<div class=\"spectra-image-gallery__media-thumbnail-caption spectra-image-gallery__media-thumbnail-caption--bar-outside\">\n\t\t\t\t\t<strong>PASO 3<br><\/strong>Haz clic en &#8216;Agregar tramo&#8217;\t\t\t\t<\/div>\n\t\t\t\t\t\t\t\t<\/div>\n\t\t\t\t\t\t\t<\/div>\n\t\t\t\t\t\t<div class='spectra-image-gallery__media-wrapper' data-spectra-gallery-image-id='263315'>\n\t\t\t\t\t\t\t<div class=\"spectra-image-gallery__media spectra-image-gallery__media--carousel\">\n\t\t\t\t<picture>\n\t\t\t\t\t<source media=\"(min-width: 1024px)\" srcset=\"https:\/\/v2charge.com\/wp-content\/uploads\/2025\/10\/tipo-fotovoltaica.png\">\n\t\t\t\t\t<source media=\"(min-width: 768px)\" srcset=\"https:\/\/v2charge.com\/wp-content\/uploads\/2025\/10\/tipo-fotovoltaica.png\">\n\t\t\t\t\t<img decoding=\"async\" class=\"spectra-image-gallery__media-thumbnail spectra-image-gallery__media-thumbnail--carousel\" src=\"https:\/\/v2charge.com\/wp-content\/uploads\/2025\/10\/tipo-fotovoltaica.png\" alt=\"\" loading=\"lazy\" \/>\n\t\t\t\t<\/picture>\n\t\t\t\t<div class=\"spectra-image-gallery__media-thumbnail-blurrer\"><\/div>\n\t\t\t\t\t\t\t<\/div>\n\t\t\t\t\t\t\t\t<div class=\"spectra-image-gallery__media-thumbnail-caption-wrapper spectra-image-gallery__media-thumbnail-caption-wrapper--bar-outside\">\n\t\t\t\t\t\t\t\t\t\t<div class=\"spectra-image-gallery__media-thumbnail-caption spectra-image-gallery__media-thumbnail-caption--bar-outside\">\n\t\t\t\t\t<strong>PASO 4<br><\/strong>Selecciona la franja horaria y haz clic en &#8216;Tipo fotovoltaica&#8217;\t\t\t\t<\/div>\n\t\t\t\t\t\t\t\t<\/div>\n\t\t\t\t\t\t\t<\/div>\n\t\t\t\t\t\t<div class='spectra-image-gallery__media-wrapper' data-spectra-gallery-image-id='263293'>\n\t\t\t\t\t\t\t<div class=\"spectra-image-gallery__media spectra-image-gallery__media--carousel\">\n\t\t\t\t<picture>\n\t\t\t\t\t<source media=\"(min-width: 1024px)\" srcset=\"https:\/\/v2charge.com\/wp-content\/uploads\/2025\/10\/modos-fotovoltaica.png\">\n\t\t\t\t\t<source media=\"(min-width: 768px)\" srcset=\"https:\/\/v2charge.com\/wp-content\/uploads\/2025\/10\/modos-fotovoltaica.png\">\n\t\t\t\t\t<img decoding=\"async\" class=\"spectra-image-gallery__media-thumbnail spectra-image-gallery__media-thumbnail--carousel\" src=\"https:\/\/v2charge.com\/wp-content\/uploads\/2025\/10\/modos-fotovoltaica.png\" alt=\"\" loading=\"lazy\" \/>\n\t\t\t\t<\/picture>\n\t\t\t\t<div class=\"spectra-image-gallery__media-thumbnail-blurrer\"><\/div>\n\t\t\t\t\t\t\t<\/div>\n\t\t\t\t\t\t\t\t<div class=\"spectra-image-gallery__media-thumbnail-caption-wrapper spectra-image-gallery__media-thumbnail-caption-wrapper--bar-outside\">\n\t\t\t\t\t\t\t\t\t\t<div class=\"spectra-image-gallery__media-thumbnail-caption spectra-image-gallery__media-thumbnail-caption--bar-outside\">\n\t\t\t\t\t<strong>PASO 5<br><\/strong>Elige el modo de funcionamiento de la energ\u00eda fotovoltaica para la franja horaria indicada\t\t\t\t<\/div>\n\t\t\t\t\t\t\t\t<\/div>\n\t\t\t\t\t\t\t<\/div>\n\t\t\t\t\t\t<div class='spectra-image-gallery__media-wrapper' data-spectra-gallery-image-id='263304'>\n\t\t\t\t\t\t\t<div class=\"spectra-image-gallery__media spectra-image-gallery__media--carousel\">\n\t\t\t\t<picture>\n\t\t\t\t\t<source media=\"(min-width: 1024px)\" srcset=\"https:\/\/v2charge.com\/wp-content\/uploads\/2025\/10\/potencia-contratada-fotovoltaica.png\">\n\t\t\t\t\t<source media=\"(min-width: 768px)\" srcset=\"https:\/\/v2charge.com\/wp-content\/uploads\/2025\/10\/potencia-contratada-fotovoltaica.png\">\n\t\t\t\t\t<img decoding=\"async\" class=\"spectra-image-gallery__media-thumbnail spectra-image-gallery__media-thumbnail--carousel\" src=\"https:\/\/v2charge.com\/wp-content\/uploads\/2025\/10\/potencia-contratada-fotovoltaica.png\" alt=\"\" loading=\"lazy\" \/>\n\t\t\t\t<\/picture>\n\t\t\t\t<div class=\"spectra-image-gallery__media-thumbnail-blurrer\"><\/div>\n\t\t\t\t\t\t\t<\/div>\n\t\t\t\t\t\t\t\t<div class=\"spectra-image-gallery__media-thumbnail-caption-wrapper spectra-image-gallery__media-thumbnail-caption-wrapper--bar-outside\">\n\t\t\t\t\t\t\t\t\t\t<div class=\"spectra-image-gallery__media-thumbnail-caption spectra-image-gallery__media-thumbnail-caption--bar-outside\">\n\t\t\t\t\t<strong>PASO 6<br><\/strong>En caso de seleccionar &#8216;FV + M\u00ednima potencia&#8217; o &#8216;Red + Fotovoltaica&#8217;, debes indicar la potencia contratada en esa franja horaria\t\t\t\t<\/div>\n\t\t\t\t\t\t\t\t<\/div>\n\t\t\t\t\t\t\t<\/div>\n\t\t\t\t\t\t<div class='spectra-image-gallery__media-wrapper' data-spectra-gallery-image-id='263326'>\n\t\t\t\t\t\t\t<div class=\"spectra-image-gallery__media spectra-image-gallery__media--carousel\">\n\t\t\t\t<picture>\n\t\t\t\t\t<source media=\"(min-width: 1024px)\" srcset=\"https:\/\/v2charge.com\/wp-content\/uploads\/2025\/10\/tramo-potencias-fotovoltaica.png\">\n\t\t\t\t\t<source media=\"(min-width: 768px)\" srcset=\"https:\/\/v2charge.com\/wp-content\/uploads\/2025\/10\/tramo-potencias-fotovoltaica.png\">\n\t\t\t\t\t<img decoding=\"async\" class=\"spectra-image-gallery__media-thumbnail spectra-image-gallery__media-thumbnail--carousel\" src=\"https:\/\/v2charge.com\/wp-content\/uploads\/2025\/10\/tramo-potencias-fotovoltaica.png\" alt=\"\" loading=\"lazy\" \/>\n\t\t\t\t<\/picture>\n\t\t\t\t<div class=\"spectra-image-gallery__media-thumbnail-blurrer\"><\/div>\n\t\t\t\t\t\t\t<\/div>\n\t\t\t\t\t\t\t\t<div class=\"spectra-image-gallery__media-thumbnail-caption-wrapper spectra-image-gallery__media-thumbnail-caption-wrapper--bar-outside\">\n\t\t\t\t\t\t\t\t\t\t<div class=\"spectra-image-gallery__media-thumbnail-caption spectra-image-gallery__media-thumbnail-caption--bar-outside\">\n\t\t\t\t\t<strong>PASO 7<br><\/strong>A\u00f1ade los tramos de potencias con su respectivo tipo de fotovoltaica, completando las 24 horas del d\u00eda tanto entre semana como los fines de semana y haz clic en &#8216;Guardar&#8217;\t\t\t\t<\/div>\n\t\t\t\t\t\t\t\t<\/div>\n\t\t\t\t\t\t\t<\/div>\n\t\t\t\t\t\t<div class='spectra-image-gallery__media-wrapper' data-spectra-gallery-image-id='263072'>\n\t\t\t\t\t\t\t<div class=\"spectra-image-gallery__media spectra-image-gallery__media--carousel\">\n\t\t\t\t<picture>\n\t\t\t\t\t<source media=\"(min-width: 1024px)\" srcset=\"https:\/\/v2charge.com\/wp-content\/uploads\/2025\/10\/nombre-perfil-carga.png\">\n\t\t\t\t\t<source media=\"(min-width: 768px)\" srcset=\"https:\/\/v2charge.com\/wp-content\/uploads\/2025\/10\/nombre-perfil-carga.png\">\n\t\t\t\t\t<img decoding=\"async\" class=\"spectra-image-gallery__media-thumbnail spectra-image-gallery__media-thumbnail--carousel\" src=\"https:\/\/v2charge.com\/wp-content\/uploads\/2025\/10\/nombre-perfil-carga.png\" alt=\"\" loading=\"lazy\" \/>\n\t\t\t\t<\/picture>\n\t\t\t\t<div class=\"spectra-image-gallery__media-thumbnail-blurrer\"><\/div>\n\t\t\t\t\t\t\t<\/div>\n\t\t\t\t\t\t\t\t<div class=\"spectra-image-gallery__media-thumbnail-caption-wrapper spectra-image-gallery__media-thumbnail-caption-wrapper--bar-outside\">\n\t\t\t\t\t\t\t\t\t\t<div class=\"spectra-image-gallery__media-thumbnail-caption spectra-image-gallery__media-thumbnail-caption--bar-outside\">\n\t\t\t\t\t<strong>PASO 8<br><\/strong>Indica un nombre al perfil de carga y haz clic en &#8216;Guardar&#8217;\t\t\t\t<\/div>\n\t\t\t\t\t\t\t\t<\/div>\n\t\t\t\t\t\t\t<\/div>\n\t\t\t\t\t\t\t\t\t\t\t<\/div>\n\t\t\t\t\t\t\t<\/div>\n\t\t\t\t\t\t\t\t\t\t\t<\/div>\n\t\t\t\t\t\t\t\t\t<\/div>\n<\/div><\/div>\n\n\n\n<div class=\"wp-block-uagb-separator uagb-block-bed78113\"><div class=\"wp-block-uagb-separator__inner\" style=\"--my-background-image:\"><\/div><\/div>\n\n\n\n<div style=\"height:80px\" aria-hidden=\"true\" class=\"wp-block-spacer\"><\/div>\n\n\n\n<div class=\"wp-block-uagb-container uagb-block-c966ad47 alignfull uagb-is-root-container\"><div class=\"uagb-container-inner-blocks-wrap\">\n<div class=\"wp-block-uagb-container uagb-block-e43d748e\"><h4 class=\"wp-block-heading\"><strong>Dinamik g\u00fc\u00e7 kontrol\u00fcn\u00fc \u00f6zelle\u015ftirin<\/strong><\/h4>\n\n\n<iframe width=\"560\" height=\"315\" src=\"https:\/\/www.youtube.com\/embed\/1rxzOlEBTxo?si=ddsLnkIMu3OQ_wO9&amp;controls=0\" title=\"YouTube video player\" frameborder=\"0\" style=\"border: 1px solid #000; border-radius: 9px; overflow: hidden;\" allow=\"accelerometer; autoplay; clipboard-write; encrypted-media; gyroscope; picture-in-picture; web-share\" allowfullscreen><\/iframe>\n<\/div>\n\n\n\n<div class=\"wp-block-uagb-container uagb-block-afd51994\"><h4 class=\"wp-block-heading\"><strong>Dinamik g\u00fc\u00e7 kontrol\u00fcn\u00fcn yenileme oran\u0131n\u0131 nas\u0131l \u00f6zelle\u015ftirirsiniz?<\/strong><\/h4>\n\n\n<iframe width=\"560\" height=\"315\" src=\"https:\/\/www.youtube.com\/embed\/1HZLo2bgURw?si=-DNFvJp9thqPsNoE&amp;controls=0\" title=\"YouTube video player\" frameborder=\"0\" style=\"border: 1px solid #000; border-radius: 9px; overflow: hidden;\" allow=\"accelerometer; autoplay; clipboard-write; encrypted-media; gyroscope; picture-in-picture; web-share\" allowfullscreen><\/iframe>\n<\/div>\n<\/div><\/div>\n\n\n\n<div style=\"height:80px\" aria-hidden=\"true\" class=\"wp-block-spacer\"><\/div>\n\n\n\n<div class=\"wp-block-uagb-container uagb-block-c6f38013 alignfull uagb-is-root-container\"><div class=\"uagb-container-inner-blocks-wrap\"><div class=\"wp-block-uagb-advanced-heading uagb-block-6963d70c\"><h2 class=\"uagb-heading-text\"><strong>Teknik destek mi gerekiyor?<\/strong><\/h2><\/div>\n\n<div class=\"wp-block-uagb-advanced-heading uagb-block-408243eb\"><p class=\"uagb-heading-text\">Sorununuzu an\u0131nda AI ile Sohbetimiz \u00fczerinden \u00e7\u00f6z\u00fcn. E\u011fer \u00e7\u00f6z\u00fclmezse, Teknik Destek Merkezi&#8217;nde bir talep olu\u015fturun ve en k\u0131sa s\u00fcrede sizinle ileti\u015fime ge\u00e7erek en iyi \u00e7\u00f6z\u00fcm\u00fc sunaca\u011f\u0131z.<\/p><\/div>\n\n<div class=\"wp-block-uagb-info-box uagb-block-12e3cf1c uagb-infobox__content-wrap  uagb-infobox-icon-left uagb-infobox-left uagb-infobox-image-valign-top wp-block-uagb-info-box--has-margin ai-chatbot-button\"><div class=\"uagb-infobox-margin-wrapper\"><div class=\"uagb-ifb-image-content\"><img decoding=\"async\" src=\"https:\/\/v2charge.com\/wp-content\/uploads\/2026\/01\/support-ai-chatbot.png\" alt=\"\" width=\"20\" height=\"19\" loading=\"lazy\"\/><\/div><div class=\"uagb-ifb-content\"><div class=\"uagb-ifb-title-wrap\"><\/div><div class=\"uagb-ifb-button-wrapper wp-block-button\"><a href=\"https:\/\/v2charge.com\/v2c-support-web\/\" class=\"uagb-infobox-cta-link wp-block-button__link\" target=\"_blank\" rel=\"noopener noreferrer\" onclick=\"return true;\"><span class=\"uagb-inline-editing\">Yapay Zeka Sohbetimize Sorun<\/span><\/a><\/div><\/div><\/div><\/div>\n\n\n<div class=\"wp-block-uagb-buttons uagb-buttons__outer-wrap uagb-btn__default-btn uagb-btn-tablet__default-btn uagb-btn-mobile__default-btn uagb-block-ba1e67d1\"><div class=\"uagb-buttons__wrap uagb-buttons-layout-wrap \"><div class=\"wp-block-uagb-buttons-child uagb-buttons__outer-wrap uagb-block-23cfb623 wp-block-button\"><div class=\"uagb-button__wrapper\"><a class=\"uagb-buttons-repeater wp-block-button__link\" aria-label=\"\" href=\"https:\/\/v2charge.atlassian.net\/servicedesk\/customer\/portal\/3\" rel=\"follow noopener\" target=\"_blank\" role=\"button\"><div class=\"uagb-button__link\">Teknik Destek ile \u0130leti\u015fime Ge\u00e7in<\/div><\/a><\/div><\/div><\/div><\/div>\n<\/div><\/div>\n","protected":false},"excerpt":{"rendered":"<p>G\u00fc\u00e7 kontrol\u00fcn\u00fc nas\u0131l \u00f6zelle\u015ftirirsiniz? A\u015fa\u011f\u0131da, g\u00fc\u00e7 kontrol\u00fcn\u00fc etkili bir \u015fekilde \u00f6zelle\u015ftirmek ve optimum performans sa\u011flamak i\u00e7in kapsaml\u0131 bir rehber sunuyoruz. Bu, \u00f6zg\u00fcn ihtiya\u00e7lar\u0131n\u0131za, tarifelere, kurulum t\u00fcr\u00fcne ve ya\u015fam tarz\u0131n\u0131za uygun hale getirmeniz gereken bir rehberdir. G\u00fc\u00e7 kontrol\u00fcn\u00fc nas\u0131l \u00f6zelle\u015ftirece\u011finizden daha \u00f6nemli olan, nedenini anlamakt\u0131r: \u00f6zelle\u015ftirmenin sundu\u011fu t\u00fcm avantajlardan yararlanmak, enerji t\u00fcketiminde \u00f6nemli tasarruflar sa\u011flamak ve &#8230; <a title=\"G\u00fc\u00e7 kontrol\u00fcn\u00fc \u00f6zelle\u015ftirin\" class=\"read-more\" href=\"https:\/\/v2charge.com\/tr\/destek-alani\/guc-kontrolu\/kisisellestirme\/\" aria-label=\"Read more about G\u00fc\u00e7 kontrol\u00fcn\u00fc \u00f6zelle\u015ftirin\">Devam\u0131n\u0131 oku<\/a><\/p>\n","protected":false},"author":400,"featured_media":170355,"parent":192211,"menu_order":0,"comment_status":"closed","ping_status":"closed","template":"","meta":{"_eb_attr":"","content-type":"","_uag_custom_page_level_css":"","footnotes":""},"class_list":["post-193002","page","type-page","status-publish","has-post-thumbnail"],"yoast_head":"<!-- This site is optimized with the Yoast SEO plugin v25.3.1 - https:\/\/yoast.com\/wordpress\/plugins\/seo\/ -->\n<title>G\u00fc\u00e7 Kontrol\u00fcn\u00fc Nas\u0131l \u00d6zelle\u015ftirirsiniz? - V2C<\/title>\n<meta name=\"description\" content=\"G\u00fc\u00e7 kontrol\u00fcn\u00fc yap\u0131land\u0131rmak i\u00e7in Ad\u0131m Ad\u0131m Rehber | V2C Cloud \u00fczerinden \u015farj profillerini \u00f6zelle\u015ftirin\" \/>\n<meta name=\"robots\" content=\"index, follow, max-snippet:-1, max-image-preview:large, max-video-preview:-1\" \/>\n<link rel=\"canonical\" href=\"https:\/\/v2charge.com\/tr\/destek-alani\/guc-kontrolu\/kisisellestirme\/\" \/>\n<meta property=\"og:locale\" content=\"tr_TR\" \/>\n<meta property=\"og:type\" content=\"article\" \/>\n<meta property=\"og:title\" content=\"G\u00fc\u00e7 Kontrol\u00fcn\u00fc Nas\u0131l \u00d6zelle\u015ftirirsiniz? - V2C\" \/>\n<meta property=\"og:description\" content=\"G\u00fc\u00e7 kontrol\u00fcn\u00fc yap\u0131land\u0131rmak i\u00e7in Ad\u0131m Ad\u0131m Rehber | V2C Cloud \u00fczerinden \u015farj profillerini \u00f6zelle\u015ftirin\" \/>\n<meta property=\"og:url\" content=\"https:\/\/v2charge.com\/tr\/destek-alani\/guc-kontrolu\/kisisellestirme\/\" \/>\n<meta property=\"og:site_name\" content=\"V2C\" \/>\n<meta property=\"article:publisher\" content=\"https:\/\/www.facebook.com\/V2C.Charge\" \/>\n<meta property=\"article:modified_time\" content=\"2026-04-17T18:50:20+00:00\" \/>\n<meta property=\"og:image\" content=\"https:\/\/v2charge.com\/wp-content\/uploads\/2024\/07\/v2c-electric-chargers.jpg\" \/>\n\t<meta property=\"og:image:width\" content=\"1200\" \/>\n\t<meta property=\"og:image:height\" content=\"675\" \/>\n\t<meta property=\"og:image:type\" content=\"image\/jpeg\" \/>\n<meta name=\"twitter:card\" content=\"summary_large_image\" \/>\n<meta name=\"twitter:site\" content=\"@V2C_Charge\" \/>\n<meta name=\"twitter:label1\" content=\"Tahmini okuma s\u00fcresi\" \/>\n\t<meta name=\"twitter:data1\" content=\"9 dakika\" \/>\n<script type=\"application\/ld+json\" class=\"yoast-schema-graph\">{\"@context\":\"https:\/\/schema.org\",\"@graph\":[{\"@type\":\"WebPage\",\"@id\":\"https:\/\/v2charge.com\/tr\/destek-alani\/guc-kontrolu\/kisisellestirme\/\",\"url\":\"https:\/\/v2charge.com\/tr\/destek-alani\/guc-kontrolu\/kisisellestirme\/\",\"name\":\"G\u00fc\u00e7 Kontrol\u00fcn\u00fc Nas\u0131l \u00d6zelle\u015ftirirsiniz? - V2C\",\"isPartOf\":{\"@id\":\"https:\/\/v2charge.com\/tr\/#website\"},\"primaryImageOfPage\":{\"@id\":\"https:\/\/v2charge.com\/tr\/destek-alani\/guc-kontrolu\/kisisellestirme\/#primaryimage\"},\"image\":{\"@id\":\"https:\/\/v2charge.com\/tr\/destek-alani\/guc-kontrolu\/kisisellestirme\/#primaryimage\"},\"thumbnailUrl\":\"https:\/\/v2charge.com\/wp-content\/uploads\/2024\/07\/v2c-electric-chargers.jpg\",\"datePublished\":\"2024-12-02T10:50:15+00:00\",\"dateModified\":\"2026-04-17T18:50:20+00:00\",\"description\":\"G\u00fc\u00e7 kontrol\u00fcn\u00fc yap\u0131land\u0131rmak i\u00e7in Ad\u0131m Ad\u0131m Rehber | V2C Cloud \u00fczerinden \u015farj profillerini \u00f6zelle\u015ftirin\",\"breadcrumb\":{\"@id\":\"https:\/\/v2charge.com\/tr\/destek-alani\/guc-kontrolu\/kisisellestirme\/#breadcrumb\"},\"inLanguage\":\"tr\",\"potentialAction\":[{\"@type\":\"ReadAction\",\"target\":[\"https:\/\/v2charge.com\/tr\/destek-alani\/guc-kontrolu\/kisisellestirme\/\"]}]},{\"@type\":\"ImageObject\",\"inLanguage\":\"tr\",\"@id\":\"https:\/\/v2charge.com\/tr\/destek-alani\/guc-kontrolu\/kisisellestirme\/#primaryimage\",\"url\":\"https:\/\/v2charge.com\/wp-content\/uploads\/2024\/07\/v2c-electric-chargers.jpg\",\"contentUrl\":\"https:\/\/v2charge.com\/wp-content\/uploads\/2024\/07\/v2c-electric-chargers.jpg\",\"width\":1200,\"height\":675,\"caption\":\"V2C Electric Chargers\"},{\"@type\":\"BreadcrumbList\",\"@id\":\"https:\/\/v2charge.com\/tr\/destek-alani\/guc-kontrolu\/kisisellestirme\/#breadcrumb\",\"itemListElement\":[{\"@type\":\"ListItem\",\"position\":1,\"name\":\"V2C\",\"item\":\"https:\/\/v2charge.com\/tr\/\"},{\"@type\":\"ListItem\",\"position\":2,\"name\":\"Destek Alan\u0131.\",\"item\":\"https:\/\/v2charge.com\/tr\/destek-alani\/\"},{\"@type\":\"ListItem\",\"position\":3,\"name\":\"G\u00fc\u00e7 kontrol\u00fc\",\"item\":\"https:\/\/v2charge.com\/tr\/destek-alani\/guc-kontrolu\/\"},{\"@type\":\"ListItem\",\"position\":4,\"name\":\"Personalizar control de potencia\"}]},{\"@type\":\"WebSite\",\"@id\":\"https:\/\/v2charge.com\/tr\/#website\",\"url\":\"https:\/\/v2charge.com\/tr\/\",\"name\":\"V2C\",\"description\":\"#CargandoElMa\u00f1ana\",\"publisher\":{\"@id\":\"https:\/\/v2charge.com\/tr\/#organization\"},\"potentialAction\":[{\"@type\":\"SearchAction\",\"target\":{\"@type\":\"EntryPoint\",\"urlTemplate\":\"https:\/\/v2charge.com\/tr\/?s={search_term_string}\"},\"query-input\":{\"@type\":\"PropertyValueSpecification\",\"valueRequired\":true,\"valueName\":\"search_term_string\"}}],\"inLanguage\":\"tr\"},{\"@type\":\"Organization\",\"@id\":\"https:\/\/v2charge.com\/tr\/#organization\",\"name\":\"V2C\",\"url\":\"https:\/\/v2charge.com\/tr\/\",\"logo\":{\"@type\":\"ImageObject\",\"inLanguage\":\"tr\",\"@id\":\"https:\/\/v2charge.com\/tr\/#\/schema\/logo\/image\/\",\"url\":\"https:\/\/v2charge.com\/wp-content\/uploads\/2024\/11\/cropped-v2c-charge-logo-menu.png\",\"contentUrl\":\"https:\/\/v2charge.com\/wp-content\/uploads\/2024\/11\/cropped-v2c-charge-logo-menu.png\",\"width\":984,\"height\":431,\"caption\":\"V2C\"},\"image\":{\"@id\":\"https:\/\/v2charge.com\/tr\/#\/schema\/logo\/image\/\"},\"sameAs\":[\"https:\/\/www.facebook.com\/V2C.Charge\",\"https:\/\/x.com\/V2C_Charge\",\"https:\/\/www.instagram.com\/v2c.charge\/\",\"https:\/\/www.youtube.com\/@V2C\",\"https:\/\/www.linkedin.com\/company\/v2c-chargers\/\"]}]}<\/script>\n<!-- \/ Yoast SEO plugin. -->","yoast_head_json":{"title":"G\u00fc\u00e7 Kontrol\u00fcn\u00fc Nas\u0131l \u00d6zelle\u015ftirirsiniz? - V2C","description":"G\u00fc\u00e7 kontrol\u00fcn\u00fc yap\u0131land\u0131rmak i\u00e7in Ad\u0131m Ad\u0131m Rehber | V2C Cloud \u00fczerinden \u015farj profillerini \u00f6zelle\u015ftirin","robots":{"index":"index","follow":"follow","max-snippet":"max-snippet:-1","max-image-preview":"max-image-preview:large","max-video-preview":"max-video-preview:-1"},"canonical":"https:\/\/v2charge.com\/tr\/destek-alani\/guc-kontrolu\/kisisellestirme\/","og_locale":"tr_TR","og_type":"article","og_title":"G\u00fc\u00e7 Kontrol\u00fcn\u00fc Nas\u0131l \u00d6zelle\u015ftirirsiniz? - V2C","og_description":"G\u00fc\u00e7 kontrol\u00fcn\u00fc yap\u0131land\u0131rmak i\u00e7in Ad\u0131m Ad\u0131m Rehber | V2C Cloud \u00fczerinden \u015farj profillerini \u00f6zelle\u015ftirin","og_url":"https:\/\/v2charge.com\/tr\/destek-alani\/guc-kontrolu\/kisisellestirme\/","og_site_name":"V2C","article_publisher":"https:\/\/www.facebook.com\/V2C.Charge","article_modified_time":"2026-04-17T18:50:20+00:00","og_image":[{"width":1200,"height":675,"url":"https:\/\/v2charge.com\/wp-content\/uploads\/2024\/07\/v2c-electric-chargers.jpg","type":"image\/jpeg"}],"twitter_card":"summary_large_image","twitter_site":"@V2C_Charge","twitter_misc":{"Tahmini okuma s\u00fcresi":"9 dakika"},"schema":{"@context":"https:\/\/schema.org","@graph":[{"@type":"WebPage","@id":"https:\/\/v2charge.com\/tr\/destek-alani\/guc-kontrolu\/kisisellestirme\/","url":"https:\/\/v2charge.com\/tr\/destek-alani\/guc-kontrolu\/kisisellestirme\/","name":"G\u00fc\u00e7 Kontrol\u00fcn\u00fc Nas\u0131l \u00d6zelle\u015ftirirsiniz? - V2C","isPartOf":{"@id":"https:\/\/v2charge.com\/tr\/#website"},"primaryImageOfPage":{"@id":"https:\/\/v2charge.com\/tr\/destek-alani\/guc-kontrolu\/kisisellestirme\/#primaryimage"},"image":{"@id":"https:\/\/v2charge.com\/tr\/destek-alani\/guc-kontrolu\/kisisellestirme\/#primaryimage"},"thumbnailUrl":"https:\/\/v2charge.com\/wp-content\/uploads\/2024\/07\/v2c-electric-chargers.jpg","datePublished":"2024-12-02T10:50:15+00:00","dateModified":"2026-04-17T18:50:20+00:00","description":"G\u00fc\u00e7 kontrol\u00fcn\u00fc yap\u0131land\u0131rmak i\u00e7in Ad\u0131m Ad\u0131m Rehber | V2C Cloud \u00fczerinden \u015farj profillerini \u00f6zelle\u015ftirin","breadcrumb":{"@id":"https:\/\/v2charge.com\/tr\/destek-alani\/guc-kontrolu\/kisisellestirme\/#breadcrumb"},"inLanguage":"tr","potentialAction":[{"@type":"ReadAction","target":["https:\/\/v2charge.com\/tr\/destek-alani\/guc-kontrolu\/kisisellestirme\/"]}]},{"@type":"ImageObject","inLanguage":"tr","@id":"https:\/\/v2charge.com\/tr\/destek-alani\/guc-kontrolu\/kisisellestirme\/#primaryimage","url":"https:\/\/v2charge.com\/wp-content\/uploads\/2024\/07\/v2c-electric-chargers.jpg","contentUrl":"https:\/\/v2charge.com\/wp-content\/uploads\/2024\/07\/v2c-electric-chargers.jpg","width":1200,"height":675,"caption":"V2C Electric Chargers"},{"@type":"BreadcrumbList","@id":"https:\/\/v2charge.com\/tr\/destek-alani\/guc-kontrolu\/kisisellestirme\/#breadcrumb","itemListElement":[{"@type":"ListItem","position":1,"name":"V2C","item":"https:\/\/v2charge.com\/tr\/"},{"@type":"ListItem","position":2,"name":"Destek Alan\u0131.","item":"https:\/\/v2charge.com\/tr\/destek-alani\/"},{"@type":"ListItem","position":3,"name":"G\u00fc\u00e7 kontrol\u00fc","item":"https:\/\/v2charge.com\/tr\/destek-alani\/guc-kontrolu\/"},{"@type":"ListItem","position":4,"name":"Personalizar control de potencia"}]},{"@type":"WebSite","@id":"https:\/\/v2charge.com\/tr\/#website","url":"https:\/\/v2charge.com\/tr\/","name":"V2C","description":"#CargandoElMa\u00f1ana","publisher":{"@id":"https:\/\/v2charge.com\/tr\/#organization"},"potentialAction":[{"@type":"SearchAction","target":{"@type":"EntryPoint","urlTemplate":"https:\/\/v2charge.com\/tr\/?s={search_term_string}"},"query-input":{"@type":"PropertyValueSpecification","valueRequired":true,"valueName":"search_term_string"}}],"inLanguage":"tr"},{"@type":"Organization","@id":"https:\/\/v2charge.com\/tr\/#organization","name":"V2C","url":"https:\/\/v2charge.com\/tr\/","logo":{"@type":"ImageObject","inLanguage":"tr","@id":"https:\/\/v2charge.com\/tr\/#\/schema\/logo\/image\/","url":"https:\/\/v2charge.com\/wp-content\/uploads\/2024\/11\/cropped-v2c-charge-logo-menu.png","contentUrl":"https:\/\/v2charge.com\/wp-content\/uploads\/2024\/11\/cropped-v2c-charge-logo-menu.png","width":984,"height":431,"caption":"V2C"},"image":{"@id":"https:\/\/v2charge.com\/tr\/#\/schema\/logo\/image\/"},"sameAs":["https:\/\/www.facebook.com\/V2C.Charge","https:\/\/x.com\/V2C_Charge","https:\/\/www.instagram.com\/v2c.charge\/","https:\/\/www.youtube.com\/@V2C","https:\/\/www.linkedin.com\/company\/v2c-chargers\/"]}]}},"uagb_featured_image_src":{"full":["https:\/\/v2charge.com\/wp-content\/uploads\/2024\/07\/v2c-electric-chargers.jpg",1200,675,false],"thumbnail":["https:\/\/v2charge.com\/wp-content\/uploads\/2024\/07\/v2c-electric-chargers-150x150.jpg",150,150,true],"medium":["https:\/\/v2charge.com\/wp-content\/uploads\/2024\/07\/v2c-electric-chargers-300x169.jpg",300,169,true],"medium_large":["https:\/\/v2charge.com\/wp-content\/uploads\/2024\/07\/v2c-electric-chargers-768x432.jpg",768,432,true],"large":["https:\/\/v2charge.com\/wp-content\/uploads\/2024\/07\/v2c-electric-chargers-1024x576.jpg",1024,576,true],"gs-tiny":["https:\/\/v2charge.com\/wp-content\/uploads\/2024\/07\/v2c-electric-chargers.jpg",50,28,false],"xl":["https:\/\/v2charge.com\/wp-content\/uploads\/2024\/07\/v2c-electric-chargers.jpg",1200,675,false],"xxl":["https:\/\/v2charge.com\/wp-content\/uploads\/2024\/07\/v2c-electric-chargers.jpg",1200,675,false],"xxxl":["https:\/\/v2charge.com\/wp-content\/uploads\/2024\/07\/v2c-electric-chargers.jpg",1200,675,false],"xxxxl":["https:\/\/v2charge.com\/wp-content\/uploads\/2024\/07\/v2c-electric-chargers.jpg",1200,675,false],"xxxxxl":["https:\/\/v2charge.com\/wp-content\/uploads\/2024\/07\/v2c-electric-chargers.jpg",1200,675,false],"1536x1536":["https:\/\/v2charge.com\/wp-content\/uploads\/2024\/07\/v2c-electric-chargers.jpg",1200,675,false],"2048x2048":["https:\/\/v2charge.com\/wp-content\/uploads\/2024\/07\/v2c-electric-chargers.jpg",1200,675,false]},"uagb_author_info":{"display_name":"V2C","author_link":"https:\/\/v2charge.com\/tr\/author\/marketing\/"},"uagb_comment_info":0,"uagb_excerpt":"G\u00fc\u00e7 kontrol\u00fcn\u00fc nas\u0131l \u00f6zelle\u015ftirirsiniz? A\u015fa\u011f\u0131da, g\u00fc\u00e7 kontrol\u00fcn\u00fc etkili bir \u015fekilde \u00f6zelle\u015ftirmek ve optimum performans sa\u011flamak i\u00e7in kapsaml\u0131 bir rehber sunuyoruz. Bu, \u00f6zg\u00fcn ihtiya\u00e7lar\u0131n\u0131za, tarifelere, kurulum t\u00fcr\u00fcne ve ya\u015fam tarz\u0131n\u0131za uygun hale getirmeniz gereken bir rehberdir. G\u00fc\u00e7 kontrol\u00fcn\u00fc nas\u0131l \u00f6zelle\u015ftirece\u011finizden daha \u00f6nemli olan, nedenini anlamakt\u0131r: \u00f6zelle\u015ftirmenin sundu\u011fu t\u00fcm avantajlardan yararlanmak, enerji t\u00fcketiminde \u00f6nemli tasarruflar sa\u011flamak ve&hellip;","_links":{"self":[{"href":"https:\/\/v2charge.com\/tr\/wp-json\/wp\/v2\/pages\/193002","targetHints":{"allow":["GET"]}}],"collection":[{"href":"https:\/\/v2charge.com\/tr\/wp-json\/wp\/v2\/pages"}],"about":[{"href":"https:\/\/v2charge.com\/tr\/wp-json\/wp\/v2\/types\/page"}],"author":[{"embeddable":true,"href":"https:\/\/v2charge.com\/tr\/wp-json\/wp\/v2\/users\/400"}],"replies":[{"embeddable":true,"href":"https:\/\/v2charge.com\/tr\/wp-json\/wp\/v2\/comments?post=193002"}],"version-history":[{"count":5,"href":"https:\/\/v2charge.com\/tr\/wp-json\/wp\/v2\/pages\/193002\/revisions"}],"predecessor-version":[{"id":193027,"href":"https:\/\/v2charge.com\/tr\/wp-json\/wp\/v2\/pages\/193002\/revisions\/193027"}],"up":[{"embeddable":true,"href":"https:\/\/v2charge.com\/tr\/wp-json\/wp\/v2\/pages\/192211"}],"wp:featuredmedia":[{"embeddable":true,"href":"https:\/\/v2charge.com\/tr\/wp-json\/wp\/v2\/media\/170355"}],"wp:attachment":[{"href":"https:\/\/v2charge.com\/tr\/wp-json\/wp\/v2\/media?parent=193002"}],"curies":[{"name":"wp","href":"https:\/\/api.w.org\/{rel}","templated":true}]}}