{"id":314162,"date":"2022-01-26T07:41:19","date_gmt":"2022-01-26T07:41:19","guid":{"rendered":""},"modified":"2023-07-19T07:12:59","modified_gmt":"2023-07-19T07:12:59","slug":"guc-dinamik-kontrolu-kurulumu-trydan","status":"publish","type":"page","link":"https:\/\/v2charge.com\/tr\/guc-dinamik-kontrolu-kurulumu-trydan\/","title":{"rendered":"G\u00fc\u00e7 Dinamik Kontrol\u00fc Kurulumu &#8211; Trydan"},"content":{"rendered":"<p><strong>Dinamik g\u00fc\u00e7 kontrol\u00fc<\/strong>, e-Charger&#8217;\u0131n g\u00fcc\u00fcn\u00fc evin kalan g\u00fcc\u00fcyle dengelemeye veya fotovoltaik entegrasyonu sa\u011flamaya olanak tan\u0131yan cihazd\u0131r.<\/p>\n<p>Bu cihaz, bundan sonra <strong><em>&#8220;K\u00f6le&#8221; veya &#8220;\u00d6l\u00e7er&#8221;<\/em><\/strong> olarak adland\u0131r\u0131lacak ve bu t\u00fcketimlerin \u00f6l\u00e7\u00fclmesini sa\u011flayarak <strong><em>e-Charger<\/em><\/strong>&#8216;\u0131n talep edilen g\u00fcc\u00fc (veya yenilenebilir enerji katk\u0131s\u0131 durumunda \u00fcretilen enerjiyi) ger\u00e7ek zamanl\u0131 olarak bilmesini sa\u011flayacak, b\u00f6ylece algoritmas\u0131 arac\u0131l\u0131\u011f\u0131yla bunu kendi yarar\u0131na kullanabilecektir.<\/p>\n<p><strong>Trydan<\/strong> e-Charger ile birlikte dinamik \u015farj kontrol\u00fc (\u015fu anda V2C 2.0 versiyonu sat\u0131lmaktad\u0131r) dahil edilmektedir. Bu \u00f6l\u00e7er, \u00fc\u00e7 fazl\u0131 kurulumlar i\u00e7in alt\u0131 <strong>ampermetre kelep\u00e7esi<\/strong> kullan\u0131lmas\u0131na olanak tan\u0131r; genel t\u00fcketimin \u00f6l\u00e7\u00fcm\u00fc i\u00e7in \u00fc\u00e7 kelep\u00e7e ve fotovoltaik t\u00fcketim i\u00e7in di\u011fer \u00fc\u00e7 kelep\u00e7e.<\/p>\n<p><strong>e-Charger&#8217;\u0131n<\/strong> s\u00fcrekli geli\u015fimi ve ilerlemeleri sayesinde, art\u0131k piyasada en \u00e7ok talep g\u00f6ren baz\u0131 inverterlerle kablosuz ba\u011flant\u0131lar kurmak m\u00fcmk\u00fcnd\u00fcr. Hangi inverterlerin oldu\u011funu kontrol etmek i\u00e7in <a href=\"https:\/\/docs.google.com\/spreadsheets\/d\/1OciiGF5d90nbA2Aj95jAL4Xosbvhq52plvcoqeLzW-o\/edit\" target=\"_blank\" rel=\"noreferrer noopener\">g\u00fcncellenmi\u015f listeye<\/a> g\u00f6z atabilirsiniz. Ayr\u0131ca, destek <strong><a href=\"https:\/\/v2charge.com\/tr\/trydan\/soporte\/\" target=\"_blank\" rel=\"noreferrer noopener\">fotovoltaik b\u00f6l\u00fcm\u00fc<\/a><\/strong>&#8216;nde ad\u0131m ad\u0131m a\u00e7\u0131klamalar\u0131n bulundu\u011fu baz\u0131 k\u0131lavuzlar mevcuttur.<\/p>\n<h2>K\u00f6le ile e-Charger aras\u0131ndaki ileti\u015fim nas\u0131l ger\u00e7ekle\u015fir?<\/h2>\n<p><strong>\u0130leti\u015fim, her iki tarafta RJ45 konnekt\u00f6r\u00fc ile paralel olarak krimp edilen 8 telli bir veri kablosu arac\u0131l\u0131\u011f\u0131yla ger\u00e7ekle\u015ftirilir.<\/strong> K\u00f6lelerin beslemeye ihtiyac\u0131 yoktur. K\u00f6le, do\u011fru bir \u015fekilde ba\u011fland\u0131\u011f\u0131n\u0131 g\u00f6steren bir LED&#8217;e sahiptir. Hem k\u00f6le hem de e-Charger, ilgili RJ45 giri\u015fine sahiptir. Cihaz, kablo elektrik tesisat\u0131n\u0131n yan\u0131nda giderse parazitlenme yapmaz, ancak Kategori 6 \u00f6nerilmektedir.<\/p>\n<p><img decoding=\"async\" src=\"https:\/\/v2charge.com\/wp-content\/uploads\/2023\/01\/RJ45-Esquema-de-conexiones.png\" alt=\"Medidor V2C 1.0 ve 2.0 RJ45\" class=\"wp-image-92301\" width=\"395\" height=\"284\" srcset=\"https:\/\/v2charge.com\/wp-content\/uploads\/2023\/01\/RJ45-Esquema-de-conexiones.png 485w, https:\/\/v2charge.com\/wp-content\/uploads\/2023\/01\/RJ45-Esquema-de-conexiones-300x215.png 300w\" sizes=\"(max-width: 395px) 100vw, 395px\" \/><\/p>\n<p>RJ45, e-Charger&#8217;dan ana panelde bulunan V2C 2.0 k\u00f6leye ileti\u015fim UTP kablosunu yerle\u015ftirir. UTP kablosunun ba\u011flant\u0131s\u0131, Do\u011frudan Ba\u011flant\u0131 i\u00e7in 568A veya 568B standartlar\u0131na uymal\u0131d\u0131r. NOT: \u015earj noktas\u0131 ve inverter, evin ana paneline ba\u011fl\u0131 olmal\u0131d\u0131r.<\/p>\n<div style=\"height:50px\" aria-hidden=\"true\" class=\"wp-block-spacer\"><\/div>\n<hr class=\"wp-block-separator has-alpha-channel-opacity\">\n<div style=\"height:50px\" aria-hidden=\"true\" class=\"wp-block-spacer\"><\/div>\n<h2>K\u00f6le V2C 2.0<\/h2>\n<p><img decoding=\"async\" src=\"https:\/\/v2charge.com\/wp-content\/uploads\/2023\/01\/medidor-v2c-2-0-v2charge.png\" alt=\"Medidor V2C 2.0\" class=\"wp-image-92317\" width=\"598\" height=\"429\" srcset=\"https:\/\/v2charge.com\/wp-content\/uploads\/2023\/01\/medidor-v2c-2-0-v2charge.png 485w, https:\/\/v2charge.com\/wp-content\/uploads\/2023\/01\/medidor-v2c-2-0-v2charge-300x215.png 300w\" sizes=\"(max-width: 598px) 100vw, 598px\" \/><\/p>\n<p><strong>K\u00f6le V2C 2.0<\/strong>, \u015fu ana kadar en geli\u015fmi\u015f ve en \u00e7ok kullan\u0131lan versiyondur. V2C 1.0&#8217;dan daha k\u00fc\u00e7\u00fck boyutlara sahiptir ancak<strong> performans\u0131 art\u0131rmaktad\u0131r<\/strong> \u00e7\u00fcnk\u00fc alt\u0131 kanal okuma sunmakta ve ak\u0131m y\u00f6n\u00fcn\u00fc kontrol etmektedir.<\/p>\n<h3>V2C 2.0 \u00f6l\u00e7erin kurulumu nas\u0131l yap\u0131l\u0131r?<\/h3>\n<p>Daha \u00f6nce belirtildi\u011fi gibi, V2C 2.0 \u00f6l\u00e7erin alt\u0131 portu a\u015fa\u011f\u0131daki kriterlere g\u00f6re ba\u011flanmal\u0131d\u0131r.<\/p>\n<p><img decoding=\"async\" src=\"https:\/\/v2charge.com\/wp-content\/uploads\/2023\/01\/tabla-conexiones-medidor-v2c-2-0-03.png\" alt=\"V2C 2.0 \u00d6l\u00e7er Ba\u011flant\u0131 S\u0131n\u0131fland\u0131rmas\u0131\" class=\"wp-image-92285\" width=\"604\" height=\"433\" srcset=\"https:\/\/v2charge.com\/wp-content\/uploads\/2023\/01\/tabla-conexiones-medidor-v2c-2-0-03.png 485w, https:\/\/v2charge.com\/wp-content\/uploads\/2023\/01\/tabla-conexiones-medidor-v2c-2-0-03-300x215.png 300w\" sizes=\"(max-width: 604px) 100vw, 604px\" \/><\/p>\n<p>Bir taraftan<strong>, P1, P2 ve P3<\/strong>, her faz i\u00e7in koruma kutusunda ilgili ampermetre kelep\u00e7elerinin yerle\u015ftirilmesi i\u00e7in kullan\u0131lacakt\u0131r. Her zaman ak\u0131m y\u00f6n\u00fcne g\u00f6re yerle\u015ftirilmelidir.<\/p>\n<blockquote class=\"wp-block-quote\"><p><strong><em> NOT: Ampermetre kelep\u00e7eleri hi\u00e7bir ko\u015fulda de\u011fi\u015ftirilmemelidir.<\/em><\/strong><\/p><\/blockquote>\n<p>Di\u011fer taraftan, <strong>P4, P5 ve P6<\/strong>, fotovoltaik faz\u0131 \u00f6l\u00e7mek i\u00e7in s\u0131ras\u0131yla yerle\u015ftirilecek ampermetre kelep\u00e7eleri i\u00e7in kullan\u0131lmaktad\u0131r. Her zaman ak\u0131m y\u00f6n\u00fcne g\u00f6re yerle\u015ftirilmelidir.<\/p>\n<blockquote class=\"wp-block-quote\"><p><strong><em> NOT: Kurulumun nas\u0131l yap\u0131laca\u011f\u0131 konusunda \u015f\u00fcpheleriniz varsa, farkl\u0131 <a href=\"https:\/\/drive.google.com\/file\/d\/1ZsZVF-apWJRWDooyMyzvWH_rKYETGttH\/view\" target=\"_blank\" rel=\"noreferrer noopener\">ge\u00e7erli \u015femalar<\/a> hakk\u0131nda bilgi almak i\u00e7in dan\u0131\u015f\u0131n.<\/em><\/strong><\/p><\/blockquote>\n<div style=\"height:50px\" aria-hidden=\"true\" class=\"wp-block-spacer\"><\/div>\n<hr class=\"wp-block-separator has-alpha-channel-opacity\">\n<div style=\"height:50px\" aria-hidden=\"true\" class=\"wp-block-spacer\"><\/div>\n<h2>K\u00f6le V2C 1.0<\/h2>\n<p><img decoding=\"async\" src=\"https:\/\/v2charge.com\/wp-content\/uploads\/2023\/01\/medidor-v2c-1-0-v2charge.png\" alt=\"Medidor V2C 1.0\" class=\"wp-image-92309\" width=\"553\" height=\"397\" srcset=\"https:\/\/v2charge.com\/wp-content\/uploads\/2023\/01\/medidor-v2c-1-0-v2charge.png 485w, https:\/\/v2charge.com\/wp-content\/uploads\/2023\/01\/medidor-v2c-1-0-v2charge-300x215.png 300w\" sizes=\"(max-width: 553px) 100vw, 553px\" \/><\/p>\n<p>K\u00f6le V2C 1.0, mevcut \u00f6l\u00e7erlerin en eski versiyonudur. \u015eu anda en \u00e7ok kullan\u0131lan\u0131 V2C 2.0&#8217;d\u0131r, ancak baz\u0131 kurulumlarda bu versiyonla kar\u015f\u0131la\u015fma durumu olabilir.<\/p>\n<h3>V2C 1.0 \u00f6l\u00e7erin kurulumu nas\u0131l yap\u0131l\u0131r?<\/h3>\n<p>Bu k\u00f6le yaln\u0131zca monofazl\u0131 kurulumlar veya monofazl\u0131 FV ile monofazl\u0131 \u015farj cihaz\u0131 kurulumlar\u0131 i\u00e7in uygundur, \u00e7\u00fcnk\u00fc maksimum 3 ampermetre kelep\u00e7esi giri\u015fi sa\u011flar.<\/p>\n<p><img decoding=\"async\" src=\"https:\/\/v2charge.com\/wp-content\/uploads\/2023\/01\/conexiones-pines-conector-v2c-1.0-03.png\" alt=\"V2C 1.0 Kurulum Ba\u011flant\u0131lar\u0131\" class=\"wp-image-92335\" width=\"673\" height=\"483\" srcset=\"https:\/\/v2charge.com\/wp-content\/uploads\/2023\/01\/conexiones-pines-conector-v2c-1.0-03.png 485w, https:\/\/v2charge.com\/wp-content\/uploads\/2023\/01\/conexiones-pines-conector-v2c-1.0-03-300x215.png 300w\" sizes=\"(max-width: 673px) 100vw, 673px\" \/><\/p>\n<p>Monofazl\u0131 kurulumlar i\u00e7in, toroidal (kelep\u00e7e) evin toplam t\u00fcketimini, \u015farj noktas\u0131n\u0131 da dahil ederek okumal\u0131d\u0131r. E\u011fer kurulum monofazl\u0131ysa, toroidal evin giri\u015finde veya toplu garajlarda saya\u00e7tan gelen kabloda yerle\u015ftirilmelidir.<\/p>\n<p><em>Kurulumun toplam\u0131n\u0131 besleyen faz\u0131 bulun. Genellikle bu, saya\u00e7tan gelen giri\u015f olacakt\u0131r. Renkleri gri, siyah veya kahverengi olacakt\u0131r. E\u011fer \u00fc\u00e7 fazl\u0131ysa, 3 faz\u0131 da olacakt\u0131r.<\/em> Her kelep\u00e7e ilgili faz\u0131 sarmal\u0131d\u0131r. \u00dc\u00e7 fazl\u0131 kurulumlar i\u00e7in ayn\u0131 \u015fekilde, ancak 3 faz ile yap\u0131lmal\u0131d\u0131r.<br \/>\n<img decoding=\"async\" width=\"622\" height=\"415\" src=\"https:\/\/v2charge.com\/wp-content\/uploads\/2022\/02\/conexionado-de-pinzas.jpg\" alt=\"\" class=\"wp-image-74300\" srcset=\"https:\/\/v2charge.com\/wp-content\/uploads\/2022\/02\/conexionado-de-pinzas.jpg 622w, https:\/\/v2charge.com\/wp-content\/uploads\/2022\/02\/conexionado-de-pinzas-300x200.jpg 300w\" sizes=\"(max-width: 622px) 100vw, 622px\" \/><\/p>\n<div style=\"height:50px\" aria-hidden=\"true\" class=\"wp-block-spacer\"><\/div>\n<hr class=\"wp-block-separator has-alpha-channel-opacity\">\n<div style=\"height:50px\" aria-hidden=\"true\" class=\"wp-block-spacer\"><\/div>\n<h2>Shelly \u00d6l\u00e7er<\/h2>\n<p>Bu, e-Charger&#8217;dan k\u00f6leye <strong>Ethernet kablosu<\/strong> ge\u00e7iremeyecek durumlarda bir <strong>alternatif<\/strong> olarak kullan\u0131lacakt\u0131r. Ayr\u0131ca, inverterin ikinci bir panelde ba\u011fl\u0131 oldu\u011fu (veya \u015farj cihaz\u0131n\u0131n do\u011frudan saya\u00e7la ba\u011fland\u0131\u011f\u0131) ve \u00fcretiminin \u00f6l\u00e7\u00fclemeyece\u011fi durumlarda da kullan\u0131labilir.<\/p>\n<p><strong>Shelly \u00f6l\u00e7er<\/strong> ve \u015farj cihaz\u0131n\u0131n WiFi ba\u011flant\u0131s\u0131na sahip olmas\u0131 gerekmektedir. Bu \u00f6l\u00e7er, ak\u0131m y\u00f6n\u00fcn\u00fc \u00f6l\u00e7me yetene\u011fine sahiptir, bu nedenle Trydan&#8217;\u0131n sundu\u011fu <strong>\u00fc\u00e7 fotovoltaik \u015farj modu<\/strong> kullan\u0131labilir.<\/p>\n<p><img decoding=\"async\" src=\"https:\/\/v2charge.com\/wp-content\/uploads\/2023\/01\/shelly-trifasico-monofasico.png\" alt=\"Shelly \u00dc\u00e7 Fazl\u0131 ve Monofazl\u0131\" class=\"wp-image-92432\" width=\"612\" height=\"439\" srcset=\"https:\/\/v2charge.com\/wp-content\/uploads\/2023\/01\/shelly-trifasico-monofasico.png 485w, https:\/\/v2charge.com\/wp-content\/uploads\/2023\/01\/shelly-trifasico-monofasico-300x215.png 300w\" sizes=\"(max-width: 612px) 100vw, 612px\" \/><\/p>\n<h3>Shelly \u00f6l\u00e7erin kurulumu nas\u0131l yap\u0131l\u0131r?<\/h3>\n<p>Shelly \u00f6l\u00e7erin kurulumu, monofazl\u0131 ve \u00fc\u00e7 fazl\u0131 kurulumlar i\u00e7in farkl\u0131 olacakt\u0131r \u00e7\u00fcnk\u00fc cihaz de\u011fi\u015fecektir.<\/p>\n<h4>Monofazl\u0131 kurulumlarda Shelly<\/h4>\n<p><img decoding=\"async\" src=\"https:\/\/v2charge.com\/wp-content\/uploads\/2023\/01\/monofasico-esquema-shelly.png\" alt=\"Monofazl\u0131 Shelly Ba\u011flant\u0131lar\u0131\" class=\"wp-image-92392\" width=\"733\" height=\"375\" srcset=\"https:\/\/v2charge.com\/wp-content\/uploads\/2023\/01\/monofasico-esquema-shelly.png 570w, https:\/\/v2charge.com\/wp-content\/uploads\/2023\/01\/monofasico-esquema-shelly-300x154.png 300w\" sizes=\"(max-width: 733px) 100vw, 733px\" \/><\/p>\n<p><strong>Se\u00e7enek 1<\/strong>&#8216;de fotovoltaik \u00fcretim bilinemeyecek, ancak fazlal\u0131klar \u00f6l\u00e7\u00fclebilecektir. <strong>Se\u00e7enek 2<\/strong>&#8216;de fotovoltaik \u00fcretim ve fazlal\u0131klar bilinebilir.<\/p>\n<p>Her iki durumda da, Trydan \u00fc\u00e7 \u015farj moduyla uyumludur.<\/p>\n<h4>\u00dc\u00e7 fazl\u0131 kurulumlarda Shelly<\/h4>\n<p><img decoding=\"async\" src=\"https:\/\/v2charge.com\/wp-content\/uploads\/2023\/01\/shelly-trifa\u0301sico-medidor.png\" alt=\"\u00dc\u00e7 Fazl\u0131 Shelly Ba\u011flant\u0131lar\u0131\" class=\"wp-image-92407\" width=\"877\" height=\"361\"><\/p>\n<hr class=\"wp-block-separator has-alpha-channel-opacity\">\n<div style=\"height:50px\" aria-hidden=\"true\" class=\"wp-block-spacer\"><\/div>\n<h2>DDSU666-H \u00d6l\u00e7er<\/h2>\n<p>Bu \u00f6l\u00e7er, V2C 1.0 veya V2C 2.0 k\u00f6leleri ile kurulum yap\u0131lamad\u0131\u011f\u0131nda (inverterin \u015farj cihaz\u0131ndan farkl\u0131 bir panelde ba\u011fl\u0131 olmas\u0131 nedeniyle) ve WiFi sinyal veya ba\u011flant\u0131 se\u00e7ene\u011fi yoksa (bir Shelly \u00f6l\u00e7er kullanabilece\u011fimiz durumlarda) kullan\u0131lacakt\u0131r.<\/p>\n<p>Bunun yerine, DDSU666-H \u00f6l\u00e7er kullan\u0131lmas\u0131 gerekti\u011finde, a\u015fa\u011f\u0131daki \u015femada g\u00f6sterildi\u011fi gibi ba\u011flant\u0131lar takip edilmelidir.<\/p>\n<h4>DDSU666-H monofazl\u0131<\/h4>\n<p><img decoding=\"async\" src=\"https:\/\/v2charge.com\/wp-content\/uploads\/2023\/01\/DDSU66-medidor.png\" alt=\"\" class=\"wp-image-92450\" width=\"776\" height=\"413\" srcset=\"https:\/\/v2charge.com\/wp-content\/uploads\/2023\/01\/DDSU66-medidor.png 548w, https:\/\/v2charge.com\/wp-content\/uploads\/2023\/01\/DDSU66-medidor-300x160.png 300w\" sizes=\"(max-width: 776px) 100vw, 776px\" \/><\/p>\n<h4>DDSU666-H \u00fc\u00e7 fazl\u0131<\/h4>\n<p><img decoding=\"async\" src=\"https:\/\/v2charge.com\/wp-content\/uploads\/2023\/01\/DDSU66-medidor-trifa\u0301sico.png\" alt=\"\" class=\"wp-image-92460\" width=\"905\" height=\"427\" srcset=\"https:\/\/v2charge.com\/wp-content\/uploads\/2023\/01\/DDSU66-medidor-trifa\u0301sico.png 619w, https:\/\/v2charge.com\/wp-content\/uploads\/2023\/01\/DDSU66-medidor-trifa\u0301sico-300x142.png 300w\" sizes=\"(max-width: 905px) 100vw, 905px\" \/><\/p>\n<div style=\"height:50px\" aria-hidden=\"true\" class=\"wp-block-spacer\"><\/div>\n<hr class=\"wp-block-separator has-alpha-channel-opacity\">\n<h2>Wibeee Box \u00d6l\u00e7er<\/h2>\n<p><strong>Wibeee Box<\/strong> \u00f6l\u00e7er, daha hassas \u00f6l\u00e7\u00fcmler sa\u011flamak i\u00e7in kullan\u0131lacakt\u0131r \u00e7\u00fcnk\u00fc ayn\u0131 zamanda gerilimi de \u00f6l\u00e7mektedir. <strong>WiFi teknolojisi kullan\u0131r ve<\/strong> UTP kablolama kurulumu gerektirmez.<\/p>\n<p><img decoding=\"async\" src=\"https:\/\/v2charge.com\/wp-content\/uploads\/2023\/01\/esquema-wibeee-instalacion.png\" alt=\"Wibeee Box \u00d6l\u00e7er Ba\u011flant\u0131lar\u0131\" class=\"wp-image-92490\" width=\"767\" height=\"362\" srcset=\"https:\/\/v2charge.com\/wp-content\/uploads\/2023\/01\/esquema-wibeee-instalacion.png 619w, https:\/\/v2charge.com\/wp-content\/uploads\/2023\/01\/esquema-wibeee-instalacion-300x142.png 300w\" sizes=\"(max-width: 767px) 100vw, 767px\" \/><\/p>\n","protected":false},"excerpt":{"rendered":"<p>Dinamik g\u00fc\u00e7 kontrol\u00fc, e-Charger&#8217;\u0131n g\u00fcc\u00fcn\u00fc evin kalan g\u00fcc\u00fcyle dengelemeye veya fotovoltaik entegrasyonu sa\u011flamaya olanak tan\u0131yan cihazd\u0131r. Bu cihaz, bundan sonra &#8220;K\u00f6le&#8221; veya &#8220;\u00d6l\u00e7er&#8221; olarak adland\u0131r\u0131lacak ve bu t\u00fcketimlerin \u00f6l\u00e7\u00fclmesini sa\u011flayarak e-Charger&#8216;\u0131n talep edilen g\u00fcc\u00fc (veya yenilenebilir enerji katk\u0131s\u0131 durumunda \u00fcretilen enerjiyi) ger\u00e7ek zamanl\u0131 olarak bilmesini sa\u011flayacak, b\u00f6ylece algoritmas\u0131 arac\u0131l\u0131\u011f\u0131yla bunu kendi yarar\u0131na kullanabilecektir. Trydan e-Charger &#8230; <a title=\"G\u00fc\u00e7 Dinamik Kontrol\u00fc Kurulumu &#8211; Trydan\" class=\"read-more\" href=\"https:\/\/v2charge.com\/tr\/guc-dinamik-kontrolu-kurulumu-trydan\/\" aria-label=\"Read more about G\u00fc\u00e7 Dinamik Kontrol\u00fc Kurulumu &#8211; Trydan\">Devam\u0131n\u0131 oku<\/a><\/p>\n","protected":false},"author":1,"featured_media":170354,"parent":0,"menu_order":0,"comment_status":"closed","ping_status":"closed","template":"","meta":{"_eb_attr":"","content-type":"","_uag_custom_page_level_css":"","footnotes":""},"class_list":["post-314162","page","type-page","status-publish","has-post-thumbnail"],"yoast_head":"<!-- This site is optimized with the Yoast SEO plugin v25.3.1 - https:\/\/yoast.com\/wordpress\/plugins\/seo\/ -->\n<title>Dinamik G\u00fc\u00e7 Kontrol\u00fc \u25b7 e-Charger Trydan | V2C<\/title>\n<meta name=\"description\" content=\"Sana Trydan elektrikli \u015farj cihaz\u0131nda dinamik g\u00fc\u00e7 kontrol\u00fcn\u00fcn nas\u0131l \u00e7al\u0131\u015ft\u0131\u011f\u0131n\u0131 anlat\u0131yoruz: elektrikli arac\u0131n i\u00e7in piyasadaki en iyisi.\" \/>\n<meta name=\"robots\" content=\"index, follow, max-snippet:-1, max-image-preview:large, max-video-preview:-1\" \/>\n<link rel=\"canonical\" href=\"https:\/\/v2charge.com\/tr\/guc-dinamik-kontrolu-kurulumu-trydan\/\" \/>\n<meta property=\"og:locale\" content=\"tr_TR\" \/>\n<meta property=\"og:type\" content=\"article\" \/>\n<meta property=\"og:title\" content=\"Dinamik G\u00fc\u00e7 Kontrol\u00fc \u25b7 e-Charger Trydan | V2C\" \/>\n<meta property=\"og:description\" content=\"Sana Trydan elektrikli \u015farj cihaz\u0131nda dinamik g\u00fc\u00e7 kontrol\u00fcn\u00fcn nas\u0131l \u00e7al\u0131\u015ft\u0131\u011f\u0131n\u0131 anlat\u0131yoruz: elektrikli arac\u0131n i\u00e7in piyasadaki en iyisi.\" \/>\n<meta property=\"og:url\" content=\"https:\/\/v2charge.com\/tr\/guc-dinamik-kontrolu-kurulumu-trydan\/\" \/>\n<meta property=\"og:site_name\" content=\"V2C\" \/>\n<meta property=\"article:publisher\" content=\"https:\/\/www.facebook.com\/V2C.Charge\" \/>\n<meta property=\"article:modified_time\" content=\"2023-07-19T07:12:59+00:00\" \/>\n<meta property=\"og:image\" content=\"https:\/\/v2charge.com\/wp-content\/uploads\/2024\/07\/v2c-electric-chargers.jpg\" \/>\n\t<meta property=\"og:image:width\" content=\"1200\" \/>\n\t<meta property=\"og:image:height\" content=\"675\" \/>\n\t<meta property=\"og:image:type\" content=\"image\/jpeg\" \/>\n<meta name=\"twitter:card\" content=\"summary_large_image\" \/>\n<meta name=\"twitter:site\" content=\"@V2C_Charge\" \/>\n<meta name=\"twitter:label1\" content=\"Tahmini okuma s\u00fcresi\" \/>\n\t<meta name=\"twitter:data1\" content=\"7 dakika\" \/>\n<script type=\"application\/ld+json\" class=\"yoast-schema-graph\">{\"@context\":\"https:\/\/schema.org\",\"@graph\":[{\"@type\":\"WebPage\",\"@id\":\"https:\/\/v2charge.com\/tr\/guc-dinamik-kontrolu-kurulumu-trydan\/\",\"url\":\"https:\/\/v2charge.com\/tr\/guc-dinamik-kontrolu-kurulumu-trydan\/\",\"name\":\"Dinamik G\u00fc\u00e7 Kontrol\u00fc \u25b7 e-Charger Trydan | V2C\",\"isPartOf\":{\"@id\":\"https:\/\/v2charge.com\/tr\/#website\"},\"primaryImageOfPage\":{\"@id\":\"https:\/\/v2charge.com\/tr\/guc-dinamik-kontrolu-kurulumu-trydan\/#primaryimage\"},\"image\":{\"@id\":\"https:\/\/v2charge.com\/tr\/guc-dinamik-kontrolu-kurulumu-trydan\/#primaryimage\"},\"thumbnailUrl\":\"https:\/\/v2charge.com\/wp-content\/uploads\/2024\/07\/v2c-electric-chargers.jpg\",\"datePublished\":\"2022-01-26T07:41:19+00:00\",\"dateModified\":\"2023-07-19T07:12:59+00:00\",\"description\":\"Sana Trydan elektrikli \u015farj cihaz\u0131nda dinamik g\u00fc\u00e7 kontrol\u00fcn\u00fcn nas\u0131l \u00e7al\u0131\u015ft\u0131\u011f\u0131n\u0131 anlat\u0131yoruz: elektrikli arac\u0131n i\u00e7in piyasadaki en iyisi.\",\"breadcrumb\":{\"@id\":\"https:\/\/v2charge.com\/tr\/guc-dinamik-kontrolu-kurulumu-trydan\/#breadcrumb\"},\"inLanguage\":\"tr\",\"potentialAction\":[{\"@type\":\"ReadAction\",\"target\":[\"https:\/\/v2charge.com\/tr\/guc-dinamik-kontrolu-kurulumu-trydan\/\"]}]},{\"@type\":\"ImageObject\",\"inLanguage\":\"tr\",\"@id\":\"https:\/\/v2charge.com\/tr\/guc-dinamik-kontrolu-kurulumu-trydan\/#primaryimage\",\"url\":\"https:\/\/v2charge.com\/wp-content\/uploads\/2024\/07\/v2c-electric-chargers.jpg\",\"contentUrl\":\"https:\/\/v2charge.com\/wp-content\/uploads\/2024\/07\/v2c-electric-chargers.jpg\",\"width\":1200,\"height\":675,\"caption\":\"V2C Electric Chargers\"},{\"@type\":\"BreadcrumbList\",\"@id\":\"https:\/\/v2charge.com\/tr\/guc-dinamik-kontrolu-kurulumu-trydan\/#breadcrumb\",\"itemListElement\":[{\"@type\":\"ListItem\",\"position\":1,\"name\":\"V2C\",\"item\":\"https:\/\/v2charge.com\/tr\/\"},{\"@type\":\"ListItem\",\"position\":2,\"name\":\"G\u00fc\u00e7 Dinamik Kontrol\u00fc Kurulumu &#8211; Trydan\"}]},{\"@type\":\"WebSite\",\"@id\":\"https:\/\/v2charge.com\/tr\/#website\",\"url\":\"https:\/\/v2charge.com\/tr\/\",\"name\":\"V2C\",\"description\":\"#CargandoElMa\u00f1ana\",\"publisher\":{\"@id\":\"https:\/\/v2charge.com\/tr\/#organization\"},\"potentialAction\":[{\"@type\":\"SearchAction\",\"target\":{\"@type\":\"EntryPoint\",\"urlTemplate\":\"https:\/\/v2charge.com\/tr\/?s={search_term_string}\"},\"query-input\":{\"@type\":\"PropertyValueSpecification\",\"valueRequired\":true,\"valueName\":\"search_term_string\"}}],\"inLanguage\":\"tr\"},{\"@type\":\"Organization\",\"@id\":\"https:\/\/v2charge.com\/tr\/#organization\",\"name\":\"V2C\",\"url\":\"https:\/\/v2charge.com\/tr\/\",\"logo\":{\"@type\":\"ImageObject\",\"inLanguage\":\"tr\",\"@id\":\"https:\/\/v2charge.com\/tr\/#\/schema\/logo\/image\/\",\"url\":\"https:\/\/v2charge.com\/wp-content\/uploads\/2024\/11\/cropped-v2c-charge-logo-menu.png\",\"contentUrl\":\"https:\/\/v2charge.com\/wp-content\/uploads\/2024\/11\/cropped-v2c-charge-logo-menu.png\",\"width\":984,\"height\":431,\"caption\":\"V2C\"},\"image\":{\"@id\":\"https:\/\/v2charge.com\/tr\/#\/schema\/logo\/image\/\"},\"sameAs\":[\"https:\/\/www.facebook.com\/V2C.Charge\",\"https:\/\/x.com\/V2C_Charge\",\"https:\/\/www.instagram.com\/v2c.charge\/\",\"https:\/\/www.youtube.com\/@V2C\",\"https:\/\/www.linkedin.com\/company\/v2c-chargers\/\"]}]}<\/script>\n<!-- \/ Yoast SEO plugin. -->","yoast_head_json":{"title":"Dinamik G\u00fc\u00e7 Kontrol\u00fc \u25b7 e-Charger Trydan | V2C","description":"Sana Trydan elektrikli \u015farj cihaz\u0131nda dinamik g\u00fc\u00e7 kontrol\u00fcn\u00fcn nas\u0131l \u00e7al\u0131\u015ft\u0131\u011f\u0131n\u0131 anlat\u0131yoruz: elektrikli arac\u0131n i\u00e7in piyasadaki en iyisi.","robots":{"index":"index","follow":"follow","max-snippet":"max-snippet:-1","max-image-preview":"max-image-preview:large","max-video-preview":"max-video-preview:-1"},"canonical":"https:\/\/v2charge.com\/tr\/guc-dinamik-kontrolu-kurulumu-trydan\/","og_locale":"tr_TR","og_type":"article","og_title":"Dinamik G\u00fc\u00e7 Kontrol\u00fc \u25b7 e-Charger Trydan | V2C","og_description":"Sana Trydan elektrikli \u015farj cihaz\u0131nda dinamik g\u00fc\u00e7 kontrol\u00fcn\u00fcn nas\u0131l \u00e7al\u0131\u015ft\u0131\u011f\u0131n\u0131 anlat\u0131yoruz: elektrikli arac\u0131n i\u00e7in piyasadaki en iyisi.","og_url":"https:\/\/v2charge.com\/tr\/guc-dinamik-kontrolu-kurulumu-trydan\/","og_site_name":"V2C","article_publisher":"https:\/\/www.facebook.com\/V2C.Charge","article_modified_time":"2023-07-19T07:12:59+00:00","og_image":[{"width":1200,"height":675,"url":"https:\/\/v2charge.com\/wp-content\/uploads\/2024\/07\/v2c-electric-chargers.jpg","type":"image\/jpeg"}],"twitter_card":"summary_large_image","twitter_site":"@V2C_Charge","twitter_misc":{"Tahmini okuma s\u00fcresi":"7 dakika"},"schema":{"@context":"https:\/\/schema.org","@graph":[{"@type":"WebPage","@id":"https:\/\/v2charge.com\/tr\/guc-dinamik-kontrolu-kurulumu-trydan\/","url":"https:\/\/v2charge.com\/tr\/guc-dinamik-kontrolu-kurulumu-trydan\/","name":"Dinamik G\u00fc\u00e7 Kontrol\u00fc \u25b7 e-Charger Trydan | V2C","isPartOf":{"@id":"https:\/\/v2charge.com\/tr\/#website"},"primaryImageOfPage":{"@id":"https:\/\/v2charge.com\/tr\/guc-dinamik-kontrolu-kurulumu-trydan\/#primaryimage"},"image":{"@id":"https:\/\/v2charge.com\/tr\/guc-dinamik-kontrolu-kurulumu-trydan\/#primaryimage"},"thumbnailUrl":"https:\/\/v2charge.com\/wp-content\/uploads\/2024\/07\/v2c-electric-chargers.jpg","datePublished":"2022-01-26T07:41:19+00:00","dateModified":"2023-07-19T07:12:59+00:00","description":"Sana Trydan elektrikli \u015farj cihaz\u0131nda dinamik g\u00fc\u00e7 kontrol\u00fcn\u00fcn nas\u0131l \u00e7al\u0131\u015ft\u0131\u011f\u0131n\u0131 anlat\u0131yoruz: elektrikli arac\u0131n i\u00e7in piyasadaki en iyisi.","breadcrumb":{"@id":"https:\/\/v2charge.com\/tr\/guc-dinamik-kontrolu-kurulumu-trydan\/#breadcrumb"},"inLanguage":"tr","potentialAction":[{"@type":"ReadAction","target":["https:\/\/v2charge.com\/tr\/guc-dinamik-kontrolu-kurulumu-trydan\/"]}]},{"@type":"ImageObject","inLanguage":"tr","@id":"https:\/\/v2charge.com\/tr\/guc-dinamik-kontrolu-kurulumu-trydan\/#primaryimage","url":"https:\/\/v2charge.com\/wp-content\/uploads\/2024\/07\/v2c-electric-chargers.jpg","contentUrl":"https:\/\/v2charge.com\/wp-content\/uploads\/2024\/07\/v2c-electric-chargers.jpg","width":1200,"height":675,"caption":"V2C Electric Chargers"},{"@type":"BreadcrumbList","@id":"https:\/\/v2charge.com\/tr\/guc-dinamik-kontrolu-kurulumu-trydan\/#breadcrumb","itemListElement":[{"@type":"ListItem","position":1,"name":"V2C","item":"https:\/\/v2charge.com\/tr\/"},{"@type":"ListItem","position":2,"name":"G\u00fc\u00e7 Dinamik Kontrol\u00fc Kurulumu &#8211; Trydan"}]},{"@type":"WebSite","@id":"https:\/\/v2charge.com\/tr\/#website","url":"https:\/\/v2charge.com\/tr\/","name":"V2C","description":"#CargandoElMa\u00f1ana","publisher":{"@id":"https:\/\/v2charge.com\/tr\/#organization"},"potentialAction":[{"@type":"SearchAction","target":{"@type":"EntryPoint","urlTemplate":"https:\/\/v2charge.com\/tr\/?s={search_term_string}"},"query-input":{"@type":"PropertyValueSpecification","valueRequired":true,"valueName":"search_term_string"}}],"inLanguage":"tr"},{"@type":"Organization","@id":"https:\/\/v2charge.com\/tr\/#organization","name":"V2C","url":"https:\/\/v2charge.com\/tr\/","logo":{"@type":"ImageObject","inLanguage":"tr","@id":"https:\/\/v2charge.com\/tr\/#\/schema\/logo\/image\/","url":"https:\/\/v2charge.com\/wp-content\/uploads\/2024\/11\/cropped-v2c-charge-logo-menu.png","contentUrl":"https:\/\/v2charge.com\/wp-content\/uploads\/2024\/11\/cropped-v2c-charge-logo-menu.png","width":984,"height":431,"caption":"V2C"},"image":{"@id":"https:\/\/v2charge.com\/tr\/#\/schema\/logo\/image\/"},"sameAs":["https:\/\/www.facebook.com\/V2C.Charge","https:\/\/x.com\/V2C_Charge","https:\/\/www.instagram.com\/v2c.charge\/","https:\/\/www.youtube.com\/@V2C","https:\/\/www.linkedin.com\/company\/v2c-chargers\/"]}]}},"uagb_featured_image_src":{"full":["https:\/\/v2charge.com\/wp-content\/uploads\/2024\/07\/v2c-electric-chargers.jpg",1200,675,false],"thumbnail":["https:\/\/v2charge.com\/wp-content\/uploads\/2024\/07\/v2c-electric-chargers-150x150.jpg",150,150,true],"medium":["https:\/\/v2charge.com\/wp-content\/uploads\/2024\/07\/v2c-electric-chargers-300x169.jpg",300,169,true],"medium_large":["https:\/\/v2charge.com\/wp-content\/uploads\/2024\/07\/v2c-electric-chargers-768x432.jpg",768,432,true],"large":["https:\/\/v2charge.com\/wp-content\/uploads\/2024\/07\/v2c-electric-chargers-1024x576.jpg",1024,576,true],"gs-tiny":["https:\/\/v2charge.com\/wp-content\/uploads\/2024\/07\/v2c-electric-chargers.jpg",50,28,false],"xl":["https:\/\/v2charge.com\/wp-content\/uploads\/2024\/07\/v2c-electric-chargers.jpg",1200,675,false],"xxl":["https:\/\/v2charge.com\/wp-content\/uploads\/2024\/07\/v2c-electric-chargers.jpg",1200,675,false],"xxxl":["https:\/\/v2charge.com\/wp-content\/uploads\/2024\/07\/v2c-electric-chargers.jpg",1200,675,false],"xxxxl":["https:\/\/v2charge.com\/wp-content\/uploads\/2024\/07\/v2c-electric-chargers.jpg",1200,675,false],"xxxxxl":["https:\/\/v2charge.com\/wp-content\/uploads\/2024\/07\/v2c-electric-chargers.jpg",1200,675,false],"1536x1536":["https:\/\/v2charge.com\/wp-content\/uploads\/2024\/07\/v2c-electric-chargers.jpg",1200,675,false],"2048x2048":["https:\/\/v2charge.com\/wp-content\/uploads\/2024\/07\/v2c-electric-chargers.jpg",1200,675,false]},"uagb_author_info":{"display_name":"V2C","author_link":"https:\/\/v2charge.com\/tr\/author\/root_k4eu7ki8\/"},"uagb_comment_info":0,"uagb_excerpt":"Dinamik g\u00fc\u00e7 kontrol\u00fc, e-Charger&#8217;\u0131n g\u00fcc\u00fcn\u00fc evin kalan g\u00fcc\u00fcyle dengelemeye veya fotovoltaik entegrasyonu sa\u011flamaya olanak tan\u0131yan cihazd\u0131r. Bu cihaz, bundan sonra &#8220;K\u00f6le&#8221; veya &#8220;\u00d6l\u00e7er&#8221; olarak adland\u0131r\u0131lacak ve bu t\u00fcketimlerin \u00f6l\u00e7\u00fclmesini sa\u011flayarak e-Charger&#8216;\u0131n talep edilen g\u00fcc\u00fc (veya yenilenebilir enerji katk\u0131s\u0131 durumunda \u00fcretilen enerjiyi) ger\u00e7ek zamanl\u0131 olarak bilmesini sa\u011flayacak, b\u00f6ylece algoritmas\u0131 arac\u0131l\u0131\u011f\u0131yla bunu kendi yarar\u0131na kullanabilecektir. Trydan e-Charger&hellip;","_links":{"self":[{"href":"https:\/\/v2charge.com\/tr\/wp-json\/wp\/v2\/pages\/314162","targetHints":{"allow":["GET"]}}],"collection":[{"href":"https:\/\/v2charge.com\/tr\/wp-json\/wp\/v2\/pages"}],"about":[{"href":"https:\/\/v2charge.com\/tr\/wp-json\/wp\/v2\/types\/page"}],"author":[{"embeddable":true,"href":"https:\/\/v2charge.com\/tr\/wp-json\/wp\/v2\/users\/1"}],"replies":[{"embeddable":true,"href":"https:\/\/v2charge.com\/tr\/wp-json\/wp\/v2\/comments?post=314162"}],"version-history":[{"count":0,"href":"https:\/\/v2charge.com\/tr\/wp-json\/wp\/v2\/pages\/314162\/revisions"}],"wp:featuredmedia":[{"embeddable":true,"href":"https:\/\/v2charge.com\/tr\/wp-json\/wp\/v2\/media\/170354"}],"wp:attachment":[{"href":"https:\/\/v2charge.com\/tr\/wp-json\/wp\/v2\/media?parent=314162"}],"curies":[{"name":"wp","href":"https:\/\/api.w.org\/{rel}","templated":true}]}}