{"id":314239,"date":"2025-06-17T12:16:22","date_gmt":"2025-06-17T10:16:22","guid":{"rendered":""},"modified":"2025-06-30T11:05:41","modified_gmt":"2025-06-30T09:05:41","slug":"birinci-baski-valencia-e-mobility-forum","status":"publish","type":"page","link":"https:\/\/v2charge.com\/tr\/valencia-e-mobilite-forumu\/birinci-baski-valencia-e-mobility-forum\/","title":{"rendered":"Birinci Bask\u0131 Valencia E-Mobility Forum"},"content":{"rendered":"\n<div id=\"primer-div\" class=\"wp-block-uagb-container uag-hide-desktop uag-hide-tab uag-hide-mob uagb-block-761c2053 alignfull uagb-is-root-container\"><div class=\"uagb-container-inner-blocks-wrap\"><\/div><\/div>\n\n\n\n<div id=\"custom-menu\" class=\"wp-block-uagb-container primer-div uagb-block-354e678c alignfull uagb-is-root-container\"><div class=\"uagb-container-inner-blocks-wrap\">\n<div data-aos= \"fade\" data-aos-duration=\"400\" data-aos-delay=\"0\" data-aos-easing=\"ease\" data-aos-once=\"true\" class=\"wp-block-uagb-container blurry-section uagb-block-e0407d12 default uagb-is-root-container\">\n<div data-aos= \"fade\" data-aos-duration=\"400\" data-aos-delay=\"0\" data-aos-easing=\"ease\" data-aos-once=\"true\" class=\"wp-block-uagb-container uagb-block-1696d550\">\n<div class=\"wp-block-uagb-image alignleft uagb-block-60c53658 wp-block-uagb-image--layout-default wp-block-uagb-image--effect-static wp-block-uagb-image--align-left\"><figure class=\"wp-block-uagb-image__figure\"><a class=\"\" href=\"https:\/\/v2charge.com\/tr\/valencia-e-mobilite-forumu\/\" target=\"\" rel=\"noopener\"><img decoding=\"async\" srcset=\"https:\/\/v2charge.com\/wp-content\/uploads\/2025\/05\/vef-logo-valencia.png ,https:\/\/v2charge.com\/wp-content\/uploads\/2025\/05\/vef-logo-valencia.png 780w, https:\/\/v2charge.com\/wp-content\/uploads\/2025\/05\/vef-logo-valencia.png 360w\" sizes=\"auto, (max-width: 480px) 150px\" src=\"https:\/\/v2charge.com\/wp-content\/uploads\/2025\/05\/vef-logo-valencia.png\" alt=\"\" class=\"uag-image-224570\" width=\"212\" height=\"57\" title=\"vef-logo-valencia\" loading=\"lazy\" role=\"img\"\/><\/a><\/figure><\/div>\n<\/div>\n\n\n\n<div data-aos= \"fade\" data-aos-duration=\"400\" data-aos-delay=\"0\" data-aos-easing=\"ease\" data-aos-once=\"true\" class=\"wp-block-uagb-container uagb-block-620cb0f2\"><\/div>\n<\/div>\n<\/div><\/div>\n\n\n\n<div id=\"nav-steps-menu\" class=\"wp-block-uagb-container uag-hide-desktop uag-hide-tab uag-hide-mob uagb-block-2f7175bf alignfull uagb-is-root-container\"><div class=\"uagb-container-inner-blocks-wrap\"><div class=\"custom-navigation\">\r\n    <a class=\"nav-btn\" href=\"#programa\"><span class=\"text\">T\u00fcm resimleri indir<\/span><\/a>\r\n    <a class=\"nav-btn\" href=\"#speakers\"><span class=\"text\">Konu\u015fmac\u0131lar<\/span><\/a>\r\n    <a class=\"nav-btn\" href=\"#localizacion\"><span class=\"text\">Konum<\/span><\/a>\r\n  <\/div><\/div><\/div>\n\n\n\n<div class=\"wp-block-uagb-container uagb-block-2eaa2f63 alignfull uagb-is-root-container\"><div class=\"uagb-container-inner-blocks-wrap\">\n<div data-aos= \"fade\" data-aos-duration=\"400\" data-aos-delay=\"0\" data-aos-easing=\"ease\" data-aos-once=\"true\" class=\"wp-block-uagb-container primer-div uagb-block-a6c3344b\">\n<div class=\"wp-block-uagb-container uagb-block-fa296b0c\">\n<div class=\"wp-block-uagb-container uagb-block-c1ddd680\">\n<div data-aos= \"fade-up\" data-aos-duration=\"400\" data-aos-delay=\"0\" data-aos-easing=\"ease\" data-aos-once=\"true\" class=\"wp-block-uagb-image alignright uagb-block-d59b79cc wp-block-uagb-image--layout-default wp-block-uagb-image--effect-static wp-block-uagb-image--align-right\"><figure class=\"wp-block-uagb-image__figure\"><img decoding=\"async\" srcset=\"https:\/\/v2charge.com\/wp-content\/uploads\/2025\/06\/imagenes-valencia-emobility-forum-tilde-scaled.png ,https:\/\/v2charge.com\/wp-content\/uploads\/2025\/06\/imagenes-valencia-emobility-forum-tilde-scaled.png 780w, https:\/\/v2charge.com\/wp-content\/uploads\/2025\/06\/imagenes-valencia-emobility-forum-tilde-scaled.png 360w\" sizes=\"auto, (max-width: 480px) 150px\" src=\"https:\/\/v2charge.com\/wp-content\/uploads\/2025\/06\/imagenes-valencia-emobility-forum-tilde-scaled.png\" alt=\"\" class=\"uag-image-234928\" width=\"2560\" height=\"967\" title=\"imagenes-valencia-emobility-forum-tilde\" loading=\"lazy\" role=\"img\"\/><\/figure><\/div>\n\n\n\n<div data-aos= \"fade-up\" data-aos-duration=\"400\" data-aos-delay=\"0\" data-aos-easing=\"ease\" data-aos-once=\"true\" class=\"wp-block-uagb-container uagb-block-9b9ab0bd\"><div class=\"wp-block-uagb-advanced-heading uagb-block-3d401cab\"><h2 class=\"uagb-heading-text\">Art\u0131k etkinli\u011fin en iyi anlar\u0131n\u0131n bulundu\u011fu <strong>multimedya galerisine<\/strong> eri\u015febilirsiniz. O kadar pozitif enerjiyi yeniden ya\u015fay\u0131n!<\/h2><\/div>\n\n\n<div class=\"wp-block-uagb-buttons uagb-buttons__outer-wrap uagb-btn__default-btn uagb-btn-tablet__default-btn uagb-btn-mobile__default-btn uagb-block-a1b4fe59\"><div class=\"uagb-buttons__wrap uagb-buttons-layout-wrap \"><div class=\"wp-block-uagb-buttons-child uagb-buttons__outer-wrap uagb-block-1a26ec0c wp-block-button\"><div class=\"uagb-button__wrapper\"><a class=\"uagb-buttons-repeater wp-block-button__link\" aria-label=\"\" href=\"https:\/\/drive.google.com\/drive\/folders\/1w4rXjvkhszpvsh15AW0BldQcIfIIdlPL?usp=sharing\" rel=\"follow noopener\" target=\"_blank\" role=\"button\"><div class=\"uagb-button__link\">Tam galeriyi g\u00f6r\u00fcnt\u00fcle<\/div><\/a><\/div><\/div><\/div><\/div>\n\n\n<script>\r\n  function sharePage() {\r\n    if (navigator.share) {\r\n      navigator.share({\r\n        title: 'Birinci bask\u0131 - Valencia eMobility Forum',\r\n        text: 'V2C'nin Valencia eMobility Forum'unun birinci bask\u0131s\u0131n\u0131 ke\u015ffedin.',\r\n        url: 'https:\/\/v2charge.com\/tr\/valencia-e-mobilite-forumu\/birinci-baski-valencia-e-mobility-forum\/',\r\n      })\r\n      .then(() => console.log('\u0130\u00e7erik ba\u015far\u0131yla payla\u015f\u0131ld\u0131'))\r\n      .catch((error) => console.error('Payla\u015f\u0131m hatas\u0131:', error));\r\n    } else {\r\n      alert('Bu taray\u0131c\u0131da payla\u015f\u0131m i\u015flevi desteklenmiyor.');\r\n    }\r\n  }\r\n<\/script><\/div>\n<\/div>\n<\/div>\n<\/div>\n<\/div><\/div>\n\n\n\n<div class=\"wp-block-uagb-container uagb-block-6966b6b4 alignfull uagb-is-root-container\"><div class=\"uagb-container-inner-blocks-wrap\">\n<div class=\"wp-block-uagb-container uagb-block-0ddc039c\">\n<div class=\"wp-block-uagb-container uagb-block-f861e1b7\">\n<div data-aos= \"fade-up\" data-aos-duration=\"400\" data-aos-delay=\"0\" data-aos-easing=\"ease\" data-aos-once=\"true\" class=\"wp-block-uagb-image aligncenter uagb-block-d7021ff2 wp-block-uagb-image--layout-default wp-block-uagb-image--effect-static wp-block-uagb-image--align-center\"><figure class=\"wp-block-uagb-image__figure\"><img decoding=\"async\" srcset=\"https:\/\/v2charge.com\/wp-content\/uploads\/2025\/06\/tu-opinion-valencia-emobility-forum-scaled.png ,https:\/\/v2charge.com\/wp-content\/uploads\/2025\/06\/tu-opinion-valencia-emobility-forum-scaled.png 780w, https:\/\/v2charge.com\/wp-content\/uploads\/2025\/06\/tu-opinion-valencia-emobility-forum-scaled.png 360w\" sizes=\"auto, (max-width: 480px) 150px\" src=\"https:\/\/v2charge.com\/wp-content\/uploads\/2025\/06\/tu-opinion-valencia-emobility-forum-scaled.png\" alt=\"Tu opini\u00f3n\" class=\"uag-image-234916\" width=\"2560\" height=\"346\" title=\"\" loading=\"lazy\" role=\"img\"\/><\/figure><\/div>\n<\/div>\n\n\n\n<div data-aos= \"fade-up\" data-aos-duration=\"400\" data-aos-delay=\"0\" data-aos-easing=\"ease\" data-aos-once=\"true\" class=\"wp-block-uagb-container uagb-block-4a1bcbd5\"><div class=\"wp-block-uagb-advanced-heading uagb-block-16907c9e\"><h2 class=\"uagb-heading-text\">Bu k\u0131sa formda g\u00f6r\u00fc\u015flerinizi payla\u015f\u0131n. Geri bildiriminiz geli\u015fmemize yard\u0131mc\u0131 olacak!<\/h2><\/div>\n\n\n<div class=\"wp-block-uagb-container uagb-block-1ae583f5\"><div data-aos= \"fade-up\" data-aos-duration=\"400\" data-aos-delay=\"0\" data-aos-easing=\"ease\" data-aos-once=\"true\" class=\"wp-block-uagb-modal uagb-block-0ab7a985 uagb-modal-wrapper\" data-escpress=\"enable\" data-overlayclick=\"disable\"><div class=\"uagb-spectra-button-wrapper wp-block-button\"><a class=\"uagb-modal-button-link wp-block-button__link uagb-modal-trigger\" href=\"#\" onclick=\"return false;\" target=\"_self\" rel=\"noopener noreferrer\"><span class=\"uagb-modal-content-wrapper\"><span class=\"uagb-inline-editing\"><strong>G\u00f6r\u00fc\u015flerinizi bizimle payla\u015f\u0131n<\/strong><\/span><\/span><\/a><\/div><div class=\"uagb-effect-default uagb-modal-popup uagb-block-0ab7a985 uagb-modal-type-undefined\"><div class=\"uagb-modal-popup-wrap\"><div class=\"uagb-modal-popup-content\">\n<div class=\"wp-block-uagb-container uagb-block-756f0724 default uagb-is-root-container\">\n<div class=\"wp-block-uagb-container uagb-block-9b27b1ba default uagb-is-root-container\">\n<div class=\"wp-block-uagb-container uagb-block-335cd183\"><div class=\"wp-block-contact-form-7-contact-form-selector\">\n<div class=\"wpcf7 no-js\" id=\"wpcf7-f230930-o1\" lang=\"es-ES\" dir=\"ltr\" data-wpcf7-id=\"230930\">\n<div class=\"screen-reader-response\"><p role=\"status\" aria-live=\"polite\" aria-atomic=\"true\"><\/p> <ul><\/ul><\/div>\n<form action=\"\/tr\/wp-json\/wp\/v2\/pages\/314239#wpcf7-f230930-o1\" method=\"post\" class=\"wpcf7-form init\" aria-label=\"Formulario de contacto\" novalidate=\"novalidate\" data-status=\"init\">\n<div style=\"display: none;\">\n<input type=\"hidden\" name=\"_wpcf7\" value=\"230930\" \/>\n<input type=\"hidden\" name=\"_wpcf7_version\" value=\"6.0.6\" \/>\n<input type=\"hidden\" name=\"_wpcf7_locale\" value=\"es_ES\" \/>\n<input type=\"hidden\" name=\"_wpcf7_unit_tag\" value=\"wpcf7-f230930-o1\" \/>\n<input type=\"hidden\" name=\"_wpcf7_container_post\" value=\"0\" \/>\n<input type=\"hidden\" name=\"_wpcf7_posted_data_hash\" value=\"\" \/>\n<input type=\"hidden\" name=\"redirect_nonce\" value=\"3b2b55cc33\" \/>\n<input type=\"hidden\" name=\"wpcf7cfpdf_hidden_name\" value=\"document-pdf\" \/>\n<input type=\"hidden\" name=\"wpcf7cfpdf_hidden_reference\" value=\"b25dabff\" \/>\n<input type=\"hidden\" name=\"wpcf7cfpdf_hidden_date\" value=\"04302026\" \/>\n<input type=\"hidden\" name=\"_wpcf7_recaptcha_response\" value=\"\" \/>\n<\/div>\n<div id=\"responsive-form\" class=\"clearfix resp-form-2 formulario-pasos\">\n\t<div class=\"form-row2 step active\">\n\t\t<div class=\"column-full\">\n\t\t\t<h3>Valora los paneles de debate:\n\t\t\t<\/h3>\n\t\t\t<p><span class=\"wpcf7-form-control-wrap\" data-name=\"valoracion-paneles\"><span class=\"wpcf7-form-control wpcf7-radio\"><span class=\"wpcf7-list-item first\"><label><input type=\"radio\" name=\"valoracion-paneles\" value=\"5 \u2013 Excelente\" \/><span class=\"wpcf7-list-item-label\">5 \u2013 Excelente<\/span><\/label><\/span><span class=\"wpcf7-list-item\"><label><input type=\"radio\" name=\"valoracion-paneles\" value=\"4 \u2013 Muy buena\" \/><span class=\"wpcf7-list-item-label\">4 \u2013 Muy buena<\/span><\/label><\/span><span class=\"wpcf7-list-item\"><label><input type=\"radio\" name=\"valoracion-paneles\" value=\"3 \u2013 Aceptable\" checked=\"checked\" \/><span class=\"wpcf7-list-item-label\">3 \u2013 Aceptable<\/span><\/label><\/span><span class=\"wpcf7-list-item\"><label><input type=\"radio\" name=\"valoracion-paneles\" value=\"2 \u2013 Mejorable\" \/><span class=\"wpcf7-list-item-label\">2 \u2013 Mejorable<\/span><\/label><\/span><span class=\"wpcf7-list-item last\"><label><input type=\"radio\" name=\"valoracion-paneles\" value=\"1 \u2013 No me ha convencido\" \/><span class=\"wpcf7-list-item-label\">1 \u2013 No me ha convencido<\/span><\/label><\/span><\/span><\/span>\n\t\t\t<\/p>\n\t\t\t<div class=\"form-row2\">\n\t\t\t\t<div class=\"column-full\">\n\t\t\t\t\t<p><button type=\"button\" class=\"next\">Siguiente<\/button>\n\t\t\t\t\t<\/p>\n\t\t\t\t<\/div>\n\t\t\t<\/div>\n\t\t<\/div>\n\t<\/div>\n\t<div class=\"form-row2 step\">\n\t\t<div class=\"column-full\">\n\t\t\t<h3>Valora el c\u00f3ctel:\n\t\t\t<\/h3>\n\t\t\t<p><span class=\"wpcf7-form-control-wrap\" data-name=\"valoracion-coctel\"><span class=\"wpcf7-form-control wpcf7-radio\"><span class=\"wpcf7-list-item first\"><label><input type=\"radio\" name=\"valoracion-coctel\" value=\"5 \u2013 Excelente\" \/><span class=\"wpcf7-list-item-label\">5 \u2013 Excelente<\/span><\/label><\/span><span class=\"wpcf7-list-item\"><label><input type=\"radio\" name=\"valoracion-coctel\" value=\"4 \u2013 Muy buena\" \/><span class=\"wpcf7-list-item-label\">4 \u2013 Muy buena<\/span><\/label><\/span><span class=\"wpcf7-list-item\"><label><input type=\"radio\" name=\"valoracion-coctel\" value=\"3 \u2013 Aceptable\" checked=\"checked\" \/><span class=\"wpcf7-list-item-label\">3 \u2013 Aceptable<\/span><\/label><\/span><span class=\"wpcf7-list-item\"><label><input type=\"radio\" name=\"valoracion-coctel\" value=\"2 \u2013 Mejorable\" \/><span class=\"wpcf7-list-item-label\">2 \u2013 Mejorable<\/span><\/label><\/span><span class=\"wpcf7-list-item last\"><label><input type=\"radio\" name=\"valoracion-coctel\" value=\"1 \u2013 No me ha gustado\" \/><span class=\"wpcf7-list-item-label\">1 \u2013 No me ha gustado<\/span><\/label><\/span><\/span><\/span>\n\t\t\t<\/p>\n\t\t\t<div class=\"form-row2\">\n\t\t\t\t<div class=\"column-full\">\n\t\t\t\t\t<p><button type=\"button\" class=\"next\">Siguiente<\/button>\n\t\t\t\t\t<\/p>\n\t\t\t\t<\/div>\n\t\t\t\t<div class=\"column-full\">\n\t\t\t\t\t<p><button type=\"button\" class=\"prev\">Atr\u00e1s<\/button>\n\t\t\t\t\t<\/p>\n\t\t\t\t<\/div>\n\t\t\t<\/div>\n\t\t<\/div>\n\t<\/div>\n\t<div class=\"form-row2 step\">\n\t\t<div class=\"column-full\">\n\t\t\t<h3>Valora la organizaci\u00f3n general del evento (registro, horarios, log\u00edstica, atenci\u00f3n\u2026):\n\t\t\t<\/h3>\n\t\t\t<p><span class=\"wpcf7-form-control-wrap\" data-name=\"valoracion-organizacion\"><span class=\"wpcf7-form-control wpcf7-radio\"><span class=\"wpcf7-list-item first\"><label><input type=\"radio\" name=\"valoracion-organizacion\" value=\"5 \u2013 Excelente\" \/><span class=\"wpcf7-list-item-label\">5 \u2013 Excelente<\/span><\/label><\/span><span class=\"wpcf7-list-item\"><label><input type=\"radio\" name=\"valoracion-organizacion\" value=\"4 \u2013 Muy buena\" \/><span class=\"wpcf7-list-item-label\">4 \u2013 Muy buena<\/span><\/label><\/span><span class=\"wpcf7-list-item\"><label><input type=\"radio\" name=\"valoracion-organizacion\" value=\"3 \u2013 Aceptable\" checked=\"checked\" \/><span class=\"wpcf7-list-item-label\">3 \u2013 Aceptable<\/span><\/label><\/span><span class=\"wpcf7-list-item\"><label><input type=\"radio\" name=\"valoracion-organizacion\" value=\"2 \u2013 Mejorable\" \/><span class=\"wpcf7-list-item-label\">2 \u2013 Mejorable<\/span><\/label><\/span><span class=\"wpcf7-list-item last\"><label><input type=\"radio\" name=\"valoracion-organizacion\" value=\"1 \u2013 No me ha convencido\" \/><span class=\"wpcf7-list-item-label\">1 \u2013 No me ha convencido<\/span><\/label><\/span><\/span><\/span>\n\t\t\t<\/p>\n\t\t\t<div class=\"form-row2\">\n\t\t\t\t<div class=\"column-full\">\n\t\t\t\t\t<p><button type=\"button\" class=\"next\">Siguiente<\/button>\n\t\t\t\t\t<\/p>\n\t\t\t\t<\/div>\n\t\t\t\t<div class=\"column-full\">\n\t\t\t\t\t<p><button type=\"button\" class=\"prev\">Atr\u00e1s<\/button>\n\t\t\t\t\t<\/p>\n\t\t\t\t<\/div>\n\t\t\t<\/div>\n\t\t<\/div>\n\t<\/div>\n\t<div class=\"form-row2 step\">\n\t\t<div class=\"column-full\">\n\t\t\t<h3>\u00bfTe gustar\u00eda asistir a una pr\u00f3xima edici\u00f3n?\n\t\t\t<\/h3>\n\t\t\t<p><span class=\"wpcf7-form-control-wrap\" data-name=\"asistencia-futura\"><span class=\"wpcf7-form-control wpcf7-radio\"><span class=\"wpcf7-list-item first\"><label><input type=\"radio\" name=\"asistencia-futura\" value=\"S\u00ed\" checked=\"checked\" \/><span class=\"wpcf7-list-item-label\">S\u00ed<\/span><\/label><\/span><span class=\"wpcf7-list-item\"><label><input type=\"radio\" name=\"asistencia-futura\" value=\"No\" \/><span class=\"wpcf7-list-item-label\">No<\/span><\/label><\/span><span class=\"wpcf7-list-item last\"><label><input type=\"radio\" name=\"asistencia-futura\" value=\"Depende del contenido\" \/><span class=\"wpcf7-list-item-label\">Depende del contenido<\/span><\/label><\/span><\/span><\/span>\n\t\t\t<\/p>\n\t\t\t<div class=\"form-row2\">\n\t\t\t\t<div class=\"column-full\">\n\t\t\t\t\t<p><button type=\"button\" class=\"next\">Siguiente<\/button>\n\t\t\t\t\t<\/p>\n\t\t\t\t<\/div>\n\t\t\t\t<div class=\"column-full\">\n\t\t\t\t\t<p><button type=\"button\" class=\"prev\">Atr\u00e1s<\/button>\n\t\t\t\t\t<\/p>\n\t\t\t\t<\/div>\n\t\t\t<\/div>\n\t\t<\/div>\n\t<\/div>\n\t<div class=\"form-row2 step\">\n\t\t<div class=\"column-full\">\n\t\t\t<h3>Tu opini\u00f3n nos ayuda a mejorar: cu\u00e9ntanos lo que quieras. (opcional)\n\t\t\t<\/h3>\n\t\t\t<p><span class=\"wpcf7-form-control-wrap\" data-name=\"opinion-abierta\"><textarea cols=\"40\" rows=\"10\" maxlength=\"2000\" class=\"wpcf7-form-control wpcf7-textarea\" aria-invalid=\"false\" placeholder=\"Cu\u00e9ntanos qu\u00e9 opinas...\" name=\"opinion-abierta\"><\/textarea><\/span>\n\t\t\t<\/p>\n\t\t<\/div>\n\t\t<p><span id=\"wpcf7-69f3c90f6071b-wrapper\" class=\"wpcf7-form-control-wrap tudireccion-248-wrap\" style=\"display:none !important; visibility:hidden !important;\"><label for=\"wpcf7-69f3c90f6071b-field\" class=\"hp-message\">Por favor, deja este campo vac\u00edo.<\/label><input id=\"wpcf7-69f3c90f6071b-field\"  class=\"wpcf7-form-control wpcf7-text\" type=\"text\" name=\"tudireccion-248\" value=\"\" size=\"40\" tabindex=\"-1\" autocomplete=\"new-password\" \/><\/span>\n\t\t<\/p>\n\t\t<div class=\"form-row2\">\n\t\t\t<div class=\"column-full\">\n\t\t\t\t<p><input class=\"wpcf7-form-control wpcf7-submit has-spinner\" type=\"submit\" value=\"Enviar opini\u00f3n\" \/>\n\t\t\t\t<\/p>\n\t\t\t<\/div>\n\t\t\t<div class=\"column-full\">\n\t\t\t\t<p><button type=\"button\" class=\"prev\">Atr\u00e1s<\/button>\n\t\t\t\t<\/p>\n\t\t\t<\/div>\n\t\t<\/div>\n\t<\/div>\n<\/div><!--end responsive-form--><div class=\"wpcf7-response-output\" aria-hidden=\"true\"><\/div>\n<\/form>\n<\/div>\n<\/div><\/div>\n<\/div>\n<\/div>\n<\/div><button class=\"uagb-modal-popup-close\" aria-label=\"Close Modal\"><svg xmlns=\"https:\/\/www.w3.org\/2000\/svg\" viewBox=\"0 0 320 512\"><path d=\"M310.6 361.4c12.5 12.5 12.5 32.75 0 45.25C304.4 412.9 296.2 416 288 416s-16.38-3.125-22.62-9.375L160 301.3L54.63 406.6C48.38 412.9 40.19 416 32 416S15.63 412.9 9.375 406.6c-12.5-12.5-12.5-32.75 0-45.25l105.4-105.4L9.375 150.6c-12.5-12.5-12.5-32.75 0-45.25s32.75-12.5 45.25 0L160 210.8l105.4-105.4c12.5-12.5 32.75-12.5 45.25 0s12.5 32.75 0 45.25l-105.4 105.4L310.6 361.4z\"><\/path><\/svg><\/button><\/div><\/div><\/div>\n<\/div>\n<\/div>\n<\/div>\n<\/div><\/div>\n\n\n\n<div class=\"wp-block-uagb-container uagb-block-52a05fb4 alignfull uagb-is-root-container\">\n<div class=\"wp-block-uagb-image uagb-block-037c0c01 wp-block-uagb-image--layout-default wp-block-uagb-image--effect-static wp-block-uagb-image--align-none\"><figure class=\"wp-block-uagb-image__figure\"><img decoding=\"async\" srcset=\"https:\/\/v2charge.com\/wp-content\/uploads\/2025\/05\/valencia-emobility-forum-white.png ,https:\/\/v2charge.com\/wp-content\/uploads\/2025\/05\/valencia-emobility-forum-white.png 780w, https:\/\/v2charge.com\/wp-content\/uploads\/2025\/05\/valencia-emobility-forum-white.png 360w\" sizes=\"auto, (max-width: 480px) 150px\" src=\"https:\/\/v2charge.com\/wp-content\/uploads\/2025\/05\/valencia-emobility-forum-white.png\" alt=\"\" class=\"uag-image-224471\" width=\"225\" height=\"61\" title=\"valencia-emobility-forum-white\" loading=\"lazy\" role=\"img\"\/><\/figure><\/div>\n<\/div>\n\n\n","protected":false},"excerpt":{"rendered":"<p>T\u00fcm resimleri indir Konu\u015fmac\u0131lar Konum Art\u0131k etkinli\u011fin en iyi anlar\u0131n\u0131n bulundu\u011fu multimedya galerisine eri\u015febilirsiniz. O kadar pozitif enerjiyi yeniden ya\u015fay\u0131n! Bu k\u0131sa formda g\u00f6r\u00fc\u015flerinizi payla\u015f\u0131n. Geri bildiriminiz geli\u015fmemize yard\u0131mc\u0131 olacak!<\/p>\n","protected":false},"author":400,"featured_media":0,"parent":314238,"menu_order":0,"comment_status":"closed","ping_status":"closed","template":"","meta":{"_eb_attr":"","content-type":"","_uag_custom_page_level_css":".page-id-230973 header,\n.page-id-230973 footer {\n    display: none !important;\n}\n#footer-widgets{\n\t    display: none !important;\n}\n#primer-div {\n\tpadding-top: 0em!important;\n}\n#custom-menu {\n    position: fixed;\n    top: 0;\n    left: 0;\n    right: 0;\n    z-index: 9999;\n    display: flex;\n    justify-content: center;\n  }\n#vef-menu p a:hover{\n\ttext-decoration:none;\n}\n.boton-vef{\n\tborder-radius:0!important;\n}\n.uagb-buttons-repeater {\n\tdisplay: flex!important;\n}\n.carrusel-speakers {\n\tmargin-right:-10em;\n}\n@media only screen and (max-width: 768px){\n\t.carrusel-speakers {\n\tmargin-right:0;\n}\n}\n.uagb-buttons-repeater, .wp-block-button__link, .search-form input, .search-form button, #ajaxsearchlite1{\n\tborder-radius: 0px !important;\n}\n.scroll-suave {\n  transform: translateY(50px);\n  opacity: 0;\n  transition: all 0.6s ease-out;\n}\n.scroll-suave.visible {\n  transform: translateY(0);\n  opacity: 1;\n}","footnotes":""},"class_list":["post-314239","page","type-page","status-publish"],"yoast_head":"<!-- This site is optimized with the Yoast SEO plugin v25.3.1 - https:\/\/yoast.com\/wordpress\/plugins\/seo\/ -->\n<title>Birinci bask\u0131 - Valencia E-Mobility Forum 2025 | Organizat\u00f6r V2C<\/title>\n<meta name=\"description\" content=\"VALENCIA E-MOBILITY FORUM hakk\u0131ndaki g\u00f6r\u00fc\u015flerinizi payla\u015f\u0131n ve etkinli\u011fin t\u00fcm foto\u011fraflar\u0131n\u0131 ve videolar\u0131n\u0131 indirin.\" \/>\n<meta name=\"robots\" content=\"index, follow, max-snippet:-1, max-image-preview:large, max-video-preview:-1\" \/>\n<link rel=\"canonical\" href=\"https:\/\/v2charge.com\/tr\/valencia-e-mobilite-forumu\/birinci-baski-valencia-e-mobility-forum\/\" \/>\n<meta property=\"og:locale\" content=\"tr_TR\" \/>\n<meta property=\"og:type\" content=\"article\" \/>\n<meta property=\"og:title\" content=\"Birinci bask\u0131 - Valencia E-Mobility Forum 2025 | Organizat\u00f6r V2C\" \/>\n<meta property=\"og:description\" content=\"VALENCIA E-MOBILITY FORUM hakk\u0131ndaki g\u00f6r\u00fc\u015flerinizi payla\u015f\u0131n ve etkinli\u011fin t\u00fcm foto\u011fraflar\u0131n\u0131 ve videolar\u0131n\u0131 indirin.\" \/>\n<meta property=\"og:url\" content=\"https:\/\/v2charge.com\/tr\/valencia-e-mobilite-forumu\/birinci-baski-valencia-e-mobility-forum\/\" \/>\n<meta property=\"og:site_name\" content=\"V2C\" \/>\n<meta property=\"article:publisher\" content=\"https:\/\/www.facebook.com\/V2C.Charge\" \/>\n<meta property=\"article:modified_time\" content=\"2025-06-30T09:05:41+00:00\" \/>\n<meta property=\"og:image\" content=\"https:\/\/v2charge.com\/wp-content\/uploads\/2025\/05\/vef-logo-valencia.png\" \/>\n<meta name=\"twitter:card\" content=\"summary_large_image\" \/>\n<meta name=\"twitter:site\" content=\"@V2C_Charge\" \/>\n<meta name=\"twitter:label1\" content=\"Tahmini okuma s\u00fcresi\" \/>\n\t<meta name=\"twitter:data1\" content=\"2 dakika\" \/>\n<script type=\"application\/ld+json\" class=\"yoast-schema-graph\">{\"@context\":\"https:\/\/schema.org\",\"@graph\":[{\"@type\":\"WebPage\",\"@id\":\"https:\/\/v2charge.com\/tr\/valencia-e-mobilite-forumu\/birinci-baski-valencia-e-mobility-forum\/\",\"url\":\"https:\/\/v2charge.com\/tr\/valencia-e-mobilite-forumu\/birinci-baski-valencia-e-mobility-forum\/\",\"name\":\"Birinci bask\u0131 - Valencia E-Mobility Forum 2025 | Organizat\u00f6r V2C\",\"isPartOf\":{\"@id\":\"https:\/\/v2charge.com\/tr\/#website\"},\"primaryImageOfPage\":{\"@id\":\"https:\/\/v2charge.com\/tr\/valencia-e-mobilite-forumu\/birinci-baski-valencia-e-mobility-forum\/#primaryimage\"},\"image\":{\"@id\":\"https:\/\/v2charge.com\/tr\/valencia-e-mobilite-forumu\/birinci-baski-valencia-e-mobility-forum\/#primaryimage\"},\"thumbnailUrl\":\"https:\/\/v2charge.com\/wp-content\/uploads\/2025\/05\/vef-logo-valencia.png\",\"datePublished\":\"2025-06-17T10:16:22+00:00\",\"dateModified\":\"2025-06-30T09:05:41+00:00\",\"description\":\"VALENCIA E-MOBILITY FORUM hakk\u0131ndaki g\u00f6r\u00fc\u015flerinizi payla\u015f\u0131n ve etkinli\u011fin t\u00fcm foto\u011fraflar\u0131n\u0131 ve videolar\u0131n\u0131 indirin.\",\"breadcrumb\":{\"@id\":\"https:\/\/v2charge.com\/tr\/valencia-e-mobilite-forumu\/birinci-baski-valencia-e-mobility-forum\/#breadcrumb\"},\"inLanguage\":\"tr\",\"potentialAction\":[{\"@type\":\"ReadAction\",\"target\":[\"https:\/\/v2charge.com\/tr\/valencia-e-mobilite-forumu\/birinci-baski-valencia-e-mobility-forum\/\"]}]},{\"@type\":\"ImageObject\",\"inLanguage\":\"tr\",\"@id\":\"https:\/\/v2charge.com\/tr\/valencia-e-mobilite-forumu\/birinci-baski-valencia-e-mobility-forum\/#primaryimage\",\"url\":\"https:\/\/v2charge.com\/wp-content\/uploads\/2025\/05\/vef-logo-valencia.png\",\"contentUrl\":\"https:\/\/v2charge.com\/wp-content\/uploads\/2025\/05\/vef-logo-valencia.png\"},{\"@type\":\"BreadcrumbList\",\"@id\":\"https:\/\/v2charge.com\/tr\/valencia-e-mobilite-forumu\/birinci-baski-valencia-e-mobility-forum\/#breadcrumb\",\"itemListElement\":[{\"@type\":\"ListItem\",\"position\":1,\"name\":\"V2C\",\"item\":\"https:\/\/v2charge.com\/tr\/\"},{\"@type\":\"ListItem\",\"position\":2,\"name\":\"Valencia E-Mobilite Forumu\",\"item\":\"https:\/\/v2charge.com\/tr\/valencia-e-mobilite-forumu\/\"},{\"@type\":\"ListItem\",\"position\":3,\"name\":\"Birinci Bask\u0131 Valencia E-Mobility Forum\"}]},{\"@type\":\"WebSite\",\"@id\":\"https:\/\/v2charge.com\/tr\/#website\",\"url\":\"https:\/\/v2charge.com\/tr\/\",\"name\":\"V2C\",\"description\":\"#CargandoElMa\u00f1ana\",\"publisher\":{\"@id\":\"https:\/\/v2charge.com\/tr\/#organization\"},\"potentialAction\":[{\"@type\":\"SearchAction\",\"target\":{\"@type\":\"EntryPoint\",\"urlTemplate\":\"https:\/\/v2charge.com\/tr\/?s={search_term_string}\"},\"query-input\":{\"@type\":\"PropertyValueSpecification\",\"valueRequired\":true,\"valueName\":\"search_term_string\"}}],\"inLanguage\":\"tr\"},{\"@type\":\"Organization\",\"@id\":\"https:\/\/v2charge.com\/tr\/#organization\",\"name\":\"V2C\",\"url\":\"https:\/\/v2charge.com\/tr\/\",\"logo\":{\"@type\":\"ImageObject\",\"inLanguage\":\"tr\",\"@id\":\"https:\/\/v2charge.com\/tr\/#\/schema\/logo\/image\/\",\"url\":\"https:\/\/v2charge.com\/wp-content\/uploads\/2024\/11\/cropped-v2c-charge-logo-menu.png\",\"contentUrl\":\"https:\/\/v2charge.com\/wp-content\/uploads\/2024\/11\/cropped-v2c-charge-logo-menu.png\",\"width\":984,\"height\":431,\"caption\":\"V2C\"},\"image\":{\"@id\":\"https:\/\/v2charge.com\/tr\/#\/schema\/logo\/image\/\"},\"sameAs\":[\"https:\/\/www.facebook.com\/V2C.Charge\",\"https:\/\/x.com\/V2C_Charge\",\"https:\/\/www.instagram.com\/v2c.charge\/\",\"https:\/\/www.youtube.com\/@V2C\",\"https:\/\/www.linkedin.com\/company\/v2c-chargers\/\"]}]}<\/script>\n<!-- \/ Yoast SEO plugin. -->","yoast_head_json":{"title":"Birinci bask\u0131 - Valencia E-Mobility Forum 2025 | Organizat\u00f6r V2C","description":"VALENCIA E-MOBILITY FORUM hakk\u0131ndaki g\u00f6r\u00fc\u015flerinizi payla\u015f\u0131n ve etkinli\u011fin t\u00fcm foto\u011fraflar\u0131n\u0131 ve videolar\u0131n\u0131 indirin.","robots":{"index":"index","follow":"follow","max-snippet":"max-snippet:-1","max-image-preview":"max-image-preview:large","max-video-preview":"max-video-preview:-1"},"canonical":"https:\/\/v2charge.com\/tr\/valencia-e-mobilite-forumu\/birinci-baski-valencia-e-mobility-forum\/","og_locale":"tr_TR","og_type":"article","og_title":"Birinci bask\u0131 - Valencia E-Mobility Forum 2025 | Organizat\u00f6r V2C","og_description":"VALENCIA E-MOBILITY FORUM hakk\u0131ndaki g\u00f6r\u00fc\u015flerinizi payla\u015f\u0131n ve etkinli\u011fin t\u00fcm foto\u011fraflar\u0131n\u0131 ve videolar\u0131n\u0131 indirin.","og_url":"https:\/\/v2charge.com\/tr\/valencia-e-mobilite-forumu\/birinci-baski-valencia-e-mobility-forum\/","og_site_name":"V2C","article_publisher":"https:\/\/www.facebook.com\/V2C.Charge","article_modified_time":"2025-06-30T09:05:41+00:00","og_image":[{"url":"https:\/\/v2charge.com\/wp-content\/uploads\/2025\/05\/vef-logo-valencia.png","type":"","width":"","height":""}],"twitter_card":"summary_large_image","twitter_site":"@V2C_Charge","twitter_misc":{"Tahmini okuma s\u00fcresi":"2 dakika"},"schema":{"@context":"https:\/\/schema.org","@graph":[{"@type":"WebPage","@id":"https:\/\/v2charge.com\/tr\/valencia-e-mobilite-forumu\/birinci-baski-valencia-e-mobility-forum\/","url":"https:\/\/v2charge.com\/tr\/valencia-e-mobilite-forumu\/birinci-baski-valencia-e-mobility-forum\/","name":"Birinci bask\u0131 - Valencia E-Mobility Forum 2025 | Organizat\u00f6r V2C","isPartOf":{"@id":"https:\/\/v2charge.com\/tr\/#website"},"primaryImageOfPage":{"@id":"https:\/\/v2charge.com\/tr\/valencia-e-mobilite-forumu\/birinci-baski-valencia-e-mobility-forum\/#primaryimage"},"image":{"@id":"https:\/\/v2charge.com\/tr\/valencia-e-mobilite-forumu\/birinci-baski-valencia-e-mobility-forum\/#primaryimage"},"thumbnailUrl":"https:\/\/v2charge.com\/wp-content\/uploads\/2025\/05\/vef-logo-valencia.png","datePublished":"2025-06-17T10:16:22+00:00","dateModified":"2025-06-30T09:05:41+00:00","description":"VALENCIA E-MOBILITY FORUM hakk\u0131ndaki g\u00f6r\u00fc\u015flerinizi payla\u015f\u0131n ve etkinli\u011fin t\u00fcm foto\u011fraflar\u0131n\u0131 ve videolar\u0131n\u0131 indirin.","breadcrumb":{"@id":"https:\/\/v2charge.com\/tr\/valencia-e-mobilite-forumu\/birinci-baski-valencia-e-mobility-forum\/#breadcrumb"},"inLanguage":"tr","potentialAction":[{"@type":"ReadAction","target":["https:\/\/v2charge.com\/tr\/valencia-e-mobilite-forumu\/birinci-baski-valencia-e-mobility-forum\/"]}]},{"@type":"ImageObject","inLanguage":"tr","@id":"https:\/\/v2charge.com\/tr\/valencia-e-mobilite-forumu\/birinci-baski-valencia-e-mobility-forum\/#primaryimage","url":"https:\/\/v2charge.com\/wp-content\/uploads\/2025\/05\/vef-logo-valencia.png","contentUrl":"https:\/\/v2charge.com\/wp-content\/uploads\/2025\/05\/vef-logo-valencia.png"},{"@type":"BreadcrumbList","@id":"https:\/\/v2charge.com\/tr\/valencia-e-mobilite-forumu\/birinci-baski-valencia-e-mobility-forum\/#breadcrumb","itemListElement":[{"@type":"ListItem","position":1,"name":"V2C","item":"https:\/\/v2charge.com\/tr\/"},{"@type":"ListItem","position":2,"name":"Valencia E-Mobilite Forumu","item":"https:\/\/v2charge.com\/tr\/valencia-e-mobilite-forumu\/"},{"@type":"ListItem","position":3,"name":"Birinci Bask\u0131 Valencia E-Mobility Forum"}]},{"@type":"WebSite","@id":"https:\/\/v2charge.com\/tr\/#website","url":"https:\/\/v2charge.com\/tr\/","name":"V2C","description":"#CargandoElMa\u00f1ana","publisher":{"@id":"https:\/\/v2charge.com\/tr\/#organization"},"potentialAction":[{"@type":"SearchAction","target":{"@type":"EntryPoint","urlTemplate":"https:\/\/v2charge.com\/tr\/?s={search_term_string}"},"query-input":{"@type":"PropertyValueSpecification","valueRequired":true,"valueName":"search_term_string"}}],"inLanguage":"tr"},{"@type":"Organization","@id":"https:\/\/v2charge.com\/tr\/#organization","name":"V2C","url":"https:\/\/v2charge.com\/tr\/","logo":{"@type":"ImageObject","inLanguage":"tr","@id":"https:\/\/v2charge.com\/tr\/#\/schema\/logo\/image\/","url":"https:\/\/v2charge.com\/wp-content\/uploads\/2024\/11\/cropped-v2c-charge-logo-menu.png","contentUrl":"https:\/\/v2charge.com\/wp-content\/uploads\/2024\/11\/cropped-v2c-charge-logo-menu.png","width":984,"height":431,"caption":"V2C"},"image":{"@id":"https:\/\/v2charge.com\/tr\/#\/schema\/logo\/image\/"},"sameAs":["https:\/\/www.facebook.com\/V2C.Charge","https:\/\/x.com\/V2C_Charge","https:\/\/www.instagram.com\/v2c.charge\/","https:\/\/www.youtube.com\/@V2C","https:\/\/www.linkedin.com\/company\/v2c-chargers\/"]}]}},"uagb_featured_image_src":{"full":false,"thumbnail":false,"medium":false,"medium_large":false,"large":false,"gs-tiny":false,"xl":false,"xxl":false,"xxxl":false,"xxxxl":false,"xxxxxl":false,"1536x1536":false,"2048x2048":false},"uagb_author_info":{"display_name":"V2C","author_link":"https:\/\/v2charge.com\/tr\/author\/marketing\/"},"uagb_comment_info":0,"uagb_excerpt":"T\u00fcm resimleri indir Konu\u015fmac\u0131lar Konum Art\u0131k etkinli\u011fin en iyi anlar\u0131n\u0131n bulundu\u011fu multimedya galerisine eri\u015febilirsiniz. O kadar pozitif enerjiyi yeniden ya\u015fay\u0131n! Bu k\u0131sa formda g\u00f6r\u00fc\u015flerinizi payla\u015f\u0131n. Geri bildiriminiz geli\u015fmemize yard\u0131mc\u0131 olacak!","_links":{"self":[{"href":"https:\/\/v2charge.com\/tr\/wp-json\/wp\/v2\/pages\/314239","targetHints":{"allow":["GET"]}}],"collection":[{"href":"https:\/\/v2charge.com\/tr\/wp-json\/wp\/v2\/pages"}],"about":[{"href":"https:\/\/v2charge.com\/tr\/wp-json\/wp\/v2\/types\/page"}],"author":[{"embeddable":true,"href":"https:\/\/v2charge.com\/tr\/wp-json\/wp\/v2\/users\/400"}],"replies":[{"embeddable":true,"href":"https:\/\/v2charge.com\/tr\/wp-json\/wp\/v2\/comments?post=314239"}],"version-history":[{"count":0,"href":"https:\/\/v2charge.com\/tr\/wp-json\/wp\/v2\/pages\/314239\/revisions"}],"up":[{"embeddable":true,"href":"https:\/\/v2charge.com\/tr\/wp-json\/wp\/v2\/pages\/314238"}],"wp:attachment":[{"href":"https:\/\/v2charge.com\/tr\/wp-json\/wp\/v2\/media?parent=314239"}],"curies":[{"name":"wp","href":"https:\/\/api.w.org\/{rel}","templated":true}]}}